{"id":6335,"date":"2014-11-21T13:37:55","date_gmt":"2014-11-21T13:37:55","guid":{"rendered":"http:\/\/localhost\/www.goierrieskola.org\/?page_id=6335"},"modified":"2025-10-08T14:56:17","modified_gmt":"2025-10-08T14:56:17","slug":"actualidad","status":"publish","type":"page","link":"https:\/\/www.goierrieskola.eus\/es\/actualidad\/","title":{"rendered":"Actualidad"},"content":{"rendered":"<p>[vc_row section_type=\u00bbsocket\u00bb][vc_column][vc_custom_heading text=\u00bbUltimas Noticias\u00bb font_container=\u00bbtag:h2|text_align:center\u00bb google_fonts=\u00bbfont_family:Raleway%3A100%2C200%2C300%2Cregular%2C500%2C600%2C700%2C800%2C900|font_style:400%20regular%3A400%3Anormal\u00bb]\n\t<div class=\"kleo-carousel-container \">\n\t\t<div class=\"kleo-carousel-items kleo-carousel-post\" data-min-items=\"4\"\n\t\t     data-max-items=\"12\" data-items-height=\"250\">\n\t\t\t<ul class=\"kleo-carousel\">\n\n\t\t\t\t\n<li id=\"post-19870\" class=\"post-item col-sm-4 post-19870 post type-post status-publish format-aside has-post-thumbnail hentry category-proyectos post_format-post-format-aside\">\n\t<article>\n\n\t<div class=\"post-image\"><a href=\"https:\/\/www.goierrieskola.eus\/es\/diseiar-en-fase-fabricacion\/\" class=\"element-wrap\"><img decoding=\"async\" data-src=\"https:\/\/www.goierrieskola.eus\/wp-content\/uploads\/2026\/01\/DISEIAR-2-480x270.jpg\" alt=\"DiseIAR en fase fabricaci\u00f3n\" src=\"data:image\/svg+xml;base64,PHN2ZyB3aWR0aD0iMSIgaGVpZ2h0PSIxIiB4bWxucz0iaHR0cDovL3d3dy53My5vcmcvMjAwMC9zdmciPjwvc3ZnPg==\" class=\"lazyload\" style=\"--smush-placeholder-width: 480px; --smush-placeholder-aspect-ratio: 480\/270;\"><span class=\"hover-element\"><i>+<\/i><\/span><\/a><\/div><!--end post-image-->\n\t\t<div class=\"entry-content\">\n\t\t\t<h4 class=\"post-title entry-title\"><a href=\"https:\/\/www.goierrieskola.eus\/es\/diseiar-en-fase-fabricacion\/\">DiseIAR en fase fabricaci\u00f3n<\/a><\/h4>\n\n            <span class=\"post-meta hidden hide\">\n                <small><a href=\"https:\/\/www.goierrieskola.eus\/es\/diseiar-en-fase-fabricacion\/\" rel=\"bookmark\" class=\"post-time\"><time class=\"entry-date\" datetime=\"2026-04-20T09:51:36+00:00\">20 abril, 2026<\/time><time class=\"modify-date hide hidden updated\" datetime=\"2026-04-20T09:51:37+00:00\">20 abril, 2026<\/time><\/a><\/small>, <small class=\"meta-category\"><a href=\"https:\/\/www.goierrieskola.eus\/es\/category\/proyectos\/\" rel=\"category tag\">Proyectos<\/a><\/small>, <small class=\"meta-comment-count\"><a href=\"https:\/\/www.goierrieskola.eus\/es\/diseiar-en-fase-fabricacion\/#comments\">0 <i class=\"icon-chat-1 hover-tip\" data-original-title=\"Esta publicaci\u00f3n tiene 0 comentarios\" data-toggle=\"tooltip\" data-placement=\"top\"><\/i><\/a><\/small>            <\/span>\n\n\t\t\t\t\t\t\t<hr>\n\t\t\t\t<div class=\"entry-summary\">\n\t\t\t\t\t<p> Proyecto DiseIAR en FASE DE FABRICACI\u00d3N: El proyecto DiseIAr va en plena fuerza y los alumnos de nuestro...<\/p>\t\t\t\t<\/div><!-- .entry-summary -->\n\t\t\t\t\t<\/div><!--end post-info-->\n\n\t<\/article>\n<\/li>\n<li id=\"post-19462\" class=\"post-item col-sm-4 post-19462 post type-post status-publish format-aside has-post-thumbnail hentry category-proyectos post_format-post-format-aside\">\n\t<article>\n\n\t<div class=\"post-image\"><a href=\"https:\/\/www.goierrieskola.eus\/es\/proyecto-diseiar\/\" class=\"element-wrap\"><img decoding=\"async\" data-src=\"https:\/\/www.goierrieskola.eus\/wp-content\/uploads\/2026\/01\/260129-DiseIAR-1-480x270.png\" alt=\"Proyecto DiseIAR\" src=\"data:image\/svg+xml;base64,PHN2ZyB3aWR0aD0iMSIgaGVpZ2h0PSIxIiB4bWxucz0iaHR0cDovL3d3dy53My5vcmcvMjAwMC9zdmciPjwvc3ZnPg==\" class=\"lazyload\" style=\"--smush-placeholder-width: 480px; --smush-placeholder-aspect-ratio: 480\/270;\"><span class=\"hover-element\"><i>+<\/i><\/span><\/a><\/div><!--end post-image-->\n\t\t<div class=\"entry-content\">\n\t\t\t<h4 class=\"post-title entry-title\"><a href=\"https:\/\/www.goierrieskola.eus\/es\/proyecto-diseiar\/\">Proyecto DiseIAR<\/a><\/h4>\n\n            <span class=\"post-meta hidden hide\">\n                <small><a href=\"https:\/\/www.goierrieskola.eus\/es\/proyecto-diseiar\/\" rel=\"bookmark\" class=\"post-time\"><time class=\"entry-date\" datetime=\"2026-01-29T17:16:19+00:00\">29 enero, 2026<\/time><time class=\"modify-date hide hidden updated\" datetime=\"2026-01-29T17:16:19+00:00\">29 enero, 2026<\/time><\/a><\/small>, <small class=\"meta-category\"><a href=\"https:\/\/www.goierrieskola.eus\/es\/category\/proyectos\/\" rel=\"category tag\">Proyectos<\/a><\/small>, <small class=\"meta-comment-count\"><a href=\"https:\/\/www.goierrieskola.eus\/es\/proyecto-diseiar\/#comments\">0 <i class=\"icon-chat-1 hover-tip\" data-original-title=\"Esta publicaci\u00f3n tiene 0 comentarios\" data-toggle=\"tooltip\" data-placement=\"top\"><\/i><\/a><\/small>            <\/span>\n\n\t\t\t\t\t\t\t<hr>\n\t\t\t\t<div class=\"entry-summary\">\n\t\t\t\t\t<p> Tecnolog\u00edas avanzadas en el dise\u00f1o de piezas: El proyecto DiseIAR busca integrar la Inteligencia Artificial, el Cloud Computing...<\/p>\t\t\t\t<\/div><!-- .entry-summary -->\n\t\t\t\t\t<\/div><!--end post-info-->\n\n\t<\/article>\n<\/li>\n<li id=\"post-19447\" class=\"post-item col-sm-4 post-19447 post type-post status-publish format-aside has-post-thumbnail hentry category-proiektuak-es category-proyectos post_format-post-format-aside\">\n\t<article>\n\n\t<div class=\"post-image\"><a href=\"https:\/\/www.goierrieskola.eus\/es\/proyecto-virid\/\" class=\"element-wrap\"><img decoding=\"async\" data-src=\"https:\/\/www.goierrieskola.eus\/wp-content\/uploads\/2026\/01\/260129-VIRID-1-480x270.png\" alt=\"Virid &#8211; Virtualizaci\u00f3n del dise\u00f1o industrial\" src=\"data:image\/svg+xml;base64,PHN2ZyB3aWR0aD0iMSIgaGVpZ2h0PSIxIiB4bWxucz0iaHR0cDovL3d3dy53My5vcmcvMjAwMC9zdmciPjwvc3ZnPg==\" class=\"lazyload\" style=\"--smush-placeholder-width: 480px; --smush-placeholder-aspect-ratio: 480\/270;\"><span class=\"hover-element\"><i>+<\/i><\/span><\/a><\/div><!--end post-image-->\n\t\t<div class=\"entry-content\">\n\t\t\t<h4 class=\"post-title entry-title\"><a href=\"https:\/\/www.goierrieskola.eus\/es\/proyecto-virid\/\">Virid &#8211; Virtualizaci\u00f3n del dise\u00f1o industrial<\/a><\/h4>\n\n            <span class=\"post-meta hidden hide\">\n                <small><a href=\"https:\/\/www.goierrieskola.eus\/es\/proyecto-virid\/\" rel=\"bookmark\" class=\"post-time\"><time class=\"entry-date\" datetime=\"2026-01-29T16:09:18+00:00\">29 enero, 2026<\/time><time class=\"modify-date hide hidden updated\" datetime=\"2026-01-29T16:53:23+00:00\">29 enero, 2026<\/time><\/a><\/small>, <small class=\"meta-category\"><a href=\"https:\/\/www.goierrieskola.eus\/es\/category\/proiektuak-es\/\" rel=\"category tag\">Proiektuak<\/a>, <a href=\"https:\/\/www.goierrieskola.eus\/es\/category\/proyectos\/\" rel=\"category tag\">Proyectos<\/a><\/small>, <small class=\"meta-comment-count\"><a href=\"https:\/\/www.goierrieskola.eus\/es\/proyecto-virid\/#comments\">0 <i class=\"icon-chat-1 hover-tip\" data-original-title=\"Esta publicaci\u00f3n tiene 0 comentarios\" data-toggle=\"tooltip\" data-placement=\"top\"><\/i><\/a><\/small>            <\/span>\n\n\t\t\t\t\t\t\t<hr>\n\t\t\t\t<div class=\"entry-summary\">\n\t\t\t\t\t<p> Gemelos Virtuales: El proyecto impulsa la integraci\u00f3n de entornos de realidad inmersiva y Gemelos Virtuales en la Formaci\u00f3n...<\/p>\t\t\t\t<\/div><!-- .entry-summary -->\n\t\t\t\t\t<\/div><!--end post-info-->\n\n\t<\/article>\n<\/li>\n<li id=\"post-19013\" class=\"post-item col-sm-4 post-19013 post type-post status-publish format-aside has-post-thumbnail hentry category-proyectos-mefp post_format-post-format-aside\">\n\t<article>\n\n\t<div class=\"post-image\"><a href=\"https:\/\/www.goierrieskola.eus\/es\/cobot-soldadura\/\" class=\"element-wrap\"><img decoding=\"async\" data-src=\"https:\/\/www.goierrieskola.eus\/wp-content\/uploads\/2025\/10\/251010-Cobot-welding-480x270.png\" alt=\"Cobot soldadura\" src=\"data:image\/svg+xml;base64,PHN2ZyB3aWR0aD0iMSIgaGVpZ2h0PSIxIiB4bWxucz0iaHR0cDovL3d3dy53My5vcmcvMjAwMC9zdmciPjwvc3ZnPg==\" class=\"lazyload\" style=\"--smush-placeholder-width: 480px; --smush-placeholder-aspect-ratio: 480\/270;\"><span class=\"hover-element\"><i>+<\/i><\/span><\/a><\/div><!--end post-image-->\n\t\t<div class=\"entry-content\">\n\t\t\t<h4 class=\"post-title entry-title\"><a href=\"https:\/\/www.goierrieskola.eus\/es\/cobot-soldadura\/\">Cobot soldadura<\/a><\/h4>\n\n            <span class=\"post-meta hidden hide\">\n                <small><a href=\"https:\/\/www.goierrieskola.eus\/es\/cobot-soldadura\/\" rel=\"bookmark\" class=\"post-time\"><time class=\"entry-date\" datetime=\"2025-10-09T15:16:47+00:00\">9 octubre, 2025<\/time><time class=\"modify-date hide hidden updated\" datetime=\"2025-10-09T15:19:04+00:00\">9 octubre, 2025<\/time><\/a><\/small>, <small class=\"meta-category\"><a href=\"https:\/\/www.goierrieskola.eus\/es\/category\/proyectos\/proyectos-mefp\/\" rel=\"category tag\">Proyectos MEFP<\/a><\/small>, <small class=\"meta-comment-count\"><a href=\"https:\/\/www.goierrieskola.eus\/es\/cobot-soldadura\/#comments\">0 <i class=\"icon-chat-1 hover-tip\" data-original-title=\"Esta publicaci\u00f3n tiene 0 comentarios\" data-toggle=\"tooltip\" data-placement=\"top\"><\/i><\/a><\/small>            <\/span>\n\n\t\t\t\t\t\t\t<hr>\n\t\t\t\t<div class=\"entry-summary\">\n\t\t\t\t\t<p> Soldadura robotizada: Goierri Eskola participa en un proyecto innovador de soldadura cobotizada\u00a0para revolucionar la\u00a0Formaci\u00f3n Profesional. Esta iniciativa de...<\/p>\t\t\t\t<\/div><!-- .entry-summary -->\n\t\t\t\t\t<\/div><!--end post-info-->\n\n\t<\/article>\n<\/li>\n<li id=\"post-19008\" class=\"post-item col-sm-4 post-19008 post type-post status-publish format-aside has-post-thumbnail hentry category-proyectos-mefp post_format-post-format-aside\">\n\t<article>\n\n\t<div class=\"post-image\"><a href=\"https:\/\/www.goierrieskola.eus\/es\/protesis-titanio\/\" class=\"element-wrap\"><img decoding=\"async\" data-src=\"https:\/\/www.goierrieskola.eus\/wp-content\/uploads\/2025\/10\/Proyectos-2025-480x270.png\" alt=\"Dise\u00f1o y Fabricaci\u00f3n Aditiva de Pr\u00f3tesis de Titanio en Goierri Eskola\" src=\"data:image\/svg+xml;base64,PHN2ZyB3aWR0aD0iMSIgaGVpZ2h0PSIxIiB4bWxucz0iaHR0cDovL3d3dy53My5vcmcvMjAwMC9zdmciPjwvc3ZnPg==\" class=\"lazyload\" style=\"--smush-placeholder-width: 480px; --smush-placeholder-aspect-ratio: 480\/270;\"><span class=\"hover-element\"><i>+<\/i><\/span><\/a><\/div><!--end post-image-->\n\t\t<div class=\"entry-content\">\n\t\t\t<h4 class=\"post-title entry-title\"><a href=\"https:\/\/www.goierrieskola.eus\/es\/protesis-titanio\/\">Dise\u00f1o y Fabricaci\u00f3n Aditiva de Pr\u00f3tesis de Titanio en Goierri Eskola<\/a><\/h4>\n\n            <span class=\"post-meta hidden hide\">\n                <small><a href=\"https:\/\/www.goierrieskola.eus\/es\/protesis-titanio\/\" rel=\"bookmark\" class=\"post-time\"><time class=\"entry-date\" datetime=\"2025-10-09T14:44:51+00:00\">9 octubre, 2025<\/time><time class=\"modify-date hide hidden updated\" datetime=\"2025-10-09T14:44:51+00:00\">9 octubre, 2025<\/time><\/a><\/small>, <small class=\"meta-category\"><a href=\"https:\/\/www.goierrieskola.eus\/es\/category\/proyectos\/proyectos-mefp\/\" rel=\"category tag\">Proyectos MEFP<\/a><\/small>, <small class=\"meta-comment-count\"><a href=\"https:\/\/www.goierrieskola.eus\/es\/protesis-titanio\/#comments\">0 <i class=\"icon-chat-1 hover-tip\" data-original-title=\"Esta publicaci\u00f3n tiene 0 comentarios\" data-toggle=\"tooltip\" data-placement=\"top\"><\/i><\/a><\/small>            <\/span>\n\n\t\t\t\t\t\t\t<hr>\n\t\t\t\t<div class=\"entry-summary\">\n\t\t\t\t\t<p> Proyecto innovador: Goierri Eskola participa en un\u00a0proyecto innovador de fabricaci\u00f3n aditiva (FA)\u00a0para desarrollar\u00a0pr\u00f3tesis de titanio\u00a0personalizadas mediante\u00a0impresi\u00f3n 3D FFF....<\/p>\t\t\t\t<\/div><!-- .entry-summary -->\n\t\t\t\t\t<\/div><!--end post-info-->\n\n\t<\/article>\n<\/li>\n<li id=\"post-18834\" class=\"post-item col-sm-4 post-18834 post type-post status-publish format-aside has-post-thumbnail hentry category-proiektuak-es category-proyectos-mefp post_format-post-format-aside\">\n\t<article>\n\n\t<div class=\"post-image\"><a href=\"https:\/\/www.goierrieskola.eus\/es\/cofalab-40\/\" class=\"element-wrap\"><img decoding=\"async\" data-src=\"https:\/\/www.goierrieskola.eus\/wp-content\/uploads\/2025\/09\/DALL-1-480x270.webp\" alt=\"CoFaLab-4.0\" src=\"data:image\/svg+xml;base64,PHN2ZyB3aWR0aD0iMSIgaGVpZ2h0PSIxIiB4bWxucz0iaHR0cDovL3d3dy53My5vcmcvMjAwMC9zdmciPjwvc3ZnPg==\" class=\"lazyload\" style=\"--smush-placeholder-width: 480px; --smush-placeholder-aspect-ratio: 480\/270;\"><span class=\"hover-element\"><i>+<\/i><\/span><\/a><\/div><!--end post-image-->\n\t\t<div class=\"entry-content\">\n\t\t\t<h4 class=\"post-title entry-title\"><a href=\"https:\/\/www.goierrieskola.eus\/es\/cofalab-40\/\">CoFaLab-4.0<\/a><\/h4>\n\n            <span class=\"post-meta hidden hide\">\n                <small><a href=\"https:\/\/www.goierrieskola.eus\/es\/cofalab-40\/\" rel=\"bookmark\" class=\"post-time\"><time class=\"entry-date\" datetime=\"2025-09-10T06:46:27+00:00\">10 septiembre, 2025<\/time><time class=\"modify-date hide hidden updated\" datetime=\"2025-10-08T14:52:07+00:00\">8 octubre, 2025<\/time><\/a><\/small>, <small class=\"meta-category\"><a href=\"https:\/\/www.goierrieskola.eus\/es\/category\/proiektuak-es\/\" rel=\"category tag\">Proiektuak<\/a>, <a href=\"https:\/\/www.goierrieskola.eus\/es\/category\/proyectos\/proyectos-mefp\/\" rel=\"category tag\">Proyectos MEFP<\/a><\/small>, <small class=\"meta-comment-count\"><a href=\"https:\/\/www.goierrieskola.eus\/es\/cofalab-40\/#comments\">0 <i class=\"icon-chat-1 hover-tip\" data-original-title=\"Esta publicaci\u00f3n tiene 0 comentarios\" data-toggle=\"tooltip\" data-placement=\"top\"><\/i><\/a><\/small>            <\/span>\n\n\t\t\t\t\t\t\t<hr>\n\t\t\t\t<div class=\"entry-summary\">\n\t\t\t\t\t<p> Laboratorio de Fabricaci\u00f3n Avanzada CoFaLab 4.0: En Goierri Eskola participamos en el proyecto CoFabLab4.0, una iniciativa de 24...<\/p>\t\t\t\t<\/div><!-- .entry-summary -->\n\t\t\t\t\t<\/div><!--end post-info-->\n\n\t<\/article>\n<\/li>\n<li id=\"post-18235\" class=\"post-item col-sm-4 post-18235 post type-post status-publish format-aside has-post-thumbnail hentry category-proyectos-mefp post_format-post-format-aside\">\n\t<article>\n\n\t<div class=\"post-image\"><a href=\"https:\/\/www.goierrieskola.eus\/es\/proyecto-cobotic\/\" class=\"element-wrap\"><img decoding=\"async\" data-src=\"https:\/\/www.goierrieskola.eus\/wp-content\/uploads\/2025\/05\/Cobotic-480x270.webp\" alt=\"Proyecto CoBotic\" src=\"data:image\/svg+xml;base64,PHN2ZyB3aWR0aD0iMSIgaGVpZ2h0PSIxIiB4bWxucz0iaHR0cDovL3d3dy53My5vcmcvMjAwMC9zdmciPjwvc3ZnPg==\" class=\"lazyload\" style=\"--smush-placeholder-width: 480px; --smush-placeholder-aspect-ratio: 480\/270;\"><span class=\"hover-element\"><i>+<\/i><\/span><\/a><\/div><!--end post-image-->\n\t\t<div class=\"entry-content\">\n\t\t\t<h4 class=\"post-title entry-title\"><a href=\"https:\/\/www.goierrieskola.eus\/es\/proyecto-cobotic\/\">Proyecto CoBotic<\/a><\/h4>\n\n            <span class=\"post-meta hidden hide\">\n                <small><a href=\"https:\/\/www.goierrieskola.eus\/es\/proyecto-cobotic\/\" rel=\"bookmark\" class=\"post-time\"><time class=\"entry-date\" datetime=\"2025-05-28T10:20:06+00:00\">28 mayo, 2025<\/time><time class=\"modify-date hide hidden updated\" datetime=\"2025-10-08T14:50:50+00:00\">8 octubre, 2025<\/time><\/a><\/small>, <small class=\"meta-category\"><a href=\"https:\/\/www.goierrieskola.eus\/es\/category\/proyectos\/proyectos-mefp\/\" rel=\"category tag\">Proyectos MEFP<\/a><\/small>, <small class=\"meta-comment-count\"><a href=\"https:\/\/www.goierrieskola.eus\/es\/proyecto-cobotic\/#comments\">0 <i class=\"icon-chat-1 hover-tip\" data-original-title=\"Esta publicaci\u00f3n tiene 0 comentarios\" data-toggle=\"tooltip\" data-placement=\"top\"><\/i><\/a><\/small>            <\/span>\n\n\t\t\t\t\t\t\t<hr>\n\t\t\t\t<div class=\"entry-summary\">\n\t\t\t\t\t<p> Aprendizaje colaborativo y rob\u00f3tica inteligente en FP En Goierri Eskola participamos en el proyecto COBOTIC, una iniciativa de...<\/p>\t\t\t\t<\/div><!-- .entry-summary -->\n\t\t\t\t\t<\/div><!--end post-info-->\n\n\t<\/article>\n<\/li>\n<li id=\"post-17767\" class=\"post-item col-sm-4 post-17767 post type-post status-publish format-aside has-post-thumbnail hentry category-proyectos post_format-post-format-aside\">\n\t<article>\n\n\t<div class=\"post-image\"><a href=\"https:\/\/www.goierrieskola.eus\/es\/nueva-instalacion-fotovoltaica\/\" class=\"element-wrap\"><img decoding=\"async\" data-src=\"https:\/\/www.goierrieskola.eus\/wp-content\/uploads\/2025\/02\/Captura-de-pantalla-2025-02-11-a-las-9.10.16-480x270.png\" alt=\"Nueva instalaci\u00f3n fotovoltaica\" src=\"data:image\/svg+xml;base64,PHN2ZyB3aWR0aD0iMSIgaGVpZ2h0PSIxIiB4bWxucz0iaHR0cDovL3d3dy53My5vcmcvMjAwMC9zdmciPjwvc3ZnPg==\" class=\"lazyload\" style=\"--smush-placeholder-width: 480px; --smush-placeholder-aspect-ratio: 480\/270;\"><span class=\"hover-element\"><i>+<\/i><\/span><\/a><\/div><!--end post-image-->\n\t\t<div class=\"entry-content\">\n\t\t\t<h4 class=\"post-title entry-title\"><a href=\"https:\/\/www.goierrieskola.eus\/es\/nueva-instalacion-fotovoltaica\/\">Nueva instalaci\u00f3n fotovoltaica<\/a><\/h4>\n\n            <span class=\"post-meta hidden hide\">\n                <small><a href=\"https:\/\/www.goierrieskola.eus\/es\/nueva-instalacion-fotovoltaica\/\" rel=\"bookmark\" class=\"post-time\"><time class=\"entry-date\" datetime=\"2025-02-11T09:15:44+00:00\">11 febrero, 2025<\/time><time class=\"modify-date hide hidden updated\" datetime=\"2025-02-11T09:15:44+00:00\">11 febrero, 2025<\/time><\/a><\/small>, <small class=\"meta-category\"><a href=\"https:\/\/www.goierrieskola.eus\/es\/category\/proyectos\/\" rel=\"category tag\">Proyectos<\/a><\/small>, <small class=\"meta-comment-count\"><a href=\"https:\/\/www.goierrieskola.eus\/es\/nueva-instalacion-fotovoltaica\/#comments\">0 <i class=\"icon-chat-1 hover-tip\" data-original-title=\"Esta publicaci\u00f3n tiene 0 comentarios\" data-toggle=\"tooltip\" data-placement=\"top\"><\/i><\/a><\/small>            <\/span>\n\n\t\t\t\t\t\t\t<hr>\n\t\t\t\t<div class=\"entry-summary\">\n\t\t\t\t\t<p> Nueva instalaci\u00f3n fotovoltaica: En Goierri Eskola, reafirmamos nuestro compromiso con la sostenibilidad y la formaci\u00f3n de calidad mediante...<\/p>\t\t\t\t<\/div><!-- .entry-summary -->\n\t\t\t\t\t<\/div><!--end post-info-->\n\n\t<\/article>\n<\/li>\n<li id=\"post-17561\" class=\"post-item col-sm-4 post-17561 post type-post status-publish format-aside has-post-thumbnail hentry category-proyectos post_format-post-format-aside\">\n\t<article>\n\n\t<div class=\"post-image\"><a href=\"https:\/\/www.goierrieskola.eus\/es\/vr-train-realidad-virtual\/\" class=\"element-wrap\"><img decoding=\"async\" data-src=\"https:\/\/www.goierrieskola.eus\/wp-content\/uploads\/2024\/12\/vr_train-mejorau-e1734016908874-480x270.jpg\" alt=\"VR-TRAIN: Virtual Reality for Multidisciplinary Training\" src=\"data:image\/svg+xml;base64,PHN2ZyB3aWR0aD0iMSIgaGVpZ2h0PSIxIiB4bWxucz0iaHR0cDovL3d3dy53My5vcmcvMjAwMC9zdmciPjwvc3ZnPg==\" class=\"lazyload\" style=\"--smush-placeholder-width: 480px; --smush-placeholder-aspect-ratio: 480\/270;\"><span class=\"hover-element\"><i>+<\/i><\/span><\/a><\/div><!--end post-image-->\n\t\t<div class=\"entry-content\">\n\t\t\t<h4 class=\"post-title entry-title\"><a href=\"https:\/\/www.goierrieskola.eus\/es\/vr-train-realidad-virtual\/\">VR-TRAIN: Virtual Reality for Multidisciplinary Training<\/a><\/h4>\n\n            <span class=\"post-meta hidden hide\">\n                <small><a href=\"https:\/\/www.goierrieskola.eus\/es\/vr-train-realidad-virtual\/\" rel=\"bookmark\" class=\"post-time\"><time class=\"entry-date\" datetime=\"2024-12-12T15:18:19+00:00\">12 diciembre, 2024<\/time><time class=\"modify-date hide hidden updated\" datetime=\"2025-02-04T12:47:25+00:00\">4 febrero, 2025<\/time><\/a><\/small>, <small class=\"meta-category\"><a href=\"https:\/\/www.goierrieskola.eus\/es\/category\/proyectos\/\" rel=\"category tag\">Proyectos<\/a><\/small>, <small class=\"meta-comment-count\"><a href=\"https:\/\/www.goierrieskola.eus\/es\/vr-train-realidad-virtual\/#comments\">0 <i class=\"icon-chat-1 hover-tip\" data-original-title=\"Esta publicaci\u00f3n tiene 0 comentarios\" data-toggle=\"tooltip\" data-placement=\"top\"><\/i><\/a><\/small>            <\/span>\n\n\t\t\t\t\t\t\t<hr>\n\t\t\t\t<div class=\"entry-summary\">\n\t\t\t\t\t<p> Objetivos del proyecto VR-TRAIN: Goierri Eskola, en colaboraci\u00f3n con Nazaret Fundazioa, est\u00e1 desarrollando un proyecto innovador para la...<\/p>\t\t\t\t<\/div><!-- .entry-summary -->\n\t\t\t\t\t<\/div><!--end post-info-->\n\n\t<\/article>\n<\/li>\n<li id=\"post-17073\" class=\"post-item col-sm-4 post-17073 post type-post status-publish format-aside has-post-thumbnail hentry category-proiektuak-es category-proyectos post_format-post-format-aside\">\n\t<article>\n\n\t<div class=\"post-image\"><a href=\"https:\/\/www.goierrieskola.eus\/es\/proyecto-amfor\/\" class=\"element-wrap\"><img decoding=\"async\" data-src=\"https:\/\/www.goierrieskola.eus\/wp-content\/uploads\/2024\/06\/231120-SVIP40-480x270.jpeg\" alt=\"AMFOR proiektua\" src=\"data:image\/svg+xml;base64,PHN2ZyB3aWR0aD0iMSIgaGVpZ2h0PSIxIiB4bWxucz0iaHR0cDovL3d3dy53My5vcmcvMjAwMC9zdmciPjwvc3ZnPg==\" class=\"lazyload\" style=\"--smush-placeholder-width: 480px; --smush-placeholder-aspect-ratio: 480\/270;\"><span class=\"hover-element\"><i>+<\/i><\/span><\/a><\/div><!--end post-image-->\n\t\t<div class=\"entry-content\">\n\t\t\t<h4 class=\"post-title entry-title\"><a href=\"https:\/\/www.goierrieskola.eus\/es\/proyecto-amfor\/\">AMFOR proiektua<\/a><\/h4>\n\n            <span class=\"post-meta hidden hide\">\n                <small><a href=\"https:\/\/www.goierrieskola.eus\/es\/proyecto-amfor\/\" rel=\"bookmark\" class=\"post-time\"><time class=\"entry-date\" datetime=\"2024-06-26T11:10:22+00:00\">26 junio, 2024<\/time><time class=\"modify-date hide hidden updated\" datetime=\"2025-02-04T12:46:49+00:00\">4 febrero, 2025<\/time><\/a><\/small>, <small class=\"meta-category\"><a href=\"https:\/\/www.goierrieskola.eus\/es\/category\/proiektuak-es\/\" rel=\"category tag\">Proiektuak<\/a>, <a href=\"https:\/\/www.goierrieskola.eus\/es\/category\/proyectos\/\" rel=\"category tag\">Proyectos<\/a><\/small>, <small class=\"meta-comment-count\"><a href=\"https:\/\/www.goierrieskola.eus\/es\/proyecto-amfor\/#comments\">0 <i class=\"icon-chat-1 hover-tip\" data-original-title=\"Esta publicaci\u00f3n tiene 0 comentarios\" data-toggle=\"tooltip\" data-placement=\"top\"><\/i><\/a><\/small>            <\/span>\n\n\t\t\t\t\t\t\t<hr>\n\t\t\t\t<div class=\"entry-summary\">\n\t\t\t\t\t<p> Jornada de presentaci\u00f3n del proyecto AMFOR en Tknika. El pasado 26 de junio, Goierri Eskola present\u00f3 el proyecto...<\/p>\t\t\t\t<\/div><!-- .entry-summary -->\n\t\t\t\t\t<\/div><!--end post-info-->\n\n\t<\/article>\n<\/li>\n<li id=\"post-16579\" class=\"post-item col-sm-4 post-16579 post type-post status-publish format-aside has-post-thumbnail hentry category-gizartera-es category-sociedad post_format-post-format-aside\">\n\t<article>\n\n\t<div class=\"post-image\"><a href=\"https:\/\/www.goierrieskola.eus\/es\/silvercare\/\" class=\"element-wrap\"><img decoding=\"async\" data-src=\"https:\/\/www.goierrieskola.eus\/wp-content\/uploads\/2024\/01\/cam_int_01_cocina-scaled-480x270.jpg\" alt=\"SilverCare\" src=\"data:image\/svg+xml;base64,PHN2ZyB3aWR0aD0iMSIgaGVpZ2h0PSIxIiB4bWxucz0iaHR0cDovL3d3dy53My5vcmcvMjAwMC9zdmciPjwvc3ZnPg==\" class=\"lazyload\" style=\"--smush-placeholder-width: 480px; --smush-placeholder-aspect-ratio: 480\/270;\"><span class=\"hover-element\"><i>+<\/i><\/span><\/a><\/div><!--end post-image-->\n\t\t<div class=\"entry-content\">\n\t\t\t<h4 class=\"post-title entry-title\"><a href=\"https:\/\/www.goierrieskola.eus\/es\/silvercare\/\">SilverCare<\/a><\/h4>\n\n            <span class=\"post-meta hidden hide\">\n                <small><a href=\"https:\/\/www.goierrieskola.eus\/es\/silvercare\/\" rel=\"bookmark\" class=\"post-time\"><time class=\"entry-date\" datetime=\"2024-01-18T09:05:54+00:00\">18 enero, 2024<\/time><time class=\"modify-date hide hidden updated\" datetime=\"2024-01-22T10:58:46+00:00\">22 enero, 2024<\/time><\/a><\/small>, <small class=\"meta-category\"><a href=\"https:\/\/www.goierrieskola.eus\/es\/category\/gizartera-es\/\" rel=\"category tag\">Gizartera<\/a>, <a href=\"https:\/\/www.goierrieskola.eus\/es\/category\/sociedad\/\" rel=\"category tag\">Sociedad<\/a><\/small>, <small class=\"meta-comment-count\"><a href=\"https:\/\/www.goierrieskola.eus\/es\/silvercare\/#comments\">0 <i class=\"icon-chat-1 hover-tip\" data-original-title=\"Esta publicaci\u00f3n tiene 0 comentarios\" data-toggle=\"tooltip\" data-placement=\"top\"><\/i><\/a><\/small>            <\/span>\n\n\t\t\t\t\t\t\t<hr>\n\t\t\t\t<div class=\"entry-summary\">\n\t\t\t\t\t<p> Con la colaboraci\u00f3n de MATIA FUNDAZIOA y la convocatoria DUALIZA de CaixaBank SilverCare es una iniciativa innovadora que...<\/p>\t\t\t\t<\/div><!-- .entry-summary -->\n\t\t\t\t\t<\/div><!--end post-info-->\n\n\t<\/article>\n<\/li>\n<li id=\"post-16286\" class=\"post-item col-sm-4 post-16286 post type-post status-publish format-aside has-post-thumbnail hentry category-sociedad post_format-post-format-aside\">\n\t<article>\n\n\t<div class=\"post-image\"><a href=\"https:\/\/www.goierrieskola.eus\/es\/acuerdo-cooperacion-cftpucv-de-chile\/\" class=\"element-wrap\"><img decoding=\"async\" data-src=\"https:\/\/www.goierrieskola.eus\/wp-content\/uploads\/2023\/11\/1-480x270.jpeg\" alt=\"Acuerdo de cooperaci\u00f3n con la entidad CFT PUCV de Chile\" src=\"data:image\/svg+xml;base64,PHN2ZyB3aWR0aD0iMSIgaGVpZ2h0PSIxIiB4bWxucz0iaHR0cDovL3d3dy53My5vcmcvMjAwMC9zdmciPjwvc3ZnPg==\" class=\"lazyload\" style=\"--smush-placeholder-width: 480px; --smush-placeholder-aspect-ratio: 480\/270;\"><span class=\"hover-element\"><i>+<\/i><\/span><\/a><\/div><!--end post-image-->\n\t\t<div class=\"entry-content\">\n\t\t\t<h4 class=\"post-title entry-title\"><a href=\"https:\/\/www.goierrieskola.eus\/es\/acuerdo-cooperacion-cftpucv-de-chile\/\">Acuerdo de cooperaci\u00f3n con la entidad CFT PUCV de Chile<\/a><\/h4>\n\n            <span class=\"post-meta hidden hide\">\n                <small><a href=\"https:\/\/www.goierrieskola.eus\/es\/acuerdo-cooperacion-cftpucv-de-chile\/\" rel=\"bookmark\" class=\"post-time\"><time class=\"entry-date\" datetime=\"2023-11-29T15:06:47+00:00\">29 noviembre, 2023<\/time><time class=\"modify-date hide hidden updated\" datetime=\"2023-11-29T15:11:47+00:00\">29 noviembre, 2023<\/time><\/a><\/small>, <small class=\"meta-category\"><a href=\"https:\/\/www.goierrieskola.eus\/es\/category\/sociedad\/\" rel=\"category tag\">Sociedad<\/a><\/small>, <small class=\"meta-comment-count\"><a href=\"https:\/\/www.goierrieskola.eus\/es\/acuerdo-cooperacion-cftpucv-de-chile\/#comments\">0 <i class=\"icon-chat-1 hover-tip\" data-original-title=\"Esta publicaci\u00f3n tiene 0 comentarios\" data-toggle=\"tooltip\" data-placement=\"top\"><\/i><\/a><\/small>            <\/span>\n\n\t\t\t\t\t\t\t<hr>\n\t\t\t\t<div class=\"entry-summary\">\n\t\t\t\t\t<p> Gracias al compromiso de ambos centros se desarrollar\u00e1n proyectos de investigaci\u00f3n y se impulsar\u00e1n intercambios de estudiantes de...<\/p>\t\t\t\t<\/div><!-- .entry-summary -->\n\t\t\t\t\t<\/div><!--end post-info-->\n\n\t<\/article>\n<\/li>\n\t\t\t<\/ul>\n\t\t<\/div>\n\t\t<div class=\"carousel-arrow\">\n\t\t\t<a class=\"carousel-prev\" href=\"#\"><i class=\"icon-angle-left\"><\/i><\/a>\n\t\t\t<a class=\"carousel-next\" href=\"#\"><i class=\"icon-angle-right\"><\/i><\/a>\n\t\t<\/div>\n\t\t<div class=\"kleo-carousel-post-pager carousel-pager\"><\/div>\n\t<\/div><!--end carousel-container-->\n\n[\/vc_column][\/vc_row][vc_row][vc_column][vc_tta_tour style=\u00bbmodern\u00bb color=\u00bbsky\u00bb tab_position=\u00bbright\u00bb active_section=\u00bb1&#8243; no_fill_content_area=\u00bbtrue\u00bb][vc_tta_section title=\u00bbPROYECTOS\u00bb tab_id=\u00bb1734017589967-c9bac5bd-a767&#8243;]\n\t<div class=\"sq-posts-data\" style=\"display: none;\"><input type=\"hidden\" id=\"post-security\" name=\"post-security\" value=\"40f71b4de0\" \/><input type=\"hidden\" name=\"_wp_http_referer\" value=\"\/es\/wp-json\/wp\/v2\/pages\/6335\" \/><input type=\"hidden\" name=\"pitem\" value=\"0\"><input type=\"hidden\" name=\"post_id\" value=\"16286\"><\/div>\n\t\n\t\n\t\t<div class=\"posts-listing responsive-cols kleo-masonry per-row-4 no-meta no-footer masonry-listing\">\n\n\t\n\t\n<article id=\"post-19870\" class=\"post-item post-19870 post type-post status-publish format-aside has-post-thumbnail hentry category-proyectos post_format-post-format-aside\">\n\t<div class=\"post-content animated animate-when-almost-visible el-appear\">\n\n\t\t<div class=\"post-image\"><a href=\"https:\/\/www.goierrieskola.eus\/es\/diseiar-en-fase-fabricacion\/\" class=\"element-wrap\"><img decoding=\"async\" data-src=\"https:\/\/www.goierrieskola.eus\/wp-content\/uploads\/2026\/01\/DISEIAR-2-480x480.jpg\" alt=\"DiseIAR en fase fabricaci\u00f3n\" src=\"data:image\/svg+xml;base64,PHN2ZyB3aWR0aD0iMSIgaGVpZ2h0PSIxIiB4bWxucz0iaHR0cDovL3d3dy53My5vcmcvMjAwMC9zdmciPjwvc3ZnPg==\" class=\"lazyload\" style=\"--smush-placeholder-width: 480px; --smush-placeholder-aspect-ratio: 480\/480;\"><span class=\"hover-element\"><i>+<\/i><\/span><\/a><\/div><!--end post-image-->\n\t\t\n\t\t\t<div class=\"post-header\">\n\n\t\t\t\t\t\t\t\t\t<h3 class=\"post-title entry-title\"><a href=\"https:\/\/www.goierrieskola.eus\/es\/diseiar-en-fase-fabricacion\/\">DiseIAR en fase fabricaci\u00f3n<\/a>\n\t\t\t\t\t<\/h3>\n\t\t\t\t\n\t\t\t\t<span class=\"post-meta\">\n                    <small><a href=\"https:\/\/www.goierrieskola.eus\/es\/diseiar-en-fase-fabricacion\/\" rel=\"bookmark\" class=\"post-time\"><time class=\"entry-date\" datetime=\"2026-04-20T09:51:36+00:00\">20 abril, 2026<\/time><time class=\"modify-date hide hidden updated\" datetime=\"2026-04-20T09:51:37+00:00\">20 abril, 2026<\/time><\/a><\/small>, <small class=\"meta-category\"><a href=\"https:\/\/www.goierrieskola.eus\/es\/category\/proyectos\/\" rel=\"category tag\">Proyectos<\/a><\/small>, <small class=\"meta-comment-count\"><a href=\"https:\/\/www.goierrieskola.eus\/es\/diseiar-en-fase-fabricacion\/#comments\">0 <i class=\"icon-chat-1 hover-tip\" data-original-title=\"Esta publicaci\u00f3n tiene 0 comentarios\" data-toggle=\"tooltip\" data-placement=\"top\"><\/i><\/a><\/small>                <\/span>\n\n\t\t\t<\/div><!--end post-header-->\n\n\t\t\t\n\t\t\t\t\t\t\t\t\t<div class=\"post-info\">\n\n\t\t\t\t\t\t<div class=\"entry-summary\">\n\t\t\t\t\t\t\t<p> Proyecto DiseIAR en FASE DE FABRICACI\u00d3N: El proyecto DiseIAr va en plena fuerza y los alumnos de nuestro...<\/p>\t\t\t\t\t\t<\/div><!-- .entry-summary -->\n\n\t\t\t\t\t<\/div><!--end post-info-->\n\t\t\t\t\n\t\t\t\n\t\t\n\t\t<div class=\"post-footer\">\n\t\t\t<small>\n\t\t\t\t<a href=\"#\" class=\"item-likes\" id=\"item-likes-19852\" title=\"Like this\"><span class=\"item-likes-count\">0<\/span> <span class=\"item-likes-postfix\">likes<\/span><\/a>\n\t\t\t\t\t\t\t\t\t<a href=\"https:\/\/www.goierrieskola.eus\/es\/diseiar-en-fase-fabricacion\/\"><span class=\"muted pull-right\">\n\t\t\t\t\t\tLeer m\u00e1s<\/span>\n\t\t\t\t\t<\/a>\n\t\t\t\t\n\t\t\t<\/small>\n\t\t<\/div><!--end post-footer-->\n\n\t<\/div><!--end post-content-->\n<\/article>\n\n\n<article id=\"post-19462\" class=\"post-item post-19462 post type-post status-publish format-aside has-post-thumbnail hentry category-proyectos post_format-post-format-aside\">\n\t<div class=\"post-content animated animate-when-almost-visible el-appear\">\n\n\t\t<div class=\"post-image\"><a href=\"https:\/\/www.goierrieskola.eus\/es\/proyecto-diseiar\/\" class=\"element-wrap\"><img decoding=\"async\" data-src=\"https:\/\/www.goierrieskola.eus\/wp-content\/uploads\/2026\/01\/260129-DiseIAR-1-480x269.png\" alt=\"Proyecto DiseIAR\" src=\"data:image\/svg+xml;base64,PHN2ZyB3aWR0aD0iMSIgaGVpZ2h0PSIxIiB4bWxucz0iaHR0cDovL3d3dy53My5vcmcvMjAwMC9zdmciPjwvc3ZnPg==\" class=\"lazyload\" style=\"--smush-placeholder-width: 480px; --smush-placeholder-aspect-ratio: 480\/269;\"><span class=\"hover-element\"><i>+<\/i><\/span><\/a><\/div><!--end post-image-->\n\t\t\n\t\t\t<div class=\"post-header\">\n\n\t\t\t\t\t\t\t\t\t<h3 class=\"post-title entry-title\"><a href=\"https:\/\/www.goierrieskola.eus\/es\/proyecto-diseiar\/\">Proyecto DiseIAR<\/a>\n\t\t\t\t\t<\/h3>\n\t\t\t\t\n\t\t\t\t<span class=\"post-meta\">\n                    <small><a href=\"https:\/\/www.goierrieskola.eus\/es\/proyecto-diseiar\/\" rel=\"bookmark\" class=\"post-time\"><time class=\"entry-date\" datetime=\"2026-01-29T17:16:19+00:00\">29 enero, 2026<\/time><time class=\"modify-date hide hidden updated\" datetime=\"2026-01-29T17:16:19+00:00\">29 enero, 2026<\/time><\/a><\/small>, <small class=\"meta-category\"><a href=\"https:\/\/www.goierrieskola.eus\/es\/category\/proyectos\/\" rel=\"category tag\">Proyectos<\/a><\/small>, <small class=\"meta-comment-count\"><a href=\"https:\/\/www.goierrieskola.eus\/es\/proyecto-diseiar\/#comments\">0 <i class=\"icon-chat-1 hover-tip\" data-original-title=\"Esta publicaci\u00f3n tiene 0 comentarios\" data-toggle=\"tooltip\" data-placement=\"top\"><\/i><\/a><\/small>                <\/span>\n\n\t\t\t<\/div><!--end post-header-->\n\n\t\t\t\n\t\t\t\t\t\t\t\t\t<div class=\"post-info\">\n\n\t\t\t\t\t\t<div class=\"entry-summary\">\n\t\t\t\t\t\t\t<p> Tecnolog\u00edas avanzadas en el dise\u00f1o de piezas: El proyecto DiseIAR busca integrar la Inteligencia Artificial, el Cloud Computing...<\/p>\t\t\t\t\t\t<\/div><!-- .entry-summary -->\n\n\t\t\t\t\t<\/div><!--end post-info-->\n\t\t\t\t\n\t\t\t\n\t\t\n\t\t<div class=\"post-footer\">\n\t\t\t<small>\n\t\t\t\t<a href=\"#\" class=\"item-likes\" id=\"item-likes-19497\" title=\"Like this\"><span class=\"item-likes-count\">1<\/span> <span class=\"item-likes-postfix\">like<\/span><\/a>\n\t\t\t\t\t\t\t\t\t<a href=\"https:\/\/www.goierrieskola.eus\/es\/proyecto-diseiar\/\"><span class=\"muted pull-right\">\n\t\t\t\t\t\tLeer m\u00e1s<\/span>\n\t\t\t\t\t<\/a>\n\t\t\t\t\n\t\t\t<\/small>\n\t\t<\/div><!--end post-footer-->\n\n\t<\/div><!--end post-content-->\n<\/article>\n\n\n<article id=\"post-19447\" class=\"post-item post-19447 post type-post status-publish format-aside has-post-thumbnail hentry category-proiektuak-es category-proyectos post_format-post-format-aside\">\n\t<div class=\"post-content animated animate-when-almost-visible el-appear\">\n\n\t\t<div class=\"post-image\"><a href=\"https:\/\/www.goierrieskola.eus\/es\/proyecto-virid\/\" class=\"element-wrap\"><img decoding=\"async\" data-src=\"https:\/\/www.goierrieskola.eus\/wp-content\/uploads\/2026\/01\/260129-VIRID-1-480x269.png\" alt=\"Virid &#8211; Virtualizaci\u00f3n del dise\u00f1o industrial\" src=\"data:image\/svg+xml;base64,PHN2ZyB3aWR0aD0iMSIgaGVpZ2h0PSIxIiB4bWxucz0iaHR0cDovL3d3dy53My5vcmcvMjAwMC9zdmciPjwvc3ZnPg==\" class=\"lazyload\" style=\"--smush-placeholder-width: 480px; --smush-placeholder-aspect-ratio: 480\/269;\"><span class=\"hover-element\"><i>+<\/i><\/span><\/a><\/div><!--end post-image-->\n\t\t\n\t\t\t<div class=\"post-header\">\n\n\t\t\t\t\t\t\t\t\t<h3 class=\"post-title entry-title\"><a href=\"https:\/\/www.goierrieskola.eus\/es\/proyecto-virid\/\">Virid &#8211; Virtualizaci\u00f3n del dise\u00f1o industrial<\/a>\n\t\t\t\t\t<\/h3>\n\t\t\t\t\n\t\t\t\t<span class=\"post-meta\">\n                    <small><a href=\"https:\/\/www.goierrieskola.eus\/es\/proyecto-virid\/\" rel=\"bookmark\" class=\"post-time\"><time class=\"entry-date\" datetime=\"2026-01-29T16:09:18+00:00\">29 enero, 2026<\/time><time class=\"modify-date hide hidden updated\" datetime=\"2026-01-29T16:53:23+00:00\">29 enero, 2026<\/time><\/a><\/small>, <small class=\"meta-category\"><a href=\"https:\/\/www.goierrieskola.eus\/es\/category\/proiektuak-es\/\" rel=\"category tag\">Proiektuak<\/a>, <a href=\"https:\/\/www.goierrieskola.eus\/es\/category\/proyectos\/\" rel=\"category tag\">Proyectos<\/a><\/small>, <small class=\"meta-comment-count\"><a href=\"https:\/\/www.goierrieskola.eus\/es\/proyecto-virid\/#comments\">0 <i class=\"icon-chat-1 hover-tip\" data-original-title=\"Esta publicaci\u00f3n tiene 0 comentarios\" data-toggle=\"tooltip\" data-placement=\"top\"><\/i><\/a><\/small>                <\/span>\n\n\t\t\t<\/div><!--end post-header-->\n\n\t\t\t\n\t\t\t\t\t\t\t\t\t<div class=\"post-info\">\n\n\t\t\t\t\t\t<div class=\"entry-summary\">\n\t\t\t\t\t\t\t<p> Gemelos Virtuales: El proyecto impulsa la integraci\u00f3n de entornos de realidad inmersiva y Gemelos Virtuales en la Formaci\u00f3n...<\/p>\t\t\t\t\t\t<\/div><!-- .entry-summary -->\n\n\t\t\t\t\t<\/div><!--end post-info-->\n\t\t\t\t\n\t\t\t\n\t\t\n\t\t<div class=\"post-footer\">\n\t\t\t<small>\n\t\t\t\t<a href=\"#\" class=\"item-likes\" id=\"item-likes-19417\" title=\"Like this\"><span class=\"item-likes-count\">1<\/span> <span class=\"item-likes-postfix\">like<\/span><\/a>\n\t\t\t\t\t\t\t\t\t<a href=\"https:\/\/www.goierrieskola.eus\/es\/proyecto-virid\/\"><span class=\"muted pull-right\">\n\t\t\t\t\t\tLeer m\u00e1s<\/span>\n\t\t\t\t\t<\/a>\n\t\t\t\t\n\t\t\t<\/small>\n\t\t<\/div><!--end post-footer-->\n\n\t<\/div><!--end post-content-->\n<\/article>\n\n\n<article id=\"post-19013\" class=\"post-item post-19013 post type-post status-publish format-aside has-post-thumbnail hentry category-proyectos-mefp post_format-post-format-aside\">\n\t<div class=\"post-content animated animate-when-almost-visible el-appear\">\n\n\t\t<div class=\"post-image\"><a href=\"https:\/\/www.goierrieskola.eus\/es\/cobot-soldadura\/\" class=\"element-wrap\"><img decoding=\"async\" data-src=\"https:\/\/www.goierrieskola.eus\/wp-content\/uploads\/2025\/10\/251010-Cobot-welding-480x269.png\" alt=\"Cobot soldadura\" src=\"data:image\/svg+xml;base64,PHN2ZyB3aWR0aD0iMSIgaGVpZ2h0PSIxIiB4bWxucz0iaHR0cDovL3d3dy53My5vcmcvMjAwMC9zdmciPjwvc3ZnPg==\" class=\"lazyload\" style=\"--smush-placeholder-width: 480px; --smush-placeholder-aspect-ratio: 480\/269;\"><span class=\"hover-element\"><i>+<\/i><\/span><\/a><\/div><!--end post-image-->\n\t\t\n\t\t\t<div class=\"post-header\">\n\n\t\t\t\t\t\t\t\t\t<h3 class=\"post-title entry-title\"><a href=\"https:\/\/www.goierrieskola.eus\/es\/cobot-soldadura\/\">Cobot soldadura<\/a>\n\t\t\t\t\t<\/h3>\n\t\t\t\t\n\t\t\t\t<span class=\"post-meta\">\n                    <small><a href=\"https:\/\/www.goierrieskola.eus\/es\/cobot-soldadura\/\" rel=\"bookmark\" class=\"post-time\"><time class=\"entry-date\" datetime=\"2025-10-09T15:16:47+00:00\">9 octubre, 2025<\/time><time class=\"modify-date hide hidden updated\" datetime=\"2025-10-09T15:19:04+00:00\">9 octubre, 2025<\/time><\/a><\/small>, <small class=\"meta-category\"><a href=\"https:\/\/www.goierrieskola.eus\/es\/category\/proyectos\/proyectos-mefp\/\" rel=\"category tag\">Proyectos MEFP<\/a><\/small>, <small class=\"meta-comment-count\"><a href=\"https:\/\/www.goierrieskola.eus\/es\/cobot-soldadura\/#comments\">0 <i class=\"icon-chat-1 hover-tip\" data-original-title=\"Esta publicaci\u00f3n tiene 0 comentarios\" data-toggle=\"tooltip\" data-placement=\"top\"><\/i><\/a><\/small>                <\/span>\n\n\t\t\t<\/div><!--end post-header-->\n\n\t\t\t\n\t\t\t\t\t\t\t\t\t<div class=\"post-info\">\n\n\t\t\t\t\t\t<div class=\"entry-summary\">\n\t\t\t\t\t\t\t<p> Soldadura robotizada: Goierri Eskola participa en un proyecto innovador de soldadura cobotizada\u00a0para revolucionar la\u00a0Formaci\u00f3n Profesional. Esta iniciativa de...<\/p>\t\t\t\t\t\t<\/div><!-- .entry-summary -->\n\n\t\t\t\t\t<\/div><!--end post-info-->\n\t\t\t\t\n\t\t\t\n\t\t\n\t\t<div class=\"post-footer\">\n\t\t\t<small>\n\t\t\t\t<a href=\"#\" class=\"item-likes\" id=\"item-likes-19031\" title=\"Like this\"><span class=\"item-likes-count\">1<\/span> <span class=\"item-likes-postfix\">like<\/span><\/a>\n\t\t\t\t\t\t\t\t\t<a href=\"https:\/\/www.goierrieskola.eus\/es\/cobot-soldadura\/\"><span class=\"muted pull-right\">\n\t\t\t\t\t\tLeer m\u00e1s<\/span>\n\t\t\t\t\t<\/a>\n\t\t\t\t\n\t\t\t<\/small>\n\t\t<\/div><!--end post-footer-->\n\n\t<\/div><!--end post-content-->\n<\/article>\n\n\n<article id=\"post-19008\" class=\"post-item post-19008 post type-post status-publish format-aside has-post-thumbnail hentry category-proyectos-mefp post_format-post-format-aside\">\n\t<div class=\"post-content animated animate-when-almost-visible el-appear\">\n\n\t\t<div class=\"post-image\"><a href=\"https:\/\/www.goierrieskola.eus\/es\/protesis-titanio\/\" class=\"element-wrap\"><img decoding=\"async\" data-src=\"https:\/\/www.goierrieskola.eus\/wp-content\/uploads\/2025\/10\/Proyectos-2025-480x269.png\" alt=\"Dise\u00f1o y Fabricaci\u00f3n Aditiva de Pr\u00f3tesis de Titanio en Goierri Eskola\" src=\"data:image\/svg+xml;base64,PHN2ZyB3aWR0aD0iMSIgaGVpZ2h0PSIxIiB4bWxucz0iaHR0cDovL3d3dy53My5vcmcvMjAwMC9zdmciPjwvc3ZnPg==\" class=\"lazyload\" style=\"--smush-placeholder-width: 480px; --smush-placeholder-aspect-ratio: 480\/269;\"><span class=\"hover-element\"><i>+<\/i><\/span><\/a><\/div><!--end post-image-->\n\t\t\n\t\t\t<div class=\"post-header\">\n\n\t\t\t\t\t\t\t\t\t<h3 class=\"post-title entry-title\"><a href=\"https:\/\/www.goierrieskola.eus\/es\/protesis-titanio\/\">Dise\u00f1o y Fabricaci\u00f3n Aditiva de Pr\u00f3tesis de Titanio en Goierri Eskola<\/a>\n\t\t\t\t\t<\/h3>\n\t\t\t\t\n\t\t\t\t<span class=\"post-meta\">\n                    <small><a href=\"https:\/\/www.goierrieskola.eus\/es\/protesis-titanio\/\" rel=\"bookmark\" class=\"post-time\"><time class=\"entry-date\" datetime=\"2025-10-09T14:44:51+00:00\">9 octubre, 2025<\/time><time class=\"modify-date hide hidden updated\" datetime=\"2025-10-09T14:44:51+00:00\">9 octubre, 2025<\/time><\/a><\/small>, <small class=\"meta-category\"><a href=\"https:\/\/www.goierrieskola.eus\/es\/category\/proyectos\/proyectos-mefp\/\" rel=\"category tag\">Proyectos MEFP<\/a><\/small>, <small class=\"meta-comment-count\"><a href=\"https:\/\/www.goierrieskola.eus\/es\/protesis-titanio\/#comments\">0 <i class=\"icon-chat-1 hover-tip\" data-original-title=\"Esta publicaci\u00f3n tiene 0 comentarios\" data-toggle=\"tooltip\" data-placement=\"top\"><\/i><\/a><\/small>                <\/span>\n\n\t\t\t<\/div><!--end post-header-->\n\n\t\t\t\n\t\t\t\t\t\t\t\t\t<div class=\"post-info\">\n\n\t\t\t\t\t\t<div class=\"entry-summary\">\n\t\t\t\t\t\t\t<p> Proyecto innovador: Goierri Eskola participa en un\u00a0proyecto innovador de fabricaci\u00f3n aditiva (FA)\u00a0para desarrollar\u00a0pr\u00f3tesis de titanio\u00a0personalizadas mediante\u00a0impresi\u00f3n 3D FFF....<\/p>\t\t\t\t\t\t<\/div><!-- .entry-summary -->\n\n\t\t\t\t\t<\/div><!--end post-info-->\n\t\t\t\t\n\t\t\t\n\t\t\n\t\t<div class=\"post-footer\">\n\t\t\t<small>\n\t\t\t\t<a href=\"#\" class=\"item-likes\" id=\"item-likes-18989\" title=\"Like this\"><span class=\"item-likes-count\">1<\/span> <span class=\"item-likes-postfix\">like<\/span><\/a>\n\t\t\t\t\t\t\t\t\t<a href=\"https:\/\/www.goierrieskola.eus\/es\/protesis-titanio\/\"><span class=\"muted pull-right\">\n\t\t\t\t\t\tLeer m\u00e1s<\/span>\n\t\t\t\t\t<\/a>\n\t\t\t\t\n\t\t\t<\/small>\n\t\t<\/div><!--end post-footer-->\n\n\t<\/div><!--end post-content-->\n<\/article>\n\n\n<article id=\"post-18834\" class=\"post-item post-18834 post type-post status-publish format-aside has-post-thumbnail hentry category-proiektuak-es category-proyectos-mefp post_format-post-format-aside\">\n\t<div class=\"post-content animated animate-when-almost-visible el-appear\">\n\n\t\t<div class=\"post-image\"><a href=\"https:\/\/www.goierrieskola.eus\/es\/cofalab-40\/\" class=\"element-wrap\"><img decoding=\"async\" data-src=\"https:\/\/www.goierrieskola.eus\/wp-content\/uploads\/2025\/09\/DALL-1-480x274.webp\" alt=\"CoFaLab-4.0\" src=\"data:image\/svg+xml;base64,PHN2ZyB3aWR0aD0iMSIgaGVpZ2h0PSIxIiB4bWxucz0iaHR0cDovL3d3dy53My5vcmcvMjAwMC9zdmciPjwvc3ZnPg==\" class=\"lazyload\" style=\"--smush-placeholder-width: 480px; --smush-placeholder-aspect-ratio: 480\/274;\"><span class=\"hover-element\"><i>+<\/i><\/span><\/a><\/div><!--end post-image-->\n\t\t\n\t\t\t<div class=\"post-header\">\n\n\t\t\t\t\t\t\t\t\t<h3 class=\"post-title entry-title\"><a href=\"https:\/\/www.goierrieskola.eus\/es\/cofalab-40\/\">CoFaLab-4.0<\/a>\n\t\t\t\t\t<\/h3>\n\t\t\t\t\n\t\t\t\t<span class=\"post-meta\">\n                    <small><a href=\"https:\/\/www.goierrieskola.eus\/es\/cofalab-40\/\" rel=\"bookmark\" class=\"post-time\"><time class=\"entry-date\" datetime=\"2025-09-10T06:46:27+00:00\">10 septiembre, 2025<\/time><time class=\"modify-date hide hidden updated\" datetime=\"2025-10-08T14:52:07+00:00\">8 octubre, 2025<\/time><\/a><\/small>, <small class=\"meta-category\"><a href=\"https:\/\/www.goierrieskola.eus\/es\/category\/proiektuak-es\/\" rel=\"category tag\">Proiektuak<\/a>, <a href=\"https:\/\/www.goierrieskola.eus\/es\/category\/proyectos\/proyectos-mefp\/\" rel=\"category tag\">Proyectos MEFP<\/a><\/small>, <small class=\"meta-comment-count\"><a href=\"https:\/\/www.goierrieskola.eus\/es\/cofalab-40\/#comments\">0 <i class=\"icon-chat-1 hover-tip\" data-original-title=\"Esta publicaci\u00f3n tiene 0 comentarios\" data-toggle=\"tooltip\" data-placement=\"top\"><\/i><\/a><\/small>                <\/span>\n\n\t\t\t<\/div><!--end post-header-->\n\n\t\t\t\n\t\t\t\t\t\t\t\t\t<div class=\"post-info\">\n\n\t\t\t\t\t\t<div class=\"entry-summary\">\n\t\t\t\t\t\t\t<p> Laboratorio de Fabricaci\u00f3n Avanzada CoFaLab 4.0: En Goierri Eskola participamos en el proyecto CoFabLab4.0, una iniciativa de 24...<\/p>\t\t\t\t\t\t<\/div><!-- .entry-summary -->\n\n\t\t\t\t\t<\/div><!--end post-info-->\n\t\t\t\t\n\t\t\t\n\t\t\n\t\t<div class=\"post-footer\">\n\t\t\t<small>\n\t\t\t\t<a href=\"#\" class=\"item-likes\" id=\"item-likes-18817\" title=\"Like this\"><span class=\"item-likes-count\">2<\/span> <span class=\"item-likes-postfix\">likes<\/span><\/a>\n\t\t\t\t\t\t\t\t\t<a href=\"https:\/\/www.goierrieskola.eus\/es\/cofalab-40\/\"><span class=\"muted pull-right\">\n\t\t\t\t\t\tLeer m\u00e1s<\/span>\n\t\t\t\t\t<\/a>\n\t\t\t\t\n\t\t\t<\/small>\n\t\t<\/div><!--end post-footer-->\n\n\t<\/div><!--end post-content-->\n<\/article>\n\n\n<article id=\"post-18235\" class=\"post-item post-18235 post type-post status-publish format-aside has-post-thumbnail hentry category-proyectos-mefp post_format-post-format-aside\">\n\t<div class=\"post-content animated animate-when-almost-visible el-appear\">\n\n\t\t<div class=\"post-image\"><a href=\"https:\/\/www.goierrieskola.eus\/es\/proyecto-cobotic\/\" class=\"element-wrap\"><img decoding=\"async\" data-src=\"https:\/\/www.goierrieskola.eus\/wp-content\/uploads\/2025\/05\/Cobotic-480x274.webp\" alt=\"Proyecto CoBotic\" src=\"data:image\/svg+xml;base64,PHN2ZyB3aWR0aD0iMSIgaGVpZ2h0PSIxIiB4bWxucz0iaHR0cDovL3d3dy53My5vcmcvMjAwMC9zdmciPjwvc3ZnPg==\" class=\"lazyload\" style=\"--smush-placeholder-width: 480px; --smush-placeholder-aspect-ratio: 480\/274;\"><span class=\"hover-element\"><i>+<\/i><\/span><\/a><\/div><!--end post-image-->\n\t\t\n\t\t\t<div class=\"post-header\">\n\n\t\t\t\t\t\t\t\t\t<h3 class=\"post-title entry-title\"><a href=\"https:\/\/www.goierrieskola.eus\/es\/proyecto-cobotic\/\">Proyecto CoBotic<\/a>\n\t\t\t\t\t<\/h3>\n\t\t\t\t\n\t\t\t\t<span class=\"post-meta\">\n                    <small><a href=\"https:\/\/www.goierrieskola.eus\/es\/proyecto-cobotic\/\" rel=\"bookmark\" class=\"post-time\"><time class=\"entry-date\" datetime=\"2025-05-28T10:20:06+00:00\">28 mayo, 2025<\/time><time class=\"modify-date hide hidden updated\" datetime=\"2025-10-08T14:50:50+00:00\">8 octubre, 2025<\/time><\/a><\/small>, <small class=\"meta-category\"><a href=\"https:\/\/www.goierrieskola.eus\/es\/category\/proyectos\/proyectos-mefp\/\" rel=\"category tag\">Proyectos MEFP<\/a><\/small>, <small class=\"meta-comment-count\"><a href=\"https:\/\/www.goierrieskola.eus\/es\/proyecto-cobotic\/#comments\">0 <i class=\"icon-chat-1 hover-tip\" data-original-title=\"Esta publicaci\u00f3n tiene 0 comentarios\" data-toggle=\"tooltip\" data-placement=\"top\"><\/i><\/a><\/small>                <\/span>\n\n\t\t\t<\/div><!--end post-header-->\n\n\t\t\t\n\t\t\t\t\t\t\t\t\t<div class=\"post-info\">\n\n\t\t\t\t\t\t<div class=\"entry-summary\">\n\t\t\t\t\t\t\t<p> Aprendizaje colaborativo y rob\u00f3tica inteligente en FP En Goierri Eskola participamos en el proyecto COBOTIC, una iniciativa de...<\/p>\t\t\t\t\t\t<\/div><!-- .entry-summary -->\n\n\t\t\t\t\t<\/div><!--end post-info-->\n\t\t\t\t\n\t\t\t\n\t\t\n\t\t<div class=\"post-footer\">\n\t\t\t<small>\n\t\t\t\t<a href=\"#\" class=\"item-likes\" id=\"item-likes-18296\" title=\"Like this\"><span class=\"item-likes-count\">1<\/span> <span class=\"item-likes-postfix\">like<\/span><\/a>\n\t\t\t\t\t\t\t\t\t<a href=\"https:\/\/www.goierrieskola.eus\/es\/proyecto-cobotic\/\"><span class=\"muted pull-right\">\n\t\t\t\t\t\tLeer m\u00e1s<\/span>\n\t\t\t\t\t<\/a>\n\t\t\t\t\n\t\t\t<\/small>\n\t\t<\/div><!--end post-footer-->\n\n\t<\/div><!--end post-content-->\n<\/article>\n\n\n<article id=\"post-17767\" class=\"post-item post-17767 post type-post status-publish format-aside has-post-thumbnail hentry category-proyectos post_format-post-format-aside\">\n\t<div class=\"post-content animated animate-when-almost-visible el-appear\">\n\n\t\t<div class=\"post-image\"><a href=\"https:\/\/www.goierrieskola.eus\/es\/nueva-instalacion-fotovoltaica\/\" class=\"element-wrap\"><img decoding=\"async\" data-src=\"https:\/\/www.goierrieskola.eus\/wp-content\/uploads\/2025\/02\/Captura-de-pantalla-2025-02-11-a-las-9.10.16-480x340.png\" alt=\"Nueva instalaci\u00f3n fotovoltaica\" src=\"data:image\/svg+xml;base64,PHN2ZyB3aWR0aD0iMSIgaGVpZ2h0PSIxIiB4bWxucz0iaHR0cDovL3d3dy53My5vcmcvMjAwMC9zdmciPjwvc3ZnPg==\" class=\"lazyload\" style=\"--smush-placeholder-width: 480px; --smush-placeholder-aspect-ratio: 480\/340;\"><span class=\"hover-element\"><i>+<\/i><\/span><\/a><\/div><!--end post-image-->\n\t\t\n\t\t\t<div class=\"post-header\">\n\n\t\t\t\t\t\t\t\t\t<h3 class=\"post-title entry-title\"><a href=\"https:\/\/www.goierrieskola.eus\/es\/nueva-instalacion-fotovoltaica\/\">Nueva instalaci\u00f3n fotovoltaica<\/a>\n\t\t\t\t\t<\/h3>\n\t\t\t\t\n\t\t\t\t<span class=\"post-meta\">\n                    <small><a href=\"https:\/\/www.goierrieskola.eus\/es\/nueva-instalacion-fotovoltaica\/\" rel=\"bookmark\" class=\"post-time\"><time class=\"entry-date\" datetime=\"2025-02-11T09:15:44+00:00\">11 febrero, 2025<\/time><time class=\"modify-date hide hidden updated\" datetime=\"2025-02-11T09:15:44+00:00\">11 febrero, 2025<\/time><\/a><\/small>, <small class=\"meta-category\"><a href=\"https:\/\/www.goierrieskola.eus\/es\/category\/proyectos\/\" rel=\"category tag\">Proyectos<\/a><\/small>, <small class=\"meta-comment-count\"><a href=\"https:\/\/www.goierrieskola.eus\/es\/nueva-instalacion-fotovoltaica\/#comments\">0 <i class=\"icon-chat-1 hover-tip\" data-original-title=\"Esta publicaci\u00f3n tiene 0 comentarios\" data-toggle=\"tooltip\" data-placement=\"top\"><\/i><\/a><\/small>                <\/span>\n\n\t\t\t<\/div><!--end post-header-->\n\n\t\t\t\n\t\t\t\t\t\t\t\t\t<div class=\"post-info\">\n\n\t\t\t\t\t\t<div class=\"entry-summary\">\n\t\t\t\t\t\t\t<p> Nueva instalaci\u00f3n fotovoltaica: En Goierri Eskola, reafirmamos nuestro compromiso con la sostenibilidad y la formaci\u00f3n de calidad mediante...<\/p>\t\t\t\t\t\t<\/div><!-- .entry-summary -->\n\n\t\t\t\t\t<\/div><!--end post-info-->\n\t\t\t\t\n\t\t\t\n\t\t\n\t\t<div class=\"post-footer\">\n\t\t\t<small>\n\t\t\t\t<a href=\"#\" class=\"item-likes\" id=\"item-likes-17797\" title=\"Like this\"><span class=\"item-likes-count\">0<\/span> <span class=\"item-likes-postfix\">likes<\/span><\/a>\n\t\t\t\t\t\t\t\t\t<a href=\"https:\/\/www.goierrieskola.eus\/es\/nueva-instalacion-fotovoltaica\/\"><span class=\"muted pull-right\">\n\t\t\t\t\t\tLeer m\u00e1s<\/span>\n\t\t\t\t\t<\/a>\n\t\t\t\t\n\t\t\t<\/small>\n\t\t<\/div><!--end post-footer-->\n\n\t<\/div><!--end post-content-->\n<\/article>\n\n\n<article id=\"post-17561\" class=\"post-item post-17561 post type-post status-publish format-aside has-post-thumbnail hentry category-proyectos post_format-post-format-aside\">\n\t<div class=\"post-content animated animate-when-almost-visible el-appear\">\n\n\t\t<div class=\"post-image\"><a href=\"https:\/\/www.goierrieskola.eus\/es\/vr-train-realidad-virtual\/\" class=\"element-wrap\"><img decoding=\"async\" data-src=\"https:\/\/www.goierrieskola.eus\/wp-content\/uploads\/2024\/12\/vr_train-mejorau-e1734016908874-480x172.jpg\" alt=\"VR-TRAIN: Virtual Reality for Multidisciplinary Training\" src=\"data:image\/svg+xml;base64,PHN2ZyB3aWR0aD0iMSIgaGVpZ2h0PSIxIiB4bWxucz0iaHR0cDovL3d3dy53My5vcmcvMjAwMC9zdmciPjwvc3ZnPg==\" class=\"lazyload\" style=\"--smush-placeholder-width: 480px; --smush-placeholder-aspect-ratio: 480\/172;\"><span class=\"hover-element\"><i>+<\/i><\/span><\/a><\/div><!--end post-image-->\n\t\t\n\t\t\t<div class=\"post-header\">\n\n\t\t\t\t\t\t\t\t\t<h3 class=\"post-title entry-title\"><a href=\"https:\/\/www.goierrieskola.eus\/es\/vr-train-realidad-virtual\/\">VR-TRAIN: Virtual Reality for Multidisciplinary Training<\/a>\n\t\t\t\t\t<\/h3>\n\t\t\t\t\n\t\t\t\t<span class=\"post-meta\">\n                    <small><a href=\"https:\/\/www.goierrieskola.eus\/es\/vr-train-realidad-virtual\/\" rel=\"bookmark\" class=\"post-time\"><time class=\"entry-date\" datetime=\"2024-12-12T15:18:19+00:00\">12 diciembre, 2024<\/time><time class=\"modify-date hide hidden updated\" datetime=\"2025-02-04T12:47:25+00:00\">4 febrero, 2025<\/time><\/a><\/small>, <small class=\"meta-category\"><a href=\"https:\/\/www.goierrieskola.eus\/es\/category\/proyectos\/\" rel=\"category tag\">Proyectos<\/a><\/small>, <small class=\"meta-comment-count\"><a href=\"https:\/\/www.goierrieskola.eus\/es\/vr-train-realidad-virtual\/#comments\">0 <i class=\"icon-chat-1 hover-tip\" data-original-title=\"Esta publicaci\u00f3n tiene 0 comentarios\" data-toggle=\"tooltip\" data-placement=\"top\"><\/i><\/a><\/small>                <\/span>\n\n\t\t\t<\/div><!--end post-header-->\n\n\t\t\t\n\t\t\t\t\t\t\t\t\t<div class=\"post-info\">\n\n\t\t\t\t\t\t<div class=\"entry-summary\">\n\t\t\t\t\t\t\t<p> Objetivos del proyecto VR-TRAIN: Goierri Eskola, en colaboraci\u00f3n con Nazaret Fundazioa, est\u00e1 desarrollando un proyecto innovador para la...<\/p>\t\t\t\t\t\t<\/div><!-- .entry-summary -->\n\n\t\t\t\t\t<\/div><!--end post-info-->\n\t\t\t\t\n\t\t\t\n\t\t\n\t\t<div class=\"post-footer\">\n\t\t\t<small>\n\t\t\t\t<a href=\"#\" class=\"item-likes\" id=\"item-likes-17586\" title=\"Like this\"><span class=\"item-likes-count\">1<\/span> <span class=\"item-likes-postfix\">like<\/span><\/a>\n\t\t\t\t\t\t\t\t\t<a href=\"https:\/\/www.goierrieskola.eus\/es\/vr-train-realidad-virtual\/\"><span class=\"muted pull-right\">\n\t\t\t\t\t\tLeer m\u00e1s<\/span>\n\t\t\t\t\t<\/a>\n\t\t\t\t\n\t\t\t<\/small>\n\t\t<\/div><!--end post-footer-->\n\n\t<\/div><!--end post-content-->\n<\/article>\n\n\n<article id=\"post-17073\" class=\"post-item post-17073 post type-post status-publish format-aside has-post-thumbnail hentry category-proiektuak-es category-proyectos post_format-post-format-aside\">\n\t<div class=\"post-content animated animate-when-almost-visible el-appear\">\n\n\t\t<div class=\"post-image\"><a href=\"https:\/\/www.goierrieskola.eus\/es\/proyecto-amfor\/\" class=\"element-wrap\"><img decoding=\"async\" data-src=\"https:\/\/www.goierrieskola.eus\/wp-content\/uploads\/2024\/06\/231120-SVIP40-480x270.jpeg\" alt=\"AMFOR proiektua\" src=\"data:image\/svg+xml;base64,PHN2ZyB3aWR0aD0iMSIgaGVpZ2h0PSIxIiB4bWxucz0iaHR0cDovL3d3dy53My5vcmcvMjAwMC9zdmciPjwvc3ZnPg==\" class=\"lazyload\" style=\"--smush-placeholder-width: 480px; --smush-placeholder-aspect-ratio: 480\/270;\"><span class=\"hover-element\"><i>+<\/i><\/span><\/a><\/div><!--end post-image-->\n\t\t\n\t\t\t<div class=\"post-header\">\n\n\t\t\t\t\t\t\t\t\t<h3 class=\"post-title entry-title\"><a href=\"https:\/\/www.goierrieskola.eus\/es\/proyecto-amfor\/\">AMFOR proiektua<\/a>\n\t\t\t\t\t<\/h3>\n\t\t\t\t\n\t\t\t\t<span class=\"post-meta\">\n                    <small><a href=\"https:\/\/www.goierrieskola.eus\/es\/proyecto-amfor\/\" rel=\"bookmark\" class=\"post-time\"><time class=\"entry-date\" datetime=\"2024-06-26T11:10:22+00:00\">26 junio, 2024<\/time><time class=\"modify-date hide hidden updated\" datetime=\"2025-02-04T12:46:49+00:00\">4 febrero, 2025<\/time><\/a><\/small>, <small class=\"meta-category\"><a href=\"https:\/\/www.goierrieskola.eus\/es\/category\/proiektuak-es\/\" rel=\"category tag\">Proiektuak<\/a>, <a href=\"https:\/\/www.goierrieskola.eus\/es\/category\/proyectos\/\" rel=\"category tag\">Proyectos<\/a><\/small>, <small class=\"meta-comment-count\"><a href=\"https:\/\/www.goierrieskola.eus\/es\/proyecto-amfor\/#comments\">0 <i class=\"icon-chat-1 hover-tip\" data-original-title=\"Esta publicaci\u00f3n tiene 0 comentarios\" data-toggle=\"tooltip\" data-placement=\"top\"><\/i><\/a><\/small>                <\/span>\n\n\t\t\t<\/div><!--end post-header-->\n\n\t\t\t\n\t\t\t\t\t\t\t\t\t<div class=\"post-info\">\n\n\t\t\t\t\t\t<div class=\"entry-summary\">\n\t\t\t\t\t\t\t<p> Jornada de presentaci\u00f3n del proyecto AMFOR en Tknika. El pasado 26 de junio, Goierri Eskola present\u00f3 el proyecto...<\/p>\t\t\t\t\t\t<\/div><!-- .entry-summary -->\n\n\t\t\t\t\t<\/div><!--end post-info-->\n\t\t\t\t\n\t\t\t\n\t\t\n\t\t<div class=\"post-footer\">\n\t\t\t<small>\n\t\t\t\t<a href=\"#\" class=\"item-likes\" id=\"item-likes-17054\" title=\"Like this\"><span class=\"item-likes-count\">0<\/span> <span class=\"item-likes-postfix\">likes<\/span><\/a>\n\t\t\t\t\t\t\t\t\t<a href=\"https:\/\/www.goierrieskola.eus\/es\/proyecto-amfor\/\"><span class=\"muted pull-right\">\n\t\t\t\t\t\tLeer m\u00e1s<\/span>\n\t\t\t\t\t<\/a>\n\t\t\t\t\n\t\t\t<\/small>\n\t\t<\/div><!--end post-footer-->\n\n\t<\/div><!--end post-content-->\n<\/article>\n\n\n<article id=\"post-16235\" class=\"post-item post-16235 post type-post status-publish format-aside has-post-thumbnail hentry category-proyectos-mefp post_format-post-format-aside\">\n\t<div class=\"post-content animated animate-when-almost-visible el-appear\">\n\n\t\t<div class=\"post-image\"><a href=\"https:\/\/www.goierrieskola.eus\/es\/proyecto-ciess-network-galardonado\/\" class=\"element-wrap\"><img decoding=\"async\" data-src=\"https:\/\/www.goierrieskola.eus\/wp-content\/uploads\/2023\/11\/WhatsApp-Image-2023-04-19-at-17.12.59-2-e1700819072201-480x220.jpeg\" alt=\"Proyecto CIEES NETWORK galardonado\" src=\"data:image\/svg+xml;base64,PHN2ZyB3aWR0aD0iMSIgaGVpZ2h0PSIxIiB4bWxucz0iaHR0cDovL3d3dy53My5vcmcvMjAwMC9zdmciPjwvc3ZnPg==\" class=\"lazyload\" style=\"--smush-placeholder-width: 480px; --smush-placeholder-aspect-ratio: 480\/220;\"><span class=\"hover-element\"><i>+<\/i><\/span><\/a><\/div><!--end post-image-->\n\t\t\n\t\t\t<div class=\"post-header\">\n\n\t\t\t\t\t\t\t\t\t<h3 class=\"post-title entry-title\"><a href=\"https:\/\/www.goierrieskola.eus\/es\/proyecto-ciess-network-galardonado\/\">Proyecto CIEES NETWORK galardonado<\/a>\n\t\t\t\t\t<\/h3>\n\t\t\t\t\n\t\t\t\t<span class=\"post-meta\">\n                    <small><a href=\"https:\/\/www.goierrieskola.eus\/es\/proyecto-ciess-network-galardonado\/\" rel=\"bookmark\" class=\"post-time\"><time class=\"entry-date\" datetime=\"2023-11-24T10:47:33+00:00\">24 noviembre, 2023<\/time><time class=\"modify-date hide hidden updated\" datetime=\"2025-10-08T14:56:38+00:00\">8 octubre, 2025<\/time><\/a><\/small>, <small class=\"meta-category\"><a href=\"https:\/\/www.goierrieskola.eus\/es\/category\/proyectos\/proyectos-mefp\/\" rel=\"category tag\">Proyectos MEFP<\/a><\/small>, <small class=\"meta-comment-count\"><a href=\"https:\/\/www.goierrieskola.eus\/es\/proyecto-ciess-network-galardonado\/#comments\">0 <i class=\"icon-chat-1 hover-tip\" data-original-title=\"Esta publicaci\u00f3n tiene 0 comentarios\" data-toggle=\"tooltip\" data-placement=\"top\"><\/i><\/a><\/small>                <\/span>\n\n\t\t\t<\/div><!--end post-header-->\n\n\t\t\t\n\t\t\t\t\t\t\t\t\t<div class=\"post-info\">\n\n\t\t\t\t\t\t<div class=\"entry-summary\">\n\t\t\t\t\t\t\t<p> Recientemente, se ha celebrado el XXVI Concurso de Nuevas Iniciativas Empresariales\u00a0que organiza\u00a0Goieki, agencia de desarrollo comarcal de Goierri....<\/p>\t\t\t\t\t\t<\/div><!-- .entry-summary -->\n\n\t\t\t\t\t<\/div><!--end post-info-->\n\t\t\t\t\n\t\t\t\n\t\t\n\t\t<div class=\"post-footer\">\n\t\t\t<small>\n\t\t\t\t<a href=\"#\" class=\"item-likes\" id=\"item-likes-16169\" title=\"Like this\"><span class=\"item-likes-count\">1<\/span> <span class=\"item-likes-postfix\">like<\/span><\/a>\n\t\t\t\t\t\t\t\t\t<a href=\"https:\/\/www.goierrieskola.eus\/es\/proyecto-ciess-network-galardonado\/\"><span class=\"muted pull-right\">\n\t\t\t\t\t\tLeer m\u00e1s<\/span>\n\t\t\t\t\t<\/a>\n\t\t\t\t\n\t\t\t<\/small>\n\t\t<\/div><!--end post-footer-->\n\n\t<\/div><!--end post-content-->\n<\/article>\n\n\n<article id=\"post-15555\" class=\"post-item post-15555 post type-post status-publish format-aside has-post-thumbnail hentry category-proyectos-mefp post_format-post-format-aside\">\n\t<div class=\"post-content animated animate-when-almost-visible el-appear\">\n\n\t\t<div class=\"post-image\"><a href=\"https:\/\/www.goierrieskola.eus\/es\/la-fabricacion-aditiva-en-la-formacion-profesional\/\" class=\"element-wrap\"><img decoding=\"async\" data-src=\"https:\/\/www.goierrieskola.eus\/wp-content\/uploads\/2023\/02\/pexels-opt-lasers-from-poland-7254413-1-480x320.jpg\" alt=\"Fabricaci\u00f3n aditiva en Formaci\u00f3n Profesional\" src=\"data:image\/svg+xml;base64,PHN2ZyB3aWR0aD0iMSIgaGVpZ2h0PSIxIiB4bWxucz0iaHR0cDovL3d3dy53My5vcmcvMjAwMC9zdmciPjwvc3ZnPg==\" class=\"lazyload\" style=\"--smush-placeholder-width: 480px; --smush-placeholder-aspect-ratio: 480\/320;\"><span class=\"hover-element\"><i>+<\/i><\/span><\/a><\/div><!--end post-image-->\n\t\t\n\t\t\t<div class=\"post-header\">\n\n\t\t\t\t\t\t\t\t\t<h3 class=\"post-title entry-title\"><a href=\"https:\/\/www.goierrieskola.eus\/es\/la-fabricacion-aditiva-en-la-formacion-profesional\/\">Fabricaci\u00f3n aditiva en Formaci\u00f3n Profesional<\/a>\n\t\t\t\t\t<\/h3>\n\t\t\t\t\n\t\t\t\t<span class=\"post-meta\">\n                    <small><a href=\"https:\/\/www.goierrieskola.eus\/es\/la-fabricacion-aditiva-en-la-formacion-profesional\/\" rel=\"bookmark\" class=\"post-time\"><time class=\"entry-date\" datetime=\"2023-02-08T12:46:27+00:00\">8 febrero, 2023<\/time><time class=\"modify-date hide hidden updated\" datetime=\"2026-04-13T08:06:07+00:00\">13 abril, 2026<\/time><\/a><\/small>, <small class=\"meta-category\"><a href=\"https:\/\/www.goierrieskola.eus\/es\/category\/proyectos\/proyectos-mefp\/\" rel=\"category tag\">Proyectos MEFP<\/a><\/small>, <small class=\"meta-comment-count\"><a href=\"https:\/\/www.goierrieskola.eus\/es\/la-fabricacion-aditiva-en-la-formacion-profesional\/#comments\">0 <i class=\"icon-chat-1 hover-tip\" data-original-title=\"Esta publicaci\u00f3n tiene 0 comentarios\" data-toggle=\"tooltip\" data-placement=\"top\"><\/i><\/a><\/small>                <\/span>\n\n\t\t\t<\/div><!--end post-header-->\n\n\t\t\t\n\t\t\t\t\t\t\t\t\t<div class=\"post-info\">\n\n\t\t\t\t\t\t<div class=\"entry-summary\">\n\t\t\t\t\t\t\t<p>Goierri Eskola junto con otros tres centros estatales participa en un proyecto para introducir la Fabricaci\u00f3n Aditiva (FA) en...<\/p>\t\t\t\t\t\t<\/div><!-- .entry-summary -->\n\n\t\t\t\t\t<\/div><!--end post-info-->\n\t\t\t\t\n\t\t\t\n\t\t\n\t\t<div class=\"post-footer\">\n\t\t\t<small>\n\t\t\t\t<a href=\"#\" class=\"item-likes\" id=\"item-likes-15542\" title=\"Like this\"><span class=\"item-likes-count\">2<\/span> <span class=\"item-likes-postfix\">likes<\/span><\/a>\n\t\t\t\t\t\t\t\t\t<a href=\"https:\/\/www.goierrieskola.eus\/es\/la-fabricacion-aditiva-en-la-formacion-profesional\/\"><span class=\"muted pull-right\">\n\t\t\t\t\t\tLeer m\u00e1s<\/span>\n\t\t\t\t\t<\/a>\n\t\t\t\t\n\t\t\t<\/small>\n\t\t<\/div><!--end post-footer-->\n\n\t<\/div><!--end post-content-->\n<\/article>\n\n\n<article id=\"post-11885\" class=\"post-item post-11885 post type-post status-publish format-aside has-post-thumbnail hentry category-proiektuak-es category-proyectos post_format-post-format-aside\">\n\t<div class=\"post-content animated animate-when-almost-visible el-appear\">\n\n\t\t<div class=\"post-image\"><a href=\"https:\/\/www.goierrieskola.eus\/es\/proyecto-digital-welding-education-in-europe\/\" class=\"element-wrap\"><img decoding=\"async\" data-src=\"https:\/\/www.goierrieskola.eus\/wp-content\/uploads\/2021\/11\/DWEE-bisita_01-1-480x319.jpg\" alt=\"Proyecto Digital Welding Education in Europe\" src=\"data:image\/svg+xml;base64,PHN2ZyB3aWR0aD0iMSIgaGVpZ2h0PSIxIiB4bWxucz0iaHR0cDovL3d3dy53My5vcmcvMjAwMC9zdmciPjwvc3ZnPg==\" class=\"lazyload\" style=\"--smush-placeholder-width: 480px; --smush-placeholder-aspect-ratio: 480\/319;\"><span class=\"hover-element\"><i>+<\/i><\/span><\/a><\/div><!--end post-image-->\n\t\t\n\t\t\t<div class=\"post-header\">\n\n\t\t\t\t\t\t\t\t\t<h3 class=\"post-title entry-title\"><a href=\"https:\/\/www.goierrieskola.eus\/es\/proyecto-digital-welding-education-in-europe\/\">Proyecto Digital Welding Education in Europe<\/a>\n\t\t\t\t\t<\/h3>\n\t\t\t\t\n\t\t\t\t<span class=\"post-meta\">\n                    <small><a href=\"https:\/\/www.goierrieskola.eus\/es\/proyecto-digital-welding-education-in-europe\/\" rel=\"bookmark\" class=\"post-time\"><time class=\"entry-date\" datetime=\"2021-11-10T13:55:35+00:00\">10 noviembre, 2021<\/time><time class=\"modify-date hide hidden updated\" datetime=\"2023-06-08T15:47:10+00:00\">8 junio, 2023<\/time><\/a><\/small>, <small class=\"meta-category\"><a href=\"https:\/\/www.goierrieskola.eus\/es\/category\/proiektuak-es\/\" rel=\"category tag\">Proiektuak<\/a>, <a href=\"https:\/\/www.goierrieskola.eus\/es\/category\/proyectos\/\" rel=\"category tag\">Proyectos<\/a><\/small>, <small class=\"meta-comment-count\"><a href=\"https:\/\/www.goierrieskola.eus\/es\/proyecto-digital-welding-education-in-europe\/#comments\">0 <i class=\"icon-chat-1 hover-tip\" data-original-title=\"Esta publicaci\u00f3n tiene 0 comentarios\" data-toggle=\"tooltip\" data-placement=\"top\"><\/i><\/a><\/small>                <\/span>\n\n\t\t\t<\/div><!--end post-header-->\n\n\t\t\t\n\t\t\t\t\t\t\t\t\t<div class=\"post-info\">\n\n\t\t\t\t\t\t<div class=\"entry-summary\">\n\t\t\t\t\t\t\t<p>Representantes del proyecto Digital Welding Education in Europe han visitado Goierri Eskola e Ikaslan Fundazioa. Han estado en la...<\/p>\t\t\t\t\t\t<\/div><!-- .entry-summary -->\n\n\t\t\t\t\t<\/div><!--end post-info-->\n\t\t\t\t\n\t\t\t\n\t\t\n\t\t<div class=\"post-footer\">\n\t\t\t<small>\n\t\t\t\t<a href=\"#\" class=\"item-likes\" id=\"item-likes-11873\" title=\"Like this\"><span class=\"item-likes-count\">1<\/span> <span class=\"item-likes-postfix\">like<\/span><\/a>\n\t\t\t\t\t\t\t\t\t<a href=\"https:\/\/www.goierrieskola.eus\/es\/proyecto-digital-welding-education-in-europe\/\"><span class=\"muted pull-right\">\n\t\t\t\t\t\tLeer m\u00e1s<\/span>\n\t\t\t\t\t<\/a>\n\t\t\t\t\n\t\t\t<\/small>\n\t\t<\/div><!--end post-footer-->\n\n\t<\/div><!--end post-content-->\n<\/article>\n\n\n<article id=\"post-11851\" class=\"post-item post-11851 post type-post status-publish format-aside has-post-thumbnail hentry category-proyectos post_format-post-format-aside\">\n\t<div class=\"post-content animated animate-when-almost-visible el-appear\">\n\n\t\t<div class=\"post-image\"><a href=\"https:\/\/www.goierrieskola.eus\/es\/participantes-del-flicreate-project-visitan-goierri-eskola\/\" class=\"element-wrap\"><img decoding=\"async\" data-src=\"https:\/\/www.goierrieskola.eus\/wp-content\/uploads\/2021\/10\/FilCreate_04c-480x320.jpg\" alt=\"Participantes del FliCreate Project visitan Goierri Eskola\" src=\"data:image\/svg+xml;base64,PHN2ZyB3aWR0aD0iMSIgaGVpZ2h0PSIxIiB4bWxucz0iaHR0cDovL3d3dy53My5vcmcvMjAwMC9zdmciPjwvc3ZnPg==\" class=\"lazyload\" style=\"--smush-placeholder-width: 480px; --smush-placeholder-aspect-ratio: 480\/320;\"><span class=\"hover-element\"><i>+<\/i><\/span><\/a><\/div><!--end post-image-->\n\t\t\n\t\t\t<div class=\"post-header\">\n\n\t\t\t\t\t\t\t\t\t<h3 class=\"post-title entry-title\"><a href=\"https:\/\/www.goierrieskola.eus\/es\/participantes-del-flicreate-project-visitan-goierri-eskola\/\">Participantes del FliCreate Project visitan Goierri Eskola<\/a>\n\t\t\t\t\t<\/h3>\n\t\t\t\t\n\t\t\t\t<span class=\"post-meta\">\n                    <small><a href=\"https:\/\/www.goierrieskola.eus\/es\/participantes-del-flicreate-project-visitan-goierri-eskola\/\" rel=\"bookmark\" class=\"post-time\"><time class=\"entry-date\" datetime=\"2021-10-28T15:10:31+00:00\">28 octubre, 2021<\/time><time class=\"modify-date hide hidden updated\" datetime=\"2022-02-23T15:20:48+00:00\">23 febrero, 2022<\/time><\/a><\/small>, <small class=\"meta-category\"><a href=\"https:\/\/www.goierrieskola.eus\/es\/category\/proyectos\/\" rel=\"category tag\">Proyectos<\/a><\/small>, <small class=\"meta-comment-count\"><a href=\"https:\/\/www.goierrieskola.eus\/es\/participantes-del-flicreate-project-visitan-goierri-eskola\/#comments\">0 <i class=\"icon-chat-1 hover-tip\" data-original-title=\"Esta publicaci\u00f3n tiene 0 comentarios\" data-toggle=\"tooltip\" data-placement=\"top\"><\/i><\/a><\/small>                <\/span>\n\n\t\t\t<\/div><!--end post-header-->\n\n\t\t\t\n\t\t\t\t\t\t\t\t\t<div class=\"post-info\">\n\n\t\t\t\t\t\t<div class=\"entry-summary\">\n\t\t\t\t\t\t\t<p>Participantes del FLI Create Project han visitado Goierri Eskola e Ikaslan Fundazioa. Han podido conocer el trabajo que se...<\/p>\t\t\t\t\t\t<\/div><!-- .entry-summary -->\n\n\t\t\t\t\t<\/div><!--end post-info-->\n\t\t\t\t\n\t\t\t\n\t\t\n\t\t<div class=\"post-footer\">\n\t\t\t<small>\n\t\t\t\t<a href=\"#\" class=\"item-likes\" id=\"item-likes-11838\" title=\"Like this\"><span class=\"item-likes-count\">0<\/span> <span class=\"item-likes-postfix\">likes<\/span><\/a>\n\t\t\t\t\t\t\t\t\t<a href=\"https:\/\/www.goierrieskola.eus\/es\/participantes-del-flicreate-project-visitan-goierri-eskola\/\"><span class=\"muted pull-right\">\n\t\t\t\t\t\tLeer m\u00e1s<\/span>\n\t\t\t\t\t<\/a>\n\t\t\t\t\n\t\t\t<\/small>\n\t\t<\/div><!--end post-footer-->\n\n\t<\/div><!--end post-content-->\n<\/article>\n\n\n<article id=\"post-11679\" class=\"post-item post-11679 post type-post status-publish format-aside has-post-thumbnail hentry category-proyectos post_format-post-format-aside\">\n\t<div class=\"post-content animated animate-when-almost-visible el-appear\">\n\n\t\t<div class=\"post-image\"><a href=\"https:\/\/www.goierrieskola.eus\/es\/proyecto-embajadores-steam-en-la-convocatoria-de-dualizabankia\/\" class=\"element-wrap\"><img decoding=\"async\" data-src=\"https:\/\/www.goierrieskola.eus\/wp-content\/uploads\/2021\/07\/2021-07-02_DualizaBankia_STEAM-480x640.png\" alt=\"Proyecto \u00abEmbajadores STEAM\u00bb en la convocatoria de DualizaBankia\" src=\"data:image\/svg+xml;base64,PHN2ZyB3aWR0aD0iMSIgaGVpZ2h0PSIxIiB4bWxucz0iaHR0cDovL3d3dy53My5vcmcvMjAwMC9zdmciPjwvc3ZnPg==\" class=\"lazyload\" style=\"--smush-placeholder-width: 480px; --smush-placeholder-aspect-ratio: 480\/640;\"><span class=\"hover-element\"><i>+<\/i><\/span><\/a><\/div><!--end post-image-->\n\t\t\n\t\t\t<div class=\"post-header\">\n\n\t\t\t\t\t\t\t\t\t<h3 class=\"post-title entry-title\"><a href=\"https:\/\/www.goierrieskola.eus\/es\/proyecto-embajadores-steam-en-la-convocatoria-de-dualizabankia\/\">Proyecto \u00abEmbajadores STEAM\u00bb en la convocatoria de DualizaBankia<\/a>\n\t\t\t\t\t<\/h3>\n\t\t\t\t\n\t\t\t\t<span class=\"post-meta\">\n                    <small><a href=\"https:\/\/www.goierrieskola.eus\/es\/proyecto-embajadores-steam-en-la-convocatoria-de-dualizabankia\/\" rel=\"bookmark\" class=\"post-time\"><time class=\"entry-date\" datetime=\"2021-07-05T08:35:12+00:00\">5 julio, 2021<\/time><time class=\"modify-date hide hidden updated\" datetime=\"2022-02-23T15:26:49+00:00\">23 febrero, 2022<\/time><\/a><\/small>, <small class=\"meta-category\"><a href=\"https:\/\/www.goierrieskola.eus\/es\/category\/proyectos\/\" rel=\"category tag\">Proyectos<\/a><\/small>, <small class=\"meta-comment-count\"><a href=\"https:\/\/www.goierrieskola.eus\/es\/proyecto-embajadores-steam-en-la-convocatoria-de-dualizabankia\/#comments\">0 <i class=\"icon-chat-1 hover-tip\" data-original-title=\"Esta publicaci\u00f3n tiene 0 comentarios\" data-toggle=\"tooltip\" data-placement=\"top\"><\/i><\/a><\/small>                <\/span>\n\n\t\t\t<\/div><!--end post-header-->\n\n\t\t\t\n\t\t\t\t\t\t\t\t\t<div class=\"post-info\">\n\n\t\t\t\t\t\t<div class=\"entry-summary\">\n\t\t\t\t\t\t\t<p> El proyecto EMBAJADORES STEAM que ha desarrollado Goierri Eskola, ha sido seleccionado en la convocatoria de\u00a0DUALIZA BANKIA. A...<\/p>\t\t\t\t\t\t<\/div><!-- .entry-summary -->\n\n\t\t\t\t\t<\/div><!--end post-info-->\n\t\t\t\t\n\t\t\t\n\t\t\n\t\t<div class=\"post-footer\">\n\t\t\t<small>\n\t\t\t\t<a href=\"#\" class=\"item-likes\" id=\"item-likes-11669\" title=\"Like this\"><span class=\"item-likes-count\">0<\/span> <span class=\"item-likes-postfix\">likes<\/span><\/a>\n\t\t\t\t\t\t\t\t\t<a href=\"https:\/\/www.goierrieskola.eus\/es\/proyecto-embajadores-steam-en-la-convocatoria-de-dualizabankia\/\"><span class=\"muted pull-right\">\n\t\t\t\t\t\tLeer m\u00e1s<\/span>\n\t\t\t\t\t<\/a>\n\t\t\t\t\n\t\t\t<\/small>\n\t\t<\/div><!--end post-footer-->\n\n\t<\/div><!--end post-content-->\n<\/article>\n\n\n<article id=\"post-10860\" class=\"post-item post-10860 post type-post status-publish format-standard has-post-thumbnail hentry category-proyectos\">\n\t<div class=\"post-content animated animate-when-almost-visible el-appear\">\n\n\t\t<div class=\"post-image\"><a href=\"https:\/\/www.goierrieskola.eus\/es\/sistema-de-gestion-de-produccion-y-calidad-4-0-mediante-analitica-de-datos\/\" class=\"element-wrap\"><img decoding=\"async\" data-src=\"https:\/\/www.goierrieskola.eus\/wp-content\/uploads\/2020\/04\/vlcsnap-2020-01-29-12h03m37s622-e1602166450149-480x335.png\" alt=\"Sistema de Gesti\u00f3n de Producci\u00f3n y Calidad 4.0 mediante Anal\u00edtica de Datos.\" src=\"data:image\/svg+xml;base64,PHN2ZyB3aWR0aD0iMSIgaGVpZ2h0PSIxIiB4bWxucz0iaHR0cDovL3d3dy53My5vcmcvMjAwMC9zdmciPjwvc3ZnPg==\" class=\"lazyload\" style=\"--smush-placeholder-width: 480px; --smush-placeholder-aspect-ratio: 480\/335;\"><span class=\"hover-element\"><i>+<\/i><\/span><\/a><\/div><!--end post-image-->\n\t\t\n\t\t\t<div class=\"post-header\">\n\n\t\t\t\t\t\t\t\t\t<h3 class=\"post-title entry-title\"><a href=\"https:\/\/www.goierrieskola.eus\/es\/sistema-de-gestion-de-produccion-y-calidad-4-0-mediante-analitica-de-datos\/\">Sistema de Gesti\u00f3n de Producci\u00f3n y Calidad 4.0 mediante Anal\u00edtica de Datos.<\/a>\n\t\t\t\t\t<\/h3>\n\t\t\t\t\n\t\t\t\t<span class=\"post-meta\">\n                    <small><a href=\"https:\/\/www.goierrieskola.eus\/es\/sistema-de-gestion-de-produccion-y-calidad-4-0-mediante-analitica-de-datos\/\" rel=\"bookmark\" class=\"post-time\"><time class=\"entry-date\" datetime=\"2020-10-08T14:38:19+00:00\">8 octubre, 2020<\/time><time class=\"modify-date hide hidden updated\" datetime=\"2022-03-03T14:56:21+00:00\">3 marzo, 2022<\/time><\/a><\/small>, <small class=\"meta-category\"><a href=\"https:\/\/www.goierrieskola.eus\/es\/category\/proyectos\/\" rel=\"category tag\">Proyectos<\/a><\/small>, <small class=\"meta-comment-count\"><a href=\"https:\/\/www.goierrieskola.eus\/es\/sistema-de-gestion-de-produccion-y-calidad-4-0-mediante-analitica-de-datos\/#comments\">0 <i class=\"icon-chat-1 hover-tip\" data-original-title=\"Esta publicaci\u00f3n tiene 0 comentarios\" data-toggle=\"tooltip\" data-placement=\"top\"><\/i><\/a><\/small>                <\/span>\n\n\t\t\t<\/div><!--end post-header-->\n\n\t\t\t\n\t\t\t\t\t\t\t\t\t<div class=\"post-info\">\n\n\t\t\t\t\t\t<div class=\"entry-summary\">\n\t\t\t\t\t\t\t<p>Goierri Eskola a implantado el sistema de Gesti\u00f3n de la Producci\u00f3n 4.0, destinada a que el alumnado adquiera competencias...<\/p>\t\t\t\t\t\t<\/div><!-- .entry-summary -->\n\n\t\t\t\t\t<\/div><!--end post-info-->\n\t\t\t\t\n\t\t\t\n\t\t\n\t\t<div class=\"post-footer\">\n\t\t\t<small>\n\t\t\t\t<a href=\"#\" class=\"item-likes\" id=\"item-likes-10865\" title=\"Like this\"><span class=\"item-likes-count\">0<\/span> <span class=\"item-likes-postfix\">likes<\/span><\/a>\n\t\t\t\t\t\t\t\t\t<a href=\"https:\/\/www.goierrieskola.eus\/es\/sistema-de-gestion-de-produccion-y-calidad-4-0-mediante-analitica-de-datos\/\"><span class=\"muted pull-right\">\n\t\t\t\t\t\tLeer m\u00e1s<\/span>\n\t\t\t\t\t<\/a>\n\t\t\t\t\n\t\t\t<\/small>\n\t\t<\/div><!--end post-footer-->\n\n\t<\/div><!--end post-content-->\n<\/article>\n\n\n\t<\/div> <!-- END post listing -->\n\n\t\n[\/vc_tta_section][vc_tta_section title=\u00bbProyectos MEFP\u00bb tab_id=\u00bb1759934807189-c951a102-5bb8&#8243;]\n\t<div class=\"sq-posts-data\" style=\"display: none;\"><input type=\"hidden\" id=\"post-security\" name=\"post-security\" value=\"40f71b4de0\" \/><input type=\"hidden\" name=\"_wp_http_referer\" value=\"\/es\/wp-json\/wp\/v2\/pages\/6335\" \/><input type=\"hidden\" name=\"pitem\" value=\"0\"><input type=\"hidden\" name=\"post_id\" value=\"10860\"><\/div>\n\t\n\t\n\t\t<div class=\"posts-listing responsive-cols kleo-masonry per-row-4 no-meta no-footer masonry-listing\">\n\n\t\n\t\n<article id=\"post-19013\" class=\"post-item post-19013 post type-post status-publish format-aside has-post-thumbnail hentry category-proyectos-mefp post_format-post-format-aside\">\n\t<div class=\"post-content animated animate-when-almost-visible el-appear\">\n\n\t\t<div class=\"post-image\"><a href=\"https:\/\/www.goierrieskola.eus\/es\/cobot-soldadura\/\" class=\"element-wrap\"><img decoding=\"async\" data-src=\"https:\/\/www.goierrieskola.eus\/wp-content\/uploads\/2025\/10\/251010-Cobot-welding-480x269.png\" alt=\"Cobot soldadura\" src=\"data:image\/svg+xml;base64,PHN2ZyB3aWR0aD0iMSIgaGVpZ2h0PSIxIiB4bWxucz0iaHR0cDovL3d3dy53My5vcmcvMjAwMC9zdmciPjwvc3ZnPg==\" class=\"lazyload\" style=\"--smush-placeholder-width: 480px; --smush-placeholder-aspect-ratio: 480\/269;\"><span class=\"hover-element\"><i>+<\/i><\/span><\/a><\/div><!--end post-image-->\n\t\t\n\t\t\t<div class=\"post-header\">\n\n\t\t\t\t\t\t\t\t\t<h3 class=\"post-title entry-title\"><a href=\"https:\/\/www.goierrieskola.eus\/es\/cobot-soldadura\/\">Cobot soldadura<\/a>\n\t\t\t\t\t<\/h3>\n\t\t\t\t\n\t\t\t\t<span class=\"post-meta\">\n                    <small><a href=\"https:\/\/www.goierrieskola.eus\/es\/cobot-soldadura\/\" rel=\"bookmark\" class=\"post-time\"><time class=\"entry-date\" datetime=\"2025-10-09T15:16:47+00:00\">9 octubre, 2025<\/time><time class=\"modify-date hide hidden updated\" datetime=\"2025-10-09T15:19:04+00:00\">9 octubre, 2025<\/time><\/a><\/small>, <small class=\"meta-category\"><a href=\"https:\/\/www.goierrieskola.eus\/es\/category\/proyectos\/proyectos-mefp\/\" rel=\"category tag\">Proyectos MEFP<\/a><\/small>, <small class=\"meta-comment-count\"><a href=\"https:\/\/www.goierrieskola.eus\/es\/cobot-soldadura\/#comments\">0 <i class=\"icon-chat-1 hover-tip\" data-original-title=\"Esta publicaci\u00f3n tiene 0 comentarios\" data-toggle=\"tooltip\" data-placement=\"top\"><\/i><\/a><\/small>                <\/span>\n\n\t\t\t<\/div><!--end post-header-->\n\n\t\t\t\n\t\t\t\t\t\t\t\t\t<div class=\"post-info\">\n\n\t\t\t\t\t\t<div class=\"entry-summary\">\n\t\t\t\t\t\t\t<p> Soldadura robotizada: Goierri Eskola participa en un proyecto innovador de soldadura cobotizada\u00a0para revolucionar la\u00a0Formaci\u00f3n Profesional. Esta iniciativa de...<\/p>\t\t\t\t\t\t<\/div><!-- .entry-summary -->\n\n\t\t\t\t\t<\/div><!--end post-info-->\n\t\t\t\t\n\t\t\t\n\t\t\n\t\t<div class=\"post-footer\">\n\t\t\t<small>\n\t\t\t\t<a href=\"#\" class=\"item-likes\" id=\"item-likes-19031\" title=\"Like this\"><span class=\"item-likes-count\">1<\/span> <span class=\"item-likes-postfix\">like<\/span><\/a>\n\t\t\t\t\t\t\t\t\t<a href=\"https:\/\/www.goierrieskola.eus\/es\/cobot-soldadura\/\"><span class=\"muted pull-right\">\n\t\t\t\t\t\tLeer m\u00e1s<\/span>\n\t\t\t\t\t<\/a>\n\t\t\t\t\n\t\t\t<\/small>\n\t\t<\/div><!--end post-footer-->\n\n\t<\/div><!--end post-content-->\n<\/article>\n\n\n<article id=\"post-19008\" class=\"post-item post-19008 post type-post status-publish format-aside has-post-thumbnail hentry category-proyectos-mefp post_format-post-format-aside\">\n\t<div class=\"post-content animated animate-when-almost-visible el-appear\">\n\n\t\t<div class=\"post-image\"><a href=\"https:\/\/www.goierrieskola.eus\/es\/protesis-titanio\/\" class=\"element-wrap\"><img decoding=\"async\" data-src=\"https:\/\/www.goierrieskola.eus\/wp-content\/uploads\/2025\/10\/Proyectos-2025-480x269.png\" alt=\"Dise\u00f1o y Fabricaci\u00f3n Aditiva de Pr\u00f3tesis de Titanio en Goierri Eskola\" src=\"data:image\/svg+xml;base64,PHN2ZyB3aWR0aD0iMSIgaGVpZ2h0PSIxIiB4bWxucz0iaHR0cDovL3d3dy53My5vcmcvMjAwMC9zdmciPjwvc3ZnPg==\" class=\"lazyload\" style=\"--smush-placeholder-width: 480px; --smush-placeholder-aspect-ratio: 480\/269;\"><span class=\"hover-element\"><i>+<\/i><\/span><\/a><\/div><!--end post-image-->\n\t\t\n\t\t\t<div class=\"post-header\">\n\n\t\t\t\t\t\t\t\t\t<h3 class=\"post-title entry-title\"><a href=\"https:\/\/www.goierrieskola.eus\/es\/protesis-titanio\/\">Dise\u00f1o y Fabricaci\u00f3n Aditiva de Pr\u00f3tesis de Titanio en Goierri Eskola<\/a>\n\t\t\t\t\t<\/h3>\n\t\t\t\t\n\t\t\t\t<span class=\"post-meta\">\n                    <small><a href=\"https:\/\/www.goierrieskola.eus\/es\/protesis-titanio\/\" rel=\"bookmark\" class=\"post-time\"><time class=\"entry-date\" datetime=\"2025-10-09T14:44:51+00:00\">9 octubre, 2025<\/time><time class=\"modify-date hide hidden updated\" datetime=\"2025-10-09T14:44:51+00:00\">9 octubre, 2025<\/time><\/a><\/small>, <small class=\"meta-category\"><a href=\"https:\/\/www.goierrieskola.eus\/es\/category\/proyectos\/proyectos-mefp\/\" rel=\"category tag\">Proyectos MEFP<\/a><\/small>, <small class=\"meta-comment-count\"><a href=\"https:\/\/www.goierrieskola.eus\/es\/protesis-titanio\/#comments\">0 <i class=\"icon-chat-1 hover-tip\" data-original-title=\"Esta publicaci\u00f3n tiene 0 comentarios\" data-toggle=\"tooltip\" data-placement=\"top\"><\/i><\/a><\/small>                <\/span>\n\n\t\t\t<\/div><!--end post-header-->\n\n\t\t\t\n\t\t\t\t\t\t\t\t\t<div class=\"post-info\">\n\n\t\t\t\t\t\t<div class=\"entry-summary\">\n\t\t\t\t\t\t\t<p> Proyecto innovador: Goierri Eskola participa en un\u00a0proyecto innovador de fabricaci\u00f3n aditiva (FA)\u00a0para desarrollar\u00a0pr\u00f3tesis de titanio\u00a0personalizadas mediante\u00a0impresi\u00f3n 3D FFF....<\/p>\t\t\t\t\t\t<\/div><!-- .entry-summary -->\n\n\t\t\t\t\t<\/div><!--end post-info-->\n\t\t\t\t\n\t\t\t\n\t\t\n\t\t<div class=\"post-footer\">\n\t\t\t<small>\n\t\t\t\t<a href=\"#\" class=\"item-likes\" id=\"item-likes-18989\" title=\"Like this\"><span class=\"item-likes-count\">1<\/span> <span class=\"item-likes-postfix\">like<\/span><\/a>\n\t\t\t\t\t\t\t\t\t<a href=\"https:\/\/www.goierrieskola.eus\/es\/protesis-titanio\/\"><span class=\"muted pull-right\">\n\t\t\t\t\t\tLeer m\u00e1s<\/span>\n\t\t\t\t\t<\/a>\n\t\t\t\t\n\t\t\t<\/small>\n\t\t<\/div><!--end post-footer-->\n\n\t<\/div><!--end post-content-->\n<\/article>\n\n\n<article id=\"post-18834\" class=\"post-item post-18834 post type-post status-publish format-aside has-post-thumbnail hentry category-proiektuak-es category-proyectos-mefp post_format-post-format-aside\">\n\t<div class=\"post-content animated animate-when-almost-visible el-appear\">\n\n\t\t<div class=\"post-image\"><a href=\"https:\/\/www.goierrieskola.eus\/es\/cofalab-40\/\" class=\"element-wrap\"><img decoding=\"async\" data-src=\"https:\/\/www.goierrieskola.eus\/wp-content\/uploads\/2025\/09\/DALL-1-480x274.webp\" alt=\"CoFaLab-4.0\" src=\"data:image\/svg+xml;base64,PHN2ZyB3aWR0aD0iMSIgaGVpZ2h0PSIxIiB4bWxucz0iaHR0cDovL3d3dy53My5vcmcvMjAwMC9zdmciPjwvc3ZnPg==\" class=\"lazyload\" style=\"--smush-placeholder-width: 480px; --smush-placeholder-aspect-ratio: 480\/274;\"><span class=\"hover-element\"><i>+<\/i><\/span><\/a><\/div><!--end post-image-->\n\t\t\n\t\t\t<div class=\"post-header\">\n\n\t\t\t\t\t\t\t\t\t<h3 class=\"post-title entry-title\"><a href=\"https:\/\/www.goierrieskola.eus\/es\/cofalab-40\/\">CoFaLab-4.0<\/a>\n\t\t\t\t\t<\/h3>\n\t\t\t\t\n\t\t\t\t<span class=\"post-meta\">\n                    <small><a href=\"https:\/\/www.goierrieskola.eus\/es\/cofalab-40\/\" rel=\"bookmark\" class=\"post-time\"><time class=\"entry-date\" datetime=\"2025-09-10T06:46:27+00:00\">10 septiembre, 2025<\/time><time class=\"modify-date hide hidden updated\" datetime=\"2025-10-08T14:52:07+00:00\">8 octubre, 2025<\/time><\/a><\/small>, <small class=\"meta-category\"><a href=\"https:\/\/www.goierrieskola.eus\/es\/category\/proiektuak-es\/\" rel=\"category tag\">Proiektuak<\/a>, <a href=\"https:\/\/www.goierrieskola.eus\/es\/category\/proyectos\/proyectos-mefp\/\" rel=\"category tag\">Proyectos MEFP<\/a><\/small>, <small class=\"meta-comment-count\"><a href=\"https:\/\/www.goierrieskola.eus\/es\/cofalab-40\/#comments\">0 <i class=\"icon-chat-1 hover-tip\" data-original-title=\"Esta publicaci\u00f3n tiene 0 comentarios\" data-toggle=\"tooltip\" data-placement=\"top\"><\/i><\/a><\/small>                <\/span>\n\n\t\t\t<\/div><!--end post-header-->\n\n\t\t\t\n\t\t\t\t\t\t\t\t\t<div class=\"post-info\">\n\n\t\t\t\t\t\t<div class=\"entry-summary\">\n\t\t\t\t\t\t\t<p> Laboratorio de Fabricaci\u00f3n Avanzada CoFaLab 4.0: En Goierri Eskola participamos en el proyecto CoFabLab4.0, una iniciativa de 24...<\/p>\t\t\t\t\t\t<\/div><!-- .entry-summary -->\n\n\t\t\t\t\t<\/div><!--end post-info-->\n\t\t\t\t\n\t\t\t\n\t\t\n\t\t<div class=\"post-footer\">\n\t\t\t<small>\n\t\t\t\t<a href=\"#\" class=\"item-likes\" id=\"item-likes-18817\" title=\"Like this\"><span class=\"item-likes-count\">2<\/span> <span class=\"item-likes-postfix\">likes<\/span><\/a>\n\t\t\t\t\t\t\t\t\t<a href=\"https:\/\/www.goierrieskola.eus\/es\/cofalab-40\/\"><span class=\"muted pull-right\">\n\t\t\t\t\t\tLeer m\u00e1s<\/span>\n\t\t\t\t\t<\/a>\n\t\t\t\t\n\t\t\t<\/small>\n\t\t<\/div><!--end post-footer-->\n\n\t<\/div><!--end post-content-->\n<\/article>\n\n\n<article id=\"post-18235\" class=\"post-item post-18235 post type-post status-publish format-aside has-post-thumbnail hentry category-proyectos-mefp post_format-post-format-aside\">\n\t<div class=\"post-content animated animate-when-almost-visible el-appear\">\n\n\t\t<div class=\"post-image\"><a href=\"https:\/\/www.goierrieskola.eus\/es\/proyecto-cobotic\/\" class=\"element-wrap\"><img decoding=\"async\" data-src=\"https:\/\/www.goierrieskola.eus\/wp-content\/uploads\/2025\/05\/Cobotic-480x274.webp\" alt=\"Proyecto CoBotic\" src=\"data:image\/svg+xml;base64,PHN2ZyB3aWR0aD0iMSIgaGVpZ2h0PSIxIiB4bWxucz0iaHR0cDovL3d3dy53My5vcmcvMjAwMC9zdmciPjwvc3ZnPg==\" class=\"lazyload\" style=\"--smush-placeholder-width: 480px; --smush-placeholder-aspect-ratio: 480\/274;\"><span class=\"hover-element\"><i>+<\/i><\/span><\/a><\/div><!--end post-image-->\n\t\t\n\t\t\t<div class=\"post-header\">\n\n\t\t\t\t\t\t\t\t\t<h3 class=\"post-title entry-title\"><a href=\"https:\/\/www.goierrieskola.eus\/es\/proyecto-cobotic\/\">Proyecto CoBotic<\/a>\n\t\t\t\t\t<\/h3>\n\t\t\t\t\n\t\t\t\t<span class=\"post-meta\">\n                    <small><a href=\"https:\/\/www.goierrieskola.eus\/es\/proyecto-cobotic\/\" rel=\"bookmark\" class=\"post-time\"><time class=\"entry-date\" datetime=\"2025-05-28T10:20:06+00:00\">28 mayo, 2025<\/time><time class=\"modify-date hide hidden updated\" datetime=\"2025-10-08T14:50:50+00:00\">8 octubre, 2025<\/time><\/a><\/small>, <small class=\"meta-category\"><a href=\"https:\/\/www.goierrieskola.eus\/es\/category\/proyectos\/proyectos-mefp\/\" rel=\"category tag\">Proyectos MEFP<\/a><\/small>, <small class=\"meta-comment-count\"><a href=\"https:\/\/www.goierrieskola.eus\/es\/proyecto-cobotic\/#comments\">0 <i class=\"icon-chat-1 hover-tip\" data-original-title=\"Esta publicaci\u00f3n tiene 0 comentarios\" data-toggle=\"tooltip\" data-placement=\"top\"><\/i><\/a><\/small>                <\/span>\n\n\t\t\t<\/div><!--end post-header-->\n\n\t\t\t\n\t\t\t\t\t\t\t\t\t<div class=\"post-info\">\n\n\t\t\t\t\t\t<div class=\"entry-summary\">\n\t\t\t\t\t\t\t<p> Aprendizaje colaborativo y rob\u00f3tica inteligente en FP En Goierri Eskola participamos en el proyecto COBOTIC, una iniciativa de...<\/p>\t\t\t\t\t\t<\/div><!-- .entry-summary -->\n\n\t\t\t\t\t<\/div><!--end post-info-->\n\t\t\t\t\n\t\t\t\n\t\t\n\t\t<div class=\"post-footer\">\n\t\t\t<small>\n\t\t\t\t<a href=\"#\" class=\"item-likes\" id=\"item-likes-18296\" title=\"Like this\"><span class=\"item-likes-count\">1<\/span> <span class=\"item-likes-postfix\">like<\/span><\/a>\n\t\t\t\t\t\t\t\t\t<a href=\"https:\/\/www.goierrieskola.eus\/es\/proyecto-cobotic\/\"><span class=\"muted pull-right\">\n\t\t\t\t\t\tLeer m\u00e1s<\/span>\n\t\t\t\t\t<\/a>\n\t\t\t\t\n\t\t\t<\/small>\n\t\t<\/div><!--end post-footer-->\n\n\t<\/div><!--end post-content-->\n<\/article>\n\n\n<article id=\"post-16235\" class=\"post-item post-16235 post type-post status-publish format-aside has-post-thumbnail hentry category-proyectos-mefp post_format-post-format-aside\">\n\t<div class=\"post-content animated animate-when-almost-visible el-appear\">\n\n\t\t<div class=\"post-image\"><a href=\"https:\/\/www.goierrieskola.eus\/es\/proyecto-ciess-network-galardonado\/\" class=\"element-wrap\"><img decoding=\"async\" data-src=\"https:\/\/www.goierrieskola.eus\/wp-content\/uploads\/2023\/11\/WhatsApp-Image-2023-04-19-at-17.12.59-2-e1700819072201-480x220.jpeg\" alt=\"Proyecto CIEES NETWORK galardonado\" src=\"data:image\/svg+xml;base64,PHN2ZyB3aWR0aD0iMSIgaGVpZ2h0PSIxIiB4bWxucz0iaHR0cDovL3d3dy53My5vcmcvMjAwMC9zdmciPjwvc3ZnPg==\" class=\"lazyload\" style=\"--smush-placeholder-width: 480px; --smush-placeholder-aspect-ratio: 480\/220;\"><span class=\"hover-element\"><i>+<\/i><\/span><\/a><\/div><!--end post-image-->\n\t\t\n\t\t\t<div class=\"post-header\">\n\n\t\t\t\t\t\t\t\t\t<h3 class=\"post-title entry-title\"><a href=\"https:\/\/www.goierrieskola.eus\/es\/proyecto-ciess-network-galardonado\/\">Proyecto CIEES NETWORK galardonado<\/a>\n\t\t\t\t\t<\/h3>\n\t\t\t\t\n\t\t\t\t<span class=\"post-meta\">\n                    <small><a href=\"https:\/\/www.goierrieskola.eus\/es\/proyecto-ciess-network-galardonado\/\" rel=\"bookmark\" class=\"post-time\"><time class=\"entry-date\" datetime=\"2023-11-24T10:47:33+00:00\">24 noviembre, 2023<\/time><time class=\"modify-date hide hidden updated\" datetime=\"2025-10-08T14:56:38+00:00\">8 octubre, 2025<\/time><\/a><\/small>, <small class=\"meta-category\"><a href=\"https:\/\/www.goierrieskola.eus\/es\/category\/proyectos\/proyectos-mefp\/\" rel=\"category tag\">Proyectos MEFP<\/a><\/small>, <small class=\"meta-comment-count\"><a href=\"https:\/\/www.goierrieskola.eus\/es\/proyecto-ciess-network-galardonado\/#comments\">0 <i class=\"icon-chat-1 hover-tip\" data-original-title=\"Esta publicaci\u00f3n tiene 0 comentarios\" data-toggle=\"tooltip\" data-placement=\"top\"><\/i><\/a><\/small>                <\/span>\n\n\t\t\t<\/div><!--end post-header-->\n\n\t\t\t\n\t\t\t\t\t\t\t\t\t<div class=\"post-info\">\n\n\t\t\t\t\t\t<div class=\"entry-summary\">\n\t\t\t\t\t\t\t<p> Recientemente, se ha celebrado el XXVI Concurso de Nuevas Iniciativas Empresariales\u00a0que organiza\u00a0Goieki, agencia de desarrollo comarcal de Goierri....<\/p>\t\t\t\t\t\t<\/div><!-- .entry-summary -->\n\n\t\t\t\t\t<\/div><!--end post-info-->\n\t\t\t\t\n\t\t\t\n\t\t\n\t\t<div class=\"post-footer\">\n\t\t\t<small>\n\t\t\t\t<a href=\"#\" class=\"item-likes\" id=\"item-likes-16169\" title=\"Like this\"><span class=\"item-likes-count\">1<\/span> <span class=\"item-likes-postfix\">like<\/span><\/a>\n\t\t\t\t\t\t\t\t\t<a href=\"https:\/\/www.goierrieskola.eus\/es\/proyecto-ciess-network-galardonado\/\"><span class=\"muted pull-right\">\n\t\t\t\t\t\tLeer m\u00e1s<\/span>\n\t\t\t\t\t<\/a>\n\t\t\t\t\n\t\t\t<\/small>\n\t\t<\/div><!--end post-footer-->\n\n\t<\/div><!--end post-content-->\n<\/article>\n\n\n<article id=\"post-15555\" class=\"post-item post-15555 post type-post status-publish format-aside has-post-thumbnail hentry category-proyectos-mefp post_format-post-format-aside\">\n\t<div class=\"post-content animated animate-when-almost-visible el-appear\">\n\n\t\t<div class=\"post-image\"><a href=\"https:\/\/www.goierrieskola.eus\/es\/la-fabricacion-aditiva-en-la-formacion-profesional\/\" class=\"element-wrap\"><img decoding=\"async\" data-src=\"https:\/\/www.goierrieskola.eus\/wp-content\/uploads\/2023\/02\/pexels-opt-lasers-from-poland-7254413-1-480x320.jpg\" alt=\"Fabricaci\u00f3n aditiva en Formaci\u00f3n Profesional\" src=\"data:image\/svg+xml;base64,PHN2ZyB3aWR0aD0iMSIgaGVpZ2h0PSIxIiB4bWxucz0iaHR0cDovL3d3dy53My5vcmcvMjAwMC9zdmciPjwvc3ZnPg==\" class=\"lazyload\" style=\"--smush-placeholder-width: 480px; --smush-placeholder-aspect-ratio: 480\/320;\"><span class=\"hover-element\"><i>+<\/i><\/span><\/a><\/div><!--end post-image-->\n\t\t\n\t\t\t<div class=\"post-header\">\n\n\t\t\t\t\t\t\t\t\t<h3 class=\"post-title entry-title\"><a href=\"https:\/\/www.goierrieskola.eus\/es\/la-fabricacion-aditiva-en-la-formacion-profesional\/\">Fabricaci\u00f3n aditiva en Formaci\u00f3n Profesional<\/a>\n\t\t\t\t\t<\/h3>\n\t\t\t\t\n\t\t\t\t<span class=\"post-meta\">\n                    <small><a href=\"https:\/\/www.goierrieskola.eus\/es\/la-fabricacion-aditiva-en-la-formacion-profesional\/\" rel=\"bookmark\" class=\"post-time\"><time class=\"entry-date\" datetime=\"2023-02-08T12:46:27+00:00\">8 febrero, 2023<\/time><time class=\"modify-date hide hidden updated\" datetime=\"2026-04-13T08:06:07+00:00\">13 abril, 2026<\/time><\/a><\/small>, <small class=\"meta-category\"><a href=\"https:\/\/www.goierrieskola.eus\/es\/category\/proyectos\/proyectos-mefp\/\" rel=\"category tag\">Proyectos MEFP<\/a><\/small>, <small class=\"meta-comment-count\"><a href=\"https:\/\/www.goierrieskola.eus\/es\/la-fabricacion-aditiva-en-la-formacion-profesional\/#comments\">0 <i class=\"icon-chat-1 hover-tip\" data-original-title=\"Esta publicaci\u00f3n tiene 0 comentarios\" data-toggle=\"tooltip\" data-placement=\"top\"><\/i><\/a><\/small>                <\/span>\n\n\t\t\t<\/div><!--end post-header-->\n\n\t\t\t\n\t\t\t\t\t\t\t\t\t<div class=\"post-info\">\n\n\t\t\t\t\t\t<div class=\"entry-summary\">\n\t\t\t\t\t\t\t<p>Goierri Eskola junto con otros tres centros estatales participa en un proyecto para introducir la Fabricaci\u00f3n Aditiva (FA) en...<\/p>\t\t\t\t\t\t<\/div><!-- .entry-summary -->\n\n\t\t\t\t\t<\/div><!--end post-info-->\n\t\t\t\t\n\t\t\t\n\t\t\n\t\t<div class=\"post-footer\">\n\t\t\t<small>\n\t\t\t\t<a href=\"#\" class=\"item-likes\" id=\"item-likes-15542\" title=\"Like this\"><span class=\"item-likes-count\">2<\/span> <span class=\"item-likes-postfix\">likes<\/span><\/a>\n\t\t\t\t\t\t\t\t\t<a href=\"https:\/\/www.goierrieskola.eus\/es\/la-fabricacion-aditiva-en-la-formacion-profesional\/\"><span class=\"muted pull-right\">\n\t\t\t\t\t\tLeer m\u00e1s<\/span>\n\t\t\t\t\t<\/a>\n\t\t\t\t\n\t\t\t<\/small>\n\t\t<\/div><!--end post-footer-->\n\n\t<\/div><!--end post-content-->\n<\/article>\n\n\n\t<\/div> <!-- END post listing -->\n\n\t\n[\/vc_tta_section][vc_tta_section title=\u00bbServicios a la sociedad\u00bb tab_id=\u00bb1645628929072-38d16c34-8140&#8243;]\n\t<div class=\"sq-posts-data\" style=\"display: none;\"><input type=\"hidden\" id=\"post-security\" name=\"post-security\" value=\"40f71b4de0\" \/><input type=\"hidden\" name=\"_wp_http_referer\" value=\"\/es\/wp-json\/wp\/v2\/pages\/6335\" \/><input type=\"hidden\" name=\"pitem\" value=\"0\"><input type=\"hidden\" name=\"post_id\" value=\"15555\"><\/div>\n\t\n\t\n\t\t<div class=\"posts-listing responsive-cols kleo-masonry per-row-4 no-meta no-footer masonry-listing\">\n\n\t\n\t\n<article id=\"post-16579\" class=\"post-item post-16579 post type-post status-publish format-aside has-post-thumbnail hentry category-gizartera-es category-sociedad post_format-post-format-aside\">\n\t<div class=\"post-content animated animate-when-almost-visible el-appear\">\n\n\t\t<div class=\"post-image\"><a href=\"https:\/\/www.goierrieskola.eus\/es\/silvercare\/\" class=\"element-wrap\"><img decoding=\"async\" data-src=\"https:\/\/www.goierrieskola.eus\/wp-content\/uploads\/2024\/01\/cam_int_01_cocina-scaled-480x270.jpg\" alt=\"SilverCare\" src=\"data:image\/svg+xml;base64,PHN2ZyB3aWR0aD0iMSIgaGVpZ2h0PSIxIiB4bWxucz0iaHR0cDovL3d3dy53My5vcmcvMjAwMC9zdmciPjwvc3ZnPg==\" class=\"lazyload\" style=\"--smush-placeholder-width: 480px; --smush-placeholder-aspect-ratio: 480\/270;\"><span class=\"hover-element\"><i>+<\/i><\/span><\/a><\/div><!--end post-image-->\n\t\t\n\t\t\t<div class=\"post-header\">\n\n\t\t\t\t\t\t\t\t\t<h3 class=\"post-title entry-title\"><a href=\"https:\/\/www.goierrieskola.eus\/es\/silvercare\/\">SilverCare<\/a>\n\t\t\t\t\t<\/h3>\n\t\t\t\t\n\t\t\t\t<span class=\"post-meta\">\n                    <small><a href=\"https:\/\/www.goierrieskola.eus\/es\/silvercare\/\" rel=\"bookmark\" class=\"post-time\"><time class=\"entry-date\" datetime=\"2024-01-18T09:05:54+00:00\">18 enero, 2024<\/time><time class=\"modify-date hide hidden updated\" datetime=\"2024-01-22T10:58:46+00:00\">22 enero, 2024<\/time><\/a><\/small>, <small class=\"meta-category\"><a href=\"https:\/\/www.goierrieskola.eus\/es\/category\/gizartera-es\/\" rel=\"category tag\">Gizartera<\/a>, <a href=\"https:\/\/www.goierrieskola.eus\/es\/category\/sociedad\/\" rel=\"category tag\">Sociedad<\/a><\/small>, <small class=\"meta-comment-count\"><a href=\"https:\/\/www.goierrieskola.eus\/es\/silvercare\/#comments\">0 <i class=\"icon-chat-1 hover-tip\" data-original-title=\"Esta publicaci\u00f3n tiene 0 comentarios\" data-toggle=\"tooltip\" data-placement=\"top\"><\/i><\/a><\/small>                <\/span>\n\n\t\t\t<\/div><!--end post-header-->\n\n\t\t\t\n\t\t\t\t\t\t\t\t\t<div class=\"post-info\">\n\n\t\t\t\t\t\t<div class=\"entry-summary\">\n\t\t\t\t\t\t\t<p> Con la colaboraci\u00f3n de MATIA FUNDAZIOA y la convocatoria DUALIZA de CaixaBank SilverCare es una iniciativa innovadora que...<\/p>\t\t\t\t\t\t<\/div><!-- .entry-summary -->\n\n\t\t\t\t\t<\/div><!--end post-info-->\n\t\t\t\t\n\t\t\t\n\t\t\n\t\t<div class=\"post-footer\">\n\t\t\t<small>\n\t\t\t\t<a href=\"#\" class=\"item-likes\" id=\"item-likes-16553\" title=\"Like this\"><span class=\"item-likes-count\">2<\/span> <span class=\"item-likes-postfix\">likes<\/span><\/a>\n\t\t\t\t\t\t\t\t\t<a href=\"https:\/\/www.goierrieskola.eus\/es\/silvercare\/\"><span class=\"muted pull-right\">\n\t\t\t\t\t\tLeer m\u00e1s<\/span>\n\t\t\t\t\t<\/a>\n\t\t\t\t\n\t\t\t<\/small>\n\t\t<\/div><!--end post-footer-->\n\n\t<\/div><!--end post-content-->\n<\/article>\n\n\n<article id=\"post-16286\" class=\"post-item post-16286 post type-post status-publish format-aside has-post-thumbnail hentry category-sociedad post_format-post-format-aside\">\n\t<div class=\"post-content animated animate-when-almost-visible el-appear\">\n\n\t\t<div class=\"post-image\"><a href=\"https:\/\/www.goierrieskola.eus\/es\/acuerdo-cooperacion-cftpucv-de-chile\/\" class=\"element-wrap\"><img decoding=\"async\" data-src=\"https:\/\/www.goierrieskola.eus\/wp-content\/uploads\/2023\/11\/1-480x360.jpeg\" alt=\"Acuerdo de cooperaci\u00f3n con la entidad CFT PUCV de Chile\" src=\"data:image\/svg+xml;base64,PHN2ZyB3aWR0aD0iMSIgaGVpZ2h0PSIxIiB4bWxucz0iaHR0cDovL3d3dy53My5vcmcvMjAwMC9zdmciPjwvc3ZnPg==\" class=\"lazyload\" style=\"--smush-placeholder-width: 480px; --smush-placeholder-aspect-ratio: 480\/360;\"><span class=\"hover-element\"><i>+<\/i><\/span><\/a><\/div><!--end post-image-->\n\t\t\n\t\t\t<div class=\"post-header\">\n\n\t\t\t\t\t\t\t\t\t<h3 class=\"post-title entry-title\"><a href=\"https:\/\/www.goierrieskola.eus\/es\/acuerdo-cooperacion-cftpucv-de-chile\/\">Acuerdo de cooperaci\u00f3n con la entidad CFT PUCV de Chile<\/a>\n\t\t\t\t\t<\/h3>\n\t\t\t\t\n\t\t\t\t<span class=\"post-meta\">\n                    <small><a href=\"https:\/\/www.goierrieskola.eus\/es\/acuerdo-cooperacion-cftpucv-de-chile\/\" rel=\"bookmark\" class=\"post-time\"><time class=\"entry-date\" datetime=\"2023-11-29T15:06:47+00:00\">29 noviembre, 2023<\/time><time class=\"modify-date hide hidden updated\" datetime=\"2023-11-29T15:11:47+00:00\">29 noviembre, 2023<\/time><\/a><\/small>, <small class=\"meta-category\"><a href=\"https:\/\/www.goierrieskola.eus\/es\/category\/sociedad\/\" rel=\"category tag\">Sociedad<\/a><\/small>, <small class=\"meta-comment-count\"><a href=\"https:\/\/www.goierrieskola.eus\/es\/acuerdo-cooperacion-cftpucv-de-chile\/#comments\">0 <i class=\"icon-chat-1 hover-tip\" data-original-title=\"Esta publicaci\u00f3n tiene 0 comentarios\" data-toggle=\"tooltip\" data-placement=\"top\"><\/i><\/a><\/small>                <\/span>\n\n\t\t\t<\/div><!--end post-header-->\n\n\t\t\t\n\t\t\t\t\t\t\t\t\t<div class=\"post-info\">\n\n\t\t\t\t\t\t<div class=\"entry-summary\">\n\t\t\t\t\t\t\t<p> Gracias al compromiso de ambos centros se desarrollar\u00e1n proyectos de investigaci\u00f3n y se impulsar\u00e1n intercambios de estudiantes de...<\/p>\t\t\t\t\t\t<\/div><!-- .entry-summary -->\n\n\t\t\t\t\t<\/div><!--end post-info-->\n\t\t\t\t\n\t\t\t\n\t\t\n\t\t<div class=\"post-footer\">\n\t\t\t<small>\n\t\t\t\t<a href=\"#\" class=\"item-likes\" id=\"item-likes-16251\" title=\"Like this\"><span class=\"item-likes-count\">0<\/span> <span class=\"item-likes-postfix\">likes<\/span><\/a>\n\t\t\t\t\t\t\t\t\t<a href=\"https:\/\/www.goierrieskola.eus\/es\/acuerdo-cooperacion-cftpucv-de-chile\/\"><span class=\"muted pull-right\">\n\t\t\t\t\t\tLeer m\u00e1s<\/span>\n\t\t\t\t\t<\/a>\n\t\t\t\t\n\t\t\t<\/small>\n\t\t<\/div><!--end post-footer-->\n\n\t<\/div><!--end post-content-->\n<\/article>\n\n\n<article id=\"post-16135\" class=\"post-item post-16135 post type-post status-publish format-aside has-post-thumbnail hentry category-sociedad post_format-post-format-aside\">\n\t<div class=\"post-content animated animate-when-almost-visible el-appear\">\n\n\t\t<div class=\"post-image\"><a href=\"https:\/\/www.goierrieskola.eus\/es\/virtual-reality-en-goierri-eskola\/\" class=\"element-wrap\"><img decoding=\"async\" data-src=\"https:\/\/www.goierrieskola.eus\/wp-content\/uploads\/2023\/10\/viroo-480x480.jpeg\" alt=\"Virtual Reality en Goierri Eskola\" src=\"data:image\/svg+xml;base64,PHN2ZyB3aWR0aD0iMSIgaGVpZ2h0PSIxIiB4bWxucz0iaHR0cDovL3d3dy53My5vcmcvMjAwMC9zdmciPjwvc3ZnPg==\" class=\"lazyload\" style=\"--smush-placeholder-width: 480px; --smush-placeholder-aspect-ratio: 480\/480;\"><span class=\"hover-element\"><i>+<\/i><\/span><\/a><\/div><!--end post-image-->\n\t\t\n\t\t\t<div class=\"post-header\">\n\n\t\t\t\t\t\t\t\t\t<h3 class=\"post-title entry-title\"><a href=\"https:\/\/www.goierrieskola.eus\/es\/virtual-reality-en-goierri-eskola\/\">Virtual Reality en Goierri Eskola<\/a>\n\t\t\t\t\t<\/h3>\n\t\t\t\t\n\t\t\t\t<span class=\"post-meta\">\n                    <small><a href=\"https:\/\/www.goierrieskola.eus\/es\/virtual-reality-en-goierri-eskola\/\" rel=\"bookmark\" class=\"post-time\"><time class=\"entry-date\" datetime=\"2023-10-11T08:55:16+00:00\">11 octubre, 2023<\/time><time class=\"modify-date hide hidden updated\" datetime=\"2023-10-11T08:55:16+00:00\">11 octubre, 2023<\/time><\/a><\/small>, <small class=\"meta-category\"><a href=\"https:\/\/www.goierrieskola.eus\/es\/category\/sociedad\/\" rel=\"category tag\">Sociedad<\/a><\/small>, <small class=\"meta-comment-count\"><a href=\"https:\/\/www.goierrieskola.eus\/es\/virtual-reality-en-goierri-eskola\/#comments\">0 <i class=\"icon-chat-1 hover-tip\" data-original-title=\"Esta publicaci\u00f3n tiene 0 comentarios\" data-toggle=\"tooltip\" data-placement=\"top\"><\/i><\/a><\/small>                <\/span>\n\n\t\t\t<\/div><!--end post-header-->\n\n\t\t\t\n\t\t\t\t\t\t\t\t\t<div class=\"post-info\">\n\n\t\t\t\t\t\t<div class=\"entry-summary\">\n\t\t\t\t\t\t\t<p> Realidad Virtual o Virtual Reality (VR) es una tecnolog\u00eda que permite crear entornos virtuales que simulan la realidad...<\/p>\t\t\t\t\t\t<\/div><!-- .entry-summary -->\n\n\t\t\t\t\t<\/div><!--end post-info-->\n\t\t\t\t\n\t\t\t\n\t\t\n\t\t<div class=\"post-footer\">\n\t\t\t<small>\n\t\t\t\t<a href=\"#\" class=\"item-likes\" id=\"item-likes-16126\" title=\"Like this\"><span class=\"item-likes-count\">1<\/span> <span class=\"item-likes-postfix\">like<\/span><\/a>\n\t\t\t\t\t\t\t\t\t<a href=\"https:\/\/www.goierrieskola.eus\/es\/virtual-reality-en-goierri-eskola\/\"><span class=\"muted pull-right\">\n\t\t\t\t\t\tLeer m\u00e1s<\/span>\n\t\t\t\t\t<\/a>\n\t\t\t\t\n\t\t\t<\/small>\n\t\t<\/div><!--end post-footer-->\n\n\t<\/div><!--end post-content-->\n<\/article>\n\n\n<article id=\"post-15890\" class=\"post-item post-15890 post type-post status-publish format-aside has-post-thumbnail hentry category-gizartera-es category-sociedad post_format-post-format-aside\">\n\t<div class=\"post-content animated animate-when-almost-visible el-appear\">\n\n\t\t<div class=\"post-image\"><a href=\"https:\/\/www.goierrieskola.eus\/es\/campamentos-tecnologicos-en-goierri\/\" class=\"element-wrap\"><img decoding=\"async\" data-src=\"https:\/\/www.goierrieskola.eus\/wp-content\/uploads\/2023\/05\/230530-KanpTekn-2023-480x175.png\" alt=\"campamentos tecnol\u00f3gicos en goierri\" src=\"data:image\/svg+xml;base64,PHN2ZyB3aWR0aD0iMSIgaGVpZ2h0PSIxIiB4bWxucz0iaHR0cDovL3d3dy53My5vcmcvMjAwMC9zdmciPjwvc3ZnPg==\" class=\"lazyload\" style=\"--smush-placeholder-width: 480px; --smush-placeholder-aspect-ratio: 480\/175;\"><span class=\"hover-element\"><i>+<\/i><\/span><\/a><\/div><!--end post-image-->\n\t\t\n\t\t\t<div class=\"post-header\">\n\n\t\t\t\t\t\t\t\t\t<h3 class=\"post-title entry-title\"><a href=\"https:\/\/www.goierrieskola.eus\/es\/campamentos-tecnologicos-en-goierri\/\">campamentos tecnol\u00f3gicos en goierri<\/a>\n\t\t\t\t\t<\/h3>\n\t\t\t\t\n\t\t\t\t<span class=\"post-meta\">\n                    <small><a href=\"https:\/\/www.goierrieskola.eus\/es\/campamentos-tecnologicos-en-goierri\/\" rel=\"bookmark\" class=\"post-time\"><time class=\"entry-date\" datetime=\"2023-06-01T14:23:43+00:00\">1 junio, 2023<\/time><time class=\"modify-date hide hidden updated\" datetime=\"2023-06-01T14:47:59+00:00\">1 junio, 2023<\/time><\/a><\/small>, <small class=\"meta-category\"><a href=\"https:\/\/www.goierrieskola.eus\/es\/category\/gizartera-es\/\" rel=\"category tag\">Gizartera<\/a>, <a href=\"https:\/\/www.goierrieskola.eus\/es\/category\/sociedad\/\" rel=\"category tag\">Sociedad<\/a><\/small>, <small class=\"meta-comment-count\"><a href=\"https:\/\/www.goierrieskola.eus\/es\/campamentos-tecnologicos-en-goierri\/#comments\">0 <i class=\"icon-chat-1 hover-tip\" data-original-title=\"Esta publicaci\u00f3n tiene 0 comentarios\" data-toggle=\"tooltip\" data-placement=\"top\"><\/i><\/a><\/small>                <\/span>\n\n\t\t\t<\/div><!--end post-header-->\n\n\t\t\t\n\t\t\t\t\t\t\t\t\t<div class=\"post-info\">\n\n\t\t\t\t\t\t<div class=\"entry-summary\">\n\t\t\t\t\t\t\t<p> Este verano, descubre nuestros campamentos de verano donde tus hijos\/as de 9 a 14 a\u00f1os pueden sumergirse en...<\/p>\t\t\t\t\t\t<\/div><!-- .entry-summary -->\n\n\t\t\t\t\t<\/div><!--end post-info-->\n\t\t\t\t\n\t\t\t\n\t\t\n\t\t<div class=\"post-footer\">\n\t\t\t<small>\n\t\t\t\t<a href=\"#\" class=\"item-likes\" id=\"item-likes-15876\" title=\"Like this\"><span class=\"item-likes-count\">1<\/span> <span class=\"item-likes-postfix\">like<\/span><\/a>\n\t\t\t\t\t\t\t\t\t<a href=\"https:\/\/www.goierrieskola.eus\/es\/campamentos-tecnologicos-en-goierri\/\"><span class=\"muted pull-right\">\n\t\t\t\t\t\tLeer m\u00e1s<\/span>\n\t\t\t\t\t<\/a>\n\t\t\t\t\n\t\t\t<\/small>\n\t\t<\/div><!--end post-footer-->\n\n\t<\/div><!--end post-content-->\n<\/article>\n\n\n<article id=\"post-15167\" class=\"post-item post-15167 post type-post status-publish format-aside has-post-thumbnail hentry category-sociedad post_format-post-format-aside\">\n\t<div class=\"post-content animated animate-when-almost-visible el-appear\">\n\n\t\t<div class=\"post-image\"><a href=\"https:\/\/www.goierrieskola.eus\/es\/en-marcha-el-mondragon-ztim-hub-de-goierri\/\" class=\"element-wrap\"><img decoding=\"async\" data-src=\"https:\/\/www.goierrieskola.eus\/wp-content\/uploads\/2022\/06\/ZTIM-HUB-compressed-480x359.jpg\" alt=\"En marcha el MONDRAGON ZTIM HUB de Goierri\" src=\"data:image\/svg+xml;base64,PHN2ZyB3aWR0aD0iMSIgaGVpZ2h0PSIxIiB4bWxucz0iaHR0cDovL3d3dy53My5vcmcvMjAwMC9zdmciPjwvc3ZnPg==\" class=\"lazyload\" style=\"--smush-placeholder-width: 480px; --smush-placeholder-aspect-ratio: 480\/359;\"><span class=\"hover-element\"><i>+<\/i><\/span><\/a><\/div><!--end post-image-->\n\t\t\n\t\t\t<div class=\"post-header\">\n\n\t\t\t\t\t\t\t\t\t<h3 class=\"post-title entry-title\"><a href=\"https:\/\/www.goierrieskola.eus\/es\/en-marcha-el-mondragon-ztim-hub-de-goierri\/\">En marcha el MONDRAGON ZTIM HUB de Goierri<\/a>\n\t\t\t\t\t<\/h3>\n\t\t\t\t\n\t\t\t\t<span class=\"post-meta\">\n                    <small><a href=\"https:\/\/www.goierrieskola.eus\/es\/en-marcha-el-mondragon-ztim-hub-de-goierri\/\" rel=\"bookmark\" class=\"post-time\"><time class=\"entry-date\" datetime=\"2022-06-23T11:32:23+00:00\">23 junio, 2022<\/time><time class=\"modify-date hide hidden updated\" datetime=\"2022-09-07T08:56:55+00:00\">7 septiembre, 2022<\/time><\/a><\/small>, <small class=\"meta-category\"><a href=\"https:\/\/www.goierrieskola.eus\/es\/category\/sociedad\/\" rel=\"category tag\">Sociedad<\/a><\/small>, <small class=\"meta-comment-count\"><a href=\"https:\/\/www.goierrieskola.eus\/es\/en-marcha-el-mondragon-ztim-hub-de-goierri\/#comments\">0 <i class=\"icon-chat-1 hover-tip\" data-original-title=\"Esta publicaci\u00f3n tiene 0 comentarios\" data-toggle=\"tooltip\" data-placement=\"top\"><\/i><\/a><\/small>                <\/span>\n\n\t\t\t<\/div><!--end post-header-->\n\n\t\t\t\n\t\t\t\t\t\t\t\t\t<div class=\"post-info\">\n\n\t\t\t\t\t\t<div class=\"entry-summary\">\n\t\t\t\t\t\t\t<p>Mondragon Unibertsitatea, de la mano de Goierri Fundazioa y con la ayuda de la Diputaci\u00f3n Foral de Gipuzkoa, ha...<\/p>\t\t\t\t\t\t<\/div><!-- .entry-summary -->\n\n\t\t\t\t\t<\/div><!--end post-info-->\n\t\t\t\t\n\t\t\t\n\t\t\n\t\t<div class=\"post-footer\">\n\t\t\t<small>\n\t\t\t\t<a href=\"#\" class=\"item-likes\" id=\"item-likes-15162\" title=\"Like this\"><span class=\"item-likes-count\">1<\/span> <span class=\"item-likes-postfix\">like<\/span><\/a>\n\t\t\t\t\t\t\t\t\t<a href=\"https:\/\/www.goierrieskola.eus\/es\/en-marcha-el-mondragon-ztim-hub-de-goierri\/\"><span class=\"muted pull-right\">\n\t\t\t\t\t\tLeer m\u00e1s<\/span>\n\t\t\t\t\t<\/a>\n\t\t\t\t\n\t\t\t<\/small>\n\t\t<\/div><!--end post-footer-->\n\n\t<\/div><!--end post-content-->\n<\/article>\n\n\n<article id=\"post-14736\" class=\"post-item post-14736 post type-post status-publish format-aside has-post-thumbnail hentry category-gizartera-es category-sociedad post_format-post-format-aside\">\n\t<div class=\"post-content animated animate-when-almost-visible el-appear\">\n\n\t\t<div class=\"post-image\"><a href=\"https:\/\/www.goierrieskola.eus\/es\/finalizada-la-maketa-3d-del-puente-de-ormaiztegi\/\" class=\"element-wrap\"><img decoding=\"async\" data-src=\"https:\/\/www.goierrieskola.eus\/wp-content\/uploads\/2022\/03\/Ormaiztegiko-tren-zubia_02-480x356.jpg\" alt=\"Finalizada la maketa 3D del puente de Ormaiztegi\" src=\"data:image\/svg+xml;base64,PHN2ZyB3aWR0aD0iMSIgaGVpZ2h0PSIxIiB4bWxucz0iaHR0cDovL3d3dy53My5vcmcvMjAwMC9zdmciPjwvc3ZnPg==\" class=\"lazyload\" style=\"--smush-placeholder-width: 480px; --smush-placeholder-aspect-ratio: 480\/356;\"><span class=\"hover-element\"><i>+<\/i><\/span><\/a><\/div><!--end post-image-->\n\t\t\n\t\t\t<div class=\"post-header\">\n\n\t\t\t\t\t\t\t\t\t<h3 class=\"post-title entry-title\"><a href=\"https:\/\/www.goierrieskola.eus\/es\/finalizada-la-maketa-3d-del-puente-de-ormaiztegi\/\">Finalizada la maketa 3D del puente de Ormaiztegi<\/a>\n\t\t\t\t\t<\/h3>\n\t\t\t\t\n\t\t\t\t<span class=\"post-meta\">\n                    <small><a href=\"https:\/\/www.goierrieskola.eus\/es\/finalizada-la-maketa-3d-del-puente-de-ormaiztegi\/\" rel=\"bookmark\" class=\"post-time\"><time class=\"entry-date\" datetime=\"2022-03-18T10:41:22+00:00\">18 marzo, 2022<\/time><time class=\"modify-date hide hidden updated\" datetime=\"2024-03-22T14:03:08+00:00\">22 marzo, 2024<\/time><\/a><\/small>, <small class=\"meta-category\"><a href=\"https:\/\/www.goierrieskola.eus\/es\/category\/gizartera-es\/\" rel=\"category tag\">Gizartera<\/a>, <a href=\"https:\/\/www.goierrieskola.eus\/es\/category\/sociedad\/\" rel=\"category tag\">Sociedad<\/a><\/small>, <small class=\"meta-comment-count\"><a href=\"https:\/\/www.goierrieskola.eus\/es\/finalizada-la-maketa-3d-del-puente-de-ormaiztegi\/#comments\">0 <i class=\"icon-chat-1 hover-tip\" data-original-title=\"Esta publicaci\u00f3n tiene 0 comentarios\" data-toggle=\"tooltip\" data-placement=\"top\"><\/i><\/a><\/small>                <\/span>\n\n\t\t\t<\/div><!--end post-header-->\n\n\t\t\t\n\t\t\t\t\t\t\t\t\t<div class=\"post-info\">\n\n\t\t\t\t\t\t<div class=\"entry-summary\">\n\t\t\t\t\t\t\t<p> Las y los alumnos de Goierri Eskola han finalizado la maqueta 3D del puente ferroviario de Ormaiztegi. La...<\/p>\t\t\t\t\t\t<\/div><!-- .entry-summary -->\n\n\t\t\t\t\t<\/div><!--end post-info-->\n\t\t\t\t\n\t\t\t\n\t\t\n\t\t<div class=\"post-footer\">\n\t\t\t<small>\n\t\t\t\t<a href=\"#\" class=\"item-likes\" id=\"item-likes-14697\" title=\"Like this\"><span class=\"item-likes-count\">0<\/span> <span class=\"item-likes-postfix\">likes<\/span><\/a>\n\t\t\t\t\t\t\t\t\t<a href=\"https:\/\/www.goierrieskola.eus\/es\/finalizada-la-maketa-3d-del-puente-de-ormaiztegi\/\"><span class=\"muted pull-right\">\n\t\t\t\t\t\tLeer m\u00e1s<\/span>\n\t\t\t\t\t<\/a>\n\t\t\t\t\n\t\t\t<\/small>\n\t\t<\/div><!--end post-footer-->\n\n\t<\/div><!--end post-content-->\n<\/article>\n\n\n<article id=\"post-14522\" class=\"post-item post-14522 post type-post status-publish format-aside has-post-thumbnail hentry category-gizartera-es category-ingenieria-2 category-sociedad post_format-post-format-aside\">\n\t<div class=\"post-content animated animate-when-almost-visible el-appear\">\n\n\t\t<div class=\"post-image\"><a href=\"https:\/\/www.goierrieskola.eus\/es\/ejercicio-fisico-realizado-con-bandas-elasticas\/\" class=\"element-wrap\"><img decoding=\"async\" data-src=\"https:\/\/www.goierrieskola.eus\/wp-content\/uploads\/2022\/03\/Banda-Elastikoak_10-480x319.jpg\" alt=\"Ejercicio f\u00edsico realizado con bandas el\u00e1sticas\" src=\"data:image\/svg+xml;base64,PHN2ZyB3aWR0aD0iMSIgaGVpZ2h0PSIxIiB4bWxucz0iaHR0cDovL3d3dy53My5vcmcvMjAwMC9zdmciPjwvc3ZnPg==\" class=\"lazyload\" style=\"--smush-placeholder-width: 480px; --smush-placeholder-aspect-ratio: 480\/319;\"><span class=\"hover-element\"><i>+<\/i><\/span><\/a><\/div><!--end post-image-->\n\t\t\n\t\t\t<div class=\"post-header\">\n\n\t\t\t\t\t\t\t\t\t<h3 class=\"post-title entry-title\"><a href=\"https:\/\/www.goierrieskola.eus\/es\/ejercicio-fisico-realizado-con-bandas-elasticas\/\">Ejercicio f\u00edsico realizado con bandas el\u00e1sticas<\/a>\n\t\t\t\t\t<\/h3>\n\t\t\t\t\n\t\t\t\t<span class=\"post-meta\">\n                    <small><a href=\"https:\/\/www.goierrieskola.eus\/es\/ejercicio-fisico-realizado-con-bandas-elasticas\/\" rel=\"bookmark\" class=\"post-time\"><time class=\"entry-date\" datetime=\"2022-02-02T13:56:42+00:00\">2 febrero, 2022<\/time><time class=\"modify-date hide hidden updated\" datetime=\"2022-03-01T14:22:57+00:00\">1 marzo, 2022<\/time><\/a><\/small>, <small class=\"meta-category\"><a href=\"https:\/\/www.goierrieskola.eus\/es\/category\/gizartera-es\/\" rel=\"category tag\">Gizartera<\/a>, <a href=\"https:\/\/www.goierrieskola.eus\/es\/category\/ingenieria-2\/\" rel=\"category tag\">Ingenier\u00eda<\/a>, <a href=\"https:\/\/www.goierrieskola.eus\/es\/category\/sociedad\/\" rel=\"category tag\">Sociedad<\/a><\/small>, <small class=\"meta-comment-count\"><a href=\"https:\/\/www.goierrieskola.eus\/es\/ejercicio-fisico-realizado-con-bandas-elasticas\/#comments\">0 <i class=\"icon-chat-1 hover-tip\" data-original-title=\"Esta publicaci\u00f3n tiene 0 comentarios\" data-toggle=\"tooltip\" data-placement=\"top\"><\/i><\/a><\/small>                <\/span>\n\n\t\t\t<\/div><!--end post-header-->\n\n\t\t\t\n\t\t\t\t\t\t\t\t\t<div class=\"post-info\">\n\n\t\t\t\t\t\t<div class=\"entry-summary\">\n\t\t\t\t\t\t\t<p>La <\/p>\t\t\t\t\t\t<\/div><!-- .entry-summary -->\n\n\t\t\t\t\t<\/div><!--end post-info-->\n\t\t\t\t\n\t\t\t\n\t\t\n\t\t<div class=\"post-footer\">\n\t\t\t<small>\n\t\t\t\t<a href=\"#\" class=\"item-likes\" id=\"item-likes-14502\" title=\"Like this\"><span class=\"item-likes-count\">0<\/span> <span class=\"item-likes-postfix\">likes<\/span><\/a>\n\t\t\t\t\t\t\t\t\t<a href=\"https:\/\/www.goierrieskola.eus\/es\/ejercicio-fisico-realizado-con-bandas-elasticas\/\"><span class=\"muted pull-right\">\n\t\t\t\t\t\tLeer m\u00e1s<\/span>\n\t\t\t\t\t<\/a>\n\t\t\t\t\n\t\t\t<\/small>\n\t\t<\/div><!--end post-footer-->\n\n\t<\/div><!--end post-content-->\n<\/article>\n\n\n<article id=\"post-11909\" class=\"post-item post-11909 post type-post status-publish format-aside has-post-thumbnail hentry category-gizartera category-sociedad post_format-post-format-aside\">\n\t<div class=\"post-content animated animate-when-almost-visible el-appear\">\n\n\t\t<div class=\"post-image\"><a href=\"https:\/\/www.goierrieskola.eus\/es\/maketa-3d-del-puente-de-ormaiztegi\/\" class=\"element-wrap\"><img decoding=\"async\" data-src=\"https:\/\/www.goierrieskola.eus\/wp-content\/uploads\/2021\/11\/Zumalakarregi-Goierri-Eskola_02-480x270.jpg\" alt=\"Maketa 3D del puente de Ormaiztegi\" src=\"data:image\/svg+xml;base64,PHN2ZyB3aWR0aD0iMSIgaGVpZ2h0PSIxIiB4bWxucz0iaHR0cDovL3d3dy53My5vcmcvMjAwMC9zdmciPjwvc3ZnPg==\" class=\"lazyload\" style=\"--smush-placeholder-width: 480px; --smush-placeholder-aspect-ratio: 480\/270;\"><span class=\"hover-element\"><i>+<\/i><\/span><\/a><\/div><!--end post-image-->\n\t\t\n\t\t\t<div class=\"post-header\">\n\n\t\t\t\t\t\t\t\t\t<h3 class=\"post-title entry-title\"><a href=\"https:\/\/www.goierrieskola.eus\/es\/maketa-3d-del-puente-de-ormaiztegi\/\">Maketa 3D del puente de Ormaiztegi<\/a>\n\t\t\t\t\t<\/h3>\n\t\t\t\t\n\t\t\t\t<span class=\"post-meta\">\n                    <small><a href=\"https:\/\/www.goierrieskola.eus\/es\/maketa-3d-del-puente-de-ormaiztegi\/\" rel=\"bookmark\" class=\"post-time\"><time class=\"entry-date\" datetime=\"2021-11-19T09:51:33+00:00\">19 noviembre, 2021<\/time><time class=\"modify-date hide hidden updated\" datetime=\"2024-03-22T14:04:12+00:00\">22 marzo, 2024<\/time><\/a><\/small>, <small class=\"meta-category\"><a href=\"https:\/\/www.goierrieskola.eus\/category\/gizartera\/\" rel=\"category tag\">Gizartera<\/a>, <a href=\"https:\/\/www.goierrieskola.eus\/es\/category\/sociedad\/\" rel=\"category tag\">Sociedad<\/a><\/small>, <small class=\"meta-comment-count\"><a href=\"https:\/\/www.goierrieskola.eus\/es\/maketa-3d-del-puente-de-ormaiztegi\/#comments\">0 <i class=\"icon-chat-1 hover-tip\" data-original-title=\"Esta publicaci\u00f3n tiene 0 comentarios\" data-toggle=\"tooltip\" data-placement=\"top\"><\/i><\/a><\/small>                <\/span>\n\n\t\t\t<\/div><!--end post-header-->\n\n\t\t\t\n\t\t\t\t\t\t\t\t\t<div class=\"post-info\">\n\n\t\t\t\t\t\t<div class=\"entry-summary\">\n\t\t\t\t\t\t\t<p> Goierri Eskola ha firmado un convenio de colaboraci\u00f3n con el Museo Zumalakarregi y el Ayuntamiento de Ormaiztegi para...<\/p>\t\t\t\t\t\t<\/div><!-- .entry-summary -->\n\n\t\t\t\t\t<\/div><!--end post-info-->\n\t\t\t\t\n\t\t\t\n\t\t\n\t\t<div class=\"post-footer\">\n\t\t\t<small>\n\t\t\t\t<a href=\"#\" class=\"item-likes\" id=\"item-likes-11906\" title=\"Like this\"><span class=\"item-likes-count\">0<\/span> <span class=\"item-likes-postfix\">likes<\/span><\/a>\n\t\t\t\t\t\t\t\t\t<a href=\"https:\/\/www.goierrieskola.eus\/es\/maketa-3d-del-puente-de-ormaiztegi\/\"><span class=\"muted pull-right\">\n\t\t\t\t\t\tLeer m\u00e1s<\/span>\n\t\t\t\t\t<\/a>\n\t\t\t\t\n\t\t\t<\/small>\n\t\t<\/div><!--end post-footer-->\n\n\t<\/div><!--end post-content-->\n<\/article>\n\n\n<article id=\"post-11612\" class=\"post-item post-11612 post type-post status-publish format-aside has-post-thumbnail hentry category-sociedad post_format-post-format-aside\">\n\t<div class=\"post-content animated animate-when-almost-visible el-appear\">\n\n\t\t<div class=\"post-image\"><a href=\"https:\/\/www.goierrieskola.eus\/es\/kellesensa-bizikleta-berria-senegalera-bidean-da\/\" class=\"element-wrap\"><img decoding=\"async\" data-src=\"https:\/\/www.goierrieskola.eus\/wp-content\/uploads\/2021\/06\/web1-480x319.jpg\" alt=\"Kellesensa: la nueva bicicleta de camino a Senegal.\" src=\"data:image\/svg+xml;base64,PHN2ZyB3aWR0aD0iMSIgaGVpZ2h0PSIxIiB4bWxucz0iaHR0cDovL3d3dy53My5vcmcvMjAwMC9zdmciPjwvc3ZnPg==\" class=\"lazyload\" style=\"--smush-placeholder-width: 480px; --smush-placeholder-aspect-ratio: 480\/319;\"><span class=\"hover-element\"><i>+<\/i><\/span><\/a><\/div><!--end post-image-->\n\t\t\n\t\t\t<div class=\"post-header\">\n\n\t\t\t\t\t\t\t\t\t<h3 class=\"post-title entry-title\"><a href=\"https:\/\/www.goierrieskola.eus\/es\/kellesensa-bizikleta-berria-senegalera-bidean-da\/\">Kellesensa: la nueva bicicleta de camino a Senegal.<\/a>\n\t\t\t\t\t<\/h3>\n\t\t\t\t\n\t\t\t\t<span class=\"post-meta\">\n                    <small><a href=\"https:\/\/www.goierrieskola.eus\/es\/kellesensa-bizikleta-berria-senegalera-bidean-da\/\" rel=\"bookmark\" class=\"post-time\"><time class=\"entry-date\" datetime=\"2021-06-15T10:29:30+00:00\">15 junio, 2021<\/time><time class=\"modify-date hide hidden updated\" datetime=\"2022-02-23T15:33:14+00:00\">23 febrero, 2022<\/time><\/a><\/small>, <small class=\"meta-category\"><a href=\"https:\/\/www.goierrieskola.eus\/es\/category\/sociedad\/\" rel=\"category tag\">Sociedad<\/a><\/small>, <small class=\"meta-comment-count\"><a href=\"https:\/\/www.goierrieskola.eus\/es\/kellesensa-bizikleta-berria-senegalera-bidean-da\/#comments\">0 <i class=\"icon-chat-1 hover-tip\" data-original-title=\"Esta publicaci\u00f3n tiene 0 comentarios\" data-toggle=\"tooltip\" data-placement=\"top\"><\/i><\/a><\/small>                <\/span>\n\n\t\t\t<\/div><!--end post-header-->\n\n\t\t\t\n\t\t\t\t\t\t\t\t\t<div class=\"post-info\">\n\n\t\t\t\t\t\t<div class=\"entry-summary\">\n\t\t\t\t\t\t\t<p> Las y los alumnos de Goierri Eskola tienen preparada la bicicleta que han fabricado para el joven Aziz...<\/p>\t\t\t\t\t\t<\/div><!-- .entry-summary -->\n\n\t\t\t\t\t<\/div><!--end post-info-->\n\t\t\t\t\n\t\t\t\n\t\t\n\t\t<div class=\"post-footer\">\n\t\t\t<small>\n\t\t\t\t<a href=\"#\" class=\"item-likes\" id=\"item-likes-11596\" title=\"Like this\"><span class=\"item-likes-count\">0<\/span> <span class=\"item-likes-postfix\">likes<\/span><\/a>\n\t\t\t\t\t\t\t\t\t<a href=\"https:\/\/www.goierrieskola.eus\/es\/kellesensa-bizikleta-berria-senegalera-bidean-da\/\"><span class=\"muted pull-right\">\n\t\t\t\t\t\tLeer m\u00e1s<\/span>\n\t\t\t\t\t<\/a>\n\t\t\t\t\n\t\t\t<\/small>\n\t\t<\/div><!--end post-footer-->\n\n\t<\/div><!--end post-content-->\n<\/article>\n\n\n<article id=\"post-11544\" class=\"post-item post-11544 post type-post status-publish format-aside has-post-thumbnail hentry category-sociedad post_format-post-format-aside\">\n\t<div class=\"post-content animated animate-when-almost-visible el-appear\">\n\n\t\t<div class=\"post-image\"><a href=\"https:\/\/www.goierrieskola.eus\/es\/kanpamentu-teknologikoak-2021\/\" class=\"element-wrap\"><img decoding=\"async\" data-src=\"https:\/\/www.goierrieskola.eus\/wp-content\/uploads\/2017\/05\/SLIDER-KT-480x166.jpg\" alt=\"Campamentos Tecnol\u00f3gicos 2021\" src=\"data:image\/svg+xml;base64,PHN2ZyB3aWR0aD0iMSIgaGVpZ2h0PSIxIiB4bWxucz0iaHR0cDovL3d3dy53My5vcmcvMjAwMC9zdmciPjwvc3ZnPg==\" class=\"lazyload\" style=\"--smush-placeholder-width: 480px; --smush-placeholder-aspect-ratio: 480\/166;\"><span class=\"hover-element\"><i>+<\/i><\/span><\/a><\/div><!--end post-image-->\n\t\t\n\t\t\t<div class=\"post-header\">\n\n\t\t\t\t\t\t\t\t\t<h3 class=\"post-title entry-title\"><a href=\"https:\/\/www.goierrieskola.eus\/es\/kanpamentu-teknologikoak-2021\/\">Campamentos Tecnol\u00f3gicos 2021<\/a>\n\t\t\t\t\t<\/h3>\n\t\t\t\t\n\t\t\t\t<span class=\"post-meta\">\n                    <small><a href=\"https:\/\/www.goierrieskola.eus\/es\/kanpamentu-teknologikoak-2021\/\" rel=\"bookmark\" class=\"post-time\"><time class=\"entry-date\" datetime=\"2021-05-11T15:50:27+00:00\">11 mayo, 2021<\/time><time class=\"modify-date hide hidden updated\" datetime=\"2022-02-23T15:34:46+00:00\">23 febrero, 2022<\/time><\/a><\/small>, <small class=\"meta-category\"><a href=\"https:\/\/www.goierrieskola.eus\/es\/category\/sociedad\/\" rel=\"category tag\">Sociedad<\/a><\/small>, <small class=\"meta-comment-count\"><a href=\"https:\/\/www.goierrieskola.eus\/es\/kanpamentu-teknologikoak-2021\/#comments\">0 <i class=\"icon-chat-1 hover-tip\" data-original-title=\"Esta publicaci\u00f3n tiene 0 comentarios\" data-toggle=\"tooltip\" data-placement=\"top\"><\/i><\/a><\/small>                <\/span>\n\n\t\t\t<\/div><!--end post-header-->\n\n\t\t\t\n\t\t\t\t\t\t\t\t\t<div class=\"post-info\">\n\n\t\t\t\t\t\t<div class=\"entry-summary\">\n\t\t\t\t\t\t\t<p>Este verano, \u00a1asiste a los campamentos tecnol\u00f3gicos que organizamos en Goierri Eskola! Con las pertinentes medidas anti-Covid, garantizando la...<\/p>\t\t\t\t\t\t<\/div><!-- .entry-summary -->\n\n\t\t\t\t\t<\/div><!--end post-info-->\n\t\t\t\t\n\t\t\t\n\t\t\n\t\t<div class=\"post-footer\">\n\t\t\t<small>\n\t\t\t\t<a href=\"#\" class=\"item-likes\" id=\"item-likes-11513\" title=\"Like this\"><span class=\"item-likes-count\">0<\/span> <span class=\"item-likes-postfix\">likes<\/span><\/a>\n\t\t\t\t\t\t\t\t\t<a href=\"https:\/\/www.goierrieskola.eus\/es\/kanpamentu-teknologikoak-2021\/\"><span class=\"muted pull-right\">\n\t\t\t\t\t\tLeer m\u00e1s<\/span>\n\t\t\t\t\t<\/a>\n\t\t\t\t\n\t\t\t<\/small>\n\t\t<\/div><!--end post-footer-->\n\n\t<\/div><!--end post-content-->\n<\/article>\n\n\n<article id=\"post-11295\" class=\"post-item post-11295 post type-post status-publish format-aside has-post-thumbnail hentry category-sociedad post_format-post-format-aside\">\n\t<div class=\"post-content animated animate-when-almost-visible el-appear\">\n\n\t\t<div class=\"post-image\"><a href=\"https:\/\/www.goierrieskola.eus\/es\/juguetes-ecologicos\/\" class=\"element-wrap\"><img decoding=\"async\" data-src=\"https:\/\/www.goierrieskola.eus\/wp-content\/uploads\/2021\/02\/MU_02-480x299.jpg\" alt=\"Juguetes ecol\u00f3gicos\" src=\"data:image\/svg+xml;base64,PHN2ZyB3aWR0aD0iMSIgaGVpZ2h0PSIxIiB4bWxucz0iaHR0cDovL3d3dy53My5vcmcvMjAwMC9zdmciPjwvc3ZnPg==\" class=\"lazyload\" style=\"--smush-placeholder-width: 480px; --smush-placeholder-aspect-ratio: 480\/299;\"><span class=\"hover-element\"><i>+<\/i><\/span><\/a><\/div><!--end post-image-->\n\t\t\n\t\t\t<div class=\"post-header\">\n\n\t\t\t\t\t\t\t\t\t<h3 class=\"post-title entry-title\"><a href=\"https:\/\/www.goierrieskola.eus\/es\/juguetes-ecologicos\/\">Juguetes ecol\u00f3gicos<\/a>\n\t\t\t\t\t<\/h3>\n\t\t\t\t\n\t\t\t\t<span class=\"post-meta\">\n                    <small><a href=\"https:\/\/www.goierrieskola.eus\/es\/juguetes-ecologicos\/\" rel=\"bookmark\" class=\"post-time\"><time class=\"entry-date\" datetime=\"2021-02-03T10:06:22+00:00\">3 febrero, 2021<\/time><time class=\"modify-date hide hidden updated\" datetime=\"2022-02-23T15:37:10+00:00\">23 febrero, 2022<\/time><\/a><\/small>, <small class=\"meta-category\"><a href=\"https:\/\/www.goierrieskola.eus\/es\/category\/sociedad\/\" rel=\"category tag\">Sociedad<\/a><\/small>, <small class=\"meta-comment-count\"><a href=\"https:\/\/www.goierrieskola.eus\/es\/juguetes-ecologicos\/#comments\">0 <i class=\"icon-chat-1 hover-tip\" data-original-title=\"Esta publicaci\u00f3n tiene 0 comentarios\" data-toggle=\"tooltip\" data-placement=\"top\"><\/i><\/a><\/small>                <\/span>\n\n\t\t\t<\/div><!--end post-header-->\n\n\t\t\t\n\t\t\t\t\t\t\t\t\t<div class=\"post-info\">\n\n\t\t\t\t\t\t<div class=\"entry-summary\">\n\t\t\t\t\t\t\t<p> Los alumnos del primer curso del Campus de Goierri de Mondrag\u00f3n Unibertsitatea han dise\u00f1ado unos juguetes ecol\u00f3gicos, como...<\/p>\t\t\t\t\t\t<\/div><!-- .entry-summary -->\n\n\t\t\t\t\t<\/div><!--end post-info-->\n\t\t\t\t\n\t\t\t\n\t\t\n\t\t<div class=\"post-footer\">\n\t\t\t<small>\n\t\t\t\t<a href=\"#\" class=\"item-likes\" id=\"item-likes-11281\" title=\"Like this\"><span class=\"item-likes-count\">0<\/span> <span class=\"item-likes-postfix\">likes<\/span><\/a>\n\t\t\t\t\t\t\t\t\t<a href=\"https:\/\/www.goierrieskola.eus\/es\/juguetes-ecologicos\/\"><span class=\"muted pull-right\">\n\t\t\t\t\t\tLeer m\u00e1s<\/span>\n\t\t\t\t\t<\/a>\n\t\t\t\t\n\t\t\t<\/small>\n\t\t<\/div><!--end post-footer-->\n\n\t<\/div><!--end post-content-->\n<\/article>\n\n\n<article id=\"post-11083\" class=\"post-item post-11083 post type-post status-publish format-aside has-post-thumbnail hentry category-sociedad post_format-post-format-aside\">\n\t<div class=\"post-content animated animate-when-almost-visible el-appear\">\n\n\t\t<div class=\"post-image\"><a href=\"https:\/\/www.goierrieskola.eus\/es\/kellesensa-aziz-mutikoaren-itxaropena\/\" class=\"element-wrap\"><img decoding=\"async\" data-src=\"https:\/\/www.goierrieskola.eus\/wp-content\/uploads\/2020\/11\/Imagen2-480x341.jpg\" alt=\"KELLESENSA: la esperanza de AZIZ.\" src=\"data:image\/svg+xml;base64,PHN2ZyB3aWR0aD0iMSIgaGVpZ2h0PSIxIiB4bWxucz0iaHR0cDovL3d3dy53My5vcmcvMjAwMC9zdmciPjwvc3ZnPg==\" class=\"lazyload\" style=\"--smush-placeholder-width: 480px; --smush-placeholder-aspect-ratio: 480\/341;\"><span class=\"hover-element\"><i>+<\/i><\/span><\/a><\/div><!--end post-image-->\n\t\t\n\t\t\t<div class=\"post-header\">\n\n\t\t\t\t\t\t\t\t\t<h3 class=\"post-title entry-title\"><a href=\"https:\/\/www.goierrieskola.eus\/es\/kellesensa-aziz-mutikoaren-itxaropena\/\">KELLESENSA: la esperanza de AZIZ.<\/a>\n\t\t\t\t\t<\/h3>\n\t\t\t\t\n\t\t\t\t<span class=\"post-meta\">\n                    <small><a href=\"https:\/\/www.goierrieskola.eus\/es\/kellesensa-aziz-mutikoaren-itxaropena\/\" rel=\"bookmark\" class=\"post-time\"><time class=\"entry-date\" datetime=\"2020-12-16T08:19:22+00:00\">16 diciembre, 2020<\/time><time class=\"modify-date hide hidden updated\" datetime=\"2022-02-23T15:39:20+00:00\">23 febrero, 2022<\/time><\/a><\/small>, <small class=\"meta-category\"><a href=\"https:\/\/www.goierrieskola.eus\/es\/category\/sociedad\/\" rel=\"category tag\">Sociedad<\/a><\/small>, <small class=\"meta-comment-count\"><a href=\"https:\/\/www.goierrieskola.eus\/es\/kellesensa-aziz-mutikoaren-itxaropena\/#comments\">0 <i class=\"icon-chat-1 hover-tip\" data-original-title=\"Esta publicaci\u00f3n tiene 0 comentarios\" data-toggle=\"tooltip\" data-placement=\"top\"><\/i><\/a><\/small>                <\/span>\n\n\t\t\t<\/div><!--end post-header-->\n\n\t\t\t\n\t\t\t\t\t\t\t\t\t<div class=\"post-info\">\n\n\t\t\t\t\t\t<div class=\"entry-summary\">\n\t\t\t\t\t\t\t<p> Alumnas y alumnos de Goierri Eskola est\u00e1n fabricando una bicicleta adaptada para el joven senegales Aziz en colaboraci\u00f3n...<\/p>\t\t\t\t\t\t<\/div><!-- .entry-summary -->\n\n\t\t\t\t\t<\/div><!--end post-info-->\n\t\t\t\t\n\t\t\t\n\t\t\n\t\t<div class=\"post-footer\">\n\t\t\t<small>\n\t\t\t\t<a href=\"#\" class=\"item-likes\" id=\"item-likes-11081\" title=\"Like this\"><span class=\"item-likes-count\">0<\/span> <span class=\"item-likes-postfix\">likes<\/span><\/a>\n\t\t\t\t\t\t\t\t\t<a href=\"https:\/\/www.goierrieskola.eus\/es\/kellesensa-aziz-mutikoaren-itxaropena\/\"><span class=\"muted pull-right\">\n\t\t\t\t\t\tLeer m\u00e1s<\/span>\n\t\t\t\t\t<\/a>\n\t\t\t\t\n\t\t\t<\/small>\n\t\t<\/div><!--end post-footer-->\n\n\t<\/div><!--end post-content-->\n<\/article>\n\n\n<article id=\"post-10963\" class=\"post-item post-10963 post type-post status-publish format-aside has-post-thumbnail hentry category-gizartera-es category-sociedad post_format-post-format-aside\">\n\t<div class=\"post-content animated animate-when-almost-visible el-appear\">\n\n\t\t<div class=\"post-image\"><a href=\"https:\/\/www.goierrieskola.eus\/es\/participacion-en-el-programa-biba-zuek-para-exponer-el-proyecto-de-ayuda-para-el-joven-aziz\/\" class=\"element-wrap\"><img decoding=\"async\" data-src=\"https:\/\/www.goierrieskola.eus\/wp-content\/uploads\/2020\/11\/Imagen2-480x341.jpg\" alt=\"Participaci\u00f3n en el programa Biba Zuek para exponer el proyecto de ayuda para el joven Aziz.\" src=\"data:image\/svg+xml;base64,PHN2ZyB3aWR0aD0iMSIgaGVpZ2h0PSIxIiB4bWxucz0iaHR0cDovL3d3dy53My5vcmcvMjAwMC9zdmciPjwvc3ZnPg==\" class=\"lazyload\" style=\"--smush-placeholder-width: 480px; --smush-placeholder-aspect-ratio: 480\/341;\"><span class=\"hover-element\"><i>+<\/i><\/span><\/a><\/div><!--end post-image-->\n\t\t\n\t\t\t<div class=\"post-header\">\n\n\t\t\t\t\t\t\t\t\t<h3 class=\"post-title entry-title\"><a href=\"https:\/\/www.goierrieskola.eus\/es\/participacion-en-el-programa-biba-zuek-para-exponer-el-proyecto-de-ayuda-para-el-joven-aziz\/\">Participaci\u00f3n en el programa Biba Zuek para exponer el proyecto de ayuda para el joven Aziz.<\/a>\n\t\t\t\t\t<\/h3>\n\t\t\t\t\n\t\t\t\t<span class=\"post-meta\">\n                    <small><a href=\"https:\/\/www.goierrieskola.eus\/es\/participacion-en-el-programa-biba-zuek-para-exponer-el-proyecto-de-ayuda-para-el-joven-aziz\/\" rel=\"bookmark\" class=\"post-time\"><time class=\"entry-date\" datetime=\"2020-11-17T17:21:29+00:00\">17 noviembre, 2020<\/time><time class=\"modify-date hide hidden updated\" datetime=\"2022-02-23T15:40:56+00:00\">23 febrero, 2022<\/time><\/a><\/small>, <small class=\"meta-category\"><a href=\"https:\/\/www.goierrieskola.eus\/es\/category\/gizartera-es\/\" rel=\"category tag\">Gizartera<\/a>, <a href=\"https:\/\/www.goierrieskola.eus\/es\/category\/sociedad\/\" rel=\"category tag\">Sociedad<\/a><\/small>, <small class=\"meta-comment-count\"><a href=\"https:\/\/www.goierrieskola.eus\/es\/participacion-en-el-programa-biba-zuek-para-exponer-el-proyecto-de-ayuda-para-el-joven-aziz\/#comments\">0 <i class=\"icon-chat-1 hover-tip\" data-original-title=\"Esta publicaci\u00f3n tiene 0 comentarios\" data-toggle=\"tooltip\" data-placement=\"top\"><\/i><\/a><\/small>                <\/span>\n\n\t\t\t<\/div><!--end post-header-->\n\n\t\t\t\n\t\t\t\t\t\t\t\t\t<div class=\"post-info\">\n\n\t\t\t\t\t\t<div class=\"entry-summary\">\n\t\t\t\t\t\t\t<p>Las y los alumnos de Goierri Eskola est\u00e1n inmersos en un nuevo proyecto: la realizaci\u00f3n de una bicicleta adaptada...<\/p>\t\t\t\t\t\t<\/div><!-- .entry-summary -->\n\n\t\t\t\t\t<\/div><!--end post-info-->\n\t\t\t\t\n\t\t\t\n\t\t\n\t\t<div class=\"post-footer\">\n\t\t\t<small>\n\t\t\t\t<a href=\"#\" class=\"item-likes\" id=\"item-likes-10959\" title=\"Like this\"><span class=\"item-likes-count\">0<\/span> <span class=\"item-likes-postfix\">likes<\/span><\/a>\n\t\t\t\t\t\t\t\t\t<a href=\"https:\/\/www.goierrieskola.eus\/es\/participacion-en-el-programa-biba-zuek-para-exponer-el-proyecto-de-ayuda-para-el-joven-aziz\/\"><span class=\"muted pull-right\">\n\t\t\t\t\t\tLeer m\u00e1s<\/span>\n\t\t\t\t\t<\/a>\n\t\t\t\t\n\t\t\t<\/small>\n\t\t<\/div><!--end post-footer-->\n\n\t<\/div><!--end post-content-->\n<\/article>\n\n\n<article id=\"post-9284\" class=\"post-item post-9284 post type-post status-publish format-standard has-post-thumbnail hentry category-sociedad\">\n\t<div class=\"post-content animated animate-when-almost-visible el-appear\">\n\n\t\t<div class=\"post-image\"><a href=\"https:\/\/www.goierrieskola.eus\/es\/los-futuros-tecnicos-en-atencion-a-personas-dependientes-visitan-la-central-del-servicio-publico-de-teleasistencia\/\" class=\"element-wrap\"><img decoding=\"async\" data-src=\"https:\/\/www.goierrieskola.eus\/wp-content\/uploads\/2018\/02\/3-480x213.jpg\" alt=\"Los futuros t\u00e9cnicos en atenci\u00f3n a personas dependientes visitan la central del Servicio P\u00fablico de Teleasistencia\" src=\"data:image\/svg+xml;base64,PHN2ZyB3aWR0aD0iMSIgaGVpZ2h0PSIxIiB4bWxucz0iaHR0cDovL3d3dy53My5vcmcvMjAwMC9zdmciPjwvc3ZnPg==\" class=\"lazyload\" style=\"--smush-placeholder-width: 480px; --smush-placeholder-aspect-ratio: 480\/213;\"><span class=\"hover-element\"><i>+<\/i><\/span><\/a><\/div><!--end post-image-->\n\t\t\n\t\t\t<div class=\"post-header\">\n\n\t\t\t\t\t\t\t\t\t<h3 class=\"post-title entry-title\"><a href=\"https:\/\/www.goierrieskola.eus\/es\/los-futuros-tecnicos-en-atencion-a-personas-dependientes-visitan-la-central-del-servicio-publico-de-teleasistencia\/\">Los futuros t\u00e9cnicos en atenci\u00f3n a personas dependientes visitan la central del Servicio P\u00fablico de Teleasistencia<\/a>\n\t\t\t\t\t<\/h3>\n\t\t\t\t\n\t\t\t\t<span class=\"post-meta\">\n                    <small><a href=\"https:\/\/www.goierrieskola.eus\/es\/los-futuros-tecnicos-en-atencion-a-personas-dependientes-visitan-la-central-del-servicio-publico-de-teleasistencia\/\" rel=\"bookmark\" class=\"post-time\"><time class=\"entry-date\" datetime=\"2018-02-02T08:42:00+00:00\">2 febrero, 2018<\/time><time class=\"modify-date hide hidden updated\" datetime=\"2022-02-23T16:00:28+00:00\">23 febrero, 2022<\/time><\/a><\/small>, <small class=\"meta-category\"><a href=\"https:\/\/www.goierrieskola.eus\/es\/category\/sociedad\/\" rel=\"category tag\">Sociedad<\/a><\/small>, <small class=\"meta-comment-count\"><a href=\"https:\/\/www.goierrieskola.eus\/es\/los-futuros-tecnicos-en-atencion-a-personas-dependientes-visitan-la-central-del-servicio-publico-de-teleasistencia\/#comments\">0 <i class=\"icon-chat-1 hover-tip\" data-original-title=\"Esta publicaci\u00f3n tiene 0 comentarios\" data-toggle=\"tooltip\" data-placement=\"top\"><\/i><\/a><\/small>                <\/span>\n\n\t\t\t<\/div><!--end post-header-->\n\n\t\t\t\n\t\t\t\t\t\t\t\t\t<div class=\"post-info\">\n\n\t\t\t\t\t\t<div class=\"entry-summary\">\n\t\t\t\t\t\t\t<p>Los alumnos que se est\u00e1n formando para trabajar como t\u00e9cnico en atenci\u00f3n a personas en situaci\u00f3n de dependencia han...<\/p>\t\t\t\t\t\t<\/div><!-- .entry-summary -->\n\n\t\t\t\t\t<\/div><!--end post-info-->\n\t\t\t\t\n\t\t\t\n\t\t\n\t\t<div class=\"post-footer\">\n\t\t\t<small>\n\t\t\t\t<a href=\"#\" class=\"item-likes\" id=\"item-likes-9276\" title=\"Like this\"><span class=\"item-likes-count\">0<\/span> <span class=\"item-likes-postfix\">likes<\/span><\/a>\n\t\t\t\t\t\t\t\t\t<a href=\"https:\/\/www.goierrieskola.eus\/es\/los-futuros-tecnicos-en-atencion-a-personas-dependientes-visitan-la-central-del-servicio-publico-de-teleasistencia\/\"><span class=\"muted pull-right\">\n\t\t\t\t\t\tLeer m\u00e1s<\/span>\n\t\t\t\t\t<\/a>\n\t\t\t\t\n\t\t\t<\/small>\n\t\t<\/div><!--end post-footer-->\n\n\t<\/div><!--end post-content-->\n<\/article>\n\n\n\t<\/div> <!-- END post listing -->\n\n\t\n[\/vc_tta_section][vc_tta_section title=\u00bbEventos\u00bb tab_id=\u00bb1645628982812-54e7495b-74bc\u00bb]\n\t<div class=\"sq-posts-data\" style=\"display: none;\"><input type=\"hidden\" id=\"post-security\" name=\"post-security\" value=\"40f71b4de0\" \/><input type=\"hidden\" name=\"_wp_http_referer\" value=\"\/es\/wp-json\/wp\/v2\/pages\/6335\" \/><input type=\"hidden\" name=\"pitem\" value=\"0\"><input type=\"hidden\" name=\"post_id\" value=\"9284\"><\/div>\n\t\n\t\n\t\t<div class=\"posts-listing responsive-cols kleo-masonry per-row-4 no-meta no-footer masonry-listing\">\n\n\t\n\t\n<article id=\"post-15841\" class=\"post-item post-15841 post type-post status-publish format-aside has-post-thumbnail hentry category-evento post_format-post-format-aside\">\n\t<div class=\"post-content animated animate-when-almost-visible el-appear\">\n\n\t\t<div class=\"post-image\"><a href=\"https:\/\/www.goierrieskola.eus\/es\/master-en-fabricacion-aditiva-industrial\/\" class=\"element-wrap\"><img decoding=\"async\" data-src=\"https:\/\/www.goierrieskola.eus\/wp-content\/uploads\/2023\/05\/230524-MPFAI-480x175.png\" alt=\"Master en Fabricaci\u00f3n Aditiva Industrial\" src=\"data:image\/svg+xml;base64,PHN2ZyB3aWR0aD0iMSIgaGVpZ2h0PSIxIiB4bWxucz0iaHR0cDovL3d3dy53My5vcmcvMjAwMC9zdmciPjwvc3ZnPg==\" class=\"lazyload\" style=\"--smush-placeholder-width: 480px; --smush-placeholder-aspect-ratio: 480\/175;\"><span class=\"hover-element\"><i>+<\/i><\/span><\/a><\/div><!--end post-image-->\n\t\t\n\t\t\t<div class=\"post-header\">\n\n\t\t\t\t\t\t\t\t\t<h3 class=\"post-title entry-title\"><a href=\"https:\/\/www.goierrieskola.eus\/es\/master-en-fabricacion-aditiva-industrial\/\">Master en Fabricaci\u00f3n Aditiva Industrial<\/a>\n\t\t\t\t\t<\/h3>\n\t\t\t\t\n\t\t\t\t<span class=\"post-meta\">\n                    <small><a href=\"https:\/\/www.goierrieskola.eus\/es\/master-en-fabricacion-aditiva-industrial\/\" rel=\"bookmark\" class=\"post-time\"><time class=\"entry-date\" datetime=\"2023-05-24T15:42:34+00:00\">24 mayo, 2023<\/time><time class=\"modify-date hide hidden updated\" datetime=\"2023-05-24T15:54:31+00:00\">24 mayo, 2023<\/time><\/a><\/small>, <small class=\"meta-category\"><a href=\"https:\/\/www.goierrieskola.eus\/es\/category\/evento\/\" rel=\"category tag\">Evento-Jornada<\/a><\/small>, <small class=\"meta-comment-count\"><a href=\"https:\/\/www.goierrieskola.eus\/es\/master-en-fabricacion-aditiva-industrial\/#comments\">0 <i class=\"icon-chat-1 hover-tip\" data-original-title=\"Esta publicaci\u00f3n tiene 0 comentarios\" data-toggle=\"tooltip\" data-placement=\"top\"><\/i><\/a><\/small>                <\/span>\n\n\t\t\t<\/div><!--end post-header-->\n\n\t\t\t\n\t\t\t\t\t\t\t\t\t<div class=\"post-info\">\n\n\t\t\t\t\t\t<div class=\"entry-summary\">\n\t\t\t\t\t\t\t<p> En un mundo cada vez m\u00e1s competitivo, la b\u00fasqueda de soluciones tecnol\u00f3gicas que impulsen la eficiencia y la...<\/p>\t\t\t\t\t\t<\/div><!-- .entry-summary -->\n\n\t\t\t\t\t<\/div><!--end post-info-->\n\t\t\t\t\n\t\t\t\n\t\t\n\t\t<div class=\"post-footer\">\n\t\t\t<small>\n\t\t\t\t<a href=\"#\" class=\"item-likes\" id=\"item-likes-15820\" title=\"Like this\"><span class=\"item-likes-count\">1<\/span> <span class=\"item-likes-postfix\">like<\/span><\/a>\n\t\t\t\t\t\t\t\t\t<a href=\"https:\/\/www.goierrieskola.eus\/es\/master-en-fabricacion-aditiva-industrial\/\"><span class=\"muted pull-right\">\n\t\t\t\t\t\tLeer m\u00e1s<\/span>\n\t\t\t\t\t<\/a>\n\t\t\t\t\n\t\t\t<\/small>\n\t\t<\/div><!--end post-footer-->\n\n\t<\/div><!--end post-content-->\n<\/article>\n\n\n<article id=\"post-15488\" class=\"post-item post-15488 post type-post status-publish format-aside has-post-thumbnail hentry category-evento post_format-post-format-aside\">\n\t<div class=\"post-content animated animate-when-almost-visible el-appear\">\n\n\t\t<div class=\"post-image\"><a href=\"https:\/\/www.goierrieskola.eus\/es\/nuevo-espacio-de-extended-reality-xr\/\" class=\"element-wrap\"><img decoding=\"async\" data-src=\"https:\/\/www.goierrieskola.eus\/wp-content\/uploads\/2022\/12\/pexels-andrea-piacquadio-834949-2-scaled-480x320.jpg\" alt=\"Nuevo espacio de extended reality (XR)\" src=\"data:image\/svg+xml;base64,PHN2ZyB3aWR0aD0iMSIgaGVpZ2h0PSIxIiB4bWxucz0iaHR0cDovL3d3dy53My5vcmcvMjAwMC9zdmciPjwvc3ZnPg==\" class=\"lazyload\" style=\"--smush-placeholder-width: 480px; --smush-placeholder-aspect-ratio: 480\/320;\"><span class=\"hover-element\"><i>+<\/i><\/span><\/a><\/div><!--end post-image-->\n\t\t\n\t\t\t<div class=\"post-header\">\n\n\t\t\t\t\t\t\t\t\t<h3 class=\"post-title entry-title\"><a href=\"https:\/\/www.goierrieskola.eus\/es\/nuevo-espacio-de-extended-reality-xr\/\">Nuevo espacio de extended reality (XR)<\/a>\n\t\t\t\t\t<\/h3>\n\t\t\t\t\n\t\t\t\t<span class=\"post-meta\">\n                    <small><a href=\"https:\/\/www.goierrieskola.eus\/es\/nuevo-espacio-de-extended-reality-xr\/\" rel=\"bookmark\" class=\"post-time\"><time class=\"entry-date\" datetime=\"2022-12-20T14:25:44+00:00\">20 diciembre, 2022<\/time><time class=\"modify-date hide hidden updated\" datetime=\"2022-12-20T14:25:44+00:00\">20 diciembre, 2022<\/time><\/a><\/small>, <small class=\"meta-category\"><a href=\"https:\/\/www.goierrieskola.eus\/es\/category\/evento\/\" rel=\"category tag\">Evento-Jornada<\/a><\/small>, <small class=\"meta-comment-count\"><a href=\"https:\/\/www.goierrieskola.eus\/es\/nuevo-espacio-de-extended-reality-xr\/#comments\">0 <i class=\"icon-chat-1 hover-tip\" data-original-title=\"Esta publicaci\u00f3n tiene 0 comentarios\" data-toggle=\"tooltip\" data-placement=\"top\"><\/i><\/a><\/small>                <\/span>\n\n\t\t\t<\/div><!--end post-header-->\n\n\t\t\t\n\t\t\t\t\t\t\t\t\t<div class=\"post-info\">\n\n\t\t\t\t\t\t<div class=\"entry-summary\">\n\t\t\t\t\t\t\t<p> En el proyecto educativo de Goierri Eskola buscamos la formaci\u00f3n integral de las personas, tanto en su vertiente...<\/p>\t\t\t\t\t\t<\/div><!-- .entry-summary -->\n\n\t\t\t\t\t<\/div><!--end post-info-->\n\t\t\t\t\n\t\t\t\n\t\t\n\t\t<div class=\"post-footer\">\n\t\t\t<small>\n\t\t\t\t<a href=\"#\" class=\"item-likes\" id=\"item-likes-15463\" title=\"Like this\"><span class=\"item-likes-count\">1<\/span> <span class=\"item-likes-postfix\">like<\/span><\/a>\n\t\t\t\t\t\t\t\t\t<a href=\"https:\/\/www.goierrieskola.eus\/es\/nuevo-espacio-de-extended-reality-xr\/\"><span class=\"muted pull-right\">\n\t\t\t\t\t\tLeer m\u00e1s<\/span>\n\t\t\t\t\t<\/a>\n\t\t\t\t\n\t\t\t<\/small>\n\t\t<\/div><!--end post-footer-->\n\n\t<\/div><!--end post-content-->\n<\/article>\n\n\n<article id=\"post-15077\" class=\"post-item post-15077 post type-post status-publish format-aside has-post-thumbnail hentry category-evento category-sin-categoria post_format-post-format-aside\">\n\t<div class=\"post-content animated animate-when-almost-visible el-appear\">\n\n\t\t<div class=\"post-image\"><a href=\"https:\/\/www.goierrieskola.eus\/es\/ejemplos-aplicaciones-fabricacion-aditiva\/\" class=\"element-wrap\"><img decoding=\"async\" data-src=\"https:\/\/www.goierrieskola.eus\/wp-content\/uploads\/2022\/05\/seminarioMFAI-1-480x360.jpg\" alt=\"Aplicaciones de la fabricaci\u00f3n aditiva en empresas de Euskadi\" src=\"data:image\/svg+xml;base64,PHN2ZyB3aWR0aD0iMSIgaGVpZ2h0PSIxIiB4bWxucz0iaHR0cDovL3d3dy53My5vcmcvMjAwMC9zdmciPjwvc3ZnPg==\" class=\"lazyload\" style=\"--smush-placeholder-width: 480px; --smush-placeholder-aspect-ratio: 480\/360;\"><span class=\"hover-element\"><i>+<\/i><\/span><\/a><\/div><!--end post-image-->\n\t\t\n\t\t\t<div class=\"post-header\">\n\n\t\t\t\t\t\t\t\t\t<h3 class=\"post-title entry-title\"><a href=\"https:\/\/www.goierrieskola.eus\/es\/ejemplos-aplicaciones-fabricacion-aditiva\/\">Aplicaciones de la fabricaci\u00f3n aditiva en empresas de Euskadi<\/a>\n\t\t\t\t\t<\/h3>\n\t\t\t\t\n\t\t\t\t<span class=\"post-meta\">\n                    <small><a href=\"https:\/\/www.goierrieskola.eus\/es\/ejemplos-aplicaciones-fabricacion-aditiva\/\" rel=\"bookmark\" class=\"post-time\"><time class=\"entry-date\" datetime=\"2022-05-24T09:03:11+00:00\">24 mayo, 2022<\/time><time class=\"modify-date hide hidden updated\" datetime=\"2024-10-03T14:11:31+00:00\">3 octubre, 2024<\/time><\/a><\/small>, <small class=\"meta-category\"><a href=\"https:\/\/www.goierrieskola.eus\/es\/category\/evento\/\" rel=\"category tag\">Evento-Jornada<\/a>, <a href=\"https:\/\/www.goierrieskola.eus\/es\/category\/sin-categoria\/\" rel=\"category tag\">Sin categor\u00eda<\/a><\/small>, <small class=\"meta-comment-count\"><a href=\"https:\/\/www.goierrieskola.eus\/es\/ejemplos-aplicaciones-fabricacion-aditiva\/#comments\">0 <i class=\"icon-chat-1 hover-tip\" data-original-title=\"Esta publicaci\u00f3n tiene 0 comentarios\" data-toggle=\"tooltip\" data-placement=\"top\"><\/i><\/a><\/small>                <\/span>\n\n\t\t\t<\/div><!--end post-header-->\n\n\t\t\t\n\t\t\t\t\t\t\t\t\t<div class=\"post-info\">\n\n\t\t\t\t\t\t<div class=\"entry-summary\">\n\t\t\t\t\t\t\t<p> \u00bfConoces ejemplos y aplicaciones de la fabricaci\u00f3n aditiva industrial? \u00bfTe has preguntado alguna vez, que es la fabricaci\u00f3n...<\/p>\t\t\t\t\t\t<\/div><!-- .entry-summary -->\n\n\t\t\t\t\t<\/div><!--end post-info-->\n\t\t\t\t\n\t\t\t\n\t\t\n\t\t<div class=\"post-footer\">\n\t\t\t<small>\n\t\t\t\t<a href=\"#\" class=\"item-likes\" id=\"item-likes-15069\" title=\"Like this\"><span class=\"item-likes-count\">1<\/span> <span class=\"item-likes-postfix\">like<\/span><\/a>\n\t\t\t\t\t\t\t\t\t<a href=\"https:\/\/www.goierrieskola.eus\/es\/ejemplos-aplicaciones-fabricacion-aditiva\/\"><span class=\"muted pull-right\">\n\t\t\t\t\t\tLeer m\u00e1s<\/span>\n\t\t\t\t\t<\/a>\n\t\t\t\t\n\t\t\t<\/small>\n\t\t<\/div><!--end post-footer-->\n\n\t<\/div><!--end post-content-->\n<\/article>\n\n\n<article id=\"post-14981\" class=\"post-item post-14981 post type-post status-publish format-aside has-post-thumbnail hentry category-evento post_format-post-format-aside\">\n\t<div class=\"post-content animated animate-when-almost-visible el-appear\">\n\n\t\t<div class=\"post-image\"><a href=\"https:\/\/www.goierrieskola.eus\/es\/mencion-al-espacio-goierri-ndt-lab-en-la-revista-de-aend\/\" class=\"element-wrap\"><img decoding=\"async\" data-src=\"https:\/\/www.goierrieskola.eus\/wp-content\/uploads\/2022\/04\/RevAEND98-1-480x679.png\" alt=\"Menci\u00f3n al espacio Goierri NDT Lab en la revista de AEND\" src=\"data:image\/svg+xml;base64,PHN2ZyB3aWR0aD0iMSIgaGVpZ2h0PSIxIiB4bWxucz0iaHR0cDovL3d3dy53My5vcmcvMjAwMC9zdmciPjwvc3ZnPg==\" class=\"lazyload\" style=\"--smush-placeholder-width: 480px; --smush-placeholder-aspect-ratio: 480\/679;\"><span class=\"hover-element\"><i>+<\/i><\/span><\/a><\/div><!--end post-image-->\n\t\t\n\t\t\t<div class=\"post-header\">\n\n\t\t\t\t\t\t\t\t\t<h3 class=\"post-title entry-title\"><a href=\"https:\/\/www.goierrieskola.eus\/es\/mencion-al-espacio-goierri-ndt-lab-en-la-revista-de-aend\/\">Menci\u00f3n al espacio Goierri NDT Lab en la revista de AEND<\/a>\n\t\t\t\t\t<\/h3>\n\t\t\t\t\n\t\t\t\t<span class=\"post-meta\">\n                    <small><a href=\"https:\/\/www.goierrieskola.eus\/es\/mencion-al-espacio-goierri-ndt-lab-en-la-revista-de-aend\/\" rel=\"bookmark\" class=\"post-time\"><time class=\"entry-date\" datetime=\"2022-04-26T07:13:38+00:00\">26 abril, 2022<\/time><time class=\"modify-date hide hidden updated\" datetime=\"2022-07-26T11:16:35+00:00\">26 julio, 2022<\/time><\/a><\/small>, <small class=\"meta-category\"><a href=\"https:\/\/www.goierrieskola.eus\/es\/category\/evento\/\" rel=\"category tag\">Evento-Jornada<\/a><\/small>, <small class=\"meta-comment-count\"><a href=\"https:\/\/www.goierrieskola.eus\/es\/mencion-al-espacio-goierri-ndt-lab-en-la-revista-de-aend\/#comments\">0 <i class=\"icon-chat-1 hover-tip\" data-original-title=\"Esta publicaci\u00f3n tiene 0 comentarios\" data-toggle=\"tooltip\" data-placement=\"top\"><\/i><\/a><\/small>                <\/span>\n\n\t\t\t<\/div><!--end post-header-->\n\n\t\t\t\n\t\t\t\t\t\t\t\t\t<div class=\"post-info\">\n\n\t\t\t\t\t\t<div class=\"entry-summary\">\n\t\t\t\t\t\t\t<p>La asociaci\u00f3n AEND publica una revista trimestral donde se recaban noticias referentes a los ensayos <\/p>\t\t\t\t\t\t<\/div><!-- .entry-summary -->\n\n\t\t\t\t\t<\/div><!--end post-info-->\n\t\t\t\t\n\t\t\t\n\t\t\n\t\t<div class=\"post-footer\">\n\t\t\t<small>\n\t\t\t\t<a href=\"#\" class=\"item-likes\" id=\"item-likes-14998\" title=\"Like this\"><span class=\"item-likes-count\">0<\/span> <span class=\"item-likes-postfix\">likes<\/span><\/a>\n\t\t\t\t\t\t\t\t\t<a href=\"https:\/\/www.goierrieskola.eus\/es\/mencion-al-espacio-goierri-ndt-lab-en-la-revista-de-aend\/\"><span class=\"muted pull-right\">\n\t\t\t\t\t\tLeer m\u00e1s<\/span>\n\t\t\t\t\t<\/a>\n\t\t\t\t\n\t\t\t<\/small>\n\t\t<\/div><!--end post-footer-->\n\n\t<\/div><!--end post-content-->\n<\/article>\n\n\n<article id=\"post-14553\" class=\"post-item post-14553 post type-post status-publish format-aside has-post-thumbnail hentry category-evento post_format-post-format-aside\">\n\t<div class=\"post-content animated animate-when-almost-visible el-appear\">\n\n\t\t<div class=\"post-image\"><a href=\"https:\/\/www.goierrieskola.eus\/es\/goierri-ndt-lab-ensayos-no-destructivos\/\" class=\"element-wrap\"><img decoding=\"async\" data-src=\"https:\/\/www.goierrieskola.eus\/wp-content\/uploads\/2022\/03\/NDT-lab-goierri-480x349.jpg\" alt=\"Goierri NDT Lab Ensayos No Destructivos\" src=\"data:image\/svg+xml;base64,PHN2ZyB3aWR0aD0iMSIgaGVpZ2h0PSIxIiB4bWxucz0iaHR0cDovL3d3dy53My5vcmcvMjAwMC9zdmciPjwvc3ZnPg==\" class=\"lazyload\" style=\"--smush-placeholder-width: 480px; --smush-placeholder-aspect-ratio: 480\/349;\"><span class=\"hover-element\"><i>+<\/i><\/span><\/a><\/div><!--end post-image-->\n\t\t\n\t\t\t<div class=\"post-header\">\n\n\t\t\t\t\t\t\t\t\t<h3 class=\"post-title entry-title\"><a href=\"https:\/\/www.goierrieskola.eus\/es\/goierri-ndt-lab-ensayos-no-destructivos\/\">Goierri NDT Lab Ensayos No Destructivos<\/a>\n\t\t\t\t\t<\/h3>\n\t\t\t\t\n\t\t\t\t<span class=\"post-meta\">\n                    <small><a href=\"https:\/\/www.goierrieskola.eus\/es\/goierri-ndt-lab-ensayos-no-destructivos\/\" rel=\"bookmark\" class=\"post-time\"><time class=\"entry-date\" datetime=\"2022-03-01T14:58:20+00:00\">1 marzo, 2022<\/time><time class=\"modify-date hide hidden updated\" datetime=\"2022-07-26T11:34:51+00:00\">26 julio, 2022<\/time><\/a><\/small>, <small class=\"meta-category\"><a href=\"https:\/\/www.goierrieskola.eus\/es\/category\/evento\/\" rel=\"category tag\">Evento-Jornada<\/a><\/small>, <small class=\"meta-comment-count\"><a href=\"https:\/\/www.goierrieskola.eus\/es\/goierri-ndt-lab-ensayos-no-destructivos\/#comments\">0 <i class=\"icon-chat-1 hover-tip\" data-original-title=\"Esta publicaci\u00f3n tiene 0 comentarios\" data-toggle=\"tooltip\" data-placement=\"top\"><\/i><\/a><\/small>                <\/span>\n\n\t\t\t<\/div><!--end post-header-->\n\n\t\t\t\n\t\t\t\t\t\t\t\t\t<div class=\"post-info\">\n\n\t\t\t\t\t\t<div class=\"entry-summary\">\n\t\t\t\t\t\t\t<p>Goierri Eskola ha puesto en marcha el <\/p>\t\t\t\t\t\t<\/div><!-- .entry-summary -->\n\n\t\t\t\t\t<\/div><!--end post-info-->\n\t\t\t\t\n\t\t\t\n\t\t\n\t\t<div class=\"post-footer\">\n\t\t\t<small>\n\t\t\t\t<a href=\"#\" class=\"item-likes\" id=\"item-likes-14582\" title=\"Like this\"><span class=\"item-likes-count\">0<\/span> <span class=\"item-likes-postfix\">likes<\/span><\/a>\n\t\t\t\t\t\t\t\t\t<a href=\"https:\/\/www.goierrieskola.eus\/es\/goierri-ndt-lab-ensayos-no-destructivos\/\"><span class=\"muted pull-right\">\n\t\t\t\t\t\tLeer m\u00e1s<\/span>\n\t\t\t\t\t<\/a>\n\t\t\t\t\n\t\t\t<\/small>\n\t\t<\/div><!--end post-footer-->\n\n\t<\/div><!--end post-content-->\n<\/article>\n\n\n<article id=\"post-11825\" class=\"post-item post-11825 post type-post status-publish format-aside has-post-thumbnail hentry category-evento post_format-post-format-aside\">\n\t<div class=\"post-content animated animate-when-almost-visible el-appear\">\n\n\t\t<div class=\"post-image\"><a href=\"https:\/\/www.goierrieskola.eus\/es\/10a-edicion-de-las-soi-jardunaldiak\/\" class=\"element-wrap\"><img decoding=\"async\" data-src=\"https:\/\/www.goierrieskola.eus\/wp-content\/uploads\/2021\/10\/SOI-jardunaldiak_3-480x270.jpg\" alt=\"10\u00aa edici\u00f3n de las SOI JARDUNALDIAK\" src=\"data:image\/svg+xml;base64,PHN2ZyB3aWR0aD0iMSIgaGVpZ2h0PSIxIiB4bWxucz0iaHR0cDovL3d3dy53My5vcmcvMjAwMC9zdmciPjwvc3ZnPg==\" class=\"lazyload\" style=\"--smush-placeholder-width: 480px; --smush-placeholder-aspect-ratio: 480\/270;\"><span class=\"hover-element\"><i>+<\/i><\/span><\/a><\/div><!--end post-image-->\n\t\t\n\t\t\t<div class=\"post-header\">\n\n\t\t\t\t\t\t\t\t\t<h3 class=\"post-title entry-title\"><a href=\"https:\/\/www.goierrieskola.eus\/es\/10a-edicion-de-las-soi-jardunaldiak\/\">10\u00aa edici\u00f3n de las SOI JARDUNALDIAK<\/a>\n\t\t\t\t\t<\/h3>\n\t\t\t\t\n\t\t\t\t<span class=\"post-meta\">\n                    <small><a href=\"https:\/\/www.goierrieskola.eus\/es\/10a-edicion-de-las-soi-jardunaldiak\/\" rel=\"bookmark\" class=\"post-time\"><time class=\"entry-date\" datetime=\"2021-10-25T16:37:49+00:00\">25 octubre, 2021<\/time><time class=\"modify-date hide hidden updated\" datetime=\"2022-03-03T14:56:21+00:00\">3 marzo, 2022<\/time><\/a><\/small>, <small class=\"meta-category\"><a href=\"https:\/\/www.goierrieskola.eus\/es\/category\/evento\/\" rel=\"category tag\">Evento-Jornada<\/a><\/small>, <small class=\"meta-comment-count\"><a href=\"https:\/\/www.goierrieskola.eus\/es\/10a-edicion-de-las-soi-jardunaldiak\/#comments\">0 <i class=\"icon-chat-1 hover-tip\" data-original-title=\"Esta publicaci\u00f3n tiene 0 comentarios\" data-toggle=\"tooltip\" data-placement=\"top\"><\/i><\/a><\/small>                <\/span>\n\n\t\t\t<\/div><!--end post-header-->\n\n\t\t\t\n\t\t\t\t\t\t\t\t\t<div class=\"post-info\">\n\n\t\t\t\t\t\t<div class=\"entry-summary\">\n\t\t\t\t\t\t\t<p> Durante estos d\u00edas se celebran, organizadas por Goierri Eskola e Ikaslan Fundazioa, las d\u00e9cimas jornadas de Seguridad, Salud...<\/p>\t\t\t\t\t\t<\/div><!-- .entry-summary -->\n\n\t\t\t\t\t<\/div><!--end post-info-->\n\t\t\t\t\n\t\t\t\n\t\t\n\t\t<div class=\"post-footer\">\n\t\t\t<small>\n\t\t\t\t<a href=\"#\" class=\"item-likes\" id=\"item-likes-11821\" title=\"Like this\"><span class=\"item-likes-count\">0<\/span> <span class=\"item-likes-postfix\">likes<\/span><\/a>\n\t\t\t\t\t\t\t\t\t<a href=\"https:\/\/www.goierrieskola.eus\/es\/10a-edicion-de-las-soi-jardunaldiak\/\"><span class=\"muted pull-right\">\n\t\t\t\t\t\tLeer m\u00e1s<\/span>\n\t\t\t\t\t<\/a>\n\t\t\t\t\n\t\t\t<\/small>\n\t\t<\/div><!--end post-footer-->\n\n\t<\/div><!--end post-content-->\n<\/article>\n\n\n<article id=\"post-11753\" class=\"post-item post-11753 post type-post status-publish format-aside has-post-thumbnail hentry category-evento post_format-post-format-aside\">\n\t<div class=\"post-content animated animate-when-almost-visible el-appear\">\n\n\t\t<div class=\"post-image\"><a href=\"https:\/\/www.goierrieskola.eus\/es\/jornada-informativa-online-del-master-en-fabricacion-aditiva-industrial\/\" class=\"element-wrap\"><img decoding=\"async\" data-src=\"https:\/\/www.goierrieskola.eus\/wp-content\/uploads\/2021\/09\/master-2-480x480.png\" alt=\"Jornada informativa ONLINE del M\u00e1ster en Fabricaci\u00f3n Aditiva Industrial\" src=\"data:image\/svg+xml;base64,PHN2ZyB3aWR0aD0iMSIgaGVpZ2h0PSIxIiB4bWxucz0iaHR0cDovL3d3dy53My5vcmcvMjAwMC9zdmciPjwvc3ZnPg==\" class=\"lazyload\" style=\"--smush-placeholder-width: 480px; --smush-placeholder-aspect-ratio: 480\/480;\"><span class=\"hover-element\"><i>+<\/i><\/span><\/a><\/div><!--end post-image-->\n\t\t\n\t\t\t<div class=\"post-header\">\n\n\t\t\t\t\t\t\t\t\t<h3 class=\"post-title entry-title\"><a href=\"https:\/\/www.goierrieskola.eus\/es\/jornada-informativa-online-del-master-en-fabricacion-aditiva-industrial\/\">Jornada informativa ONLINE del M\u00e1ster en Fabricaci\u00f3n Aditiva Industrial<\/a>\n\t\t\t\t\t<\/h3>\n\t\t\t\t\n\t\t\t\t<span class=\"post-meta\">\n                    <small><a href=\"https:\/\/www.goierrieskola.eus\/es\/jornada-informativa-online-del-master-en-fabricacion-aditiva-industrial\/\" rel=\"bookmark\" class=\"post-time\"><time class=\"entry-date\" datetime=\"2021-09-16T09:07:47+00:00\">16 septiembre, 2021<\/time><time class=\"modify-date hide hidden updated\" datetime=\"2024-10-03T14:01:10+00:00\">3 octubre, 2024<\/time><\/a><\/small>, <small class=\"meta-category\"><a href=\"https:\/\/www.goierrieskola.eus\/es\/category\/evento\/\" rel=\"category tag\">Evento-Jornada<\/a><\/small>, <small class=\"meta-comment-count\"><a href=\"https:\/\/www.goierrieskola.eus\/es\/jornada-informativa-online-del-master-en-fabricacion-aditiva-industrial\/#comments\">0 <i class=\"icon-chat-1 hover-tip\" data-original-title=\"Esta publicaci\u00f3n tiene 0 comentarios\" data-toggle=\"tooltip\" data-placement=\"top\"><\/i><\/a><\/small>                <\/span>\n\n\t\t\t<\/div><!--end post-header-->\n\n\t\t\t\n\t\t\t\t\t\t\t\t\t<div class=\"post-info\">\n\n\t\t\t\t\t\t<div class=\"entry-summary\">\n\t\t\t\t\t\t\t<p>\u00a0Goierri Eskola, en colaboraci\u00f3n con\u00a0Mondragon Unibertsitatea y Lortek.. La jornada se celebrar\u00e1 el martes,\u00a021 de Septiembre, de\u00a017:30 a 18:00,...<\/p>\t\t\t\t\t\t<\/div><!-- .entry-summary -->\n\n\t\t\t\t\t<\/div><!--end post-info-->\n\t\t\t\t\n\t\t\t\n\t\t\n\t\t<div class=\"post-footer\">\n\t\t\t<small>\n\t\t\t\t<a href=\"#\" class=\"item-likes\" id=\"item-likes-11744\" title=\"Like this\"><span class=\"item-likes-count\">0<\/span> <span class=\"item-likes-postfix\">likes<\/span><\/a>\n\t\t\t\t\t\t\t\t\t<a href=\"https:\/\/www.goierrieskola.eus\/es\/jornada-informativa-online-del-master-en-fabricacion-aditiva-industrial\/\"><span class=\"muted pull-right\">\n\t\t\t\t\t\tLeer m\u00e1s<\/span>\n\t\t\t\t\t<\/a>\n\t\t\t\t\n\t\t\t<\/small>\n\t\t<\/div><!--end post-footer-->\n\n\t<\/div><!--end post-content-->\n<\/article>\n\n\n<article id=\"post-11183\" class=\"post-item post-11183 post type-post status-publish format-aside has-post-thumbnail hentry category-evento post_format-post-format-aside\">\n\t<div class=\"post-content animated animate-when-almost-visible el-appear\">\n\n\t\t<div class=\"post-image\"><a href=\"https:\/\/www.goierrieskola.eus\/es\/goierri-campus-eko-ate-irekiak-2021\/\" class=\"element-wrap\"><img decoding=\"async\" data-src=\"https:\/\/www.goierrieskola.eus\/wp-content\/uploads\/2021\/01\/AteIrekiakCampusGoierri-480x162.png\" alt=\"PUERTAS ABIERTAS del Campus de Goierri 2021\" src=\"data:image\/svg+xml;base64,PHN2ZyB3aWR0aD0iMSIgaGVpZ2h0PSIxIiB4bWxucz0iaHR0cDovL3d3dy53My5vcmcvMjAwMC9zdmciPjwvc3ZnPg==\" class=\"lazyload\" style=\"--smush-placeholder-width: 480px; --smush-placeholder-aspect-ratio: 480\/162;\"><span class=\"hover-element\"><i>+<\/i><\/span><\/a><\/div><!--end post-image-->\n\t\t\n\t\t\t<div class=\"post-header\">\n\n\t\t\t\t\t\t\t\t\t<h3 class=\"post-title entry-title\"><a href=\"https:\/\/www.goierrieskola.eus\/es\/goierri-campus-eko-ate-irekiak-2021\/\">PUERTAS ABIERTAS del Campus de Goierri 2021<\/a>\n\t\t\t\t\t<\/h3>\n\t\t\t\t\n\t\t\t\t<span class=\"post-meta\">\n                    <small><a href=\"https:\/\/www.goierrieskola.eus\/es\/goierri-campus-eko-ate-irekiak-2021\/\" rel=\"bookmark\" class=\"post-time\"><time class=\"entry-date\" datetime=\"2021-01-21T08:17:57+00:00\">21 enero, 2021<\/time><time class=\"modify-date hide hidden updated\" datetime=\"2022-06-10T10:48:55+00:00\">10 junio, 2022<\/time><\/a><\/small>, <small class=\"meta-category\"><a href=\"https:\/\/www.goierrieskola.eus\/es\/category\/evento\/\" rel=\"category tag\">Evento-Jornada<\/a><\/small>, <small class=\"meta-comment-count\"><a href=\"https:\/\/www.goierrieskola.eus\/es\/goierri-campus-eko-ate-irekiak-2021\/#comments\">0 <i class=\"icon-chat-1 hover-tip\" data-original-title=\"Esta publicaci\u00f3n tiene 0 comentarios\" data-toggle=\"tooltip\" data-placement=\"top\"><\/i><\/a><\/small>                <\/span>\n\n\t\t\t<\/div><!--end post-header-->\n\n\t\t\t\n\t\t\t\t\t\t\t\t\t<div class=\"post-info\">\n\n\t\t\t\t\t\t<div class=\"entry-summary\">\n\t\t\t\t\t\t\t<p>El pr\u00f3ximo jueves, 28 de enero, se celebrar\u00e1 una jornada de puertas abiertas en el campus Goierri de Mondragon...<\/p>\t\t\t\t\t\t<\/div><!-- .entry-summary -->\n\n\t\t\t\t\t<\/div><!--end post-info-->\n\t\t\t\t\n\t\t\t\n\t\t\n\t\t<div class=\"post-footer\">\n\t\t\t<small>\n\t\t\t\t<a href=\"#\" class=\"item-likes\" id=\"item-likes-11177\" title=\"Like this\"><span class=\"item-likes-count\">0<\/span> <span class=\"item-likes-postfix\">likes<\/span><\/a>\n\t\t\t\t\t\t\t\t\t<a href=\"https:\/\/www.goierrieskola.eus\/es\/goierri-campus-eko-ate-irekiak-2021\/\"><span class=\"muted pull-right\">\n\t\t\t\t\t\tLeer m\u00e1s<\/span>\n\t\t\t\t\t<\/a>\n\t\t\t\t\n\t\t\t<\/small>\n\t\t<\/div><!--end post-footer-->\n\n\t<\/div><!--end post-content-->\n<\/article>\n\n\n<article id=\"post-11028\" class=\"post-item post-11028 post type-post status-publish format-aside has-post-thumbnail hentry category-evento post_format-post-format-aside\">\n\t<div class=\"post-content animated animate-when-almost-visible el-appear\">\n\n\t\t<div class=\"post-image\"><a href=\"https:\/\/www.goierrieskola.eus\/es\/examenes-de-certificacion-en-end-por-certiaend-en-goierri-eskola\/\" class=\"element-wrap\"><img decoding=\"async\" data-src=\"https:\/\/www.goierrieskola.eus\/wp-content\/uploads\/2020\/12\/CERTIAEND-480x630.jpg\" alt=\"Examenes de certificaci\u00f3n en END por CERTIAEND en Goierri Eskola\" src=\"data:image\/svg+xml;base64,PHN2ZyB3aWR0aD0iMSIgaGVpZ2h0PSIxIiB4bWxucz0iaHR0cDovL3d3dy53My5vcmcvMjAwMC9zdmciPjwvc3ZnPg==\" class=\"lazyload\" style=\"--smush-placeholder-width: 480px; --smush-placeholder-aspect-ratio: 480\/630;\"><span class=\"hover-element\"><i>+<\/i><\/span><\/a><\/div><!--end post-image-->\n\t\t\n\t\t\t<div class=\"post-header\">\n\n\t\t\t\t\t\t\t\t\t<h3 class=\"post-title entry-title\"><a href=\"https:\/\/www.goierrieskola.eus\/es\/examenes-de-certificacion-en-end-por-certiaend-en-goierri-eskola\/\">Examenes de certificaci\u00f3n en END por CERTIAEND en Goierri Eskola<\/a>\n\t\t\t\t\t<\/h3>\n\t\t\t\t\n\t\t\t\t<span class=\"post-meta\">\n                    <small><a href=\"https:\/\/www.goierrieskola.eus\/es\/examenes-de-certificacion-en-end-por-certiaend-en-goierri-eskola\/\" rel=\"bookmark\" class=\"post-time\"><time class=\"entry-date\" datetime=\"2020-12-04T10:07:41+00:00\">4 diciembre, 2020<\/time><time class=\"modify-date hide hidden updated\" datetime=\"2020-12-04T11:45:19+00:00\">4 diciembre, 2020<\/time><\/a><\/small>, <small class=\"meta-category\"><a href=\"https:\/\/www.goierrieskola.eus\/es\/category\/evento\/\" rel=\"category tag\">Evento-Jornada<\/a><\/small>, <small class=\"meta-comment-count\"><a href=\"https:\/\/www.goierrieskola.eus\/es\/examenes-de-certificacion-en-end-por-certiaend-en-goierri-eskola\/#comments\">0 <i class=\"icon-chat-1 hover-tip\" data-original-title=\"Esta publicaci\u00f3n tiene 0 comentarios\" data-toggle=\"tooltip\" data-placement=\"top\"><\/i><\/a><\/small>                <\/span>\n\n\t\t\t<\/div><!--end post-header-->\n\n\t\t\t\n\t\t\t\t\t\t\t\t\t<div class=\"post-info\">\n\n\t\t\t\t\t\t<div class=\"entry-summary\">\n\t\t\t\t\t\t\t<p> Durante estos d\u00edas, en\u00a0GOIERRI ESKOLA se est\u00e1 celebrando una nueva convocatoria para la realizaci\u00f3n de ex\u00e1menes para la...<\/p>\t\t\t\t\t\t<\/div><!-- .entry-summary -->\n\n\t\t\t\t\t<\/div><!--end post-info-->\n\t\t\t\t\n\t\t\t\n\t\t\n\t\t<div class=\"post-footer\">\n\t\t\t<small>\n\t\t\t\t<a href=\"#\" class=\"item-likes\" id=\"item-likes-11038\" title=\"Like this\"><span class=\"item-likes-count\">1<\/span> <span class=\"item-likes-postfix\">like<\/span><\/a>\n\t\t\t\t\t\t\t\t\t<a href=\"https:\/\/www.goierrieskola.eus\/es\/examenes-de-certificacion-en-end-por-certiaend-en-goierri-eskola\/\"><span class=\"muted pull-right\">\n\t\t\t\t\t\tLeer m\u00e1s<\/span>\n\t\t\t\t\t<\/a>\n\t\t\t\t\n\t\t\t<\/small>\n\t\t<\/div><!--end post-footer-->\n\n\t<\/div><!--end post-content-->\n<\/article>\n\n\n<article id=\"post-10951\" class=\"post-item post-10951 post type-post status-publish format-standard has-post-thumbnail hentry category-evento category-ingenieria-2\">\n\t<div class=\"post-content animated animate-when-almost-visible el-appear\">\n\n\t\t<div class=\"post-image\"><a href=\"https:\/\/www.goierrieskola.eus\/es\/live-demo-3d-imprimaketa-metalikoa\/\" class=\"element-wrap\"><img decoding=\"async\" data-src=\"https:\/\/www.goierrieskola.eus\/wp-content\/uploads\/2020\/11\/Markforged_LiveDemo-480x318.jpg\" alt=\"LIVE DEMO: Impresi\u00f3n Met\u00e1lica 3D.\" src=\"data:image\/svg+xml;base64,PHN2ZyB3aWR0aD0iMSIgaGVpZ2h0PSIxIiB4bWxucz0iaHR0cDovL3d3dy53My5vcmcvMjAwMC9zdmciPjwvc3ZnPg==\" class=\"lazyload\" style=\"--smush-placeholder-width: 480px; --smush-placeholder-aspect-ratio: 480\/318;\"><span class=\"hover-element\"><i>+<\/i><\/span><\/a><\/div><!--end post-image-->\n\t\t\n\t\t\t<div class=\"post-header\">\n\n\t\t\t\t\t\t\t\t\t<h3 class=\"post-title entry-title\"><a href=\"https:\/\/www.goierrieskola.eus\/es\/live-demo-3d-imprimaketa-metalikoa\/\">LIVE DEMO: Impresi\u00f3n Met\u00e1lica 3D.<\/a>\n\t\t\t\t\t<\/h3>\n\t\t\t\t\n\t\t\t\t<span class=\"post-meta\">\n                    <small><a href=\"https:\/\/www.goierrieskola.eus\/es\/live-demo-3d-imprimaketa-metalikoa\/\" rel=\"bookmark\" class=\"post-time\"><time class=\"entry-date\" datetime=\"2020-11-03T16:53:07+00:00\">3 noviembre, 2020<\/time><time class=\"modify-date hide hidden updated\" datetime=\"2022-06-10T10:48:56+00:00\">10 junio, 2022<\/time><\/a><\/small>, <small class=\"meta-category\"><a href=\"https:\/\/www.goierrieskola.eus\/es\/category\/evento\/\" rel=\"category tag\">Evento-Jornada<\/a>, <a href=\"https:\/\/www.goierrieskola.eus\/es\/category\/ingenieria-2\/\" rel=\"category tag\">Ingenier\u00eda<\/a><\/small>, <small class=\"meta-comment-count\"><a href=\"https:\/\/www.goierrieskola.eus\/es\/live-demo-3d-imprimaketa-metalikoa\/#comments\">0 <i class=\"icon-chat-1 hover-tip\" data-original-title=\"Esta publicaci\u00f3n tiene 0 comentarios\" data-toggle=\"tooltip\" data-placement=\"top\"><\/i><\/a><\/small>                <\/span>\n\n\t\t\t<\/div><!--end post-header-->\n\n\t\t\t\n\t\t\t\t\t\t\t\t\t<div class=\"post-info\">\n\n\t\t\t\t\t\t<div class=\"entry-summary\">\n\t\t\t\t\t\t\t<p> Accede a la grabaci\u00f3n de la LIVE DEMO! De la mano de Markforged\u00a0, y con la colaboraci\u00f3n de\u00a03DZ,...<\/p>\t\t\t\t\t\t<\/div><!-- .entry-summary -->\n\n\t\t\t\t\t<\/div><!--end post-info-->\n\t\t\t\t\n\t\t\t\n\t\t\n\t\t<div class=\"post-footer\">\n\t\t\t<small>\n\t\t\t\t<a href=\"#\" class=\"item-likes\" id=\"item-likes-10942\" title=\"Like this\"><span class=\"item-likes-count\">0<\/span> <span class=\"item-likes-postfix\">likes<\/span><\/a>\n\t\t\t\t\t\t\t\t\t<a href=\"https:\/\/www.goierrieskola.eus\/es\/live-demo-3d-imprimaketa-metalikoa\/\"><span class=\"muted pull-right\">\n\t\t\t\t\t\tLeer m\u00e1s<\/span>\n\t\t\t\t\t<\/a>\n\t\t\t\t\n\t\t\t<\/small>\n\t\t<\/div><!--end post-footer-->\n\n\t<\/div><!--end post-content-->\n<\/article>\n\n\n<article id=\"post-10425\" class=\"post-item post-10425 post type-post status-publish format-standard has-post-thumbnail hentry category-evento\">\n\t<div class=\"post-content animated animate-when-almost-visible el-appear\">\n\n\t\t<div class=\"post-image\"><a href=\"https:\/\/www.goierrieskola.eus\/es\/jornada-tecnica-sobre-seguridad-y-salud-30-de-octubre-en-goierri-eskola\/\" class=\"element-wrap\"><img decoding=\"async\" data-src=\"https:\/\/www.goierrieskola.eus\/wp-content\/uploads\/2019\/10\/Derrames_Denios2-e1571729457749-480x162.jpg\" alt=\"Jornada T\u00e9cnica sobre Seguridad y Salud: Almacenamiento de productos qu\u00edmicos \u2013 30 de Octubre en Goierri Eskola\" src=\"data:image\/svg+xml;base64,PHN2ZyB3aWR0aD0iMSIgaGVpZ2h0PSIxIiB4bWxucz0iaHR0cDovL3d3dy53My5vcmcvMjAwMC9zdmciPjwvc3ZnPg==\" class=\"lazyload\" style=\"--smush-placeholder-width: 480px; --smush-placeholder-aspect-ratio: 480\/162;\"><span class=\"hover-element\"><i>+<\/i><\/span><\/a><\/div><!--end post-image-->\n\t\t\n\t\t\t<div class=\"post-header\">\n\n\t\t\t\t\t\t\t\t\t<h3 class=\"post-title entry-title\"><a href=\"https:\/\/www.goierrieskola.eus\/es\/jornada-tecnica-sobre-seguridad-y-salud-30-de-octubre-en-goierri-eskola\/\">Jornada T\u00e9cnica sobre Seguridad y Salud: Almacenamiento de productos qu\u00edmicos \u2013 30 de Octubre en Goierri Eskola<\/a>\n\t\t\t\t\t<\/h3>\n\t\t\t\t\n\t\t\t\t<span class=\"post-meta\">\n                    <small><a href=\"https:\/\/www.goierrieskola.eus\/es\/jornada-tecnica-sobre-seguridad-y-salud-30-de-octubre-en-goierri-eskola\/\" rel=\"bookmark\" class=\"post-time\"><time class=\"entry-date\" datetime=\"2019-10-22T07:45:34+00:00\">22 octubre, 2019<\/time><time class=\"modify-date hide hidden updated\" datetime=\"2022-04-06T14:00:51+00:00\">6 abril, 2022<\/time><\/a><\/small>, <small class=\"meta-category\"><a href=\"https:\/\/www.goierrieskola.eus\/es\/category\/evento\/\" rel=\"category tag\">Evento-Jornada<\/a><\/small>, <small class=\"meta-comment-count\"><a href=\"https:\/\/www.goierrieskola.eus\/es\/jornada-tecnica-sobre-seguridad-y-salud-30-de-octubre-en-goierri-eskola\/#comments\">0 <i class=\"icon-chat-1 hover-tip\" data-original-title=\"Esta publicaci\u00f3n tiene 0 comentarios\" data-toggle=\"tooltip\" data-placement=\"top\"><\/i><\/a><\/small>                <\/span>\n\n\t\t\t<\/div><!--end post-header-->\n\n\t\t\t\n\t\t\t\t\t\t\t\t\t<div class=\"post-info\">\n\n\t\t\t\t\t\t<div class=\"entry-summary\">\n\t\t\t\t\t\t\t<p>Hola Goierri Eskola, englobada dentro de las jornadas SOI (Seguridad, Salud y Medioambiente, siglas en euskara) le invita a...<\/p>\t\t\t\t\t\t<\/div><!-- .entry-summary -->\n\n\t\t\t\t\t<\/div><!--end post-info-->\n\t\t\t\t\n\t\t\t\n\t\t\n\t\t<div class=\"post-footer\">\n\t\t\t<small>\n\t\t\t\t<a href=\"#\" class=\"item-likes\" id=\"item-likes-10417\" title=\"Like this\"><span class=\"item-likes-count\">0<\/span> <span class=\"item-likes-postfix\">likes<\/span><\/a>\n\t\t\t\t\t\t\t\t\t<a href=\"https:\/\/www.goierrieskola.eus\/es\/jornada-tecnica-sobre-seguridad-y-salud-30-de-octubre-en-goierri-eskola\/\"><span class=\"muted pull-right\">\n\t\t\t\t\t\tLeer m\u00e1s<\/span>\n\t\t\t\t\t<\/a>\n\t\t\t\t\n\t\t\t<\/small>\n\t\t<\/div><!--end post-footer-->\n\n\t<\/div><!--end post-content-->\n<\/article>\n\n\n<article id=\"post-10402\" class=\"post-item post-10402 post type-post status-publish format-standard has-post-thumbnail hentry category-evento\">\n\t<div class=\"post-content animated animate-when-almost-visible el-appear\">\n\n\t\t<div class=\"post-image\"><a href=\"https:\/\/www.goierrieskola.eus\/es\/jornada-tecnica-sobre-seguridad-quimica-24-de-octubre-en-goierri-eskola\/\" class=\"element-wrap\"><img decoding=\"async\" data-src=\"https:\/\/www.goierrieskola.eus\/wp-content\/uploads\/2019\/10\/AB_Kepa_Kepa_Director-de-Calidad-e-IDi_2-e1570796395314-480x182.jpg\" alt=\"Jornada T\u00e9cnica sobre Seguridad Qu\u00edmica &#8211; 24 de Octubre en Goierri Eskola\" src=\"data:image\/svg+xml;base64,PHN2ZyB3aWR0aD0iMSIgaGVpZ2h0PSIxIiB4bWxucz0iaHR0cDovL3d3dy53My5vcmcvMjAwMC9zdmciPjwvc3ZnPg==\" class=\"lazyload\" style=\"--smush-placeholder-width: 480px; --smush-placeholder-aspect-ratio: 480\/182;\"><span class=\"hover-element\"><i>+<\/i><\/span><\/a><\/div><!--end post-image-->\n\t\t\n\t\t\t<div class=\"post-header\">\n\n\t\t\t\t\t\t\t\t\t<h3 class=\"post-title entry-title\"><a href=\"https:\/\/www.goierrieskola.eus\/es\/jornada-tecnica-sobre-seguridad-quimica-24-de-octubre-en-goierri-eskola\/\">Jornada T\u00e9cnica sobre Seguridad Qu\u00edmica &#8211; 24 de Octubre en Goierri Eskola<\/a>\n\t\t\t\t\t<\/h3>\n\t\t\t\t\n\t\t\t\t<span class=\"post-meta\">\n                    <small><a href=\"https:\/\/www.goierrieskola.eus\/es\/jornada-tecnica-sobre-seguridad-quimica-24-de-octubre-en-goierri-eskola\/\" rel=\"bookmark\" class=\"post-time\"><time class=\"entry-date\" datetime=\"2019-10-11T12:32:40+00:00\">11 octubre, 2019<\/time><time class=\"modify-date hide hidden updated\" datetime=\"2019-10-14T08:48:31+00:00\">14 octubre, 2019<\/time><\/a><\/small>, <small class=\"meta-category\"><a href=\"https:\/\/www.goierrieskola.eus\/es\/category\/evento\/\" rel=\"category tag\">Evento-Jornada<\/a><\/small>, <small class=\"meta-comment-count\"><a href=\"https:\/\/www.goierrieskola.eus\/es\/jornada-tecnica-sobre-seguridad-quimica-24-de-octubre-en-goierri-eskola\/#comments\">0 <i class=\"icon-chat-1 hover-tip\" data-original-title=\"Esta publicaci\u00f3n tiene 0 comentarios\" data-toggle=\"tooltip\" data-placement=\"top\"><\/i><\/a><\/small>                <\/span>\n\n\t\t\t<\/div><!--end post-header-->\n\n\t\t\t\n\t\t\t\t\t\t\t\t\t<div class=\"post-info\">\n\n\t\t\t\t\t\t<div class=\"entry-summary\">\n\t\t\t\t\t\t\t<p>Hola Goierri Eskola, englobada dentro de las jornadas SOI (Seguridad, Salud y Medioambiente, siglas en euskara) le invita a...<\/p>\t\t\t\t\t\t<\/div><!-- .entry-summary -->\n\n\t\t\t\t\t<\/div><!--end post-info-->\n\t\t\t\t\n\t\t\t\n\t\t\n\t\t<div class=\"post-footer\">\n\t\t\t<small>\n\t\t\t\t<a href=\"#\" class=\"item-likes\" id=\"item-likes-10394\" title=\"Like this\"><span class=\"item-likes-count\">0<\/span> <span class=\"item-likes-postfix\">likes<\/span><\/a>\n\t\t\t\t\t\t\t\t\t<a href=\"https:\/\/www.goierrieskola.eus\/es\/jornada-tecnica-sobre-seguridad-quimica-24-de-octubre-en-goierri-eskola\/\"><span class=\"muted pull-right\">\n\t\t\t\t\t\tLeer m\u00e1s<\/span>\n\t\t\t\t\t<\/a>\n\t\t\t\t\n\t\t\t<\/small>\n\t\t<\/div><!--end post-footer-->\n\n\t<\/div><!--end post-content-->\n<\/article>\n\n\n<article id=\"post-8827\" class=\"post-item post-8827 post type-post status-publish format-standard hentry category-evento\">\n\t<div class=\"post-content animated animate-when-almost-visible el-appear\">\n\n\t\t\n\t\t\n\t\t\t<div class=\"post-header\">\n\n\t\t\t\t\t\t\t\t\t<h3 class=\"post-title entry-title\"><a href=\"https:\/\/www.goierrieskola.eus\/es\/jornada-de-puertas-abiertas-de-formacion-profesional\/\">Jornada de PUERTAS ABIERTAS de Formaci\u00f3n Profesional<\/a>\n\t\t\t\t\t<\/h3>\n\t\t\t\t\n\t\t\t\t<span class=\"post-meta\">\n                    <small><a href=\"https:\/\/www.goierrieskola.eus\/es\/jornada-de-puertas-abiertas-de-formacion-profesional\/\" rel=\"bookmark\" class=\"post-time\"><time class=\"entry-date\" datetime=\"2019-02-12T11:26:51+00:00\">12 febrero, 2019<\/time><time class=\"modify-date hide hidden updated\" datetime=\"2022-02-23T15:48:03+00:00\">23 febrero, 2022<\/time><\/a><\/small>, <small class=\"meta-category\"><a href=\"https:\/\/www.goierrieskola.eus\/es\/category\/evento\/\" rel=\"category tag\">Evento-Jornada<\/a><\/small>, <small class=\"meta-comment-count\"><a href=\"https:\/\/www.goierrieskola.eus\/es\/jornada-de-puertas-abiertas-de-formacion-profesional\/#comments\">0 <i class=\"icon-chat-1 hover-tip\" data-original-title=\"Esta publicaci\u00f3n tiene 0 comentarios\" data-toggle=\"tooltip\" data-placement=\"top\"><\/i><\/a><\/small>                <\/span>\n\n\t\t\t<\/div><!--end post-header-->\n\n\t\t\t\n\t\t\t\t\t\t\t\t\t<div class=\"post-info\">\n\n\t\t\t\t\t\t<div class=\"entry-summary\">\n\t\t\t\t\t\t\t<p>Estimada familia Con el objeto de informar sobre la oferta formativa de Formaci\u00f3n Profesional (grados superiores, grados medios y...<\/p>\t\t\t\t\t\t<\/div><!-- .entry-summary -->\n\n\t\t\t\t\t<\/div><!--end post-info-->\n\t\t\t\t\n\t\t\t\n\t\t\n\t\t<div class=\"post-footer\">\n\t\t\t<small>\n\t\t\t\t<a href=\"#\" class=\"item-likes\" id=\"item-likes-8825\" title=\"Like this\"><span class=\"item-likes-count\">0<\/span> <span class=\"item-likes-postfix\">likes<\/span><\/a>\n\t\t\t\t\t\t\t\t\t<a href=\"https:\/\/www.goierrieskola.eus\/es\/jornada-de-puertas-abiertas-de-formacion-profesional\/\"><span class=\"muted pull-right\">\n\t\t\t\t\t\tLeer m\u00e1s<\/span>\n\t\t\t\t\t<\/a>\n\t\t\t\t\n\t\t\t<\/small>\n\t\t<\/div><!--end post-footer-->\n\n\t<\/div><!--end post-content-->\n<\/article>\n\n\n<article id=\"post-7151\" class=\"post-item post-7151 post type-post status-publish format-standard has-post-thumbnail hentry category-evento\">\n\t<div class=\"post-content animated animate-when-almost-visible el-appear\">\n\n\t\t<div class=\"post-image\"><a href=\"https:\/\/www.goierrieskola.eus\/es\/jornada-de-puertas-abiertas-para-la-formacion-profesional\/\" class=\"element-wrap\"><img decoding=\"async\" data-src=\"https:\/\/www.goierrieskola.eus\/wp-content\/uploads\/2014\/11\/Empresas-480x110.jpg\" alt=\"JORNADA DE \u00abPUERTAS ABIERTAS\u00bb PARA LA FORMACI\u00d3N PROFESIONAL\" src=\"data:image\/svg+xml;base64,PHN2ZyB3aWR0aD0iMSIgaGVpZ2h0PSIxIiB4bWxucz0iaHR0cDovL3d3dy53My5vcmcvMjAwMC9zdmciPjwvc3ZnPg==\" class=\"lazyload\" style=\"--smush-placeholder-width: 480px; --smush-placeholder-aspect-ratio: 480\/110;\"><span class=\"hover-element\"><i>+<\/i><\/span><\/a><\/div><!--end post-image-->\n\t\t\n\t\t\t<div class=\"post-header\">\n\n\t\t\t\t\t\t\t\t\t<h3 class=\"post-title entry-title\"><a href=\"https:\/\/www.goierrieskola.eus\/es\/jornada-de-puertas-abiertas-para-la-formacion-profesional\/\">JORNADA DE \u00abPUERTAS ABIERTAS\u00bb PARA LA FORMACI\u00d3N PROFESIONAL<\/a>\n\t\t\t\t\t<\/h3>\n\t\t\t\t\n\t\t\t\t<span class=\"post-meta\">\n                    <small><a href=\"https:\/\/www.goierrieskola.eus\/es\/jornada-de-puertas-abiertas-para-la-formacion-profesional\/\" rel=\"bookmark\" class=\"post-time\"><time class=\"entry-date\" datetime=\"2015-04-16T15:34:14+00:00\">16 abril, 2015<\/time><time class=\"modify-date hide hidden updated\" datetime=\"2022-02-23T16:01:00+00:00\">23 febrero, 2022<\/time><\/a><\/small>, <small class=\"meta-category\"><a href=\"https:\/\/www.goierrieskola.eus\/es\/category\/evento\/\" rel=\"category tag\">Evento-Jornada<\/a><\/small>, <small class=\"meta-comment-count\"><a href=\"https:\/\/www.goierrieskola.eus\/es\/jornada-de-puertas-abiertas-para-la-formacion-profesional\/#comments\">0 <i class=\"icon-chat-1 hover-tip\" data-original-title=\"Esta publicaci\u00f3n tiene 0 comentarios\" data-toggle=\"tooltip\" data-placement=\"top\"><\/i><\/a><\/small>                <\/span>\n\n\t\t\t<\/div><!--end post-header-->\n\n\t\t\t\n\t\t\t\t\t\t\t\t\t<div class=\"post-info\">\n\n\t\t\t\t\t\t<div class=\"entry-summary\">\n\t\t\t\t\t\t\t<p>Estimados sr\/sra, Con el objeto de informar sobre la oferta formativa de Formaci\u00f3n Profesional (grados superior, grados medios y...<\/p>\t\t\t\t\t\t<\/div><!-- .entry-summary -->\n\n\t\t\t\t\t<\/div><!--end post-info-->\n\t\t\t\t\n\t\t\t\n\t\t\n\t\t<div class=\"post-footer\">\n\t\t\t<small>\n\t\t\t\t<a href=\"#\" class=\"item-likes\" id=\"item-likes-7147\" title=\"Like this\"><span class=\"item-likes-count\">3<\/span> <span class=\"item-likes-postfix\">likes<\/span><\/a>\n\t\t\t\t\t\t\t\t\t<a href=\"https:\/\/www.goierrieskola.eus\/es\/jornada-de-puertas-abiertas-para-la-formacion-profesional\/\"><span class=\"muted pull-right\">\n\t\t\t\t\t\tLeer m\u00e1s<\/span>\n\t\t\t\t\t<\/a>\n\t\t\t\t\n\t\t\t<\/small>\n\t\t<\/div><!--end post-footer-->\n\n\t<\/div><!--end post-content-->\n<\/article>\n\n\n<article id=\"post-6880\" class=\"post-item post-6880 post type-post status-publish format-standard has-post-thumbnail hentry category-evento\">\n\t<div class=\"post-content animated animate-when-almost-visible el-appear\">\n\n\t\t<div class=\"post-image\"><a href=\"https:\/\/www.goierrieskola.eus\/es\/ponencia-nuevas-iso-90012015-e-iso-140012015\/\" class=\"element-wrap\"><img decoding=\"async\" data-src=\"https:\/\/www.goierrieskola.eus\/wp-content\/uploads\/2015\/02\/Ponencia_AENOR_Cristina_Garcia_desta-480x177.jpg\" alt=\"Ponencia: Nuevas ISO 9001:2015 e ISO 14001:2015\" src=\"data:image\/svg+xml;base64,PHN2ZyB3aWR0aD0iMSIgaGVpZ2h0PSIxIiB4bWxucz0iaHR0cDovL3d3dy53My5vcmcvMjAwMC9zdmciPjwvc3ZnPg==\" class=\"lazyload\" style=\"--smush-placeholder-width: 480px; --smush-placeholder-aspect-ratio: 480\/177;\"><span class=\"hover-element\"><i>+<\/i><\/span><\/a><\/div><!--end post-image-->\n\t\t\n\t\t\t<div class=\"post-header\">\n\n\t\t\t\t\t\t\t\t\t<h3 class=\"post-title entry-title\"><a href=\"https:\/\/www.goierrieskola.eus\/es\/ponencia-nuevas-iso-90012015-e-iso-140012015\/\">Ponencia: Nuevas ISO 9001:2015 e ISO 14001:2015<\/a>\n\t\t\t\t\t<\/h3>\n\t\t\t\t\n\t\t\t\t<span class=\"post-meta\">\n                    <small><a href=\"https:\/\/www.goierrieskola.eus\/es\/ponencia-nuevas-iso-90012015-e-iso-140012015\/\" rel=\"bookmark\" class=\"post-time\"><time class=\"entry-date\" datetime=\"2015-02-24T09:51:43+00:00\">24 febrero, 2015<\/time><time class=\"modify-date hide hidden updated\" datetime=\"2015-02-25T10:30:54+00:00\">25 febrero, 2015<\/time><\/a><\/small>, <small class=\"meta-category\"><a href=\"https:\/\/www.goierrieskola.eus\/es\/category\/evento\/\" rel=\"category tag\">Evento-Jornada<\/a><\/small>, <small class=\"meta-comment-count\"><a href=\"https:\/\/www.goierrieskola.eus\/es\/ponencia-nuevas-iso-90012015-e-iso-140012015\/#comments\">0 <i class=\"icon-chat-1 hover-tip\" data-original-title=\"Esta publicaci\u00f3n tiene 0 comentarios\" data-toggle=\"tooltip\" data-placement=\"top\"><\/i><\/a><\/small>                <\/span>\n\n\t\t\t<\/div><!--end post-header-->\n\n\t\t\t\n\t\t\t\t\t\t\t\t\t<div class=\"post-info\">\n\n\t\t\t\t\t\t<div class=\"entry-summary\">\n\t\t\t\t\t\t\t<p>Estimados Sr.\/Sra. Goierri Eskola les invita a la ponencia sobre \u201cLos cambios en las nuevas normas ISO 9001:2015 e...<\/p>\t\t\t\t\t\t<\/div><!-- .entry-summary -->\n\n\t\t\t\t\t<\/div><!--end post-info-->\n\t\t\t\t\n\t\t\t\n\t\t\n\t\t<div class=\"post-footer\">\n\t\t\t<small>\n\t\t\t\t<a href=\"#\" class=\"item-likes\" id=\"item-likes-6907\" title=\"Like this\"><span class=\"item-likes-count\">1<\/span> <span class=\"item-likes-postfix\">like<\/span><\/a>\n\t\t\t\t\t\t\t\t\t<a href=\"https:\/\/www.goierrieskola.eus\/es\/ponencia-nuevas-iso-90012015-e-iso-140012015\/\"><span class=\"muted pull-right\">\n\t\t\t\t\t\tLeer m\u00e1s<\/span>\n\t\t\t\t\t<\/a>\n\t\t\t\t\n\t\t\t<\/small>\n\t\t<\/div><!--end post-footer-->\n\n\t<\/div><!--end post-content-->\n<\/article>\n\n\n\t<\/div> <!-- END post listing -->\n\n\t\n[\/vc_tta_section][vc_tta_section title=\u00bbCursos\u00bb tab_id=\u00bb1645633621170-9505348a-e8ca\u00bb]\n\t<div class=\"sq-posts-data\" style=\"display: none;\"><input type=\"hidden\" id=\"post-security\" name=\"post-security\" value=\"40f71b4de0\" \/><input type=\"hidden\" name=\"_wp_http_referer\" value=\"\/es\/wp-json\/wp\/v2\/pages\/6335\" \/><input type=\"hidden\" name=\"pitem\" value=\"0\"><input type=\"hidden\" name=\"post_id\" value=\"6880\"><\/div>\n\t\n\t\n\t\t<div class=\"posts-listing responsive-cols kleo-masonry per-row-4 no-meta no-footer masonry-listing\">\n\n\t\n\t\n<article id=\"post-15528\" class=\"post-item post-15528 post type-post status-publish format-aside has-post-thumbnail hentry category-cursos category-ikastaroak-es post_format-post-format-aside\">\n\t<div class=\"post-content animated animate-when-almost-visible el-appear\">\n\n\t\t<div class=\"post-image\"><a href=\"https:\/\/www.goierrieskola.eus\/es\/langile-eta-langabetuentzako-ikastaroak\/\" class=\"element-wrap\"><img decoding=\"async\" data-src=\"https:\/\/www.goierrieskola.eus\/wp-content\/uploads\/2023\/01\/pexels-peter-olexa-4012966-1-480x320.jpg\" alt=\"Cursos para trabajadores y desempleados\" src=\"data:image\/svg+xml;base64,PHN2ZyB3aWR0aD0iMSIgaGVpZ2h0PSIxIiB4bWxucz0iaHR0cDovL3d3dy53My5vcmcvMjAwMC9zdmciPjwvc3ZnPg==\" class=\"lazyload\" style=\"--smush-placeholder-width: 480px; --smush-placeholder-aspect-ratio: 480\/320;\"><span class=\"hover-element\"><i>+<\/i><\/span><\/a><\/div><!--end post-image-->\n\t\t\n\t\t\t<div class=\"post-header\">\n\n\t\t\t\t\t\t\t\t\t<h3 class=\"post-title entry-title\"><a href=\"https:\/\/www.goierrieskola.eus\/es\/langile-eta-langabetuentzako-ikastaroak\/\">Cursos para trabajadores y desempleados<\/a>\n\t\t\t\t\t<\/h3>\n\t\t\t\t\n\t\t\t\t<span class=\"post-meta\">\n                    <small><a href=\"https:\/\/www.goierrieskola.eus\/es\/langile-eta-langabetuentzako-ikastaroak\/\" rel=\"bookmark\" class=\"post-time\"><time class=\"entry-date\" datetime=\"2023-01-25T15:50:04+00:00\">25 enero, 2023<\/time><time class=\"modify-date hide hidden updated\" datetime=\"2023-01-25T15:50:30+00:00\">25 enero, 2023<\/time><\/a><\/small>, <small class=\"meta-category\"><a href=\"https:\/\/www.goierrieskola.eus\/es\/category\/cursos\/\" rel=\"category tag\">Cursos<\/a>, <a href=\"https:\/\/www.goierrieskola.eus\/es\/category\/ikastaroak-es\/\" rel=\"category tag\">Ikastaroak<\/a><\/small>, <small class=\"meta-comment-count\"><a href=\"https:\/\/www.goierrieskola.eus\/es\/langile-eta-langabetuentzako-ikastaroak\/#comments\">0 <i class=\"icon-chat-1 hover-tip\" data-original-title=\"Esta publicaci\u00f3n tiene 0 comentarios\" data-toggle=\"tooltip\" data-placement=\"top\"><\/i><\/a><\/small>                <\/span>\n\n\t\t\t<\/div><!--end post-header-->\n\n\t\t\t\n\t\t\t\t\t\t\t\t\t<div class=\"post-info\">\n\n\t\t\t\t\t\t<div class=\"entry-summary\">\n\t\t\t\t\t\t\t<p> \u00bfQuieres mejorar tus habilidades o aumentar las posibilidades de conseguir un trabajo? Con el inicio del a\u00f1o 2023,...<\/p>\t\t\t\t\t\t<\/div><!-- .entry-summary -->\n\n\t\t\t\t\t<\/div><!--end post-info-->\n\t\t\t\t\n\t\t\t\n\t\t\n\t\t<div class=\"post-footer\">\n\t\t\t<small>\n\t\t\t\t<a href=\"#\" class=\"item-likes\" id=\"item-likes-15492\" title=\"Like this\"><span class=\"item-likes-count\">1<\/span> <span class=\"item-likes-postfix\">like<\/span><\/a>\n\t\t\t\t\t\t\t\t\t<a href=\"https:\/\/www.goierrieskola.eus\/es\/langile-eta-langabetuentzako-ikastaroak\/\"><span class=\"muted pull-right\">\n\t\t\t\t\t\tLeer m\u00e1s<\/span>\n\t\t\t\t\t<\/a>\n\t\t\t\t\n\t\t\t<\/small>\n\t\t<\/div><!--end post-footer-->\n\n\t<\/div><!--end post-content-->\n<\/article>\n\n\n<article id=\"post-14546\" class=\"post-item post-14546 post type-post status-publish format-aside has-post-thumbnail hentry category-cursos category-ikastaroak-es post_format-post-format-aside\">\n\t<div class=\"post-content animated animate-when-almost-visible el-appear\">\n\n\t\t<div class=\"post-image\"><a href=\"https:\/\/www.goierrieskola.eus\/es\/curso-avanzado-en-gestion-industrial-2\/\" class=\"element-wrap\"><img decoding=\"async\" data-src=\"https:\/\/www.goierrieskola.eus\/wp-content\/uploads\/2022\/03\/220111-CAGI-480x402.png\" alt=\"Curso Avanzado en Gesti\u00f3n Industrial\" src=\"data:image\/svg+xml;base64,PHN2ZyB3aWR0aD0iMSIgaGVpZ2h0PSIxIiB4bWxucz0iaHR0cDovL3d3dy53My5vcmcvMjAwMC9zdmciPjwvc3ZnPg==\" class=\"lazyload\" style=\"--smush-placeholder-width: 480px; --smush-placeholder-aspect-ratio: 480\/402;\"><span class=\"hover-element\"><i>+<\/i><\/span><\/a><\/div><!--end post-image-->\n\t\t\n\t\t\t<div class=\"post-header\">\n\n\t\t\t\t\t\t\t\t\t<h3 class=\"post-title entry-title\"><a href=\"https:\/\/www.goierrieskola.eus\/es\/curso-avanzado-en-gestion-industrial-2\/\">Curso Avanzado en Gesti\u00f3n Industrial<\/a>\n\t\t\t\t\t<\/h3>\n\t\t\t\t\n\t\t\t\t<span class=\"post-meta\">\n                    <small><a href=\"https:\/\/www.goierrieskola.eus\/es\/curso-avanzado-en-gestion-industrial-2\/\" rel=\"bookmark\" class=\"post-time\"><time class=\"entry-date\" datetime=\"2022-01-11T14:18:41+00:00\">11 enero, 2022<\/time><time class=\"modify-date hide hidden updated\" datetime=\"2024-10-03T14:09:52+00:00\">3 octubre, 2024<\/time><\/a><\/small>, <small class=\"meta-category\"><a href=\"https:\/\/www.goierrieskola.eus\/es\/category\/cursos\/\" rel=\"category tag\">Cursos<\/a>, <a href=\"https:\/\/www.goierrieskola.eus\/es\/category\/ikastaroak-es\/\" rel=\"category tag\">Ikastaroak<\/a><\/small>, <small class=\"meta-comment-count\"><a href=\"https:\/\/www.goierrieskola.eus\/es\/curso-avanzado-en-gestion-industrial-2\/#comments\">0 <i class=\"icon-chat-1 hover-tip\" data-original-title=\"Esta publicaci\u00f3n tiene 0 comentarios\" data-toggle=\"tooltip\" data-placement=\"top\"><\/i><\/a><\/small>                <\/span>\n\n\t\t\t<\/div><!--end post-header-->\n\n\t\t\t\n\t\t\t\t\t\t\t\t\t<div class=\"post-info\">\n\n\t\t\t\t\t\t<div class=\"entry-summary\">\n\t\t\t\t\t\t\t<p> Este curso, organizado por Goierri Eskola y\u00a0Mondragon Unibertsitatea,\u00a0se celebrar\u00e1 una nueva edici\u00f3n del\u00a0Curso Avanzado en Gesti\u00f3n Industrial. Para...<\/p>\t\t\t\t\t\t<\/div><!-- .entry-summary -->\n\n\t\t\t\t\t<\/div><!--end post-info-->\n\t\t\t\t\n\t\t\t\n\t\t\n\t\t<div class=\"post-footer\">\n\t\t\t<small>\n\t\t\t\t<a href=\"#\" class=\"item-likes\" id=\"item-likes-14541\" title=\"Like this\"><span class=\"item-likes-count\">0<\/span> <span class=\"item-likes-postfix\">likes<\/span><\/a>\n\t\t\t\t\t\t\t\t\t<a href=\"https:\/\/www.goierrieskola.eus\/es\/curso-avanzado-en-gestion-industrial-2\/\"><span class=\"muted pull-right\">\n\t\t\t\t\t\tLeer m\u00e1s<\/span>\n\t\t\t\t\t<\/a>\n\t\t\t\t\n\t\t\t<\/small>\n\t\t<\/div><!--end post-footer-->\n\n\t<\/div><!--end post-content-->\n<\/article>\n\n\n<article id=\"post-11897\" class=\"post-item post-11897 post type-post status-publish format-aside has-post-thumbnail hentry category-cursos category-ikastaroak-es post_format-post-format-aside\">\n\t<div class=\"post-content animated animate-when-almost-visible el-appear\">\n\n\t\t<div class=\"post-image\"><a href=\"https:\/\/www.goierrieskola.eus\/es\/curso-avanzado-en-gestion-industrial\/\" class=\"element-wrap\"><img decoding=\"async\" data-src=\"https:\/\/www.goierrieskola.eus\/wp-content\/uploads\/2021\/11\/banner2-480x240.png\" alt=\"Curso Avanzado en Gesti\u00f3n Industrial\" src=\"data:image\/svg+xml;base64,PHN2ZyB3aWR0aD0iMSIgaGVpZ2h0PSIxIiB4bWxucz0iaHR0cDovL3d3dy53My5vcmcvMjAwMC9zdmciPjwvc3ZnPg==\" class=\"lazyload\" style=\"--smush-placeholder-width: 480px; --smush-placeholder-aspect-ratio: 480\/240;\"><span class=\"hover-element\"><i>+<\/i><\/span><\/a><\/div><!--end post-image-->\n\t\t\n\t\t\t<div class=\"post-header\">\n\n\t\t\t\t\t\t\t\t\t<h3 class=\"post-title entry-title\"><a href=\"https:\/\/www.goierrieskola.eus\/es\/curso-avanzado-en-gestion-industrial\/\">Curso Avanzado en Gesti\u00f3n Industrial<\/a>\n\t\t\t\t\t<\/h3>\n\t\t\t\t\n\t\t\t\t<span class=\"post-meta\">\n                    <small><a href=\"https:\/\/www.goierrieskola.eus\/es\/curso-avanzado-en-gestion-industrial\/\" rel=\"bookmark\" class=\"post-time\"><time class=\"entry-date\" datetime=\"2021-11-15T15:18:47+00:00\">15 noviembre, 2021<\/time><time class=\"modify-date hide hidden updated\" datetime=\"2022-06-10T10:48:56+00:00\">10 junio, 2022<\/time><\/a><\/small>, <small class=\"meta-category\"><a href=\"https:\/\/www.goierrieskola.eus\/es\/category\/cursos\/\" rel=\"category tag\">Cursos<\/a>, <a href=\"https:\/\/www.goierrieskola.eus\/es\/category\/ikastaroak-es\/\" rel=\"category tag\">Ikastaroak<\/a><\/small>, <small class=\"meta-comment-count\"><a href=\"https:\/\/www.goierrieskola.eus\/es\/curso-avanzado-en-gestion-industrial\/#comments\">0 <i class=\"icon-chat-1 hover-tip\" data-original-title=\"Esta publicaci\u00f3n tiene 0 comentarios\" data-toggle=\"tooltip\" data-placement=\"top\"><\/i><\/a><\/small>                <\/span>\n\n\t\t\t<\/div><!--end post-header-->\n\n\t\t\t\n\t\t\t\t\t\t\t\t\t<div class=\"post-info\">\n\n\t\t\t\t\t\t<div class=\"entry-summary\">\n\t\t\t\t\t\t\t<p> Este curso, organizado por Goierri Eskola y\u00a0Mondragon Unibertsitatea,\u00a0se celebrar\u00e1 una nueva edici\u00f3n del\u00a0Curso Avanzado en Gesti\u00f3n Industrial. Para...<\/p>\t\t\t\t\t\t<\/div><!-- .entry-summary -->\n\n\t\t\t\t\t<\/div><!--end post-info-->\n\t\t\t\t\n\t\t\t\n\t\t\n\t\t<div class=\"post-footer\">\n\t\t\t<small>\n\t\t\t\t<a href=\"#\" class=\"item-likes\" id=\"item-likes-11892\" title=\"Like this\"><span class=\"item-likes-count\">0<\/span> <span class=\"item-likes-postfix\">likes<\/span><\/a>\n\t\t\t\t\t\t\t\t\t<a href=\"https:\/\/www.goierrieskola.eus\/es\/curso-avanzado-en-gestion-industrial\/\"><span class=\"muted pull-right\">\n\t\t\t\t\t\tLeer m\u00e1s<\/span>\n\t\t\t\t\t<\/a>\n\t\t\t\t\n\t\t\t<\/small>\n\t\t<\/div><!--end post-footer-->\n\n\t<\/div><!--end post-content-->\n<\/article>\n\n\n<article id=\"post-11223\" class=\"post-item post-11223 post type-post status-publish format-aside has-post-thumbnail hentry category-cursos category-ikastaroak-es post_format-post-format-aside\">\n\t<div class=\"post-content animated animate-when-almost-visible el-appear\">\n\n\t\t<div class=\"post-image\"><a href=\"https:\/\/www.goierrieskola.eus\/es\/kudeaketa-industrialeko-ikastaro-aurreratua\/\" class=\"element-wrap\"><img decoding=\"async\" data-src=\"https:\/\/www.goierrieskola.eus\/wp-content\/uploads\/2021\/01\/2021-05-06_CAGI_informativa-480x251.png\" alt=\"Curso avanzado de Gesti\u00f3n Industrial\" src=\"data:image\/svg+xml;base64,PHN2ZyB3aWR0aD0iMSIgaGVpZ2h0PSIxIiB4bWxucz0iaHR0cDovL3d3dy53My5vcmcvMjAwMC9zdmciPjwvc3ZnPg==\" class=\"lazyload\" style=\"--smush-placeholder-width: 480px; --smush-placeholder-aspect-ratio: 480\/251;\"><span class=\"hover-element\"><i>+<\/i><\/span><\/a><\/div><!--end post-image-->\n\t\t\n\t\t\t<div class=\"post-header\">\n\n\t\t\t\t\t\t\t\t\t<h3 class=\"post-title entry-title\"><a href=\"https:\/\/www.goierrieskola.eus\/es\/kudeaketa-industrialeko-ikastaro-aurreratua\/\">Curso avanzado de Gesti\u00f3n Industrial<\/a>\n\t\t\t\t\t<\/h3>\n\t\t\t\t\n\t\t\t\t<span class=\"post-meta\">\n                    <small><a href=\"https:\/\/www.goierrieskola.eus\/es\/kudeaketa-industrialeko-ikastaro-aurreratua\/\" rel=\"bookmark\" class=\"post-time\"><time class=\"entry-date\" datetime=\"2021-01-27T13:17:59+00:00\">27 enero, 2021<\/time><time class=\"modify-date hide hidden updated\" datetime=\"2022-06-10T10:50:50+00:00\">10 junio, 2022<\/time><\/a><\/small>, <small class=\"meta-category\"><a href=\"https:\/\/www.goierrieskola.eus\/es\/category\/cursos\/\" rel=\"category tag\">Cursos<\/a>, <a href=\"https:\/\/www.goierrieskola.eus\/es\/category\/ikastaroak-es\/\" rel=\"category tag\">Ikastaroak<\/a><\/small>, <small class=\"meta-comment-count\"><a href=\"https:\/\/www.goierrieskola.eus\/es\/kudeaketa-industrialeko-ikastaro-aurreratua\/#comments\">0 <i class=\"icon-chat-1 hover-tip\" data-original-title=\"Esta publicaci\u00f3n tiene 0 comentarios\" data-toggle=\"tooltip\" data-placement=\"top\"><\/i><\/a><\/small>                <\/span>\n\n\t\t\t<\/div><!--end post-header-->\n\n\t\t\t\n\t\t\t\t\t\t\t\t\t<div class=\"post-info\">\n\n\t\t\t\t\t\t<div class=\"entry-summary\">\n\t\t\t\t\t\t\t<p>Por cuarto a\u00f1o consecutivo,\u00a0Goierri Eskola, en colaboraci\u00f3n con\u00a0Mondragon Unibertsitatea, organiza el CURSO AVANZADO EN GESTION INDUSTRIAL. Datos del curso:...<\/p>\t\t\t\t\t\t<\/div><!-- .entry-summary -->\n\n\t\t\t\t\t<\/div><!--end post-info-->\n\t\t\t\t\n\t\t\t\n\t\t\n\t\t<div class=\"post-footer\">\n\t\t\t<small>\n\t\t\t\t<a href=\"#\" class=\"item-likes\" id=\"item-likes-11211\" title=\"Like this\"><span class=\"item-likes-count\">0<\/span> <span class=\"item-likes-postfix\">likes<\/span><\/a>\n\t\t\t\t\t\t\t\t\t<a href=\"https:\/\/www.goierrieskola.eus\/es\/kudeaketa-industrialeko-ikastaro-aurreratua\/\"><span class=\"muted pull-right\">\n\t\t\t\t\t\tLeer m\u00e1s<\/span>\n\t\t\t\t\t<\/a>\n\t\t\t\t\n\t\t\t<\/small>\n\t\t<\/div><!--end post-footer-->\n\n\t<\/div><!--end post-content-->\n<\/article>\n\n\n<article id=\"post-11012\" class=\"post-item post-11012 post type-post status-publish format-aside has-post-thumbnail hentry category-cursos post_format-post-format-aside\">\n\t<div class=\"post-content animated animate-when-almost-visible el-appear\">\n\n\t\t<div class=\"post-image\"><a href=\"https:\/\/www.goierrieskola.eus\/es\/langabetuentzako-ikastaroak\/\" class=\"element-wrap\"><img decoding=\"async\" data-src=\"https:\/\/www.goierrieskola.eus\/wp-content\/uploads\/2020\/12\/kurtsoak-480x279.jpg\" alt=\"Cursos para desempleados\" src=\"data:image\/svg+xml;base64,PHN2ZyB3aWR0aD0iMSIgaGVpZ2h0PSIxIiB4bWxucz0iaHR0cDovL3d3dy53My5vcmcvMjAwMC9zdmciPjwvc3ZnPg==\" class=\"lazyload\" style=\"--smush-placeholder-width: 480px; --smush-placeholder-aspect-ratio: 480\/279;\"><span class=\"hover-element\"><i>+<\/i><\/span><\/a><\/div><!--end post-image-->\n\t\t\n\t\t\t<div class=\"post-header\">\n\n\t\t\t\t\t\t\t\t\t<h3 class=\"post-title entry-title\"><a href=\"https:\/\/www.goierrieskola.eus\/es\/langabetuentzako-ikastaroak\/\">Cursos para desempleados<\/a>\n\t\t\t\t\t<\/h3>\n\t\t\t\t\n\t\t\t\t<span class=\"post-meta\">\n                    <small><a href=\"https:\/\/www.goierrieskola.eus\/es\/langabetuentzako-ikastaroak\/\" rel=\"bookmark\" class=\"post-time\"><time class=\"entry-date\" datetime=\"2020-12-03T14:08:03+00:00\">3 diciembre, 2020<\/time><time class=\"modify-date hide hidden updated\" datetime=\"2022-02-23T15:39:58+00:00\">23 febrero, 2022<\/time><\/a><\/small>, <small class=\"meta-category\"><a href=\"https:\/\/www.goierrieskola.eus\/es\/category\/cursos\/\" rel=\"category tag\">Cursos<\/a><\/small>, <small class=\"meta-comment-count\"><a href=\"https:\/\/www.goierrieskola.eus\/es\/langabetuentzako-ikastaroak\/#comments\">0 <i class=\"icon-chat-1 hover-tip\" data-original-title=\"Esta publicaci\u00f3n tiene 0 comentarios\" data-toggle=\"tooltip\" data-placement=\"top\"><\/i><\/a><\/small>                <\/span>\n\n\t\t\t<\/div><!--end post-header-->\n\n\t\t\t\n\t\t\t\t\t\t\t\t\t<div class=\"post-info\">\n\n\t\t\t\t\t\t<div class=\"entry-summary\">\n\t\t\t\t\t\t\t<p>OBJETIVO DEL CURSO: Realizar las operaciones de la gesti\u00f3n administrativa de compraventa de productos y servicios, tesorer\u00eda y personal,...<\/p>\t\t\t\t\t\t<\/div><!-- .entry-summary -->\n\n\t\t\t\t\t<\/div><!--end post-info-->\n\t\t\t\t\n\t\t\t\n\t\t\n\t\t<div class=\"post-footer\">\n\t\t\t<small>\n\t\t\t\t<a href=\"#\" class=\"item-likes\" id=\"item-likes-11003\" title=\"Like this\"><span class=\"item-likes-count\">1<\/span> <span class=\"item-likes-postfix\">like<\/span><\/a>\n\t\t\t\t\t\t\t\t\t<a href=\"https:\/\/www.goierrieskola.eus\/es\/langabetuentzako-ikastaroak\/\"><span class=\"muted pull-right\">\n\t\t\t\t\t\tLeer m\u00e1s<\/span>\n\t\t\t\t\t<\/a>\n\t\t\t\t\n\t\t\t<\/small>\n\t\t<\/div><!--end post-footer-->\n\n\t<\/div><!--end post-content-->\n<\/article>\n\n\n<article id=\"post-10560\" class=\"post-item post-10560 post type-post status-publish format-standard has-post-thumbnail hentry category-cursos\">\n\t<div class=\"post-content animated animate-when-almost-visible el-appear\">\n\n\t\t<div class=\"post-image\"><a href=\"https:\/\/www.goierrieskola.eus\/es\/certificado-profesional-soldadura-oxigas-mig-mag-unidad-formativa-soldadura-tig\/\" class=\"element-wrap\"><img decoding=\"async\" data-src=\"https:\/\/www.goierrieskola.eus\/wp-content\/uploads\/2020\/03\/oxigas-480x172.png\" alt=\"Certificado profesional Soldadura OXIG\u00c1S, MIG\/MAG  + unidad formativa soldadura TIG\" src=\"data:image\/svg+xml;base64,PHN2ZyB3aWR0aD0iMSIgaGVpZ2h0PSIxIiB4bWxucz0iaHR0cDovL3d3dy53My5vcmcvMjAwMC9zdmciPjwvc3ZnPg==\" class=\"lazyload\" style=\"--smush-placeholder-width: 480px; --smush-placeholder-aspect-ratio: 480\/172;\"><span class=\"hover-element\"><i>+<\/i><\/span><\/a><\/div><!--end post-image-->\n\t\t\n\t\t\t<div class=\"post-header\">\n\n\t\t\t\t\t\t\t\t\t<h3 class=\"post-title entry-title\"><a href=\"https:\/\/www.goierrieskola.eus\/es\/certificado-profesional-soldadura-oxigas-mig-mag-unidad-formativa-soldadura-tig\/\">Certificado profesional Soldadura OXIG\u00c1S, MIG\/MAG  + unidad formativa soldadura TIG<\/a>\n\t\t\t\t\t<\/h3>\n\t\t\t\t\n\t\t\t\t<span class=\"post-meta\">\n                    <small><a href=\"https:\/\/www.goierrieskola.eus\/es\/certificado-profesional-soldadura-oxigas-mig-mag-unidad-formativa-soldadura-tig\/\" rel=\"bookmark\" class=\"post-time\"><time class=\"entry-date\" datetime=\"2020-03-26T13:37:34+00:00\">26 marzo, 2020<\/time><time class=\"modify-date hide hidden updated\" datetime=\"2022-02-23T15:43:52+00:00\">23 febrero, 2022<\/time><\/a><\/small>, <small class=\"meta-category\"><a href=\"https:\/\/www.goierrieskola.eus\/es\/category\/cursos\/\" rel=\"category tag\">Cursos<\/a><\/small>, <small class=\"meta-comment-count\"><a href=\"https:\/\/www.goierrieskola.eus\/es\/certificado-profesional-soldadura-oxigas-mig-mag-unidad-formativa-soldadura-tig\/#comments\">0 <i class=\"icon-chat-1 hover-tip\" data-original-title=\"Esta publicaci\u00f3n tiene 0 comentarios\" data-toggle=\"tooltip\" data-placement=\"top\"><\/i><\/a><\/small>                <\/span>\n\n\t\t\t<\/div><!--end post-header-->\n\n\t\t\t\n\t\t\t\t\t\t\t\t\t<div class=\"post-info\">\n\n\t\t\t\t\t\t<div class=\"entry-summary\">\n\t\t\t\t\t\t\t<p>OBJETIVOS DEL CURSO: Realizar soldaduras y proyecciones t\u00e9rmicas por oxig\u00e1s, soldaduras con arco bajo gas protector con electrodo consumible...<\/p>\t\t\t\t\t\t<\/div><!-- .entry-summary -->\n\n\t\t\t\t\t<\/div><!--end post-info-->\n\t\t\t\t\n\t\t\t\n\t\t\n\t\t<div class=\"post-footer\">\n\t\t\t<small>\n\t\t\t\t<a href=\"#\" class=\"item-likes\" id=\"item-likes-10546\" title=\"Like this\"><span class=\"item-likes-count\">0<\/span> <span class=\"item-likes-postfix\">likes<\/span><\/a>\n\t\t\t\t\t\t\t\t\t<a href=\"https:\/\/www.goierrieskola.eus\/es\/certificado-profesional-soldadura-oxigas-mig-mag-unidad-formativa-soldadura-tig\/\"><span class=\"muted pull-right\">\n\t\t\t\t\t\tLeer m\u00e1s<\/span>\n\t\t\t\t\t<\/a>\n\t\t\t\t\n\t\t\t<\/small>\n\t\t<\/div><!--end post-footer-->\n\n\t<\/div><!--end post-content-->\n<\/article>\n\n\n<article id=\"post-8969\" class=\"post-item post-8969 post type-post status-publish format-standard has-post-thumbnail hentry category-cursos category-ikastaroak-es\">\n\t<div class=\"post-content animated animate-when-almost-visible el-appear\">\n\n\t\t<div class=\"post-image\"><a href=\"https:\/\/www.goierrieskola.eus\/es\/kanpamentu-teknologikoak-2019ko-uda\/\" class=\"element-wrap\"><img decoding=\"async\" data-src=\"https:\/\/www.goierrieskola.eus\/wp-content\/uploads\/2017\/05\/SLIDER-KT-480x166.jpg\" alt=\"CAMPAMENTOS TECNOL\u00d3GICOS &#8211; VERANO 2019\" src=\"data:image\/svg+xml;base64,PHN2ZyB3aWR0aD0iMSIgaGVpZ2h0PSIxIiB4bWxucz0iaHR0cDovL3d3dy53My5vcmcvMjAwMC9zdmciPjwvc3ZnPg==\" class=\"lazyload\" style=\"--smush-placeholder-width: 480px; --smush-placeholder-aspect-ratio: 480\/166;\"><span class=\"hover-element\"><i>+<\/i><\/span><\/a><\/div><!--end post-image-->\n\t\t\n\t\t\t<div class=\"post-header\">\n\n\t\t\t\t\t\t\t\t\t<h3 class=\"post-title entry-title\"><a href=\"https:\/\/www.goierrieskola.eus\/es\/kanpamentu-teknologikoak-2019ko-uda\/\">CAMPAMENTOS TECNOL\u00d3GICOS &#8211; VERANO 2019<\/a>\n\t\t\t\t\t<\/h3>\n\t\t\t\t\n\t\t\t\t<span class=\"post-meta\">\n                    <small><a href=\"https:\/\/www.goierrieskola.eus\/es\/kanpamentu-teknologikoak-2019ko-uda\/\" rel=\"bookmark\" class=\"post-time\"><time class=\"entry-date\" datetime=\"2019-05-06T08:14:18+00:00\">6 mayo, 2019<\/time><time class=\"modify-date hide hidden updated\" datetime=\"2019-06-10T08:32:59+00:00\">10 junio, 2019<\/time><\/a><\/small>, <small class=\"meta-category\"><a href=\"https:\/\/www.goierrieskola.eus\/es\/category\/cursos\/\" rel=\"category tag\">Cursos<\/a>, <a href=\"https:\/\/www.goierrieskola.eus\/es\/category\/ikastaroak-es\/\" rel=\"category tag\">Ikastaroak<\/a><\/small>, <small class=\"meta-comment-count\"><a href=\"https:\/\/www.goierrieskola.eus\/es\/kanpamentu-teknologikoak-2019ko-uda\/#comments\">0 <i class=\"icon-chat-1 hover-tip\" data-original-title=\"Esta publicaci\u00f3n tiene 0 comentarios\" data-toggle=\"tooltip\" data-placement=\"top\"><\/i><\/a><\/small>                <\/span>\n\n\t\t\t<\/div><!--end post-header-->\n\n\t\t\t\n\t\t\t\t\t\t\t\t\t<div class=\"post-info\">\n\n\t\t\t\t\t\t<div class=\"entry-summary\">\n\t\t\t\t\t\t\t<p>Calendario: 1\u00aa semana: 24-28 de junio COMPLETA 2\u00aa semana: 1-5 de julio COMPLETA 3\u00aa semana: 8-12 de julio COMPLETA...<\/p>\t\t\t\t\t\t<\/div><!-- .entry-summary -->\n\n\t\t\t\t\t<\/div><!--end post-info-->\n\t\t\t\t\n\t\t\t\n\t\t\n\t\t<div class=\"post-footer\">\n\t\t\t<small>\n\t\t\t\t<a href=\"#\" class=\"item-likes\" id=\"item-likes-8938\" title=\"Like this\"><span class=\"item-likes-count\">0<\/span> <span class=\"item-likes-postfix\">likes<\/span><\/a>\n\t\t\t\t\t\t\t\t\t<a href=\"https:\/\/www.goierrieskola.eus\/es\/kanpamentu-teknologikoak-2019ko-uda\/\"><span class=\"muted pull-right\">\n\t\t\t\t\t\tLeer m\u00e1s<\/span>\n\t\t\t\t\t<\/a>\n\t\t\t\t\n\t\t\t<\/small>\n\t\t<\/div><!--end post-footer-->\n\n\t<\/div><!--end post-content-->\n<\/article>\n\n\n<article id=\"post-9091\" class=\"post-item post-9091 post type-post status-publish format-standard has-post-thumbnail hentry category-cursos category-ikastaroak-es\">\n\t<div class=\"post-content animated animate-when-almost-visible el-appear\">\n\n\t\t<div class=\"post-image\"><a href=\"https:\/\/www.goierrieskola.eus\/es\/cursos-para-desempleadosas-17-18\/\" class=\"element-wrap\"><img decoding=\"async\" data-src=\"https:\/\/www.goierrieskola.eus\/wp-content\/uploads\/2016\/04\/Koadernoa_Goierri_Eskola-480x151.jpg\" alt=\"CURSOS PARA DESEMPLEADOS\/AS 17-18\" src=\"data:image\/svg+xml;base64,PHN2ZyB3aWR0aD0iMSIgaGVpZ2h0PSIxIiB4bWxucz0iaHR0cDovL3d3dy53My5vcmcvMjAwMC9zdmciPjwvc3ZnPg==\" class=\"lazyload\" style=\"--smush-placeholder-width: 480px; --smush-placeholder-aspect-ratio: 480\/151;\"><span class=\"hover-element\"><i>+<\/i><\/span><\/a><\/div><!--end post-image-->\n\t\t\n\t\t\t<div class=\"post-header\">\n\n\t\t\t\t\t\t\t\t\t<h3 class=\"post-title entry-title\"><a href=\"https:\/\/www.goierrieskola.eus\/es\/cursos-para-desempleadosas-17-18\/\">CURSOS PARA DESEMPLEADOS\/AS 17-18<\/a>\n\t\t\t\t\t<\/h3>\n\t\t\t\t\n\t\t\t\t<span class=\"post-meta\">\n                    <small><a href=\"https:\/\/www.goierrieskola.eus\/es\/cursos-para-desempleadosas-17-18\/\" rel=\"bookmark\" class=\"post-time\"><time class=\"entry-date\" datetime=\"2017-09-15T08:05:53+00:00\">15 septiembre, 2017<\/time><time class=\"modify-date hide hidden updated\" datetime=\"2018-04-12T08:37:23+00:00\">12 abril, 2018<\/time><\/a><\/small>, <small class=\"meta-category\"><a href=\"https:\/\/www.goierrieskola.eus\/es\/category\/cursos\/\" rel=\"category tag\">Cursos<\/a>, <a href=\"https:\/\/www.goierrieskola.eus\/es\/category\/ikastaroak-es\/\" rel=\"category tag\">Ikastaroak<\/a><\/small>, <small class=\"meta-comment-count\"><a href=\"https:\/\/www.goierrieskola.eus\/es\/cursos-para-desempleadosas-17-18\/#comments\">0 <i class=\"icon-chat-1 hover-tip\" data-original-title=\"Esta publicaci\u00f3n tiene 0 comentarios\" data-toggle=\"tooltip\" data-placement=\"top\"><\/i><\/a><\/small>                <\/span>\n\n\t\t\t<\/div><!--end post-header-->\n\n\t\t\t\n\t\t\t\t\t\t\t\t\t<div class=\"post-info\">\n\n\t\t\t\t\t\t<div class=\"entry-summary\">\n\t\t\t\t\t\t\t<p>CERTIFICADO PROFESIONAL DE NIVEL II COMPETENCIA GENERAL: Realizar el montaje e instalaci\u00f3n en planta de maquinaria y equipo industrial...<\/p>\t\t\t\t\t\t<\/div><!-- .entry-summary -->\n\n\t\t\t\t\t<\/div><!--end post-info-->\n\t\t\t\t\n\t\t\t\n\t\t\n\t\t<div class=\"post-footer\">\n\t\t\t<small>\n\t\t\t\t<a href=\"#\" class=\"item-likes\" id=\"item-likes-9089\" title=\"Like this\"><span class=\"item-likes-count\">0<\/span> <span class=\"item-likes-postfix\">likes<\/span><\/a>\n\t\t\t\t\t\t\t\t\t<a href=\"https:\/\/www.goierrieskola.eus\/es\/cursos-para-desempleadosas-17-18\/\"><span class=\"muted pull-right\">\n\t\t\t\t\t\tLeer m\u00e1s<\/span>\n\t\t\t\t\t<\/a>\n\t\t\t\t\n\t\t\t<\/small>\n\t\t<\/div><!--end post-footer-->\n\n\t<\/div><!--end post-content-->\n<\/article>\n\n\n<article id=\"post-8660\" class=\"post-item post-8660 post type-post status-publish format-standard has-post-thumbnail hentry category-cursos category-ikastaroak-es\">\n\t<div class=\"post-content animated animate-when-almost-visible el-appear\">\n\n\t\t<div class=\"post-image\"><a href=\"https:\/\/www.goierrieskola.eus\/es\/cursos-para-desempleadosas-16-17\/\" class=\"element-wrap\"><img decoding=\"async\" data-src=\"https:\/\/www.goierrieskola.eus\/wp-content\/uploads\/2016\/09\/Boligrafoa1350x450-480x164.jpg\" alt=\"CURSOS PARA DESEMPLEADOS\/AS 16-17\" src=\"data:image\/svg+xml;base64,PHN2ZyB3aWR0aD0iMSIgaGVpZ2h0PSIxIiB4bWxucz0iaHR0cDovL3d3dy53My5vcmcvMjAwMC9zdmciPjwvc3ZnPg==\" class=\"lazyload\" style=\"--smush-placeholder-width: 480px; --smush-placeholder-aspect-ratio: 480\/164;\"><span class=\"hover-element\"><i>+<\/i><\/span><\/a><\/div><!--end post-image-->\n\t\t\n\t\t\t<div class=\"post-header\">\n\n\t\t\t\t\t\t\t\t\t<h3 class=\"post-title entry-title\"><a href=\"https:\/\/www.goierrieskola.eus\/es\/cursos-para-desempleadosas-16-17\/\">CURSOS PARA DESEMPLEADOS\/AS 16-17<\/a>\n\t\t\t\t\t<\/h3>\n\t\t\t\t\n\t\t\t\t<span class=\"post-meta\">\n                    <small><a href=\"https:\/\/www.goierrieskola.eus\/es\/cursos-para-desempleadosas-16-17\/\" rel=\"bookmark\" class=\"post-time\"><time class=\"entry-date\" datetime=\"2016-09-15T08:36:22+00:00\">15 septiembre, 2016<\/time><time class=\"modify-date hide hidden updated\" datetime=\"2016-11-08T16:10:36+00:00\">8 noviembre, 2016<\/time><\/a><\/small>, <small class=\"meta-category\"><a href=\"https:\/\/www.goierrieskola.eus\/es\/category\/cursos\/\" rel=\"category tag\">Cursos<\/a>, <a href=\"https:\/\/www.goierrieskola.eus\/es\/category\/ikastaroak-es\/\" rel=\"category tag\">Ikastaroak<\/a><\/small>, <small class=\"meta-comment-count\"><a href=\"https:\/\/www.goierrieskola.eus\/es\/cursos-para-desempleadosas-16-17\/#comments\">0 <i class=\"icon-chat-1 hover-tip\" data-original-title=\"Esta publicaci\u00f3n tiene 0 comentarios\" data-toggle=\"tooltip\" data-placement=\"top\"><\/i><\/a><\/small>                <\/span>\n\n\t\t\t<\/div><!--end post-header-->\n\n\t\t\t\n\t\t\t\t\t\t\t\t\t<div class=\"post-info\">\n\n\t\t\t\t\t\t<div class=\"entry-summary\">\n\t\t\t\t\t\t\t<p>CERTIFICADO PROFESIONAL DE NIVEL II COMPETENCIA GENERAL: Realizar el montaje e instalaci\u00f3n en planta de maquinaria y equipo industrial...<\/p>\t\t\t\t\t\t<\/div><!-- .entry-summary -->\n\n\t\t\t\t\t<\/div><!--end post-info-->\n\t\t\t\t\n\t\t\t\n\t\t\n\t\t<div class=\"post-footer\">\n\t\t\t<small>\n\t\t\t\t<a href=\"#\" class=\"item-likes\" id=\"item-likes-8649\" title=\"Like this\"><span class=\"item-likes-count\">0<\/span> <span class=\"item-likes-postfix\">likes<\/span><\/a>\n\t\t\t\t\t\t\t\t\t<a href=\"https:\/\/www.goierrieskola.eus\/es\/cursos-para-desempleadosas-16-17\/\"><span class=\"muted pull-right\">\n\t\t\t\t\t\tLeer m\u00e1s<\/span>\n\t\t\t\t\t<\/a>\n\t\t\t\t\n\t\t\t<\/small>\n\t\t<\/div><!--end post-footer-->\n\n\t<\/div><!--end post-content-->\n<\/article>\n\n\n<article id=\"post-8536\" class=\"post-item post-8536 post type-post status-publish format-standard has-post-thumbnail hentry category-cursos\">\n\t<div class=\"post-content animated animate-when-almost-visible el-appear\">\n\n\t\t<div class=\"post-image\"><a href=\"https:\/\/www.goierrieskola.eus\/es\/curso-para-desempleadosas-produccion-en-construcciones-metalicas-fmec0109-y-ensayos-no-destructivos\/\" class=\"element-wrap\"><img decoding=\"async\" data-src=\"https:\/\/www.goierrieskola.eus\/wp-content\/uploads\/2016\/03\/punzonadora-480x191.jpg\" alt=\"Curso para desempleados\/as: PRODUCCI\u00d3N EN CONSTRUCCIONES MET\u00c1LICAS (FMEC0109) y ENSAYOS NO DESTRUCTIVOS\" src=\"data:image\/svg+xml;base64,PHN2ZyB3aWR0aD0iMSIgaGVpZ2h0PSIxIiB4bWxucz0iaHR0cDovL3d3dy53My5vcmcvMjAwMC9zdmciPjwvc3ZnPg==\" class=\"lazyload\" style=\"--smush-placeholder-width: 480px; --smush-placeholder-aspect-ratio: 480\/191;\"><span class=\"hover-element\"><i>+<\/i><\/span><\/a><\/div><!--end post-image-->\n\t\t\n\t\t\t<div class=\"post-header\">\n\n\t\t\t\t\t\t\t\t\t<h3 class=\"post-title entry-title\"><a href=\"https:\/\/www.goierrieskola.eus\/es\/curso-para-desempleadosas-produccion-en-construcciones-metalicas-fmec0109-y-ensayos-no-destructivos\/\">Curso para desempleados\/as: PRODUCCI\u00d3N EN CONSTRUCCIONES MET\u00c1LICAS (FMEC0109) y ENSAYOS NO DESTRUCTIVOS<\/a>\n\t\t\t\t\t<\/h3>\n\t\t\t\t\n\t\t\t\t<span class=\"post-meta\">\n                    <small><a href=\"https:\/\/www.goierrieskola.eus\/es\/curso-para-desempleadosas-produccion-en-construcciones-metalicas-fmec0109-y-ensayos-no-destructivos\/\" rel=\"bookmark\" class=\"post-time\"><time class=\"entry-date\" datetime=\"2016-06-06T08:43:58+00:00\">6 junio, 2016<\/time><time class=\"modify-date hide hidden updated\" datetime=\"2016-06-08T15:04:12+00:00\">8 junio, 2016<\/time><\/a><\/small>, <small class=\"meta-category\"><a href=\"https:\/\/www.goierrieskola.eus\/es\/category\/cursos\/\" rel=\"category tag\">Cursos<\/a><\/small>, <small class=\"meta-comment-count\"><a href=\"https:\/\/www.goierrieskola.eus\/es\/curso-para-desempleadosas-produccion-en-construcciones-metalicas-fmec0109-y-ensayos-no-destructivos\/#comments\">0 <i class=\"icon-chat-1 hover-tip\" data-original-title=\"Esta publicaci\u00f3n tiene 0 comentarios\" data-toggle=\"tooltip\" data-placement=\"top\"><\/i><\/a><\/small>                <\/span>\n\n\t\t\t<\/div><!--end post-header-->\n\n\t\t\t\n\t\t\t\t\t\t\t\t\t<div class=\"post-info\">\n\n\t\t\t\t\t\t<div class=\"entry-summary\">\n\t\t\t\t\t\t\t<p>OBJETIVOS DEL CURSO: Ser capaz de determinar los procesos operacionales y la programaci\u00f3n de sistemas autom\u00e1ticos utilizados en construcciones...<\/p>\t\t\t\t\t\t<\/div><!-- .entry-summary -->\n\n\t\t\t\t\t<\/div><!--end post-info-->\n\t\t\t\t\n\t\t\t\n\t\t\n\t\t<div class=\"post-footer\">\n\t\t\t<small>\n\t\t\t\t<a href=\"#\" class=\"item-likes\" id=\"item-likes-8568\" title=\"Like this\"><span class=\"item-likes-count\">0<\/span> <span class=\"item-likes-postfix\">likes<\/span><\/a>\n\t\t\t\t\t\t\t\t\t<a href=\"https:\/\/www.goierrieskola.eus\/es\/curso-para-desempleadosas-produccion-en-construcciones-metalicas-fmec0109-y-ensayos-no-destructivos\/\"><span class=\"muted pull-right\">\n\t\t\t\t\t\tLeer m\u00e1s<\/span>\n\t\t\t\t\t<\/a>\n\t\t\t\t\n\t\t\t<\/small>\n\t\t<\/div><!--end post-footer-->\n\n\t<\/div><!--end post-content-->\n<\/article>\n\n\n<article id=\"post-7861\" class=\"post-item post-7861 post type-post status-publish format-standard has-post-thumbnail hentry category-cursos\">\n\t<div class=\"post-content animated animate-when-almost-visible el-appear\">\n\n\t\t<div class=\"post-image\"><a href=\"https:\/\/www.goierrieskola.eus\/es\/cursos-para-desempleados-15-16\/\" class=\"element-wrap\"><img decoding=\"async\" data-src=\"https:\/\/www.goierrieskola.eus\/wp-content\/uploads\/2015\/09\/LANBIDE-480x174.jpg\" alt=\"CURSOS PARA DESEMPLEADOS 15-16\" src=\"data:image\/svg+xml;base64,PHN2ZyB3aWR0aD0iMSIgaGVpZ2h0PSIxIiB4bWxucz0iaHR0cDovL3d3dy53My5vcmcvMjAwMC9zdmciPjwvc3ZnPg==\" class=\"lazyload\" style=\"--smush-placeholder-width: 480px; --smush-placeholder-aspect-ratio: 480\/174;\"><span class=\"hover-element\"><i>+<\/i><\/span><\/a><\/div><!--end post-image-->\n\t\t\n\t\t\t<div class=\"post-header\">\n\n\t\t\t\t\t\t\t\t\t<h3 class=\"post-title entry-title\"><a href=\"https:\/\/www.goierrieskola.eus\/es\/cursos-para-desempleados-15-16\/\">CURSOS PARA DESEMPLEADOS 15-16<\/a>\n\t\t\t\t\t<\/h3>\n\t\t\t\t\n\t\t\t\t<span class=\"post-meta\">\n                    <small><a href=\"https:\/\/www.goierrieskola.eus\/es\/cursos-para-desempleados-15-16\/\" rel=\"bookmark\" class=\"post-time\"><time class=\"entry-date\" datetime=\"2015-09-08T09:12:07+00:00\">8 septiembre, 2015<\/time><time class=\"modify-date hide hidden updated\" datetime=\"2015-09-08T09:12:42+00:00\">8 septiembre, 2015<\/time><\/a><\/small>, <small class=\"meta-category\"><a href=\"https:\/\/www.goierrieskola.eus\/es\/category\/cursos\/\" rel=\"category tag\">Cursos<\/a><\/small>, <small class=\"meta-comment-count\"><a href=\"https:\/\/www.goierrieskola.eus\/es\/cursos-para-desempleados-15-16\/#comments\">0 <i class=\"icon-chat-1 hover-tip\" data-original-title=\"Esta publicaci\u00f3n tiene 0 comentarios\" data-toggle=\"tooltip\" data-placement=\"top\"><\/i><\/a><\/small>                <\/span>\n\n\t\t\t<\/div><!--end post-header-->\n\n\t\t\t\n\t\t\t\t\t\t\t\t\t<div class=\"post-info\">\n\n\t\t\t\t\t\t<div class=\"entry-summary\">\n\t\t\t\t\t\t\t<p> Gesti\u00f3n contable y gesti\u00f3n administrativa para auditor\u00eda (ADGD0108) Certificado de profesionalidad de nivel 3 Duraci\u00f3n: 550 horas Fecha...<\/p>\t\t\t\t\t\t<\/div><!-- .entry-summary -->\n\n\t\t\t\t\t<\/div><!--end post-info-->\n\t\t\t\t\n\t\t\t\n\t\t\n\t\t<div class=\"post-footer\">\n\t\t\t<small>\n\t\t\t\t<a href=\"#\" class=\"item-likes\" id=\"item-likes-7855\" title=\"Like this\"><span class=\"item-likes-count\">0<\/span> <span class=\"item-likes-postfix\">likes<\/span><\/a>\n\t\t\t\t\t\t\t\t\t<a href=\"https:\/\/www.goierrieskola.eus\/es\/cursos-para-desempleados-15-16\/\"><span class=\"muted pull-right\">\n\t\t\t\t\t\tLeer m\u00e1s<\/span>\n\t\t\t\t\t<\/a>\n\t\t\t\t\n\t\t\t<\/small>\n\t\t<\/div><!--end post-footer-->\n\n\t<\/div><!--end post-content-->\n<\/article>\n\n\n<article id=\"post-7003\" class=\"post-item post-7003 post type-post status-publish format-standard has-post-thumbnail hentry category-cursos\">\n\t<div class=\"post-content animated animate-when-almost-visible el-appear\">\n\n\t\t<div class=\"post-image\"><a href=\"https:\/\/www.goierrieskola.eus\/es\/cursos-asociados-a-dispositivo-de-reconocimiento-de-la-competencia\/\" class=\"element-wrap\"><img decoding=\"async\" data-src=\"https:\/\/www.goierrieskola.eus\/wp-content\/uploads\/2015\/03\/Ikastaroak_dispositivo-480x162.jpg\" alt=\"Cursos asociados a dispositivo de reconocimiento de la competencia\" src=\"data:image\/svg+xml;base64,PHN2ZyB3aWR0aD0iMSIgaGVpZ2h0PSIxIiB4bWxucz0iaHR0cDovL3d3dy53My5vcmcvMjAwMC9zdmciPjwvc3ZnPg==\" class=\"lazyload\" style=\"--smush-placeholder-width: 480px; --smush-placeholder-aspect-ratio: 480\/162;\"><span class=\"hover-element\"><i>+<\/i><\/span><\/a><\/div><!--end post-image-->\n\t\t\n\t\t\t<div class=\"post-header\">\n\n\t\t\t\t\t\t\t\t\t<h3 class=\"post-title entry-title\"><a href=\"https:\/\/www.goierrieskola.eus\/es\/cursos-asociados-a-dispositivo-de-reconocimiento-de-la-competencia\/\">Cursos asociados a dispositivo de reconocimiento de la competencia<\/a>\n\t\t\t\t\t<\/h3>\n\t\t\t\t\n\t\t\t\t<span class=\"post-meta\">\n                    <small><a href=\"https:\/\/www.goierrieskola.eus\/es\/cursos-asociados-a-dispositivo-de-reconocimiento-de-la-competencia\/\" rel=\"bookmark\" class=\"post-time\"><time class=\"entry-date\" datetime=\"2015-03-27T16:23:05+00:00\">27 marzo, 2015<\/time><time class=\"modify-date hide hidden updated\" datetime=\"2015-04-13T09:22:32+00:00\">13 abril, 2015<\/time><\/a><\/small>, <small class=\"meta-category\"><a href=\"https:\/\/www.goierrieskola.eus\/es\/category\/cursos\/\" rel=\"category tag\">Cursos<\/a><\/small>, <small class=\"meta-comment-count\"><a href=\"https:\/\/www.goierrieskola.eus\/es\/cursos-asociados-a-dispositivo-de-reconocimiento-de-la-competencia\/#comments\">0 <i class=\"icon-chat-1 hover-tip\" data-original-title=\"Esta publicaci\u00f3n tiene 0 comentarios\" data-toggle=\"tooltip\" data-placement=\"top\"><\/i><\/a><\/small>                <\/span>\n\n\t\t\t<\/div><!--end post-header-->\n\n\t\t\t\n\t\t\t\t\t\t\t\t\t<div class=\"post-info\">\n\n\t\t\t\t\t\t<div class=\"entry-summary\">\n\t\t\t\t\t\t\t<p>1. UC 1019 &#8211; U.F 0131.- T\u00c9CNICAS DE COMUNICACI\u00d3N PARA PERSONAS DEPENDIENTES EN INSTITUCIONES Precio del curso: 288\u20ac N\u00ba...<\/p>\t\t\t\t\t\t<\/div><!-- .entry-summary -->\n\n\t\t\t\t\t<\/div><!--end post-info-->\n\t\t\t\t\n\t\t\t\n\t\t\n\t\t<div class=\"post-footer\">\n\t\t\t<small>\n\t\t\t\t<a href=\"#\" class=\"item-likes\" id=\"item-likes-7007\" title=\"Like this\"><span class=\"item-likes-count\">0<\/span> <span class=\"item-likes-postfix\">likes<\/span><\/a>\n\t\t\t\t\t\t\t\t\t<a href=\"https:\/\/www.goierrieskola.eus\/es\/cursos-asociados-a-dispositivo-de-reconocimiento-de-la-competencia\/\"><span class=\"muted pull-right\">\n\t\t\t\t\t\tLeer m\u00e1s<\/span>\n\t\t\t\t\t<\/a>\n\t\t\t\t\n\t\t\t<\/small>\n\t\t<\/div><!--end post-footer-->\n\n\t<\/div><!--end post-content-->\n<\/article>\n\n\n<article id=\"post-3125\" class=\"post-item post-3125 post type-post status-publish format-standard hentry category-cursos category-general\">\n\t<div class=\"post-content animated animate-when-almost-visible el-appear\">\n\n\t\t\n\t\t\n\t\t\t<div class=\"post-header\">\n\n\t\t\t\t\t\t\t\t\t<h3 class=\"post-title entry-title\"><a href=\"https:\/\/www.goierrieskola.eus\/es\/gipuzkoako-eta-nafarroako-enpresa-desberdinak-fremapek-eta-goierri-eskolak-antolatutako-jardunaldian-izan-dira\/\">Diversas empresas guipuzcoanas y navarras asisten a la jornada organizada por FREMAP y Goierri Eskola<\/a>\n\t\t\t\t\t<\/h3>\n\t\t\t\t\n\t\t\t\t<span class=\"post-meta\">\n                    <small><a href=\"https:\/\/www.goierrieskola.eus\/es\/gipuzkoako-eta-nafarroako-enpresa-desberdinak-fremapek-eta-goierri-eskolak-antolatutako-jardunaldian-izan-dira\/\" rel=\"bookmark\" class=\"post-time\"><time class=\"entry-date\" datetime=\"2012-06-08T09:06:34+00:00\">8 junio, 2012<\/time><time class=\"modify-date hide hidden updated\" datetime=\"2022-02-07T14:56:57+00:00\">7 febrero, 2022<\/time><\/a><\/small>, <small class=\"meta-category\"><a href=\"https:\/\/www.goierrieskola.eus\/es\/category\/cursos\/\" rel=\"category tag\">Cursos<\/a>, <a href=\"https:\/\/www.goierrieskola.eus\/es\/category\/general\/\" rel=\"category tag\">General<\/a><\/small>, <small class=\"meta-comment-count\"><a href=\"https:\/\/www.goierrieskola.eus\/es\/gipuzkoako-eta-nafarroako-enpresa-desberdinak-fremapek-eta-goierri-eskolak-antolatutako-jardunaldian-izan-dira\/#comments\">0 <i class=\"icon-chat-1 hover-tip\" data-original-title=\"Esta publicaci\u00f3n tiene 0 comentarios\" data-toggle=\"tooltip\" data-placement=\"top\"><\/i><\/a><\/small>                <\/span>\n\n\t\t\t<\/div><!--end post-header-->\n\n\t\t\t\n\t\t\t\t\t\t\t\t\t<div class=\"post-info\">\n\n\t\t\t\t\t\t<div class=\"entry-summary\">\n\t\t\t\t\t\t\t<p>\u00a0\u00a0\u00a0\u00a0 Gipuzkoako eta Nafarroako enpresa desberdinetako prebentzioko 50 tekniko gerturatu dira gaur \u00a0FREMAP eta Goierri Eskolak antolatutako \u201cArrisku psikosozialen...<\/p>\t\t\t\t\t\t<\/div><!-- .entry-summary -->\n\n\t\t\t\t\t<\/div><!--end post-info-->\n\t\t\t\t\n\t\t\t\n\t\t\n\t\t<div class=\"post-footer\">\n\t\t\t<small>\n\t\t\t\t<a href=\"#\" class=\"item-likes\" id=\"item-likes-3125\" title=\"Like this\"><span class=\"item-likes-count\">0<\/span> <span class=\"item-likes-postfix\">likes<\/span><\/a>\n\t\t\t\t\t\t\t\t\t<a href=\"https:\/\/www.goierrieskola.eus\/es\/gipuzkoako-eta-nafarroako-enpresa-desberdinak-fremapek-eta-goierri-eskolak-antolatutako-jardunaldian-izan-dira\/\"><span class=\"muted pull-right\">\n\t\t\t\t\t\tLeer m\u00e1s<\/span>\n\t\t\t\t\t<\/a>\n\t\t\t\t\n\t\t\t<\/small>\n\t\t<\/div><!--end post-footer-->\n\n\t<\/div><!--end post-content-->\n<\/article>\n\n\n\t<\/div> <!-- END post listing -->\n\n\t\n[\/vc_tta_section][vc_tta_section title=\u00bbEmbajadores y patronos\u00bb tab_id=\u00bb1645629090621-4ab6cf3a-0a4e\u00bb]\n\t<div class=\"sq-posts-data\" style=\"display: none;\"><input type=\"hidden\" id=\"post-security\" name=\"post-security\" value=\"40f71b4de0\" \/><input type=\"hidden\" name=\"_wp_http_referer\" value=\"\/es\/wp-json\/wp\/v2\/pages\/6335\" \/><input type=\"hidden\" name=\"pitem\" value=\"0\"><input type=\"hidden\" name=\"post_id\" value=\"3125\"><\/div>\n\t\n\t\n\t\t<div class=\"posts-listing responsive-cols kleo-masonry per-row-4 no-meta no-footer masonry-listing\">\n\n\t\n\t\n<article id=\"post-15746\" class=\"post-item post-15746 post type-post status-publish format-aside has-post-thumbnail hentry category-gure_enbaxadoreak-es post_format-post-format-aside\">\n\t<div class=\"post-content animated animate-when-almost-visible el-appear\">\n\n\t\t<div class=\"post-image\"><a href=\"https:\/\/www.goierrieskola.eus\/es\/gure-enbaxadoreak-maite-gonzalez-eta-miren-lopetegi\/\" class=\"element-wrap\"><img decoding=\"async\" data-src=\"https:\/\/www.goierrieskola.eus\/wp-content\/uploads\/2023\/04\/EmakueaketaIngeniariak1-480x258.jpg\" alt=\"Gure Enbaxadoreak: Maite Gonzalez eta Miren Lopetegi\" src=\"data:image\/svg+xml;base64,PHN2ZyB3aWR0aD0iMSIgaGVpZ2h0PSIxIiB4bWxucz0iaHR0cDovL3d3dy53My5vcmcvMjAwMC9zdmciPjwvc3ZnPg==\" class=\"lazyload\" style=\"--smush-placeholder-width: 480px; --smush-placeholder-aspect-ratio: 480\/258;\"><span class=\"hover-element\"><i>+<\/i><\/span><\/a><\/div><!--end post-image-->\n\t\t\n\t\t\t<div class=\"post-header\">\n\n\t\t\t\t\t\t\t\t\t<h3 class=\"post-title entry-title\"><a href=\"https:\/\/www.goierrieskola.eus\/es\/gure-enbaxadoreak-maite-gonzalez-eta-miren-lopetegi\/\">Gure Enbaxadoreak: Maite Gonzalez eta Miren Lopetegi<\/a>\n\t\t\t\t\t<\/h3>\n\t\t\t\t\n\t\t\t\t<span class=\"post-meta\">\n                    <small><a href=\"https:\/\/www.goierrieskola.eus\/es\/gure-enbaxadoreak-maite-gonzalez-eta-miren-lopetegi\/\" rel=\"bookmark\" class=\"post-time\"><time class=\"entry-date\" datetime=\"2023-04-25T09:58:47+00:00\">25 abril, 2023<\/time><time class=\"modify-date hide hidden updated\" datetime=\"2023-04-25T10:02:53+00:00\">25 abril, 2023<\/time><\/a><\/small>, <small class=\"meta-category\"><a href=\"https:\/\/www.goierrieskola.eus\/es\/category\/gure_enbaxadoreak-es\/\" rel=\"category tag\">Gure Enbaxadoreak<\/a><\/small>, <small class=\"meta-comment-count\"><a href=\"https:\/\/www.goierrieskola.eus\/es\/gure-enbaxadoreak-maite-gonzalez-eta-miren-lopetegi\/#comments\">0 <i class=\"icon-chat-1 hover-tip\" data-original-title=\"Esta publicaci\u00f3n tiene 0 comentarios\" data-toggle=\"tooltip\" data-placement=\"top\"><\/i><\/a><\/small>                <\/span>\n\n\t\t\t<\/div><!--end post-header-->\n\n\t\t\t\n\t\t\t\t\t\t\t\t\t<div class=\"post-info\">\n\n\t\t\t\t\t\t<div class=\"entry-summary\">\n\t\t\t\t\t\t\t<p> Maite Gonz\u00e1lez tiene 22 a\u00f1os y estudia Ingenier\u00eda Mec\u00e1nica en el campus de Mondragon Unibertsitatea, en Goierri. Miren...<\/p>\t\t\t\t\t\t<\/div><!-- .entry-summary -->\n\n\t\t\t\t\t<\/div><!--end post-info-->\n\t\t\t\t\n\t\t\t\n\t\t\n\t\t<div class=\"post-footer\">\n\t\t\t<small>\n\t\t\t\t<a href=\"#\" class=\"item-likes\" id=\"item-likes-15701\" title=\"Like this\"><span class=\"item-likes-count\">2<\/span> <span class=\"item-likes-postfix\">likes<\/span><\/a>\n\t\t\t\t\t\t\t\t\t<a href=\"https:\/\/www.goierrieskola.eus\/es\/gure-enbaxadoreak-maite-gonzalez-eta-miren-lopetegi\/\"><span class=\"muted pull-right\">\n\t\t\t\t\t\tLeer m\u00e1s<\/span>\n\t\t\t\t\t<\/a>\n\t\t\t\t\n\t\t\t<\/small>\n\t\t<\/div><!--end post-footer-->\n\n\t<\/div><!--end post-content-->\n<\/article>\n\n\n<article id=\"post-14751\" class=\"post-item post-14751 post type-post status-publish format-aside has-post-thumbnail hentry category-gure_enbaxadoreak-es post_format-post-format-aside\">\n\t<div class=\"post-content animated animate-when-almost-visible el-appear\">\n\n\t\t<div class=\"post-image\"><a href=\"https:\/\/www.goierrieskola.eus\/es\/gure-enbaxadoreak-andoni-olano\/\" class=\"element-wrap\"><img decoding=\"async\" data-src=\"https:\/\/www.goierrieskola.eus\/wp-content\/uploads\/2022\/03\/220309-Miniatura-Youtube-AndoniOlano-480x270.png\" alt=\"Gure Enbaxadoreak: Andoni Olano\" src=\"data:image\/svg+xml;base64,PHN2ZyB3aWR0aD0iMSIgaGVpZ2h0PSIxIiB4bWxucz0iaHR0cDovL3d3dy53My5vcmcvMjAwMC9zdmciPjwvc3ZnPg==\" class=\"lazyload\" style=\"--smush-placeholder-width: 480px; --smush-placeholder-aspect-ratio: 480\/270;\"><span class=\"hover-element\"><i>+<\/i><\/span><\/a><\/div><!--end post-image-->\n\t\t\n\t\t\t<div class=\"post-header\">\n\n\t\t\t\t\t\t\t\t\t<h3 class=\"post-title entry-title\"><a href=\"https:\/\/www.goierrieskola.eus\/es\/gure-enbaxadoreak-andoni-olano\/\">Gure Enbaxadoreak: Andoni Olano<\/a>\n\t\t\t\t\t<\/h3>\n\t\t\t\t\n\t\t\t\t<span class=\"post-meta\">\n                    <small><a href=\"https:\/\/www.goierrieskola.eus\/es\/gure-enbaxadoreak-andoni-olano\/\" rel=\"bookmark\" class=\"post-time\"><time class=\"entry-date\" datetime=\"2022-03-21T14:22:21+00:00\">21 marzo, 2022<\/time><time class=\"modify-date hide hidden updated\" datetime=\"2022-03-21T14:58:11+00:00\">21 marzo, 2022<\/time><\/a><\/small>, <small class=\"meta-category\"><a href=\"https:\/\/www.goierrieskola.eus\/es\/category\/gure_enbaxadoreak-es\/\" rel=\"category tag\">Gure Enbaxadoreak<\/a><\/small>, <small class=\"meta-comment-count\"><a href=\"https:\/\/www.goierrieskola.eus\/es\/gure-enbaxadoreak-andoni-olano\/#comments\">0 <i class=\"icon-chat-1 hover-tip\" data-original-title=\"Esta publicaci\u00f3n tiene 0 comentarios\" data-toggle=\"tooltip\" data-placement=\"top\"><\/i><\/a><\/small>                <\/span>\n\n\t\t\t<\/div><!--end post-header-->\n\n\t\t\t\n\t\t\t\t\t\t\t\t\t<div class=\"post-info\">\n\n\t\t\t\t\t\t<div class=\"entry-summary\">\n\t\t\t\t\t\t\t<p>Andoni Olano (Altzaga), inici\u00f3 su andadura en Goierri Eskola estudiando bachilleraton. A continuaci\u00f3n, realiz\u00f3 sus estudios de Ingenier\u00eda Mec\u00e1nica...<\/p>\t\t\t\t\t\t<\/div><!-- .entry-summary -->\n\n\t\t\t\t\t<\/div><!--end post-info-->\n\t\t\t\t\n\t\t\t\n\t\t\n\t\t<div class=\"post-footer\">\n\t\t\t<small>\n\t\t\t\t<a href=\"#\" class=\"item-likes\" id=\"item-likes-14783\" title=\"Like this\"><span class=\"item-likes-count\">3<\/span> <span class=\"item-likes-postfix\">likes<\/span><\/a>\n\t\t\t\t\t\t\t\t\t<a href=\"https:\/\/www.goierrieskola.eus\/es\/gure-enbaxadoreak-andoni-olano\/\"><span class=\"muted pull-right\">\n\t\t\t\t\t\tLeer m\u00e1s<\/span>\n\t\t\t\t\t<\/a>\n\t\t\t\t\n\t\t\t<\/small>\n\t\t<\/div><!--end post-footer-->\n\n\t<\/div><!--end post-content-->\n<\/article>\n\n\n<article id=\"post-10478\" class=\"post-item post-10478 post type-post status-publish format-standard has-post-thumbnail hentry category-gure_enbaxadoreak-es\">\n\t<div class=\"post-content animated animate-when-almost-visible el-appear\">\n\n\t\t<div class=\"post-image\"><a href=\"https:\/\/www.goierrieskola.eus\/es\/gure-enbaxadoreak-ainhoa-barandiaran\/\" class=\"element-wrap\"><img decoding=\"async\" data-src=\"https:\/\/www.goierrieskola.eus\/wp-content\/uploads\/2020\/01\/Ainhoa-Barandiaran-e1579617517671-480x197.jpg\" alt=\"GURE ENBAXADOREAK: AINHOA BARANDIARAN\" src=\"data:image\/svg+xml;base64,PHN2ZyB3aWR0aD0iMSIgaGVpZ2h0PSIxIiB4bWxucz0iaHR0cDovL3d3dy53My5vcmcvMjAwMC9zdmciPjwvc3ZnPg==\" class=\"lazyload\" style=\"--smush-placeholder-width: 480px; --smush-placeholder-aspect-ratio: 480\/197;\"><span class=\"hover-element\"><i>+<\/i><\/span><\/a><\/div><!--end post-image-->\n\t\t\n\t\t\t<div class=\"post-header\">\n\n\t\t\t\t\t\t\t\t\t<h3 class=\"post-title entry-title\"><a href=\"https:\/\/www.goierrieskola.eus\/es\/gure-enbaxadoreak-ainhoa-barandiaran\/\">GURE ENBAXADOREAK: AINHOA BARANDIARAN<\/a>\n\t\t\t\t\t<\/h3>\n\t\t\t\t\n\t\t\t\t<span class=\"post-meta\">\n                    <small><a href=\"https:\/\/www.goierrieskola.eus\/es\/gure-enbaxadoreak-ainhoa-barandiaran\/\" rel=\"bookmark\" class=\"post-time\"><time class=\"entry-date\" datetime=\"2020-01-21T15:07:18+00:00\">21 enero, 2020<\/time><time class=\"modify-date hide hidden updated\" datetime=\"2020-01-22T11:20:10+00:00\">22 enero, 2020<\/time><\/a><\/small>, <small class=\"meta-category\"><a href=\"https:\/\/www.goierrieskola.eus\/es\/category\/gure_enbaxadoreak-es\/\" rel=\"category tag\">Gure Enbaxadoreak<\/a><\/small>, <small class=\"meta-comment-count\"><a href=\"https:\/\/www.goierrieskola.eus\/es\/gure-enbaxadoreak-ainhoa-barandiaran\/#comments\">0 <i class=\"icon-chat-1 hover-tip\" data-original-title=\"Esta publicaci\u00f3n tiene 0 comentarios\" data-toggle=\"tooltip\" data-placement=\"top\"><\/i><\/a><\/small>                <\/span>\n\n\t\t\t<\/div><!--end post-header-->\n\n\t\t\t\n\t\t\t\t\t\t\t\t\t<div class=\"post-info\">\n\n\t\t\t\t\t\t<div class=\"entry-summary\">\n\t\t\t\t\t\t\t<p>Una vez finalizado el bachillerato, Ainhoa Barandiaran estudi\u00f3 Comunicaci\u00f3n Audiovisual (1990 \u2013 Amasa-Villabona). Trabaj\u00f3 durante un a\u00f1o en un...<\/p>\t\t\t\t\t\t<\/div><!-- .entry-summary -->\n\n\t\t\t\t\t<\/div><!--end post-info-->\n\t\t\t\t\n\t\t\t\n\t\t\n\t\t<div class=\"post-footer\">\n\t\t\t<small>\n\t\t\t\t<a href=\"#\" class=\"item-likes\" id=\"item-likes-10472\" title=\"Like this\"><span class=\"item-likes-count\">3<\/span> <span class=\"item-likes-postfix\">likes<\/span><\/a>\n\t\t\t\t\t\t\t\t\t<a href=\"https:\/\/www.goierrieskola.eus\/es\/gure-enbaxadoreak-ainhoa-barandiaran\/\"><span class=\"muted pull-right\">\n\t\t\t\t\t\tLeer m\u00e1s<\/span>\n\t\t\t\t\t<\/a>\n\t\t\t\t\n\t\t\t<\/small>\n\t\t<\/div><!--end post-footer-->\n\n\t<\/div><!--end post-content-->\n<\/article>\n\n\n<article id=\"post-10219\" class=\"post-item post-10219 post type-post status-publish format-standard has-post-thumbnail hentry category-gure_enbaxadoreak-es\">\n\t<div class=\"post-content animated animate-when-almost-visible el-appear\">\n\n\t\t<div class=\"post-image\"><a href=\"https:\/\/www.goierrieskola.eus\/es\/gure-enbaxadoreak-jon-alustiza\/\" class=\"element-wrap\"><img decoding=\"async\" data-src=\"https:\/\/www.goierrieskola.eus\/wp-content\/uploads\/2019\/05\/IMG_0628-slide-480x170.jpg\" alt=\"GURE ENBAXADOREAK: JON ALUSTIZA\" src=\"data:image\/svg+xml;base64,PHN2ZyB3aWR0aD0iMSIgaGVpZ2h0PSIxIiB4bWxucz0iaHR0cDovL3d3dy53My5vcmcvMjAwMC9zdmciPjwvc3ZnPg==\" class=\"lazyload\" style=\"--smush-placeholder-width: 480px; --smush-placeholder-aspect-ratio: 480\/170;\"><span class=\"hover-element\"><i>+<\/i><\/span><\/a><\/div><!--end post-image-->\n\t\t\n\t\t\t<div class=\"post-header\">\n\n\t\t\t\t\t\t\t\t\t<h3 class=\"post-title entry-title\"><a href=\"https:\/\/www.goierrieskola.eus\/es\/gure-enbaxadoreak-jon-alustiza\/\">GURE ENBAXADOREAK: JON ALUSTIZA<\/a>\n\t\t\t\t\t<\/h3>\n\t\t\t\t\n\t\t\t\t<span class=\"post-meta\">\n                    <small><a href=\"https:\/\/www.goierrieskola.eus\/es\/gure-enbaxadoreak-jon-alustiza\/\" rel=\"bookmark\" class=\"post-time\"><time class=\"entry-date\" datetime=\"2019-05-21T09:34:23+00:00\">21 mayo, 2019<\/time><time class=\"modify-date hide hidden updated\" datetime=\"2019-05-21T09:34:23+00:00\">21 mayo, 2019<\/time><\/a><\/small>, <small class=\"meta-category\"><a href=\"https:\/\/www.goierrieskola.eus\/es\/category\/gure_enbaxadoreak-es\/\" rel=\"category tag\">Gure Enbaxadoreak<\/a><\/small>, <small class=\"meta-comment-count\"><a href=\"https:\/\/www.goierrieskola.eus\/es\/gure-enbaxadoreak-jon-alustiza\/#comments\">0 <i class=\"icon-chat-1 hover-tip\" data-original-title=\"Esta publicaci\u00f3n tiene 0 comentarios\" data-toggle=\"tooltip\" data-placement=\"top\"><\/i><\/a><\/small>                <\/span>\n\n\t\t\t<\/div><!--end post-header-->\n\n\t\t\t\n\t\t\t\t\t\t\t\t\t<div class=\"post-info\">\n\n\t\t\t\t\t\t<div class=\"entry-summary\">\n\t\t\t\t\t\t\t<p>Asegura Jon Alustiza que en el trabajo ha aprendido a otorgar a cada cosa la importancia que realmente tiene...<\/p>\t\t\t\t\t\t<\/div><!-- .entry-summary -->\n\n\t\t\t\t\t<\/div><!--end post-info-->\n\t\t\t\t\n\t\t\t\n\t\t\n\t\t<div class=\"post-footer\">\n\t\t\t<small>\n\t\t\t\t<a href=\"#\" class=\"item-likes\" id=\"item-likes-10210\" title=\"Like this\"><span class=\"item-likes-count\">1<\/span> <span class=\"item-likes-postfix\">like<\/span><\/a>\n\t\t\t\t\t\t\t\t\t<a href=\"https:\/\/www.goierrieskola.eus\/es\/gure-enbaxadoreak-jon-alustiza\/\"><span class=\"muted pull-right\">\n\t\t\t\t\t\tLeer m\u00e1s<\/span>\n\t\t\t\t\t<\/a>\n\t\t\t\t\n\t\t\t<\/small>\n\t\t<\/div><!--end post-footer-->\n\n\t<\/div><!--end post-content-->\n<\/article>\n\n\n<article id=\"post-10120\" class=\"post-item post-10120 post type-post status-publish format-standard has-post-thumbnail hentry category-gure_enbaxadoreak-es\">\n\t<div class=\"post-content animated animate-when-almost-visible el-appear\">\n\n\t\t<div class=\"post-image\"><a href=\"https:\/\/www.goierrieskola.eus\/es\/gure-enbaxadoreak-tarik-hassad\/\" class=\"element-wrap\"><img decoding=\"async\" data-src=\"https:\/\/www.goierrieskola.eus\/wp-content\/uploads\/2019\/04\/IMG_8590-slide-480x110.jpg\" alt=\"GURE ENBAXADOREAK: TARIK HASSAD\" src=\"data:image\/svg+xml;base64,PHN2ZyB3aWR0aD0iMSIgaGVpZ2h0PSIxIiB4bWxucz0iaHR0cDovL3d3dy53My5vcmcvMjAwMC9zdmciPjwvc3ZnPg==\" class=\"lazyload\" style=\"--smush-placeholder-width: 480px; --smush-placeholder-aspect-ratio: 480\/110;\"><span class=\"hover-element\"><i>+<\/i><\/span><\/a><\/div><!--end post-image-->\n\t\t\n\t\t\t<div class=\"post-header\">\n\n\t\t\t\t\t\t\t\t\t<h3 class=\"post-title entry-title\"><a href=\"https:\/\/www.goierrieskola.eus\/es\/gure-enbaxadoreak-tarik-hassad\/\">GURE ENBAXADOREAK: TARIK HASSAD<\/a>\n\t\t\t\t\t<\/h3>\n\t\t\t\t\n\t\t\t\t<span class=\"post-meta\">\n                    <small><a href=\"https:\/\/www.goierrieskola.eus\/es\/gure-enbaxadoreak-tarik-hassad\/\" rel=\"bookmark\" class=\"post-time\"><time class=\"entry-date\" datetime=\"2019-04-30T07:30:19+00:00\">30 abril, 2019<\/time><time class=\"modify-date hide hidden updated\" datetime=\"2019-04-30T07:45:22+00:00\">30 abril, 2019<\/time><\/a><\/small>, <small class=\"meta-category\"><a href=\"https:\/\/www.goierrieskola.eus\/es\/category\/gure_enbaxadoreak-es\/\" rel=\"category tag\">Gure Enbaxadoreak<\/a><\/small>, <small class=\"meta-comment-count\"><a href=\"https:\/\/www.goierrieskola.eus\/es\/gure-enbaxadoreak-tarik-hassad\/#comments\">0 <i class=\"icon-chat-1 hover-tip\" data-original-title=\"Esta publicaci\u00f3n tiene 0 comentarios\" data-toggle=\"tooltip\" data-placement=\"top\"><\/i><\/a><\/small>                <\/span>\n\n\t\t\t<\/div><!--end post-header-->\n\n\t\t\t\n\t\t\t\t\t\t\t\t\t<div class=\"post-info\">\n\n\t\t\t\t\t\t<div class=\"entry-summary\">\n\t\t\t\t\t\t\t<p>Tarik Hassad naci\u00f3 hace veinte a\u00f1os en el pueblo de Settat, cerca de Casablanca, en Marruecos. Ten\u00eda seis a\u00f1os...<\/p>\t\t\t\t\t\t<\/div><!-- .entry-summary -->\n\n\t\t\t\t\t<\/div><!--end post-info-->\n\t\t\t\t\n\t\t\t\n\t\t\n\t\t<div class=\"post-footer\">\n\t\t\t<small>\n\t\t\t\t<a href=\"#\" class=\"item-likes\" id=\"item-likes-10109\" title=\"Like this\"><span class=\"item-likes-count\">3<\/span> <span class=\"item-likes-postfix\">likes<\/span><\/a>\n\t\t\t\t\t\t\t\t\t<a href=\"https:\/\/www.goierrieskola.eus\/es\/gure-enbaxadoreak-tarik-hassad\/\"><span class=\"muted pull-right\">\n\t\t\t\t\t\tLeer m\u00e1s<\/span>\n\t\t\t\t\t<\/a>\n\t\t\t\t\n\t\t\t<\/small>\n\t\t<\/div><!--end post-footer-->\n\n\t<\/div><!--end post-content-->\n<\/article>\n\n\n<article id=\"post-9852\" class=\"post-item post-9852 post type-post status-publish format-standard has-post-thumbnail hentry category-gure_enbaxadoreak-es\">\n\t<div class=\"post-content animated animate-when-almost-visible el-appear\">\n\n\t\t<div class=\"post-image\"><a href=\"https:\/\/www.goierrieskola.eus\/es\/gure-enbaxadoreak-raquel-de-oliveira\/\" class=\"element-wrap\"><img decoding=\"async\" data-src=\"https:\/\/www.goierrieskola.eus\/wp-content\/uploads\/2019\/01\/IMG_4136-slide-480x170.jpg\" alt=\"GURE ENBAXADOREAK: RAQUEL DE OLIVEIRA\" src=\"data:image\/svg+xml;base64,PHN2ZyB3aWR0aD0iMSIgaGVpZ2h0PSIxIiB4bWxucz0iaHR0cDovL3d3dy53My5vcmcvMjAwMC9zdmciPjwvc3ZnPg==\" class=\"lazyload\" style=\"--smush-placeholder-width: 480px; --smush-placeholder-aspect-ratio: 480\/170;\"><span class=\"hover-element\"><i>+<\/i><\/span><\/a><\/div><!--end post-image-->\n\t\t\n\t\t\t<div class=\"post-header\">\n\n\t\t\t\t\t\t\t\t\t<h3 class=\"post-title entry-title\"><a href=\"https:\/\/www.goierrieskola.eus\/es\/gure-enbaxadoreak-raquel-de-oliveira\/\">GURE ENBAXADOREAK: RAQUEL DE OLIVEIRA<\/a>\n\t\t\t\t\t<\/h3>\n\t\t\t\t\n\t\t\t\t<span class=\"post-meta\">\n                    <small><a href=\"https:\/\/www.goierrieskola.eus\/es\/gure-enbaxadoreak-raquel-de-oliveira\/\" rel=\"bookmark\" class=\"post-time\"><time class=\"entry-date\" datetime=\"2019-01-17T10:15:42+00:00\">17 enero, 2019<\/time><time class=\"modify-date hide hidden updated\" datetime=\"2019-01-17T14:59:16+00:00\">17 enero, 2019<\/time><\/a><\/small>, <small class=\"meta-category\"><a href=\"https:\/\/www.goierrieskola.eus\/es\/category\/gure_enbaxadoreak-es\/\" rel=\"category tag\">Gure Enbaxadoreak<\/a><\/small>, <small class=\"meta-comment-count\"><a href=\"https:\/\/www.goierrieskola.eus\/es\/gure-enbaxadoreak-raquel-de-oliveira\/#comments\">0 <i class=\"icon-chat-1 hover-tip\" data-original-title=\"Esta publicaci\u00f3n tiene 0 comentarios\" data-toggle=\"tooltip\" data-placement=\"top\"><\/i><\/a><\/small>                <\/span>\n\n\t\t\t<\/div><!--end post-header-->\n\n\t\t\t\n\t\t\t\t\t\t\t\t\t<div class=\"post-info\">\n\n\t\t\t\t\t\t<div class=\"entry-summary\">\n\t\t\t\t\t\t\t<p>Raquel de Oliveira, ordiziarra, mueve\u00a0 ficha r\u00e1pido si algo no le gusta o ve que tiene que cambiar. No...<\/p>\t\t\t\t\t\t<\/div><!-- .entry-summary -->\n\n\t\t\t\t\t<\/div><!--end post-info-->\n\t\t\t\t\n\t\t\t\n\t\t\n\t\t<div class=\"post-footer\">\n\t\t\t<small>\n\t\t\t\t<a href=\"#\" class=\"item-likes\" id=\"item-likes-9841\" title=\"Like this\"><span class=\"item-likes-count\">3<\/span> <span class=\"item-likes-postfix\">likes<\/span><\/a>\n\t\t\t\t\t\t\t\t\t<a href=\"https:\/\/www.goierrieskola.eus\/es\/gure-enbaxadoreak-raquel-de-oliveira\/\"><span class=\"muted pull-right\">\n\t\t\t\t\t\tLeer m\u00e1s<\/span>\n\t\t\t\t\t<\/a>\n\t\t\t\t\n\t\t\t<\/small>\n\t\t<\/div><!--end post-footer-->\n\n\t<\/div><!--end post-content-->\n<\/article>\n\n\n<article id=\"post-9790\" class=\"post-item post-9790 post type-post status-publish format-standard has-post-thumbnail hentry category-gure_enbaxadoreak-es\">\n\t<div class=\"post-content animated animate-when-almost-visible el-appear\">\n\n\t\t<div class=\"post-image\"><a href=\"https:\/\/www.goierrieskola.eus\/es\/gure-enbaxadoreak-maider-amenabarro\/\" class=\"element-wrap\"><img decoding=\"async\" data-src=\"https:\/\/www.goierrieskola.eus\/wp-content\/uploads\/2018\/12\/IMG_8908slide-480x101.jpg\" alt=\"GURE ENBAXADOREAK: MAIDER AMENABARRO\" src=\"data:image\/svg+xml;base64,PHN2ZyB3aWR0aD0iMSIgaGVpZ2h0PSIxIiB4bWxucz0iaHR0cDovL3d3dy53My5vcmcvMjAwMC9zdmciPjwvc3ZnPg==\" class=\"lazyload\" style=\"--smush-placeholder-width: 480px; --smush-placeholder-aspect-ratio: 480\/101;\"><span class=\"hover-element\"><i>+<\/i><\/span><\/a><\/div><!--end post-image-->\n\t\t\n\t\t\t<div class=\"post-header\">\n\n\t\t\t\t\t\t\t\t\t<h3 class=\"post-title entry-title\"><a href=\"https:\/\/www.goierrieskola.eus\/es\/gure-enbaxadoreak-maider-amenabarro\/\">GURE ENBAXADOREAK: MAIDER AMENABARRO<\/a>\n\t\t\t\t\t<\/h3>\n\t\t\t\t\n\t\t\t\t<span class=\"post-meta\">\n                    <small><a href=\"https:\/\/www.goierrieskola.eus\/es\/gure-enbaxadoreak-maider-amenabarro\/\" rel=\"bookmark\" class=\"post-time\"><time class=\"entry-date\" datetime=\"2018-12-10T09:50:22+00:00\">10 diciembre, 2018<\/time><time class=\"modify-date hide hidden updated\" datetime=\"2018-12-10T09:50:22+00:00\">10 diciembre, 2018<\/time><\/a><\/small>, <small class=\"meta-category\"><a href=\"https:\/\/www.goierrieskola.eus\/es\/category\/gure_enbaxadoreak-es\/\" rel=\"category tag\">Gure Enbaxadoreak<\/a><\/small>, <small class=\"meta-comment-count\"><a href=\"https:\/\/www.goierrieskola.eus\/es\/gure-enbaxadoreak-maider-amenabarro\/#comments\">0 <i class=\"icon-chat-1 hover-tip\" data-original-title=\"Esta publicaci\u00f3n tiene 0 comentarios\" data-toggle=\"tooltip\" data-placement=\"top\"><\/i><\/a><\/small>                <\/span>\n\n\t\t\t<\/div><!--end post-header-->\n\n\t\t\t\n\t\t\t\t\t\t\t\t\t<div class=\"post-info\">\n\n\t\t\t\t\t\t<div class=\"entry-summary\">\n\t\t\t\t\t\t\t<p>Quienes van a la universidad tras su paso por la Formaci\u00f3n Profesional superan con creces a quienes hacen el...<\/p>\t\t\t\t\t\t<\/div><!-- .entry-summary -->\n\n\t\t\t\t\t<\/div><!--end post-info-->\n\t\t\t\t\n\t\t\t\n\t\t\n\t\t<div class=\"post-footer\">\n\t\t\t<small>\n\t\t\t\t<a href=\"#\" class=\"item-likes\" id=\"item-likes-9771\" title=\"Like this\"><span class=\"item-likes-count\">2<\/span> <span class=\"item-likes-postfix\">likes<\/span><\/a>\n\t\t\t\t\t\t\t\t\t<a href=\"https:\/\/www.goierrieskola.eus\/es\/gure-enbaxadoreak-maider-amenabarro\/\"><span class=\"muted pull-right\">\n\t\t\t\t\t\tLeer m\u00e1s<\/span>\n\t\t\t\t\t<\/a>\n\t\t\t\t\n\t\t\t<\/small>\n\t\t<\/div><!--end post-footer-->\n\n\t<\/div><!--end post-content-->\n<\/article>\n\n\n<article id=\"post-9735\" class=\"post-item post-9735 post type-post status-publish format-standard has-post-thumbnail hentry category-patronoekin-solasean\">\n\t<div class=\"post-content animated animate-when-almost-visible el-appear\">\n\n\t\t<div class=\"post-image\"><a href=\"https:\/\/www.goierrieskola.eus\/es\/patronoekin-solasean-caf\/\" class=\"element-wrap\"><img decoding=\"async\" data-src=\"https:\/\/www.goierrieskola.eus\/wp-content\/uploads\/2018\/11\/IMG_3616slide-480x101.jpg\" alt=\"Patronoekin solasean: CAF\" src=\"data:image\/svg+xml;base64,PHN2ZyB3aWR0aD0iMSIgaGVpZ2h0PSIxIiB4bWxucz0iaHR0cDovL3d3dy53My5vcmcvMjAwMC9zdmciPjwvc3ZnPg==\" class=\"lazyload\" style=\"--smush-placeholder-width: 480px; --smush-placeholder-aspect-ratio: 480\/101;\"><span class=\"hover-element\"><i>+<\/i><\/span><\/a><\/div><!--end post-image-->\n\t\t\n\t\t\t<div class=\"post-header\">\n\n\t\t\t\t\t\t\t\t\t<h3 class=\"post-title entry-title\"><a href=\"https:\/\/www.goierrieskola.eus\/es\/patronoekin-solasean-caf\/\">Patronoekin solasean: CAF<\/a>\n\t\t\t\t\t<\/h3>\n\t\t\t\t\n\t\t\t\t<span class=\"post-meta\">\n                    <small><a href=\"https:\/\/www.goierrieskola.eus\/es\/patronoekin-solasean-caf\/\" rel=\"bookmark\" class=\"post-time\"><time class=\"entry-date\" datetime=\"2018-11-26T10:09:53+00:00\">26 noviembre, 2018<\/time><time class=\"modify-date hide hidden updated\" datetime=\"2018-11-26T10:09:53+00:00\">26 noviembre, 2018<\/time><\/a><\/small>, <small class=\"meta-category\"><a href=\"https:\/\/www.goierrieskola.eus\/es\/category\/patronoekin-solasean\/\" rel=\"category tag\">Patronoekin solasean<\/a><\/small>, <small class=\"meta-comment-count\"><a href=\"https:\/\/www.goierrieskola.eus\/es\/patronoekin-solasean-caf\/#comments\">0 <i class=\"icon-chat-1 hover-tip\" data-original-title=\"Esta publicaci\u00f3n tiene 0 comentarios\" data-toggle=\"tooltip\" data-placement=\"top\"><\/i><\/a><\/small>                <\/span>\n\n\t\t\t<\/div><!--end post-header-->\n\n\t\t\t\n\t\t\t\t\t\t\t\t\t<div class=\"post-info\">\n\n\t\t\t\t\t\t<div class=\"entry-summary\">\n\t\t\t\t\t\t\t<p>JOSU IMAZ MURGIONDO Director Corporativo de Negocios y Tecnolog\u00eda de CAF Era alumno de ingenier\u00eda cuando entr\u00f3 a CAF...<\/p>\t\t\t\t\t\t<\/div><!-- .entry-summary -->\n\n\t\t\t\t\t<\/div><!--end post-info-->\n\t\t\t\t\n\t\t\t\n\t\t\n\t\t<div class=\"post-footer\">\n\t\t\t<small>\n\t\t\t\t<a href=\"#\" class=\"item-likes\" id=\"item-likes-9724\" title=\"Like this\"><span class=\"item-likes-count\">3<\/span> <span class=\"item-likes-postfix\">likes<\/span><\/a>\n\t\t\t\t\t\t\t\t\t<a href=\"https:\/\/www.goierrieskola.eus\/es\/patronoekin-solasean-caf\/\"><span class=\"muted pull-right\">\n\t\t\t\t\t\tLeer m\u00e1s<\/span>\n\t\t\t\t\t<\/a>\n\t\t\t\t\n\t\t\t<\/small>\n\t\t<\/div><!--end post-footer-->\n\n\t<\/div><!--end post-content-->\n<\/article>\n\n\n<article id=\"post-9657\" class=\"post-item post-9657 post type-post status-publish format-standard has-post-thumbnail hentry category-gure_enbaxadoreak-es\">\n\t<div class=\"post-content animated animate-when-almost-visible el-appear\">\n\n\t\t<div class=\"post-image\"><a href=\"https:\/\/www.goierrieskola.eus\/es\/gure-enbaxadoreak-jon-elustondo\/\" class=\"element-wrap\"><img decoding=\"async\" data-src=\"https:\/\/www.goierrieskola.eus\/wp-content\/uploads\/2018\/10\/img-slider-480x185.jpg\" alt=\"GURE ENBAXADOREAK: JON ELUSTONDO\" src=\"data:image\/svg+xml;base64,PHN2ZyB3aWR0aD0iMSIgaGVpZ2h0PSIxIiB4bWxucz0iaHR0cDovL3d3dy53My5vcmcvMjAwMC9zdmciPjwvc3ZnPg==\" class=\"lazyload\" style=\"--smush-placeholder-width: 480px; --smush-placeholder-aspect-ratio: 480\/185;\"><span class=\"hover-element\"><i>+<\/i><\/span><\/a><\/div><!--end post-image-->\n\t\t\n\t\t\t<div class=\"post-header\">\n\n\t\t\t\t\t\t\t\t\t<h3 class=\"post-title entry-title\"><a href=\"https:\/\/www.goierrieskola.eus\/es\/gure-enbaxadoreak-jon-elustondo\/\">GURE ENBAXADOREAK: JON ELUSTONDO<\/a>\n\t\t\t\t\t<\/h3>\n\t\t\t\t\n\t\t\t\t<span class=\"post-meta\">\n                    <small><a href=\"https:\/\/www.goierrieskola.eus\/es\/gure-enbaxadoreak-jon-elustondo\/\" rel=\"bookmark\" class=\"post-time\"><time class=\"entry-date\" datetime=\"2018-10-09T14:05:07+00:00\">9 octubre, 2018<\/time><time class=\"modify-date hide hidden updated\" datetime=\"2018-12-05T15:53:26+00:00\">5 diciembre, 2018<\/time><\/a><\/small>, <small class=\"meta-category\"><a href=\"https:\/\/www.goierrieskola.eus\/es\/category\/gure_enbaxadoreak-es\/\" rel=\"category tag\">Gure Enbaxadoreak<\/a><\/small>, <small class=\"meta-comment-count\"><a href=\"https:\/\/www.goierrieskola.eus\/es\/gure-enbaxadoreak-jon-elustondo\/#comments\">0 <i class=\"icon-chat-1 hover-tip\" data-original-title=\"Esta publicaci\u00f3n tiene 0 comentarios\" data-toggle=\"tooltip\" data-placement=\"top\"><\/i><\/a><\/small>                <\/span>\n\n\t\t\t<\/div><!--end post-header-->\n\n\t\t\t\n\t\t\t\t\t\t\t\t\t<div class=\"post-info\">\n\n\t\t\t\t\t\t<div class=\"entry-summary\">\n\t\t\t\t\t\t\t<p>El berrobiarra Jon Elustondo tiene 24 a\u00f1os . Recal\u00f3\u00a0 en Goierri Eskola tras hacer el bachillerato en el Instituto...<\/p>\t\t\t\t\t\t<\/div><!-- .entry-summary -->\n\n\t\t\t\t\t<\/div><!--end post-info-->\n\t\t\t\t\n\t\t\t\n\t\t\n\t\t<div class=\"post-footer\">\n\t\t\t<small>\n\t\t\t\t<a href=\"#\" class=\"item-likes\" id=\"item-likes-9648\" title=\"Like this\"><span class=\"item-likes-count\">1<\/span> <span class=\"item-likes-postfix\">like<\/span><\/a>\n\t\t\t\t\t\t\t\t\t<a href=\"https:\/\/www.goierrieskola.eus\/es\/gure-enbaxadoreak-jon-elustondo\/\"><span class=\"muted pull-right\">\n\t\t\t\t\t\tLeer m\u00e1s<\/span>\n\t\t\t\t\t<\/a>\n\t\t\t\t\n\t\t\t<\/small>\n\t\t<\/div><!--end post-footer-->\n\n\t<\/div><!--end post-content-->\n<\/article>\n\n\n<article id=\"post-9453\" class=\"post-item post-9453 post type-post status-publish format-standard has-post-thumbnail hentry category-gure_enbaxadoreak-es\">\n\t<div class=\"post-content animated animate-when-almost-visible el-appear\">\n\n\t\t<div class=\"post-image\"><a href=\"https:\/\/www.goierrieskola.eus\/es\/gure-enbaxadoreak-maitane-garmendia\/\" class=\"element-wrap\"><img decoding=\"async\" data-src=\"https:\/\/www.goierrieskola.eus\/wp-content\/uploads\/2018\/05\/IMG_3737-e1525248976499-480x220.jpg\" alt=\"GURE ENBAXADOREAK: MAITANE GARMENDIA\" src=\"data:image\/svg+xml;base64,PHN2ZyB3aWR0aD0iMSIgaGVpZ2h0PSIxIiB4bWxucz0iaHR0cDovL3d3dy53My5vcmcvMjAwMC9zdmciPjwvc3ZnPg==\" class=\"lazyload\" style=\"--smush-placeholder-width: 480px; --smush-placeholder-aspect-ratio: 480\/220;\"><span class=\"hover-element\"><i>+<\/i><\/span><\/a><\/div><!--end post-image-->\n\t\t\n\t\t\t<div class=\"post-header\">\n\n\t\t\t\t\t\t\t\t\t<h3 class=\"post-title entry-title\"><a href=\"https:\/\/www.goierrieskola.eus\/es\/gure-enbaxadoreak-maitane-garmendia\/\">GURE ENBAXADOREAK: MAITANE GARMENDIA<\/a>\n\t\t\t\t\t<\/h3>\n\t\t\t\t\n\t\t\t\t<span class=\"post-meta\">\n                    <small><a href=\"https:\/\/www.goierrieskola.eus\/es\/gure-enbaxadoreak-maitane-garmendia\/\" rel=\"bookmark\" class=\"post-time\"><time class=\"entry-date\" datetime=\"2018-05-02T09:02:27+00:00\">2 mayo, 2018<\/time><time class=\"modify-date hide hidden updated\" datetime=\"2018-12-05T16:10:37+00:00\">5 diciembre, 2018<\/time><\/a><\/small>, <small class=\"meta-category\"><a href=\"https:\/\/www.goierrieskola.eus\/es\/category\/gure_enbaxadoreak-es\/\" rel=\"category tag\">Gure Enbaxadoreak<\/a><\/small>, <small class=\"meta-comment-count\"><a href=\"https:\/\/www.goierrieskola.eus\/es\/gure-enbaxadoreak-maitane-garmendia\/#comments\">0 <i class=\"icon-chat-1 hover-tip\" data-original-title=\"Esta publicaci\u00f3n tiene 0 comentarios\" data-toggle=\"tooltip\" data-placement=\"top\"><\/i><\/a><\/small>                <\/span>\n\n\t\t\t<\/div><!--end post-header-->\n\n\t\t\t\n\t\t\t\t\t\t\t\t\t<div class=\"post-info\">\n\n\t\t\t\t\t\t<div class=\"entry-summary\">\n\t\t\t\t\t\t\t<p>La beasaindarra Maitane Garmendia tiene 32 a\u00f1os y trabaja en IK4-Ikerlan, centro\u00a0 cuya misi\u00f3n es\u00a0 la transferencia de conocimiento...<\/p>\t\t\t\t\t\t<\/div><!-- .entry-summary -->\n\n\t\t\t\t\t<\/div><!--end post-info-->\n\t\t\t\t\n\t\t\t\n\t\t\n\t\t<div class=\"post-footer\">\n\t\t\t<small>\n\t\t\t\t<a href=\"#\" class=\"item-likes\" id=\"item-likes-9446\" title=\"Like this\"><span class=\"item-likes-count\">1<\/span> <span class=\"item-likes-postfix\">like<\/span><\/a>\n\t\t\t\t\t\t\t\t\t<a href=\"https:\/\/www.goierrieskola.eus\/es\/gure-enbaxadoreak-maitane-garmendia\/\"><span class=\"muted pull-right\">\n\t\t\t\t\t\tLeer m\u00e1s<\/span>\n\t\t\t\t\t<\/a>\n\t\t\t\t\n\t\t\t<\/small>\n\t\t<\/div><!--end post-footer-->\n\n\t<\/div><!--end post-content-->\n<\/article>\n\n\n<article id=\"post-9369\" class=\"post-item post-9369 post type-post status-publish format-standard has-post-thumbnail hentry category-gure_enbaxadoreak-es\">\n\t<div class=\"post-content animated animate-when-almost-visible el-appear\">\n\n\t\t<div class=\"post-image\"><a href=\"https:\/\/www.goierrieskola.eus\/es\/gure-enbaxadoreak-bogdan-cristian-popa\/\" class=\"element-wrap\"><img decoding=\"async\" data-src=\"https:\/\/www.goierrieskola.eus\/wp-content\/uploads\/2018\/04\/IMG_4841-e1523433911285-480x184.jpg\" alt=\"GURE ENBAXADOREAK: BOGDAN CRISTIAN POPA\" src=\"data:image\/svg+xml;base64,PHN2ZyB3aWR0aD0iMSIgaGVpZ2h0PSIxIiB4bWxucz0iaHR0cDovL3d3dy53My5vcmcvMjAwMC9zdmciPjwvc3ZnPg==\" class=\"lazyload\" style=\"--smush-placeholder-width: 480px; --smush-placeholder-aspect-ratio: 480\/184;\"><span class=\"hover-element\"><i>+<\/i><\/span><\/a><\/div><!--end post-image-->\n\t\t\n\t\t\t<div class=\"post-header\">\n\n\t\t\t\t\t\t\t\t\t<h3 class=\"post-title entry-title\"><a href=\"https:\/\/www.goierrieskola.eus\/es\/gure-enbaxadoreak-bogdan-cristian-popa\/\">GURE ENBAXADOREAK: BOGDAN CRISTIAN POPA<\/a>\n\t\t\t\t\t<\/h3>\n\t\t\t\t\n\t\t\t\t<span class=\"post-meta\">\n                    <small><a href=\"https:\/\/www.goierrieskola.eus\/es\/gure-enbaxadoreak-bogdan-cristian-popa\/\" rel=\"bookmark\" class=\"post-time\"><time class=\"entry-date\" datetime=\"2018-04-11T08:16:27+00:00\">11 abril, 2018<\/time><time class=\"modify-date hide hidden updated\" datetime=\"2018-12-05T16:09:39+00:00\">5 diciembre, 2018<\/time><\/a><\/small>, <small class=\"meta-category\"><a href=\"https:\/\/www.goierrieskola.eus\/es\/category\/gure_enbaxadoreak-es\/\" rel=\"category tag\">Gure Enbaxadoreak<\/a><\/small>, <small class=\"meta-comment-count\"><a href=\"https:\/\/www.goierrieskola.eus\/es\/gure-enbaxadoreak-bogdan-cristian-popa\/#comments\">0 <i class=\"icon-chat-1 hover-tip\" data-original-title=\"Esta publicaci\u00f3n tiene 0 comentarios\" data-toggle=\"tooltip\" data-placement=\"top\"><\/i><\/a><\/small>                <\/span>\n\n\t\t\t<\/div><!--end post-header-->\n\n\t\t\t\n\t\t\t\t\t\t\t\t\t<div class=\"post-info\">\n\n\t\t\t\t\t\t<div class=\"entry-summary\">\n\t\t\t\t\t\t\t<p>Hay circunstancias que hacen que las cosas sean m\u00e1s dif\u00edciles para unos que para otros. Bogdan dej\u00f3 su pa\u00eds...<\/p>\t\t\t\t\t\t<\/div><!-- .entry-summary -->\n\n\t\t\t\t\t<\/div><!--end post-info-->\n\t\t\t\t\n\t\t\t\n\t\t\n\t\t<div class=\"post-footer\">\n\t\t\t<small>\n\t\t\t\t<a href=\"#\" class=\"item-likes\" id=\"item-likes-9361\" title=\"Like this\"><span class=\"item-likes-count\">2<\/span> <span class=\"item-likes-postfix\">likes<\/span><\/a>\n\t\t\t\t\t\t\t\t\t<a href=\"https:\/\/www.goierrieskola.eus\/es\/gure-enbaxadoreak-bogdan-cristian-popa\/\"><span class=\"muted pull-right\">\n\t\t\t\t\t\tLeer m\u00e1s<\/span>\n\t\t\t\t\t<\/a>\n\t\t\t\t\n\t\t\t<\/small>\n\t\t<\/div><!--end post-footer-->\n\n\t<\/div><!--end post-content-->\n<\/article>\n\n\n<article id=\"post-9331\" class=\"post-item post-9331 post type-post status-publish format-standard has-post-thumbnail hentry category-gure_enbaxadoreak-es\">\n\t<div class=\"post-content animated animate-when-almost-visible el-appear\">\n\n\t\t<div class=\"post-image\"><a href=\"https:\/\/www.goierrieskola.eus\/es\/gure-enbaxadoreak-laida-etxeberria\/\" class=\"element-wrap\"><img decoding=\"async\" data-src=\"https:\/\/www.goierrieskola.eus\/wp-content\/uploads\/2018\/03\/Laida_Etxeberria3-e1520333275611-480x172.jpg\" alt=\"GURE ENBAXADOREAK: LAIDA ETXEBERRIA\" src=\"data:image\/svg+xml;base64,PHN2ZyB3aWR0aD0iMSIgaGVpZ2h0PSIxIiB4bWxucz0iaHR0cDovL3d3dy53My5vcmcvMjAwMC9zdmciPjwvc3ZnPg==\" class=\"lazyload\" style=\"--smush-placeholder-width: 480px; --smush-placeholder-aspect-ratio: 480\/172;\"><span class=\"hover-element\"><i>+<\/i><\/span><\/a><\/div><!--end post-image-->\n\t\t\n\t\t\t<div class=\"post-header\">\n\n\t\t\t\t\t\t\t\t\t<h3 class=\"post-title entry-title\"><a href=\"https:\/\/www.goierrieskola.eus\/es\/gure-enbaxadoreak-laida-etxeberria\/\">GURE ENBAXADOREAK: LAIDA ETXEBERRIA<\/a>\n\t\t\t\t\t<\/h3>\n\t\t\t\t\n\t\t\t\t<span class=\"post-meta\">\n                    <small><a href=\"https:\/\/www.goierrieskola.eus\/es\/gure-enbaxadoreak-laida-etxeberria\/\" rel=\"bookmark\" class=\"post-time\"><time class=\"entry-date\" datetime=\"2018-03-15T11:13:19+00:00\">15 marzo, 2018<\/time><time class=\"modify-date hide hidden updated\" datetime=\"2018-12-05T16:09:47+00:00\">5 diciembre, 2018<\/time><\/a><\/small>, <small class=\"meta-category\"><a href=\"https:\/\/www.goierrieskola.eus\/es\/category\/gure_enbaxadoreak-es\/\" rel=\"category tag\">Gure Enbaxadoreak<\/a><\/small>, <small class=\"meta-comment-count\"><a href=\"https:\/\/www.goierrieskola.eus\/es\/gure-enbaxadoreak-laida-etxeberria\/#comments\">0 <i class=\"icon-chat-1 hover-tip\" data-original-title=\"Esta publicaci\u00f3n tiene 0 comentarios\" data-toggle=\"tooltip\" data-placement=\"top\"><\/i><\/a><\/small>                <\/span>\n\n\t\t\t<\/div><!--end post-header-->\n\n\t\t\t\n\t\t\t\t\t\t\t\t\t<div class=\"post-info\">\n\n\t\t\t\t\t\t<div class=\"entry-summary\">\n\t\t\t\t\t\t\t<p>Laida Etxeberria tiene 21 a\u00f1os y estudia 4\u00ba de Medicina en la Universidad del Pa\u00eds Vasco. Tras cursar en...<\/p>\t\t\t\t\t\t<\/div><!-- .entry-summary -->\n\n\t\t\t\t\t<\/div><!--end post-info-->\n\t\t\t\t\n\t\t\t\n\t\t\n\t\t<div class=\"post-footer\">\n\t\t\t<small>\n\t\t\t\t<a href=\"#\" class=\"item-likes\" id=\"item-likes-9320\" title=\"Like this\"><span class=\"item-likes-count\">2<\/span> <span class=\"item-likes-postfix\">likes<\/span><\/a>\n\t\t\t\t\t\t\t\t\t<a href=\"https:\/\/www.goierrieskola.eus\/es\/gure-enbaxadoreak-laida-etxeberria\/\"><span class=\"muted pull-right\">\n\t\t\t\t\t\tLeer m\u00e1s<\/span>\n\t\t\t\t\t<\/a>\n\t\t\t\t\n\t\t\t<\/small>\n\t\t<\/div><!--end post-footer-->\n\n\t<\/div><!--end post-content-->\n<\/article>\n\n\n<article id=\"post-8751\" class=\"post-item post-8751 post type-post status-publish format-standard has-post-thumbnail hentry category-patronoekin-solasean\">\n\t<div class=\"post-content animated animate-when-almost-visible el-appear\">\n\n\t\t<div class=\"post-image\"><a href=\"https:\/\/www.goierrieskola.eus\/es\/patronoekin-solasean-elektra\/\" class=\"element-wrap\"><img decoding=\"async\" data-src=\"https:\/\/www.goierrieskola.eus\/wp-content\/uploads\/2017\/01\/IMG_7826-e1485272618406-480x198.jpg\" alt=\"Patronoekin solasean: ELEKTRA\" src=\"data:image\/svg+xml;base64,PHN2ZyB3aWR0aD0iMSIgaGVpZ2h0PSIxIiB4bWxucz0iaHR0cDovL3d3dy53My5vcmcvMjAwMC9zdmciPjwvc3ZnPg==\" class=\"lazyload\" style=\"--smush-placeholder-width: 480px; --smush-placeholder-aspect-ratio: 480\/198;\"><span class=\"hover-element\"><i>+<\/i><\/span><\/a><\/div><!--end post-image-->\n\t\t\n\t\t\t<div class=\"post-header\">\n\n\t\t\t\t\t\t\t\t\t<h3 class=\"post-title entry-title\"><a href=\"https:\/\/www.goierrieskola.eus\/es\/patronoekin-solasean-elektra\/\">Patronoekin solasean: ELEKTRA<\/a>\n\t\t\t\t\t<\/h3>\n\t\t\t\t\n\t\t\t\t<span class=\"post-meta\">\n                    <small><a href=\"https:\/\/www.goierrieskola.eus\/es\/patronoekin-solasean-elektra\/\" rel=\"bookmark\" class=\"post-time\"><time class=\"entry-date\" datetime=\"2017-01-24T16:03:14+00:00\">24 enero, 2017<\/time><time class=\"modify-date hide hidden updated\" datetime=\"2017-01-24T16:05:41+00:00\">24 enero, 2017<\/time><\/a><\/small>, <small class=\"meta-category\"><a href=\"https:\/\/www.goierrieskola.eus\/es\/category\/patronoekin-solasean\/\" rel=\"category tag\">Patronoekin solasean<\/a><\/small>, <small class=\"meta-comment-count\"><a href=\"https:\/\/www.goierrieskola.eus\/es\/patronoekin-solasean-elektra\/#comments\">0 <i class=\"icon-chat-1 hover-tip\" data-original-title=\"Esta publicaci\u00f3n tiene 0 comentarios\" data-toggle=\"tooltip\" data-placement=\"top\"><\/i><\/a><\/small>                <\/span>\n\n\t\t\t<\/div><!--end post-header-->\n\n\t\t\t\n\t\t\t\t\t\t\t\t\t<div class=\"post-info\">\n\n\t\t\t\t\t\t<div class=\"entry-summary\">\n\t\t\t\t\t\t\t<p>RICARDO ZUFIRIA Delegado de Olaberria de Grupo Elektra Zufiria compagin\u00f3 durante una d\u00e9cada su trabajo de camarero y de...<\/p>\t\t\t\t\t\t<\/div><!-- .entry-summary -->\n\n\t\t\t\t\t<\/div><!--end post-info-->\n\t\t\t\t\n\t\t\t\n\t\t\n\t\t<div class=\"post-footer\">\n\t\t\t<small>\n\t\t\t\t<a href=\"#\" class=\"item-likes\" id=\"item-likes-8742\" title=\"Like this\"><span class=\"item-likes-count\">1<\/span> <span class=\"item-likes-postfix\">like<\/span><\/a>\n\t\t\t\t\t\t\t\t\t<a href=\"https:\/\/www.goierrieskola.eus\/es\/patronoekin-solasean-elektra\/\"><span class=\"muted pull-right\">\n\t\t\t\t\t\tLeer m\u00e1s<\/span>\n\t\t\t\t\t<\/a>\n\t\t\t\t\n\t\t\t<\/small>\n\t\t<\/div><!--end post-footer-->\n\n\t<\/div><!--end post-content-->\n<\/article>\n\n\n<article id=\"post-8069\" class=\"post-item post-8069 post type-post status-publish format-standard has-post-thumbnail hentry category-patronoekin-solasean\">\n\t<div class=\"post-content animated animate-when-almost-visible el-appear\">\n\n\t\t<div class=\"post-image\"><a href=\"https:\/\/www.goierrieskola.eus\/es\/patronoekin-solasean-praxair\/\" class=\"element-wrap\"><img decoding=\"async\" data-src=\"https:\/\/www.goierrieskola.eus\/wp-content\/uploads\/2016\/01\/slider2-e1452587568418-480x196.jpg\" alt=\"Patronoekin solasean: PRAXAIR\" src=\"data:image\/svg+xml;base64,PHN2ZyB3aWR0aD0iMSIgaGVpZ2h0PSIxIiB4bWxucz0iaHR0cDovL3d3dy53My5vcmcvMjAwMC9zdmciPjwvc3ZnPg==\" class=\"lazyload\" style=\"--smush-placeholder-width: 480px; --smush-placeholder-aspect-ratio: 480\/196;\"><span class=\"hover-element\"><i>+<\/i><\/span><\/a><\/div><!--end post-image-->\n\t\t\n\t\t\t<div class=\"post-header\">\n\n\t\t\t\t\t\t\t\t\t<h3 class=\"post-title entry-title\"><a href=\"https:\/\/www.goierrieskola.eus\/es\/patronoekin-solasean-praxair\/\">Patronoekin solasean: PRAXAIR<\/a>\n\t\t\t\t\t<\/h3>\n\t\t\t\t\n\t\t\t\t<span class=\"post-meta\">\n                    <small><a href=\"https:\/\/www.goierrieskola.eus\/es\/patronoekin-solasean-praxair\/\" rel=\"bookmark\" class=\"post-time\"><time class=\"entry-date\" datetime=\"2016-01-14T07:34:14+00:00\">14 enero, 2016<\/time><time class=\"modify-date hide hidden updated\" datetime=\"2016-01-14T07:35:31+00:00\">14 enero, 2016<\/time><\/a><\/small>, <small class=\"meta-category\"><a href=\"https:\/\/www.goierrieskola.eus\/es\/category\/patronoekin-solasean\/\" rel=\"category tag\">Patronoekin solasean<\/a><\/small>, <small class=\"meta-comment-count\"><a href=\"https:\/\/www.goierrieskola.eus\/es\/patronoekin-solasean-praxair\/#comments\">0 <i class=\"icon-chat-1 hover-tip\" data-original-title=\"Esta publicaci\u00f3n tiene 0 comentarios\" data-toggle=\"tooltip\" data-placement=\"top\"><\/i><\/a><\/small>                <\/span>\n\n\t\t\t<\/div><!--end post-header-->\n\n\t\t\t\n\t\t\t\t\t\t\t\t\t<div class=\"post-info\">\n\n\t\t\t\t\t\t<div class=\"entry-summary\">\n\t\t\t\t\t\t\t<p> JON AUZMENDI Director de la Delegaci\u00f3n Norte de Praxair Licenciado en Ingenier\u00eda T\u00e9cnica Electr\u00f3nica, Auzmendi trabaj\u00f3 durante dos...<\/p>\t\t\t\t\t\t<\/div><!-- .entry-summary -->\n\n\t\t\t\t\t<\/div><!--end post-info-->\n\t\t\t\t\n\t\t\t\n\t\t\n\t\t<div class=\"post-footer\">\n\t\t\t<small>\n\t\t\t\t<a href=\"#\" class=\"item-likes\" id=\"item-likes-8064\" title=\"Like this\"><span class=\"item-likes-count\">5<\/span> <span class=\"item-likes-postfix\">likes<\/span><\/a>\n\t\t\t\t\t\t\t\t\t<a href=\"https:\/\/www.goierrieskola.eus\/es\/patronoekin-solasean-praxair\/\"><span class=\"muted pull-right\">\n\t\t\t\t\t\tLeer m\u00e1s<\/span>\n\t\t\t\t\t<\/a>\n\t\t\t\t\n\t\t\t<\/small>\n\t\t<\/div><!--end post-footer-->\n\n\t<\/div><!--end post-content-->\n<\/article>\n\n\n<article id=\"post-8035\" class=\"post-item post-8035 post type-post status-publish format-standard has-post-thumbnail hentry category-patronoekin-solasean\">\n\t<div class=\"post-content animated animate-when-almost-visible el-appear\">\n\n\t\t<div class=\"post-image\"><a href=\"https:\/\/www.goierrieskola.eus\/es\/patronoekin-solasean-ederfil-becker\/\" class=\"element-wrap\"><img decoding=\"async\" data-src=\"https:\/\/www.goierrieskola.eus\/wp-content\/uploads\/2015\/10\/portada-480x190.jpg\" alt=\"Patronoekin solasean: EDERFIL BECKER\" src=\"data:image\/svg+xml;base64,PHN2ZyB3aWR0aD0iMSIgaGVpZ2h0PSIxIiB4bWxucz0iaHR0cDovL3d3dy53My5vcmcvMjAwMC9zdmciPjwvc3ZnPg==\" class=\"lazyload\" style=\"--smush-placeholder-width: 480px; --smush-placeholder-aspect-ratio: 480\/190;\"><span class=\"hover-element\"><i>+<\/i><\/span><\/a><\/div><!--end post-image-->\n\t\t\n\t\t\t<div class=\"post-header\">\n\n\t\t\t\t\t\t\t\t\t<h3 class=\"post-title entry-title\"><a href=\"https:\/\/www.goierrieskola.eus\/es\/patronoekin-solasean-ederfil-becker\/\">Patronoekin solasean: EDERFIL BECKER<\/a>\n\t\t\t\t\t<\/h3>\n\t\t\t\t\n\t\t\t\t<span class=\"post-meta\">\n                    <small><a href=\"https:\/\/www.goierrieskola.eus\/es\/patronoekin-solasean-ederfil-becker\/\" rel=\"bookmark\" class=\"post-time\"><time class=\"entry-date\" datetime=\"2015-10-27T16:44:14+00:00\">27 octubre, 2015<\/time><time class=\"modify-date hide hidden updated\" datetime=\"2016-01-12T08:30:50+00:00\">12 enero, 2016<\/time><\/a><\/small>, <small class=\"meta-category\"><a href=\"https:\/\/www.goierrieskola.eus\/es\/category\/patronoekin-solasean\/\" rel=\"category tag\">Patronoekin solasean<\/a><\/small>, <small class=\"meta-comment-count\"><a href=\"https:\/\/www.goierrieskola.eus\/es\/patronoekin-solasean-ederfil-becker\/#comments\">0 <i class=\"icon-chat-1 hover-tip\" data-original-title=\"Esta publicaci\u00f3n tiene 0 comentarios\" data-toggle=\"tooltip\" data-placement=\"top\"><\/i><\/a><\/small>                <\/span>\n\n\t\t\t<\/div><!--end post-header-->\n\n\t\t\t\n\t\t\t\t\t\t\t\t\t<div class=\"post-info\">\n\n\t\t\t\t\t\t<div class=\"entry-summary\">\n\t\t\t\t\t\t\t<p>UNAI ELOLA Presidente del Consejo Rector en Ederfil Becker Unai Elola entr\u00f3 en la empresa en 2001. Trabaj\u00f3 de...<\/p>\t\t\t\t\t\t<\/div><!-- .entry-summary -->\n\n\t\t\t\t\t<\/div><!--end post-info-->\n\t\t\t\t\n\t\t\t\n\t\t\n\t\t<div class=\"post-footer\">\n\t\t\t<small>\n\t\t\t\t<a href=\"#\" class=\"item-likes\" id=\"item-likes-8023\" title=\"Like this\"><span class=\"item-likes-count\">1<\/span> <span class=\"item-likes-postfix\">like<\/span><\/a>\n\t\t\t\t\t\t\t\t\t<a href=\"https:\/\/www.goierrieskola.eus\/es\/patronoekin-solasean-ederfil-becker\/\"><span class=\"muted pull-right\">\n\t\t\t\t\t\tLeer m\u00e1s<\/span>\n\t\t\t\t\t<\/a>\n\t\t\t\t\n\t\t\t<\/small>\n\t\t<\/div><!--end post-footer-->\n\n\t<\/div><!--end post-content-->\n<\/article>\n\n\n<article id=\"post-7324\" class=\"post-item post-7324 post type-post status-publish format-standard has-post-thumbnail hentry category-patronoekin-solasean\">\n\t<div class=\"post-content animated animate-when-almost-visible el-appear\">\n\n\t\t<div class=\"post-image\"><a href=\"https:\/\/www.goierrieskola.eus\/es\/patronoekin-solasean-indar\/\" class=\"element-wrap\"><img decoding=\"async\" data-src=\"https:\/\/www.goierrieskola.eus\/wp-content\/uploads\/2015\/06\/pedro-garciandia-2-e1433416123224-480x177.jpg\" alt=\"Patronoekin solasean: INDAR\" src=\"data:image\/svg+xml;base64,PHN2ZyB3aWR0aD0iMSIgaGVpZ2h0PSIxIiB4bWxucz0iaHR0cDovL3d3dy53My5vcmcvMjAwMC9zdmciPjwvc3ZnPg==\" class=\"lazyload\" style=\"--smush-placeholder-width: 480px; --smush-placeholder-aspect-ratio: 480\/177;\"><span class=\"hover-element\"><i>+<\/i><\/span><\/a><\/div><!--end post-image-->\n\t\t\n\t\t\t<div class=\"post-header\">\n\n\t\t\t\t\t\t\t\t\t<h3 class=\"post-title entry-title\"><a href=\"https:\/\/www.goierrieskola.eus\/es\/patronoekin-solasean-indar\/\">Patronoekin solasean: INDAR<\/a>\n\t\t\t\t\t<\/h3>\n\t\t\t\t\n\t\t\t\t<span class=\"post-meta\">\n                    <small><a href=\"https:\/\/www.goierrieskola.eus\/es\/patronoekin-solasean-indar\/\" rel=\"bookmark\" class=\"post-time\"><time class=\"entry-date\" datetime=\"2015-06-04T11:13:15+00:00\">4 junio, 2015<\/time><time class=\"modify-date hide hidden updated\" datetime=\"2015-06-11T07:44:07+00:00\">11 junio, 2015<\/time><\/a><\/small>, <small class=\"meta-category\"><a href=\"https:\/\/www.goierrieskola.eus\/es\/category\/patronoekin-solasean\/\" rel=\"category tag\">Patronoekin solasean<\/a><\/small>, <small class=\"meta-comment-count\"><a href=\"https:\/\/www.goierrieskola.eus\/es\/patronoekin-solasean-indar\/#comments\">0 <i class=\"icon-chat-1 hover-tip\" data-original-title=\"Esta publicaci\u00f3n tiene 0 comentarios\" data-toggle=\"tooltip\" data-placement=\"top\"><\/i><\/a><\/small>                <\/span>\n\n\t\t\t<\/div><!--end post-header-->\n\n\t\t\t\n\t\t\t\t\t\t\t\t\t<div class=\"post-info\">\n\n\t\t\t\t\t\t<div class=\"entry-summary\">\n\t\t\t\t\t\t\t<p>PEDRO GARCIANDIA Director de Desarrollo de Negocio Global en Indar Lleva trabajando en Indar desde 2005 como Director de...<\/p>\t\t\t\t\t\t<\/div><!-- .entry-summary -->\n\n\t\t\t\t\t<\/div><!--end post-info-->\n\t\t\t\t\n\t\t\t\n\t\t\n\t\t<div class=\"post-footer\">\n\t\t\t<small>\n\t\t\t\t<a href=\"#\" class=\"item-likes\" id=\"item-likes-7317\" title=\"Like this\"><span class=\"item-likes-count\">1<\/span> <span class=\"item-likes-postfix\">like<\/span><\/a>\n\t\t\t\t\t\t\t\t\t<a href=\"https:\/\/www.goierrieskola.eus\/es\/patronoekin-solasean-indar\/\"><span class=\"muted pull-right\">\n\t\t\t\t\t\tLeer m\u00e1s<\/span>\n\t\t\t\t\t<\/a>\n\t\t\t\t\n\t\t\t<\/small>\n\t\t<\/div><!--end post-footer-->\n\n\t<\/div><!--end post-content-->\n<\/article>\n\n\n<article id=\"post-7018\" class=\"post-item post-7018 post type-post status-publish format-standard has-post-thumbnail hentry category-patronoekin-solasean\">\n\t<div class=\"post-content animated animate-when-almost-visible el-appear\">\n\n\t\t<div class=\"post-image\"><a href=\"https:\/\/www.goierrieskola.eus\/es\/patroneokin-solasean-orkli\/\" class=\"element-wrap\"><img decoding=\"async\" data-src=\"https:\/\/www.goierrieskola.eus\/wp-content\/uploads\/2015\/04\/Orkli_jose_luis_perez-e1428916052406-480x178.jpg\" alt=\"Patronoekin solasean: ORKLI\" src=\"data:image\/svg+xml;base64,PHN2ZyB3aWR0aD0iMSIgaGVpZ2h0PSIxIiB4bWxucz0iaHR0cDovL3d3dy53My5vcmcvMjAwMC9zdmciPjwvc3ZnPg==\" class=\"lazyload\" style=\"--smush-placeholder-width: 480px; --smush-placeholder-aspect-ratio: 480\/178;\"><span class=\"hover-element\"><i>+<\/i><\/span><\/a><\/div><!--end post-image-->\n\t\t\n\t\t\t<div class=\"post-header\">\n\n\t\t\t\t\t\t\t\t\t<h3 class=\"post-title entry-title\"><a href=\"https:\/\/www.goierrieskola.eus\/es\/patroneokin-solasean-orkli\/\">Patronoekin solasean: ORKLI<\/a>\n\t\t\t\t\t<\/h3>\n\t\t\t\t\n\t\t\t\t<span class=\"post-meta\">\n                    <small><a href=\"https:\/\/www.goierrieskola.eus\/es\/patroneokin-solasean-orkli\/\" rel=\"bookmark\" class=\"post-time\"><time class=\"entry-date\" datetime=\"2015-04-13T09:07:59+00:00\">13 abril, 2015<\/time><time class=\"modify-date hide hidden updated\" datetime=\"2015-04-13T10:51:55+00:00\">13 abril, 2015<\/time><\/a><\/small>, <small class=\"meta-category\"><a href=\"https:\/\/www.goierrieskola.eus\/es\/category\/patronoekin-solasean\/\" rel=\"category tag\">Patronoekin solasean<\/a><\/small>, <small class=\"meta-comment-count\"><a href=\"https:\/\/www.goierrieskola.eus\/es\/patroneokin-solasean-orkli\/#comments\">0 <i class=\"icon-chat-1 hover-tip\" data-original-title=\"Esta publicaci\u00f3n tiene 0 comentarios\" data-toggle=\"tooltip\" data-placement=\"top\"><\/i><\/a><\/small>                <\/span>\n\n\t\t\t<\/div><!--end post-header-->\n\n\t\t\t\n\t\t\t\t\t\t\t\t\t<div class=\"post-info\">\n\n\t\t\t\t\t\t<div class=\"entry-summary\">\n\t\t\t\t\t\t\t<p>JOS\u00c9 LUIS P\u00c9REZ GARMENDIA \u00a0 Presidente de Orkli S.Coop Entr\u00f3 a trabajar en el \u00e1rea de fabricaci\u00f3n de Orkli...<\/p>\t\t\t\t\t\t<\/div><!-- .entry-summary -->\n\n\t\t\t\t\t<\/div><!--end post-info-->\n\t\t\t\t\n\t\t\t\n\t\t\n\t\t<div class=\"post-footer\">\n\t\t\t<small>\n\t\t\t\t<a href=\"#\" class=\"item-likes\" id=\"item-likes-7030\" title=\"Like this\"><span class=\"item-likes-count\">1<\/span> <span class=\"item-likes-postfix\">like<\/span><\/a>\n\t\t\t\t\t\t\t\t\t<a href=\"https:\/\/www.goierrieskola.eus\/es\/patroneokin-solasean-orkli\/\"><span class=\"muted pull-right\">\n\t\t\t\t\t\tLeer m\u00e1s<\/span>\n\t\t\t\t\t<\/a>\n\t\t\t\t\n\t\t\t<\/small>\n\t\t<\/div><!--end post-footer-->\n\n\t<\/div><!--end post-content-->\n<\/article>\n\n\n<article id=\"post-6839\" class=\"post-item post-6839 post type-post status-publish format-standard has-post-thumbnail hentry category-patronoekin-solasean\">\n\t<div class=\"post-content animated animate-when-almost-visible el-appear\">\n\n\t\t<div class=\"post-image\"><a href=\"https:\/\/www.goierrieskola.eus\/es\/patronoekin-solasean-ampo\/\" class=\"element-wrap\"><img decoding=\"async\" data-src=\"https:\/\/www.goierrieskola.eus\/wp-content\/uploads\/2015\/03\/Leire-Colomo-AMPOSCOOP-480x178.jpg\" alt=\"Patronoekin solasean: AMPO\" src=\"data:image\/svg+xml;base64,PHN2ZyB3aWR0aD0iMSIgaGVpZ2h0PSIxIiB4bWxucz0iaHR0cDovL3d3dy53My5vcmcvMjAwMC9zdmciPjwvc3ZnPg==\" class=\"lazyload\" style=\"--smush-placeholder-width: 480px; --smush-placeholder-aspect-ratio: 480\/178;\"><span class=\"hover-element\"><i>+<\/i><\/span><\/a><\/div><!--end post-image-->\n\t\t\n\t\t\t<div class=\"post-header\">\n\n\t\t\t\t\t\t\t\t\t<h3 class=\"post-title entry-title\"><a href=\"https:\/\/www.goierrieskola.eus\/es\/patronoekin-solasean-ampo\/\">Patronoekin solasean: AMPO<\/a>\n\t\t\t\t\t<\/h3>\n\t\t\t\t\n\t\t\t\t<span class=\"post-meta\">\n                    <small><a href=\"https:\/\/www.goierrieskola.eus\/es\/patronoekin-solasean-ampo\/\" rel=\"bookmark\" class=\"post-time\"><time class=\"entry-date\" datetime=\"2015-03-04T11:17:59+00:00\">4 marzo, 2015<\/time><time class=\"modify-date hide hidden updated\" datetime=\"2015-04-13T10:40:23+00:00\">13 abril, 2015<\/time><\/a><\/small>, <small class=\"meta-category\"><a href=\"https:\/\/www.goierrieskola.eus\/es\/category\/patronoekin-solasean\/\" rel=\"category tag\">Patronoekin solasean<\/a><\/small>, <small class=\"meta-comment-count\"><a href=\"https:\/\/www.goierrieskola.eus\/es\/patronoekin-solasean-ampo\/#comments\">0 <i class=\"icon-chat-1 hover-tip\" data-original-title=\"Esta publicaci\u00f3n tiene 0 comentarios\" data-toggle=\"tooltip\" data-placement=\"top\"><\/i><\/a><\/small>                <\/span>\n\n\t\t\t<\/div><!--end post-header-->\n\n\t\t\t\n\t\t\t\t\t\t\t\t\t<div class=\"post-info\">\n\n\t\t\t\t\t\t<div class=\"entry-summary\">\n\t\t\t\t\t\t\t<p>LEIRE COLOMO ZULAIKA Ingeniero superior. Responsable de Innovaci\u00f3n de AMPO Diez a\u00f1os lleva la ordiziarra Leire Colomo en AMPO....<\/p>\t\t\t\t\t\t<\/div><!-- .entry-summary -->\n\n\t\t\t\t\t<\/div><!--end post-info-->\n\t\t\t\t\n\t\t\t\n\t\t\n\t\t<div class=\"post-footer\">\n\t\t\t<small>\n\t\t\t\t<a href=\"#\" class=\"item-likes\" id=\"item-likes-6952\" title=\"Like this\"><span class=\"item-likes-count\">2<\/span> <span class=\"item-likes-postfix\">likes<\/span><\/a>\n\t\t\t\t\t\t\t\t\t<a href=\"https:\/\/www.goierrieskola.eus\/es\/patronoekin-solasean-ampo\/\"><span class=\"muted pull-right\">\n\t\t\t\t\t\tLeer m\u00e1s<\/span>\n\t\t\t\t\t<\/a>\n\t\t\t\t\n\t\t\t<\/small>\n\t\t<\/div><!--end post-footer-->\n\n\t<\/div><!--end post-content-->\n<\/article>\n\n\n\t<\/div> <!-- END post listing -->\n\n\t\n[\/vc_tta_section][vc_tta_section title=\u00bbTodos\u00bb tab_id=\u00bb1645628929062-d6156fa1-07fe\u00bb]\n\t<div class=\"sq-posts-data\" style=\"display: none;\"><input type=\"hidden\" id=\"post-security\" name=\"post-security\" value=\"40f71b4de0\" \/><input type=\"hidden\" name=\"_wp_http_referer\" value=\"\/es\/wp-json\/wp\/v2\/pages\/6335\" \/><input type=\"hidden\" name=\"pitem\" value=\"0\"><input type=\"hidden\" name=\"post_id\" value=\"6839\"><\/div>\n\t\n\t\n\t\t<div class=\"posts-listing responsive-cols kleo-masonry per-row-4 no-meta no-footer masonry-listing\">\n\n\t\n\t\n<article id=\"post-19870\" class=\"post-item post-19870 post type-post status-publish format-aside has-post-thumbnail hentry category-proyectos post_format-post-format-aside\">\n\t<div class=\"post-content animated animate-when-almost-visible el-appear\">\n\n\t\t<div class=\"post-image\"><a href=\"https:\/\/www.goierrieskola.eus\/es\/diseiar-en-fase-fabricacion\/\" class=\"element-wrap\"><img decoding=\"async\" data-src=\"https:\/\/www.goierrieskola.eus\/wp-content\/uploads\/2026\/01\/DISEIAR-2-480x480.jpg\" alt=\"DiseIAR en fase fabricaci\u00f3n\" src=\"data:image\/svg+xml;base64,PHN2ZyB3aWR0aD0iMSIgaGVpZ2h0PSIxIiB4bWxucz0iaHR0cDovL3d3dy53My5vcmcvMjAwMC9zdmciPjwvc3ZnPg==\" class=\"lazyload\" style=\"--smush-placeholder-width: 480px; --smush-placeholder-aspect-ratio: 480\/480;\"><span class=\"hover-element\"><i>+<\/i><\/span><\/a><\/div><!--end post-image-->\n\t\t\n\t\t\t<div class=\"post-header\">\n\n\t\t\t\t\t\t\t\t\t<h3 class=\"post-title entry-title\"><a href=\"https:\/\/www.goierrieskola.eus\/es\/diseiar-en-fase-fabricacion\/\">DiseIAR en fase fabricaci\u00f3n<\/a>\n\t\t\t\t\t<\/h3>\n\t\t\t\t\n\t\t\t\t<span class=\"post-meta\">\n                    <small><a href=\"https:\/\/www.goierrieskola.eus\/es\/diseiar-en-fase-fabricacion\/\" rel=\"bookmark\" class=\"post-time\"><time class=\"entry-date\" datetime=\"2026-04-20T09:51:36+00:00\">20 abril, 2026<\/time><time class=\"modify-date hide hidden updated\" datetime=\"2026-04-20T09:51:37+00:00\">20 abril, 2026<\/time><\/a><\/small>, <small class=\"meta-category\"><a href=\"https:\/\/www.goierrieskola.eus\/es\/category\/proyectos\/\" rel=\"category tag\">Proyectos<\/a><\/small>, <small class=\"meta-comment-count\"><a href=\"https:\/\/www.goierrieskola.eus\/es\/diseiar-en-fase-fabricacion\/#comments\">0 <i class=\"icon-chat-1 hover-tip\" data-original-title=\"Esta publicaci\u00f3n tiene 0 comentarios\" data-toggle=\"tooltip\" data-placement=\"top\"><\/i><\/a><\/small>                <\/span>\n\n\t\t\t<\/div><!--end post-header-->\n\n\t\t\t\n\t\t\t\t\t\t\t\t\t<div class=\"post-info\">\n\n\t\t\t\t\t\t<div class=\"entry-summary\">\n\t\t\t\t\t\t\t<p> Proyecto DiseIAR en FASE DE FABRICACI\u00d3N: El proyecto DiseIAr va en plena fuerza y los alumnos de nuestro...<\/p>\t\t\t\t\t\t<\/div><!-- .entry-summary -->\n\n\t\t\t\t\t<\/div><!--end post-info-->\n\t\t\t\t\n\t\t\t\n\t\t\n\t\t<div class=\"post-footer\">\n\t\t\t<small>\n\t\t\t\t<a href=\"#\" class=\"item-likes\" id=\"item-likes-19852\" title=\"Like this\"><span class=\"item-likes-count\">0<\/span> <span class=\"item-likes-postfix\">likes<\/span><\/a>\n\t\t\t\t\t\t\t\t\t<a href=\"https:\/\/www.goierrieskola.eus\/es\/diseiar-en-fase-fabricacion\/\"><span class=\"muted pull-right\">\n\t\t\t\t\t\tLeer m\u00e1s<\/span>\n\t\t\t\t\t<\/a>\n\t\t\t\t\n\t\t\t<\/small>\n\t\t<\/div><!--end post-footer-->\n\n\t<\/div><!--end post-content-->\n<\/article>\n\n\n<article id=\"post-19462\" class=\"post-item post-19462 post type-post status-publish format-aside has-post-thumbnail hentry category-proyectos post_format-post-format-aside\">\n\t<div class=\"post-content animated animate-when-almost-visible el-appear\">\n\n\t\t<div class=\"post-image\"><a href=\"https:\/\/www.goierrieskola.eus\/es\/proyecto-diseiar\/\" class=\"element-wrap\"><img decoding=\"async\" data-src=\"https:\/\/www.goierrieskola.eus\/wp-content\/uploads\/2026\/01\/260129-DiseIAR-1-480x269.png\" alt=\"Proyecto DiseIAR\" src=\"data:image\/svg+xml;base64,PHN2ZyB3aWR0aD0iMSIgaGVpZ2h0PSIxIiB4bWxucz0iaHR0cDovL3d3dy53My5vcmcvMjAwMC9zdmciPjwvc3ZnPg==\" class=\"lazyload\" style=\"--smush-placeholder-width: 480px; --smush-placeholder-aspect-ratio: 480\/269;\"><span class=\"hover-element\"><i>+<\/i><\/span><\/a><\/div><!--end post-image-->\n\t\t\n\t\t\t<div class=\"post-header\">\n\n\t\t\t\t\t\t\t\t\t<h3 class=\"post-title entry-title\"><a href=\"https:\/\/www.goierrieskola.eus\/es\/proyecto-diseiar\/\">Proyecto DiseIAR<\/a>\n\t\t\t\t\t<\/h3>\n\t\t\t\t\n\t\t\t\t<span class=\"post-meta\">\n                    <small><a href=\"https:\/\/www.goierrieskola.eus\/es\/proyecto-diseiar\/\" rel=\"bookmark\" class=\"post-time\"><time class=\"entry-date\" datetime=\"2026-01-29T17:16:19+00:00\">29 enero, 2026<\/time><time class=\"modify-date hide hidden updated\" datetime=\"2026-01-29T17:16:19+00:00\">29 enero, 2026<\/time><\/a><\/small>, <small class=\"meta-category\"><a href=\"https:\/\/www.goierrieskola.eus\/es\/category\/proyectos\/\" rel=\"category tag\">Proyectos<\/a><\/small>, <small class=\"meta-comment-count\"><a href=\"https:\/\/www.goierrieskola.eus\/es\/proyecto-diseiar\/#comments\">0 <i class=\"icon-chat-1 hover-tip\" data-original-title=\"Esta publicaci\u00f3n tiene 0 comentarios\" data-toggle=\"tooltip\" data-placement=\"top\"><\/i><\/a><\/small>                <\/span>\n\n\t\t\t<\/div><!--end post-header-->\n\n\t\t\t\n\t\t\t\t\t\t\t\t\t<div class=\"post-info\">\n\n\t\t\t\t\t\t<div class=\"entry-summary\">\n\t\t\t\t\t\t\t<p> Tecnolog\u00edas avanzadas en el dise\u00f1o de piezas: El proyecto DiseIAR busca integrar la Inteligencia Artificial, el Cloud Computing...<\/p>\t\t\t\t\t\t<\/div><!-- .entry-summary -->\n\n\t\t\t\t\t<\/div><!--end post-info-->\n\t\t\t\t\n\t\t\t\n\t\t\n\t\t<div class=\"post-footer\">\n\t\t\t<small>\n\t\t\t\t<a href=\"#\" class=\"item-likes\" id=\"item-likes-19497\" title=\"Like this\"><span class=\"item-likes-count\">1<\/span> <span class=\"item-likes-postfix\">like<\/span><\/a>\n\t\t\t\t\t\t\t\t\t<a href=\"https:\/\/www.goierrieskola.eus\/es\/proyecto-diseiar\/\"><span class=\"muted pull-right\">\n\t\t\t\t\t\tLeer m\u00e1s<\/span>\n\t\t\t\t\t<\/a>\n\t\t\t\t\n\t\t\t<\/small>\n\t\t<\/div><!--end post-footer-->\n\n\t<\/div><!--end post-content-->\n<\/article>\n\n\n<article id=\"post-19447\" class=\"post-item post-19447 post type-post status-publish format-aside has-post-thumbnail hentry category-proiektuak-es category-proyectos post_format-post-format-aside\">\n\t<div class=\"post-content animated animate-when-almost-visible el-appear\">\n\n\t\t<div class=\"post-image\"><a href=\"https:\/\/www.goierrieskola.eus\/es\/proyecto-virid\/\" class=\"element-wrap\"><img decoding=\"async\" data-src=\"https:\/\/www.goierrieskola.eus\/wp-content\/uploads\/2026\/01\/260129-VIRID-1-480x269.png\" alt=\"Virid &#8211; Virtualizaci\u00f3n del dise\u00f1o industrial\" src=\"data:image\/svg+xml;base64,PHN2ZyB3aWR0aD0iMSIgaGVpZ2h0PSIxIiB4bWxucz0iaHR0cDovL3d3dy53My5vcmcvMjAwMC9zdmciPjwvc3ZnPg==\" class=\"lazyload\" style=\"--smush-placeholder-width: 480px; --smush-placeholder-aspect-ratio: 480\/269;\"><span class=\"hover-element\"><i>+<\/i><\/span><\/a><\/div><!--end post-image-->\n\t\t\n\t\t\t<div class=\"post-header\">\n\n\t\t\t\t\t\t\t\t\t<h3 class=\"post-title entry-title\"><a href=\"https:\/\/www.goierrieskola.eus\/es\/proyecto-virid\/\">Virid &#8211; Virtualizaci\u00f3n del dise\u00f1o industrial<\/a>\n\t\t\t\t\t<\/h3>\n\t\t\t\t\n\t\t\t\t<span class=\"post-meta\">\n                    <small><a href=\"https:\/\/www.goierrieskola.eus\/es\/proyecto-virid\/\" rel=\"bookmark\" class=\"post-time\"><time class=\"entry-date\" datetime=\"2026-01-29T16:09:18+00:00\">29 enero, 2026<\/time><time class=\"modify-date hide hidden updated\" datetime=\"2026-01-29T16:53:23+00:00\">29 enero, 2026<\/time><\/a><\/small>, <small class=\"meta-category\"><a href=\"https:\/\/www.goierrieskola.eus\/es\/category\/proiektuak-es\/\" rel=\"category tag\">Proiektuak<\/a>, <a href=\"https:\/\/www.goierrieskola.eus\/es\/category\/proyectos\/\" rel=\"category tag\">Proyectos<\/a><\/small>, <small class=\"meta-comment-count\"><a href=\"https:\/\/www.goierrieskola.eus\/es\/proyecto-virid\/#comments\">0 <i class=\"icon-chat-1 hover-tip\" data-original-title=\"Esta publicaci\u00f3n tiene 0 comentarios\" data-toggle=\"tooltip\" data-placement=\"top\"><\/i><\/a><\/small>                <\/span>\n\n\t\t\t<\/div><!--end post-header-->\n\n\t\t\t\n\t\t\t\t\t\t\t\t\t<div class=\"post-info\">\n\n\t\t\t\t\t\t<div class=\"entry-summary\">\n\t\t\t\t\t\t\t<p> Gemelos Virtuales: El proyecto impulsa la integraci\u00f3n de entornos de realidad inmersiva y Gemelos Virtuales en la Formaci\u00f3n...<\/p>\t\t\t\t\t\t<\/div><!-- .entry-summary -->\n\n\t\t\t\t\t<\/div><!--end post-info-->\n\t\t\t\t\n\t\t\t\n\t\t\n\t\t<div class=\"post-footer\">\n\t\t\t<small>\n\t\t\t\t<a href=\"#\" class=\"item-likes\" id=\"item-likes-19417\" title=\"Like this\"><span class=\"item-likes-count\">1<\/span> <span class=\"item-likes-postfix\">like<\/span><\/a>\n\t\t\t\t\t\t\t\t\t<a href=\"https:\/\/www.goierrieskola.eus\/es\/proyecto-virid\/\"><span class=\"muted pull-right\">\n\t\t\t\t\t\tLeer m\u00e1s<\/span>\n\t\t\t\t\t<\/a>\n\t\t\t\t\n\t\t\t<\/small>\n\t\t<\/div><!--end post-footer-->\n\n\t<\/div><!--end post-content-->\n<\/article>\n\n\n<article id=\"post-19013\" class=\"post-item post-19013 post type-post status-publish format-aside has-post-thumbnail hentry category-proyectos-mefp post_format-post-format-aside\">\n\t<div class=\"post-content animated animate-when-almost-visible el-appear\">\n\n\t\t<div class=\"post-image\"><a href=\"https:\/\/www.goierrieskola.eus\/es\/cobot-soldadura\/\" class=\"element-wrap\"><img decoding=\"async\" data-src=\"https:\/\/www.goierrieskola.eus\/wp-content\/uploads\/2025\/10\/251010-Cobot-welding-480x269.png\" alt=\"Cobot soldadura\" src=\"data:image\/svg+xml;base64,PHN2ZyB3aWR0aD0iMSIgaGVpZ2h0PSIxIiB4bWxucz0iaHR0cDovL3d3dy53My5vcmcvMjAwMC9zdmciPjwvc3ZnPg==\" class=\"lazyload\" style=\"--smush-placeholder-width: 480px; --smush-placeholder-aspect-ratio: 480\/269;\"><span class=\"hover-element\"><i>+<\/i><\/span><\/a><\/div><!--end post-image-->\n\t\t\n\t\t\t<div class=\"post-header\">\n\n\t\t\t\t\t\t\t\t\t<h3 class=\"post-title entry-title\"><a href=\"https:\/\/www.goierrieskola.eus\/es\/cobot-soldadura\/\">Cobot soldadura<\/a>\n\t\t\t\t\t<\/h3>\n\t\t\t\t\n\t\t\t\t<span class=\"post-meta\">\n                    <small><a href=\"https:\/\/www.goierrieskola.eus\/es\/cobot-soldadura\/\" rel=\"bookmark\" class=\"post-time\"><time class=\"entry-date\" datetime=\"2025-10-09T15:16:47+00:00\">9 octubre, 2025<\/time><time class=\"modify-date hide hidden updated\" datetime=\"2025-10-09T15:19:04+00:00\">9 octubre, 2025<\/time><\/a><\/small>, <small class=\"meta-category\"><a href=\"https:\/\/www.goierrieskola.eus\/es\/category\/proyectos\/proyectos-mefp\/\" rel=\"category tag\">Proyectos MEFP<\/a><\/small>, <small class=\"meta-comment-count\"><a href=\"https:\/\/www.goierrieskola.eus\/es\/cobot-soldadura\/#comments\">0 <i class=\"icon-chat-1 hover-tip\" data-original-title=\"Esta publicaci\u00f3n tiene 0 comentarios\" data-toggle=\"tooltip\" data-placement=\"top\"><\/i><\/a><\/small>                <\/span>\n\n\t\t\t<\/div><!--end post-header-->\n\n\t\t\t\n\t\t\t\t\t\t\t\t\t<div class=\"post-info\">\n\n\t\t\t\t\t\t<div class=\"entry-summary\">\n\t\t\t\t\t\t\t<p> Soldadura robotizada: Goierri Eskola participa en un proyecto innovador de soldadura cobotizada\u00a0para revolucionar la\u00a0Formaci\u00f3n Profesional. Esta iniciativa de...<\/p>\t\t\t\t\t\t<\/div><!-- .entry-summary -->\n\n\t\t\t\t\t<\/div><!--end post-info-->\n\t\t\t\t\n\t\t\t\n\t\t\n\t\t<div class=\"post-footer\">\n\t\t\t<small>\n\t\t\t\t<a href=\"#\" class=\"item-likes\" id=\"item-likes-19031\" title=\"Like this\"><span class=\"item-likes-count\">1<\/span> <span class=\"item-likes-postfix\">like<\/span><\/a>\n\t\t\t\t\t\t\t\t\t<a href=\"https:\/\/www.goierrieskola.eus\/es\/cobot-soldadura\/\"><span class=\"muted pull-right\">\n\t\t\t\t\t\tLeer m\u00e1s<\/span>\n\t\t\t\t\t<\/a>\n\t\t\t\t\n\t\t\t<\/small>\n\t\t<\/div><!--end post-footer-->\n\n\t<\/div><!--end post-content-->\n<\/article>\n\n\n<article id=\"post-19008\" class=\"post-item post-19008 post type-post status-publish format-aside has-post-thumbnail hentry category-proyectos-mefp post_format-post-format-aside\">\n\t<div class=\"post-content animated animate-when-almost-visible el-appear\">\n\n\t\t<div class=\"post-image\"><a href=\"https:\/\/www.goierrieskola.eus\/es\/protesis-titanio\/\" class=\"element-wrap\"><img decoding=\"async\" data-src=\"https:\/\/www.goierrieskola.eus\/wp-content\/uploads\/2025\/10\/Proyectos-2025-480x269.png\" alt=\"Dise\u00f1o y Fabricaci\u00f3n Aditiva de Pr\u00f3tesis de Titanio en Goierri Eskola\" src=\"data:image\/svg+xml;base64,PHN2ZyB3aWR0aD0iMSIgaGVpZ2h0PSIxIiB4bWxucz0iaHR0cDovL3d3dy53My5vcmcvMjAwMC9zdmciPjwvc3ZnPg==\" class=\"lazyload\" style=\"--smush-placeholder-width: 480px; --smush-placeholder-aspect-ratio: 480\/269;\"><span class=\"hover-element\"><i>+<\/i><\/span><\/a><\/div><!--end post-image-->\n\t\t\n\t\t\t<div class=\"post-header\">\n\n\t\t\t\t\t\t\t\t\t<h3 class=\"post-title entry-title\"><a href=\"https:\/\/www.goierrieskola.eus\/es\/protesis-titanio\/\">Dise\u00f1o y Fabricaci\u00f3n Aditiva de Pr\u00f3tesis de Titanio en Goierri Eskola<\/a>\n\t\t\t\t\t<\/h3>\n\t\t\t\t\n\t\t\t\t<span class=\"post-meta\">\n                    <small><a href=\"https:\/\/www.goierrieskola.eus\/es\/protesis-titanio\/\" rel=\"bookmark\" class=\"post-time\"><time class=\"entry-date\" datetime=\"2025-10-09T14:44:51+00:00\">9 octubre, 2025<\/time><time class=\"modify-date hide hidden updated\" datetime=\"2025-10-09T14:44:51+00:00\">9 octubre, 2025<\/time><\/a><\/small>, <small class=\"meta-category\"><a href=\"https:\/\/www.goierrieskola.eus\/es\/category\/proyectos\/proyectos-mefp\/\" rel=\"category tag\">Proyectos MEFP<\/a><\/small>, <small class=\"meta-comment-count\"><a href=\"https:\/\/www.goierrieskola.eus\/es\/protesis-titanio\/#comments\">0 <i class=\"icon-chat-1 hover-tip\" data-original-title=\"Esta publicaci\u00f3n tiene 0 comentarios\" data-toggle=\"tooltip\" data-placement=\"top\"><\/i><\/a><\/small>                <\/span>\n\n\t\t\t<\/div><!--end post-header-->\n\n\t\t\t\n\t\t\t\t\t\t\t\t\t<div class=\"post-info\">\n\n\t\t\t\t\t\t<div class=\"entry-summary\">\n\t\t\t\t\t\t\t<p> Proyecto innovador: Goierri Eskola participa en un\u00a0proyecto innovador de fabricaci\u00f3n aditiva (FA)\u00a0para desarrollar\u00a0pr\u00f3tesis de titanio\u00a0personalizadas mediante\u00a0impresi\u00f3n 3D FFF....<\/p>\t\t\t\t\t\t<\/div><!-- .entry-summary -->\n\n\t\t\t\t\t<\/div><!--end post-info-->\n\t\t\t\t\n\t\t\t\n\t\t\n\t\t<div class=\"post-footer\">\n\t\t\t<small>\n\t\t\t\t<a href=\"#\" class=\"item-likes\" id=\"item-likes-18989\" title=\"Like this\"><span class=\"item-likes-count\">1<\/span> <span class=\"item-likes-postfix\">like<\/span><\/a>\n\t\t\t\t\t\t\t\t\t<a href=\"https:\/\/www.goierrieskola.eus\/es\/protesis-titanio\/\"><span class=\"muted pull-right\">\n\t\t\t\t\t\tLeer m\u00e1s<\/span>\n\t\t\t\t\t<\/a>\n\t\t\t\t\n\t\t\t<\/small>\n\t\t<\/div><!--end post-footer-->\n\n\t<\/div><!--end post-content-->\n<\/article>\n\n\n<article id=\"post-18834\" class=\"post-item post-18834 post type-post status-publish format-aside has-post-thumbnail hentry category-proiektuak-es category-proyectos-mefp post_format-post-format-aside\">\n\t<div class=\"post-content animated animate-when-almost-visible el-appear\">\n\n\t\t<div class=\"post-image\"><a href=\"https:\/\/www.goierrieskola.eus\/es\/cofalab-40\/\" class=\"element-wrap\"><img decoding=\"async\" data-src=\"https:\/\/www.goierrieskola.eus\/wp-content\/uploads\/2025\/09\/DALL-1-480x274.webp\" alt=\"CoFaLab-4.0\" src=\"data:image\/svg+xml;base64,PHN2ZyB3aWR0aD0iMSIgaGVpZ2h0PSIxIiB4bWxucz0iaHR0cDovL3d3dy53My5vcmcvMjAwMC9zdmciPjwvc3ZnPg==\" class=\"lazyload\" style=\"--smush-placeholder-width: 480px; --smush-placeholder-aspect-ratio: 480\/274;\"><span class=\"hover-element\"><i>+<\/i><\/span><\/a><\/div><!--end post-image-->\n\t\t\n\t\t\t<div class=\"post-header\">\n\n\t\t\t\t\t\t\t\t\t<h3 class=\"post-title entry-title\"><a href=\"https:\/\/www.goierrieskola.eus\/es\/cofalab-40\/\">CoFaLab-4.0<\/a>\n\t\t\t\t\t<\/h3>\n\t\t\t\t\n\t\t\t\t<span class=\"post-meta\">\n                    <small><a href=\"https:\/\/www.goierrieskola.eus\/es\/cofalab-40\/\" rel=\"bookmark\" class=\"post-time\"><time class=\"entry-date\" datetime=\"2025-09-10T06:46:27+00:00\">10 septiembre, 2025<\/time><time class=\"modify-date hide hidden updated\" datetime=\"2025-10-08T14:52:07+00:00\">8 octubre, 2025<\/time><\/a><\/small>, <small class=\"meta-category\"><a href=\"https:\/\/www.goierrieskola.eus\/es\/category\/proiektuak-es\/\" rel=\"category tag\">Proiektuak<\/a>, <a href=\"https:\/\/www.goierrieskola.eus\/es\/category\/proyectos\/proyectos-mefp\/\" rel=\"category tag\">Proyectos MEFP<\/a><\/small>, <small class=\"meta-comment-count\"><a href=\"https:\/\/www.goierrieskola.eus\/es\/cofalab-40\/#comments\">0 <i class=\"icon-chat-1 hover-tip\" data-original-title=\"Esta publicaci\u00f3n tiene 0 comentarios\" data-toggle=\"tooltip\" data-placement=\"top\"><\/i><\/a><\/small>                <\/span>\n\n\t\t\t<\/div><!--end post-header-->\n\n\t\t\t\n\t\t\t\t\t\t\t\t\t<div class=\"post-info\">\n\n\t\t\t\t\t\t<div class=\"entry-summary\">\n\t\t\t\t\t\t\t<p> Laboratorio de Fabricaci\u00f3n Avanzada CoFaLab 4.0: En Goierri Eskola participamos en el proyecto CoFabLab4.0, una iniciativa de 24...<\/p>\t\t\t\t\t\t<\/div><!-- .entry-summary -->\n\n\t\t\t\t\t<\/div><!--end post-info-->\n\t\t\t\t\n\t\t\t\n\t\t\n\t\t<div class=\"post-footer\">\n\t\t\t<small>\n\t\t\t\t<a href=\"#\" class=\"item-likes\" id=\"item-likes-18817\" title=\"Like this\"><span class=\"item-likes-count\">2<\/span> <span class=\"item-likes-postfix\">likes<\/span><\/a>\n\t\t\t\t\t\t\t\t\t<a href=\"https:\/\/www.goierrieskola.eus\/es\/cofalab-40\/\"><span class=\"muted pull-right\">\n\t\t\t\t\t\tLeer m\u00e1s<\/span>\n\t\t\t\t\t<\/a>\n\t\t\t\t\n\t\t\t<\/small>\n\t\t<\/div><!--end post-footer-->\n\n\t<\/div><!--end post-content-->\n<\/article>\n\n\n<article id=\"post-18235\" class=\"post-item post-18235 post type-post status-publish format-aside has-post-thumbnail hentry category-proyectos-mefp post_format-post-format-aside\">\n\t<div class=\"post-content animated animate-when-almost-visible el-appear\">\n\n\t\t<div class=\"post-image\"><a href=\"https:\/\/www.goierrieskola.eus\/es\/proyecto-cobotic\/\" class=\"element-wrap\"><img decoding=\"async\" data-src=\"https:\/\/www.goierrieskola.eus\/wp-content\/uploads\/2025\/05\/Cobotic-480x274.webp\" alt=\"Proyecto CoBotic\" src=\"data:image\/svg+xml;base64,PHN2ZyB3aWR0aD0iMSIgaGVpZ2h0PSIxIiB4bWxucz0iaHR0cDovL3d3dy53My5vcmcvMjAwMC9zdmciPjwvc3ZnPg==\" class=\"lazyload\" style=\"--smush-placeholder-width: 480px; --smush-placeholder-aspect-ratio: 480\/274;\"><span class=\"hover-element\"><i>+<\/i><\/span><\/a><\/div><!--end post-image-->\n\t\t\n\t\t\t<div class=\"post-header\">\n\n\t\t\t\t\t\t\t\t\t<h3 class=\"post-title entry-title\"><a href=\"https:\/\/www.goierrieskola.eus\/es\/proyecto-cobotic\/\">Proyecto CoBotic<\/a>\n\t\t\t\t\t<\/h3>\n\t\t\t\t\n\t\t\t\t<span class=\"post-meta\">\n                    <small><a href=\"https:\/\/www.goierrieskola.eus\/es\/proyecto-cobotic\/\" rel=\"bookmark\" class=\"post-time\"><time class=\"entry-date\" datetime=\"2025-05-28T10:20:06+00:00\">28 mayo, 2025<\/time><time class=\"modify-date hide hidden updated\" datetime=\"2025-10-08T14:50:50+00:00\">8 octubre, 2025<\/time><\/a><\/small>, <small class=\"meta-category\"><a href=\"https:\/\/www.goierrieskola.eus\/es\/category\/proyectos\/proyectos-mefp\/\" rel=\"category tag\">Proyectos MEFP<\/a><\/small>, <small class=\"meta-comment-count\"><a href=\"https:\/\/www.goierrieskola.eus\/es\/proyecto-cobotic\/#comments\">0 <i class=\"icon-chat-1 hover-tip\" data-original-title=\"Esta publicaci\u00f3n tiene 0 comentarios\" data-toggle=\"tooltip\" data-placement=\"top\"><\/i><\/a><\/small>                <\/span>\n\n\t\t\t<\/div><!--end post-header-->\n\n\t\t\t\n\t\t\t\t\t\t\t\t\t<div class=\"post-info\">\n\n\t\t\t\t\t\t<div class=\"entry-summary\">\n\t\t\t\t\t\t\t<p> Aprendizaje colaborativo y rob\u00f3tica inteligente en FP En Goierri Eskola participamos en el proyecto COBOTIC, una iniciativa de...<\/p>\t\t\t\t\t\t<\/div><!-- .entry-summary -->\n\n\t\t\t\t\t<\/div><!--end post-info-->\n\t\t\t\t\n\t\t\t\n\t\t\n\t\t<div class=\"post-footer\">\n\t\t\t<small>\n\t\t\t\t<a href=\"#\" class=\"item-likes\" id=\"item-likes-18296\" title=\"Like this\"><span class=\"item-likes-count\">1<\/span> <span class=\"item-likes-postfix\">like<\/span><\/a>\n\t\t\t\t\t\t\t\t\t<a href=\"https:\/\/www.goierrieskola.eus\/es\/proyecto-cobotic\/\"><span class=\"muted pull-right\">\n\t\t\t\t\t\tLeer m\u00e1s<\/span>\n\t\t\t\t\t<\/a>\n\t\t\t\t\n\t\t\t<\/small>\n\t\t<\/div><!--end post-footer-->\n\n\t<\/div><!--end post-content-->\n<\/article>\n\n\n<article id=\"post-17767\" class=\"post-item post-17767 post type-post status-publish format-aside has-post-thumbnail hentry category-proyectos post_format-post-format-aside\">\n\t<div class=\"post-content animated animate-when-almost-visible el-appear\">\n\n\t\t<div class=\"post-image\"><a href=\"https:\/\/www.goierrieskola.eus\/es\/nueva-instalacion-fotovoltaica\/\" class=\"element-wrap\"><img decoding=\"async\" data-src=\"https:\/\/www.goierrieskola.eus\/wp-content\/uploads\/2025\/02\/Captura-de-pantalla-2025-02-11-a-las-9.10.16-480x340.png\" alt=\"Nueva instalaci\u00f3n fotovoltaica\" src=\"data:image\/svg+xml;base64,PHN2ZyB3aWR0aD0iMSIgaGVpZ2h0PSIxIiB4bWxucz0iaHR0cDovL3d3dy53My5vcmcvMjAwMC9zdmciPjwvc3ZnPg==\" class=\"lazyload\" style=\"--smush-placeholder-width: 480px; --smush-placeholder-aspect-ratio: 480\/340;\"><span class=\"hover-element\"><i>+<\/i><\/span><\/a><\/div><!--end post-image-->\n\t\t\n\t\t\t<div class=\"post-header\">\n\n\t\t\t\t\t\t\t\t\t<h3 class=\"post-title entry-title\"><a href=\"https:\/\/www.goierrieskola.eus\/es\/nueva-instalacion-fotovoltaica\/\">Nueva instalaci\u00f3n fotovoltaica<\/a>\n\t\t\t\t\t<\/h3>\n\t\t\t\t\n\t\t\t\t<span class=\"post-meta\">\n                    <small><a href=\"https:\/\/www.goierrieskola.eus\/es\/nueva-instalacion-fotovoltaica\/\" rel=\"bookmark\" class=\"post-time\"><time class=\"entry-date\" datetime=\"2025-02-11T09:15:44+00:00\">11 febrero, 2025<\/time><time class=\"modify-date hide hidden updated\" datetime=\"2025-02-11T09:15:44+00:00\">11 febrero, 2025<\/time><\/a><\/small>, <small class=\"meta-category\"><a href=\"https:\/\/www.goierrieskola.eus\/es\/category\/proyectos\/\" rel=\"category tag\">Proyectos<\/a><\/small>, <small class=\"meta-comment-count\"><a href=\"https:\/\/www.goierrieskola.eus\/es\/nueva-instalacion-fotovoltaica\/#comments\">0 <i class=\"icon-chat-1 hover-tip\" data-original-title=\"Esta publicaci\u00f3n tiene 0 comentarios\" data-toggle=\"tooltip\" data-placement=\"top\"><\/i><\/a><\/small>                <\/span>\n\n\t\t\t<\/div><!--end post-header-->\n\n\t\t\t\n\t\t\t\t\t\t\t\t\t<div class=\"post-info\">\n\n\t\t\t\t\t\t<div class=\"entry-summary\">\n\t\t\t\t\t\t\t<p> Nueva instalaci\u00f3n fotovoltaica: En Goierri Eskola, reafirmamos nuestro compromiso con la sostenibilidad y la formaci\u00f3n de calidad mediante...<\/p>\t\t\t\t\t\t<\/div><!-- .entry-summary -->\n\n\t\t\t\t\t<\/div><!--end post-info-->\n\t\t\t\t\n\t\t\t\n\t\t\n\t\t<div class=\"post-footer\">\n\t\t\t<small>\n\t\t\t\t<a href=\"#\" class=\"item-likes\" id=\"item-likes-17797\" title=\"Like this\"><span class=\"item-likes-count\">0<\/span> <span class=\"item-likes-postfix\">likes<\/span><\/a>\n\t\t\t\t\t\t\t\t\t<a href=\"https:\/\/www.goierrieskola.eus\/es\/nueva-instalacion-fotovoltaica\/\"><span class=\"muted pull-right\">\n\t\t\t\t\t\tLeer m\u00e1s<\/span>\n\t\t\t\t\t<\/a>\n\t\t\t\t\n\t\t\t<\/small>\n\t\t<\/div><!--end post-footer-->\n\n\t<\/div><!--end post-content-->\n<\/article>\n\n\n<article id=\"post-17561\" class=\"post-item post-17561 post type-post status-publish format-aside has-post-thumbnail hentry category-proyectos post_format-post-format-aside\">\n\t<div class=\"post-content animated animate-when-almost-visible el-appear\">\n\n\t\t<div class=\"post-image\"><a href=\"https:\/\/www.goierrieskola.eus\/es\/vr-train-realidad-virtual\/\" class=\"element-wrap\"><img decoding=\"async\" data-src=\"https:\/\/www.goierrieskola.eus\/wp-content\/uploads\/2024\/12\/vr_train-mejorau-e1734016908874-480x172.jpg\" alt=\"VR-TRAIN: Virtual Reality for Multidisciplinary Training\" src=\"data:image\/svg+xml;base64,PHN2ZyB3aWR0aD0iMSIgaGVpZ2h0PSIxIiB4bWxucz0iaHR0cDovL3d3dy53My5vcmcvMjAwMC9zdmciPjwvc3ZnPg==\" class=\"lazyload\" style=\"--smush-placeholder-width: 480px; --smush-placeholder-aspect-ratio: 480\/172;\"><span class=\"hover-element\"><i>+<\/i><\/span><\/a><\/div><!--end post-image-->\n\t\t\n\t\t\t<div class=\"post-header\">\n\n\t\t\t\t\t\t\t\t\t<h3 class=\"post-title entry-title\"><a href=\"https:\/\/www.goierrieskola.eus\/es\/vr-train-realidad-virtual\/\">VR-TRAIN: Virtual Reality for Multidisciplinary Training<\/a>\n\t\t\t\t\t<\/h3>\n\t\t\t\t\n\t\t\t\t<span class=\"post-meta\">\n                    <small><a href=\"https:\/\/www.goierrieskola.eus\/es\/vr-train-realidad-virtual\/\" rel=\"bookmark\" class=\"post-time\"><time class=\"entry-date\" datetime=\"2024-12-12T15:18:19+00:00\">12 diciembre, 2024<\/time><time class=\"modify-date hide hidden updated\" datetime=\"2025-02-04T12:47:25+00:00\">4 febrero, 2025<\/time><\/a><\/small>, <small class=\"meta-category\"><a href=\"https:\/\/www.goierrieskola.eus\/es\/category\/proyectos\/\" rel=\"category tag\">Proyectos<\/a><\/small>, <small class=\"meta-comment-count\"><a href=\"https:\/\/www.goierrieskola.eus\/es\/vr-train-realidad-virtual\/#comments\">0 <i class=\"icon-chat-1 hover-tip\" data-original-title=\"Esta publicaci\u00f3n tiene 0 comentarios\" data-toggle=\"tooltip\" data-placement=\"top\"><\/i><\/a><\/small>                <\/span>\n\n\t\t\t<\/div><!--end post-header-->\n\n\t\t\t\n\t\t\t\t\t\t\t\t\t<div class=\"post-info\">\n\n\t\t\t\t\t\t<div class=\"entry-summary\">\n\t\t\t\t\t\t\t<p> Objetivos del proyecto VR-TRAIN: Goierri Eskola, en colaboraci\u00f3n con Nazaret Fundazioa, est\u00e1 desarrollando un proyecto innovador para la...<\/p>\t\t\t\t\t\t<\/div><!-- .entry-summary -->\n\n\t\t\t\t\t<\/div><!--end post-info-->\n\t\t\t\t\n\t\t\t\n\t\t\n\t\t<div class=\"post-footer\">\n\t\t\t<small>\n\t\t\t\t<a href=\"#\" class=\"item-likes\" id=\"item-likes-17586\" title=\"Like this\"><span class=\"item-likes-count\">1<\/span> <span class=\"item-likes-postfix\">like<\/span><\/a>\n\t\t\t\t\t\t\t\t\t<a href=\"https:\/\/www.goierrieskola.eus\/es\/vr-train-realidad-virtual\/\"><span class=\"muted pull-right\">\n\t\t\t\t\t\tLeer m\u00e1s<\/span>\n\t\t\t\t\t<\/a>\n\t\t\t\t\n\t\t\t<\/small>\n\t\t<\/div><!--end post-footer-->\n\n\t<\/div><!--end post-content-->\n<\/article>\n\n\n<article id=\"post-17073\" class=\"post-item post-17073 post type-post status-publish format-aside has-post-thumbnail hentry category-proiektuak-es category-proyectos post_format-post-format-aside\">\n\t<div class=\"post-content animated animate-when-almost-visible el-appear\">\n\n\t\t<div class=\"post-image\"><a href=\"https:\/\/www.goierrieskola.eus\/es\/proyecto-amfor\/\" class=\"element-wrap\"><img decoding=\"async\" data-src=\"https:\/\/www.goierrieskola.eus\/wp-content\/uploads\/2024\/06\/231120-SVIP40-480x270.jpeg\" alt=\"AMFOR proiektua\" src=\"data:image\/svg+xml;base64,PHN2ZyB3aWR0aD0iMSIgaGVpZ2h0PSIxIiB4bWxucz0iaHR0cDovL3d3dy53My5vcmcvMjAwMC9zdmciPjwvc3ZnPg==\" class=\"lazyload\" style=\"--smush-placeholder-width: 480px; --smush-placeholder-aspect-ratio: 480\/270;\"><span class=\"hover-element\"><i>+<\/i><\/span><\/a><\/div><!--end post-image-->\n\t\t\n\t\t\t<div class=\"post-header\">\n\n\t\t\t\t\t\t\t\t\t<h3 class=\"post-title entry-title\"><a href=\"https:\/\/www.goierrieskola.eus\/es\/proyecto-amfor\/\">AMFOR proiektua<\/a>\n\t\t\t\t\t<\/h3>\n\t\t\t\t\n\t\t\t\t<span class=\"post-meta\">\n                    <small><a href=\"https:\/\/www.goierrieskola.eus\/es\/proyecto-amfor\/\" rel=\"bookmark\" class=\"post-time\"><time class=\"entry-date\" datetime=\"2024-06-26T11:10:22+00:00\">26 junio, 2024<\/time><time class=\"modify-date hide hidden updated\" datetime=\"2025-02-04T12:46:49+00:00\">4 febrero, 2025<\/time><\/a><\/small>, <small class=\"meta-category\"><a href=\"https:\/\/www.goierrieskola.eus\/es\/category\/proiektuak-es\/\" rel=\"category tag\">Proiektuak<\/a>, <a href=\"https:\/\/www.goierrieskola.eus\/es\/category\/proyectos\/\" rel=\"category tag\">Proyectos<\/a><\/small>, <small class=\"meta-comment-count\"><a href=\"https:\/\/www.goierrieskola.eus\/es\/proyecto-amfor\/#comments\">0 <i class=\"icon-chat-1 hover-tip\" data-original-title=\"Esta publicaci\u00f3n tiene 0 comentarios\" data-toggle=\"tooltip\" data-placement=\"top\"><\/i><\/a><\/small>                <\/span>\n\n\t\t\t<\/div><!--end post-header-->\n\n\t\t\t\n\t\t\t\t\t\t\t\t\t<div class=\"post-info\">\n\n\t\t\t\t\t\t<div class=\"entry-summary\">\n\t\t\t\t\t\t\t<p> Jornada de presentaci\u00f3n del proyecto AMFOR en Tknika. El pasado 26 de junio, Goierri Eskola present\u00f3 el proyecto...<\/p>\t\t\t\t\t\t<\/div><!-- .entry-summary -->\n\n\t\t\t\t\t<\/div><!--end post-info-->\n\t\t\t\t\n\t\t\t\n\t\t\n\t\t<div class=\"post-footer\">\n\t\t\t<small>\n\t\t\t\t<a href=\"#\" class=\"item-likes\" id=\"item-likes-17054\" title=\"Like this\"><span class=\"item-likes-count\">0<\/span> <span class=\"item-likes-postfix\">likes<\/span><\/a>\n\t\t\t\t\t\t\t\t\t<a href=\"https:\/\/www.goierrieskola.eus\/es\/proyecto-amfor\/\"><span class=\"muted pull-right\">\n\t\t\t\t\t\tLeer m\u00e1s<\/span>\n\t\t\t\t\t<\/a>\n\t\t\t\t\n\t\t\t<\/small>\n\t\t<\/div><!--end post-footer-->\n\n\t<\/div><!--end post-content-->\n<\/article>\n\n\n<article id=\"post-16579\" class=\"post-item post-16579 post type-post status-publish format-aside has-post-thumbnail hentry category-gizartera-es category-sociedad post_format-post-format-aside\">\n\t<div class=\"post-content animated animate-when-almost-visible el-appear\">\n\n\t\t<div class=\"post-image\"><a href=\"https:\/\/www.goierrieskola.eus\/es\/silvercare\/\" class=\"element-wrap\"><img decoding=\"async\" data-src=\"https:\/\/www.goierrieskola.eus\/wp-content\/uploads\/2024\/01\/cam_int_01_cocina-scaled-480x270.jpg\" alt=\"SilverCare\" src=\"data:image\/svg+xml;base64,PHN2ZyB3aWR0aD0iMSIgaGVpZ2h0PSIxIiB4bWxucz0iaHR0cDovL3d3dy53My5vcmcvMjAwMC9zdmciPjwvc3ZnPg==\" class=\"lazyload\" style=\"--smush-placeholder-width: 480px; --smush-placeholder-aspect-ratio: 480\/270;\"><span class=\"hover-element\"><i>+<\/i><\/span><\/a><\/div><!--end post-image-->\n\t\t\n\t\t\t<div class=\"post-header\">\n\n\t\t\t\t\t\t\t\t\t<h3 class=\"post-title entry-title\"><a href=\"https:\/\/www.goierrieskola.eus\/es\/silvercare\/\">SilverCare<\/a>\n\t\t\t\t\t<\/h3>\n\t\t\t\t\n\t\t\t\t<span class=\"post-meta\">\n                    <small><a href=\"https:\/\/www.goierrieskola.eus\/es\/silvercare\/\" rel=\"bookmark\" class=\"post-time\"><time class=\"entry-date\" datetime=\"2024-01-18T09:05:54+00:00\">18 enero, 2024<\/time><time class=\"modify-date hide hidden updated\" datetime=\"2024-01-22T10:58:46+00:00\">22 enero, 2024<\/time><\/a><\/small>, <small class=\"meta-category\"><a href=\"https:\/\/www.goierrieskola.eus\/es\/category\/gizartera-es\/\" rel=\"category tag\">Gizartera<\/a>, <a href=\"https:\/\/www.goierrieskola.eus\/es\/category\/sociedad\/\" rel=\"category tag\">Sociedad<\/a><\/small>, <small class=\"meta-comment-count\"><a href=\"https:\/\/www.goierrieskola.eus\/es\/silvercare\/#comments\">0 <i class=\"icon-chat-1 hover-tip\" data-original-title=\"Esta publicaci\u00f3n tiene 0 comentarios\" data-toggle=\"tooltip\" data-placement=\"top\"><\/i><\/a><\/small>                <\/span>\n\n\t\t\t<\/div><!--end post-header-->\n\n\t\t\t\n\t\t\t\t\t\t\t\t\t<div class=\"post-info\">\n\n\t\t\t\t\t\t<div class=\"entry-summary\">\n\t\t\t\t\t\t\t<p> Con la colaboraci\u00f3n de MATIA FUNDAZIOA y la convocatoria DUALIZA de CaixaBank SilverCare es una iniciativa innovadora que...<\/p>\t\t\t\t\t\t<\/div><!-- .entry-summary -->\n\n\t\t\t\t\t<\/div><!--end post-info-->\n\t\t\t\t\n\t\t\t\n\t\t\n\t\t<div class=\"post-footer\">\n\t\t\t<small>\n\t\t\t\t<a href=\"#\" class=\"item-likes\" id=\"item-likes-16553\" title=\"Like this\"><span class=\"item-likes-count\">2<\/span> <span class=\"item-likes-postfix\">likes<\/span><\/a>\n\t\t\t\t\t\t\t\t\t<a href=\"https:\/\/www.goierrieskola.eus\/es\/silvercare\/\"><span class=\"muted pull-right\">\n\t\t\t\t\t\tLeer m\u00e1s<\/span>\n\t\t\t\t\t<\/a>\n\t\t\t\t\n\t\t\t<\/small>\n\t\t<\/div><!--end post-footer-->\n\n\t<\/div><!--end post-content-->\n<\/article>\n\n\n<article id=\"post-16286\" class=\"post-item post-16286 post type-post status-publish format-aside has-post-thumbnail hentry category-sociedad post_format-post-format-aside\">\n\t<div class=\"post-content animated animate-when-almost-visible el-appear\">\n\n\t\t<div class=\"post-image\"><a href=\"https:\/\/www.goierrieskola.eus\/es\/acuerdo-cooperacion-cftpucv-de-chile\/\" class=\"element-wrap\"><img decoding=\"async\" data-src=\"https:\/\/www.goierrieskola.eus\/wp-content\/uploads\/2023\/11\/1-480x360.jpeg\" alt=\"Acuerdo de cooperaci\u00f3n con la entidad CFT PUCV de Chile\" src=\"data:image\/svg+xml;base64,PHN2ZyB3aWR0aD0iMSIgaGVpZ2h0PSIxIiB4bWxucz0iaHR0cDovL3d3dy53My5vcmcvMjAwMC9zdmciPjwvc3ZnPg==\" class=\"lazyload\" style=\"--smush-placeholder-width: 480px; --smush-placeholder-aspect-ratio: 480\/360;\"><span class=\"hover-element\"><i>+<\/i><\/span><\/a><\/div><!--end post-image-->\n\t\t\n\t\t\t<div class=\"post-header\">\n\n\t\t\t\t\t\t\t\t\t<h3 class=\"post-title entry-title\"><a href=\"https:\/\/www.goierrieskola.eus\/es\/acuerdo-cooperacion-cftpucv-de-chile\/\">Acuerdo de cooperaci\u00f3n con la entidad CFT PUCV de Chile<\/a>\n\t\t\t\t\t<\/h3>\n\t\t\t\t\n\t\t\t\t<span class=\"post-meta\">\n                    <small><a href=\"https:\/\/www.goierrieskola.eus\/es\/acuerdo-cooperacion-cftpucv-de-chile\/\" rel=\"bookmark\" class=\"post-time\"><time class=\"entry-date\" datetime=\"2023-11-29T15:06:47+00:00\">29 noviembre, 2023<\/time><time class=\"modify-date hide hidden updated\" datetime=\"2023-11-29T15:11:47+00:00\">29 noviembre, 2023<\/time><\/a><\/small>, <small class=\"meta-category\"><a href=\"https:\/\/www.goierrieskola.eus\/es\/category\/sociedad\/\" rel=\"category tag\">Sociedad<\/a><\/small>, <small class=\"meta-comment-count\"><a href=\"https:\/\/www.goierrieskola.eus\/es\/acuerdo-cooperacion-cftpucv-de-chile\/#comments\">0 <i class=\"icon-chat-1 hover-tip\" data-original-title=\"Esta publicaci\u00f3n tiene 0 comentarios\" data-toggle=\"tooltip\" data-placement=\"top\"><\/i><\/a><\/small>                <\/span>\n\n\t\t\t<\/div><!--end post-header-->\n\n\t\t\t\n\t\t\t\t\t\t\t\t\t<div class=\"post-info\">\n\n\t\t\t\t\t\t<div class=\"entry-summary\">\n\t\t\t\t\t\t\t<p> Gracias al compromiso de ambos centros se desarrollar\u00e1n proyectos de investigaci\u00f3n y se impulsar\u00e1n intercambios de estudiantes de...<\/p>\t\t\t\t\t\t<\/div><!-- .entry-summary -->\n\n\t\t\t\t\t<\/div><!--end post-info-->\n\t\t\t\t\n\t\t\t\n\t\t\n\t\t<div class=\"post-footer\">\n\t\t\t<small>\n\t\t\t\t<a href=\"#\" class=\"item-likes\" id=\"item-likes-16251\" title=\"Like this\"><span class=\"item-likes-count\">0<\/span> <span class=\"item-likes-postfix\">likes<\/span><\/a>\n\t\t\t\t\t\t\t\t\t<a href=\"https:\/\/www.goierrieskola.eus\/es\/acuerdo-cooperacion-cftpucv-de-chile\/\"><span class=\"muted pull-right\">\n\t\t\t\t\t\tLeer m\u00e1s<\/span>\n\t\t\t\t\t<\/a>\n\t\t\t\t\n\t\t\t<\/small>\n\t\t<\/div><!--end post-footer-->\n\n\t<\/div><!--end post-content-->\n<\/article>\n\n\n<article id=\"post-16235\" class=\"post-item post-16235 post type-post status-publish format-aside has-post-thumbnail hentry category-proyectos-mefp post_format-post-format-aside\">\n\t<div class=\"post-content animated animate-when-almost-visible el-appear\">\n\n\t\t<div class=\"post-image\"><a href=\"https:\/\/www.goierrieskola.eus\/es\/proyecto-ciess-network-galardonado\/\" class=\"element-wrap\"><img decoding=\"async\" data-src=\"https:\/\/www.goierrieskola.eus\/wp-content\/uploads\/2023\/11\/WhatsApp-Image-2023-04-19-at-17.12.59-2-e1700819072201-480x220.jpeg\" alt=\"Proyecto CIEES NETWORK galardonado\" src=\"data:image\/svg+xml;base64,PHN2ZyB3aWR0aD0iMSIgaGVpZ2h0PSIxIiB4bWxucz0iaHR0cDovL3d3dy53My5vcmcvMjAwMC9zdmciPjwvc3ZnPg==\" class=\"lazyload\" style=\"--smush-placeholder-width: 480px; --smush-placeholder-aspect-ratio: 480\/220;\"><span class=\"hover-element\"><i>+<\/i><\/span><\/a><\/div><!--end post-image-->\n\t\t\n\t\t\t<div class=\"post-header\">\n\n\t\t\t\t\t\t\t\t\t<h3 class=\"post-title entry-title\"><a href=\"https:\/\/www.goierrieskola.eus\/es\/proyecto-ciess-network-galardonado\/\">Proyecto CIEES NETWORK galardonado<\/a>\n\t\t\t\t\t<\/h3>\n\t\t\t\t\n\t\t\t\t<span class=\"post-meta\">\n                    <small><a href=\"https:\/\/www.goierrieskola.eus\/es\/proyecto-ciess-network-galardonado\/\" rel=\"bookmark\" class=\"post-time\"><time class=\"entry-date\" datetime=\"2023-11-24T10:47:33+00:00\">24 noviembre, 2023<\/time><time class=\"modify-date hide hidden updated\" datetime=\"2025-10-08T14:56:38+00:00\">8 octubre, 2025<\/time><\/a><\/small>, <small class=\"meta-category\"><a href=\"https:\/\/www.goierrieskola.eus\/es\/category\/proyectos\/proyectos-mefp\/\" rel=\"category tag\">Proyectos MEFP<\/a><\/small>, <small class=\"meta-comment-count\"><a href=\"https:\/\/www.goierrieskola.eus\/es\/proyecto-ciess-network-galardonado\/#comments\">0 <i class=\"icon-chat-1 hover-tip\" data-original-title=\"Esta publicaci\u00f3n tiene 0 comentarios\" data-toggle=\"tooltip\" data-placement=\"top\"><\/i><\/a><\/small>                <\/span>\n\n\t\t\t<\/div><!--end post-header-->\n\n\t\t\t\n\t\t\t\t\t\t\t\t\t<div class=\"post-info\">\n\n\t\t\t\t\t\t<div class=\"entry-summary\">\n\t\t\t\t\t\t\t<p> Recientemente, se ha celebrado el XXVI Concurso de Nuevas Iniciativas Empresariales\u00a0que organiza\u00a0Goieki, agencia de desarrollo comarcal de Goierri....<\/p>\t\t\t\t\t\t<\/div><!-- .entry-summary -->\n\n\t\t\t\t\t<\/div><!--end post-info-->\n\t\t\t\t\n\t\t\t\n\t\t\n\t\t<div class=\"post-footer\">\n\t\t\t<small>\n\t\t\t\t<a href=\"#\" class=\"item-likes\" id=\"item-likes-16169\" title=\"Like this\"><span class=\"item-likes-count\">1<\/span> <span class=\"item-likes-postfix\">like<\/span><\/a>\n\t\t\t\t\t\t\t\t\t<a href=\"https:\/\/www.goierrieskola.eus\/es\/proyecto-ciess-network-galardonado\/\"><span class=\"muted pull-right\">\n\t\t\t\t\t\tLeer m\u00e1s<\/span>\n\t\t\t\t\t<\/a>\n\t\t\t\t\n\t\t\t<\/small>\n\t\t<\/div><!--end post-footer-->\n\n\t<\/div><!--end post-content-->\n<\/article>\n\n\n<article id=\"post-16162\" class=\"post-item post-16162 post type-post status-publish format-aside has-post-thumbnail hentry category-ciclo-superior post_format-post-format-aside\">\n\t<div class=\"post-content animated animate-when-almost-visible el-appear\">\n\n\t\t<div class=\"post-image\"><a href=\"https:\/\/www.goierrieskola.eus\/es\/ganadores-del-concurso-de-proyectos-empresariales-de-goieki\/\" class=\"element-wrap\"><img decoding=\"async\" data-src=\"https:\/\/www.goierrieskola.eus\/wp-content\/uploads\/2023\/11\/01-scaled-480x360.jpeg\" alt=\"Ganadores del concurso de proyectos empresariales de Goieki\" src=\"data:image\/svg+xml;base64,PHN2ZyB3aWR0aD0iMSIgaGVpZ2h0PSIxIiB4bWxucz0iaHR0cDovL3d3dy53My5vcmcvMjAwMC9zdmciPjwvc3ZnPg==\" class=\"lazyload\" style=\"--smush-placeholder-width: 480px; --smush-placeholder-aspect-ratio: 480\/360;\"><span class=\"hover-element\"><i>+<\/i><\/span><\/a><\/div><!--end post-image-->\n\t\t\n\t\t\t<div class=\"post-header\">\n\n\t\t\t\t\t\t\t\t\t<h3 class=\"post-title entry-title\"><a href=\"https:\/\/www.goierrieskola.eus\/es\/ganadores-del-concurso-de-proyectos-empresariales-de-goieki\/\">Ganadores del concurso de proyectos empresariales de Goieki<\/a>\n\t\t\t\t\t<\/h3>\n\t\t\t\t\n\t\t\t\t<span class=\"post-meta\">\n                    <small><a href=\"https:\/\/www.goierrieskola.eus\/es\/ganadores-del-concurso-de-proyectos-empresariales-de-goieki\/\" rel=\"bookmark\" class=\"post-time\"><time class=\"entry-date\" datetime=\"2023-11-09T15:29:53+00:00\">9 noviembre, 2023<\/time><time class=\"modify-date hide hidden updated\" datetime=\"2023-11-09T15:35:31+00:00\">9 noviembre, 2023<\/time><\/a><\/small>, <small class=\"meta-category\"><a href=\"https:\/\/www.goierrieskola.eus\/es\/category\/ciclo-superior\/\" rel=\"category tag\">Ciclos de grado superior<\/a><\/small>, <small class=\"meta-comment-count\"><a href=\"https:\/\/www.goierrieskola.eus\/es\/ganadores-del-concurso-de-proyectos-empresariales-de-goieki\/#comments\">0 <i class=\"icon-chat-1 hover-tip\" data-original-title=\"Esta publicaci\u00f3n tiene 0 comentarios\" data-toggle=\"tooltip\" data-placement=\"top\"><\/i><\/a><\/small>                <\/span>\n\n\t\t\t<\/div><!--end post-header-->\n\n\t\t\t\n\t\t\t\t\t\t\t\t\t<div class=\"post-info\">\n\n\t\t\t\t\t\t<div class=\"entry-summary\">\n\t\t\t\t\t\t\t<p>Se acaba de celebrar el 26\u00ba Concurso de Proyectos Empresariales que organiza Goieki. En ella suele haber un premio...<\/p>\t\t\t\t\t\t<\/div><!-- .entry-summary -->\n\n\t\t\t\t\t<\/div><!--end post-info-->\n\t\t\t\t\n\t\t\t\n\t\t\n\t\t<div class=\"post-footer\">\n\t\t\t<small>\n\t\t\t\t<a href=\"#\" class=\"item-likes\" id=\"item-likes-16140\" title=\"Like this\"><span class=\"item-likes-count\">1<\/span> <span class=\"item-likes-postfix\">like<\/span><\/a>\n\t\t\t\t\t\t\t\t\t<a href=\"https:\/\/www.goierrieskola.eus\/es\/ganadores-del-concurso-de-proyectos-empresariales-de-goieki\/\"><span class=\"muted pull-right\">\n\t\t\t\t\t\tLeer m\u00e1s<\/span>\n\t\t\t\t\t<\/a>\n\t\t\t\t\n\t\t\t<\/small>\n\t\t<\/div><!--end post-footer-->\n\n\t<\/div><!--end post-content-->\n<\/article>\n\n\n<article id=\"post-16135\" class=\"post-item post-16135 post type-post status-publish format-aside has-post-thumbnail hentry category-sociedad post_format-post-format-aside\">\n\t<div class=\"post-content animated animate-when-almost-visible el-appear\">\n\n\t\t<div class=\"post-image\"><a href=\"https:\/\/www.goierrieskola.eus\/es\/virtual-reality-en-goierri-eskola\/\" class=\"element-wrap\"><img decoding=\"async\" data-src=\"https:\/\/www.goierrieskola.eus\/wp-content\/uploads\/2023\/10\/viroo-480x480.jpeg\" alt=\"Virtual Reality en Goierri Eskola\" src=\"data:image\/svg+xml;base64,PHN2ZyB3aWR0aD0iMSIgaGVpZ2h0PSIxIiB4bWxucz0iaHR0cDovL3d3dy53My5vcmcvMjAwMC9zdmciPjwvc3ZnPg==\" class=\"lazyload\" style=\"--smush-placeholder-width: 480px; --smush-placeholder-aspect-ratio: 480\/480;\"><span class=\"hover-element\"><i>+<\/i><\/span><\/a><\/div><!--end post-image-->\n\t\t\n\t\t\t<div class=\"post-header\">\n\n\t\t\t\t\t\t\t\t\t<h3 class=\"post-title entry-title\"><a href=\"https:\/\/www.goierrieskola.eus\/es\/virtual-reality-en-goierri-eskola\/\">Virtual Reality en Goierri Eskola<\/a>\n\t\t\t\t\t<\/h3>\n\t\t\t\t\n\t\t\t\t<span class=\"post-meta\">\n                    <small><a href=\"https:\/\/www.goierrieskola.eus\/es\/virtual-reality-en-goierri-eskola\/\" rel=\"bookmark\" class=\"post-time\"><time class=\"entry-date\" datetime=\"2023-10-11T08:55:16+00:00\">11 octubre, 2023<\/time><time class=\"modify-date hide hidden updated\" datetime=\"2023-10-11T08:55:16+00:00\">11 octubre, 2023<\/time><\/a><\/small>, <small class=\"meta-category\"><a href=\"https:\/\/www.goierrieskola.eus\/es\/category\/sociedad\/\" rel=\"category tag\">Sociedad<\/a><\/small>, <small class=\"meta-comment-count\"><a href=\"https:\/\/www.goierrieskola.eus\/es\/virtual-reality-en-goierri-eskola\/#comments\">0 <i class=\"icon-chat-1 hover-tip\" data-original-title=\"Esta publicaci\u00f3n tiene 0 comentarios\" data-toggle=\"tooltip\" data-placement=\"top\"><\/i><\/a><\/small>                <\/span>\n\n\t\t\t<\/div><!--end post-header-->\n\n\t\t\t\n\t\t\t\t\t\t\t\t\t<div class=\"post-info\">\n\n\t\t\t\t\t\t<div class=\"entry-summary\">\n\t\t\t\t\t\t\t<p> Realidad Virtual o Virtual Reality (VR) es una tecnolog\u00eda que permite crear entornos virtuales que simulan la realidad...<\/p>\t\t\t\t\t\t<\/div><!-- .entry-summary -->\n\n\t\t\t\t\t<\/div><!--end post-info-->\n\t\t\t\t\n\t\t\t\n\t\t\n\t\t<div class=\"post-footer\">\n\t\t\t<small>\n\t\t\t\t<a href=\"#\" class=\"item-likes\" id=\"item-likes-16126\" title=\"Like this\"><span class=\"item-likes-count\">1<\/span> <span class=\"item-likes-postfix\">like<\/span><\/a>\n\t\t\t\t\t\t\t\t\t<a href=\"https:\/\/www.goierrieskola.eus\/es\/virtual-reality-en-goierri-eskola\/\"><span class=\"muted pull-right\">\n\t\t\t\t\t\tLeer m\u00e1s<\/span>\n\t\t\t\t\t<\/a>\n\t\t\t\t\n\t\t\t<\/small>\n\t\t<\/div><!--end post-footer-->\n\n\t<\/div><!--end post-content-->\n<\/article>\n\n\n<article id=\"post-15948\" class=\"post-item post-15948 post type-post status-publish format-aside has-post-thumbnail hentry category-general post_format-post-format-aside\">\n\t<div class=\"post-content animated animate-when-almost-visible el-appear\">\n\n\t\t<div class=\"post-image\"><a href=\"https:\/\/www.goierrieskola.eus\/es\/acto-de-despedida-de-los-alumnos-de-fp-basica\/\" class=\"element-wrap\"><img decoding=\"async\" data-src=\"https:\/\/www.goierrieskola.eus\/wp-content\/uploads\/2023\/06\/IMG_6680-480x320.jpg\" alt=\"Acto de despedida de los alumnos de FP b\u00e1sica\" src=\"data:image\/svg+xml;base64,PHN2ZyB3aWR0aD0iMSIgaGVpZ2h0PSIxIiB4bWxucz0iaHR0cDovL3d3dy53My5vcmcvMjAwMC9zdmciPjwvc3ZnPg==\" class=\"lazyload\" style=\"--smush-placeholder-width: 480px; --smush-placeholder-aspect-ratio: 480\/320;\"><span class=\"hover-element\"><i>+<\/i><\/span><\/a><\/div><!--end post-image-->\n\t\t\n\t\t\t<div class=\"post-header\">\n\n\t\t\t\t\t\t\t\t\t<h3 class=\"post-title entry-title\"><a href=\"https:\/\/www.goierrieskola.eus\/es\/acto-de-despedida-de-los-alumnos-de-fp-basica\/\">Acto de despedida de los alumnos de FP b\u00e1sica<\/a>\n\t\t\t\t\t<\/h3>\n\t\t\t\t\n\t\t\t\t<span class=\"post-meta\">\n                    <small><a href=\"https:\/\/www.goierrieskola.eus\/es\/acto-de-despedida-de-los-alumnos-de-fp-basica\/\" rel=\"bookmark\" class=\"post-time\"><time class=\"entry-date\" datetime=\"2023-06-22T14:04:59+00:00\">22 junio, 2023<\/time><time class=\"modify-date hide hidden updated\" datetime=\"2023-06-22T14:06:43+00:00\">22 junio, 2023<\/time><\/a><\/small>, <small class=\"meta-category\"><a href=\"https:\/\/www.goierrieskola.eus\/es\/category\/general\/\" rel=\"category tag\">General<\/a><\/small>, <small class=\"meta-comment-count\"><a href=\"https:\/\/www.goierrieskola.eus\/es\/acto-de-despedida-de-los-alumnos-de-fp-basica\/#comments\">0 <i class=\"icon-chat-1 hover-tip\" data-original-title=\"Esta publicaci\u00f3n tiene 0 comentarios\" data-toggle=\"tooltip\" data-placement=\"top\"><\/i><\/a><\/small>                <\/span>\n\n\t\t\t<\/div><!--end post-header-->\n\n\t\t\t\n\t\t\t\t\t\t\t\t\t<div class=\"post-info\">\n\n\t\t\t\t\t\t<div class=\"entry-summary\">\n\t\t\t\t\t\t\t<p> Alumnado de Formaci\u00f3n Profesional de Goierri Eskola tambi\u00e9n ha despedido el curso y para ello, hemos celebrado un...<\/p>\t\t\t\t\t\t<\/div><!-- .entry-summary -->\n\n\t\t\t\t\t<\/div><!--end post-info-->\n\t\t\t\t\n\t\t\t\n\t\t\n\t\t<div class=\"post-footer\">\n\t\t\t<small>\n\t\t\t\t<a href=\"#\" class=\"item-likes\" id=\"item-likes-15910\" title=\"Like this\"><span class=\"item-likes-count\">1<\/span> <span class=\"item-likes-postfix\">like<\/span><\/a>\n\t\t\t\t\t\t\t\t\t<a href=\"https:\/\/www.goierrieskola.eus\/es\/acto-de-despedida-de-los-alumnos-de-fp-basica\/\"><span class=\"muted pull-right\">\n\t\t\t\t\t\tLeer m\u00e1s<\/span>\n\t\t\t\t\t<\/a>\n\t\t\t\t\n\t\t\t<\/small>\n\t\t<\/div><!--end post-footer-->\n\n\t<\/div><!--end post-content-->\n<\/article>\n\n\n<article id=\"post-15890\" class=\"post-item post-15890 post type-post status-publish format-aside has-post-thumbnail hentry category-gizartera-es category-sociedad post_format-post-format-aside\">\n\t<div class=\"post-content animated animate-when-almost-visible el-appear\">\n\n\t\t<div class=\"post-image\"><a href=\"https:\/\/www.goierrieskola.eus\/es\/campamentos-tecnologicos-en-goierri\/\" class=\"element-wrap\"><img decoding=\"async\" data-src=\"https:\/\/www.goierrieskola.eus\/wp-content\/uploads\/2023\/05\/230530-KanpTekn-2023-480x175.png\" alt=\"campamentos tecnol\u00f3gicos en goierri\" src=\"data:image\/svg+xml;base64,PHN2ZyB3aWR0aD0iMSIgaGVpZ2h0PSIxIiB4bWxucz0iaHR0cDovL3d3dy53My5vcmcvMjAwMC9zdmciPjwvc3ZnPg==\" class=\"lazyload\" style=\"--smush-placeholder-width: 480px; --smush-placeholder-aspect-ratio: 480\/175;\"><span class=\"hover-element\"><i>+<\/i><\/span><\/a><\/div><!--end post-image-->\n\t\t\n\t\t\t<div class=\"post-header\">\n\n\t\t\t\t\t\t\t\t\t<h3 class=\"post-title entry-title\"><a href=\"https:\/\/www.goierrieskola.eus\/es\/campamentos-tecnologicos-en-goierri\/\">campamentos tecnol\u00f3gicos en goierri<\/a>\n\t\t\t\t\t<\/h3>\n\t\t\t\t\n\t\t\t\t<span class=\"post-meta\">\n                    <small><a href=\"https:\/\/www.goierrieskola.eus\/es\/campamentos-tecnologicos-en-goierri\/\" rel=\"bookmark\" class=\"post-time\"><time class=\"entry-date\" datetime=\"2023-06-01T14:23:43+00:00\">1 junio, 2023<\/time><time class=\"modify-date hide hidden updated\" datetime=\"2023-06-01T14:47:59+00:00\">1 junio, 2023<\/time><\/a><\/small>, <small class=\"meta-category\"><a href=\"https:\/\/www.goierrieskola.eus\/es\/category\/gizartera-es\/\" rel=\"category tag\">Gizartera<\/a>, <a href=\"https:\/\/www.goierrieskola.eus\/es\/category\/sociedad\/\" rel=\"category tag\">Sociedad<\/a><\/small>, <small class=\"meta-comment-count\"><a href=\"https:\/\/www.goierrieskola.eus\/es\/campamentos-tecnologicos-en-goierri\/#comments\">0 <i class=\"icon-chat-1 hover-tip\" data-original-title=\"Esta publicaci\u00f3n tiene 0 comentarios\" data-toggle=\"tooltip\" data-placement=\"top\"><\/i><\/a><\/small>                <\/span>\n\n\t\t\t<\/div><!--end post-header-->\n\n\t\t\t\n\t\t\t\t\t\t\t\t\t<div class=\"post-info\">\n\n\t\t\t\t\t\t<div class=\"entry-summary\">\n\t\t\t\t\t\t\t<p> Este verano, descubre nuestros campamentos de verano donde tus hijos\/as de 9 a 14 a\u00f1os pueden sumergirse en...<\/p>\t\t\t\t\t\t<\/div><!-- .entry-summary -->\n\n\t\t\t\t\t<\/div><!--end post-info-->\n\t\t\t\t\n\t\t\t\n\t\t\n\t\t<div class=\"post-footer\">\n\t\t\t<small>\n\t\t\t\t<a href=\"#\" class=\"item-likes\" id=\"item-likes-15876\" title=\"Like this\"><span class=\"item-likes-count\">1<\/span> <span class=\"item-likes-postfix\">like<\/span><\/a>\n\t\t\t\t\t\t\t\t\t<a href=\"https:\/\/www.goierrieskola.eus\/es\/campamentos-tecnologicos-en-goierri\/\"><span class=\"muted pull-right\">\n\t\t\t\t\t\tLeer m\u00e1s<\/span>\n\t\t\t\t\t<\/a>\n\t\t\t\t\n\t\t\t<\/small>\n\t\t<\/div><!--end post-footer-->\n\n\t<\/div><!--end post-content-->\n<\/article>\n\n\n<article id=\"post-15841\" class=\"post-item post-15841 post type-post status-publish format-aside has-post-thumbnail hentry category-evento post_format-post-format-aside\">\n\t<div class=\"post-content animated animate-when-almost-visible el-appear\">\n\n\t\t<div class=\"post-image\"><a href=\"https:\/\/www.goierrieskola.eus\/es\/master-en-fabricacion-aditiva-industrial\/\" class=\"element-wrap\"><img decoding=\"async\" data-src=\"https:\/\/www.goierrieskola.eus\/wp-content\/uploads\/2023\/05\/230524-MPFAI-480x175.png\" alt=\"Master en Fabricaci\u00f3n Aditiva Industrial\" src=\"data:image\/svg+xml;base64,PHN2ZyB3aWR0aD0iMSIgaGVpZ2h0PSIxIiB4bWxucz0iaHR0cDovL3d3dy53My5vcmcvMjAwMC9zdmciPjwvc3ZnPg==\" class=\"lazyload\" style=\"--smush-placeholder-width: 480px; --smush-placeholder-aspect-ratio: 480\/175;\"><span class=\"hover-element\"><i>+<\/i><\/span><\/a><\/div><!--end post-image-->\n\t\t\n\t\t\t<div class=\"post-header\">\n\n\t\t\t\t\t\t\t\t\t<h3 class=\"post-title entry-title\"><a href=\"https:\/\/www.goierrieskola.eus\/es\/master-en-fabricacion-aditiva-industrial\/\">Master en Fabricaci\u00f3n Aditiva Industrial<\/a>\n\t\t\t\t\t<\/h3>\n\t\t\t\t\n\t\t\t\t<span class=\"post-meta\">\n                    <small><a href=\"https:\/\/www.goierrieskola.eus\/es\/master-en-fabricacion-aditiva-industrial\/\" rel=\"bookmark\" class=\"post-time\"><time class=\"entry-date\" datetime=\"2023-05-24T15:42:34+00:00\">24 mayo, 2023<\/time><time class=\"modify-date hide hidden updated\" datetime=\"2023-05-24T15:54:31+00:00\">24 mayo, 2023<\/time><\/a><\/small>, <small class=\"meta-category\"><a href=\"https:\/\/www.goierrieskola.eus\/es\/category\/evento\/\" rel=\"category tag\">Evento-Jornada<\/a><\/small>, <small class=\"meta-comment-count\"><a href=\"https:\/\/www.goierrieskola.eus\/es\/master-en-fabricacion-aditiva-industrial\/#comments\">0 <i class=\"icon-chat-1 hover-tip\" data-original-title=\"Esta publicaci\u00f3n tiene 0 comentarios\" data-toggle=\"tooltip\" data-placement=\"top\"><\/i><\/a><\/small>                <\/span>\n\n\t\t\t<\/div><!--end post-header-->\n\n\t\t\t\n\t\t\t\t\t\t\t\t\t<div class=\"post-info\">\n\n\t\t\t\t\t\t<div class=\"entry-summary\">\n\t\t\t\t\t\t\t<p> En un mundo cada vez m\u00e1s competitivo, la b\u00fasqueda de soluciones tecnol\u00f3gicas que impulsen la eficiencia y la...<\/p>\t\t\t\t\t\t<\/div><!-- .entry-summary -->\n\n\t\t\t\t\t<\/div><!--end post-info-->\n\t\t\t\t\n\t\t\t\n\t\t\n\t\t<div class=\"post-footer\">\n\t\t\t<small>\n\t\t\t\t<a href=\"#\" class=\"item-likes\" id=\"item-likes-15820\" title=\"Like this\"><span class=\"item-likes-count\">1<\/span> <span class=\"item-likes-postfix\">like<\/span><\/a>\n\t\t\t\t\t\t\t\t\t<a href=\"https:\/\/www.goierrieskola.eus\/es\/master-en-fabricacion-aditiva-industrial\/\"><span class=\"muted pull-right\">\n\t\t\t\t\t\tLeer m\u00e1s<\/span>\n\t\t\t\t\t<\/a>\n\t\t\t\t\n\t\t\t<\/small>\n\t\t<\/div><!--end post-footer-->\n\n\t<\/div><!--end post-content-->\n<\/article>\n\n\n<article id=\"post-15746\" class=\"post-item post-15746 post type-post status-publish format-aside has-post-thumbnail hentry category-gure_enbaxadoreak-es post_format-post-format-aside\">\n\t<div class=\"post-content animated animate-when-almost-visible el-appear\">\n\n\t\t<div class=\"post-image\"><a href=\"https:\/\/www.goierrieskola.eus\/es\/gure-enbaxadoreak-maite-gonzalez-eta-miren-lopetegi\/\" class=\"element-wrap\"><img decoding=\"async\" data-src=\"https:\/\/www.goierrieskola.eus\/wp-content\/uploads\/2023\/04\/EmakueaketaIngeniariak1-480x258.jpg\" alt=\"Gure Enbaxadoreak: Maite Gonzalez eta Miren Lopetegi\" src=\"data:image\/svg+xml;base64,PHN2ZyB3aWR0aD0iMSIgaGVpZ2h0PSIxIiB4bWxucz0iaHR0cDovL3d3dy53My5vcmcvMjAwMC9zdmciPjwvc3ZnPg==\" class=\"lazyload\" style=\"--smush-placeholder-width: 480px; --smush-placeholder-aspect-ratio: 480\/258;\"><span class=\"hover-element\"><i>+<\/i><\/span><\/a><\/div><!--end post-image-->\n\t\t\n\t\t\t<div class=\"post-header\">\n\n\t\t\t\t\t\t\t\t\t<h3 class=\"post-title entry-title\"><a href=\"https:\/\/www.goierrieskola.eus\/es\/gure-enbaxadoreak-maite-gonzalez-eta-miren-lopetegi\/\">Gure Enbaxadoreak: Maite Gonzalez eta Miren Lopetegi<\/a>\n\t\t\t\t\t<\/h3>\n\t\t\t\t\n\t\t\t\t<span class=\"post-meta\">\n                    <small><a href=\"https:\/\/www.goierrieskola.eus\/es\/gure-enbaxadoreak-maite-gonzalez-eta-miren-lopetegi\/\" rel=\"bookmark\" class=\"post-time\"><time class=\"entry-date\" datetime=\"2023-04-25T09:58:47+00:00\">25 abril, 2023<\/time><time class=\"modify-date hide hidden updated\" datetime=\"2023-04-25T10:02:53+00:00\">25 abril, 2023<\/time><\/a><\/small>, <small class=\"meta-category\"><a href=\"https:\/\/www.goierrieskola.eus\/es\/category\/gure_enbaxadoreak-es\/\" rel=\"category tag\">Gure Enbaxadoreak<\/a><\/small>, <small class=\"meta-comment-count\"><a href=\"https:\/\/www.goierrieskola.eus\/es\/gure-enbaxadoreak-maite-gonzalez-eta-miren-lopetegi\/#comments\">0 <i class=\"icon-chat-1 hover-tip\" data-original-title=\"Esta publicaci\u00f3n tiene 0 comentarios\" data-toggle=\"tooltip\" data-placement=\"top\"><\/i><\/a><\/small>                <\/span>\n\n\t\t\t<\/div><!--end post-header-->\n\n\t\t\t\n\t\t\t\t\t\t\t\t\t<div class=\"post-info\">\n\n\t\t\t\t\t\t<div class=\"entry-summary\">\n\t\t\t\t\t\t\t<p> Maite Gonz\u00e1lez tiene 22 a\u00f1os y estudia Ingenier\u00eda Mec\u00e1nica en el campus de Mondragon Unibertsitatea, en Goierri. Miren...<\/p>\t\t\t\t\t\t<\/div><!-- .entry-summary -->\n\n\t\t\t\t\t<\/div><!--end post-info-->\n\t\t\t\t\n\t\t\t\n\t\t\n\t\t<div class=\"post-footer\">\n\t\t\t<small>\n\t\t\t\t<a href=\"#\" class=\"item-likes\" id=\"item-likes-15701\" title=\"Like this\"><span class=\"item-likes-count\">2<\/span> <span class=\"item-likes-postfix\">likes<\/span><\/a>\n\t\t\t\t\t\t\t\t\t<a href=\"https:\/\/www.goierrieskola.eus\/es\/gure-enbaxadoreak-maite-gonzalez-eta-miren-lopetegi\/\"><span class=\"muted pull-right\">\n\t\t\t\t\t\tLeer m\u00e1s<\/span>\n\t\t\t\t\t<\/a>\n\t\t\t\t\n\t\t\t<\/small>\n\t\t<\/div><!--end post-footer-->\n\n\t<\/div><!--end post-content-->\n<\/article>\n\n\n<article id=\"post-15555\" class=\"post-item post-15555 post type-post status-publish format-aside has-post-thumbnail hentry category-proyectos-mefp post_format-post-format-aside\">\n\t<div class=\"post-content animated animate-when-almost-visible el-appear\">\n\n\t\t<div class=\"post-image\"><a href=\"https:\/\/www.goierrieskola.eus\/es\/la-fabricacion-aditiva-en-la-formacion-profesional\/\" class=\"element-wrap\"><img decoding=\"async\" data-src=\"https:\/\/www.goierrieskola.eus\/wp-content\/uploads\/2023\/02\/pexels-opt-lasers-from-poland-7254413-1-480x320.jpg\" alt=\"Fabricaci\u00f3n aditiva en Formaci\u00f3n Profesional\" src=\"data:image\/svg+xml;base64,PHN2ZyB3aWR0aD0iMSIgaGVpZ2h0PSIxIiB4bWxucz0iaHR0cDovL3d3dy53My5vcmcvMjAwMC9zdmciPjwvc3ZnPg==\" class=\"lazyload\" style=\"--smush-placeholder-width: 480px; --smush-placeholder-aspect-ratio: 480\/320;\"><span class=\"hover-element\"><i>+<\/i><\/span><\/a><\/div><!--end post-image-->\n\t\t\n\t\t\t<div class=\"post-header\">\n\n\t\t\t\t\t\t\t\t\t<h3 class=\"post-title entry-title\"><a href=\"https:\/\/www.goierrieskola.eus\/es\/la-fabricacion-aditiva-en-la-formacion-profesional\/\">Fabricaci\u00f3n aditiva en Formaci\u00f3n Profesional<\/a>\n\t\t\t\t\t<\/h3>\n\t\t\t\t\n\t\t\t\t<span class=\"post-meta\">\n                    <small><a href=\"https:\/\/www.goierrieskola.eus\/es\/la-fabricacion-aditiva-en-la-formacion-profesional\/\" rel=\"bookmark\" class=\"post-time\"><time class=\"entry-date\" datetime=\"2023-02-08T12:46:27+00:00\">8 febrero, 2023<\/time><time class=\"modify-date hide hidden updated\" datetime=\"2026-04-13T08:06:07+00:00\">13 abril, 2026<\/time><\/a><\/small>, <small class=\"meta-category\"><a href=\"https:\/\/www.goierrieskola.eus\/es\/category\/proyectos\/proyectos-mefp\/\" rel=\"category tag\">Proyectos MEFP<\/a><\/small>, <small class=\"meta-comment-count\"><a href=\"https:\/\/www.goierrieskola.eus\/es\/la-fabricacion-aditiva-en-la-formacion-profesional\/#comments\">0 <i class=\"icon-chat-1 hover-tip\" data-original-title=\"Esta publicaci\u00f3n tiene 0 comentarios\" data-toggle=\"tooltip\" data-placement=\"top\"><\/i><\/a><\/small>                <\/span>\n\n\t\t\t<\/div><!--end post-header-->\n\n\t\t\t\n\t\t\t\t\t\t\t\t\t<div class=\"post-info\">\n\n\t\t\t\t\t\t<div class=\"entry-summary\">\n\t\t\t\t\t\t\t<p>Goierri Eskola junto con otros tres centros estatales participa en un proyecto para introducir la Fabricaci\u00f3n Aditiva (FA) en...<\/p>\t\t\t\t\t\t<\/div><!-- .entry-summary -->\n\n\t\t\t\t\t<\/div><!--end post-info-->\n\t\t\t\t\n\t\t\t\n\t\t\n\t\t<div class=\"post-footer\">\n\t\t\t<small>\n\t\t\t\t<a href=\"#\" class=\"item-likes\" id=\"item-likes-15542\" title=\"Like this\"><span class=\"item-likes-count\">2<\/span> <span class=\"item-likes-postfix\">likes<\/span><\/a>\n\t\t\t\t\t\t\t\t\t<a href=\"https:\/\/www.goierrieskola.eus\/es\/la-fabricacion-aditiva-en-la-formacion-profesional\/\"><span class=\"muted pull-right\">\n\t\t\t\t\t\tLeer m\u00e1s<\/span>\n\t\t\t\t\t<\/a>\n\t\t\t\t\n\t\t\t<\/small>\n\t\t<\/div><!--end post-footer-->\n\n\t<\/div><!--end post-content-->\n<\/article>\n\n\n<article id=\"post-15528\" class=\"post-item post-15528 post type-post status-publish format-aside has-post-thumbnail hentry category-cursos category-ikastaroak-es post_format-post-format-aside\">\n\t<div class=\"post-content animated animate-when-almost-visible el-appear\">\n\n\t\t<div class=\"post-image\"><a href=\"https:\/\/www.goierrieskola.eus\/es\/langile-eta-langabetuentzako-ikastaroak\/\" class=\"element-wrap\"><img decoding=\"async\" data-src=\"https:\/\/www.goierrieskola.eus\/wp-content\/uploads\/2023\/01\/pexels-peter-olexa-4012966-1-480x320.jpg\" alt=\"Cursos para trabajadores y desempleados\" src=\"data:image\/svg+xml;base64,PHN2ZyB3aWR0aD0iMSIgaGVpZ2h0PSIxIiB4bWxucz0iaHR0cDovL3d3dy53My5vcmcvMjAwMC9zdmciPjwvc3ZnPg==\" class=\"lazyload\" style=\"--smush-placeholder-width: 480px; --smush-placeholder-aspect-ratio: 480\/320;\"><span class=\"hover-element\"><i>+<\/i><\/span><\/a><\/div><!--end post-image-->\n\t\t\n\t\t\t<div class=\"post-header\">\n\n\t\t\t\t\t\t\t\t\t<h3 class=\"post-title entry-title\"><a href=\"https:\/\/www.goierrieskola.eus\/es\/langile-eta-langabetuentzako-ikastaroak\/\">Cursos para trabajadores y desempleados<\/a>\n\t\t\t\t\t<\/h3>\n\t\t\t\t\n\t\t\t\t<span class=\"post-meta\">\n                    <small><a href=\"https:\/\/www.goierrieskola.eus\/es\/langile-eta-langabetuentzako-ikastaroak\/\" rel=\"bookmark\" class=\"post-time\"><time class=\"entry-date\" datetime=\"2023-01-25T15:50:04+00:00\">25 enero, 2023<\/time><time class=\"modify-date hide hidden updated\" datetime=\"2023-01-25T15:50:30+00:00\">25 enero, 2023<\/time><\/a><\/small>, <small class=\"meta-category\"><a href=\"https:\/\/www.goierrieskola.eus\/es\/category\/cursos\/\" rel=\"category tag\">Cursos<\/a>, <a href=\"https:\/\/www.goierrieskola.eus\/es\/category\/ikastaroak-es\/\" rel=\"category tag\">Ikastaroak<\/a><\/small>, <small class=\"meta-comment-count\"><a href=\"https:\/\/www.goierrieskola.eus\/es\/langile-eta-langabetuentzako-ikastaroak\/#comments\">0 <i class=\"icon-chat-1 hover-tip\" data-original-title=\"Esta publicaci\u00f3n tiene 0 comentarios\" data-toggle=\"tooltip\" data-placement=\"top\"><\/i><\/a><\/small>                <\/span>\n\n\t\t\t<\/div><!--end post-header-->\n\n\t\t\t\n\t\t\t\t\t\t\t\t\t<div class=\"post-info\">\n\n\t\t\t\t\t\t<div class=\"entry-summary\">\n\t\t\t\t\t\t\t<p> \u00bfQuieres mejorar tus habilidades o aumentar las posibilidades de conseguir un trabajo? Con el inicio del a\u00f1o 2023,...<\/p>\t\t\t\t\t\t<\/div><!-- .entry-summary -->\n\n\t\t\t\t\t<\/div><!--end post-info-->\n\t\t\t\t\n\t\t\t\n\t\t\n\t\t<div class=\"post-footer\">\n\t\t\t<small>\n\t\t\t\t<a href=\"#\" class=\"item-likes\" id=\"item-likes-15492\" title=\"Like this\"><span class=\"item-likes-count\">1<\/span> <span class=\"item-likes-postfix\">like<\/span><\/a>\n\t\t\t\t\t\t\t\t\t<a href=\"https:\/\/www.goierrieskola.eus\/es\/langile-eta-langabetuentzako-ikastaroak\/\"><span class=\"muted pull-right\">\n\t\t\t\t\t\tLeer m\u00e1s<\/span>\n\t\t\t\t\t<\/a>\n\t\t\t\t\n\t\t\t<\/small>\n\t\t<\/div><!--end post-footer-->\n\n\t<\/div><!--end post-content-->\n<\/article>\n\n\n<article id=\"post-15488\" class=\"post-item post-15488 post type-post status-publish format-aside has-post-thumbnail hentry category-evento post_format-post-format-aside\">\n\t<div class=\"post-content animated animate-when-almost-visible el-appear\">\n\n\t\t<div class=\"post-image\"><a href=\"https:\/\/www.goierrieskola.eus\/es\/nuevo-espacio-de-extended-reality-xr\/\" class=\"element-wrap\"><img decoding=\"async\" data-src=\"https:\/\/www.goierrieskola.eus\/wp-content\/uploads\/2022\/12\/pexels-andrea-piacquadio-834949-2-scaled-480x320.jpg\" alt=\"Nuevo espacio de extended reality (XR)\" src=\"data:image\/svg+xml;base64,PHN2ZyB3aWR0aD0iMSIgaGVpZ2h0PSIxIiB4bWxucz0iaHR0cDovL3d3dy53My5vcmcvMjAwMC9zdmciPjwvc3ZnPg==\" class=\"lazyload\" style=\"--smush-placeholder-width: 480px; --smush-placeholder-aspect-ratio: 480\/320;\"><span class=\"hover-element\"><i>+<\/i><\/span><\/a><\/div><!--end post-image-->\n\t\t\n\t\t\t<div class=\"post-header\">\n\n\t\t\t\t\t\t\t\t\t<h3 class=\"post-title entry-title\"><a href=\"https:\/\/www.goierrieskola.eus\/es\/nuevo-espacio-de-extended-reality-xr\/\">Nuevo espacio de extended reality (XR)<\/a>\n\t\t\t\t\t<\/h3>\n\t\t\t\t\n\t\t\t\t<span class=\"post-meta\">\n                    <small><a href=\"https:\/\/www.goierrieskola.eus\/es\/nuevo-espacio-de-extended-reality-xr\/\" rel=\"bookmark\" class=\"post-time\"><time class=\"entry-date\" datetime=\"2022-12-20T14:25:44+00:00\">20 diciembre, 2022<\/time><time class=\"modify-date hide hidden updated\" datetime=\"2022-12-20T14:25:44+00:00\">20 diciembre, 2022<\/time><\/a><\/small>, <small class=\"meta-category\"><a href=\"https:\/\/www.goierrieskola.eus\/es\/category\/evento\/\" rel=\"category tag\">Evento-Jornada<\/a><\/small>, <small class=\"meta-comment-count\"><a href=\"https:\/\/www.goierrieskola.eus\/es\/nuevo-espacio-de-extended-reality-xr\/#comments\">0 <i class=\"icon-chat-1 hover-tip\" data-original-title=\"Esta publicaci\u00f3n tiene 0 comentarios\" data-toggle=\"tooltip\" data-placement=\"top\"><\/i><\/a><\/small>                <\/span>\n\n\t\t\t<\/div><!--end post-header-->\n\n\t\t\t\n\t\t\t\t\t\t\t\t\t<div class=\"post-info\">\n\n\t\t\t\t\t\t<div class=\"entry-summary\">\n\t\t\t\t\t\t\t<p> En el proyecto educativo de Goierri Eskola buscamos la formaci\u00f3n integral de las personas, tanto en su vertiente...<\/p>\t\t\t\t\t\t<\/div><!-- .entry-summary -->\n\n\t\t\t\t\t<\/div><!--end post-info-->\n\t\t\t\t\n\t\t\t\n\t\t\n\t\t<div class=\"post-footer\">\n\t\t\t<small>\n\t\t\t\t<a href=\"#\" class=\"item-likes\" id=\"item-likes-15463\" title=\"Like this\"><span class=\"item-likes-count\">1<\/span> <span class=\"item-likes-postfix\">like<\/span><\/a>\n\t\t\t\t\t\t\t\t\t<a href=\"https:\/\/www.goierrieskola.eus\/es\/nuevo-espacio-de-extended-reality-xr\/\"><span class=\"muted pull-right\">\n\t\t\t\t\t\tLeer m\u00e1s<\/span>\n\t\t\t\t\t<\/a>\n\t\t\t\t\n\t\t\t<\/small>\n\t\t<\/div><!--end post-footer-->\n\n\t<\/div><!--end post-content-->\n<\/article>\n\n\n<article id=\"post-15449\" class=\"post-item post-15449 post type-post status-publish format-aside has-post-thumbnail hentry category-ingenieria-2 post_format-post-format-aside\">\n\t<div class=\"post-content animated animate-when-almost-visible el-appear\">\n\n\t\t<div class=\"post-image\"><a href=\"https:\/\/www.goierrieskola.eus\/es\/goi-mailako-kirolariak-eta-ingeniaritza-ikasketak\/\" class=\"element-wrap\"><img decoding=\"async\" data-src=\"https:\/\/www.goierrieskola.eus\/wp-content\/uploads\/2022\/12\/KirolaetaIkasketakErreportajea-scaled-480x320.jpg\" alt=\"Deportistas de alto nivel y estudios de ingenier\u00eda\" src=\"data:image\/svg+xml;base64,PHN2ZyB3aWR0aD0iMSIgaGVpZ2h0PSIxIiB4bWxucz0iaHR0cDovL3d3dy53My5vcmcvMjAwMC9zdmciPjwvc3ZnPg==\" class=\"lazyload\" style=\"--smush-placeholder-width: 480px; --smush-placeholder-aspect-ratio: 480\/320;\"><span class=\"hover-element\"><i>+<\/i><\/span><\/a><\/div><!--end post-image-->\n\t\t\n\t\t\t<div class=\"post-header\">\n\n\t\t\t\t\t\t\t\t\t<h3 class=\"post-title entry-title\"><a href=\"https:\/\/www.goierrieskola.eus\/es\/goi-mailako-kirolariak-eta-ingeniaritza-ikasketak\/\">Deportistas de alto nivel y estudios de ingenier\u00eda<\/a>\n\t\t\t\t\t<\/h3>\n\t\t\t\t\n\t\t\t\t<span class=\"post-meta\">\n                    <small><a href=\"https:\/\/www.goierrieskola.eus\/es\/goi-mailako-kirolariak-eta-ingeniaritza-ikasketak\/\" rel=\"bookmark\" class=\"post-time\"><time class=\"entry-date\" datetime=\"2022-12-02T10:37:13+00:00\">2 diciembre, 2022<\/time><time class=\"modify-date hide hidden updated\" datetime=\"2022-12-07T08:19:45+00:00\">7 diciembre, 2022<\/time><\/a><\/small>, <small class=\"meta-category\"><a href=\"https:\/\/www.goierrieskola.eus\/es\/category\/ingenieria-2\/\" rel=\"category tag\">Ingenier\u00eda<\/a><\/small>, <small class=\"meta-comment-count\"><a href=\"https:\/\/www.goierrieskola.eus\/es\/goi-mailako-kirolariak-eta-ingeniaritza-ikasketak\/#comments\">0 <i class=\"icon-chat-1 hover-tip\" data-original-title=\"Esta publicaci\u00f3n tiene 0 comentarios\" data-toggle=\"tooltip\" data-placement=\"top\"><\/i><\/a><\/small>                <\/span>\n\n\t\t\t<\/div><!--end post-header-->\n\n\t\t\t\n\t\t\t\t\t\t\t\t\t<div class=\"post-info\">\n\n\t\t\t\t\t\t<div class=\"entry-summary\">\n\t\t\t\t\t\t\t<p> Es una franja de edad complicada, son j\u00f3venes de entre <\/p>\t\t\t\t\t\t<\/div><!-- .entry-summary -->\n\n\t\t\t\t\t<\/div><!--end post-info-->\n\t\t\t\t\n\t\t\t\n\t\t\n\t\t<div class=\"post-footer\">\n\t\t\t<small>\n\t\t\t\t<a href=\"#\" class=\"item-likes\" id=\"item-likes-15432\" title=\"Like this\"><span class=\"item-likes-count\">1<\/span> <span class=\"item-likes-postfix\">like<\/span><\/a>\n\t\t\t\t\t\t\t\t\t<a href=\"https:\/\/www.goierrieskola.eus\/es\/goi-mailako-kirolariak-eta-ingeniaritza-ikasketak\/\"><span class=\"muted pull-right\">\n\t\t\t\t\t\tLeer m\u00e1s<\/span>\n\t\t\t\t\t<\/a>\n\t\t\t\t\n\t\t\t<\/small>\n\t\t<\/div><!--end post-footer-->\n\n\t<\/div><!--end post-content-->\n<\/article>\n\n\n<article id=\"post-15167\" class=\"post-item post-15167 post type-post status-publish format-aside has-post-thumbnail hentry category-sociedad post_format-post-format-aside\">\n\t<div class=\"post-content animated animate-when-almost-visible el-appear\">\n\n\t\t<div class=\"post-image\"><a href=\"https:\/\/www.goierrieskola.eus\/es\/en-marcha-el-mondragon-ztim-hub-de-goierri\/\" class=\"element-wrap\"><img decoding=\"async\" data-src=\"https:\/\/www.goierrieskola.eus\/wp-content\/uploads\/2022\/06\/ZTIM-HUB-compressed-480x359.jpg\" alt=\"En marcha el MONDRAGON ZTIM HUB de Goierri\" src=\"data:image\/svg+xml;base64,PHN2ZyB3aWR0aD0iMSIgaGVpZ2h0PSIxIiB4bWxucz0iaHR0cDovL3d3dy53My5vcmcvMjAwMC9zdmciPjwvc3ZnPg==\" class=\"lazyload\" style=\"--smush-placeholder-width: 480px; --smush-placeholder-aspect-ratio: 480\/359;\"><span class=\"hover-element\"><i>+<\/i><\/span><\/a><\/div><!--end post-image-->\n\t\t\n\t\t\t<div class=\"post-header\">\n\n\t\t\t\t\t\t\t\t\t<h3 class=\"post-title entry-title\"><a href=\"https:\/\/www.goierrieskola.eus\/es\/en-marcha-el-mondragon-ztim-hub-de-goierri\/\">En marcha el MONDRAGON ZTIM HUB de Goierri<\/a>\n\t\t\t\t\t<\/h3>\n\t\t\t\t\n\t\t\t\t<span class=\"post-meta\">\n                    <small><a href=\"https:\/\/www.goierrieskola.eus\/es\/en-marcha-el-mondragon-ztim-hub-de-goierri\/\" rel=\"bookmark\" class=\"post-time\"><time class=\"entry-date\" datetime=\"2022-06-23T11:32:23+00:00\">23 junio, 2022<\/time><time class=\"modify-date hide hidden updated\" datetime=\"2022-09-07T08:56:55+00:00\">7 septiembre, 2022<\/time><\/a><\/small>, <small class=\"meta-category\"><a href=\"https:\/\/www.goierrieskola.eus\/es\/category\/sociedad\/\" rel=\"category tag\">Sociedad<\/a><\/small>, <small class=\"meta-comment-count\"><a href=\"https:\/\/www.goierrieskola.eus\/es\/en-marcha-el-mondragon-ztim-hub-de-goierri\/#comments\">0 <i class=\"icon-chat-1 hover-tip\" data-original-title=\"Esta publicaci\u00f3n tiene 0 comentarios\" data-toggle=\"tooltip\" data-placement=\"top\"><\/i><\/a><\/small>                <\/span>\n\n\t\t\t<\/div><!--end post-header-->\n\n\t\t\t\n\t\t\t\t\t\t\t\t\t<div class=\"post-info\">\n\n\t\t\t\t\t\t<div class=\"entry-summary\">\n\t\t\t\t\t\t\t<p>Mondragon Unibertsitatea, de la mano de Goierri Fundazioa y con la ayuda de la Diputaci\u00f3n Foral de Gipuzkoa, ha...<\/p>\t\t\t\t\t\t<\/div><!-- .entry-summary -->\n\n\t\t\t\t\t<\/div><!--end post-info-->\n\t\t\t\t\n\t\t\t\n\t\t\n\t\t<div class=\"post-footer\">\n\t\t\t<small>\n\t\t\t\t<a href=\"#\" class=\"item-likes\" id=\"item-likes-15162\" title=\"Like this\"><span class=\"item-likes-count\">1<\/span> <span class=\"item-likes-postfix\">like<\/span><\/a>\n\t\t\t\t\t\t\t\t\t<a href=\"https:\/\/www.goierrieskola.eus\/es\/en-marcha-el-mondragon-ztim-hub-de-goierri\/\"><span class=\"muted pull-right\">\n\t\t\t\t\t\tLeer m\u00e1s<\/span>\n\t\t\t\t\t<\/a>\n\t\t\t\t\n\t\t\t<\/small>\n\t\t<\/div><!--end post-footer-->\n\n\t<\/div><!--end post-content-->\n<\/article>\n\n\n<article id=\"post-15077\" class=\"post-item post-15077 post type-post status-publish format-aside has-post-thumbnail hentry category-evento category-sin-categoria post_format-post-format-aside\">\n\t<div class=\"post-content animated animate-when-almost-visible el-appear\">\n\n\t\t<div class=\"post-image\"><a href=\"https:\/\/www.goierrieskola.eus\/es\/ejemplos-aplicaciones-fabricacion-aditiva\/\" class=\"element-wrap\"><img decoding=\"async\" data-src=\"https:\/\/www.goierrieskola.eus\/wp-content\/uploads\/2022\/05\/seminarioMFAI-1-480x360.jpg\" alt=\"Aplicaciones de la fabricaci\u00f3n aditiva en empresas de Euskadi\" src=\"data:image\/svg+xml;base64,PHN2ZyB3aWR0aD0iMSIgaGVpZ2h0PSIxIiB4bWxucz0iaHR0cDovL3d3dy53My5vcmcvMjAwMC9zdmciPjwvc3ZnPg==\" class=\"lazyload\" style=\"--smush-placeholder-width: 480px; --smush-placeholder-aspect-ratio: 480\/360;\"><span class=\"hover-element\"><i>+<\/i><\/span><\/a><\/div><!--end post-image-->\n\t\t\n\t\t\t<div class=\"post-header\">\n\n\t\t\t\t\t\t\t\t\t<h3 class=\"post-title entry-title\"><a href=\"https:\/\/www.goierrieskola.eus\/es\/ejemplos-aplicaciones-fabricacion-aditiva\/\">Aplicaciones de la fabricaci\u00f3n aditiva en empresas de Euskadi<\/a>\n\t\t\t\t\t<\/h3>\n\t\t\t\t\n\t\t\t\t<span class=\"post-meta\">\n                    <small><a href=\"https:\/\/www.goierrieskola.eus\/es\/ejemplos-aplicaciones-fabricacion-aditiva\/\" rel=\"bookmark\" class=\"post-time\"><time class=\"entry-date\" datetime=\"2022-05-24T09:03:11+00:00\">24 mayo, 2022<\/time><time class=\"modify-date hide hidden updated\" datetime=\"2024-10-03T14:11:31+00:00\">3 octubre, 2024<\/time><\/a><\/small>, <small class=\"meta-category\"><a href=\"https:\/\/www.goierrieskola.eus\/es\/category\/evento\/\" rel=\"category tag\">Evento-Jornada<\/a>, <a href=\"https:\/\/www.goierrieskola.eus\/es\/category\/sin-categoria\/\" rel=\"category tag\">Sin categor\u00eda<\/a><\/small>, <small class=\"meta-comment-count\"><a href=\"https:\/\/www.goierrieskola.eus\/es\/ejemplos-aplicaciones-fabricacion-aditiva\/#comments\">0 <i class=\"icon-chat-1 hover-tip\" data-original-title=\"Esta publicaci\u00f3n tiene 0 comentarios\" data-toggle=\"tooltip\" data-placement=\"top\"><\/i><\/a><\/small>                <\/span>\n\n\t\t\t<\/div><!--end post-header-->\n\n\t\t\t\n\t\t\t\t\t\t\t\t\t<div class=\"post-info\">\n\n\t\t\t\t\t\t<div class=\"entry-summary\">\n\t\t\t\t\t\t\t<p> \u00bfConoces ejemplos y aplicaciones de la fabricaci\u00f3n aditiva industrial? \u00bfTe has preguntado alguna vez, que es la fabricaci\u00f3n...<\/p>\t\t\t\t\t\t<\/div><!-- .entry-summary -->\n\n\t\t\t\t\t<\/div><!--end post-info-->\n\t\t\t\t\n\t\t\t\n\t\t\n\t\t<div class=\"post-footer\">\n\t\t\t<small>\n\t\t\t\t<a href=\"#\" class=\"item-likes\" id=\"item-likes-15069\" title=\"Like this\"><span class=\"item-likes-count\">1<\/span> <span class=\"item-likes-postfix\">like<\/span><\/a>\n\t\t\t\t\t\t\t\t\t<a href=\"https:\/\/www.goierrieskola.eus\/es\/ejemplos-aplicaciones-fabricacion-aditiva\/\"><span class=\"muted pull-right\">\n\t\t\t\t\t\tLeer m\u00e1s<\/span>\n\t\t\t\t\t<\/a>\n\t\t\t\t\n\t\t\t<\/small>\n\t\t<\/div><!--end post-footer-->\n\n\t<\/div><!--end post-content-->\n<\/article>\n\n\n<article id=\"post-14981\" class=\"post-item post-14981 post type-post status-publish format-aside has-post-thumbnail hentry category-evento post_format-post-format-aside\">\n\t<div class=\"post-content animated animate-when-almost-visible el-appear\">\n\n\t\t<div class=\"post-image\"><a href=\"https:\/\/www.goierrieskola.eus\/es\/mencion-al-espacio-goierri-ndt-lab-en-la-revista-de-aend\/\" class=\"element-wrap\"><img decoding=\"async\" data-src=\"https:\/\/www.goierrieskola.eus\/wp-content\/uploads\/2022\/04\/RevAEND98-1-480x679.png\" alt=\"Menci\u00f3n al espacio Goierri NDT Lab en la revista de AEND\" src=\"data:image\/svg+xml;base64,PHN2ZyB3aWR0aD0iMSIgaGVpZ2h0PSIxIiB4bWxucz0iaHR0cDovL3d3dy53My5vcmcvMjAwMC9zdmciPjwvc3ZnPg==\" class=\"lazyload\" style=\"--smush-placeholder-width: 480px; --smush-placeholder-aspect-ratio: 480\/679;\"><span class=\"hover-element\"><i>+<\/i><\/span><\/a><\/div><!--end post-image-->\n\t\t\n\t\t\t<div class=\"post-header\">\n\n\t\t\t\t\t\t\t\t\t<h3 class=\"post-title entry-title\"><a href=\"https:\/\/www.goierrieskola.eus\/es\/mencion-al-espacio-goierri-ndt-lab-en-la-revista-de-aend\/\">Menci\u00f3n al espacio Goierri NDT Lab en la revista de AEND<\/a>\n\t\t\t\t\t<\/h3>\n\t\t\t\t\n\t\t\t\t<span class=\"post-meta\">\n                    <small><a href=\"https:\/\/www.goierrieskola.eus\/es\/mencion-al-espacio-goierri-ndt-lab-en-la-revista-de-aend\/\" rel=\"bookmark\" class=\"post-time\"><time class=\"entry-date\" datetime=\"2022-04-26T07:13:38+00:00\">26 abril, 2022<\/time><time class=\"modify-date hide hidden updated\" datetime=\"2022-07-26T11:16:35+00:00\">26 julio, 2022<\/time><\/a><\/small>, <small class=\"meta-category\"><a href=\"https:\/\/www.goierrieskola.eus\/es\/category\/evento\/\" rel=\"category tag\">Evento-Jornada<\/a><\/small>, <small class=\"meta-comment-count\"><a href=\"https:\/\/www.goierrieskola.eus\/es\/mencion-al-espacio-goierri-ndt-lab-en-la-revista-de-aend\/#comments\">0 <i class=\"icon-chat-1 hover-tip\" data-original-title=\"Esta publicaci\u00f3n tiene 0 comentarios\" data-toggle=\"tooltip\" data-placement=\"top\"><\/i><\/a><\/small>                <\/span>\n\n\t\t\t<\/div><!--end post-header-->\n\n\t\t\t\n\t\t\t\t\t\t\t\t\t<div class=\"post-info\">\n\n\t\t\t\t\t\t<div class=\"entry-summary\">\n\t\t\t\t\t\t\t<p>La asociaci\u00f3n AEND publica una revista trimestral donde se recaban noticias referentes a los ensayos <\/p>\t\t\t\t\t\t<\/div><!-- .entry-summary -->\n\n\t\t\t\t\t<\/div><!--end post-info-->\n\t\t\t\t\n\t\t\t\n\t\t\n\t\t<div class=\"post-footer\">\n\t\t\t<small>\n\t\t\t\t<a href=\"#\" class=\"item-likes\" id=\"item-likes-14998\" title=\"Like this\"><span class=\"item-likes-count\">0<\/span> <span class=\"item-likes-postfix\">likes<\/span><\/a>\n\t\t\t\t\t\t\t\t\t<a href=\"https:\/\/www.goierrieskola.eus\/es\/mencion-al-espacio-goierri-ndt-lab-en-la-revista-de-aend\/\"><span class=\"muted pull-right\">\n\t\t\t\t\t\tLeer m\u00e1s<\/span>\n\t\t\t\t\t<\/a>\n\t\t\t\t\n\t\t\t<\/small>\n\t\t<\/div><!--end post-footer-->\n\n\t<\/div><!--end post-content-->\n<\/article>\n\n\n<article id=\"post-14969\" class=\"post-item post-14969 post type-post status-publish format-aside has-post-thumbnail hentry category-ingenieria-2 post_format-post-format-aside\">\n\t<div class=\"post-content animated animate-when-almost-visible el-appear\">\n\n\t\t<div class=\"post-image\"><a href=\"https:\/\/www.goierrieskola.eus\/es\/utilizando-la-fabricacion-aditiva-en-las-bicicletas-de-montana\/\" class=\"element-wrap\"><img decoding=\"async\" data-src=\"https:\/\/www.goierrieskola.eus\/wp-content\/uploads\/2022\/04\/220422-faditiv-3-480x320.jpg\" alt=\"Utilizando la fabricaci\u00f3n aditiva en las bicicletas de monta\u00f1a\" src=\"data:image\/svg+xml;base64,PHN2ZyB3aWR0aD0iMSIgaGVpZ2h0PSIxIiB4bWxucz0iaHR0cDovL3d3dy53My5vcmcvMjAwMC9zdmciPjwvc3ZnPg==\" class=\"lazyload\" style=\"--smush-placeholder-width: 480px; --smush-placeholder-aspect-ratio: 480\/320;\"><span class=\"hover-element\"><i>+<\/i><\/span><\/a><\/div><!--end post-image-->\n\t\t\n\t\t\t<div class=\"post-header\">\n\n\t\t\t\t\t\t\t\t\t<h3 class=\"post-title entry-title\"><a href=\"https:\/\/www.goierrieskola.eus\/es\/utilizando-la-fabricacion-aditiva-en-las-bicicletas-de-montana\/\">Utilizando la fabricaci\u00f3n aditiva en las bicicletas de monta\u00f1a<\/a>\n\t\t\t\t\t<\/h3>\n\t\t\t\t\n\t\t\t\t<span class=\"post-meta\">\n                    <small><a href=\"https:\/\/www.goierrieskola.eus\/es\/utilizando-la-fabricacion-aditiva-en-las-bicicletas-de-montana\/\" rel=\"bookmark\" class=\"post-time\"><time class=\"entry-date\" datetime=\"2022-04-22T17:09:24+00:00\">22 abril, 2022<\/time><time class=\"modify-date hide hidden updated\" datetime=\"2022-07-26T11:26:09+00:00\">26 julio, 2022<\/time><\/a><\/small>, <small class=\"meta-category\"><a href=\"https:\/\/www.goierrieskola.eus\/es\/category\/ingenieria-2\/\" rel=\"category tag\">Ingenier\u00eda<\/a><\/small>, <small class=\"meta-comment-count\"><a href=\"https:\/\/www.goierrieskola.eus\/es\/utilizando-la-fabricacion-aditiva-en-las-bicicletas-de-montana\/#comments\">0 <i class=\"icon-chat-1 hover-tip\" data-original-title=\"Esta publicaci\u00f3n tiene 0 comentarios\" data-toggle=\"tooltip\" data-placement=\"top\"><\/i><\/a><\/small>                <\/span>\n\n\t\t\t<\/div><!--end post-header-->\n\n\t\t\t\n\t\t\t\t\t\t\t\t\t<div class=\"post-info\">\n\n\t\t\t\t\t\t<div class=\"entry-summary\">\n\t\t\t\t\t\t\t<p> Alumnos del m\u00e1ster en Fabricaci\u00f3n Aditiva Industrial, organizado por Goierri Eskola, Mondragon Unibertsitatea y Lortek, han desarrollado bielas...<\/p>\t\t\t\t\t\t<\/div><!-- .entry-summary -->\n\n\t\t\t\t\t<\/div><!--end post-info-->\n\t\t\t\t\n\t\t\t\n\t\t\n\t\t<div class=\"post-footer\">\n\t\t\t<small>\n\t\t\t\t<a href=\"#\" class=\"item-likes\" id=\"item-likes-14939\" title=\"Like this\"><span class=\"item-likes-count\">2<\/span> <span class=\"item-likes-postfix\">likes<\/span><\/a>\n\t\t\t\t\t\t\t\t\t<a href=\"https:\/\/www.goierrieskola.eus\/es\/utilizando-la-fabricacion-aditiva-en-las-bicicletas-de-montana\/\"><span class=\"muted pull-right\">\n\t\t\t\t\t\tLeer m\u00e1s<\/span>\n\t\t\t\t\t<\/a>\n\t\t\t\t\n\t\t\t<\/small>\n\t\t<\/div><!--end post-footer-->\n\n\t<\/div><!--end post-content-->\n<\/article>\n\n\n<article id=\"post-14833\" class=\"post-item post-14833 post type-post status-publish format-aside has-post-thumbnail hentry category-general post_format-post-format-aside\">\n\t<div class=\"post-content animated animate-when-almost-visible el-appear\">\n\n\t\t<div class=\"post-image\"><a href=\"https:\/\/www.goierrieskola.eus\/es\/acuerdo-de-reforma-del-camino-peatonal-a-goierri-eskola\/\" class=\"element-wrap\"><img decoding=\"async\" data-src=\"https:\/\/www.goierrieskola.eus\/wp-content\/uploads\/2022\/03\/Kanpoan-1-480x320.jpg\" alt=\"Acuerdo de reforma del camino peatonal a Goierri Eskola\" src=\"data:image\/svg+xml;base64,PHN2ZyB3aWR0aD0iMSIgaGVpZ2h0PSIxIiB4bWxucz0iaHR0cDovL3d3dy53My5vcmcvMjAwMC9zdmciPjwvc3ZnPg==\" class=\"lazyload\" style=\"--smush-placeholder-width: 480px; --smush-placeholder-aspect-ratio: 480\/320;\"><span class=\"hover-element\"><i>+<\/i><\/span><\/a><\/div><!--end post-image-->\n\t\t\n\t\t\t<div class=\"post-header\">\n\n\t\t\t\t\t\t\t\t\t<h3 class=\"post-title entry-title\"><a href=\"https:\/\/www.goierrieskola.eus\/es\/acuerdo-de-reforma-del-camino-peatonal-a-goierri-eskola\/\">Acuerdo de reforma del camino peatonal a Goierri Eskola<\/a>\n\t\t\t\t\t<\/h3>\n\t\t\t\t\n\t\t\t\t<span class=\"post-meta\">\n                    <small><a href=\"https:\/\/www.goierrieskola.eus\/es\/acuerdo-de-reforma-del-camino-peatonal-a-goierri-eskola\/\" rel=\"bookmark\" class=\"post-time\"><time class=\"entry-date\" datetime=\"2022-03-25T10:50:14+00:00\">25 marzo, 2022<\/time><time class=\"modify-date hide hidden updated\" datetime=\"2022-07-26T11:28:21+00:00\">26 julio, 2022<\/time><\/a><\/small>, <small class=\"meta-category\"><a href=\"https:\/\/www.goierrieskola.eus\/es\/category\/general\/\" rel=\"category tag\">General<\/a><\/small>, <small class=\"meta-comment-count\"><a href=\"https:\/\/www.goierrieskola.eus\/es\/acuerdo-de-reforma-del-camino-peatonal-a-goierri-eskola\/#comments\">0 <i class=\"icon-chat-1 hover-tip\" data-original-title=\"Esta publicaci\u00f3n tiene 0 comentarios\" data-toggle=\"tooltip\" data-placement=\"top\"><\/i><\/a><\/small>                <\/span>\n\n\t\t\t<\/div><!--end post-header-->\n\n\t\t\t\n\t\t\t\t\n\t\t\t\n\t\t\n\t\t<div class=\"post-footer\">\n\t\t\t<small>\n\t\t\t\t<a href=\"#\" class=\"item-likes\" id=\"item-likes-14808\" title=\"Like this\"><span class=\"item-likes-count\">2<\/span> <span class=\"item-likes-postfix\">likes<\/span><\/a>\n\t\t\t\t\t\t\t\t\t<a href=\"https:\/\/www.goierrieskola.eus\/es\/acuerdo-de-reforma-del-camino-peatonal-a-goierri-eskola\/\"><span class=\"muted pull-right\">\n\t\t\t\t\t\tLeer m\u00e1s<\/span>\n\t\t\t\t\t<\/a>\n\t\t\t\t\n\t\t\t<\/small>\n\t\t<\/div><!--end post-footer-->\n\n\t<\/div><!--end post-content-->\n<\/article>\n\n\n<article id=\"post-14751\" class=\"post-item post-14751 post type-post status-publish format-aside has-post-thumbnail hentry category-gure_enbaxadoreak-es post_format-post-format-aside\">\n\t<div class=\"post-content animated animate-when-almost-visible el-appear\">\n\n\t\t<div class=\"post-image\"><a href=\"https:\/\/www.goierrieskola.eus\/es\/gure-enbaxadoreak-andoni-olano\/\" class=\"element-wrap\"><img decoding=\"async\" data-src=\"https:\/\/www.goierrieskola.eus\/wp-content\/uploads\/2022\/03\/220309-Miniatura-Youtube-AndoniOlano-480x270.png\" alt=\"Gure Enbaxadoreak: Andoni Olano\" src=\"data:image\/svg+xml;base64,PHN2ZyB3aWR0aD0iMSIgaGVpZ2h0PSIxIiB4bWxucz0iaHR0cDovL3d3dy53My5vcmcvMjAwMC9zdmciPjwvc3ZnPg==\" class=\"lazyload\" style=\"--smush-placeholder-width: 480px; --smush-placeholder-aspect-ratio: 480\/270;\"><span class=\"hover-element\"><i>+<\/i><\/span><\/a><\/div><!--end post-image-->\n\t\t\n\t\t\t<div class=\"post-header\">\n\n\t\t\t\t\t\t\t\t\t<h3 class=\"post-title entry-title\"><a href=\"https:\/\/www.goierrieskola.eus\/es\/gure-enbaxadoreak-andoni-olano\/\">Gure Enbaxadoreak: Andoni Olano<\/a>\n\t\t\t\t\t<\/h3>\n\t\t\t\t\n\t\t\t\t<span class=\"post-meta\">\n                    <small><a href=\"https:\/\/www.goierrieskola.eus\/es\/gure-enbaxadoreak-andoni-olano\/\" rel=\"bookmark\" class=\"post-time\"><time class=\"entry-date\" datetime=\"2022-03-21T14:22:21+00:00\">21 marzo, 2022<\/time><time class=\"modify-date hide hidden updated\" datetime=\"2022-03-21T14:58:11+00:00\">21 marzo, 2022<\/time><\/a><\/small>, <small class=\"meta-category\"><a href=\"https:\/\/www.goierrieskola.eus\/es\/category\/gure_enbaxadoreak-es\/\" rel=\"category tag\">Gure Enbaxadoreak<\/a><\/small>, <small class=\"meta-comment-count\"><a href=\"https:\/\/www.goierrieskola.eus\/es\/gure-enbaxadoreak-andoni-olano\/#comments\">0 <i class=\"icon-chat-1 hover-tip\" data-original-title=\"Esta publicaci\u00f3n tiene 0 comentarios\" data-toggle=\"tooltip\" data-placement=\"top\"><\/i><\/a><\/small>                <\/span>\n\n\t\t\t<\/div><!--end post-header-->\n\n\t\t\t\n\t\t\t\t\t\t\t\t\t<div class=\"post-info\">\n\n\t\t\t\t\t\t<div class=\"entry-summary\">\n\t\t\t\t\t\t\t<p>Andoni Olano (Altzaga), inici\u00f3 su andadura en Goierri Eskola estudiando bachilleraton. A continuaci\u00f3n, realiz\u00f3 sus estudios de Ingenier\u00eda Mec\u00e1nica...<\/p>\t\t\t\t\t\t<\/div><!-- .entry-summary -->\n\n\t\t\t\t\t<\/div><!--end post-info-->\n\t\t\t\t\n\t\t\t\n\t\t\n\t\t<div class=\"post-footer\">\n\t\t\t<small>\n\t\t\t\t<a href=\"#\" class=\"item-likes\" id=\"item-likes-14783\" title=\"Like this\"><span class=\"item-likes-count\">3<\/span> <span class=\"item-likes-postfix\">likes<\/span><\/a>\n\t\t\t\t\t\t\t\t\t<a href=\"https:\/\/www.goierrieskola.eus\/es\/gure-enbaxadoreak-andoni-olano\/\"><span class=\"muted pull-right\">\n\t\t\t\t\t\tLeer m\u00e1s<\/span>\n\t\t\t\t\t<\/a>\n\t\t\t\t\n\t\t\t<\/small>\n\t\t<\/div><!--end post-footer-->\n\n\t<\/div><!--end post-content-->\n<\/article>\n\n\n<article id=\"post-14736\" class=\"post-item post-14736 post type-post status-publish format-aside has-post-thumbnail hentry category-gizartera-es category-sociedad post_format-post-format-aside\">\n\t<div class=\"post-content animated animate-when-almost-visible el-appear\">\n\n\t\t<div class=\"post-image\"><a href=\"https:\/\/www.goierrieskola.eus\/es\/finalizada-la-maketa-3d-del-puente-de-ormaiztegi\/\" class=\"element-wrap\"><img decoding=\"async\" data-src=\"https:\/\/www.goierrieskola.eus\/wp-content\/uploads\/2022\/03\/Ormaiztegiko-tren-zubia_02-480x356.jpg\" alt=\"Finalizada la maketa 3D del puente de Ormaiztegi\" src=\"data:image\/svg+xml;base64,PHN2ZyB3aWR0aD0iMSIgaGVpZ2h0PSIxIiB4bWxucz0iaHR0cDovL3d3dy53My5vcmcvMjAwMC9zdmciPjwvc3ZnPg==\" class=\"lazyload\" style=\"--smush-placeholder-width: 480px; --smush-placeholder-aspect-ratio: 480\/356;\"><span class=\"hover-element\"><i>+<\/i><\/span><\/a><\/div><!--end post-image-->\n\t\t\n\t\t\t<div class=\"post-header\">\n\n\t\t\t\t\t\t\t\t\t<h3 class=\"post-title entry-title\"><a href=\"https:\/\/www.goierrieskola.eus\/es\/finalizada-la-maketa-3d-del-puente-de-ormaiztegi\/\">Finalizada la maketa 3D del puente de Ormaiztegi<\/a>\n\t\t\t\t\t<\/h3>\n\t\t\t\t\n\t\t\t\t<span class=\"post-meta\">\n                    <small><a href=\"https:\/\/www.goierrieskola.eus\/es\/finalizada-la-maketa-3d-del-puente-de-ormaiztegi\/\" rel=\"bookmark\" class=\"post-time\"><time class=\"entry-date\" datetime=\"2022-03-18T10:41:22+00:00\">18 marzo, 2022<\/time><time class=\"modify-date hide hidden updated\" datetime=\"2024-03-22T14:03:08+00:00\">22 marzo, 2024<\/time><\/a><\/small>, <small class=\"meta-category\"><a href=\"https:\/\/www.goierrieskola.eus\/es\/category\/gizartera-es\/\" rel=\"category tag\">Gizartera<\/a>, <a href=\"https:\/\/www.goierrieskola.eus\/es\/category\/sociedad\/\" rel=\"category tag\">Sociedad<\/a><\/small>, <small class=\"meta-comment-count\"><a href=\"https:\/\/www.goierrieskola.eus\/es\/finalizada-la-maketa-3d-del-puente-de-ormaiztegi\/#comments\">0 <i class=\"icon-chat-1 hover-tip\" data-original-title=\"Esta publicaci\u00f3n tiene 0 comentarios\" data-toggle=\"tooltip\" data-placement=\"top\"><\/i><\/a><\/small>                <\/span>\n\n\t\t\t<\/div><!--end post-header-->\n\n\t\t\t\n\t\t\t\t\t\t\t\t\t<div class=\"post-info\">\n\n\t\t\t\t\t\t<div class=\"entry-summary\">\n\t\t\t\t\t\t\t<p> Las y los alumnos de Goierri Eskola han finalizado la maqueta 3D del puente ferroviario de Ormaiztegi. La...<\/p>\t\t\t\t\t\t<\/div><!-- .entry-summary -->\n\n\t\t\t\t\t<\/div><!--end post-info-->\n\t\t\t\t\n\t\t\t\n\t\t\n\t\t<div class=\"post-footer\">\n\t\t\t<small>\n\t\t\t\t<a href=\"#\" class=\"item-likes\" id=\"item-likes-14697\" title=\"Like this\"><span class=\"item-likes-count\">0<\/span> <span class=\"item-likes-postfix\">likes<\/span><\/a>\n\t\t\t\t\t\t\t\t\t<a href=\"https:\/\/www.goierrieskola.eus\/es\/finalizada-la-maketa-3d-del-puente-de-ormaiztegi\/\"><span class=\"muted pull-right\">\n\t\t\t\t\t\tLeer m\u00e1s<\/span>\n\t\t\t\t\t<\/a>\n\t\t\t\t\n\t\t\t<\/small>\n\t\t<\/div><!--end post-footer-->\n\n\t<\/div><!--end post-content-->\n<\/article>\n\n\n<article id=\"post-14553\" class=\"post-item post-14553 post type-post status-publish format-aside has-post-thumbnail hentry category-evento post_format-post-format-aside\">\n\t<div class=\"post-content animated animate-when-almost-visible el-appear\">\n\n\t\t<div class=\"post-image\"><a href=\"https:\/\/www.goierrieskola.eus\/es\/goierri-ndt-lab-ensayos-no-destructivos\/\" class=\"element-wrap\"><img decoding=\"async\" data-src=\"https:\/\/www.goierrieskola.eus\/wp-content\/uploads\/2022\/03\/NDT-lab-goierri-480x349.jpg\" alt=\"Goierri NDT Lab Ensayos No Destructivos\" src=\"data:image\/svg+xml;base64,PHN2ZyB3aWR0aD0iMSIgaGVpZ2h0PSIxIiB4bWxucz0iaHR0cDovL3d3dy53My5vcmcvMjAwMC9zdmciPjwvc3ZnPg==\" class=\"lazyload\" style=\"--smush-placeholder-width: 480px; --smush-placeholder-aspect-ratio: 480\/349;\"><span class=\"hover-element\"><i>+<\/i><\/span><\/a><\/div><!--end post-image-->\n\t\t\n\t\t\t<div class=\"post-header\">\n\n\t\t\t\t\t\t\t\t\t<h3 class=\"post-title entry-title\"><a href=\"https:\/\/www.goierrieskola.eus\/es\/goierri-ndt-lab-ensayos-no-destructivos\/\">Goierri NDT Lab Ensayos No Destructivos<\/a>\n\t\t\t\t\t<\/h3>\n\t\t\t\t\n\t\t\t\t<span class=\"post-meta\">\n                    <small><a href=\"https:\/\/www.goierrieskola.eus\/es\/goierri-ndt-lab-ensayos-no-destructivos\/\" rel=\"bookmark\" class=\"post-time\"><time class=\"entry-date\" datetime=\"2022-03-01T14:58:20+00:00\">1 marzo, 2022<\/time><time class=\"modify-date hide hidden updated\" datetime=\"2022-07-26T11:34:51+00:00\">26 julio, 2022<\/time><\/a><\/small>, <small class=\"meta-category\"><a href=\"https:\/\/www.goierrieskola.eus\/es\/category\/evento\/\" rel=\"category tag\">Evento-Jornada<\/a><\/small>, <small class=\"meta-comment-count\"><a href=\"https:\/\/www.goierrieskola.eus\/es\/goierri-ndt-lab-ensayos-no-destructivos\/#comments\">0 <i class=\"icon-chat-1 hover-tip\" data-original-title=\"Esta publicaci\u00f3n tiene 0 comentarios\" data-toggle=\"tooltip\" data-placement=\"top\"><\/i><\/a><\/small>                <\/span>\n\n\t\t\t<\/div><!--end post-header-->\n\n\t\t\t\n\t\t\t\t\t\t\t\t\t<div class=\"post-info\">\n\n\t\t\t\t\t\t<div class=\"entry-summary\">\n\t\t\t\t\t\t\t<p>Goierri Eskola ha puesto en marcha el <\/p>\t\t\t\t\t\t<\/div><!-- .entry-summary -->\n\n\t\t\t\t\t<\/div><!--end post-info-->\n\t\t\t\t\n\t\t\t\n\t\t\n\t\t<div class=\"post-footer\">\n\t\t\t<small>\n\t\t\t\t<a href=\"#\" class=\"item-likes\" id=\"item-likes-14582\" title=\"Like this\"><span class=\"item-likes-count\">0<\/span> <span class=\"item-likes-postfix\">likes<\/span><\/a>\n\t\t\t\t\t\t\t\t\t<a href=\"https:\/\/www.goierrieskola.eus\/es\/goierri-ndt-lab-ensayos-no-destructivos\/\"><span class=\"muted pull-right\">\n\t\t\t\t\t\tLeer m\u00e1s<\/span>\n\t\t\t\t\t<\/a>\n\t\t\t\t\n\t\t\t<\/small>\n\t\t<\/div><!--end post-footer-->\n\n\t<\/div><!--end post-content-->\n<\/article>\n\n\n<article id=\"post-14522\" class=\"post-item post-14522 post type-post status-publish format-aside has-post-thumbnail hentry category-gizartera-es category-ingenieria-2 category-sociedad post_format-post-format-aside\">\n\t<div class=\"post-content animated animate-when-almost-visible el-appear\">\n\n\t\t<div class=\"post-image\"><a href=\"https:\/\/www.goierrieskola.eus\/es\/ejercicio-fisico-realizado-con-bandas-elasticas\/\" class=\"element-wrap\"><img decoding=\"async\" data-src=\"https:\/\/www.goierrieskola.eus\/wp-content\/uploads\/2022\/03\/Banda-Elastikoak_10-480x319.jpg\" alt=\"Ejercicio f\u00edsico realizado con bandas el\u00e1sticas\" src=\"data:image\/svg+xml;base64,PHN2ZyB3aWR0aD0iMSIgaGVpZ2h0PSIxIiB4bWxucz0iaHR0cDovL3d3dy53My5vcmcvMjAwMC9zdmciPjwvc3ZnPg==\" class=\"lazyload\" style=\"--smush-placeholder-width: 480px; --smush-placeholder-aspect-ratio: 480\/319;\"><span class=\"hover-element\"><i>+<\/i><\/span><\/a><\/div><!--end post-image-->\n\t\t\n\t\t\t<div class=\"post-header\">\n\n\t\t\t\t\t\t\t\t\t<h3 class=\"post-title entry-title\"><a href=\"https:\/\/www.goierrieskola.eus\/es\/ejercicio-fisico-realizado-con-bandas-elasticas\/\">Ejercicio f\u00edsico realizado con bandas el\u00e1sticas<\/a>\n\t\t\t\t\t<\/h3>\n\t\t\t\t\n\t\t\t\t<span class=\"post-meta\">\n                    <small><a href=\"https:\/\/www.goierrieskola.eus\/es\/ejercicio-fisico-realizado-con-bandas-elasticas\/\" rel=\"bookmark\" class=\"post-time\"><time class=\"entry-date\" datetime=\"2022-02-02T13:56:42+00:00\">2 febrero, 2022<\/time><time class=\"modify-date hide hidden updated\" datetime=\"2022-03-01T14:22:57+00:00\">1 marzo, 2022<\/time><\/a><\/small>, <small class=\"meta-category\"><a href=\"https:\/\/www.goierrieskola.eus\/es\/category\/gizartera-es\/\" rel=\"category tag\">Gizartera<\/a>, <a href=\"https:\/\/www.goierrieskola.eus\/es\/category\/ingenieria-2\/\" rel=\"category tag\">Ingenier\u00eda<\/a>, <a href=\"https:\/\/www.goierrieskola.eus\/es\/category\/sociedad\/\" rel=\"category tag\">Sociedad<\/a><\/small>, <small class=\"meta-comment-count\"><a href=\"https:\/\/www.goierrieskola.eus\/es\/ejercicio-fisico-realizado-con-bandas-elasticas\/#comments\">0 <i class=\"icon-chat-1 hover-tip\" data-original-title=\"Esta publicaci\u00f3n tiene 0 comentarios\" data-toggle=\"tooltip\" data-placement=\"top\"><\/i><\/a><\/small>                <\/span>\n\n\t\t\t<\/div><!--end post-header-->\n\n\t\t\t\n\t\t\t\t\t\t\t\t\t<div class=\"post-info\">\n\n\t\t\t\t\t\t<div class=\"entry-summary\">\n\t\t\t\t\t\t\t<p>La <\/p>\t\t\t\t\t\t<\/div><!-- .entry-summary -->\n\n\t\t\t\t\t<\/div><!--end post-info-->\n\t\t\t\t\n\t\t\t\n\t\t\n\t\t<div class=\"post-footer\">\n\t\t\t<small>\n\t\t\t\t<a href=\"#\" class=\"item-likes\" id=\"item-likes-14502\" title=\"Like this\"><span class=\"item-likes-count\">0<\/span> <span class=\"item-likes-postfix\">likes<\/span><\/a>\n\t\t\t\t\t\t\t\t\t<a href=\"https:\/\/www.goierrieskola.eus\/es\/ejercicio-fisico-realizado-con-bandas-elasticas\/\"><span class=\"muted pull-right\">\n\t\t\t\t\t\tLeer m\u00e1s<\/span>\n\t\t\t\t\t<\/a>\n\t\t\t\t\n\t\t\t<\/small>\n\t\t<\/div><!--end post-footer-->\n\n\t<\/div><!--end post-content-->\n<\/article>\n\n\n<article id=\"post-14526\" class=\"post-item post-14526 post type-post status-publish format-aside has-post-thumbnail hentry category-ikaslan-2 post_format-post-format-aside\">\n\t<div class=\"post-content animated animate-when-almost-visible el-appear\">\n\n\t\t<div class=\"post-image\"><a href=\"https:\/\/www.goierrieskola.eus\/es\/alumnos-de-formacion-profesional-en-formato-dual-innovando-en-las-empresas\/\" class=\"element-wrap\"><img decoding=\"async\" data-src=\"https:\/\/www.goierrieskola.eus\/wp-content\/uploads\/2022\/03\/220125-Hetel-Dual-Ikaslan-480x480.png\" alt=\"Alumnos de formaci\u00f3n profesional en formato DUAL innovando en las empresas\" src=\"data:image\/svg+xml;base64,PHN2ZyB3aWR0aD0iMSIgaGVpZ2h0PSIxIiB4bWxucz0iaHR0cDovL3d3dy53My5vcmcvMjAwMC9zdmciPjwvc3ZnPg==\" class=\"lazyload\" style=\"--smush-placeholder-width: 480px; --smush-placeholder-aspect-ratio: 480\/480;\"><span class=\"hover-element\"><i>+<\/i><\/span><\/a><\/div><!--end post-image-->\n\t\t\n\t\t\t<div class=\"post-header\">\n\n\t\t\t\t\t\t\t\t\t<h3 class=\"post-title entry-title\"><a href=\"https:\/\/www.goierrieskola.eus\/es\/alumnos-de-formacion-profesional-en-formato-dual-innovando-en-las-empresas\/\">Alumnos de formaci\u00f3n profesional en formato DUAL innovando en las empresas<\/a>\n\t\t\t\t\t<\/h3>\n\t\t\t\t\n\t\t\t\t<span class=\"post-meta\">\n                    <small><a href=\"https:\/\/www.goierrieskola.eus\/es\/alumnos-de-formacion-profesional-en-formato-dual-innovando-en-las-empresas\/\" rel=\"bookmark\" class=\"post-time\"><time class=\"entry-date\" datetime=\"2022-01-26T14:10:35+00:00\">26 enero, 2022<\/time><time class=\"modify-date hide hidden updated\" datetime=\"2022-03-01T14:22:42+00:00\">1 marzo, 2022<\/time><\/a><\/small>, <small class=\"meta-category\"><a href=\"https:\/\/www.goierrieskola.eus\/es\/category\/ikaslan-2\/\" rel=\"category tag\">Ikaslan<\/a><\/small>, <small class=\"meta-comment-count\"><a href=\"https:\/\/www.goierrieskola.eus\/es\/alumnos-de-formacion-profesional-en-formato-dual-innovando-en-las-empresas\/#comments\">0 <i class=\"icon-chat-1 hover-tip\" data-original-title=\"Esta publicaci\u00f3n tiene 0 comentarios\" data-toggle=\"tooltip\" data-placement=\"top\"><\/i><\/a><\/small>                <\/span>\n\n\t\t\t<\/div><!--end post-header-->\n\n\t\t\t\n\t\t\t\t\t\t\t\t\t<div class=\"post-info\">\n\n\t\t\t\t\t\t<div class=\"entry-summary\">\n\t\t\t\t\t\t\t<p> Los alumnos de Goierri Eskola que estudian\u00a0formaci\u00f3n profesional,\u00a0tiene la opci\u00f3n de hacerlo en la modalidad DUAL. De este...<\/p>\t\t\t\t\t\t<\/div><!-- .entry-summary -->\n\n\t\t\t\t\t<\/div><!--end post-info-->\n\t\t\t\t\n\t\t\t\n\t\t\n\t\t<div class=\"post-footer\">\n\t\t\t<small>\n\t\t\t\t<a href=\"#\" class=\"item-likes\" id=\"item-likes-14538\" title=\"Like this\"><span class=\"item-likes-count\">0<\/span> <span class=\"item-likes-postfix\">likes<\/span><\/a>\n\t\t\t\t\t\t\t\t\t<a href=\"https:\/\/www.goierrieskola.eus\/es\/alumnos-de-formacion-profesional-en-formato-dual-innovando-en-las-empresas\/\"><span class=\"muted pull-right\">\n\t\t\t\t\t\tLeer m\u00e1s<\/span>\n\t\t\t\t\t<\/a>\n\t\t\t\t\n\t\t\t<\/small>\n\t\t<\/div><!--end post-footer-->\n\n\t<\/div><!--end post-content-->\n<\/article>\n\n\n<article id=\"post-14546\" class=\"post-item post-14546 post type-post status-publish format-aside has-post-thumbnail hentry category-cursos category-ikastaroak-es post_format-post-format-aside\">\n\t<div class=\"post-content animated animate-when-almost-visible el-appear\">\n\n\t\t<div class=\"post-image\"><a href=\"https:\/\/www.goierrieskola.eus\/es\/curso-avanzado-en-gestion-industrial-2\/\" class=\"element-wrap\"><img decoding=\"async\" data-src=\"https:\/\/www.goierrieskola.eus\/wp-content\/uploads\/2022\/03\/220111-CAGI-480x402.png\" alt=\"Curso Avanzado en Gesti\u00f3n Industrial\" src=\"data:image\/svg+xml;base64,PHN2ZyB3aWR0aD0iMSIgaGVpZ2h0PSIxIiB4bWxucz0iaHR0cDovL3d3dy53My5vcmcvMjAwMC9zdmciPjwvc3ZnPg==\" class=\"lazyload\" style=\"--smush-placeholder-width: 480px; --smush-placeholder-aspect-ratio: 480\/402;\"><span class=\"hover-element\"><i>+<\/i><\/span><\/a><\/div><!--end post-image-->\n\t\t\n\t\t\t<div class=\"post-header\">\n\n\t\t\t\t\t\t\t\t\t<h3 class=\"post-title entry-title\"><a href=\"https:\/\/www.goierrieskola.eus\/es\/curso-avanzado-en-gestion-industrial-2\/\">Curso Avanzado en Gesti\u00f3n Industrial<\/a>\n\t\t\t\t\t<\/h3>\n\t\t\t\t\n\t\t\t\t<span class=\"post-meta\">\n                    <small><a href=\"https:\/\/www.goierrieskola.eus\/es\/curso-avanzado-en-gestion-industrial-2\/\" rel=\"bookmark\" class=\"post-time\"><time class=\"entry-date\" datetime=\"2022-01-11T14:18:41+00:00\">11 enero, 2022<\/time><time class=\"modify-date hide hidden updated\" datetime=\"2024-10-03T14:09:52+00:00\">3 octubre, 2024<\/time><\/a><\/small>, <small class=\"meta-category\"><a href=\"https:\/\/www.goierrieskola.eus\/es\/category\/cursos\/\" rel=\"category tag\">Cursos<\/a>, <a href=\"https:\/\/www.goierrieskola.eus\/es\/category\/ikastaroak-es\/\" rel=\"category tag\">Ikastaroak<\/a><\/small>, <small class=\"meta-comment-count\"><a href=\"https:\/\/www.goierrieskola.eus\/es\/curso-avanzado-en-gestion-industrial-2\/#comments\">0 <i class=\"icon-chat-1 hover-tip\" data-original-title=\"Esta publicaci\u00f3n tiene 0 comentarios\" data-toggle=\"tooltip\" data-placement=\"top\"><\/i><\/a><\/small>                <\/span>\n\n\t\t\t<\/div><!--end post-header-->\n\n\t\t\t\n\t\t\t\t\t\t\t\t\t<div class=\"post-info\">\n\n\t\t\t\t\t\t<div class=\"entry-summary\">\n\t\t\t\t\t\t\t<p> Este curso, organizado por Goierri Eskola y\u00a0Mondragon Unibertsitatea,\u00a0se celebrar\u00e1 una nueva edici\u00f3n del\u00a0Curso Avanzado en Gesti\u00f3n Industrial. Para...<\/p>\t\t\t\t\t\t<\/div><!-- .entry-summary -->\n\n\t\t\t\t\t<\/div><!--end post-info-->\n\t\t\t\t\n\t\t\t\n\t\t\n\t\t<div class=\"post-footer\">\n\t\t\t<small>\n\t\t\t\t<a href=\"#\" class=\"item-likes\" id=\"item-likes-14541\" title=\"Like this\"><span class=\"item-likes-count\">0<\/span> <span class=\"item-likes-postfix\">likes<\/span><\/a>\n\t\t\t\t\t\t\t\t\t<a href=\"https:\/\/www.goierrieskola.eus\/es\/curso-avanzado-en-gestion-industrial-2\/\"><span class=\"muted pull-right\">\n\t\t\t\t\t\tLeer m\u00e1s<\/span>\n\t\t\t\t\t<\/a>\n\t\t\t\t\n\t\t\t<\/small>\n\t\t<\/div><!--end post-footer-->\n\n\t<\/div><!--end post-content-->\n<\/article>\n\n\n<article id=\"post-11909\" class=\"post-item post-11909 post type-post status-publish format-aside has-post-thumbnail hentry category-gizartera category-sociedad post_format-post-format-aside\">\n\t<div class=\"post-content animated animate-when-almost-visible el-appear\">\n\n\t\t<div class=\"post-image\"><a href=\"https:\/\/www.goierrieskola.eus\/es\/maketa-3d-del-puente-de-ormaiztegi\/\" class=\"element-wrap\"><img decoding=\"async\" data-src=\"https:\/\/www.goierrieskola.eus\/wp-content\/uploads\/2021\/11\/Zumalakarregi-Goierri-Eskola_02-480x270.jpg\" alt=\"Maketa 3D del puente de Ormaiztegi\" src=\"data:image\/svg+xml;base64,PHN2ZyB3aWR0aD0iMSIgaGVpZ2h0PSIxIiB4bWxucz0iaHR0cDovL3d3dy53My5vcmcvMjAwMC9zdmciPjwvc3ZnPg==\" class=\"lazyload\" style=\"--smush-placeholder-width: 480px; --smush-placeholder-aspect-ratio: 480\/270;\"><span class=\"hover-element\"><i>+<\/i><\/span><\/a><\/div><!--end post-image-->\n\t\t\n\t\t\t<div class=\"post-header\">\n\n\t\t\t\t\t\t\t\t\t<h3 class=\"post-title entry-title\"><a href=\"https:\/\/www.goierrieskola.eus\/es\/maketa-3d-del-puente-de-ormaiztegi\/\">Maketa 3D del puente de Ormaiztegi<\/a>\n\t\t\t\t\t<\/h3>\n\t\t\t\t\n\t\t\t\t<span class=\"post-meta\">\n                    <small><a href=\"https:\/\/www.goierrieskola.eus\/es\/maketa-3d-del-puente-de-ormaiztegi\/\" rel=\"bookmark\" class=\"post-time\"><time class=\"entry-date\" datetime=\"2021-11-19T09:51:33+00:00\">19 noviembre, 2021<\/time><time class=\"modify-date hide hidden updated\" datetime=\"2024-03-22T14:04:12+00:00\">22 marzo, 2024<\/time><\/a><\/small>, <small class=\"meta-category\"><a href=\"https:\/\/www.goierrieskola.eus\/category\/gizartera\/\" rel=\"category tag\">Gizartera<\/a>, <a href=\"https:\/\/www.goierrieskola.eus\/es\/category\/sociedad\/\" rel=\"category tag\">Sociedad<\/a><\/small>, <small class=\"meta-comment-count\"><a href=\"https:\/\/www.goierrieskola.eus\/es\/maketa-3d-del-puente-de-ormaiztegi\/#comments\">0 <i class=\"icon-chat-1 hover-tip\" data-original-title=\"Esta publicaci\u00f3n tiene 0 comentarios\" data-toggle=\"tooltip\" data-placement=\"top\"><\/i><\/a><\/small>                <\/span>\n\n\t\t\t<\/div><!--end post-header-->\n\n\t\t\t\n\t\t\t\t\t\t\t\t\t<div class=\"post-info\">\n\n\t\t\t\t\t\t<div class=\"entry-summary\">\n\t\t\t\t\t\t\t<p> Goierri Eskola ha firmado un convenio de colaboraci\u00f3n con el Museo Zumalakarregi y el Ayuntamiento de Ormaiztegi para...<\/p>\t\t\t\t\t\t<\/div><!-- .entry-summary -->\n\n\t\t\t\t\t<\/div><!--end post-info-->\n\t\t\t\t\n\t\t\t\n\t\t\n\t\t<div class=\"post-footer\">\n\t\t\t<small>\n\t\t\t\t<a href=\"#\" class=\"item-likes\" id=\"item-likes-11906\" title=\"Like this\"><span class=\"item-likes-count\">0<\/span> <span class=\"item-likes-postfix\">likes<\/span><\/a>\n\t\t\t\t\t\t\t\t\t<a href=\"https:\/\/www.goierrieskola.eus\/es\/maketa-3d-del-puente-de-ormaiztegi\/\"><span class=\"muted pull-right\">\n\t\t\t\t\t\tLeer m\u00e1s<\/span>\n\t\t\t\t\t<\/a>\n\t\t\t\t\n\t\t\t<\/small>\n\t\t<\/div><!--end post-footer-->\n\n\t<\/div><!--end post-content-->\n<\/article>\n\n\n<article id=\"post-11897\" class=\"post-item post-11897 post type-post status-publish format-aside has-post-thumbnail hentry category-cursos category-ikastaroak-es post_format-post-format-aside\">\n\t<div class=\"post-content animated animate-when-almost-visible el-appear\">\n\n\t\t<div class=\"post-image\"><a href=\"https:\/\/www.goierrieskola.eus\/es\/curso-avanzado-en-gestion-industrial\/\" class=\"element-wrap\"><img decoding=\"async\" data-src=\"https:\/\/www.goierrieskola.eus\/wp-content\/uploads\/2021\/11\/banner2-480x240.png\" alt=\"Curso Avanzado en Gesti\u00f3n Industrial\" src=\"data:image\/svg+xml;base64,PHN2ZyB3aWR0aD0iMSIgaGVpZ2h0PSIxIiB4bWxucz0iaHR0cDovL3d3dy53My5vcmcvMjAwMC9zdmciPjwvc3ZnPg==\" class=\"lazyload\" style=\"--smush-placeholder-width: 480px; --smush-placeholder-aspect-ratio: 480\/240;\"><span class=\"hover-element\"><i>+<\/i><\/span><\/a><\/div><!--end post-image-->\n\t\t\n\t\t\t<div class=\"post-header\">\n\n\t\t\t\t\t\t\t\t\t<h3 class=\"post-title entry-title\"><a href=\"https:\/\/www.goierrieskola.eus\/es\/curso-avanzado-en-gestion-industrial\/\">Curso Avanzado en Gesti\u00f3n Industrial<\/a>\n\t\t\t\t\t<\/h3>\n\t\t\t\t\n\t\t\t\t<span class=\"post-meta\">\n                    <small><a href=\"https:\/\/www.goierrieskola.eus\/es\/curso-avanzado-en-gestion-industrial\/\" rel=\"bookmark\" class=\"post-time\"><time class=\"entry-date\" datetime=\"2021-11-15T15:18:47+00:00\">15 noviembre, 2021<\/time><time class=\"modify-date hide hidden updated\" datetime=\"2022-06-10T10:48:56+00:00\">10 junio, 2022<\/time><\/a><\/small>, <small class=\"meta-category\"><a href=\"https:\/\/www.goierrieskola.eus\/es\/category\/cursos\/\" rel=\"category tag\">Cursos<\/a>, <a href=\"https:\/\/www.goierrieskola.eus\/es\/category\/ikastaroak-es\/\" rel=\"category tag\">Ikastaroak<\/a><\/small>, <small class=\"meta-comment-count\"><a href=\"https:\/\/www.goierrieskola.eus\/es\/curso-avanzado-en-gestion-industrial\/#comments\">0 <i class=\"icon-chat-1 hover-tip\" data-original-title=\"Esta publicaci\u00f3n tiene 0 comentarios\" data-toggle=\"tooltip\" data-placement=\"top\"><\/i><\/a><\/small>                <\/span>\n\n\t\t\t<\/div><!--end post-header-->\n\n\t\t\t\n\t\t\t\t\t\t\t\t\t<div class=\"post-info\">\n\n\t\t\t\t\t\t<div class=\"entry-summary\">\n\t\t\t\t\t\t\t<p> Este curso, organizado por Goierri Eskola y\u00a0Mondragon Unibertsitatea,\u00a0se celebrar\u00e1 una nueva edici\u00f3n del\u00a0Curso Avanzado en Gesti\u00f3n Industrial. Para...<\/p>\t\t\t\t\t\t<\/div><!-- .entry-summary -->\n\n\t\t\t\t\t<\/div><!--end post-info-->\n\t\t\t\t\n\t\t\t\n\t\t\n\t\t<div class=\"post-footer\">\n\t\t\t<small>\n\t\t\t\t<a href=\"#\" class=\"item-likes\" id=\"item-likes-11892\" title=\"Like this\"><span class=\"item-likes-count\">0<\/span> <span class=\"item-likes-postfix\">likes<\/span><\/a>\n\t\t\t\t\t\t\t\t\t<a href=\"https:\/\/www.goierrieskola.eus\/es\/curso-avanzado-en-gestion-industrial\/\"><span class=\"muted pull-right\">\n\t\t\t\t\t\tLeer m\u00e1s<\/span>\n\t\t\t\t\t<\/a>\n\t\t\t\t\n\t\t\t<\/small>\n\t\t<\/div><!--end post-footer-->\n\n\t<\/div><!--end post-content-->\n<\/article>\n\n\n<article id=\"post-11885\" class=\"post-item post-11885 post type-post status-publish format-aside has-post-thumbnail hentry category-proiektuak-es category-proyectos post_format-post-format-aside\">\n\t<div class=\"post-content animated animate-when-almost-visible el-appear\">\n\n\t\t<div class=\"post-image\"><a href=\"https:\/\/www.goierrieskola.eus\/es\/proyecto-digital-welding-education-in-europe\/\" class=\"element-wrap\"><img decoding=\"async\" data-src=\"https:\/\/www.goierrieskola.eus\/wp-content\/uploads\/2021\/11\/DWEE-bisita_01-1-480x319.jpg\" alt=\"Proyecto Digital Welding Education in Europe\" src=\"data:image\/svg+xml;base64,PHN2ZyB3aWR0aD0iMSIgaGVpZ2h0PSIxIiB4bWxucz0iaHR0cDovL3d3dy53My5vcmcvMjAwMC9zdmciPjwvc3ZnPg==\" class=\"lazyload\" style=\"--smush-placeholder-width: 480px; --smush-placeholder-aspect-ratio: 480\/319;\"><span class=\"hover-element\"><i>+<\/i><\/span><\/a><\/div><!--end post-image-->\n\t\t\n\t\t\t<div class=\"post-header\">\n\n\t\t\t\t\t\t\t\t\t<h3 class=\"post-title entry-title\"><a href=\"https:\/\/www.goierrieskola.eus\/es\/proyecto-digital-welding-education-in-europe\/\">Proyecto Digital Welding Education in Europe<\/a>\n\t\t\t\t\t<\/h3>\n\t\t\t\t\n\t\t\t\t<span class=\"post-meta\">\n                    <small><a href=\"https:\/\/www.goierrieskola.eus\/es\/proyecto-digital-welding-education-in-europe\/\" rel=\"bookmark\" class=\"post-time\"><time class=\"entry-date\" datetime=\"2021-11-10T13:55:35+00:00\">10 noviembre, 2021<\/time><time class=\"modify-date hide hidden updated\" datetime=\"2023-06-08T15:47:10+00:00\">8 junio, 2023<\/time><\/a><\/small>, <small class=\"meta-category\"><a href=\"https:\/\/www.goierrieskola.eus\/es\/category\/proiektuak-es\/\" rel=\"category tag\">Proiektuak<\/a>, <a href=\"https:\/\/www.goierrieskola.eus\/es\/category\/proyectos\/\" rel=\"category tag\">Proyectos<\/a><\/small>, <small class=\"meta-comment-count\"><a href=\"https:\/\/www.goierrieskola.eus\/es\/proyecto-digital-welding-education-in-europe\/#comments\">0 <i class=\"icon-chat-1 hover-tip\" data-original-title=\"Esta publicaci\u00f3n tiene 0 comentarios\" data-toggle=\"tooltip\" data-placement=\"top\"><\/i><\/a><\/small>                <\/span>\n\n\t\t\t<\/div><!--end post-header-->\n\n\t\t\t\n\t\t\t\t\t\t\t\t\t<div class=\"post-info\">\n\n\t\t\t\t\t\t<div class=\"entry-summary\">\n\t\t\t\t\t\t\t<p>Representantes del proyecto Digital Welding Education in Europe han visitado Goierri Eskola e Ikaslan Fundazioa. Han estado en la...<\/p>\t\t\t\t\t\t<\/div><!-- .entry-summary -->\n\n\t\t\t\t\t<\/div><!--end post-info-->\n\t\t\t\t\n\t\t\t\n\t\t\n\t\t<div class=\"post-footer\">\n\t\t\t<small>\n\t\t\t\t<a href=\"#\" class=\"item-likes\" id=\"item-likes-11873\" title=\"Like this\"><span class=\"item-likes-count\">1<\/span> <span class=\"item-likes-postfix\">like<\/span><\/a>\n\t\t\t\t\t\t\t\t\t<a href=\"https:\/\/www.goierrieskola.eus\/es\/proyecto-digital-welding-education-in-europe\/\"><span class=\"muted pull-right\">\n\t\t\t\t\t\tLeer m\u00e1s<\/span>\n\t\t\t\t\t<\/a>\n\t\t\t\t\n\t\t\t<\/small>\n\t\t<\/div><!--end post-footer-->\n\n\t<\/div><!--end post-content-->\n<\/article>\n\n\n<article id=\"post-11851\" class=\"post-item post-11851 post type-post status-publish format-aside has-post-thumbnail hentry category-proyectos post_format-post-format-aside\">\n\t<div class=\"post-content animated animate-when-almost-visible el-appear\">\n\n\t\t<div class=\"post-image\"><a href=\"https:\/\/www.goierrieskola.eus\/es\/participantes-del-flicreate-project-visitan-goierri-eskola\/\" class=\"element-wrap\"><img decoding=\"async\" data-src=\"https:\/\/www.goierrieskola.eus\/wp-content\/uploads\/2021\/10\/FilCreate_04c-480x320.jpg\" alt=\"Participantes del FliCreate Project visitan Goierri Eskola\" src=\"data:image\/svg+xml;base64,PHN2ZyB3aWR0aD0iMSIgaGVpZ2h0PSIxIiB4bWxucz0iaHR0cDovL3d3dy53My5vcmcvMjAwMC9zdmciPjwvc3ZnPg==\" class=\"lazyload\" style=\"--smush-placeholder-width: 480px; --smush-placeholder-aspect-ratio: 480\/320;\"><span class=\"hover-element\"><i>+<\/i><\/span><\/a><\/div><!--end post-image-->\n\t\t\n\t\t\t<div class=\"post-header\">\n\n\t\t\t\t\t\t\t\t\t<h3 class=\"post-title entry-title\"><a href=\"https:\/\/www.goierrieskola.eus\/es\/participantes-del-flicreate-project-visitan-goierri-eskola\/\">Participantes del FliCreate Project visitan Goierri Eskola<\/a>\n\t\t\t\t\t<\/h3>\n\t\t\t\t\n\t\t\t\t<span class=\"post-meta\">\n                    <small><a href=\"https:\/\/www.goierrieskola.eus\/es\/participantes-del-flicreate-project-visitan-goierri-eskola\/\" rel=\"bookmark\" class=\"post-time\"><time class=\"entry-date\" datetime=\"2021-10-28T15:10:31+00:00\">28 octubre, 2021<\/time><time class=\"modify-date hide hidden updated\" datetime=\"2022-02-23T15:20:48+00:00\">23 febrero, 2022<\/time><\/a><\/small>, <small class=\"meta-category\"><a href=\"https:\/\/www.goierrieskola.eus\/es\/category\/proyectos\/\" rel=\"category tag\">Proyectos<\/a><\/small>, <small class=\"meta-comment-count\"><a href=\"https:\/\/www.goierrieskola.eus\/es\/participantes-del-flicreate-project-visitan-goierri-eskola\/#comments\">0 <i class=\"icon-chat-1 hover-tip\" data-original-title=\"Esta publicaci\u00f3n tiene 0 comentarios\" data-toggle=\"tooltip\" data-placement=\"top\"><\/i><\/a><\/small>                <\/span>\n\n\t\t\t<\/div><!--end post-header-->\n\n\t\t\t\n\t\t\t\t\t\t\t\t\t<div class=\"post-info\">\n\n\t\t\t\t\t\t<div class=\"entry-summary\">\n\t\t\t\t\t\t\t<p>Participantes del FLI Create Project han visitado Goierri Eskola e Ikaslan Fundazioa. Han podido conocer el trabajo que se...<\/p>\t\t\t\t\t\t<\/div><!-- .entry-summary -->\n\n\t\t\t\t\t<\/div><!--end post-info-->\n\t\t\t\t\n\t\t\t\n\t\t\n\t\t<div class=\"post-footer\">\n\t\t\t<small>\n\t\t\t\t<a href=\"#\" class=\"item-likes\" id=\"item-likes-11838\" title=\"Like this\"><span class=\"item-likes-count\">0<\/span> <span class=\"item-likes-postfix\">likes<\/span><\/a>\n\t\t\t\t\t\t\t\t\t<a href=\"https:\/\/www.goierrieskola.eus\/es\/participantes-del-flicreate-project-visitan-goierri-eskola\/\"><span class=\"muted pull-right\">\n\t\t\t\t\t\tLeer m\u00e1s<\/span>\n\t\t\t\t\t<\/a>\n\t\t\t\t\n\t\t\t<\/small>\n\t\t<\/div><!--end post-footer-->\n\n\t<\/div><!--end post-content-->\n<\/article>\n\n\n<article id=\"post-11831\" class=\"post-item post-11831 post type-post status-publish format-aside has-post-thumbnail hentry category-ingenieria-2 post_format-post-format-aside\">\n\t<div class=\"post-content animated animate-when-almost-visible el-appear\">\n\n\t\t<div class=\"post-image\"><a href=\"https:\/\/www.goierrieskola.eus\/es\/ingenieritzako-ate-irekiak\/\" class=\"element-wrap\"><img decoding=\"async\" data-src=\"https:\/\/www.goierrieskola.eus\/wp-content\/uploads\/2021\/06\/goierricampusproiektuak1-480x349.jpg\" alt=\"Ingenieritzako Ate Irekiak\" src=\"data:image\/svg+xml;base64,PHN2ZyB3aWR0aD0iMSIgaGVpZ2h0PSIxIiB4bWxucz0iaHR0cDovL3d3dy53My5vcmcvMjAwMC9zdmciPjwvc3ZnPg==\" class=\"lazyload\" style=\"--smush-placeholder-width: 480px; --smush-placeholder-aspect-ratio: 480\/349;\"><span class=\"hover-element\"><i>+<\/i><\/span><\/a><\/div><!--end post-image-->\n\t\t\n\t\t\t<div class=\"post-header\">\n\n\t\t\t\t\t\t\t\t\t<h3 class=\"post-title entry-title\"><a href=\"https:\/\/www.goierrieskola.eus\/es\/ingenieritzako-ate-irekiak\/\">Ingenieritzako Ate Irekiak<\/a>\n\t\t\t\t\t<\/h3>\n\t\t\t\t\n\t\t\t\t<span class=\"post-meta\">\n                    <small><a href=\"https:\/\/www.goierrieskola.eus\/es\/ingenieritzako-ate-irekiak\/\" rel=\"bookmark\" class=\"post-time\"><time class=\"entry-date\" datetime=\"2021-10-26T07:36:16+00:00\">26 octubre, 2021<\/time><time class=\"modify-date hide hidden updated\" datetime=\"2022-02-23T15:21:35+00:00\">23 febrero, 2022<\/time><\/a><\/small>, <small class=\"meta-category\"><a href=\"https:\/\/www.goierrieskola.eus\/es\/category\/ingenieria-2\/\" rel=\"category tag\">Ingenier\u00eda<\/a><\/small>, <small class=\"meta-comment-count\"><a href=\"https:\/\/www.goierrieskola.eus\/es\/ingenieritzako-ate-irekiak\/#comments\">0 <i class=\"icon-chat-1 hover-tip\" data-original-title=\"Esta publicaci\u00f3n tiene 0 comentarios\" data-toggle=\"tooltip\" data-placement=\"top\"><\/i><\/a><\/small>                <\/span>\n\n\t\t\t<\/div><!--end post-header-->\n\n\t\t\t\n\t\t\t\t\t\t\t\t\t<div class=\"post-info\">\n\n\t\t\t\t\t\t<div class=\"entry-summary\">\n\t\t\t\t\t\t\t<p> \u00bfQuieres conocer el Grado de Ingenier\u00eda Mec\u00e1nica que ofertamos en Goierri Eskola? Te permitir\u00e1 obtener atribuciones para desempe\u00f1ar...<\/p>\t\t\t\t\t\t<\/div><!-- .entry-summary -->\n\n\t\t\t\t\t<\/div><!--end post-info-->\n\t\t\t\t\n\t\t\t\n\t\t\n\t\t<div class=\"post-footer\">\n\t\t\t<small>\n\t\t\t\t<a href=\"#\" class=\"item-likes\" id=\"item-likes-11827\" title=\"Like this\"><span class=\"item-likes-count\">1<\/span> <span class=\"item-likes-postfix\">like<\/span><\/a>\n\t\t\t\t\t\t\t\t\t<a href=\"https:\/\/www.goierrieskola.eus\/es\/ingenieritzako-ate-irekiak\/\"><span class=\"muted pull-right\">\n\t\t\t\t\t\tLeer m\u00e1s<\/span>\n\t\t\t\t\t<\/a>\n\t\t\t\t\n\t\t\t<\/small>\n\t\t<\/div><!--end post-footer-->\n\n\t<\/div><!--end post-content-->\n<\/article>\n\n\n<article id=\"post-11825\" class=\"post-item post-11825 post type-post status-publish format-aside has-post-thumbnail hentry category-evento post_format-post-format-aside\">\n\t<div class=\"post-content animated animate-when-almost-visible el-appear\">\n\n\t\t<div class=\"post-image\"><a href=\"https:\/\/www.goierrieskola.eus\/es\/10a-edicion-de-las-soi-jardunaldiak\/\" class=\"element-wrap\"><img decoding=\"async\" data-src=\"https:\/\/www.goierrieskola.eus\/wp-content\/uploads\/2021\/10\/SOI-jardunaldiak_3-480x270.jpg\" alt=\"10\u00aa edici\u00f3n de las SOI JARDUNALDIAK\" src=\"data:image\/svg+xml;base64,PHN2ZyB3aWR0aD0iMSIgaGVpZ2h0PSIxIiB4bWxucz0iaHR0cDovL3d3dy53My5vcmcvMjAwMC9zdmciPjwvc3ZnPg==\" class=\"lazyload\" style=\"--smush-placeholder-width: 480px; --smush-placeholder-aspect-ratio: 480\/270;\"><span class=\"hover-element\"><i>+<\/i><\/span><\/a><\/div><!--end post-image-->\n\t\t\n\t\t\t<div class=\"post-header\">\n\n\t\t\t\t\t\t\t\t\t<h3 class=\"post-title entry-title\"><a href=\"https:\/\/www.goierrieskola.eus\/es\/10a-edicion-de-las-soi-jardunaldiak\/\">10\u00aa edici\u00f3n de las SOI JARDUNALDIAK<\/a>\n\t\t\t\t\t<\/h3>\n\t\t\t\t\n\t\t\t\t<span class=\"post-meta\">\n                    <small><a href=\"https:\/\/www.goierrieskola.eus\/es\/10a-edicion-de-las-soi-jardunaldiak\/\" rel=\"bookmark\" class=\"post-time\"><time class=\"entry-date\" datetime=\"2021-10-25T16:37:49+00:00\">25 octubre, 2021<\/time><time class=\"modify-date hide hidden updated\" datetime=\"2022-03-03T14:56:21+00:00\">3 marzo, 2022<\/time><\/a><\/small>, <small class=\"meta-category\"><a href=\"https:\/\/www.goierrieskola.eus\/es\/category\/evento\/\" rel=\"category tag\">Evento-Jornada<\/a><\/small>, <small class=\"meta-comment-count\"><a href=\"https:\/\/www.goierrieskola.eus\/es\/10a-edicion-de-las-soi-jardunaldiak\/#comments\">0 <i class=\"icon-chat-1 hover-tip\" data-original-title=\"Esta publicaci\u00f3n tiene 0 comentarios\" data-toggle=\"tooltip\" data-placement=\"top\"><\/i><\/a><\/small>                <\/span>\n\n\t\t\t<\/div><!--end post-header-->\n\n\t\t\t\n\t\t\t\t\t\t\t\t\t<div class=\"post-info\">\n\n\t\t\t\t\t\t<div class=\"entry-summary\">\n\t\t\t\t\t\t\t<p> Durante estos d\u00edas se celebran, organizadas por Goierri Eskola e Ikaslan Fundazioa, las d\u00e9cimas jornadas de Seguridad, Salud...<\/p>\t\t\t\t\t\t<\/div><!-- .entry-summary -->\n\n\t\t\t\t\t<\/div><!--end post-info-->\n\t\t\t\t\n\t\t\t\n\t\t\n\t\t<div class=\"post-footer\">\n\t\t\t<small>\n\t\t\t\t<a href=\"#\" class=\"item-likes\" id=\"item-likes-11821\" title=\"Like this\"><span class=\"item-likes-count\">0<\/span> <span class=\"item-likes-postfix\">likes<\/span><\/a>\n\t\t\t\t\t\t\t\t\t<a href=\"https:\/\/www.goierrieskola.eus\/es\/10a-edicion-de-las-soi-jardunaldiak\/\"><span class=\"muted pull-right\">\n\t\t\t\t\t\tLeer m\u00e1s<\/span>\n\t\t\t\t\t<\/a>\n\t\t\t\t\n\t\t\t<\/small>\n\t\t<\/div><!--end post-footer-->\n\n\t<\/div><!--end post-content-->\n<\/article>\n\n\n<article id=\"post-11814\" class=\"post-item post-11814 post type-post status-publish format-aside has-post-thumbnail hentry category-servicios post_format-post-format-aside\">\n\t<div class=\"post-content animated animate-when-almost-visible el-appear\">\n\n\t\t<div class=\"post-image\"><a href=\"https:\/\/www.goierrieskola.eus\/es\/kafetegi-zerbitzu-berria\/\" class=\"element-wrap\"><img decoding=\"async\" data-src=\"https:\/\/www.goierrieskola.eus\/wp-content\/uploads\/2015\/06\/GOIERRI-berrikuntza-gunea-222-e1434449431892-480x243.jpg\" alt=\"Nuevo servicio de cafeter\u00eda\" src=\"data:image\/svg+xml;base64,PHN2ZyB3aWR0aD0iMSIgaGVpZ2h0PSIxIiB4bWxucz0iaHR0cDovL3d3dy53My5vcmcvMjAwMC9zdmciPjwvc3ZnPg==\" class=\"lazyload\" style=\"--smush-placeholder-width: 480px; --smush-placeholder-aspect-ratio: 480\/243;\"><span class=\"hover-element\"><i>+<\/i><\/span><\/a><\/div><!--end post-image-->\n\t\t\n\t\t\t<div class=\"post-header\">\n\n\t\t\t\t\t\t\t\t\t<h3 class=\"post-title entry-title\"><a href=\"https:\/\/www.goierrieskola.eus\/es\/kafetegi-zerbitzu-berria\/\">Nuevo servicio de cafeter\u00eda<\/a>\n\t\t\t\t\t<\/h3>\n\t\t\t\t\n\t\t\t\t<span class=\"post-meta\">\n                    <small><a href=\"https:\/\/www.goierrieskola.eus\/es\/kafetegi-zerbitzu-berria\/\" rel=\"bookmark\" class=\"post-time\"><time class=\"entry-date\" datetime=\"2021-10-06T13:15:48+00:00\">6 octubre, 2021<\/time><time class=\"modify-date hide hidden updated\" datetime=\"2022-02-23T15:23:21+00:00\">23 febrero, 2022<\/time><\/a><\/small>, <small class=\"meta-category\"><a href=\"https:\/\/www.goierrieskola.eus\/es\/category\/servicios\/\" rel=\"category tag\">Servicios<\/a><\/small>, <small class=\"meta-comment-count\"><a href=\"https:\/\/www.goierrieskola.eus\/es\/kafetegi-zerbitzu-berria\/#comments\">0 <i class=\"icon-chat-1 hover-tip\" data-original-title=\"Esta publicaci\u00f3n tiene 0 comentarios\" data-toggle=\"tooltip\" data-placement=\"top\"><\/i><\/a><\/small>                <\/span>\n\n\t\t\t<\/div><!--end post-header-->\n\n\t\t\t\n\t\t\t\t\t\t\t\t\t<div class=\"post-info\">\n\n\t\t\t\t\t\t<div class=\"entry-summary\">\n\t\t\t\t\t\t\t<p> En el curso 21\/22, Goierri Eskola dispone de un servicio renovado de la cafeter\u00eda. En ella, se podr\u00e1...<\/p>\t\t\t\t\t\t<\/div><!-- .entry-summary -->\n\n\t\t\t\t\t<\/div><!--end post-info-->\n\t\t\t\t\n\t\t\t\n\t\t\n\t\t<div class=\"post-footer\">\n\t\t\t<small>\n\t\t\t\t<a href=\"#\" class=\"item-likes\" id=\"item-likes-11805\" title=\"Like this\"><span class=\"item-likes-count\">0<\/span> <span class=\"item-likes-postfix\">likes<\/span><\/a>\n\t\t\t\t\t\t\t\t\t<a href=\"https:\/\/www.goierrieskola.eus\/es\/kafetegi-zerbitzu-berria\/\"><span class=\"muted pull-right\">\n\t\t\t\t\t\tLeer m\u00e1s<\/span>\n\t\t\t\t\t<\/a>\n\t\t\t\t\n\t\t\t<\/small>\n\t\t<\/div><!--end post-footer-->\n\n\t<\/div><!--end post-content-->\n<\/article>\n\n\n<article id=\"post-11793\" class=\"post-item post-11793 post type-post status-publish format-aside has-post-thumbnail hentry category-bachillerato post_format-post-format-aside\">\n\t<div class=\"post-content animated animate-when-almost-visible el-appear\">\n\n\t\t<div class=\"post-image\"><a href=\"https:\/\/www.goierrieskola.eus\/es\/guraso-harrera-curso-21-22\/\" class=\"element-wrap\"><img decoding=\"async\" data-src=\"https:\/\/www.goierrieskola.eus\/wp-content\/uploads\/2021\/09\/GurasoHarrera-480x480.jpg\" alt=\"GURASO HARRERA: curso 21\/22\" src=\"data:image\/svg+xml;base64,PHN2ZyB3aWR0aD0iMSIgaGVpZ2h0PSIxIiB4bWxucz0iaHR0cDovL3d3dy53My5vcmcvMjAwMC9zdmciPjwvc3ZnPg==\" class=\"lazyload\" style=\"--smush-placeholder-width: 480px; --smush-placeholder-aspect-ratio: 480\/480;\"><span class=\"hover-element\"><i>+<\/i><\/span><\/a><\/div><!--end post-image-->\n\t\t\n\t\t\t<div class=\"post-header\">\n\n\t\t\t\t\t\t\t\t\t<h3 class=\"post-title entry-title\"><a href=\"https:\/\/www.goierrieskola.eus\/es\/guraso-harrera-curso-21-22\/\">GURASO HARRERA: curso 21\/22<\/a>\n\t\t\t\t\t<\/h3>\n\t\t\t\t\n\t\t\t\t<span class=\"post-meta\">\n                    <small><a href=\"https:\/\/www.goierrieskola.eus\/es\/guraso-harrera-curso-21-22\/\" rel=\"bookmark\" class=\"post-time\"><time class=\"entry-date\" datetime=\"2021-09-24T07:49:53+00:00\">24 septiembre, 2021<\/time><time class=\"modify-date hide hidden updated\" datetime=\"2022-02-23T15:25:25+00:00\">23 febrero, 2022<\/time><\/a><\/small>, <small class=\"meta-category\"><a href=\"https:\/\/www.goierrieskola.eus\/es\/category\/bachillerato\/\" rel=\"category tag\">Bachillerato<\/a><\/small>, <small class=\"meta-comment-count\"><a href=\"https:\/\/www.goierrieskola.eus\/es\/guraso-harrera-curso-21-22\/#comments\">0 <i class=\"icon-chat-1 hover-tip\" data-original-title=\"Esta publicaci\u00f3n tiene 0 comentarios\" data-toggle=\"tooltip\" data-placement=\"top\"><\/i><\/a><\/small>                <\/span>\n\n\t\t\t<\/div><!--end post-header-->\n\n\t\t\t\n\t\t\t\t\t\t\t\t\t<div class=\"post-info\">\n\n\t\t\t\t\t\t<div class=\"entry-summary\">\n\t\t\t\t\t\t\t<p> La semana que viene se celebrar\u00e1n las jornadas de presentaci\u00f3n del curso acad\u00e9mico 21\/22, dirigido a los PADRES....<\/p>\t\t\t\t\t\t<\/div><!-- .entry-summary -->\n\n\t\t\t\t\t<\/div><!--end post-info-->\n\t\t\t\t\n\t\t\t\n\t\t\n\t\t<div class=\"post-footer\">\n\t\t\t<small>\n\t\t\t\t<a href=\"#\" class=\"item-likes\" id=\"item-likes-11783\" title=\"Like this\"><span class=\"item-likes-count\">0<\/span> <span class=\"item-likes-postfix\">likes<\/span><\/a>\n\t\t\t\t\t\t\t\t\t<a href=\"https:\/\/www.goierrieskola.eus\/es\/guraso-harrera-curso-21-22\/\"><span class=\"muted pull-right\">\n\t\t\t\t\t\tLeer m\u00e1s<\/span>\n\t\t\t\t\t<\/a>\n\t\t\t\t\n\t\t\t<\/small>\n\t\t<\/div><!--end post-footer-->\n\n\t<\/div><!--end post-content-->\n<\/article>\n\n\n<article id=\"post-11753\" class=\"post-item post-11753 post type-post status-publish format-aside has-post-thumbnail hentry category-evento post_format-post-format-aside\">\n\t<div class=\"post-content animated animate-when-almost-visible el-appear\">\n\n\t\t<div class=\"post-image\"><a href=\"https:\/\/www.goierrieskola.eus\/es\/jornada-informativa-online-del-master-en-fabricacion-aditiva-industrial\/\" class=\"element-wrap\"><img decoding=\"async\" data-src=\"https:\/\/www.goierrieskola.eus\/wp-content\/uploads\/2021\/09\/master-2-480x480.png\" alt=\"Jornada informativa ONLINE del M\u00e1ster en Fabricaci\u00f3n Aditiva Industrial\" src=\"data:image\/svg+xml;base64,PHN2ZyB3aWR0aD0iMSIgaGVpZ2h0PSIxIiB4bWxucz0iaHR0cDovL3d3dy53My5vcmcvMjAwMC9zdmciPjwvc3ZnPg==\" class=\"lazyload\" style=\"--smush-placeholder-width: 480px; --smush-placeholder-aspect-ratio: 480\/480;\"><span class=\"hover-element\"><i>+<\/i><\/span><\/a><\/div><!--end post-image-->\n\t\t\n\t\t\t<div class=\"post-header\">\n\n\t\t\t\t\t\t\t\t\t<h3 class=\"post-title entry-title\"><a href=\"https:\/\/www.goierrieskola.eus\/es\/jornada-informativa-online-del-master-en-fabricacion-aditiva-industrial\/\">Jornada informativa ONLINE del M\u00e1ster en Fabricaci\u00f3n Aditiva Industrial<\/a>\n\t\t\t\t\t<\/h3>\n\t\t\t\t\n\t\t\t\t<span class=\"post-meta\">\n                    <small><a href=\"https:\/\/www.goierrieskola.eus\/es\/jornada-informativa-online-del-master-en-fabricacion-aditiva-industrial\/\" rel=\"bookmark\" class=\"post-time\"><time class=\"entry-date\" datetime=\"2021-09-16T09:07:47+00:00\">16 septiembre, 2021<\/time><time class=\"modify-date hide hidden updated\" datetime=\"2024-10-03T14:01:10+00:00\">3 octubre, 2024<\/time><\/a><\/small>, <small class=\"meta-category\"><a href=\"https:\/\/www.goierrieskola.eus\/es\/category\/evento\/\" rel=\"category tag\">Evento-Jornada<\/a><\/small>, <small class=\"meta-comment-count\"><a href=\"https:\/\/www.goierrieskola.eus\/es\/jornada-informativa-online-del-master-en-fabricacion-aditiva-industrial\/#comments\">0 <i class=\"icon-chat-1 hover-tip\" data-original-title=\"Esta publicaci\u00f3n tiene 0 comentarios\" data-toggle=\"tooltip\" data-placement=\"top\"><\/i><\/a><\/small>                <\/span>\n\n\t\t\t<\/div><!--end post-header-->\n\n\t\t\t\n\t\t\t\t\t\t\t\t\t<div class=\"post-info\">\n\n\t\t\t\t\t\t<div class=\"entry-summary\">\n\t\t\t\t\t\t\t<p>\u00a0Goierri Eskola, en colaboraci\u00f3n con\u00a0Mondragon Unibertsitatea y Lortek.. La jornada se celebrar\u00e1 el martes,\u00a021 de Septiembre, de\u00a017:30 a 18:00,...<\/p>\t\t\t\t\t\t<\/div><!-- .entry-summary -->\n\n\t\t\t\t\t<\/div><!--end post-info-->\n\t\t\t\t\n\t\t\t\n\t\t\n\t\t<div class=\"post-footer\">\n\t\t\t<small>\n\t\t\t\t<a href=\"#\" class=\"item-likes\" id=\"item-likes-11744\" title=\"Like this\"><span class=\"item-likes-count\">0<\/span> <span class=\"item-likes-postfix\">likes<\/span><\/a>\n\t\t\t\t\t\t\t\t\t<a href=\"https:\/\/www.goierrieskola.eus\/es\/jornada-informativa-online-del-master-en-fabricacion-aditiva-industrial\/\"><span class=\"muted pull-right\">\n\t\t\t\t\t\tLeer m\u00e1s<\/span>\n\t\t\t\t\t<\/a>\n\t\t\t\t\n\t\t\t<\/small>\n\t\t<\/div><!--end post-footer-->\n\n\t<\/div><!--end post-content-->\n<\/article>\n\n\n<article id=\"post-11679\" class=\"post-item post-11679 post type-post status-publish format-aside has-post-thumbnail hentry category-proyectos post_format-post-format-aside\">\n\t<div class=\"post-content animated animate-when-almost-visible el-appear\">\n\n\t\t<div class=\"post-image\"><a href=\"https:\/\/www.goierrieskola.eus\/es\/proyecto-embajadores-steam-en-la-convocatoria-de-dualizabankia\/\" class=\"element-wrap\"><img decoding=\"async\" data-src=\"https:\/\/www.goierrieskola.eus\/wp-content\/uploads\/2021\/07\/2021-07-02_DualizaBankia_STEAM-480x640.png\" alt=\"Proyecto \u00abEmbajadores STEAM\u00bb en la convocatoria de DualizaBankia\" src=\"data:image\/svg+xml;base64,PHN2ZyB3aWR0aD0iMSIgaGVpZ2h0PSIxIiB4bWxucz0iaHR0cDovL3d3dy53My5vcmcvMjAwMC9zdmciPjwvc3ZnPg==\" class=\"lazyload\" style=\"--smush-placeholder-width: 480px; --smush-placeholder-aspect-ratio: 480\/640;\"><span class=\"hover-element\"><i>+<\/i><\/span><\/a><\/div><!--end post-image-->\n\t\t\n\t\t\t<div class=\"post-header\">\n\n\t\t\t\t\t\t\t\t\t<h3 class=\"post-title entry-title\"><a href=\"https:\/\/www.goierrieskola.eus\/es\/proyecto-embajadores-steam-en-la-convocatoria-de-dualizabankia\/\">Proyecto \u00abEmbajadores STEAM\u00bb en la convocatoria de DualizaBankia<\/a>\n\t\t\t\t\t<\/h3>\n\t\t\t\t\n\t\t\t\t<span class=\"post-meta\">\n                    <small><a href=\"https:\/\/www.goierrieskola.eus\/es\/proyecto-embajadores-steam-en-la-convocatoria-de-dualizabankia\/\" rel=\"bookmark\" class=\"post-time\"><time class=\"entry-date\" datetime=\"2021-07-05T08:35:12+00:00\">5 julio, 2021<\/time><time class=\"modify-date hide hidden updated\" datetime=\"2022-02-23T15:26:49+00:00\">23 febrero, 2022<\/time><\/a><\/small>, <small class=\"meta-category\"><a href=\"https:\/\/www.goierrieskola.eus\/es\/category\/proyectos\/\" rel=\"category tag\">Proyectos<\/a><\/small>, <small class=\"meta-comment-count\"><a href=\"https:\/\/www.goierrieskola.eus\/es\/proyecto-embajadores-steam-en-la-convocatoria-de-dualizabankia\/#comments\">0 <i class=\"icon-chat-1 hover-tip\" data-original-title=\"Esta publicaci\u00f3n tiene 0 comentarios\" data-toggle=\"tooltip\" data-placement=\"top\"><\/i><\/a><\/small>                <\/span>\n\n\t\t\t<\/div><!--end post-header-->\n\n\t\t\t\n\t\t\t\t\t\t\t\t\t<div class=\"post-info\">\n\n\t\t\t\t\t\t<div class=\"entry-summary\">\n\t\t\t\t\t\t\t<p> El proyecto EMBAJADORES STEAM que ha desarrollado Goierri Eskola, ha sido seleccionado en la convocatoria de\u00a0DUALIZA BANKIA. A...<\/p>\t\t\t\t\t\t<\/div><!-- .entry-summary -->\n\n\t\t\t\t\t<\/div><!--end post-info-->\n\t\t\t\t\n\t\t\t\n\t\t\n\t\t<div class=\"post-footer\">\n\t\t\t<small>\n\t\t\t\t<a href=\"#\" class=\"item-likes\" id=\"item-likes-11669\" title=\"Like this\"><span class=\"item-likes-count\">0<\/span> <span class=\"item-likes-postfix\">likes<\/span><\/a>\n\t\t\t\t\t\t\t\t\t<a href=\"https:\/\/www.goierrieskola.eus\/es\/proyecto-embajadores-steam-en-la-convocatoria-de-dualizabankia\/\"><span class=\"muted pull-right\">\n\t\t\t\t\t\tLeer m\u00e1s<\/span>\n\t\t\t\t\t<\/a>\n\t\t\t\t\n\t\t\t<\/small>\n\t\t<\/div><!--end post-footer-->\n\n\t<\/div><!--end post-content-->\n<\/article>\n\n\n<article id=\"post-11665\" class=\"post-item post-11665 post type-post status-publish format-aside has-post-thumbnail hentry category-general post_format-post-format-aside\">\n\t<div class=\"post-content animated animate-when-almost-visible el-appear\">\n\n\t\t<div class=\"post-image\"><a href=\"https:\/\/www.goierrieskola.eus\/es\/certificacion-iso-45001-para-goierri-eskola-e-ikaslan-fundazioa\/\" class=\"element-wrap\"><img decoding=\"async\" data-src=\"https:\/\/www.goierrieskola.eus\/wp-content\/uploads\/2021\/06\/ISO45001_03-480x319.png\" alt=\"Certificaci\u00f3n ISO 45001 para Goierri Eskola e Ikaslan Fundazioa\" src=\"data:image\/svg+xml;base64,PHN2ZyB3aWR0aD0iMSIgaGVpZ2h0PSIxIiB4bWxucz0iaHR0cDovL3d3dy53My5vcmcvMjAwMC9zdmciPjwvc3ZnPg==\" class=\"lazyload\" style=\"--smush-placeholder-width: 480px; --smush-placeholder-aspect-ratio: 480\/319;\"><span class=\"hover-element\"><i>+<\/i><\/span><\/a><\/div><!--end post-image-->\n\t\t\n\t\t\t<div class=\"post-header\">\n\n\t\t\t\t\t\t\t\t\t<h3 class=\"post-title entry-title\"><a href=\"https:\/\/www.goierrieskola.eus\/es\/certificacion-iso-45001-para-goierri-eskola-e-ikaslan-fundazioa\/\">Certificaci\u00f3n ISO 45001 para Goierri Eskola e Ikaslan Fundazioa<\/a>\n\t\t\t\t\t<\/h3>\n\t\t\t\t\n\t\t\t\t<span class=\"post-meta\">\n                    <small><a href=\"https:\/\/www.goierrieskola.eus\/es\/certificacion-iso-45001-para-goierri-eskola-e-ikaslan-fundazioa\/\" rel=\"bookmark\" class=\"post-time\"><time class=\"entry-date\" datetime=\"2021-06-25T11:51:24+00:00\">25 junio, 2021<\/time><time class=\"modify-date hide hidden updated\" datetime=\"2022-03-03T14:56:21+00:00\">3 marzo, 2022<\/time><\/a><\/small>, <small class=\"meta-category\"><a href=\"https:\/\/www.goierrieskola.eus\/es\/category\/general\/\" rel=\"category tag\">General<\/a><\/small>, <small class=\"meta-comment-count\"><a href=\"https:\/\/www.goierrieskola.eus\/es\/certificacion-iso-45001-para-goierri-eskola-e-ikaslan-fundazioa\/#comments\">0 <i class=\"icon-chat-1 hover-tip\" data-original-title=\"Esta publicaci\u00f3n tiene 0 comentarios\" data-toggle=\"tooltip\" data-placement=\"top\"><\/i><\/a><\/small>                <\/span>\n\n\t\t\t<\/div><!--end post-header-->\n\n\t\t\t\n\t\t\t\t\t\t\t\t\t<div class=\"post-info\">\n\n\t\t\t\t\t\t<div class=\"entry-summary\">\n\t\t\t\t\t\t\t<p>Goierri Eskola e Ikaslan Fundazioa obtienen el certificado ISO 45001 de seguridad y salud en el trabajo. La norma...<\/p>\t\t\t\t\t\t<\/div><!-- .entry-summary -->\n\n\t\t\t\t\t<\/div><!--end post-info-->\n\t\t\t\t\n\t\t\t\n\t\t\n\t\t<div class=\"post-footer\">\n\t\t\t<small>\n\t\t\t\t<a href=\"#\" class=\"item-likes\" id=\"item-likes-11655\" title=\"Like this\"><span class=\"item-likes-count\">1<\/span> <span class=\"item-likes-postfix\">like<\/span><\/a>\n\t\t\t\t\t\t\t\t\t<a href=\"https:\/\/www.goierrieskola.eus\/es\/certificacion-iso-45001-para-goierri-eskola-e-ikaslan-fundazioa\/\"><span class=\"muted pull-right\">\n\t\t\t\t\t\tLeer m\u00e1s<\/span>\n\t\t\t\t\t<\/a>\n\t\t\t\t\n\t\t\t<\/small>\n\t\t<\/div><!--end post-footer-->\n\n\t<\/div><!--end post-content-->\n<\/article>\n\n\n<article id=\"post-11651\" class=\"post-item post-11651 post type-post status-publish format-aside has-post-thumbnail hentry category-ingenieria-2 post_format-post-format-aside\">\n\t<div class=\"post-content animated animate-when-almost-visible el-appear\">\n\n\t\t<div class=\"post-image\"><a href=\"https:\/\/www.goierrieskola.eus\/es\/proyectos-de-alumnos-de-ingenieria\/\" class=\"element-wrap\"><img decoding=\"async\" data-src=\"https:\/\/www.goierrieskola.eus\/wp-content\/uploads\/2021\/06\/goierricampusproiektuak3-480x282.jpg\" alt=\"Proyectos de alumnos de Ingenier\u00eda\" src=\"data:image\/svg+xml;base64,PHN2ZyB3aWR0aD0iMSIgaGVpZ2h0PSIxIiB4bWxucz0iaHR0cDovL3d3dy53My5vcmcvMjAwMC9zdmciPjwvc3ZnPg==\" class=\"lazyload\" style=\"--smush-placeholder-width: 480px; --smush-placeholder-aspect-ratio: 480\/282;\"><span class=\"hover-element\"><i>+<\/i><\/span><\/a><\/div><!--end post-image-->\n\t\t\n\t\t\t<div class=\"post-header\">\n\n\t\t\t\t\t\t\t\t\t<h3 class=\"post-title entry-title\"><a href=\"https:\/\/www.goierrieskola.eus\/es\/proyectos-de-alumnos-de-ingenieria\/\">Proyectos de alumnos de Ingenier\u00eda<\/a>\n\t\t\t\t\t<\/h3>\n\t\t\t\t\n\t\t\t\t<span class=\"post-meta\">\n                    <small><a href=\"https:\/\/www.goierrieskola.eus\/es\/proyectos-de-alumnos-de-ingenieria\/\" rel=\"bookmark\" class=\"post-time\"><time class=\"entry-date\" datetime=\"2021-06-21T09:58:07+00:00\">21 junio, 2021<\/time><time class=\"modify-date hide hidden updated\" datetime=\"2022-02-23T15:28:14+00:00\">23 febrero, 2022<\/time><\/a><\/small>, <small class=\"meta-category\"><a href=\"https:\/\/www.goierrieskola.eus\/es\/category\/ingenieria-2\/\" rel=\"category tag\">Ingenier\u00eda<\/a><\/small>, <small class=\"meta-comment-count\"><a href=\"https:\/\/www.goierrieskola.eus\/es\/proyectos-de-alumnos-de-ingenieria\/#comments\">0 <i class=\"icon-chat-1 hover-tip\" data-original-title=\"Esta publicaci\u00f3n tiene 0 comentarios\" data-toggle=\"tooltip\" data-placement=\"top\"><\/i><\/a><\/small>                <\/span>\n\n\t\t\t<\/div><!--end post-header-->\n\n\t\t\t\n\t\t\t\t\t\t\t\t\t<div class=\"post-info\">\n\n\t\t\t\t\t\t<div class=\"entry-summary\">\n\t\t\t\t\t\t\t<p> Covid-19 y la crisis sanitaria derivada de ella, ha hecho aflorar carencias de diversa \u00edndole. La facilidad de...<\/p>\t\t\t\t\t\t<\/div><!-- .entry-summary -->\n\n\t\t\t\t\t<\/div><!--end post-info-->\n\t\t\t\t\n\t\t\t\n\t\t\n\t\t<div class=\"post-footer\">\n\t\t\t<small>\n\t\t\t\t<a href=\"#\" class=\"item-likes\" id=\"item-likes-11646\" title=\"Like this\"><span class=\"item-likes-count\">0<\/span> <span class=\"item-likes-postfix\">likes<\/span><\/a>\n\t\t\t\t\t\t\t\t\t<a href=\"https:\/\/www.goierrieskola.eus\/es\/proyectos-de-alumnos-de-ingenieria\/\"><span class=\"muted pull-right\">\n\t\t\t\t\t\tLeer m\u00e1s<\/span>\n\t\t\t\t\t<\/a>\n\t\t\t\t\n\t\t\t<\/small>\n\t\t<\/div><!--end post-footer-->\n\n\t<\/div><!--end post-content-->\n<\/article>\n\n\n<article id=\"post-11612\" class=\"post-item post-11612 post type-post status-publish format-aside has-post-thumbnail hentry category-sociedad post_format-post-format-aside\">\n\t<div class=\"post-content animated animate-when-almost-visible el-appear\">\n\n\t\t<div class=\"post-image\"><a href=\"https:\/\/www.goierrieskola.eus\/es\/kellesensa-bizikleta-berria-senegalera-bidean-da\/\" class=\"element-wrap\"><img decoding=\"async\" data-src=\"https:\/\/www.goierrieskola.eus\/wp-content\/uploads\/2021\/06\/web1-480x319.jpg\" alt=\"Kellesensa: la nueva bicicleta de camino a Senegal.\" src=\"data:image\/svg+xml;base64,PHN2ZyB3aWR0aD0iMSIgaGVpZ2h0PSIxIiB4bWxucz0iaHR0cDovL3d3dy53My5vcmcvMjAwMC9zdmciPjwvc3ZnPg==\" class=\"lazyload\" style=\"--smush-placeholder-width: 480px; --smush-placeholder-aspect-ratio: 480\/319;\"><span class=\"hover-element\"><i>+<\/i><\/span><\/a><\/div><!--end post-image-->\n\t\t\n\t\t\t<div class=\"post-header\">\n\n\t\t\t\t\t\t\t\t\t<h3 class=\"post-title entry-title\"><a href=\"https:\/\/www.goierrieskola.eus\/es\/kellesensa-bizikleta-berria-senegalera-bidean-da\/\">Kellesensa: la nueva bicicleta de camino a Senegal.<\/a>\n\t\t\t\t\t<\/h3>\n\t\t\t\t\n\t\t\t\t<span class=\"post-meta\">\n                    <small><a href=\"https:\/\/www.goierrieskola.eus\/es\/kellesensa-bizikleta-berria-senegalera-bidean-da\/\" rel=\"bookmark\" class=\"post-time\"><time class=\"entry-date\" datetime=\"2021-06-15T10:29:30+00:00\">15 junio, 2021<\/time><time class=\"modify-date hide hidden updated\" datetime=\"2022-02-23T15:33:14+00:00\">23 febrero, 2022<\/time><\/a><\/small>, <small class=\"meta-category\"><a href=\"https:\/\/www.goierrieskola.eus\/es\/category\/sociedad\/\" rel=\"category tag\">Sociedad<\/a><\/small>, <small class=\"meta-comment-count\"><a href=\"https:\/\/www.goierrieskola.eus\/es\/kellesensa-bizikleta-berria-senegalera-bidean-da\/#comments\">0 <i class=\"icon-chat-1 hover-tip\" data-original-title=\"Esta publicaci\u00f3n tiene 0 comentarios\" data-toggle=\"tooltip\" data-placement=\"top\"><\/i><\/a><\/small>                <\/span>\n\n\t\t\t<\/div><!--end post-header-->\n\n\t\t\t\n\t\t\t\t\t\t\t\t\t<div class=\"post-info\">\n\n\t\t\t\t\t\t<div class=\"entry-summary\">\n\t\t\t\t\t\t\t<p> Las y los alumnos de Goierri Eskola tienen preparada la bicicleta que han fabricado para el joven Aziz...<\/p>\t\t\t\t\t\t<\/div><!-- .entry-summary -->\n\n\t\t\t\t\t<\/div><!--end post-info-->\n\t\t\t\t\n\t\t\t\n\t\t\n\t\t<div class=\"post-footer\">\n\t\t\t<small>\n\t\t\t\t<a href=\"#\" class=\"item-likes\" id=\"item-likes-11596\" title=\"Like this\"><span class=\"item-likes-count\">0<\/span> <span class=\"item-likes-postfix\">likes<\/span><\/a>\n\t\t\t\t\t\t\t\t\t<a href=\"https:\/\/www.goierrieskola.eus\/es\/kellesensa-bizikleta-berria-senegalera-bidean-da\/\"><span class=\"muted pull-right\">\n\t\t\t\t\t\tLeer m\u00e1s<\/span>\n\t\t\t\t\t<\/a>\n\t\t\t\t\n\t\t\t<\/small>\n\t\t<\/div><!--end post-footer-->\n\n\t<\/div><!--end post-content-->\n<\/article>\n\n\n<article id=\"post-11569\" class=\"post-item post-11569 post type-post status-publish format-aside has-post-thumbnail hentry category-general post_format-post-format-aside\">\n\t<div class=\"post-content animated animate-when-almost-visible el-appear\">\n\n\t\t<div class=\"post-image\"><a href=\"https:\/\/www.goierrieskola.eus\/es\/simuladores-de-soldadura\/\" class=\"element-wrap\"><img decoding=\"async\" data-src=\"https:\/\/www.goierrieskola.eus\/wp-content\/uploads\/2021\/06\/soldamatic2-480x319.png\" alt=\"Simuladores de Soladura\" src=\"data:image\/svg+xml;base64,PHN2ZyB3aWR0aD0iMSIgaGVpZ2h0PSIxIiB4bWxucz0iaHR0cDovL3d3dy53My5vcmcvMjAwMC9zdmciPjwvc3ZnPg==\" class=\"lazyload\" style=\"--smush-placeholder-width: 480px; --smush-placeholder-aspect-ratio: 480\/319;\"><span class=\"hover-element\"><i>+<\/i><\/span><\/a><\/div><!--end post-image-->\n\t\t\n\t\t\t<div class=\"post-header\">\n\n\t\t\t\t\t\t\t\t\t<h3 class=\"post-title entry-title\"><a href=\"https:\/\/www.goierrieskola.eus\/es\/simuladores-de-soldadura\/\">Simuladores de Soladura<\/a>\n\t\t\t\t\t<\/h3>\n\t\t\t\t\n\t\t\t\t<span class=\"post-meta\">\n                    <small><a href=\"https:\/\/www.goierrieskola.eus\/es\/simuladores-de-soldadura\/\" rel=\"bookmark\" class=\"post-time\"><time class=\"entry-date\" datetime=\"2021-06-01T12:03:49+00:00\">1 junio, 2021<\/time><time class=\"modify-date hide hidden updated\" datetime=\"2024-02-06T14:28:47+00:00\">6 febrero, 2024<\/time><\/a><\/small>, <small class=\"meta-category\"><a href=\"https:\/\/www.goierrieskola.eus\/es\/category\/general\/\" rel=\"category tag\">General<\/a><\/small>, <small class=\"meta-comment-count\"><a href=\"https:\/\/www.goierrieskola.eus\/es\/simuladores-de-soldadura\/#comments\">0 <i class=\"icon-chat-1 hover-tip\" data-original-title=\"Esta publicaci\u00f3n tiene 0 comentarios\" data-toggle=\"tooltip\" data-placement=\"top\"><\/i><\/a><\/small>                <\/span>\n\n\t\t\t<\/div><!--end post-header-->\n\n\t\t\t\n\t\t\t\t\t\t\t\t\t<div class=\"post-info\">\n\n\t\t\t\t\t\t<div class=\"entry-summary\">\n\t\t\t\t\t\t\t<p> Los procesos de realidad aumentada y simulaci\u00f3n han llegado para quedarse, no s\u00f3lo en el \u00e1mbito del ocio...<\/p>\t\t\t\t\t\t<\/div><!-- .entry-summary -->\n\n\t\t\t\t\t<\/div><!--end post-info-->\n\t\t\t\t\n\t\t\t\n\t\t\n\t\t<div class=\"post-footer\">\n\t\t\t<small>\n\t\t\t\t<a href=\"#\" class=\"item-likes\" id=\"item-likes-11561\" title=\"Like this\"><span class=\"item-likes-count\">0<\/span> <span class=\"item-likes-postfix\">likes<\/span><\/a>\n\t\t\t\t\t\t\t\t\t<a href=\"https:\/\/www.goierrieskola.eus\/es\/simuladores-de-soldadura\/\"><span class=\"muted pull-right\">\n\t\t\t\t\t\tLeer m\u00e1s<\/span>\n\t\t\t\t\t<\/a>\n\t\t\t\t\n\t\t\t<\/small>\n\t\t<\/div><!--end post-footer-->\n\n\t<\/div><!--end post-content-->\n<\/article>\n\n\n<article id=\"post-11544\" class=\"post-item post-11544 post type-post status-publish format-aside has-post-thumbnail hentry category-sociedad post_format-post-format-aside\">\n\t<div class=\"post-content animated animate-when-almost-visible el-appear\">\n\n\t\t<div class=\"post-image\"><a href=\"https:\/\/www.goierrieskola.eus\/es\/kanpamentu-teknologikoak-2021\/\" class=\"element-wrap\"><img decoding=\"async\" data-src=\"https:\/\/www.goierrieskola.eus\/wp-content\/uploads\/2017\/05\/SLIDER-KT-480x166.jpg\" alt=\"Campamentos Tecnol\u00f3gicos 2021\" src=\"data:image\/svg+xml;base64,PHN2ZyB3aWR0aD0iMSIgaGVpZ2h0PSIxIiB4bWxucz0iaHR0cDovL3d3dy53My5vcmcvMjAwMC9zdmciPjwvc3ZnPg==\" class=\"lazyload\" style=\"--smush-placeholder-width: 480px; --smush-placeholder-aspect-ratio: 480\/166;\"><span class=\"hover-element\"><i>+<\/i><\/span><\/a><\/div><!--end post-image-->\n\t\t\n\t\t\t<div class=\"post-header\">\n\n\t\t\t\t\t\t\t\t\t<h3 class=\"post-title entry-title\"><a href=\"https:\/\/www.goierrieskola.eus\/es\/kanpamentu-teknologikoak-2021\/\">Campamentos Tecnol\u00f3gicos 2021<\/a>\n\t\t\t\t\t<\/h3>\n\t\t\t\t\n\t\t\t\t<span class=\"post-meta\">\n                    <small><a href=\"https:\/\/www.goierrieskola.eus\/es\/kanpamentu-teknologikoak-2021\/\" rel=\"bookmark\" class=\"post-time\"><time class=\"entry-date\" datetime=\"2021-05-11T15:50:27+00:00\">11 mayo, 2021<\/time><time class=\"modify-date hide hidden updated\" datetime=\"2022-02-23T15:34:46+00:00\">23 febrero, 2022<\/time><\/a><\/small>, <small class=\"meta-category\"><a href=\"https:\/\/www.goierrieskola.eus\/es\/category\/sociedad\/\" rel=\"category tag\">Sociedad<\/a><\/small>, <small class=\"meta-comment-count\"><a href=\"https:\/\/www.goierrieskola.eus\/es\/kanpamentu-teknologikoak-2021\/#comments\">0 <i class=\"icon-chat-1 hover-tip\" data-original-title=\"Esta publicaci\u00f3n tiene 0 comentarios\" data-toggle=\"tooltip\" data-placement=\"top\"><\/i><\/a><\/small>                <\/span>\n\n\t\t\t<\/div><!--end post-header-->\n\n\t\t\t\n\t\t\t\t\t\t\t\t\t<div class=\"post-info\">\n\n\t\t\t\t\t\t<div class=\"entry-summary\">\n\t\t\t\t\t\t\t<p>Este verano, \u00a1asiste a los campamentos tecnol\u00f3gicos que organizamos en Goierri Eskola! Con las pertinentes medidas anti-Covid, garantizando la...<\/p>\t\t\t\t\t\t<\/div><!-- .entry-summary -->\n\n\t\t\t\t\t<\/div><!--end post-info-->\n\t\t\t\t\n\t\t\t\n\t\t\n\t\t<div class=\"post-footer\">\n\t\t\t<small>\n\t\t\t\t<a href=\"#\" class=\"item-likes\" id=\"item-likes-11513\" title=\"Like this\"><span class=\"item-likes-count\">0<\/span> <span class=\"item-likes-postfix\">likes<\/span><\/a>\n\t\t\t\t\t\t\t\t\t<a href=\"https:\/\/www.goierrieskola.eus\/es\/kanpamentu-teknologikoak-2021\/\"><span class=\"muted pull-right\">\n\t\t\t\t\t\tLeer m\u00e1s<\/span>\n\t\t\t\t\t<\/a>\n\t\t\t\t\n\t\t\t<\/small>\n\t\t<\/div><!--end post-footer-->\n\n\t<\/div><!--end post-content-->\n<\/article>\n\n\n<article id=\"post-11460\" class=\"post-item post-11460 post type-post status-publish format-aside has-post-thumbnail hentry category-general post_format-post-format-aside\">\n\t<div class=\"post-content animated animate-when-almost-visible el-appear\">\n\n\t\t<div class=\"post-image\"><a href=\"https:\/\/www.goierrieskola.eus\/es\/goierri-valley-eta-goierri-eskolaren-harteko-hitzarmena\/\" class=\"element-wrap\"><img decoding=\"async\" data-src=\"https:\/\/www.goierrieskola.eus\/wp-content\/uploads\/2021\/06\/20210602_GoierriValley_1a-480x315.jpg\" alt=\"Acuerdo de colaboraci\u00f3n con Goierri Valley\" src=\"data:image\/svg+xml;base64,PHN2ZyB3aWR0aD0iMSIgaGVpZ2h0PSIxIiB4bWxucz0iaHR0cDovL3d3dy53My5vcmcvMjAwMC9zdmciPjwvc3ZnPg==\" class=\"lazyload\" style=\"--smush-placeholder-width: 480px; --smush-placeholder-aspect-ratio: 480\/315;\"><span class=\"hover-element\"><i>+<\/i><\/span><\/a><\/div><!--end post-image-->\n\t\t\n\t\t\t<div class=\"post-header\">\n\n\t\t\t\t\t\t\t\t\t<h3 class=\"post-title entry-title\"><a href=\"https:\/\/www.goierrieskola.eus\/es\/goierri-valley-eta-goierri-eskolaren-harteko-hitzarmena\/\">Acuerdo de colaboraci\u00f3n con Goierri Valley<\/a>\n\t\t\t\t\t<\/h3>\n\t\t\t\t\n\t\t\t\t<span class=\"post-meta\">\n                    <small><a href=\"https:\/\/www.goierrieskola.eus\/es\/goierri-valley-eta-goierri-eskolaren-harteko-hitzarmena\/\" rel=\"bookmark\" class=\"post-time\"><time class=\"entry-date\" datetime=\"2021-05-03T11:18:38+00:00\">3 mayo, 2021<\/time><time class=\"modify-date hide hidden updated\" datetime=\"2021-06-02T11:28:47+00:00\">2 junio, 2021<\/time><\/a><\/small>, <small class=\"meta-category\"><a href=\"https:\/\/www.goierrieskola.eus\/es\/category\/general\/\" rel=\"category tag\">General<\/a><\/small>, <small class=\"meta-comment-count\"><a href=\"https:\/\/www.goierrieskola.eus\/es\/goierri-valley-eta-goierri-eskolaren-harteko-hitzarmena\/#comments\">0 <i class=\"icon-chat-1 hover-tip\" data-original-title=\"Esta publicaci\u00f3n tiene 0 comentarios\" data-toggle=\"tooltip\" data-placement=\"top\"><\/i><\/a><\/small>                <\/span>\n\n\t\t\t<\/div><!--end post-header-->\n\n\t\t\t\n\t\t\t\t\t\t\t\t\t<div class=\"post-info\">\n\n\t\t\t\t\t\t<div class=\"entry-summary\">\n\t\t\t\t\t\t\t<p>El pasado viernes, 30 de Abril, se ha firmado un acuerdo de colaboraci\u00f3n para la formaci\u00f3n entre la Asociaci\u00f3n\u00a0Goierri...<\/p>\t\t\t\t\t\t<\/div><!-- .entry-summary -->\n\n\t\t\t\t\t<\/div><!--end post-info-->\n\t\t\t\t\n\t\t\t\n\t\t\n\t\t<div class=\"post-footer\">\n\t\t\t<small>\n\t\t\t\t<a href=\"#\" class=\"item-likes\" id=\"item-likes-11453\" title=\"Like this\"><span class=\"item-likes-count\">0<\/span> <span class=\"item-likes-postfix\">likes<\/span><\/a>\n\t\t\t\t\t\t\t\t\t<a href=\"https:\/\/www.goierrieskola.eus\/es\/goierri-valley-eta-goierri-eskolaren-harteko-hitzarmena\/\"><span class=\"muted pull-right\">\n\t\t\t\t\t\tLeer m\u00e1s<\/span>\n\t\t\t\t\t<\/a>\n\t\t\t\t\n\t\t\t<\/small>\n\t\t<\/div><!--end post-footer-->\n\n\t<\/div><!--end post-content-->\n<\/article>\n\n\n<article id=\"post-11412\" class=\"post-item post-11412 post type-post status-publish format-aside has-post-thumbnail hentry category-proiektuak-es post_format-post-format-aside\">\n\t<div class=\"post-content animated animate-when-almost-visible el-appear\">\n\n\t\t<div class=\"post-image\"><a href=\"https:\/\/www.goierrieskola.eus\/es\/erasmus-innovation-projects\/\" class=\"element-wrap\"><img decoding=\"async\" data-src=\"https:\/\/www.goierrieskola.eus\/wp-content\/uploads\/2021\/04\/2021-04-19_erasmusplus_tknika-480x240.jpg\" alt=\"Erasmus+ Innovation Projects\" src=\"data:image\/svg+xml;base64,PHN2ZyB3aWR0aD0iMSIgaGVpZ2h0PSIxIiB4bWxucz0iaHR0cDovL3d3dy53My5vcmcvMjAwMC9zdmciPjwvc3ZnPg==\" class=\"lazyload\" style=\"--smush-placeholder-width: 480px; --smush-placeholder-aspect-ratio: 480\/240;\"><span class=\"hover-element\"><i>+<\/i><\/span><\/a><\/div><!--end post-image-->\n\t\t\n\t\t\t<div class=\"post-header\">\n\n\t\t\t\t\t\t\t\t\t<h3 class=\"post-title entry-title\"><a href=\"https:\/\/www.goierrieskola.eus\/es\/erasmus-innovation-projects\/\">Erasmus+ Innovation Projects<\/a>\n\t\t\t\t\t<\/h3>\n\t\t\t\t\n\t\t\t\t<span class=\"post-meta\">\n                    <small><a href=\"https:\/\/www.goierrieskola.eus\/es\/erasmus-innovation-projects\/\" rel=\"bookmark\" class=\"post-time\"><time class=\"entry-date\" datetime=\"2021-04-19T11:05:36+00:00\">19 abril, 2021<\/time><time class=\"modify-date hide hidden updated\" datetime=\"2022-02-23T15:35:56+00:00\">23 febrero, 2022<\/time><\/a><\/small>, <small class=\"meta-category\"><a href=\"https:\/\/www.goierrieskola.eus\/es\/category\/proiektuak-es\/\" rel=\"category tag\">Proiektuak<\/a><\/small>, <small class=\"meta-comment-count\"><a href=\"https:\/\/www.goierrieskola.eus\/es\/erasmus-innovation-projects\/#comments\">0 <i class=\"icon-chat-1 hover-tip\" data-original-title=\"Esta publicaci\u00f3n tiene 0 comentarios\" data-toggle=\"tooltip\" data-placement=\"top\"><\/i><\/a><\/small>                <\/span>\n\n\t\t\t<\/div><!--end post-header-->\n\n\t\t\t\n\t\t\t\t\t\t\t\t\t<div class=\"post-info\">\n\n\t\t\t\t\t\t<div class=\"entry-summary\">\n\t\t\t\t\t\t\t<p> Datorren Apirilaren 22an, eta Tknika-k antolaturik, Erasmus+ proiektuen aurkezpen ekitaldi bat burutuko da. Bertan, Euskadiko Lanbide Heziketako ikastetxeek,...<\/p>\t\t\t\t\t\t<\/div><!-- .entry-summary -->\n\n\t\t\t\t\t<\/div><!--end post-info-->\n\t\t\t\t\n\t\t\t\n\t\t\n\t\t<div class=\"post-footer\">\n\t\t\t<small>\n\t\t\t\t<a href=\"#\" class=\"item-likes\" id=\"item-likes-11404\" title=\"Like this\"><span class=\"item-likes-count\">0<\/span> <span class=\"item-likes-postfix\">likes<\/span><\/a>\n\t\t\t\t\t\t\t\t\t<a href=\"https:\/\/www.goierrieskola.eus\/es\/erasmus-innovation-projects\/\"><span class=\"muted pull-right\">\n\t\t\t\t\t\tLeer m\u00e1s<\/span>\n\t\t\t\t\t<\/a>\n\t\t\t\t\n\t\t\t<\/small>\n\t\t<\/div><!--end post-footer-->\n\n\t<\/div><!--end post-content-->\n<\/article>\n\n\n<article id=\"post-11295\" class=\"post-item post-11295 post type-post status-publish format-aside has-post-thumbnail hentry category-sociedad post_format-post-format-aside\">\n\t<div class=\"post-content animated animate-when-almost-visible el-appear\">\n\n\t\t<div class=\"post-image\"><a href=\"https:\/\/www.goierrieskola.eus\/es\/juguetes-ecologicos\/\" class=\"element-wrap\"><img decoding=\"async\" data-src=\"https:\/\/www.goierrieskola.eus\/wp-content\/uploads\/2021\/02\/MU_02-480x299.jpg\" alt=\"Juguetes ecol\u00f3gicos\" src=\"data:image\/svg+xml;base64,PHN2ZyB3aWR0aD0iMSIgaGVpZ2h0PSIxIiB4bWxucz0iaHR0cDovL3d3dy53My5vcmcvMjAwMC9zdmciPjwvc3ZnPg==\" class=\"lazyload\" style=\"--smush-placeholder-width: 480px; --smush-placeholder-aspect-ratio: 480\/299;\"><span class=\"hover-element\"><i>+<\/i><\/span><\/a><\/div><!--end post-image-->\n\t\t\n\t\t\t<div class=\"post-header\">\n\n\t\t\t\t\t\t\t\t\t<h3 class=\"post-title entry-title\"><a href=\"https:\/\/www.goierrieskola.eus\/es\/juguetes-ecologicos\/\">Juguetes ecol\u00f3gicos<\/a>\n\t\t\t\t\t<\/h3>\n\t\t\t\t\n\t\t\t\t<span class=\"post-meta\">\n                    <small><a href=\"https:\/\/www.goierrieskola.eus\/es\/juguetes-ecologicos\/\" rel=\"bookmark\" class=\"post-time\"><time class=\"entry-date\" datetime=\"2021-02-03T10:06:22+00:00\">3 febrero, 2021<\/time><time class=\"modify-date hide hidden updated\" datetime=\"2022-02-23T15:37:10+00:00\">23 febrero, 2022<\/time><\/a><\/small>, <small class=\"meta-category\"><a href=\"https:\/\/www.goierrieskola.eus\/es\/category\/sociedad\/\" rel=\"category tag\">Sociedad<\/a><\/small>, <small class=\"meta-comment-count\"><a href=\"https:\/\/www.goierrieskola.eus\/es\/juguetes-ecologicos\/#comments\">0 <i class=\"icon-chat-1 hover-tip\" data-original-title=\"Esta publicaci\u00f3n tiene 0 comentarios\" data-toggle=\"tooltip\" data-placement=\"top\"><\/i><\/a><\/small>                <\/span>\n\n\t\t\t<\/div><!--end post-header-->\n\n\t\t\t\n\t\t\t\t\t\t\t\t\t<div class=\"post-info\">\n\n\t\t\t\t\t\t<div class=\"entry-summary\">\n\t\t\t\t\t\t\t<p> Los alumnos del primer curso del Campus de Goierri de Mondrag\u00f3n Unibertsitatea han dise\u00f1ado unos juguetes ecol\u00f3gicos, como...<\/p>\t\t\t\t\t\t<\/div><!-- .entry-summary -->\n\n\t\t\t\t\t<\/div><!--end post-info-->\n\t\t\t\t\n\t\t\t\n\t\t\n\t\t<div class=\"post-footer\">\n\t\t\t<small>\n\t\t\t\t<a href=\"#\" class=\"item-likes\" id=\"item-likes-11281\" title=\"Like this\"><span class=\"item-likes-count\">0<\/span> <span class=\"item-likes-postfix\">likes<\/span><\/a>\n\t\t\t\t\t\t\t\t\t<a href=\"https:\/\/www.goierrieskola.eus\/es\/juguetes-ecologicos\/\"><span class=\"muted pull-right\">\n\t\t\t\t\t\tLeer m\u00e1s<\/span>\n\t\t\t\t\t<\/a>\n\t\t\t\t\n\t\t\t<\/small>\n\t\t<\/div><!--end post-footer-->\n\n\t<\/div><!--end post-content-->\n<\/article>\n\n\n<article id=\"post-11223\" class=\"post-item post-11223 post type-post status-publish format-aside has-post-thumbnail hentry category-cursos category-ikastaroak-es post_format-post-format-aside\">\n\t<div class=\"post-content animated animate-when-almost-visible el-appear\">\n\n\t\t<div class=\"post-image\"><a href=\"https:\/\/www.goierrieskola.eus\/es\/kudeaketa-industrialeko-ikastaro-aurreratua\/\" class=\"element-wrap\"><img decoding=\"async\" data-src=\"https:\/\/www.goierrieskola.eus\/wp-content\/uploads\/2021\/01\/2021-05-06_CAGI_informativa-480x251.png\" alt=\"Curso avanzado de Gesti\u00f3n Industrial\" src=\"data:image\/svg+xml;base64,PHN2ZyB3aWR0aD0iMSIgaGVpZ2h0PSIxIiB4bWxucz0iaHR0cDovL3d3dy53My5vcmcvMjAwMC9zdmciPjwvc3ZnPg==\" class=\"lazyload\" style=\"--smush-placeholder-width: 480px; --smush-placeholder-aspect-ratio: 480\/251;\"><span class=\"hover-element\"><i>+<\/i><\/span><\/a><\/div><!--end post-image-->\n\t\t\n\t\t\t<div class=\"post-header\">\n\n\t\t\t\t\t\t\t\t\t<h3 class=\"post-title entry-title\"><a href=\"https:\/\/www.goierrieskola.eus\/es\/kudeaketa-industrialeko-ikastaro-aurreratua\/\">Curso avanzado de Gesti\u00f3n Industrial<\/a>\n\t\t\t\t\t<\/h3>\n\t\t\t\t\n\t\t\t\t<span class=\"post-meta\">\n                    <small><a href=\"https:\/\/www.goierrieskola.eus\/es\/kudeaketa-industrialeko-ikastaro-aurreratua\/\" rel=\"bookmark\" class=\"post-time\"><time class=\"entry-date\" datetime=\"2021-01-27T13:17:59+00:00\">27 enero, 2021<\/time><time class=\"modify-date hide hidden updated\" datetime=\"2022-06-10T10:50:50+00:00\">10 junio, 2022<\/time><\/a><\/small>, <small class=\"meta-category\"><a href=\"https:\/\/www.goierrieskola.eus\/es\/category\/cursos\/\" rel=\"category tag\">Cursos<\/a>, <a href=\"https:\/\/www.goierrieskola.eus\/es\/category\/ikastaroak-es\/\" rel=\"category tag\">Ikastaroak<\/a><\/small>, <small class=\"meta-comment-count\"><a href=\"https:\/\/www.goierrieskola.eus\/es\/kudeaketa-industrialeko-ikastaro-aurreratua\/#comments\">0 <i class=\"icon-chat-1 hover-tip\" data-original-title=\"Esta publicaci\u00f3n tiene 0 comentarios\" data-toggle=\"tooltip\" data-placement=\"top\"><\/i><\/a><\/small>                <\/span>\n\n\t\t\t<\/div><!--end post-header-->\n\n\t\t\t\n\t\t\t\t\t\t\t\t\t<div class=\"post-info\">\n\n\t\t\t\t\t\t<div class=\"entry-summary\">\n\t\t\t\t\t\t\t<p>Por cuarto a\u00f1o consecutivo,\u00a0Goierri Eskola, en colaboraci\u00f3n con\u00a0Mondragon Unibertsitatea, organiza el CURSO AVANZADO EN GESTION INDUSTRIAL. Datos del curso:...<\/p>\t\t\t\t\t\t<\/div><!-- .entry-summary -->\n\n\t\t\t\t\t<\/div><!--end post-info-->\n\t\t\t\t\n\t\t\t\n\t\t\n\t\t<div class=\"post-footer\">\n\t\t\t<small>\n\t\t\t\t<a href=\"#\" class=\"item-likes\" id=\"item-likes-11211\" title=\"Like this\"><span class=\"item-likes-count\">0<\/span> <span class=\"item-likes-postfix\">likes<\/span><\/a>\n\t\t\t\t\t\t\t\t\t<a href=\"https:\/\/www.goierrieskola.eus\/es\/kudeaketa-industrialeko-ikastaro-aurreratua\/\"><span class=\"muted pull-right\">\n\t\t\t\t\t\tLeer m\u00e1s<\/span>\n\t\t\t\t\t<\/a>\n\t\t\t\t\n\t\t\t<\/small>\n\t\t<\/div><!--end post-footer-->\n\n\t<\/div><!--end post-content-->\n<\/article>\n\n\n<article id=\"post-11183\" class=\"post-item post-11183 post type-post status-publish format-aside has-post-thumbnail hentry category-evento post_format-post-format-aside\">\n\t<div class=\"post-content animated animate-when-almost-visible el-appear\">\n\n\t\t<div class=\"post-image\"><a href=\"https:\/\/www.goierrieskola.eus\/es\/goierri-campus-eko-ate-irekiak-2021\/\" class=\"element-wrap\"><img decoding=\"async\" data-src=\"https:\/\/www.goierrieskola.eus\/wp-content\/uploads\/2021\/01\/AteIrekiakCampusGoierri-480x162.png\" alt=\"PUERTAS ABIERTAS del Campus de Goierri 2021\" src=\"data:image\/svg+xml;base64,PHN2ZyB3aWR0aD0iMSIgaGVpZ2h0PSIxIiB4bWxucz0iaHR0cDovL3d3dy53My5vcmcvMjAwMC9zdmciPjwvc3ZnPg==\" class=\"lazyload\" style=\"--smush-placeholder-width: 480px; --smush-placeholder-aspect-ratio: 480\/162;\"><span class=\"hover-element\"><i>+<\/i><\/span><\/a><\/div><!--end post-image-->\n\t\t\n\t\t\t<div class=\"post-header\">\n\n\t\t\t\t\t\t\t\t\t<h3 class=\"post-title entry-title\"><a href=\"https:\/\/www.goierrieskola.eus\/es\/goierri-campus-eko-ate-irekiak-2021\/\">PUERTAS ABIERTAS del Campus de Goierri 2021<\/a>\n\t\t\t\t\t<\/h3>\n\t\t\t\t\n\t\t\t\t<span class=\"post-meta\">\n                    <small><a href=\"https:\/\/www.goierrieskola.eus\/es\/goierri-campus-eko-ate-irekiak-2021\/\" rel=\"bookmark\" class=\"post-time\"><time class=\"entry-date\" datetime=\"2021-01-21T08:17:57+00:00\">21 enero, 2021<\/time><time class=\"modify-date hide hidden updated\" datetime=\"2022-06-10T10:48:55+00:00\">10 junio, 2022<\/time><\/a><\/small>, <small class=\"meta-category\"><a href=\"https:\/\/www.goierrieskola.eus\/es\/category\/evento\/\" rel=\"category tag\">Evento-Jornada<\/a><\/small>, <small class=\"meta-comment-count\"><a href=\"https:\/\/www.goierrieskola.eus\/es\/goierri-campus-eko-ate-irekiak-2021\/#comments\">0 <i class=\"icon-chat-1 hover-tip\" data-original-title=\"Esta publicaci\u00f3n tiene 0 comentarios\" data-toggle=\"tooltip\" data-placement=\"top\"><\/i><\/a><\/small>                <\/span>\n\n\t\t\t<\/div><!--end post-header-->\n\n\t\t\t\n\t\t\t\t\t\t\t\t\t<div class=\"post-info\">\n\n\t\t\t\t\t\t<div class=\"entry-summary\">\n\t\t\t\t\t\t\t<p>El pr\u00f3ximo jueves, 28 de enero, se celebrar\u00e1 una jornada de puertas abiertas en el campus Goierri de Mondragon...<\/p>\t\t\t\t\t\t<\/div><!-- .entry-summary -->\n\n\t\t\t\t\t<\/div><!--end post-info-->\n\t\t\t\t\n\t\t\t\n\t\t\n\t\t<div class=\"post-footer\">\n\t\t\t<small>\n\t\t\t\t<a href=\"#\" class=\"item-likes\" id=\"item-likes-11177\" title=\"Like this\"><span class=\"item-likes-count\">0<\/span> <span class=\"item-likes-postfix\">likes<\/span><\/a>\n\t\t\t\t\t\t\t\t\t<a href=\"https:\/\/www.goierrieskola.eus\/es\/goierri-campus-eko-ate-irekiak-2021\/\"><span class=\"muted pull-right\">\n\t\t\t\t\t\tLeer m\u00e1s<\/span>\n\t\t\t\t\t<\/a>\n\t\t\t\t\n\t\t\t<\/small>\n\t\t<\/div><!--end post-footer-->\n\n\t<\/div><!--end post-content-->\n<\/article>\n\n\n<article id=\"post-11083\" class=\"post-item post-11083 post type-post status-publish format-aside has-post-thumbnail hentry category-sociedad post_format-post-format-aside\">\n\t<div class=\"post-content animated animate-when-almost-visible el-appear\">\n\n\t\t<div class=\"post-image\"><a href=\"https:\/\/www.goierrieskola.eus\/es\/kellesensa-aziz-mutikoaren-itxaropena\/\" class=\"element-wrap\"><img decoding=\"async\" data-src=\"https:\/\/www.goierrieskola.eus\/wp-content\/uploads\/2020\/11\/Imagen2-480x341.jpg\" alt=\"KELLESENSA: la esperanza de AZIZ.\" src=\"data:image\/svg+xml;base64,PHN2ZyB3aWR0aD0iMSIgaGVpZ2h0PSIxIiB4bWxucz0iaHR0cDovL3d3dy53My5vcmcvMjAwMC9zdmciPjwvc3ZnPg==\" class=\"lazyload\" style=\"--smush-placeholder-width: 480px; --smush-placeholder-aspect-ratio: 480\/341;\"><span class=\"hover-element\"><i>+<\/i><\/span><\/a><\/div><!--end post-image-->\n\t\t\n\t\t\t<div class=\"post-header\">\n\n\t\t\t\t\t\t\t\t\t<h3 class=\"post-title entry-title\"><a href=\"https:\/\/www.goierrieskola.eus\/es\/kellesensa-aziz-mutikoaren-itxaropena\/\">KELLESENSA: la esperanza de AZIZ.<\/a>\n\t\t\t\t\t<\/h3>\n\t\t\t\t\n\t\t\t\t<span class=\"post-meta\">\n                    <small><a href=\"https:\/\/www.goierrieskola.eus\/es\/kellesensa-aziz-mutikoaren-itxaropena\/\" rel=\"bookmark\" class=\"post-time\"><time class=\"entry-date\" datetime=\"2020-12-16T08:19:22+00:00\">16 diciembre, 2020<\/time><time class=\"modify-date hide hidden updated\" datetime=\"2022-02-23T15:39:20+00:00\">23 febrero, 2022<\/time><\/a><\/small>, <small class=\"meta-category\"><a href=\"https:\/\/www.goierrieskola.eus\/es\/category\/sociedad\/\" rel=\"category tag\">Sociedad<\/a><\/small>, <small class=\"meta-comment-count\"><a href=\"https:\/\/www.goierrieskola.eus\/es\/kellesensa-aziz-mutikoaren-itxaropena\/#comments\">0 <i class=\"icon-chat-1 hover-tip\" data-original-title=\"Esta publicaci\u00f3n tiene 0 comentarios\" data-toggle=\"tooltip\" data-placement=\"top\"><\/i><\/a><\/small>                <\/span>\n\n\t\t\t<\/div><!--end post-header-->\n\n\t\t\t\n\t\t\t\t\t\t\t\t\t<div class=\"post-info\">\n\n\t\t\t\t\t\t<div class=\"entry-summary\">\n\t\t\t\t\t\t\t<p> Alumnas y alumnos de Goierri Eskola est\u00e1n fabricando una bicicleta adaptada para el joven senegales Aziz en colaboraci\u00f3n...<\/p>\t\t\t\t\t\t<\/div><!-- .entry-summary -->\n\n\t\t\t\t\t<\/div><!--end post-info-->\n\t\t\t\t\n\t\t\t\n\t\t\n\t\t<div class=\"post-footer\">\n\t\t\t<small>\n\t\t\t\t<a href=\"#\" class=\"item-likes\" id=\"item-likes-11081\" title=\"Like this\"><span class=\"item-likes-count\">0<\/span> <span class=\"item-likes-postfix\">likes<\/span><\/a>\n\t\t\t\t\t\t\t\t\t<a href=\"https:\/\/www.goierrieskola.eus\/es\/kellesensa-aziz-mutikoaren-itxaropena\/\"><span class=\"muted pull-right\">\n\t\t\t\t\t\tLeer m\u00e1s<\/span>\n\t\t\t\t\t<\/a>\n\t\t\t\t\n\t\t\t<\/small>\n\t\t<\/div><!--end post-footer-->\n\n\t<\/div><!--end post-content-->\n<\/article>\n\n\n<article id=\"post-11028\" class=\"post-item post-11028 post type-post status-publish format-aside has-post-thumbnail hentry category-evento post_format-post-format-aside\">\n\t<div class=\"post-content animated animate-when-almost-visible el-appear\">\n\n\t\t<div class=\"post-image\"><a href=\"https:\/\/www.goierrieskola.eus\/es\/examenes-de-certificacion-en-end-por-certiaend-en-goierri-eskola\/\" class=\"element-wrap\"><img decoding=\"async\" data-src=\"https:\/\/www.goierrieskola.eus\/wp-content\/uploads\/2020\/12\/CERTIAEND-480x630.jpg\" alt=\"Examenes de certificaci\u00f3n en END por CERTIAEND en Goierri Eskola\" src=\"data:image\/svg+xml;base64,PHN2ZyB3aWR0aD0iMSIgaGVpZ2h0PSIxIiB4bWxucz0iaHR0cDovL3d3dy53My5vcmcvMjAwMC9zdmciPjwvc3ZnPg==\" class=\"lazyload\" style=\"--smush-placeholder-width: 480px; --smush-placeholder-aspect-ratio: 480\/630;\"><span class=\"hover-element\"><i>+<\/i><\/span><\/a><\/div><!--end post-image-->\n\t\t\n\t\t\t<div class=\"post-header\">\n\n\t\t\t\t\t\t\t\t\t<h3 class=\"post-title entry-title\"><a href=\"https:\/\/www.goierrieskola.eus\/es\/examenes-de-certificacion-en-end-por-certiaend-en-goierri-eskola\/\">Examenes de certificaci\u00f3n en END por CERTIAEND en Goierri Eskola<\/a>\n\t\t\t\t\t<\/h3>\n\t\t\t\t\n\t\t\t\t<span class=\"post-meta\">\n                    <small><a href=\"https:\/\/www.goierrieskola.eus\/es\/examenes-de-certificacion-en-end-por-certiaend-en-goierri-eskola\/\" rel=\"bookmark\" class=\"post-time\"><time class=\"entry-date\" datetime=\"2020-12-04T10:07:41+00:00\">4 diciembre, 2020<\/time><time class=\"modify-date hide hidden updated\" datetime=\"2020-12-04T11:45:19+00:00\">4 diciembre, 2020<\/time><\/a><\/small>, <small class=\"meta-category\"><a href=\"https:\/\/www.goierrieskola.eus\/es\/category\/evento\/\" rel=\"category tag\">Evento-Jornada<\/a><\/small>, <small class=\"meta-comment-count\"><a href=\"https:\/\/www.goierrieskola.eus\/es\/examenes-de-certificacion-en-end-por-certiaend-en-goierri-eskola\/#comments\">0 <i class=\"icon-chat-1 hover-tip\" data-original-title=\"Esta publicaci\u00f3n tiene 0 comentarios\" data-toggle=\"tooltip\" data-placement=\"top\"><\/i><\/a><\/small>                <\/span>\n\n\t\t\t<\/div><!--end post-header-->\n\n\t\t\t\n\t\t\t\t\t\t\t\t\t<div class=\"post-info\">\n\n\t\t\t\t\t\t<div class=\"entry-summary\">\n\t\t\t\t\t\t\t<p> Durante estos d\u00edas, en\u00a0GOIERRI ESKOLA se est\u00e1 celebrando una nueva convocatoria para la realizaci\u00f3n de ex\u00e1menes para la...<\/p>\t\t\t\t\t\t<\/div><!-- .entry-summary -->\n\n\t\t\t\t\t<\/div><!--end post-info-->\n\t\t\t\t\n\t\t\t\n\t\t\n\t\t<div class=\"post-footer\">\n\t\t\t<small>\n\t\t\t\t<a href=\"#\" class=\"item-likes\" id=\"item-likes-11038\" title=\"Like this\"><span class=\"item-likes-count\">1<\/span> <span class=\"item-likes-postfix\">like<\/span><\/a>\n\t\t\t\t\t\t\t\t\t<a href=\"https:\/\/www.goierrieskola.eus\/es\/examenes-de-certificacion-en-end-por-certiaend-en-goierri-eskola\/\"><span class=\"muted pull-right\">\n\t\t\t\t\t\tLeer m\u00e1s<\/span>\n\t\t\t\t\t<\/a>\n\t\t\t\t\n\t\t\t<\/small>\n\t\t<\/div><!--end post-footer-->\n\n\t<\/div><!--end post-content-->\n<\/article>\n\n\n<article id=\"post-11012\" class=\"post-item post-11012 post type-post status-publish format-aside has-post-thumbnail hentry category-cursos post_format-post-format-aside\">\n\t<div class=\"post-content animated animate-when-almost-visible el-appear\">\n\n\t\t<div class=\"post-image\"><a href=\"https:\/\/www.goierrieskola.eus\/es\/langabetuentzako-ikastaroak\/\" class=\"element-wrap\"><img decoding=\"async\" data-src=\"https:\/\/www.goierrieskola.eus\/wp-content\/uploads\/2020\/12\/kurtsoak-480x279.jpg\" alt=\"Cursos para desempleados\" src=\"data:image\/svg+xml;base64,PHN2ZyB3aWR0aD0iMSIgaGVpZ2h0PSIxIiB4bWxucz0iaHR0cDovL3d3dy53My5vcmcvMjAwMC9zdmciPjwvc3ZnPg==\" class=\"lazyload\" style=\"--smush-placeholder-width: 480px; --smush-placeholder-aspect-ratio: 480\/279;\"><span class=\"hover-element\"><i>+<\/i><\/span><\/a><\/div><!--end post-image-->\n\t\t\n\t\t\t<div class=\"post-header\">\n\n\t\t\t\t\t\t\t\t\t<h3 class=\"post-title entry-title\"><a href=\"https:\/\/www.goierrieskola.eus\/es\/langabetuentzako-ikastaroak\/\">Cursos para desempleados<\/a>\n\t\t\t\t\t<\/h3>\n\t\t\t\t\n\t\t\t\t<span class=\"post-meta\">\n                    <small><a href=\"https:\/\/www.goierrieskola.eus\/es\/langabetuentzako-ikastaroak\/\" rel=\"bookmark\" class=\"post-time\"><time class=\"entry-date\" datetime=\"2020-12-03T14:08:03+00:00\">3 diciembre, 2020<\/time><time class=\"modify-date hide hidden updated\" datetime=\"2022-02-23T15:39:58+00:00\">23 febrero, 2022<\/time><\/a><\/small>, <small class=\"meta-category\"><a href=\"https:\/\/www.goierrieskola.eus\/es\/category\/cursos\/\" rel=\"category tag\">Cursos<\/a><\/small>, <small class=\"meta-comment-count\"><a href=\"https:\/\/www.goierrieskola.eus\/es\/langabetuentzako-ikastaroak\/#comments\">0 <i class=\"icon-chat-1 hover-tip\" data-original-title=\"Esta publicaci\u00f3n tiene 0 comentarios\" data-toggle=\"tooltip\" data-placement=\"top\"><\/i><\/a><\/small>                <\/span>\n\n\t\t\t<\/div><!--end post-header-->\n\n\t\t\t\n\t\t\t\t\t\t\t\t\t<div class=\"post-info\">\n\n\t\t\t\t\t\t<div class=\"entry-summary\">\n\t\t\t\t\t\t\t<p>OBJETIVO DEL CURSO: Realizar las operaciones de la gesti\u00f3n administrativa de compraventa de productos y servicios, tesorer\u00eda y personal,...<\/p>\t\t\t\t\t\t<\/div><!-- .entry-summary -->\n\n\t\t\t\t\t<\/div><!--end post-info-->\n\t\t\t\t\n\t\t\t\n\t\t\n\t\t<div class=\"post-footer\">\n\t\t\t<small>\n\t\t\t\t<a href=\"#\" class=\"item-likes\" id=\"item-likes-11003\" title=\"Like this\"><span class=\"item-likes-count\">1<\/span> <span class=\"item-likes-postfix\">like<\/span><\/a>\n\t\t\t\t\t\t\t\t\t<a href=\"https:\/\/www.goierrieskola.eus\/es\/langabetuentzako-ikastaroak\/\"><span class=\"muted pull-right\">\n\t\t\t\t\t\tLeer m\u00e1s<\/span>\n\t\t\t\t\t<\/a>\n\t\t\t\t\n\t\t\t<\/small>\n\t\t<\/div><!--end post-footer-->\n\n\t<\/div><!--end post-content-->\n<\/article>\n\n\n<article id=\"post-10963\" class=\"post-item post-10963 post type-post status-publish format-aside has-post-thumbnail hentry category-gizartera-es category-sociedad post_format-post-format-aside\">\n\t<div class=\"post-content animated animate-when-almost-visible el-appear\">\n\n\t\t<div class=\"post-image\"><a href=\"https:\/\/www.goierrieskola.eus\/es\/participacion-en-el-programa-biba-zuek-para-exponer-el-proyecto-de-ayuda-para-el-joven-aziz\/\" class=\"element-wrap\"><img decoding=\"async\" data-src=\"https:\/\/www.goierrieskola.eus\/wp-content\/uploads\/2020\/11\/Imagen2-480x341.jpg\" alt=\"Participaci\u00f3n en el programa Biba Zuek para exponer el proyecto de ayuda para el joven Aziz.\" src=\"data:image\/svg+xml;base64,PHN2ZyB3aWR0aD0iMSIgaGVpZ2h0PSIxIiB4bWxucz0iaHR0cDovL3d3dy53My5vcmcvMjAwMC9zdmciPjwvc3ZnPg==\" class=\"lazyload\" style=\"--smush-placeholder-width: 480px; --smush-placeholder-aspect-ratio: 480\/341;\"><span class=\"hover-element\"><i>+<\/i><\/span><\/a><\/div><!--end post-image-->\n\t\t\n\t\t\t<div class=\"post-header\">\n\n\t\t\t\t\t\t\t\t\t<h3 class=\"post-title entry-title\"><a href=\"https:\/\/www.goierrieskola.eus\/es\/participacion-en-el-programa-biba-zuek-para-exponer-el-proyecto-de-ayuda-para-el-joven-aziz\/\">Participaci\u00f3n en el programa Biba Zuek para exponer el proyecto de ayuda para el joven Aziz.<\/a>\n\t\t\t\t\t<\/h3>\n\t\t\t\t\n\t\t\t\t<span class=\"post-meta\">\n                    <small><a href=\"https:\/\/www.goierrieskola.eus\/es\/participacion-en-el-programa-biba-zuek-para-exponer-el-proyecto-de-ayuda-para-el-joven-aziz\/\" rel=\"bookmark\" class=\"post-time\"><time class=\"entry-date\" datetime=\"2020-11-17T17:21:29+00:00\">17 noviembre, 2020<\/time><time class=\"modify-date hide hidden updated\" datetime=\"2022-02-23T15:40:56+00:00\">23 febrero, 2022<\/time><\/a><\/small>, <small class=\"meta-category\"><a href=\"https:\/\/www.goierrieskola.eus\/es\/category\/gizartera-es\/\" rel=\"category tag\">Gizartera<\/a>, <a href=\"https:\/\/www.goierrieskola.eus\/es\/category\/sociedad\/\" rel=\"category tag\">Sociedad<\/a><\/small>, <small class=\"meta-comment-count\"><a href=\"https:\/\/www.goierrieskola.eus\/es\/participacion-en-el-programa-biba-zuek-para-exponer-el-proyecto-de-ayuda-para-el-joven-aziz\/#comments\">0 <i class=\"icon-chat-1 hover-tip\" data-original-title=\"Esta publicaci\u00f3n tiene 0 comentarios\" data-toggle=\"tooltip\" data-placement=\"top\"><\/i><\/a><\/small>                <\/span>\n\n\t\t\t<\/div><!--end post-header-->\n\n\t\t\t\n\t\t\t\t\t\t\t\t\t<div class=\"post-info\">\n\n\t\t\t\t\t\t<div class=\"entry-summary\">\n\t\t\t\t\t\t\t<p>Las y los alumnos de Goierri Eskola est\u00e1n inmersos en un nuevo proyecto: la realizaci\u00f3n de una bicicleta adaptada...<\/p>\t\t\t\t\t\t<\/div><!-- .entry-summary -->\n\n\t\t\t\t\t<\/div><!--end post-info-->\n\t\t\t\t\n\t\t\t\n\t\t\n\t\t<div class=\"post-footer\">\n\t\t\t<small>\n\t\t\t\t<a href=\"#\" class=\"item-likes\" id=\"item-likes-10959\" title=\"Like this\"><span class=\"item-likes-count\">0<\/span> <span class=\"item-likes-postfix\">likes<\/span><\/a>\n\t\t\t\t\t\t\t\t\t<a href=\"https:\/\/www.goierrieskola.eus\/es\/participacion-en-el-programa-biba-zuek-para-exponer-el-proyecto-de-ayuda-para-el-joven-aziz\/\"><span class=\"muted pull-right\">\n\t\t\t\t\t\tLeer m\u00e1s<\/span>\n\t\t\t\t\t<\/a>\n\t\t\t\t\n\t\t\t<\/small>\n\t\t<\/div><!--end post-footer-->\n\n\t<\/div><!--end post-content-->\n<\/article>\n\n\n<article id=\"post-10951\" class=\"post-item post-10951 post type-post status-publish format-standard has-post-thumbnail hentry category-evento category-ingenieria-2\">\n\t<div class=\"post-content animated animate-when-almost-visible el-appear\">\n\n\t\t<div class=\"post-image\"><a href=\"https:\/\/www.goierrieskola.eus\/es\/live-demo-3d-imprimaketa-metalikoa\/\" class=\"element-wrap\"><img decoding=\"async\" data-src=\"https:\/\/www.goierrieskola.eus\/wp-content\/uploads\/2020\/11\/Markforged_LiveDemo-480x318.jpg\" alt=\"LIVE DEMO: Impresi\u00f3n Met\u00e1lica 3D.\" src=\"data:image\/svg+xml;base64,PHN2ZyB3aWR0aD0iMSIgaGVpZ2h0PSIxIiB4bWxucz0iaHR0cDovL3d3dy53My5vcmcvMjAwMC9zdmciPjwvc3ZnPg==\" class=\"lazyload\" style=\"--smush-placeholder-width: 480px; --smush-placeholder-aspect-ratio: 480\/318;\"><span class=\"hover-element\"><i>+<\/i><\/span><\/a><\/div><!--end post-image-->\n\t\t\n\t\t\t<div class=\"post-header\">\n\n\t\t\t\t\t\t\t\t\t<h3 class=\"post-title entry-title\"><a href=\"https:\/\/www.goierrieskola.eus\/es\/live-demo-3d-imprimaketa-metalikoa\/\">LIVE DEMO: Impresi\u00f3n Met\u00e1lica 3D.<\/a>\n\t\t\t\t\t<\/h3>\n\t\t\t\t\n\t\t\t\t<span class=\"post-meta\">\n                    <small><a href=\"https:\/\/www.goierrieskola.eus\/es\/live-demo-3d-imprimaketa-metalikoa\/\" rel=\"bookmark\" class=\"post-time\"><time class=\"entry-date\" datetime=\"2020-11-03T16:53:07+00:00\">3 noviembre, 2020<\/time><time class=\"modify-date hide hidden updated\" datetime=\"2022-06-10T10:48:56+00:00\">10 junio, 2022<\/time><\/a><\/small>, <small class=\"meta-category\"><a href=\"https:\/\/www.goierrieskola.eus\/es\/category\/evento\/\" rel=\"category tag\">Evento-Jornada<\/a>, <a href=\"https:\/\/www.goierrieskola.eus\/es\/category\/ingenieria-2\/\" rel=\"category tag\">Ingenier\u00eda<\/a><\/small>, <small class=\"meta-comment-count\"><a href=\"https:\/\/www.goierrieskola.eus\/es\/live-demo-3d-imprimaketa-metalikoa\/#comments\">0 <i class=\"icon-chat-1 hover-tip\" data-original-title=\"Esta publicaci\u00f3n tiene 0 comentarios\" data-toggle=\"tooltip\" data-placement=\"top\"><\/i><\/a><\/small>                <\/span>\n\n\t\t\t<\/div><!--end post-header-->\n\n\t\t\t\n\t\t\t\t\t\t\t\t\t<div class=\"post-info\">\n\n\t\t\t\t\t\t<div class=\"entry-summary\">\n\t\t\t\t\t\t\t<p> Accede a la grabaci\u00f3n de la LIVE DEMO! De la mano de Markforged\u00a0, y con la colaboraci\u00f3n de\u00a03DZ,...<\/p>\t\t\t\t\t\t<\/div><!-- .entry-summary -->\n\n\t\t\t\t\t<\/div><!--end post-info-->\n\t\t\t\t\n\t\t\t\n\t\t\n\t\t<div class=\"post-footer\">\n\t\t\t<small>\n\t\t\t\t<a href=\"#\" class=\"item-likes\" id=\"item-likes-10942\" title=\"Like this\"><span class=\"item-likes-count\">0<\/span> <span class=\"item-likes-postfix\">likes<\/span><\/a>\n\t\t\t\t\t\t\t\t\t<a href=\"https:\/\/www.goierrieskola.eus\/es\/live-demo-3d-imprimaketa-metalikoa\/\"><span class=\"muted pull-right\">\n\t\t\t\t\t\tLeer m\u00e1s<\/span>\n\t\t\t\t\t<\/a>\n\t\t\t\t\n\t\t\t<\/small>\n\t\t<\/div><!--end post-footer-->\n\n\t<\/div><!--end post-content-->\n<\/article>\n\n\n<article id=\"post-10860\" class=\"post-item post-10860 post type-post status-publish format-standard has-post-thumbnail hentry category-proyectos\">\n\t<div class=\"post-content animated animate-when-almost-visible el-appear\">\n\n\t\t<div class=\"post-image\"><a href=\"https:\/\/www.goierrieskola.eus\/es\/sistema-de-gestion-de-produccion-y-calidad-4-0-mediante-analitica-de-datos\/\" class=\"element-wrap\"><img decoding=\"async\" data-src=\"https:\/\/www.goierrieskola.eus\/wp-content\/uploads\/2020\/04\/vlcsnap-2020-01-29-12h03m37s622-e1602166450149-480x335.png\" alt=\"Sistema de Gesti\u00f3n de Producci\u00f3n y Calidad 4.0 mediante Anal\u00edtica de Datos.\" src=\"data:image\/svg+xml;base64,PHN2ZyB3aWR0aD0iMSIgaGVpZ2h0PSIxIiB4bWxucz0iaHR0cDovL3d3dy53My5vcmcvMjAwMC9zdmciPjwvc3ZnPg==\" class=\"lazyload\" style=\"--smush-placeholder-width: 480px; --smush-placeholder-aspect-ratio: 480\/335;\"><span class=\"hover-element\"><i>+<\/i><\/span><\/a><\/div><!--end post-image-->\n\t\t\n\t\t\t<div class=\"post-header\">\n\n\t\t\t\t\t\t\t\t\t<h3 class=\"post-title entry-title\"><a href=\"https:\/\/www.goierrieskola.eus\/es\/sistema-de-gestion-de-produccion-y-calidad-4-0-mediante-analitica-de-datos\/\">Sistema de Gesti\u00f3n de Producci\u00f3n y Calidad 4.0 mediante Anal\u00edtica de Datos.<\/a>\n\t\t\t\t\t<\/h3>\n\t\t\t\t\n\t\t\t\t<span class=\"post-meta\">\n                    <small><a href=\"https:\/\/www.goierrieskola.eus\/es\/sistema-de-gestion-de-produccion-y-calidad-4-0-mediante-analitica-de-datos\/\" rel=\"bookmark\" class=\"post-time\"><time class=\"entry-date\" datetime=\"2020-10-08T14:38:19+00:00\">8 octubre, 2020<\/time><time class=\"modify-date hide hidden updated\" datetime=\"2022-03-03T14:56:21+00:00\">3 marzo, 2022<\/time><\/a><\/small>, <small class=\"meta-category\"><a href=\"https:\/\/www.goierrieskola.eus\/es\/category\/proyectos\/\" rel=\"category tag\">Proyectos<\/a><\/small>, <small class=\"meta-comment-count\"><a href=\"https:\/\/www.goierrieskola.eus\/es\/sistema-de-gestion-de-produccion-y-calidad-4-0-mediante-analitica-de-datos\/#comments\">0 <i class=\"icon-chat-1 hover-tip\" data-original-title=\"Esta publicaci\u00f3n tiene 0 comentarios\" data-toggle=\"tooltip\" data-placement=\"top\"><\/i><\/a><\/small>                <\/span>\n\n\t\t\t<\/div><!--end post-header-->\n\n\t\t\t\n\t\t\t\t\t\t\t\t\t<div class=\"post-info\">\n\n\t\t\t\t\t\t<div class=\"entry-summary\">\n\t\t\t\t\t\t\t<p>Goierri Eskola a implantado el sistema de Gesti\u00f3n de la Producci\u00f3n 4.0, destinada a que el alumnado adquiera competencias...<\/p>\t\t\t\t\t\t<\/div><!-- .entry-summary -->\n\n\t\t\t\t\t<\/div><!--end post-info-->\n\t\t\t\t\n\t\t\t\n\t\t\n\t\t<div class=\"post-footer\">\n\t\t\t<small>\n\t\t\t\t<a href=\"#\" class=\"item-likes\" id=\"item-likes-10865\" title=\"Like this\"><span class=\"item-likes-count\">0<\/span> <span class=\"item-likes-postfix\">likes<\/span><\/a>\n\t\t\t\t\t\t\t\t\t<a href=\"https:\/\/www.goierrieskola.eus\/es\/sistema-de-gestion-de-produccion-y-calidad-4-0-mediante-analitica-de-datos\/\"><span class=\"muted pull-right\">\n\t\t\t\t\t\tLeer m\u00e1s<\/span>\n\t\t\t\t\t<\/a>\n\t\t\t\t\n\t\t\t<\/small>\n\t\t<\/div><!--end post-footer-->\n\n\t<\/div><!--end post-content-->\n<\/article>\n\n\n<article id=\"post-7775\" class=\"post-item post-7775 post type-post status-publish format-standard has-post-thumbnail hentry category-bachillerato\">\n\t<div class=\"post-content animated animate-when-almost-visible el-appear\">\n\n\t\t<div class=\"post-image\"><a href=\"https:\/\/www.goierrieskola.eus\/es\/inicio-del-curso-jornada-de-presentacion\/\" class=\"element-wrap\"><img decoding=\"async\" data-src=\"https:\/\/www.goierrieskola.eus\/wp-content\/uploads\/2015\/07\/Ikasleak_horiz-e1437647056731-480x127.jpg\" alt=\"INICIO DEL CURSO &#8211; JORNADA DE PRESENTACI\u00d3N\" src=\"data:image\/svg+xml;base64,PHN2ZyB3aWR0aD0iMSIgaGVpZ2h0PSIxIiB4bWxucz0iaHR0cDovL3d3dy53My5vcmcvMjAwMC9zdmciPjwvc3ZnPg==\" class=\"lazyload\" style=\"--smush-placeholder-width: 480px; --smush-placeholder-aspect-ratio: 480\/127;\"><span class=\"hover-element\"><i>+<\/i><\/span><\/a><\/div><!--end post-image-->\n\t\t\n\t\t\t<div class=\"post-header\">\n\n\t\t\t\t\t\t\t\t\t<h3 class=\"post-title entry-title\"><a href=\"https:\/\/www.goierrieskola.eus\/es\/inicio-del-curso-jornada-de-presentacion\/\">INICIO DEL CURSO &#8211; JORNADA DE PRESENTACI\u00d3N<\/a>\n\t\t\t\t\t<\/h3>\n\t\t\t\t\n\t\t\t\t<span class=\"post-meta\">\n                    <small><a href=\"https:\/\/www.goierrieskola.eus\/es\/inicio-del-curso-jornada-de-presentacion\/\" rel=\"bookmark\" class=\"post-time\"><time class=\"entry-date\" datetime=\"2020-07-22T07:00:18+00:00\">22 julio, 2020<\/time><time class=\"modify-date hide hidden updated\" datetime=\"2022-02-23T16:02:04+00:00\">23 febrero, 2022<\/time><\/a><\/small>, <small class=\"meta-category\"><a href=\"https:\/\/www.goierrieskola.eus\/es\/category\/bachillerato\/\" rel=\"category tag\">Bachillerato<\/a><\/small>, <small class=\"meta-comment-count\"><a href=\"https:\/\/www.goierrieskola.eus\/es\/inicio-del-curso-jornada-de-presentacion\/#comments\">0 <i class=\"icon-chat-1 hover-tip\" data-original-title=\"Esta publicaci\u00f3n tiene 0 comentarios\" data-toggle=\"tooltip\" data-placement=\"top\"><\/i><\/a><\/small>                <\/span>\n\n\t\t\t<\/div><!--end post-header-->\n\n\t\t\t\n\t\t\t\t\t\t\t\t\t<div class=\"post-info\">\n\n\t\t\t\t\t\t<div class=\"entry-summary\">\n\t\t\t\t\t\t\t<p>A continuaci\u00f3n se detallan las FECHAS Y AULAS para la presentaci\u00f3n del curso escolar 20\/21: BACHILLERATO &#8211; 15 de...<\/p>\t\t\t\t\t\t<\/div><!-- .entry-summary -->\n\n\t\t\t\t\t<\/div><!--end post-info-->\n\t\t\t\t\n\t\t\t\n\t\t\n\t\t<div class=\"post-footer\">\n\t\t\t<small>\n\t\t\t\t<a href=\"#\" class=\"item-likes\" id=\"item-likes-7767\" title=\"Like this\"><span class=\"item-likes-count\">2<\/span> <span class=\"item-likes-postfix\">likes<\/span><\/a>\n\t\t\t\t\t\t\t\t\t<a href=\"https:\/\/www.goierrieskola.eus\/es\/inicio-del-curso-jornada-de-presentacion\/\"><span class=\"muted pull-right\">\n\t\t\t\t\t\tLeer m\u00e1s<\/span>\n\t\t\t\t\t<\/a>\n\t\t\t\t\n\t\t\t<\/small>\n\t\t<\/div><!--end post-footer-->\n\n\t<\/div><!--end post-content-->\n<\/article>\n\n\n<article id=\"post-10560\" class=\"post-item post-10560 post type-post status-publish format-standard has-post-thumbnail hentry category-cursos\">\n\t<div class=\"post-content animated animate-when-almost-visible el-appear\">\n\n\t\t<div class=\"post-image\"><a href=\"https:\/\/www.goierrieskola.eus\/es\/certificado-profesional-soldadura-oxigas-mig-mag-unidad-formativa-soldadura-tig\/\" class=\"element-wrap\"><img decoding=\"async\" data-src=\"https:\/\/www.goierrieskola.eus\/wp-content\/uploads\/2020\/03\/oxigas-480x172.png\" alt=\"Certificado profesional Soldadura OXIG\u00c1S, MIG\/MAG  + unidad formativa soldadura TIG\" src=\"data:image\/svg+xml;base64,PHN2ZyB3aWR0aD0iMSIgaGVpZ2h0PSIxIiB4bWxucz0iaHR0cDovL3d3dy53My5vcmcvMjAwMC9zdmciPjwvc3ZnPg==\" class=\"lazyload\" style=\"--smush-placeholder-width: 480px; --smush-placeholder-aspect-ratio: 480\/172;\"><span class=\"hover-element\"><i>+<\/i><\/span><\/a><\/div><!--end post-image-->\n\t\t\n\t\t\t<div class=\"post-header\">\n\n\t\t\t\t\t\t\t\t\t<h3 class=\"post-title entry-title\"><a href=\"https:\/\/www.goierrieskola.eus\/es\/certificado-profesional-soldadura-oxigas-mig-mag-unidad-formativa-soldadura-tig\/\">Certificado profesional Soldadura OXIG\u00c1S, MIG\/MAG  + unidad formativa soldadura TIG<\/a>\n\t\t\t\t\t<\/h3>\n\t\t\t\t\n\t\t\t\t<span class=\"post-meta\">\n                    <small><a href=\"https:\/\/www.goierrieskola.eus\/es\/certificado-profesional-soldadura-oxigas-mig-mag-unidad-formativa-soldadura-tig\/\" rel=\"bookmark\" class=\"post-time\"><time class=\"entry-date\" datetime=\"2020-03-26T13:37:34+00:00\">26 marzo, 2020<\/time><time class=\"modify-date hide hidden updated\" datetime=\"2022-02-23T15:43:52+00:00\">23 febrero, 2022<\/time><\/a><\/small>, <small class=\"meta-category\"><a href=\"https:\/\/www.goierrieskola.eus\/es\/category\/cursos\/\" rel=\"category tag\">Cursos<\/a><\/small>, <small class=\"meta-comment-count\"><a href=\"https:\/\/www.goierrieskola.eus\/es\/certificado-profesional-soldadura-oxigas-mig-mag-unidad-formativa-soldadura-tig\/#comments\">0 <i class=\"icon-chat-1 hover-tip\" data-original-title=\"Esta publicaci\u00f3n tiene 0 comentarios\" data-toggle=\"tooltip\" data-placement=\"top\"><\/i><\/a><\/small>                <\/span>\n\n\t\t\t<\/div><!--end post-header-->\n\n\t\t\t\n\t\t\t\t\t\t\t\t\t<div class=\"post-info\">\n\n\t\t\t\t\t\t<div class=\"entry-summary\">\n\t\t\t\t\t\t\t<p>OBJETIVOS DEL CURSO: Realizar soldaduras y proyecciones t\u00e9rmicas por oxig\u00e1s, soldaduras con arco bajo gas protector con electrodo consumible...<\/p>\t\t\t\t\t\t<\/div><!-- .entry-summary -->\n\n\t\t\t\t\t<\/div><!--end post-info-->\n\t\t\t\t\n\t\t\t\n\t\t\n\t\t<div class=\"post-footer\">\n\t\t\t<small>\n\t\t\t\t<a href=\"#\" class=\"item-likes\" id=\"item-likes-10546\" title=\"Like this\"><span class=\"item-likes-count\">0<\/span> <span class=\"item-likes-postfix\">likes<\/span><\/a>\n\t\t\t\t\t\t\t\t\t<a href=\"https:\/\/www.goierrieskola.eus\/es\/certificado-profesional-soldadura-oxigas-mig-mag-unidad-formativa-soldadura-tig\/\"><span class=\"muted pull-right\">\n\t\t\t\t\t\tLeer m\u00e1s<\/span>\n\t\t\t\t\t<\/a>\n\t\t\t\t\n\t\t\t<\/small>\n\t\t<\/div><!--end post-footer-->\n\n\t<\/div><!--end post-content-->\n<\/article>\n\n\n<article id=\"post-10478\" class=\"post-item post-10478 post type-post status-publish format-standard has-post-thumbnail hentry category-gure_enbaxadoreak-es\">\n\t<div class=\"post-content animated animate-when-almost-visible el-appear\">\n\n\t\t<div class=\"post-image\"><a href=\"https:\/\/www.goierrieskola.eus\/es\/gure-enbaxadoreak-ainhoa-barandiaran\/\" class=\"element-wrap\"><img decoding=\"async\" data-src=\"https:\/\/www.goierrieskola.eus\/wp-content\/uploads\/2020\/01\/Ainhoa-Barandiaran-e1579617517671-480x197.jpg\" alt=\"GURE ENBAXADOREAK: AINHOA BARANDIARAN\" src=\"data:image\/svg+xml;base64,PHN2ZyB3aWR0aD0iMSIgaGVpZ2h0PSIxIiB4bWxucz0iaHR0cDovL3d3dy53My5vcmcvMjAwMC9zdmciPjwvc3ZnPg==\" class=\"lazyload\" style=\"--smush-placeholder-width: 480px; --smush-placeholder-aspect-ratio: 480\/197;\"><span class=\"hover-element\"><i>+<\/i><\/span><\/a><\/div><!--end post-image-->\n\t\t\n\t\t\t<div class=\"post-header\">\n\n\t\t\t\t\t\t\t\t\t<h3 class=\"post-title entry-title\"><a href=\"https:\/\/www.goierrieskola.eus\/es\/gure-enbaxadoreak-ainhoa-barandiaran\/\">GURE ENBAXADOREAK: AINHOA BARANDIARAN<\/a>\n\t\t\t\t\t<\/h3>\n\t\t\t\t\n\t\t\t\t<span class=\"post-meta\">\n                    <small><a href=\"https:\/\/www.goierrieskola.eus\/es\/gure-enbaxadoreak-ainhoa-barandiaran\/\" rel=\"bookmark\" class=\"post-time\"><time class=\"entry-date\" datetime=\"2020-01-21T15:07:18+00:00\">21 enero, 2020<\/time><time class=\"modify-date hide hidden updated\" datetime=\"2020-01-22T11:20:10+00:00\">22 enero, 2020<\/time><\/a><\/small>, <small class=\"meta-category\"><a href=\"https:\/\/www.goierrieskola.eus\/es\/category\/gure_enbaxadoreak-es\/\" rel=\"category tag\">Gure Enbaxadoreak<\/a><\/small>, <small class=\"meta-comment-count\"><a href=\"https:\/\/www.goierrieskola.eus\/es\/gure-enbaxadoreak-ainhoa-barandiaran\/#comments\">0 <i class=\"icon-chat-1 hover-tip\" data-original-title=\"Esta publicaci\u00f3n tiene 0 comentarios\" data-toggle=\"tooltip\" data-placement=\"top\"><\/i><\/a><\/small>                <\/span>\n\n\t\t\t<\/div><!--end post-header-->\n\n\t\t\t\n\t\t\t\t\t\t\t\t\t<div class=\"post-info\">\n\n\t\t\t\t\t\t<div class=\"entry-summary\">\n\t\t\t\t\t\t\t<p>Una vez finalizado el bachillerato, Ainhoa Barandiaran estudi\u00f3 Comunicaci\u00f3n Audiovisual (1990 \u2013 Amasa-Villabona). Trabaj\u00f3 durante un a\u00f1o en un...<\/p>\t\t\t\t\t\t<\/div><!-- .entry-summary -->\n\n\t\t\t\t\t<\/div><!--end post-info-->\n\t\t\t\t\n\t\t\t\n\t\t\n\t\t<div class=\"post-footer\">\n\t\t\t<small>\n\t\t\t\t<a href=\"#\" class=\"item-likes\" id=\"item-likes-10472\" title=\"Like this\"><span class=\"item-likes-count\">3<\/span> <span class=\"item-likes-postfix\">likes<\/span><\/a>\n\t\t\t\t\t\t\t\t\t<a href=\"https:\/\/www.goierrieskola.eus\/es\/gure-enbaxadoreak-ainhoa-barandiaran\/\"><span class=\"muted pull-right\">\n\t\t\t\t\t\tLeer m\u00e1s<\/span>\n\t\t\t\t\t<\/a>\n\t\t\t\t\n\t\t\t<\/small>\n\t\t<\/div><!--end post-footer-->\n\n\t<\/div><!--end post-content-->\n<\/article>\n\n\n<article id=\"post-9702\" class=\"post-item post-9702 post type-post status-publish format-standard has-post-thumbnail hentry category-ikastaroak-es\">\n\t<div class=\"post-content animated animate-when-almost-visible el-appear\">\n\n\t\t<div class=\"post-image\"><a href=\"https:\/\/www.goierrieskola.eus\/es\/curso-para-desempleados-as-competencias-basicas-matematicas-y-lengua-castellana\/\" class=\"element-wrap\"><img decoding=\"async\" data-src=\"https:\/\/www.goierrieskola.eus\/wp-content\/uploads\/2018\/11\/estudiar-480x174.jpg\" alt=\"CURSO PARA DESEMPLEADOS\/AS: COMPETENCIAS B\u00c1SICAS MATEM\u00c1TICAS Y LENGUA CASTELLANA\" src=\"data:image\/svg+xml;base64,PHN2ZyB3aWR0aD0iMSIgaGVpZ2h0PSIxIiB4bWxucz0iaHR0cDovL3d3dy53My5vcmcvMjAwMC9zdmciPjwvc3ZnPg==\" class=\"lazyload\" style=\"--smush-placeholder-width: 480px; --smush-placeholder-aspect-ratio: 480\/174;\"><span class=\"hover-element\"><i>+<\/i><\/span><\/a><\/div><!--end post-image-->\n\t\t\n\t\t\t<div class=\"post-header\">\n\n\t\t\t\t\t\t\t\t\t<h3 class=\"post-title entry-title\"><a href=\"https:\/\/www.goierrieskola.eus\/es\/curso-para-desempleados-as-competencias-basicas-matematicas-y-lengua-castellana\/\">CURSO PARA DESEMPLEADOS\/AS: COMPETENCIAS B\u00c1SICAS MATEM\u00c1TICAS Y LENGUA CASTELLANA<\/a>\n\t\t\t\t\t<\/h3>\n\t\t\t\t\n\t\t\t\t<span class=\"post-meta\">\n                    <small><a href=\"https:\/\/www.goierrieskola.eus\/es\/curso-para-desempleados-as-competencias-basicas-matematicas-y-lengua-castellana\/\" rel=\"bookmark\" class=\"post-time\"><time class=\"entry-date\" datetime=\"2019-11-27T10:58:08+00:00\">27 noviembre, 2019<\/time><time class=\"modify-date hide hidden updated\" datetime=\"2019-11-28T16:09:17+00:00\">28 noviembre, 2019<\/time><\/a><\/small>, <small class=\"meta-category\"><a href=\"https:\/\/www.goierrieskola.eus\/es\/category\/ikastaroak-es\/\" rel=\"category tag\">Ikastaroak<\/a><\/small>, <small class=\"meta-comment-count\"><a href=\"https:\/\/www.goierrieskola.eus\/es\/curso-para-desempleados-as-competencias-basicas-matematicas-y-lengua-castellana\/#comments\">0 <i class=\"icon-chat-1 hover-tip\" data-original-title=\"Esta publicaci\u00f3n tiene 0 comentarios\" data-toggle=\"tooltip\" data-placement=\"top\"><\/i><\/a><\/small>                <\/span>\n\n\t\t\t<\/div><!--end post-header-->\n\n\t\t\t\n\t\t\t\t\t\t\t\t\t<div class=\"post-info\">\n\n\t\t\t\t\t\t<div class=\"entry-summary\">\n\t\t\t\t\t\t\t<p>NIVEL DE CUALIFICACI\u00d3N: 2 CARACTER\u00cdSTICAS GENERALES: Duraci\u00f3n: 240 horas Fecha de inicio: 09\/12\/2019 Fecha final: 01\/04\/2020 D\u00edas <\/p>\t\t\t\t\t\t<\/div><!-- .entry-summary -->\n\n\t\t\t\t\t<\/div><!--end post-info-->\n\t\t\t\t\n\t\t\t\n\t\t\n\t\t<div class=\"post-footer\">\n\t\t\t<small>\n\t\t\t\t<a href=\"#\" class=\"item-likes\" id=\"item-likes-9706\" title=\"Like this\"><span class=\"item-likes-count\">0<\/span> <span class=\"item-likes-postfix\">likes<\/span><\/a>\n\t\t\t\t\t\t\t\t\t<a href=\"https:\/\/www.goierrieskola.eus\/es\/curso-para-desempleados-as-competencias-basicas-matematicas-y-lengua-castellana\/\"><span class=\"muted pull-right\">\n\t\t\t\t\t\tLeer m\u00e1s<\/span>\n\t\t\t\t\t<\/a>\n\t\t\t\t\n\t\t\t<\/small>\n\t\t<\/div><!--end post-footer-->\n\n\t<\/div><!--end post-content-->\n<\/article>\n\n\n<article id=\"post-10436\" class=\"post-item post-10436 post type-post status-publish format-standard has-post-thumbnail hentry category-general\">\n\t<div class=\"post-content animated animate-when-almost-visible el-appear\">\n\n\t\t<div class=\"post-image\"><a href=\"https:\/\/www.goierrieskola.eus\/es\/cuestionario-sobre-los-habitos-de-movilidad-polo-de-innovacion-goierri\/\" class=\"element-wrap\"><img decoding=\"async\" data-src=\"https:\/\/www.goierrieskola.eus\/wp-content\/uploads\/2019\/10\/mugikortasuna2-480x165.png\" alt=\"CUESTIONARIO SOBRE LOS H\u00c1BITOS DE MOVILIDAD (Polo de Innovaci\u00f3n Goierri)\" src=\"data:image\/svg+xml;base64,PHN2ZyB3aWR0aD0iMSIgaGVpZ2h0PSIxIiB4bWxucz0iaHR0cDovL3d3dy53My5vcmcvMjAwMC9zdmciPjwvc3ZnPg==\" class=\"lazyload\" style=\"--smush-placeholder-width: 480px; --smush-placeholder-aspect-ratio: 480\/165;\"><span class=\"hover-element\"><i>+<\/i><\/span><\/a><\/div><!--end post-image-->\n\t\t\n\t\t\t<div class=\"post-header\">\n\n\t\t\t\t\t\t\t\t\t<h3 class=\"post-title entry-title\"><a href=\"https:\/\/www.goierrieskola.eus\/es\/cuestionario-sobre-los-habitos-de-movilidad-polo-de-innovacion-goierri\/\">CUESTIONARIO SOBRE LOS H\u00c1BITOS DE MOVILIDAD (Polo de Innovaci\u00f3n Goierri)<\/a>\n\t\t\t\t\t<\/h3>\n\t\t\t\t\n\t\t\t\t<span class=\"post-meta\">\n                    <small><a href=\"https:\/\/www.goierrieskola.eus\/es\/cuestionario-sobre-los-habitos-de-movilidad-polo-de-innovacion-goierri\/\" rel=\"bookmark\" class=\"post-time\"><time class=\"entry-date\" datetime=\"2019-10-28T11:01:13+00:00\">28 octubre, 2019<\/time><time class=\"modify-date hide hidden updated\" datetime=\"2019-10-28T11:01:13+00:00\">28 octubre, 2019<\/time><\/a><\/small>, <small class=\"meta-category\"><a href=\"https:\/\/www.goierrieskola.eus\/es\/category\/general\/\" rel=\"category tag\">General<\/a><\/small>, <small class=\"meta-comment-count\"><a href=\"https:\/\/www.goierrieskola.eus\/es\/cuestionario-sobre-los-habitos-de-movilidad-polo-de-innovacion-goierri\/#comments\">0 <i class=\"icon-chat-1 hover-tip\" data-original-title=\"Esta publicaci\u00f3n tiene 0 comentarios\" data-toggle=\"tooltip\" data-placement=\"top\"><\/i><\/a><\/small>                <\/span>\n\n\t\t\t<\/div><!--end post-header-->\n\n\t\t\t\n\t\t\t\t\t\t\t\t\t<div class=\"post-info\">\n\n\t\t\t\t\t\t<div class=\"entry-summary\">\n\t\t\t\t\t\t\t<p>Participa en el estudio sobre los h\u00e1bitos de movilidad de la comunidad del polo de innovaci\u00f3n Goierri. Ind\u00edcanos c\u00f3mo...<\/p>\t\t\t\t\t\t<\/div><!-- .entry-summary -->\n\n\t\t\t\t\t<\/div><!--end post-info-->\n\t\t\t\t\n\t\t\t\n\t\t\n\t\t<div class=\"post-footer\">\n\t\t\t<small>\n\t\t\t\t<a href=\"#\" class=\"item-likes\" id=\"item-likes-10441\" title=\"Like this\"><span class=\"item-likes-count\">0<\/span> <span class=\"item-likes-postfix\">likes<\/span><\/a>\n\t\t\t\t\t\t\t\t\t<a href=\"https:\/\/www.goierrieskola.eus\/es\/cuestionario-sobre-los-habitos-de-movilidad-polo-de-innovacion-goierri\/\"><span class=\"muted pull-right\">\n\t\t\t\t\t\tLeer m\u00e1s<\/span>\n\t\t\t\t\t<\/a>\n\t\t\t\t\n\t\t\t<\/small>\n\t\t<\/div><!--end post-footer-->\n\n\t<\/div><!--end post-content-->\n<\/article>\n\n\n<article id=\"post-10425\" class=\"post-item post-10425 post type-post status-publish format-standard has-post-thumbnail hentry category-evento\">\n\t<div class=\"post-content animated animate-when-almost-visible el-appear\">\n\n\t\t<div class=\"post-image\"><a href=\"https:\/\/www.goierrieskola.eus\/es\/jornada-tecnica-sobre-seguridad-y-salud-30-de-octubre-en-goierri-eskola\/\" class=\"element-wrap\"><img decoding=\"async\" data-src=\"https:\/\/www.goierrieskola.eus\/wp-content\/uploads\/2019\/10\/Derrames_Denios2-e1571729457749-480x162.jpg\" alt=\"Jornada T\u00e9cnica sobre Seguridad y Salud: Almacenamiento de productos qu\u00edmicos \u2013 30 de Octubre en Goierri Eskola\" src=\"data:image\/svg+xml;base64,PHN2ZyB3aWR0aD0iMSIgaGVpZ2h0PSIxIiB4bWxucz0iaHR0cDovL3d3dy53My5vcmcvMjAwMC9zdmciPjwvc3ZnPg==\" class=\"lazyload\" style=\"--smush-placeholder-width: 480px; --smush-placeholder-aspect-ratio: 480\/162;\"><span class=\"hover-element\"><i>+<\/i><\/span><\/a><\/div><!--end post-image-->\n\t\t\n\t\t\t<div class=\"post-header\">\n\n\t\t\t\t\t\t\t\t\t<h3 class=\"post-title entry-title\"><a href=\"https:\/\/www.goierrieskola.eus\/es\/jornada-tecnica-sobre-seguridad-y-salud-30-de-octubre-en-goierri-eskola\/\">Jornada T\u00e9cnica sobre Seguridad y Salud: Almacenamiento de productos qu\u00edmicos \u2013 30 de Octubre en Goierri Eskola<\/a>\n\t\t\t\t\t<\/h3>\n\t\t\t\t\n\t\t\t\t<span class=\"post-meta\">\n                    <small><a href=\"https:\/\/www.goierrieskola.eus\/es\/jornada-tecnica-sobre-seguridad-y-salud-30-de-octubre-en-goierri-eskola\/\" rel=\"bookmark\" class=\"post-time\"><time class=\"entry-date\" datetime=\"2019-10-22T07:45:34+00:00\">22 octubre, 2019<\/time><time class=\"modify-date hide hidden updated\" datetime=\"2022-04-06T14:00:51+00:00\">6 abril, 2022<\/time><\/a><\/small>, <small class=\"meta-category\"><a href=\"https:\/\/www.goierrieskola.eus\/es\/category\/evento\/\" rel=\"category tag\">Evento-Jornada<\/a><\/small>, <small class=\"meta-comment-count\"><a href=\"https:\/\/www.goierrieskola.eus\/es\/jornada-tecnica-sobre-seguridad-y-salud-30-de-octubre-en-goierri-eskola\/#comments\">0 <i class=\"icon-chat-1 hover-tip\" data-original-title=\"Esta publicaci\u00f3n tiene 0 comentarios\" data-toggle=\"tooltip\" data-placement=\"top\"><\/i><\/a><\/small>                <\/span>\n\n\t\t\t<\/div><!--end post-header-->\n\n\t\t\t\n\t\t\t\t\t\t\t\t\t<div class=\"post-info\">\n\n\t\t\t\t\t\t<div class=\"entry-summary\">\n\t\t\t\t\t\t\t<p>Hola Goierri Eskola, englobada dentro de las jornadas SOI (Seguridad, Salud y Medioambiente, siglas en euskara) le invita a...<\/p>\t\t\t\t\t\t<\/div><!-- .entry-summary -->\n\n\t\t\t\t\t<\/div><!--end post-info-->\n\t\t\t\t\n\t\t\t\n\t\t\n\t\t<div class=\"post-footer\">\n\t\t\t<small>\n\t\t\t\t<a href=\"#\" class=\"item-likes\" id=\"item-likes-10417\" title=\"Like this\"><span class=\"item-likes-count\">0<\/span> <span class=\"item-likes-postfix\">likes<\/span><\/a>\n\t\t\t\t\t\t\t\t\t<a href=\"https:\/\/www.goierrieskola.eus\/es\/jornada-tecnica-sobre-seguridad-y-salud-30-de-octubre-en-goierri-eskola\/\"><span class=\"muted pull-right\">\n\t\t\t\t\t\tLeer m\u00e1s<\/span>\n\t\t\t\t\t<\/a>\n\t\t\t\t\n\t\t\t<\/small>\n\t\t<\/div><!--end post-footer-->\n\n\t<\/div><!--end post-content-->\n<\/article>\n\n\n<article id=\"post-10402\" class=\"post-item post-10402 post type-post status-publish format-standard has-post-thumbnail hentry category-evento\">\n\t<div class=\"post-content animated animate-when-almost-visible el-appear\">\n\n\t\t<div class=\"post-image\"><a href=\"https:\/\/www.goierrieskola.eus\/es\/jornada-tecnica-sobre-seguridad-quimica-24-de-octubre-en-goierri-eskola\/\" class=\"element-wrap\"><img decoding=\"async\" data-src=\"https:\/\/www.goierrieskola.eus\/wp-content\/uploads\/2019\/10\/AB_Kepa_Kepa_Director-de-Calidad-e-IDi_2-e1570796395314-480x182.jpg\" alt=\"Jornada T\u00e9cnica sobre Seguridad Qu\u00edmica &#8211; 24 de Octubre en Goierri Eskola\" src=\"data:image\/svg+xml;base64,PHN2ZyB3aWR0aD0iMSIgaGVpZ2h0PSIxIiB4bWxucz0iaHR0cDovL3d3dy53My5vcmcvMjAwMC9zdmciPjwvc3ZnPg==\" class=\"lazyload\" style=\"--smush-placeholder-width: 480px; --smush-placeholder-aspect-ratio: 480\/182;\"><span class=\"hover-element\"><i>+<\/i><\/span><\/a><\/div><!--end post-image-->\n\t\t\n\t\t\t<div class=\"post-header\">\n\n\t\t\t\t\t\t\t\t\t<h3 class=\"post-title entry-title\"><a href=\"https:\/\/www.goierrieskola.eus\/es\/jornada-tecnica-sobre-seguridad-quimica-24-de-octubre-en-goierri-eskola\/\">Jornada T\u00e9cnica sobre Seguridad Qu\u00edmica &#8211; 24 de Octubre en Goierri Eskola<\/a>\n\t\t\t\t\t<\/h3>\n\t\t\t\t\n\t\t\t\t<span class=\"post-meta\">\n                    <small><a href=\"https:\/\/www.goierrieskola.eus\/es\/jornada-tecnica-sobre-seguridad-quimica-24-de-octubre-en-goierri-eskola\/\" rel=\"bookmark\" class=\"post-time\"><time class=\"entry-date\" datetime=\"2019-10-11T12:32:40+00:00\">11 octubre, 2019<\/time><time class=\"modify-date hide hidden updated\" datetime=\"2019-10-14T08:48:31+00:00\">14 octubre, 2019<\/time><\/a><\/small>, <small class=\"meta-category\"><a href=\"https:\/\/www.goierrieskola.eus\/es\/category\/evento\/\" rel=\"category tag\">Evento-Jornada<\/a><\/small>, <small class=\"meta-comment-count\"><a href=\"https:\/\/www.goierrieskola.eus\/es\/jornada-tecnica-sobre-seguridad-quimica-24-de-octubre-en-goierri-eskola\/#comments\">0 <i class=\"icon-chat-1 hover-tip\" data-original-title=\"Esta publicaci\u00f3n tiene 0 comentarios\" data-toggle=\"tooltip\" data-placement=\"top\"><\/i><\/a><\/small>                <\/span>\n\n\t\t\t<\/div><!--end post-header-->\n\n\t\t\t\n\t\t\t\t\t\t\t\t\t<div class=\"post-info\">\n\n\t\t\t\t\t\t<div class=\"entry-summary\">\n\t\t\t\t\t\t\t<p>Hola Goierri Eskola, englobada dentro de las jornadas SOI (Seguridad, Salud y Medioambiente, siglas en euskara) le invita a...<\/p>\t\t\t\t\t\t<\/div><!-- .entry-summary -->\n\n\t\t\t\t\t<\/div><!--end post-info-->\n\t\t\t\t\n\t\t\t\n\t\t\n\t\t<div class=\"post-footer\">\n\t\t\t<small>\n\t\t\t\t<a href=\"#\" class=\"item-likes\" id=\"item-likes-10394\" title=\"Like this\"><span class=\"item-likes-count\">0<\/span> <span class=\"item-likes-postfix\">likes<\/span><\/a>\n\t\t\t\t\t\t\t\t\t<a href=\"https:\/\/www.goierrieskola.eus\/es\/jornada-tecnica-sobre-seguridad-quimica-24-de-octubre-en-goierri-eskola\/\"><span class=\"muted pull-right\">\n\t\t\t\t\t\tLeer m\u00e1s<\/span>\n\t\t\t\t\t<\/a>\n\t\t\t\t\n\t\t\t<\/small>\n\t\t<\/div><!--end post-footer-->\n\n\t<\/div><!--end post-content-->\n<\/article>\n\n\n<article id=\"post-9750\" class=\"post-item post-9750 post type-post status-publish format-standard has-post-thumbnail hentry category-ikastaroak-es\">\n\t<div class=\"post-content animated animate-when-almost-visible el-appear\">\n\n\t\t<div class=\"post-image\"><a href=\"https:\/\/www.goierrieskola.eus\/es\/curso-para-desempleados-as-diseno-de-caldereria-y-estructuras-metalicas\/\" class=\"element-wrap\"><img decoding=\"async\" data-src=\"https:\/\/www.goierrieskola.eus\/wp-content\/uploads\/2015\/01\/Eraikuntza_metalikoak-e1713274834515-480x175.jpg\" alt=\"Curso para desempleados\/as: DISE\u00d1O DE CALDERER\u00cdA Y ESTRUCTURAS MET\u00c1LICAS\" src=\"data:image\/svg+xml;base64,PHN2ZyB3aWR0aD0iMSIgaGVpZ2h0PSIxIiB4bWxucz0iaHR0cDovL3d3dy53My5vcmcvMjAwMC9zdmciPjwvc3ZnPg==\" class=\"lazyload\" style=\"--smush-placeholder-width: 480px; --smush-placeholder-aspect-ratio: 480\/175;\"><span class=\"hover-element\"><i>+<\/i><\/span><\/a><\/div><!--end post-image-->\n\t\t\n\t\t\t<div class=\"post-header\">\n\n\t\t\t\t\t\t\t\t\t<h3 class=\"post-title entry-title\"><a href=\"https:\/\/www.goierrieskola.eus\/es\/curso-para-desempleados-as-diseno-de-caldereria-y-estructuras-metalicas\/\">Curso para desempleados\/as: DISE\u00d1O DE CALDERER\u00cdA Y ESTRUCTURAS MET\u00c1LICAS<\/a>\n\t\t\t\t\t<\/h3>\n\t\t\t\t\n\t\t\t\t<span class=\"post-meta\">\n                    <small><a href=\"https:\/\/www.goierrieskola.eus\/es\/curso-para-desempleados-as-diseno-de-caldereria-y-estructuras-metalicas\/\" rel=\"bookmark\" class=\"post-time\"><time class=\"entry-date\" datetime=\"2019-09-24T08:41:52+00:00\">24 septiembre, 2019<\/time><time class=\"modify-date hide hidden updated\" datetime=\"2019-11-28T16:15:21+00:00\">28 noviembre, 2019<\/time><\/a><\/small>, <small class=\"meta-category\"><a href=\"https:\/\/www.goierrieskola.eus\/es\/category\/ikastaroak-es\/\" rel=\"category tag\">Ikastaroak<\/a><\/small>, <small class=\"meta-comment-count\"><a href=\"https:\/\/www.goierrieskola.eus\/es\/curso-para-desempleados-as-diseno-de-caldereria-y-estructuras-metalicas\/#comments\">0 <i class=\"icon-chat-1 hover-tip\" data-original-title=\"Esta publicaci\u00f3n tiene 0 comentarios\" data-toggle=\"tooltip\" data-placement=\"top\"><\/i><\/a><\/small>                <\/span>\n\n\t\t\t<\/div><!--end post-header-->\n\n\t\t\t\n\t\t\t\t\t\t\t\t\t<div class=\"post-info\">\n\n\t\t\t\t\t\t<div class=\"entry-summary\">\n\t\t\t\t\t\t\t<p> COMPETENCIA GENERAL: Dise\u00f1ar y elaborar la documentaci\u00f3n t\u00e9cnica de productos de calderer\u00eda y estructuras met\u00e1licas, partiendo de anteproyectos...<\/p>\t\t\t\t\t\t<\/div><!-- .entry-summary -->\n\n\t\t\t\t\t<\/div><!--end post-info-->\n\t\t\t\t\n\t\t\t\n\t\t\n\t\t<div class=\"post-footer\">\n\t\t\t<small>\n\t\t\t\t<a href=\"#\" class=\"item-likes\" id=\"item-likes-9740\" title=\"Like this\"><span class=\"item-likes-count\">0<\/span> <span class=\"item-likes-postfix\">likes<\/span><\/a>\n\t\t\t\t\t\t\t\t\t<a href=\"https:\/\/www.goierrieskola.eus\/es\/curso-para-desempleados-as-diseno-de-caldereria-y-estructuras-metalicas\/\"><span class=\"muted pull-right\">\n\t\t\t\t\t\tLeer m\u00e1s<\/span>\n\t\t\t\t\t<\/a>\n\t\t\t\t\n\t\t\t<\/small>\n\t\t<\/div><!--end post-footer-->\n\n\t<\/div><!--end post-content-->\n<\/article>\n\n\n<article id=\"post-8215\" class=\"post-item post-8215 post type-post status-publish format-standard has-post-thumbnail hentry category-bachillerato category-ingenieria-2\">\n\t<div class=\"post-content animated animate-when-almost-visible el-appear\">\n\n\t\t<div class=\"post-image\"><a href=\"https:\/\/www.goierrieskola.eus\/es\/puedes-examinarte-de-cambridge-exams-en-nuestro-centro\/\" class=\"element-wrap\"><img decoding=\"async\" data-src=\"https:\/\/www.goierrieskola.eus\/wp-content\/uploads\/2017\/04\/PreparationCentreLogo_RGB_300dpi-480x78.jpg\" alt=\"En JUNIO, EXAMENES de CAMBRIDGE ENGLISH FIRST (FCE) o CAMBRIDGE ENGLISH ADVANCED (CAE) en Goierri Eskola.\" src=\"data:image\/svg+xml;base64,PHN2ZyB3aWR0aD0iMSIgaGVpZ2h0PSIxIiB4bWxucz0iaHR0cDovL3d3dy53My5vcmcvMjAwMC9zdmciPjwvc3ZnPg==\" class=\"lazyload\" style=\"--smush-placeholder-width: 480px; --smush-placeholder-aspect-ratio: 480\/78;\"><span class=\"hover-element\"><i>+<\/i><\/span><\/a><\/div><!--end post-image-->\n\t\t\n\t\t\t<div class=\"post-header\">\n\n\t\t\t\t\t\t\t\t\t<h3 class=\"post-title entry-title\"><a href=\"https:\/\/www.goierrieskola.eus\/es\/puedes-examinarte-de-cambridge-exams-en-nuestro-centro\/\">En JUNIO, EXAMENES de CAMBRIDGE ENGLISH FIRST (FCE) o CAMBRIDGE ENGLISH ADVANCED (CAE) en Goierri Eskola.<\/a>\n\t\t\t\t\t<\/h3>\n\t\t\t\t\n\t\t\t\t<span class=\"post-meta\">\n                    <small><a href=\"https:\/\/www.goierrieskola.eus\/es\/puedes-examinarte-de-cambridge-exams-en-nuestro-centro\/\" rel=\"bookmark\" class=\"post-time\"><time class=\"entry-date\" datetime=\"2019-09-24T07:31:16+00:00\">24 septiembre, 2019<\/time><time class=\"modify-date hide hidden updated\" datetime=\"2022-02-23T15:45:45+00:00\">23 febrero, 2022<\/time><\/a><\/small>, <small class=\"meta-category\"><a href=\"https:\/\/www.goierrieskola.eus\/es\/category\/bachillerato\/\" rel=\"category tag\">Bachillerato<\/a>, <a href=\"https:\/\/www.goierrieskola.eus\/es\/category\/ingenieria-2\/\" rel=\"category tag\">Ingenier\u00eda<\/a><\/small>, <small class=\"meta-comment-count\"><a href=\"https:\/\/www.goierrieskola.eus\/es\/puedes-examinarte-de-cambridge-exams-en-nuestro-centro\/#comments\">0 <i class=\"icon-chat-1 hover-tip\" data-original-title=\"Esta publicaci\u00f3n tiene 0 comentarios\" data-toggle=\"tooltip\" data-placement=\"top\"><\/i><\/a><\/small>                <\/span>\n\n\t\t\t<\/div><!--end post-header-->\n\n\t\t\t\n\t\t\t\t\t\t\t\t\t<div class=\"post-info\">\n\n\t\t\t\t\t\t<div class=\"entry-summary\">\n\t\t\t\t\t\t\t<p>GOIERRI ESKOLA firm\u00f3 un acuerdo de colaboraci\u00f3n con ELDUAIEN HIZKUNTZA ESKOLA, Centro Examinador CAMBRIDGE ENGLISH LANGUAGE ASSESMENT ES098, para...<\/p>\t\t\t\t\t\t<\/div><!-- .entry-summary -->\n\n\t\t\t\t\t<\/div><!--end post-info-->\n\t\t\t\t\n\t\t\t\n\t\t\n\t\t<div class=\"post-footer\">\n\t\t\t<small>\n\t\t\t\t<a href=\"#\" class=\"item-likes\" id=\"item-likes-8188\" title=\"Like this\"><span class=\"item-likes-count\">0<\/span> <span class=\"item-likes-postfix\">likes<\/span><\/a>\n\t\t\t\t\t\t\t\t\t<a href=\"https:\/\/www.goierrieskola.eus\/es\/puedes-examinarte-de-cambridge-exams-en-nuestro-centro\/\"><span class=\"muted pull-right\">\n\t\t\t\t\t\tLeer m\u00e1s<\/span>\n\t\t\t\t\t<\/a>\n\t\t\t\t\n\t\t\t<\/small>\n\t\t<\/div><!--end post-footer-->\n\n\t<\/div><!--end post-content-->\n<\/article>\n\n\n<article id=\"post-10351\" class=\"post-item post-10351 post type-post status-publish format-standard has-post-thumbnail hentry category-ikaslan-2\">\n\t<div class=\"post-content animated animate-when-almost-visible el-appear\">\n\n\t\t<div class=\"post-image\"><a href=\"https:\/\/www.goierrieskola.eus\/es\/goierri-eskola-implantara-en-ikaslan-un-sistema-de-gestion-de-la-produccion-4-0-de-ultima-generacion\/\" class=\"element-wrap\"><img decoding=\"async\" data-src=\"https:\/\/www.goierrieskola.eus\/wp-content\/uploads\/2019\/07\/FPDualiza-e1562314597487-480x168.jpg\" alt=\"Goierri Eskola implantar\u00e1 en Ikaslan un sistema de Gesti\u00f3n de la Producci\u00f3n 4.0 de \u00faltima generaci\u00f3n\" src=\"data:image\/svg+xml;base64,PHN2ZyB3aWR0aD0iMSIgaGVpZ2h0PSIxIiB4bWxucz0iaHR0cDovL3d3dy53My5vcmcvMjAwMC9zdmciPjwvc3ZnPg==\" class=\"lazyload\" style=\"--smush-placeholder-width: 480px; --smush-placeholder-aspect-ratio: 480\/168;\"><span class=\"hover-element\"><i>+<\/i><\/span><\/a><\/div><!--end post-image-->\n\t\t\n\t\t\t<div class=\"post-header\">\n\n\t\t\t\t\t\t\t\t\t<h3 class=\"post-title entry-title\"><a href=\"https:\/\/www.goierrieskola.eus\/es\/goierri-eskola-implantara-en-ikaslan-un-sistema-de-gestion-de-la-produccion-4-0-de-ultima-generacion\/\">Goierri Eskola implantar\u00e1 en Ikaslan un sistema de Gesti\u00f3n de la Producci\u00f3n 4.0 de \u00faltima generaci\u00f3n<\/a>\n\t\t\t\t\t<\/h3>\n\t\t\t\t\n\t\t\t\t<span class=\"post-meta\">\n                    <small><a href=\"https:\/\/www.goierrieskola.eus\/es\/goierri-eskola-implantara-en-ikaslan-un-sistema-de-gestion-de-la-produccion-4-0-de-ultima-generacion\/\" rel=\"bookmark\" class=\"post-time\"><time class=\"entry-date\" datetime=\"2019-07-05T08:24:50+00:00\">5 julio, 2019<\/time><time class=\"modify-date hide hidden updated\" datetime=\"2019-07-08T06:29:28+00:00\">8 julio, 2019<\/time><\/a><\/small>, <small class=\"meta-category\"><a href=\"https:\/\/www.goierrieskola.eus\/es\/category\/ikaslan-2\/\" rel=\"category tag\">Ikaslan<\/a><\/small>, <small class=\"meta-comment-count\"><a href=\"https:\/\/www.goierrieskola.eus\/es\/goierri-eskola-implantara-en-ikaslan-un-sistema-de-gestion-de-la-produccion-4-0-de-ultima-generacion\/#comments\">0 <i class=\"icon-chat-1 hover-tip\" data-original-title=\"Esta publicaci\u00f3n tiene 0 comentarios\" data-toggle=\"tooltip\" data-placement=\"top\"><\/i><\/a><\/small>                <\/span>\n\n\t\t\t<\/div><!--end post-header-->\n\n\t\t\t\n\t\t\t\t\t\t\t\t\t<div class=\"post-info\">\n\n\t\t\t\t\t\t<div class=\"entry-summary\">\n\t\t\t\t\t\t\t<p>Goierri Eskola implantar\u00e1 un Sistema de Gesti\u00f3n de la Producci\u00f3n 4.0 para que los alumnos, adem\u00e1s del conocimiento te\u00f3rico,...<\/p>\t\t\t\t\t\t<\/div><!-- .entry-summary -->\n\n\t\t\t\t\t<\/div><!--end post-info-->\n\t\t\t\t\n\t\t\t\n\t\t\n\t\t<div class=\"post-footer\">\n\t\t\t<small>\n\t\t\t\t<a href=\"#\" class=\"item-likes\" id=\"item-likes-10339\" title=\"Like this\"><span class=\"item-likes-count\">0<\/span> <span class=\"item-likes-postfix\">likes<\/span><\/a>\n\t\t\t\t\t\t\t\t\t<a href=\"https:\/\/www.goierrieskola.eus\/es\/goierri-eskola-implantara-en-ikaslan-un-sistema-de-gestion-de-la-produccion-4-0-de-ultima-generacion\/\"><span class=\"muted pull-right\">\n\t\t\t\t\t\tLeer m\u00e1s<\/span>\n\t\t\t\t\t<\/a>\n\t\t\t\t\n\t\t\t<\/small>\n\t\t<\/div><!--end post-footer-->\n\n\t<\/div><!--end post-content-->\n<\/article>\n\n\n<article id=\"post-10219\" class=\"post-item post-10219 post type-post status-publish format-standard has-post-thumbnail hentry category-gure_enbaxadoreak-es\">\n\t<div class=\"post-content animated animate-when-almost-visible el-appear\">\n\n\t\t<div class=\"post-image\"><a href=\"https:\/\/www.goierrieskola.eus\/es\/gure-enbaxadoreak-jon-alustiza\/\" class=\"element-wrap\"><img decoding=\"async\" data-src=\"https:\/\/www.goierrieskola.eus\/wp-content\/uploads\/2019\/05\/IMG_0628-slide-480x170.jpg\" alt=\"GURE ENBAXADOREAK: JON ALUSTIZA\" src=\"data:image\/svg+xml;base64,PHN2ZyB3aWR0aD0iMSIgaGVpZ2h0PSIxIiB4bWxucz0iaHR0cDovL3d3dy53My5vcmcvMjAwMC9zdmciPjwvc3ZnPg==\" class=\"lazyload\" style=\"--smush-placeholder-width: 480px; --smush-placeholder-aspect-ratio: 480\/170;\"><span class=\"hover-element\"><i>+<\/i><\/span><\/a><\/div><!--end post-image-->\n\t\t\n\t\t\t<div class=\"post-header\">\n\n\t\t\t\t\t\t\t\t\t<h3 class=\"post-title entry-title\"><a href=\"https:\/\/www.goierrieskola.eus\/es\/gure-enbaxadoreak-jon-alustiza\/\">GURE ENBAXADOREAK: JON ALUSTIZA<\/a>\n\t\t\t\t\t<\/h3>\n\t\t\t\t\n\t\t\t\t<span class=\"post-meta\">\n                    <small><a href=\"https:\/\/www.goierrieskola.eus\/es\/gure-enbaxadoreak-jon-alustiza\/\" rel=\"bookmark\" class=\"post-time\"><time class=\"entry-date\" datetime=\"2019-05-21T09:34:23+00:00\">21 mayo, 2019<\/time><time class=\"modify-date hide hidden updated\" datetime=\"2019-05-21T09:34:23+00:00\">21 mayo, 2019<\/time><\/a><\/small>, <small class=\"meta-category\"><a href=\"https:\/\/www.goierrieskola.eus\/es\/category\/gure_enbaxadoreak-es\/\" rel=\"category tag\">Gure Enbaxadoreak<\/a><\/small>, <small class=\"meta-comment-count\"><a href=\"https:\/\/www.goierrieskola.eus\/es\/gure-enbaxadoreak-jon-alustiza\/#comments\">0 <i class=\"icon-chat-1 hover-tip\" data-original-title=\"Esta publicaci\u00f3n tiene 0 comentarios\" data-toggle=\"tooltip\" data-placement=\"top\"><\/i><\/a><\/small>                <\/span>\n\n\t\t\t<\/div><!--end post-header-->\n\n\t\t\t\n\t\t\t\t\t\t\t\t\t<div class=\"post-info\">\n\n\t\t\t\t\t\t<div class=\"entry-summary\">\n\t\t\t\t\t\t\t<p>Asegura Jon Alustiza que en el trabajo ha aprendido a otorgar a cada cosa la importancia que realmente tiene...<\/p>\t\t\t\t\t\t<\/div><!-- .entry-summary -->\n\n\t\t\t\t\t<\/div><!--end post-info-->\n\t\t\t\t\n\t\t\t\n\t\t\n\t\t<div class=\"post-footer\">\n\t\t\t<small>\n\t\t\t\t<a href=\"#\" class=\"item-likes\" id=\"item-likes-10210\" title=\"Like this\"><span class=\"item-likes-count\">1<\/span> <span class=\"item-likes-postfix\">like<\/span><\/a>\n\t\t\t\t\t\t\t\t\t<a href=\"https:\/\/www.goierrieskola.eus\/es\/gure-enbaxadoreak-jon-alustiza\/\"><span class=\"muted pull-right\">\n\t\t\t\t\t\tLeer m\u00e1s<\/span>\n\t\t\t\t\t<\/a>\n\t\t\t\t\n\t\t\t<\/small>\n\t\t<\/div><!--end post-footer-->\n\n\t<\/div><!--end post-content-->\n<\/article>\n\n\n<article id=\"post-8969\" class=\"post-item post-8969 post type-post status-publish format-standard has-post-thumbnail hentry category-cursos category-ikastaroak-es\">\n\t<div class=\"post-content animated animate-when-almost-visible el-appear\">\n\n\t\t<div class=\"post-image\"><a href=\"https:\/\/www.goierrieskola.eus\/es\/kanpamentu-teknologikoak-2019ko-uda\/\" class=\"element-wrap\"><img decoding=\"async\" data-src=\"https:\/\/www.goierrieskola.eus\/wp-content\/uploads\/2017\/05\/SLIDER-KT-480x166.jpg\" alt=\"CAMPAMENTOS TECNOL\u00d3GICOS &#8211; VERANO 2019\" src=\"data:image\/svg+xml;base64,PHN2ZyB3aWR0aD0iMSIgaGVpZ2h0PSIxIiB4bWxucz0iaHR0cDovL3d3dy53My5vcmcvMjAwMC9zdmciPjwvc3ZnPg==\" class=\"lazyload\" style=\"--smush-placeholder-width: 480px; --smush-placeholder-aspect-ratio: 480\/166;\"><span class=\"hover-element\"><i>+<\/i><\/span><\/a><\/div><!--end post-image-->\n\t\t\n\t\t\t<div class=\"post-header\">\n\n\t\t\t\t\t\t\t\t\t<h3 class=\"post-title entry-title\"><a href=\"https:\/\/www.goierrieskola.eus\/es\/kanpamentu-teknologikoak-2019ko-uda\/\">CAMPAMENTOS TECNOL\u00d3GICOS &#8211; VERANO 2019<\/a>\n\t\t\t\t\t<\/h3>\n\t\t\t\t\n\t\t\t\t<span class=\"post-meta\">\n                    <small><a href=\"https:\/\/www.goierrieskola.eus\/es\/kanpamentu-teknologikoak-2019ko-uda\/\" rel=\"bookmark\" class=\"post-time\"><time class=\"entry-date\" datetime=\"2019-05-06T08:14:18+00:00\">6 mayo, 2019<\/time><time class=\"modify-date hide hidden updated\" datetime=\"2019-06-10T08:32:59+00:00\">10 junio, 2019<\/time><\/a><\/small>, <small class=\"meta-category\"><a href=\"https:\/\/www.goierrieskola.eus\/es\/category\/cursos\/\" rel=\"category tag\">Cursos<\/a>, <a href=\"https:\/\/www.goierrieskola.eus\/es\/category\/ikastaroak-es\/\" rel=\"category tag\">Ikastaroak<\/a><\/small>, <small class=\"meta-comment-count\"><a href=\"https:\/\/www.goierrieskola.eus\/es\/kanpamentu-teknologikoak-2019ko-uda\/#comments\">0 <i class=\"icon-chat-1 hover-tip\" data-original-title=\"Esta publicaci\u00f3n tiene 0 comentarios\" data-toggle=\"tooltip\" data-placement=\"top\"><\/i><\/a><\/small>                <\/span>\n\n\t\t\t<\/div><!--end post-header-->\n\n\t\t\t\n\t\t\t\t\t\t\t\t\t<div class=\"post-info\">\n\n\t\t\t\t\t\t<div class=\"entry-summary\">\n\t\t\t\t\t\t\t<p>Calendario: 1\u00aa semana: 24-28 de junio COMPLETA 2\u00aa semana: 1-5 de julio COMPLETA 3\u00aa semana: 8-12 de julio COMPLETA...<\/p>\t\t\t\t\t\t<\/div><!-- .entry-summary -->\n\n\t\t\t\t\t<\/div><!--end post-info-->\n\t\t\t\t\n\t\t\t\n\t\t\n\t\t<div class=\"post-footer\">\n\t\t\t<small>\n\t\t\t\t<a href=\"#\" class=\"item-likes\" id=\"item-likes-8938\" title=\"Like this\"><span class=\"item-likes-count\">0<\/span> <span class=\"item-likes-postfix\">likes<\/span><\/a>\n\t\t\t\t\t\t\t\t\t<a href=\"https:\/\/www.goierrieskola.eus\/es\/kanpamentu-teknologikoak-2019ko-uda\/\"><span class=\"muted pull-right\">\n\t\t\t\t\t\tLeer m\u00e1s<\/span>\n\t\t\t\t\t<\/a>\n\t\t\t\t\n\t\t\t<\/small>\n\t\t<\/div><!--end post-footer-->\n\n\t<\/div><!--end post-content-->\n<\/article>\n\n\n<article id=\"post-10160\" class=\"post-item post-10160 post type-post status-publish format-standard hentry category-ikaslan-2\">\n\t<div class=\"post-content animated animate-when-almost-visible el-appear\">\n\n\t\t\n\t\t\n\t\t\t<div class=\"post-header\">\n\n\t\t\t\t\t\t\t\t\t<h3 class=\"post-title entry-title\"><a href=\"https:\/\/www.goierrieskola.eus\/es\/jornada-de-puertas-abiertas-de-ikaslan-fundazioa-8-de-mayo-a-las-1900\/\">JORNADA DE PUERTAS ABIERTAS DE IKASLAN FUNDAZIOA &#8211; 8 de MAYO a las 19:00<\/a>\n\t\t\t\t\t<\/h3>\n\t\t\t\t\n\t\t\t\t<span class=\"post-meta\">\n                    <small><a href=\"https:\/\/www.goierrieskola.eus\/es\/jornada-de-puertas-abiertas-de-ikaslan-fundazioa-8-de-mayo-a-las-1900\/\" rel=\"bookmark\" class=\"post-time\"><time class=\"entry-date\" datetime=\"2019-05-03T09:25:37+00:00\">3 mayo, 2019<\/time><time class=\"modify-date hide hidden updated\" datetime=\"2019-05-03T13:08:33+00:00\">3 mayo, 2019<\/time><\/a><\/small>, <small class=\"meta-category\"><a href=\"https:\/\/www.goierrieskola.eus\/es\/category\/ikaslan-2\/\" rel=\"category tag\">Ikaslan<\/a><\/small>, <small class=\"meta-comment-count\"><a href=\"https:\/\/www.goierrieskola.eus\/es\/jornada-de-puertas-abiertas-de-ikaslan-fundazioa-8-de-mayo-a-las-1900\/#comments\">0 <i class=\"icon-chat-1 hover-tip\" data-original-title=\"Esta publicaci\u00f3n tiene 0 comentarios\" data-toggle=\"tooltip\" data-placement=\"top\"><\/i><\/a><\/small>                <\/span>\n\n\t\t\t<\/div><!--end post-header-->\n\n\t\t\t\n\t\t\t\t\t\t\t\t\t<div class=\"post-info\">\n\n\t\t\t\t\t\t<div class=\"entry-summary\">\n\t\t\t\t\t\t\t<p>Estimada familia: La alternancia de la formaci\u00f3n te\u00f3rica con las pr\u00e1cticas (Formaci\u00f3n dual) es la v\u00eda de acceso m\u00e1s...<\/p>\t\t\t\t\t\t<\/div><!-- .entry-summary -->\n\n\t\t\t\t\t<\/div><!--end post-info-->\n\t\t\t\t\n\t\t\t\n\t\t\n\t\t<div class=\"post-footer\">\n\t\t\t<small>\n\t\t\t\t<a href=\"#\" class=\"item-likes\" id=\"item-likes-10148\" title=\"Like this\"><span class=\"item-likes-count\">0<\/span> <span class=\"item-likes-postfix\">likes<\/span><\/a>\n\t\t\t\t\t\t\t\t\t<a href=\"https:\/\/www.goierrieskola.eus\/es\/jornada-de-puertas-abiertas-de-ikaslan-fundazioa-8-de-mayo-a-las-1900\/\"><span class=\"muted pull-right\">\n\t\t\t\t\t\tLeer m\u00e1s<\/span>\n\t\t\t\t\t<\/a>\n\t\t\t\t\n\t\t\t<\/small>\n\t\t<\/div><!--end post-footer-->\n\n\t<\/div><!--end post-content-->\n<\/article>\n\n\n<article id=\"post-10120\" class=\"post-item post-10120 post type-post status-publish format-standard has-post-thumbnail hentry category-gure_enbaxadoreak-es\">\n\t<div class=\"post-content animated animate-when-almost-visible el-appear\">\n\n\t\t<div class=\"post-image\"><a href=\"https:\/\/www.goierrieskola.eus\/es\/gure-enbaxadoreak-tarik-hassad\/\" class=\"element-wrap\"><img decoding=\"async\" data-src=\"https:\/\/www.goierrieskola.eus\/wp-content\/uploads\/2019\/04\/IMG_8590-slide-480x110.jpg\" alt=\"GURE ENBAXADOREAK: TARIK HASSAD\" src=\"data:image\/svg+xml;base64,PHN2ZyB3aWR0aD0iMSIgaGVpZ2h0PSIxIiB4bWxucz0iaHR0cDovL3d3dy53My5vcmcvMjAwMC9zdmciPjwvc3ZnPg==\" class=\"lazyload\" style=\"--smush-placeholder-width: 480px; --smush-placeholder-aspect-ratio: 480\/110;\"><span class=\"hover-element\"><i>+<\/i><\/span><\/a><\/div><!--end post-image-->\n\t\t\n\t\t\t<div class=\"post-header\">\n\n\t\t\t\t\t\t\t\t\t<h3 class=\"post-title entry-title\"><a href=\"https:\/\/www.goierrieskola.eus\/es\/gure-enbaxadoreak-tarik-hassad\/\">GURE ENBAXADOREAK: TARIK HASSAD<\/a>\n\t\t\t\t\t<\/h3>\n\t\t\t\t\n\t\t\t\t<span class=\"post-meta\">\n                    <small><a href=\"https:\/\/www.goierrieskola.eus\/es\/gure-enbaxadoreak-tarik-hassad\/\" rel=\"bookmark\" class=\"post-time\"><time class=\"entry-date\" datetime=\"2019-04-30T07:30:19+00:00\">30 abril, 2019<\/time><time class=\"modify-date hide hidden updated\" datetime=\"2019-04-30T07:45:22+00:00\">30 abril, 2019<\/time><\/a><\/small>, <small class=\"meta-category\"><a href=\"https:\/\/www.goierrieskola.eus\/es\/category\/gure_enbaxadoreak-es\/\" rel=\"category tag\">Gure Enbaxadoreak<\/a><\/small>, <small class=\"meta-comment-count\"><a href=\"https:\/\/www.goierrieskola.eus\/es\/gure-enbaxadoreak-tarik-hassad\/#comments\">0 <i class=\"icon-chat-1 hover-tip\" data-original-title=\"Esta publicaci\u00f3n tiene 0 comentarios\" data-toggle=\"tooltip\" data-placement=\"top\"><\/i><\/a><\/small>                <\/span>\n\n\t\t\t<\/div><!--end post-header-->\n\n\t\t\t\n\t\t\t\t\t\t\t\t\t<div class=\"post-info\">\n\n\t\t\t\t\t\t<div class=\"entry-summary\">\n\t\t\t\t\t\t\t<p>Tarik Hassad naci\u00f3 hace veinte a\u00f1os en el pueblo de Settat, cerca de Casablanca, en Marruecos. Ten\u00eda seis a\u00f1os...<\/p>\t\t\t\t\t\t<\/div><!-- .entry-summary -->\n\n\t\t\t\t\t<\/div><!--end post-info-->\n\t\t\t\t\n\t\t\t\n\t\t\n\t\t<div class=\"post-footer\">\n\t\t\t<small>\n\t\t\t\t<a href=\"#\" class=\"item-likes\" id=\"item-likes-10109\" title=\"Like this\"><span class=\"item-likes-count\">3<\/span> <span class=\"item-likes-postfix\">likes<\/span><\/a>\n\t\t\t\t\t\t\t\t\t<a href=\"https:\/\/www.goierrieskola.eus\/es\/gure-enbaxadoreak-tarik-hassad\/\"><span class=\"muted pull-right\">\n\t\t\t\t\t\tLeer m\u00e1s<\/span>\n\t\t\t\t\t<\/a>\n\t\t\t\t\n\t\t\t<\/small>\n\t\t<\/div><!--end post-footer-->\n\n\t<\/div><!--end post-content-->\n<\/article>\n\n\n<article id=\"post-8827\" class=\"post-item post-8827 post type-post status-publish format-standard hentry category-evento\">\n\t<div class=\"post-content animated animate-when-almost-visible el-appear\">\n\n\t\t\n\t\t\n\t\t\t<div class=\"post-header\">\n\n\t\t\t\t\t\t\t\t\t<h3 class=\"post-title entry-title\"><a href=\"https:\/\/www.goierrieskola.eus\/es\/jornada-de-puertas-abiertas-de-formacion-profesional\/\">Jornada de PUERTAS ABIERTAS de Formaci\u00f3n Profesional<\/a>\n\t\t\t\t\t<\/h3>\n\t\t\t\t\n\t\t\t\t<span class=\"post-meta\">\n                    <small><a href=\"https:\/\/www.goierrieskola.eus\/es\/jornada-de-puertas-abiertas-de-formacion-profesional\/\" rel=\"bookmark\" class=\"post-time\"><time class=\"entry-date\" datetime=\"2019-02-12T11:26:51+00:00\">12 febrero, 2019<\/time><time class=\"modify-date hide hidden updated\" datetime=\"2022-02-23T15:48:03+00:00\">23 febrero, 2022<\/time><\/a><\/small>, <small class=\"meta-category\"><a href=\"https:\/\/www.goierrieskola.eus\/es\/category\/evento\/\" rel=\"category tag\">Evento-Jornada<\/a><\/small>, <small class=\"meta-comment-count\"><a href=\"https:\/\/www.goierrieskola.eus\/es\/jornada-de-puertas-abiertas-de-formacion-profesional\/#comments\">0 <i class=\"icon-chat-1 hover-tip\" data-original-title=\"Esta publicaci\u00f3n tiene 0 comentarios\" data-toggle=\"tooltip\" data-placement=\"top\"><\/i><\/a><\/small>                <\/span>\n\n\t\t\t<\/div><!--end post-header-->\n\n\t\t\t\n\t\t\t\t\t\t\t\t\t<div class=\"post-info\">\n\n\t\t\t\t\t\t<div class=\"entry-summary\">\n\t\t\t\t\t\t\t<p>Estimada familia Con el objeto de informar sobre la oferta formativa de Formaci\u00f3n Profesional (grados superiores, grados medios y...<\/p>\t\t\t\t\t\t<\/div><!-- .entry-summary -->\n\n\t\t\t\t\t<\/div><!--end post-info-->\n\t\t\t\t\n\t\t\t\n\t\t\n\t\t<div class=\"post-footer\">\n\t\t\t<small>\n\t\t\t\t<a href=\"#\" class=\"item-likes\" id=\"item-likes-8825\" title=\"Like this\"><span class=\"item-likes-count\">0<\/span> <span class=\"item-likes-postfix\">likes<\/span><\/a>\n\t\t\t\t\t\t\t\t\t<a href=\"https:\/\/www.goierrieskola.eus\/es\/jornada-de-puertas-abiertas-de-formacion-profesional\/\"><span class=\"muted pull-right\">\n\t\t\t\t\t\tLeer m\u00e1s<\/span>\n\t\t\t\t\t<\/a>\n\t\t\t\t\n\t\t\t<\/small>\n\t\t<\/div><!--end post-footer-->\n\n\t<\/div><!--end post-content-->\n<\/article>\n\n\n<article id=\"post-8154\" class=\"post-item post-8154 post type-post status-publish format-standard hentry category-bachillerato\">\n\t<div class=\"post-content animated animate-when-almost-visible el-appear\">\n\n\t\t\n\t\t\n\t\t\t<div class=\"post-header\">\n\n\t\t\t\t\t\t\t\t\t<h3 class=\"post-title entry-title\"><a href=\"https:\/\/www.goierrieskola.eus\/es\/batxilergoko-ate-irekiak-jardunaldia\/\">Jornada de PUERTAS ABIERTAS de Bachillerato \u00abERABAKI ZURE BIDEA\u00bb<\/a>\n\t\t\t\t\t<\/h3>\n\t\t\t\t\n\t\t\t\t<span class=\"post-meta\">\n                    <small><a href=\"https:\/\/www.goierrieskola.eus\/es\/batxilergoko-ate-irekiak-jardunaldia\/\" rel=\"bookmark\" class=\"post-time\"><time class=\"entry-date\" datetime=\"2019-02-12T07:08:15+00:00\">12 febrero, 2019<\/time><time class=\"modify-date hide hidden updated\" datetime=\"2021-04-07T10:05:11+00:00\">7 abril, 2021<\/time><\/a><\/small>, <small class=\"meta-category\"><a href=\"https:\/\/www.goierrieskola.eus\/es\/category\/bachillerato\/\" rel=\"category tag\">Bachillerato<\/a><\/small>, <small class=\"meta-comment-count\"><a href=\"https:\/\/www.goierrieskola.eus\/es\/batxilergoko-ate-irekiak-jardunaldia\/#comments\">0 <i class=\"icon-chat-1 hover-tip\" data-original-title=\"Esta publicaci\u00f3n tiene 0 comentarios\" data-toggle=\"tooltip\" data-placement=\"top\"><\/i><\/a><\/small>                <\/span>\n\n\t\t\t<\/div><!--end post-header-->\n\n\t\t\t\n\t\t\t\t\t\t\t\t\t<div class=\"post-info\">\n\n\t\t\t\t\t\t<div class=\"entry-summary\">\n\t\t\t\t\t\t\t<p>Estimada familia, Con el objeto de informar sobre la oferta formativa de BACHILLERATO para el curso 2021\/2022, Goierri Eskola...<\/p>\t\t\t\t\t\t<\/div><!-- .entry-summary -->\n\n\t\t\t\t\t<\/div><!--end post-info-->\n\t\t\t\t\n\t\t\t\n\t\t\n\t\t<div class=\"post-footer\">\n\t\t\t<small>\n\t\t\t\t<a href=\"#\" class=\"item-likes\" id=\"item-likes-8156\" title=\"Like this\"><span class=\"item-likes-count\">1<\/span> <span class=\"item-likes-postfix\">like<\/span><\/a>\n\t\t\t\t\t\t\t\t\t<a href=\"https:\/\/www.goierrieskola.eus\/es\/batxilergoko-ate-irekiak-jardunaldia\/\"><span class=\"muted pull-right\">\n\t\t\t\t\t\tLeer m\u00e1s<\/span>\n\t\t\t\t\t<\/a>\n\t\t\t\t\n\t\t\t<\/small>\n\t\t<\/div><!--end post-footer-->\n\n\t<\/div><!--end post-content-->\n<\/article>\n\n\n<article id=\"post-9852\" class=\"post-item post-9852 post type-post status-publish format-standard has-post-thumbnail hentry category-gure_enbaxadoreak-es\">\n\t<div class=\"post-content animated animate-when-almost-visible el-appear\">\n\n\t\t<div class=\"post-image\"><a href=\"https:\/\/www.goierrieskola.eus\/es\/gure-enbaxadoreak-raquel-de-oliveira\/\" class=\"element-wrap\"><img decoding=\"async\" data-src=\"https:\/\/www.goierrieskola.eus\/wp-content\/uploads\/2019\/01\/IMG_4136-slide-480x170.jpg\" alt=\"GURE ENBAXADOREAK: RAQUEL DE OLIVEIRA\" src=\"data:image\/svg+xml;base64,PHN2ZyB3aWR0aD0iMSIgaGVpZ2h0PSIxIiB4bWxucz0iaHR0cDovL3d3dy53My5vcmcvMjAwMC9zdmciPjwvc3ZnPg==\" class=\"lazyload\" style=\"--smush-placeholder-width: 480px; --smush-placeholder-aspect-ratio: 480\/170;\"><span class=\"hover-element\"><i>+<\/i><\/span><\/a><\/div><!--end post-image-->\n\t\t\n\t\t\t<div class=\"post-header\">\n\n\t\t\t\t\t\t\t\t\t<h3 class=\"post-title entry-title\"><a href=\"https:\/\/www.goierrieskola.eus\/es\/gure-enbaxadoreak-raquel-de-oliveira\/\">GURE ENBAXADOREAK: RAQUEL DE OLIVEIRA<\/a>\n\t\t\t\t\t<\/h3>\n\t\t\t\t\n\t\t\t\t<span class=\"post-meta\">\n                    <small><a href=\"https:\/\/www.goierrieskola.eus\/es\/gure-enbaxadoreak-raquel-de-oliveira\/\" rel=\"bookmark\" class=\"post-time\"><time class=\"entry-date\" datetime=\"2019-01-17T10:15:42+00:00\">17 enero, 2019<\/time><time class=\"modify-date hide hidden updated\" datetime=\"2019-01-17T14:59:16+00:00\">17 enero, 2019<\/time><\/a><\/small>, <small class=\"meta-category\"><a href=\"https:\/\/www.goierrieskola.eus\/es\/category\/gure_enbaxadoreak-es\/\" rel=\"category tag\">Gure Enbaxadoreak<\/a><\/small>, <small class=\"meta-comment-count\"><a href=\"https:\/\/www.goierrieskola.eus\/es\/gure-enbaxadoreak-raquel-de-oliveira\/#comments\">0 <i class=\"icon-chat-1 hover-tip\" data-original-title=\"Esta publicaci\u00f3n tiene 0 comentarios\" data-toggle=\"tooltip\" data-placement=\"top\"><\/i><\/a><\/small>                <\/span>\n\n\t\t\t<\/div><!--end post-header-->\n\n\t\t\t\n\t\t\t\t\t\t\t\t\t<div class=\"post-info\">\n\n\t\t\t\t\t\t<div class=\"entry-summary\">\n\t\t\t\t\t\t\t<p>Raquel de Oliveira, ordiziarra, mueve\u00a0 ficha r\u00e1pido si algo no le gusta o ve que tiene que cambiar. No...<\/p>\t\t\t\t\t\t<\/div><!-- .entry-summary -->\n\n\t\t\t\t\t<\/div><!--end post-info-->\n\t\t\t\t\n\t\t\t\n\t\t\n\t\t<div class=\"post-footer\">\n\t\t\t<small>\n\t\t\t\t<a href=\"#\" class=\"item-likes\" id=\"item-likes-9841\" title=\"Like this\"><span class=\"item-likes-count\">3<\/span> <span class=\"item-likes-postfix\">likes<\/span><\/a>\n\t\t\t\t\t\t\t\t\t<a href=\"https:\/\/www.goierrieskola.eus\/es\/gure-enbaxadoreak-raquel-de-oliveira\/\"><span class=\"muted pull-right\">\n\t\t\t\t\t\tLeer m\u00e1s<\/span>\n\t\t\t\t\t<\/a>\n\t\t\t\t\n\t\t\t<\/small>\n\t\t<\/div><!--end post-footer-->\n\n\t<\/div><!--end post-content-->\n<\/article>\n\n\n<article id=\"post-9690\" class=\"post-item post-9690 post type-post status-publish format-standard has-post-thumbnail hentry category-ikastaroak-es\">\n\t<div class=\"post-content animated animate-when-almost-visible el-appear\">\n\n\t\t<div class=\"post-image\"><a href=\"https:\/\/www.goierrieskola.eus\/es\/cursos-para-desempleados-as-18-19-financiacion-sepe\/\" class=\"element-wrap\"><img decoding=\"async\" data-src=\"https:\/\/www.goierrieskola.eus\/wp-content\/uploads\/2018\/11\/harrera_horizontal-480x140.jpg\" alt=\"CURSOS PARA DESEMPLEADOS\/AS Y PERSONAS EN ACTIVO 18-19 &#8211; FINANCIACI\u00d3N SEPE\" src=\"data:image\/svg+xml;base64,PHN2ZyB3aWR0aD0iMSIgaGVpZ2h0PSIxIiB4bWxucz0iaHR0cDovL3d3dy53My5vcmcvMjAwMC9zdmciPjwvc3ZnPg==\" class=\"lazyload\" style=\"--smush-placeholder-width: 480px; --smush-placeholder-aspect-ratio: 480\/140;\"><span class=\"hover-element\"><i>+<\/i><\/span><\/a><\/div><!--end post-image-->\n\t\t\n\t\t\t<div class=\"post-header\">\n\n\t\t\t\t\t\t\t\t\t<h3 class=\"post-title entry-title\"><a href=\"https:\/\/www.goierrieskola.eus\/es\/cursos-para-desempleados-as-18-19-financiacion-sepe\/\">CURSOS PARA DESEMPLEADOS\/AS Y PERSONAS EN ACTIVO 18-19 &#8211; FINANCIACI\u00d3N SEPE<\/a>\n\t\t\t\t\t<\/h3>\n\t\t\t\t\n\t\t\t\t<span class=\"post-meta\">\n                    <small><a href=\"https:\/\/www.goierrieskola.eus\/es\/cursos-para-desempleados-as-18-19-financiacion-sepe\/\" rel=\"bookmark\" class=\"post-time\"><time class=\"entry-date\" datetime=\"2019-01-10T08:28:47+00:00\">10 enero, 2019<\/time><time class=\"modify-date hide hidden updated\" datetime=\"2019-02-18T14:11:10+00:00\">18 febrero, 2019<\/time><\/a><\/small>, <small class=\"meta-category\"><a href=\"https:\/\/www.goierrieskola.eus\/es\/category\/ikastaroak-es\/\" rel=\"category tag\">Ikastaroak<\/a><\/small>, <small class=\"meta-comment-count\"><a href=\"https:\/\/www.goierrieskola.eus\/es\/cursos-para-desempleados-as-18-19-financiacion-sepe\/#comments\">0 <i class=\"icon-chat-1 hover-tip\" data-original-title=\"Esta publicaci\u00f3n tiene 0 comentarios\" data-toggle=\"tooltip\" data-placement=\"top\"><\/i><\/a><\/small>                <\/span>\n\n\t\t\t<\/div><!--end post-header-->\n\n\t\t\t\n\t\t\t\t\t\t\t\t\t<div class=\"post-info\">\n\n\t\t\t\t\t\t<div class=\"entry-summary\">\n\t\t\t\t\t\t\t<p>CERTIFICADO PROFESIONAL DE NIVEL I COMPETENCIA GENERAL: Realizar operaciones auxiliares de mantenimiento en el \u00e1rea de electromec\u00e1nica, cumpliendo especificaciones...<\/p>\t\t\t\t\t\t<\/div><!-- .entry-summary -->\n\n\t\t\t\t\t<\/div><!--end post-info-->\n\t\t\t\t\n\t\t\t\n\t\t\n\t\t<div class=\"post-footer\">\n\t\t\t<small>\n\t\t\t\t<a href=\"#\" class=\"item-likes\" id=\"item-likes-9720\" title=\"Like this\"><span class=\"item-likes-count\">0<\/span> <span class=\"item-likes-postfix\">likes<\/span><\/a>\n\t\t\t\t\t\t\t\t\t<a href=\"https:\/\/www.goierrieskola.eus\/es\/cursos-para-desempleados-as-18-19-financiacion-sepe\/\"><span class=\"muted pull-right\">\n\t\t\t\t\t\tLeer m\u00e1s<\/span>\n\t\t\t\t\t<\/a>\n\t\t\t\t\n\t\t\t<\/small>\n\t\t<\/div><!--end post-footer-->\n\n\t<\/div><!--end post-content-->\n<\/article>\n\n\n<article id=\"post-9790\" class=\"post-item post-9790 post type-post status-publish format-standard has-post-thumbnail hentry category-gure_enbaxadoreak-es\">\n\t<div class=\"post-content animated animate-when-almost-visible el-appear\">\n\n\t\t<div class=\"post-image\"><a href=\"https:\/\/www.goierrieskola.eus\/es\/gure-enbaxadoreak-maider-amenabarro\/\" class=\"element-wrap\"><img decoding=\"async\" data-src=\"https:\/\/www.goierrieskola.eus\/wp-content\/uploads\/2018\/12\/IMG_8908slide-480x101.jpg\" alt=\"GURE ENBAXADOREAK: MAIDER AMENABARRO\" src=\"data:image\/svg+xml;base64,PHN2ZyB3aWR0aD0iMSIgaGVpZ2h0PSIxIiB4bWxucz0iaHR0cDovL3d3dy53My5vcmcvMjAwMC9zdmciPjwvc3ZnPg==\" class=\"lazyload\" style=\"--smush-placeholder-width: 480px; --smush-placeholder-aspect-ratio: 480\/101;\"><span class=\"hover-element\"><i>+<\/i><\/span><\/a><\/div><!--end post-image-->\n\t\t\n\t\t\t<div class=\"post-header\">\n\n\t\t\t\t\t\t\t\t\t<h3 class=\"post-title entry-title\"><a href=\"https:\/\/www.goierrieskola.eus\/es\/gure-enbaxadoreak-maider-amenabarro\/\">GURE ENBAXADOREAK: MAIDER AMENABARRO<\/a>\n\t\t\t\t\t<\/h3>\n\t\t\t\t\n\t\t\t\t<span class=\"post-meta\">\n                    <small><a href=\"https:\/\/www.goierrieskola.eus\/es\/gure-enbaxadoreak-maider-amenabarro\/\" rel=\"bookmark\" class=\"post-time\"><time class=\"entry-date\" datetime=\"2018-12-10T09:50:22+00:00\">10 diciembre, 2018<\/time><time class=\"modify-date hide hidden updated\" datetime=\"2018-12-10T09:50:22+00:00\">10 diciembre, 2018<\/time><\/a><\/small>, <small class=\"meta-category\"><a href=\"https:\/\/www.goierrieskola.eus\/es\/category\/gure_enbaxadoreak-es\/\" rel=\"category tag\">Gure Enbaxadoreak<\/a><\/small>, <small class=\"meta-comment-count\"><a href=\"https:\/\/www.goierrieskola.eus\/es\/gure-enbaxadoreak-maider-amenabarro\/#comments\">0 <i class=\"icon-chat-1 hover-tip\" data-original-title=\"Esta publicaci\u00f3n tiene 0 comentarios\" data-toggle=\"tooltip\" data-placement=\"top\"><\/i><\/a><\/small>                <\/span>\n\n\t\t\t<\/div><!--end post-header-->\n\n\t\t\t\n\t\t\t\t\t\t\t\t\t<div class=\"post-info\">\n\n\t\t\t\t\t\t<div class=\"entry-summary\">\n\t\t\t\t\t\t\t<p>Quienes van a la universidad tras su paso por la Formaci\u00f3n Profesional superan con creces a quienes hacen el...<\/p>\t\t\t\t\t\t<\/div><!-- .entry-summary -->\n\n\t\t\t\t\t<\/div><!--end post-info-->\n\t\t\t\t\n\t\t\t\n\t\t\n\t\t<div class=\"post-footer\">\n\t\t\t<small>\n\t\t\t\t<a href=\"#\" class=\"item-likes\" id=\"item-likes-9771\" title=\"Like this\"><span class=\"item-likes-count\">2<\/span> <span class=\"item-likes-postfix\">likes<\/span><\/a>\n\t\t\t\t\t\t\t\t\t<a href=\"https:\/\/www.goierrieskola.eus\/es\/gure-enbaxadoreak-maider-amenabarro\/\"><span class=\"muted pull-right\">\n\t\t\t\t\t\tLeer m\u00e1s<\/span>\n\t\t\t\t\t<\/a>\n\t\t\t\t\n\t\t\t<\/small>\n\t\t<\/div><!--end post-footer-->\n\n\t<\/div><!--end post-content-->\n<\/article>\n\n\n<article id=\"post-9735\" class=\"post-item post-9735 post type-post status-publish format-standard has-post-thumbnail hentry category-patronoekin-solasean\">\n\t<div class=\"post-content animated animate-when-almost-visible el-appear\">\n\n\t\t<div class=\"post-image\"><a href=\"https:\/\/www.goierrieskola.eus\/es\/patronoekin-solasean-caf\/\" class=\"element-wrap\"><img decoding=\"async\" data-src=\"https:\/\/www.goierrieskola.eus\/wp-content\/uploads\/2018\/11\/IMG_3616slide-480x101.jpg\" alt=\"Patronoekin solasean: CAF\" src=\"data:image\/svg+xml;base64,PHN2ZyB3aWR0aD0iMSIgaGVpZ2h0PSIxIiB4bWxucz0iaHR0cDovL3d3dy53My5vcmcvMjAwMC9zdmciPjwvc3ZnPg==\" class=\"lazyload\" style=\"--smush-placeholder-width: 480px; --smush-placeholder-aspect-ratio: 480\/101;\"><span class=\"hover-element\"><i>+<\/i><\/span><\/a><\/div><!--end post-image-->\n\t\t\n\t\t\t<div class=\"post-header\">\n\n\t\t\t\t\t\t\t\t\t<h3 class=\"post-title entry-title\"><a href=\"https:\/\/www.goierrieskola.eus\/es\/patronoekin-solasean-caf\/\">Patronoekin solasean: CAF<\/a>\n\t\t\t\t\t<\/h3>\n\t\t\t\t\n\t\t\t\t<span class=\"post-meta\">\n                    <small><a href=\"https:\/\/www.goierrieskola.eus\/es\/patronoekin-solasean-caf\/\" rel=\"bookmark\" class=\"post-time\"><time class=\"entry-date\" datetime=\"2018-11-26T10:09:53+00:00\">26 noviembre, 2018<\/time><time class=\"modify-date hide hidden updated\" datetime=\"2018-11-26T10:09:53+00:00\">26 noviembre, 2018<\/time><\/a><\/small>, <small class=\"meta-category\"><a href=\"https:\/\/www.goierrieskola.eus\/es\/category\/patronoekin-solasean\/\" rel=\"category tag\">Patronoekin solasean<\/a><\/small>, <small class=\"meta-comment-count\"><a href=\"https:\/\/www.goierrieskola.eus\/es\/patronoekin-solasean-caf\/#comments\">0 <i class=\"icon-chat-1 hover-tip\" data-original-title=\"Esta publicaci\u00f3n tiene 0 comentarios\" data-toggle=\"tooltip\" data-placement=\"top\"><\/i><\/a><\/small>                <\/span>\n\n\t\t\t<\/div><!--end post-header-->\n\n\t\t\t\n\t\t\t\t\t\t\t\t\t<div class=\"post-info\">\n\n\t\t\t\t\t\t<div class=\"entry-summary\">\n\t\t\t\t\t\t\t<p>JOSU IMAZ MURGIONDO Director Corporativo de Negocios y Tecnolog\u00eda de CAF Era alumno de ingenier\u00eda cuando entr\u00f3 a CAF...<\/p>\t\t\t\t\t\t<\/div><!-- .entry-summary -->\n\n\t\t\t\t\t<\/div><!--end post-info-->\n\t\t\t\t\n\t\t\t\n\t\t\n\t\t<div class=\"post-footer\">\n\t\t\t<small>\n\t\t\t\t<a href=\"#\" class=\"item-likes\" id=\"item-likes-9724\" title=\"Like this\"><span class=\"item-likes-count\">3<\/span> <span class=\"item-likes-postfix\">likes<\/span><\/a>\n\t\t\t\t\t\t\t\t\t<a href=\"https:\/\/www.goierrieskola.eus\/es\/patronoekin-solasean-caf\/\"><span class=\"muted pull-right\">\n\t\t\t\t\t\tLeer m\u00e1s<\/span>\n\t\t\t\t\t<\/a>\n\t\t\t\t\n\t\t\t<\/small>\n\t\t<\/div><!--end post-footer-->\n\n\t<\/div><!--end post-content-->\n<\/article>\n\n\n<article id=\"post-9657\" class=\"post-item post-9657 post type-post status-publish format-standard has-post-thumbnail hentry category-gure_enbaxadoreak-es\">\n\t<div class=\"post-content animated animate-when-almost-visible el-appear\">\n\n\t\t<div class=\"post-image\"><a href=\"https:\/\/www.goierrieskola.eus\/es\/gure-enbaxadoreak-jon-elustondo\/\" class=\"element-wrap\"><img decoding=\"async\" data-src=\"https:\/\/www.goierrieskola.eus\/wp-content\/uploads\/2018\/10\/img-slider-480x185.jpg\" alt=\"GURE ENBAXADOREAK: JON ELUSTONDO\" src=\"data:image\/svg+xml;base64,PHN2ZyB3aWR0aD0iMSIgaGVpZ2h0PSIxIiB4bWxucz0iaHR0cDovL3d3dy53My5vcmcvMjAwMC9zdmciPjwvc3ZnPg==\" class=\"lazyload\" style=\"--smush-placeholder-width: 480px; --smush-placeholder-aspect-ratio: 480\/185;\"><span class=\"hover-element\"><i>+<\/i><\/span><\/a><\/div><!--end post-image-->\n\t\t\n\t\t\t<div class=\"post-header\">\n\n\t\t\t\t\t\t\t\t\t<h3 class=\"post-title entry-title\"><a href=\"https:\/\/www.goierrieskola.eus\/es\/gure-enbaxadoreak-jon-elustondo\/\">GURE ENBAXADOREAK: JON ELUSTONDO<\/a>\n\t\t\t\t\t<\/h3>\n\t\t\t\t\n\t\t\t\t<span class=\"post-meta\">\n                    <small><a href=\"https:\/\/www.goierrieskola.eus\/es\/gure-enbaxadoreak-jon-elustondo\/\" rel=\"bookmark\" class=\"post-time\"><time class=\"entry-date\" datetime=\"2018-10-09T14:05:07+00:00\">9 octubre, 2018<\/time><time class=\"modify-date hide hidden updated\" datetime=\"2018-12-05T15:53:26+00:00\">5 diciembre, 2018<\/time><\/a><\/small>, <small class=\"meta-category\"><a href=\"https:\/\/www.goierrieskola.eus\/es\/category\/gure_enbaxadoreak-es\/\" rel=\"category tag\">Gure Enbaxadoreak<\/a><\/small>, <small class=\"meta-comment-count\"><a href=\"https:\/\/www.goierrieskola.eus\/es\/gure-enbaxadoreak-jon-elustondo\/#comments\">0 <i class=\"icon-chat-1 hover-tip\" data-original-title=\"Esta publicaci\u00f3n tiene 0 comentarios\" data-toggle=\"tooltip\" data-placement=\"top\"><\/i><\/a><\/small>                <\/span>\n\n\t\t\t<\/div><!--end post-header-->\n\n\t\t\t\n\t\t\t\t\t\t\t\t\t<div class=\"post-info\">\n\n\t\t\t\t\t\t<div class=\"entry-summary\">\n\t\t\t\t\t\t\t<p>El berrobiarra Jon Elustondo tiene 24 a\u00f1os . Recal\u00f3\u00a0 en Goierri Eskola tras hacer el bachillerato en el Instituto...<\/p>\t\t\t\t\t\t<\/div><!-- .entry-summary -->\n\n\t\t\t\t\t<\/div><!--end post-info-->\n\t\t\t\t\n\t\t\t\n\t\t\n\t\t<div class=\"post-footer\">\n\t\t\t<small>\n\t\t\t\t<a href=\"#\" class=\"item-likes\" id=\"item-likes-9648\" title=\"Like this\"><span class=\"item-likes-count\">1<\/span> <span class=\"item-likes-postfix\">like<\/span><\/a>\n\t\t\t\t\t\t\t\t\t<a href=\"https:\/\/www.goierrieskola.eus\/es\/gure-enbaxadoreak-jon-elustondo\/\"><span class=\"muted pull-right\">\n\t\t\t\t\t\tLeer m\u00e1s<\/span>\n\t\t\t\t\t<\/a>\n\t\t\t\t\n\t\t\t<\/small>\n\t\t<\/div><!--end post-footer-->\n\n\t<\/div><!--end post-content-->\n<\/article>\n\n\n<article id=\"post-9170\" class=\"post-item post-9170 post type-post status-publish format-standard has-post-thumbnail hentry category-bachillerato\">\n\t<div class=\"post-content animated animate-when-almost-visible el-appear\">\n\n\t\t<div class=\"post-image\"><a href=\"https:\/\/www.goierrieskola.eus\/es\/reunion-con-familias-presentacion-del-curso\/\" class=\"element-wrap\"><img decoding=\"async\" data-src=\"https:\/\/www.goierrieskola.eus\/wp-content\/uploads\/2016\/09\/Boligrafoa1350x450-480x164.jpg\" alt=\"REUNI\u00d3N CON FAMILIAS: PRESENTACI\u00d3N DEL CURSO\" src=\"data:image\/svg+xml;base64,PHN2ZyB3aWR0aD0iMSIgaGVpZ2h0PSIxIiB4bWxucz0iaHR0cDovL3d3dy53My5vcmcvMjAwMC9zdmciPjwvc3ZnPg==\" class=\"lazyload\" style=\"--smush-placeholder-width: 480px; --smush-placeholder-aspect-ratio: 480\/164;\"><span class=\"hover-element\"><i>+<\/i><\/span><\/a><\/div><!--end post-image-->\n\t\t\n\t\t\t<div class=\"post-header\">\n\n\t\t\t\t\t\t\t\t\t<h3 class=\"post-title entry-title\"><a href=\"https:\/\/www.goierrieskola.eus\/es\/reunion-con-familias-presentacion-del-curso\/\">REUNI\u00d3N CON FAMILIAS: PRESENTACI\u00d3N DEL CURSO<\/a>\n\t\t\t\t\t<\/h3>\n\t\t\t\t\n\t\t\t\t<span class=\"post-meta\">\n                    <small><a href=\"https:\/\/www.goierrieskola.eus\/es\/reunion-con-familias-presentacion-del-curso\/\" rel=\"bookmark\" class=\"post-time\"><time class=\"entry-date\" datetime=\"2018-09-18T12:50:55+00:00\">18 septiembre, 2018<\/time><time class=\"modify-date hide hidden updated\" datetime=\"2022-02-23T15:48:39+00:00\">23 febrero, 2022<\/time><\/a><\/small>, <small class=\"meta-category\"><a href=\"https:\/\/www.goierrieskola.eus\/es\/category\/bachillerato\/\" rel=\"category tag\">Bachillerato<\/a><\/small>, <small class=\"meta-comment-count\"><a href=\"https:\/\/www.goierrieskola.eus\/es\/reunion-con-familias-presentacion-del-curso\/#comments\">0 <i class=\"icon-chat-1 hover-tip\" data-original-title=\"Esta publicaci\u00f3n tiene 0 comentarios\" data-toggle=\"tooltip\" data-placement=\"top\"><\/i><\/a><\/small>                <\/span>\n\n\t\t\t<\/div><!--end post-header-->\n\n\t\t\t\n\t\t\t\t\t\t\t\t\t<div class=\"post-info\">\n\n\t\t\t\t\t\t<div class=\"entry-summary\">\n\t\t\t\t\t\t\t<p> Todos los grupos de Formaci\u00f3n Profesional de Grado Superior &#8211; Edificio 2 Documentaci\u00f3n que le\/te resultar\u00e1 \u00fatil: 1er...<\/p>\t\t\t\t\t\t<\/div><!-- .entry-summary -->\n\n\t\t\t\t\t<\/div><!--end post-info-->\n\t\t\t\t\n\t\t\t\n\t\t\n\t\t<div class=\"post-footer\">\n\t\t\t<small>\n\t\t\t\t<a href=\"#\" class=\"item-likes\" id=\"item-likes-9164\" title=\"Like this\"><span class=\"item-likes-count\">1<\/span> <span class=\"item-likes-postfix\">like<\/span><\/a>\n\t\t\t\t\t\t\t\t\t<a href=\"https:\/\/www.goierrieskola.eus\/es\/reunion-con-familias-presentacion-del-curso\/\"><span class=\"muted pull-right\">\n\t\t\t\t\t\tLeer m\u00e1s<\/span>\n\t\t\t\t\t<\/a>\n\t\t\t\t\n\t\t\t<\/small>\n\t\t<\/div><!--end post-footer-->\n\n\t<\/div><!--end post-content-->\n<\/article>\n\n\n<article id=\"post-9602\" class=\"post-item post-9602 post type-post status-publish format-standard has-post-thumbnail hentry category-ikastaroak-es\">\n\t<div class=\"post-content animated animate-when-almost-visible el-appear\">\n\n\t\t<div class=\"post-image\"><a href=\"https:\/\/www.goierrieskola.eus\/es\/curso-para-desempleados-as-de-beasain-y-ordizia-maquinaria-y-equipo-industrial\/\" class=\"element-wrap\"><img decoding=\"async\" data-src=\"https:\/\/www.goierrieskola.eus\/wp-content\/uploads\/2016\/03\/Mekatronika-480x188.jpg\" alt=\"CURSO PARA DESEMPLEADOS\/AS DE BEASAIN Y ORDIZIA: MAQUINARIA Y EQUIPO INDUSTRIAL\" src=\"data:image\/svg+xml;base64,PHN2ZyB3aWR0aD0iMSIgaGVpZ2h0PSIxIiB4bWxucz0iaHR0cDovL3d3dy53My5vcmcvMjAwMC9zdmciPjwvc3ZnPg==\" class=\"lazyload\" style=\"--smush-placeholder-width: 480px; --smush-placeholder-aspect-ratio: 480\/188;\"><span class=\"hover-element\"><i>+<\/i><\/span><\/a><\/div><!--end post-image-->\n\t\t\n\t\t\t<div class=\"post-header\">\n\n\t\t\t\t\t\t\t\t\t<h3 class=\"post-title entry-title\"><a href=\"https:\/\/www.goierrieskola.eus\/es\/curso-para-desempleados-as-de-beasain-y-ordizia-maquinaria-y-equipo-industrial\/\">CURSO PARA DESEMPLEADOS\/AS DE BEASAIN Y ORDIZIA: MAQUINARIA Y EQUIPO INDUSTRIAL<\/a>\n\t\t\t\t\t<\/h3>\n\t\t\t\t\n\t\t\t\t<span class=\"post-meta\">\n                    <small><a href=\"https:\/\/www.goierrieskola.eus\/es\/curso-para-desempleados-as-de-beasain-y-ordizia-maquinaria-y-equipo-industrial\/\" rel=\"bookmark\" class=\"post-time\"><time class=\"entry-date\" datetime=\"2018-09-11T10:55:56+00:00\">11 septiembre, 2018<\/time><time class=\"modify-date hide hidden updated\" datetime=\"2018-10-16T07:42:52+00:00\">16 octubre, 2018<\/time><\/a><\/small>, <small class=\"meta-category\"><a href=\"https:\/\/www.goierrieskola.eus\/es\/category\/ikastaroak-es\/\" rel=\"category tag\">Ikastaroak<\/a><\/small>, <small class=\"meta-comment-count\"><a href=\"https:\/\/www.goierrieskola.eus\/es\/curso-para-desempleados-as-de-beasain-y-ordizia-maquinaria-y-equipo-industrial\/#comments\">0 <i class=\"icon-chat-1 hover-tip\" data-original-title=\"Esta publicaci\u00f3n tiene 0 comentarios\" data-toggle=\"tooltip\" data-placement=\"top\"><\/i><\/a><\/small>                <\/span>\n\n\t\t\t<\/div><!--end post-header-->\n\n\t\t\t\n\t\t\t\t\t\t\t\t\t<div class=\"post-info\">\n\n\t\t\t\t\t\t<div class=\"entry-summary\">\n\t\t\t\t\t\t\t<p>OBJETIVOS DEL CURSO: Controlar la instalaci\u00f3n en planta de maquinaria, equipo industrial y l\u00edneas automatizadas de producci\u00f3n a partir...<\/p>\t\t\t\t\t\t<\/div><!-- .entry-summary -->\n\n\t\t\t\t\t<\/div><!--end post-info-->\n\t\t\t\t\n\t\t\t\n\t\t\n\t\t<div class=\"post-footer\">\n\t\t\t<small>\n\t\t\t\t<a href=\"#\" class=\"item-likes\" id=\"item-likes-9592\" title=\"Like this\"><span class=\"item-likes-count\">1<\/span> <span class=\"item-likes-postfix\">like<\/span><\/a>\n\t\t\t\t\t\t\t\t\t<a href=\"https:\/\/www.goierrieskola.eus\/es\/curso-para-desempleados-as-de-beasain-y-ordizia-maquinaria-y-equipo-industrial\/\"><span class=\"muted pull-right\">\n\t\t\t\t\t\tLeer m\u00e1s<\/span>\n\t\t\t\t\t<\/a>\n\t\t\t\t\n\t\t\t<\/small>\n\t\t<\/div><!--end post-footer-->\n\n\t<\/div><!--end post-content-->\n<\/article>\n\n\n<article id=\"post-9453\" class=\"post-item post-9453 post type-post status-publish format-standard has-post-thumbnail hentry category-gure_enbaxadoreak-es\">\n\t<div class=\"post-content animated animate-when-almost-visible el-appear\">\n\n\t\t<div class=\"post-image\"><a href=\"https:\/\/www.goierrieskola.eus\/es\/gure-enbaxadoreak-maitane-garmendia\/\" class=\"element-wrap\"><img decoding=\"async\" data-src=\"https:\/\/www.goierrieskola.eus\/wp-content\/uploads\/2018\/05\/IMG_3737-e1525248976499-480x220.jpg\" alt=\"GURE ENBAXADOREAK: MAITANE GARMENDIA\" src=\"data:image\/svg+xml;base64,PHN2ZyB3aWR0aD0iMSIgaGVpZ2h0PSIxIiB4bWxucz0iaHR0cDovL3d3dy53My5vcmcvMjAwMC9zdmciPjwvc3ZnPg==\" class=\"lazyload\" style=\"--smush-placeholder-width: 480px; --smush-placeholder-aspect-ratio: 480\/220;\"><span class=\"hover-element\"><i>+<\/i><\/span><\/a><\/div><!--end post-image-->\n\t\t\n\t\t\t<div class=\"post-header\">\n\n\t\t\t\t\t\t\t\t\t<h3 class=\"post-title entry-title\"><a href=\"https:\/\/www.goierrieskola.eus\/es\/gure-enbaxadoreak-maitane-garmendia\/\">GURE ENBAXADOREAK: MAITANE GARMENDIA<\/a>\n\t\t\t\t\t<\/h3>\n\t\t\t\t\n\t\t\t\t<span class=\"post-meta\">\n                    <small><a href=\"https:\/\/www.goierrieskola.eus\/es\/gure-enbaxadoreak-maitane-garmendia\/\" rel=\"bookmark\" class=\"post-time\"><time class=\"entry-date\" datetime=\"2018-05-02T09:02:27+00:00\">2 mayo, 2018<\/time><time class=\"modify-date hide hidden updated\" datetime=\"2018-12-05T16:10:37+00:00\">5 diciembre, 2018<\/time><\/a><\/small>, <small class=\"meta-category\"><a href=\"https:\/\/www.goierrieskola.eus\/es\/category\/gure_enbaxadoreak-es\/\" rel=\"category tag\">Gure Enbaxadoreak<\/a><\/small>, <small class=\"meta-comment-count\"><a href=\"https:\/\/www.goierrieskola.eus\/es\/gure-enbaxadoreak-maitane-garmendia\/#comments\">0 <i class=\"icon-chat-1 hover-tip\" data-original-title=\"Esta publicaci\u00f3n tiene 0 comentarios\" data-toggle=\"tooltip\" data-placement=\"top\"><\/i><\/a><\/small>                <\/span>\n\n\t\t\t<\/div><!--end post-header-->\n\n\t\t\t\n\t\t\t\t\t\t\t\t\t<div class=\"post-info\">\n\n\t\t\t\t\t\t<div class=\"entry-summary\">\n\t\t\t\t\t\t\t<p>La beasaindarra Maitane Garmendia tiene 32 a\u00f1os y trabaja en IK4-Ikerlan, centro\u00a0 cuya misi\u00f3n es\u00a0 la transferencia de conocimiento...<\/p>\t\t\t\t\t\t<\/div><!-- .entry-summary -->\n\n\t\t\t\t\t<\/div><!--end post-info-->\n\t\t\t\t\n\t\t\t\n\t\t\n\t\t<div class=\"post-footer\">\n\t\t\t<small>\n\t\t\t\t<a href=\"#\" class=\"item-likes\" id=\"item-likes-9446\" title=\"Like this\"><span class=\"item-likes-count\">1<\/span> <span class=\"item-likes-postfix\">like<\/span><\/a>\n\t\t\t\t\t\t\t\t\t<a href=\"https:\/\/www.goierrieskola.eus\/es\/gure-enbaxadoreak-maitane-garmendia\/\"><span class=\"muted pull-right\">\n\t\t\t\t\t\tLeer m\u00e1s<\/span>\n\t\t\t\t\t<\/a>\n\t\t\t\t\n\t\t\t<\/small>\n\t\t<\/div><!--end post-footer-->\n\n\t<\/div><!--end post-content-->\n<\/article>\n\n\n<article id=\"post-9382\" class=\"post-item post-9382 post type-post status-publish format-standard hentry category-bachillerato\">\n\t<div class=\"post-content animated animate-when-almost-visible el-appear\">\n\n\t\t\n\t\t\n\t\t\t<div class=\"post-header\">\n\n\t\t\t\t\t\t\t\t\t<h3 class=\"post-title entry-title\"><a href=\"https:\/\/www.goierrieskola.eus\/es\/proceso-de-matriculacion-para-el-curso-18-19\/\">Proceso de matriculaci\u00f3n para el curso 20-21<\/a>\n\t\t\t\t\t<\/h3>\n\t\t\t\t\n\t\t\t\t<span class=\"post-meta\">\n                    <small><a href=\"https:\/\/www.goierrieskola.eus\/es\/proceso-de-matriculacion-para-el-curso-18-19\/\" rel=\"bookmark\" class=\"post-time\"><time class=\"entry-date\" datetime=\"2018-04-13T07:57:59+00:00\">13 abril, 2018<\/time><time class=\"modify-date hide hidden updated\" datetime=\"2022-02-23T15:49:18+00:00\">23 febrero, 2022<\/time><\/a><\/small>, <small class=\"meta-category\"><a href=\"https:\/\/www.goierrieskola.eus\/es\/category\/bachillerato\/\" rel=\"category tag\">Bachillerato<\/a><\/small>, <small class=\"meta-comment-count\"><a href=\"https:\/\/www.goierrieskola.eus\/es\/proceso-de-matriculacion-para-el-curso-18-19\/#comments\">0 <i class=\"icon-chat-1 hover-tip\" data-original-title=\"Esta publicaci\u00f3n tiene 0 comentarios\" data-toggle=\"tooltip\" data-placement=\"top\"><\/i><\/a><\/small>                <\/span>\n\n\t\t\t<\/div><!--end post-header-->\n\n\t\t\t\n\t\t\t\t\t\t\t\t\t<div class=\"post-info\">\n\n\t\t\t\t\t\t<div class=\"entry-summary\">\n\t\t\t\t\t\t\t<p>El las siguientes pesta\u00f1as encontrar\u00e1 los hitos m\u00e1s importantes para llevar a cabo el proceso de matriculaci\u00f3n por distintos...<\/p>\t\t\t\t\t\t<\/div><!-- .entry-summary -->\n\n\t\t\t\t\t<\/div><!--end post-info-->\n\t\t\t\t\n\t\t\t\n\t\t\n\t\t<div class=\"post-footer\">\n\t\t\t<small>\n\t\t\t\t<a href=\"#\" class=\"item-likes\" id=\"item-likes-9379\" title=\"Like this\"><span class=\"item-likes-count\">1<\/span> <span class=\"item-likes-postfix\">like<\/span><\/a>\n\t\t\t\t\t\t\t\t\t<a href=\"https:\/\/www.goierrieskola.eus\/es\/proceso-de-matriculacion-para-el-curso-18-19\/\"><span class=\"muted pull-right\">\n\t\t\t\t\t\tLeer m\u00e1s<\/span>\n\t\t\t\t\t<\/a>\n\t\t\t\t\n\t\t\t<\/small>\n\t\t<\/div><!--end post-footer-->\n\n\t<\/div><!--end post-content-->\n<\/article>\n\n\n<article id=\"post-9369\" class=\"post-item post-9369 post type-post status-publish format-standard has-post-thumbnail hentry category-gure_enbaxadoreak-es\">\n\t<div class=\"post-content animated animate-when-almost-visible el-appear\">\n\n\t\t<div class=\"post-image\"><a href=\"https:\/\/www.goierrieskola.eus\/es\/gure-enbaxadoreak-bogdan-cristian-popa\/\" class=\"element-wrap\"><img decoding=\"async\" data-src=\"https:\/\/www.goierrieskola.eus\/wp-content\/uploads\/2018\/04\/IMG_4841-e1523433911285-480x184.jpg\" alt=\"GURE ENBAXADOREAK: BOGDAN CRISTIAN POPA\" src=\"data:image\/svg+xml;base64,PHN2ZyB3aWR0aD0iMSIgaGVpZ2h0PSIxIiB4bWxucz0iaHR0cDovL3d3dy53My5vcmcvMjAwMC9zdmciPjwvc3ZnPg==\" class=\"lazyload\" style=\"--smush-placeholder-width: 480px; --smush-placeholder-aspect-ratio: 480\/184;\"><span class=\"hover-element\"><i>+<\/i><\/span><\/a><\/div><!--end post-image-->\n\t\t\n\t\t\t<div class=\"post-header\">\n\n\t\t\t\t\t\t\t\t\t<h3 class=\"post-title entry-title\"><a href=\"https:\/\/www.goierrieskola.eus\/es\/gure-enbaxadoreak-bogdan-cristian-popa\/\">GURE ENBAXADOREAK: BOGDAN CRISTIAN POPA<\/a>\n\t\t\t\t\t<\/h3>\n\t\t\t\t\n\t\t\t\t<span class=\"post-meta\">\n                    <small><a href=\"https:\/\/www.goierrieskola.eus\/es\/gure-enbaxadoreak-bogdan-cristian-popa\/\" rel=\"bookmark\" class=\"post-time\"><time class=\"entry-date\" datetime=\"2018-04-11T08:16:27+00:00\">11 abril, 2018<\/time><time class=\"modify-date hide hidden updated\" datetime=\"2018-12-05T16:09:39+00:00\">5 diciembre, 2018<\/time><\/a><\/small>, <small class=\"meta-category\"><a href=\"https:\/\/www.goierrieskola.eus\/es\/category\/gure_enbaxadoreak-es\/\" rel=\"category tag\">Gure Enbaxadoreak<\/a><\/small>, <small class=\"meta-comment-count\"><a href=\"https:\/\/www.goierrieskola.eus\/es\/gure-enbaxadoreak-bogdan-cristian-popa\/#comments\">0 <i class=\"icon-chat-1 hover-tip\" data-original-title=\"Esta publicaci\u00f3n tiene 0 comentarios\" data-toggle=\"tooltip\" data-placement=\"top\"><\/i><\/a><\/small>                <\/span>\n\n\t\t\t<\/div><!--end post-header-->\n\n\t\t\t\n\t\t\t\t\t\t\t\t\t<div class=\"post-info\">\n\n\t\t\t\t\t\t<div class=\"entry-summary\">\n\t\t\t\t\t\t\t<p>Hay circunstancias que hacen que las cosas sean m\u00e1s dif\u00edciles para unos que para otros. Bogdan dej\u00f3 su pa\u00eds...<\/p>\t\t\t\t\t\t<\/div><!-- .entry-summary -->\n\n\t\t\t\t\t<\/div><!--end post-info-->\n\t\t\t\t\n\t\t\t\n\t\t\n\t\t<div class=\"post-footer\">\n\t\t\t<small>\n\t\t\t\t<a href=\"#\" class=\"item-likes\" id=\"item-likes-9361\" title=\"Like this\"><span class=\"item-likes-count\">2<\/span> <span class=\"item-likes-postfix\">likes<\/span><\/a>\n\t\t\t\t\t\t\t\t\t<a href=\"https:\/\/www.goierrieskola.eus\/es\/gure-enbaxadoreak-bogdan-cristian-popa\/\"><span class=\"muted pull-right\">\n\t\t\t\t\t\tLeer m\u00e1s<\/span>\n\t\t\t\t\t<\/a>\n\t\t\t\t\n\t\t\t<\/small>\n\t\t<\/div><!--end post-footer-->\n\n\t<\/div><!--end post-content-->\n<\/article>\n\n\n<article id=\"post-9331\" class=\"post-item post-9331 post type-post status-publish format-standard has-post-thumbnail hentry category-gure_enbaxadoreak-es\">\n\t<div class=\"post-content animated animate-when-almost-visible el-appear\">\n\n\t\t<div class=\"post-image\"><a href=\"https:\/\/www.goierrieskola.eus\/es\/gure-enbaxadoreak-laida-etxeberria\/\" class=\"element-wrap\"><img decoding=\"async\" data-src=\"https:\/\/www.goierrieskola.eus\/wp-content\/uploads\/2018\/03\/Laida_Etxeberria3-e1520333275611-480x172.jpg\" alt=\"GURE ENBAXADOREAK: LAIDA ETXEBERRIA\" src=\"data:image\/svg+xml;base64,PHN2ZyB3aWR0aD0iMSIgaGVpZ2h0PSIxIiB4bWxucz0iaHR0cDovL3d3dy53My5vcmcvMjAwMC9zdmciPjwvc3ZnPg==\" class=\"lazyload\" style=\"--smush-placeholder-width: 480px; --smush-placeholder-aspect-ratio: 480\/172;\"><span class=\"hover-element\"><i>+<\/i><\/span><\/a><\/div><!--end post-image-->\n\t\t\n\t\t\t<div class=\"post-header\">\n\n\t\t\t\t\t\t\t\t\t<h3 class=\"post-title entry-title\"><a href=\"https:\/\/www.goierrieskola.eus\/es\/gure-enbaxadoreak-laida-etxeberria\/\">GURE ENBAXADOREAK: LAIDA ETXEBERRIA<\/a>\n\t\t\t\t\t<\/h3>\n\t\t\t\t\n\t\t\t\t<span class=\"post-meta\">\n                    <small><a href=\"https:\/\/www.goierrieskola.eus\/es\/gure-enbaxadoreak-laida-etxeberria\/\" rel=\"bookmark\" class=\"post-time\"><time class=\"entry-date\" datetime=\"2018-03-15T11:13:19+00:00\">15 marzo, 2018<\/time><time class=\"modify-date hide hidden updated\" datetime=\"2018-12-05T16:09:47+00:00\">5 diciembre, 2018<\/time><\/a><\/small>, <small class=\"meta-category\"><a href=\"https:\/\/www.goierrieskola.eus\/es\/category\/gure_enbaxadoreak-es\/\" rel=\"category tag\">Gure Enbaxadoreak<\/a><\/small>, <small class=\"meta-comment-count\"><a href=\"https:\/\/www.goierrieskola.eus\/es\/gure-enbaxadoreak-laida-etxeberria\/#comments\">0 <i class=\"icon-chat-1 hover-tip\" data-original-title=\"Esta publicaci\u00f3n tiene 0 comentarios\" data-toggle=\"tooltip\" data-placement=\"top\"><\/i><\/a><\/small>                <\/span>\n\n\t\t\t<\/div><!--end post-header-->\n\n\t\t\t\n\t\t\t\t\t\t\t\t\t<div class=\"post-info\">\n\n\t\t\t\t\t\t<div class=\"entry-summary\">\n\t\t\t\t\t\t\t<p>Laida Etxeberria tiene 21 a\u00f1os y estudia 4\u00ba de Medicina en la Universidad del Pa\u00eds Vasco. Tras cursar en...<\/p>\t\t\t\t\t\t<\/div><!-- .entry-summary -->\n\n\t\t\t\t\t<\/div><!--end post-info-->\n\t\t\t\t\n\t\t\t\n\t\t\n\t\t<div class=\"post-footer\">\n\t\t\t<small>\n\t\t\t\t<a href=\"#\" class=\"item-likes\" id=\"item-likes-9320\" title=\"Like this\"><span class=\"item-likes-count\">2<\/span> <span class=\"item-likes-postfix\">likes<\/span><\/a>\n\t\t\t\t\t\t\t\t\t<a href=\"https:\/\/www.goierrieskola.eus\/es\/gure-enbaxadoreak-laida-etxeberria\/\"><span class=\"muted pull-right\">\n\t\t\t\t\t\tLeer m\u00e1s<\/span>\n\t\t\t\t\t<\/a>\n\t\t\t\t\n\t\t\t<\/small>\n\t\t<\/div><!--end post-footer-->\n\n\t<\/div><!--end post-content-->\n<\/article>\n\n\n<article id=\"post-9284\" class=\"post-item post-9284 post type-post status-publish format-standard has-post-thumbnail hentry category-sociedad\">\n\t<div class=\"post-content animated animate-when-almost-visible el-appear\">\n\n\t\t<div class=\"post-image\"><a href=\"https:\/\/www.goierrieskola.eus\/es\/los-futuros-tecnicos-en-atencion-a-personas-dependientes-visitan-la-central-del-servicio-publico-de-teleasistencia\/\" class=\"element-wrap\"><img decoding=\"async\" data-src=\"https:\/\/www.goierrieskola.eus\/wp-content\/uploads\/2018\/02\/3-480x213.jpg\" alt=\"Los futuros t\u00e9cnicos en atenci\u00f3n a personas dependientes visitan la central del Servicio P\u00fablico de Teleasistencia\" src=\"data:image\/svg+xml;base64,PHN2ZyB3aWR0aD0iMSIgaGVpZ2h0PSIxIiB4bWxucz0iaHR0cDovL3d3dy53My5vcmcvMjAwMC9zdmciPjwvc3ZnPg==\" class=\"lazyload\" style=\"--smush-placeholder-width: 480px; --smush-placeholder-aspect-ratio: 480\/213;\"><span class=\"hover-element\"><i>+<\/i><\/span><\/a><\/div><!--end post-image-->\n\t\t\n\t\t\t<div class=\"post-header\">\n\n\t\t\t\t\t\t\t\t\t<h3 class=\"post-title entry-title\"><a href=\"https:\/\/www.goierrieskola.eus\/es\/los-futuros-tecnicos-en-atencion-a-personas-dependientes-visitan-la-central-del-servicio-publico-de-teleasistencia\/\">Los futuros t\u00e9cnicos en atenci\u00f3n a personas dependientes visitan la central del Servicio P\u00fablico de Teleasistencia<\/a>\n\t\t\t\t\t<\/h3>\n\t\t\t\t\n\t\t\t\t<span class=\"post-meta\">\n                    <small><a href=\"https:\/\/www.goierrieskola.eus\/es\/los-futuros-tecnicos-en-atencion-a-personas-dependientes-visitan-la-central-del-servicio-publico-de-teleasistencia\/\" rel=\"bookmark\" class=\"post-time\"><time class=\"entry-date\" datetime=\"2018-02-02T08:42:00+00:00\">2 febrero, 2018<\/time><time class=\"modify-date hide hidden updated\" datetime=\"2022-02-23T16:00:28+00:00\">23 febrero, 2022<\/time><\/a><\/small>, <small class=\"meta-category\"><a href=\"https:\/\/www.goierrieskola.eus\/es\/category\/sociedad\/\" rel=\"category tag\">Sociedad<\/a><\/small>, <small class=\"meta-comment-count\"><a href=\"https:\/\/www.goierrieskola.eus\/es\/los-futuros-tecnicos-en-atencion-a-personas-dependientes-visitan-la-central-del-servicio-publico-de-teleasistencia\/#comments\">0 <i class=\"icon-chat-1 hover-tip\" data-original-title=\"Esta publicaci\u00f3n tiene 0 comentarios\" data-toggle=\"tooltip\" data-placement=\"top\"><\/i><\/a><\/small>                <\/span>\n\n\t\t\t<\/div><!--end post-header-->\n\n\t\t\t\n\t\t\t\t\t\t\t\t\t<div class=\"post-info\">\n\n\t\t\t\t\t\t<div class=\"entry-summary\">\n\t\t\t\t\t\t\t<p>Los alumnos que se est\u00e1n formando para trabajar como t\u00e9cnico en atenci\u00f3n a personas en situaci\u00f3n de dependencia han...<\/p>\t\t\t\t\t\t<\/div><!-- .entry-summary -->\n\n\t\t\t\t\t<\/div><!--end post-info-->\n\t\t\t\t\n\t\t\t\n\t\t\n\t\t<div class=\"post-footer\">\n\t\t\t<small>\n\t\t\t\t<a href=\"#\" class=\"item-likes\" id=\"item-likes-9276\" title=\"Like this\"><span class=\"item-likes-count\">0<\/span> <span class=\"item-likes-postfix\">likes<\/span><\/a>\n\t\t\t\t\t\t\t\t\t<a href=\"https:\/\/www.goierrieskola.eus\/es\/los-futuros-tecnicos-en-atencion-a-personas-dependientes-visitan-la-central-del-servicio-publico-de-teleasistencia\/\"><span class=\"muted pull-right\">\n\t\t\t\t\t\tLeer m\u00e1s<\/span>\n\t\t\t\t\t<\/a>\n\t\t\t\t\n\t\t\t<\/small>\n\t\t<\/div><!--end post-footer-->\n\n\t<\/div><!--end post-content-->\n<\/article>\n\n\n<article id=\"post-9132\" class=\"post-item post-9132 post type-post status-publish format-standard has-post-thumbnail hentry category-general\">\n\t<div class=\"post-content animated animate-when-almost-visible el-appear\">\n\n\t\t<div class=\"post-image\"><a href=\"https:\/\/www.goierrieskola.eus\/es\/zuzendari-berria-goierri-eskolan\/\" class=\"element-wrap\"><img decoding=\"async\" data-src=\"https:\/\/www.goierrieskola.eus\/wp-content\/uploads\/2017\/09\/GoierriEskola2017-09-13SLIDER-480x197.jpg\" alt=\"NUEVO DIRECTOR EN GOIERRI ESKOLA\" src=\"data:image\/svg+xml;base64,PHN2ZyB3aWR0aD0iMSIgaGVpZ2h0PSIxIiB4bWxucz0iaHR0cDovL3d3dy53My5vcmcvMjAwMC9zdmciPjwvc3ZnPg==\" class=\"lazyload\" style=\"--smush-placeholder-width: 480px; --smush-placeholder-aspect-ratio: 480\/197;\"><span class=\"hover-element\"><i>+<\/i><\/span><\/a><\/div><!--end post-image-->\n\t\t\n\t\t\t<div class=\"post-header\">\n\n\t\t\t\t\t\t\t\t\t<h3 class=\"post-title entry-title\"><a href=\"https:\/\/www.goierrieskola.eus\/es\/zuzendari-berria-goierri-eskolan\/\">NUEVO DIRECTOR EN GOIERRI ESKOLA<\/a>\n\t\t\t\t\t<\/h3>\n\t\t\t\t\n\t\t\t\t<span class=\"post-meta\">\n                    <small><a href=\"https:\/\/www.goierrieskola.eus\/es\/zuzendari-berria-goierri-eskolan\/\" rel=\"bookmark\" class=\"post-time\"><time class=\"entry-date\" datetime=\"2017-09-22T07:39:45+00:00\">22 septiembre, 2017<\/time><time class=\"modify-date hide hidden updated\" datetime=\"2022-02-23T15:51:19+00:00\">23 febrero, 2022<\/time><\/a><\/small>, <small class=\"meta-category\"><a href=\"https:\/\/www.goierrieskola.eus\/es\/category\/general\/\" rel=\"category tag\">General<\/a><\/small>, <small class=\"meta-comment-count\"><a href=\"https:\/\/www.goierrieskola.eus\/es\/zuzendari-berria-goierri-eskolan\/#comments\">0 <i class=\"icon-chat-1 hover-tip\" data-original-title=\"Esta publicaci\u00f3n tiene 0 comentarios\" data-toggle=\"tooltip\" data-placement=\"top\"><\/i><\/a><\/small>                <\/span>\n\n\t\t\t<\/div><!--end post-header-->\n\n\t\t\t\n\t\t\t\t\t\t\t\t\t<div class=\"post-info\">\n\n\t\t\t\t\t\t<div class=\"entry-summary\">\n\t\t\t\t\t\t\t<p>Jorge Mancisidor es el nuevo director de Goierri Eskola que sustituir\u00e1, tras 12 a\u00f1os en el cargo, a I\u00f1aki...<\/p>\t\t\t\t\t\t<\/div><!-- .entry-summary -->\n\n\t\t\t\t\t<\/div><!--end post-info-->\n\t\t\t\t\n\t\t\t\n\t\t\n\t\t<div class=\"post-footer\">\n\t\t\t<small>\n\t\t\t\t<a href=\"#\" class=\"item-likes\" id=\"item-likes-9124\" title=\"Like this\"><span class=\"item-likes-count\">0<\/span> <span class=\"item-likes-postfix\">likes<\/span><\/a>\n\t\t\t\t\t\t\t\t\t<a href=\"https:\/\/www.goierrieskola.eus\/es\/zuzendari-berria-goierri-eskolan\/\"><span class=\"muted pull-right\">\n\t\t\t\t\t\tLeer m\u00e1s<\/span>\n\t\t\t\t\t<\/a>\n\t\t\t\t\n\t\t\t<\/small>\n\t\t<\/div><!--end post-footer-->\n\n\t<\/div><!--end post-content-->\n<\/article>\n\n\n<article id=\"post-9091\" class=\"post-item post-9091 post type-post status-publish format-standard has-post-thumbnail hentry category-cursos category-ikastaroak-es\">\n\t<div class=\"post-content animated animate-when-almost-visible el-appear\">\n\n\t\t<div class=\"post-image\"><a href=\"https:\/\/www.goierrieskola.eus\/es\/cursos-para-desempleadosas-17-18\/\" class=\"element-wrap\"><img decoding=\"async\" data-src=\"https:\/\/www.goierrieskola.eus\/wp-content\/uploads\/2016\/04\/Koadernoa_Goierri_Eskola-480x151.jpg\" alt=\"CURSOS PARA DESEMPLEADOS\/AS 17-18\" src=\"data:image\/svg+xml;base64,PHN2ZyB3aWR0aD0iMSIgaGVpZ2h0PSIxIiB4bWxucz0iaHR0cDovL3d3dy53My5vcmcvMjAwMC9zdmciPjwvc3ZnPg==\" class=\"lazyload\" style=\"--smush-placeholder-width: 480px; --smush-placeholder-aspect-ratio: 480\/151;\"><span class=\"hover-element\"><i>+<\/i><\/span><\/a><\/div><!--end post-image-->\n\t\t\n\t\t\t<div class=\"post-header\">\n\n\t\t\t\t\t\t\t\t\t<h3 class=\"post-title entry-title\"><a href=\"https:\/\/www.goierrieskola.eus\/es\/cursos-para-desempleadosas-17-18\/\">CURSOS PARA DESEMPLEADOS\/AS 17-18<\/a>\n\t\t\t\t\t<\/h3>\n\t\t\t\t\n\t\t\t\t<span class=\"post-meta\">\n                    <small><a href=\"https:\/\/www.goierrieskola.eus\/es\/cursos-para-desempleadosas-17-18\/\" rel=\"bookmark\" class=\"post-time\"><time class=\"entry-date\" datetime=\"2017-09-15T08:05:53+00:00\">15 septiembre, 2017<\/time><time class=\"modify-date hide hidden updated\" datetime=\"2018-04-12T08:37:23+00:00\">12 abril, 2018<\/time><\/a><\/small>, <small class=\"meta-category\"><a href=\"https:\/\/www.goierrieskola.eus\/es\/category\/cursos\/\" rel=\"category tag\">Cursos<\/a>, <a href=\"https:\/\/www.goierrieskola.eus\/es\/category\/ikastaroak-es\/\" rel=\"category tag\">Ikastaroak<\/a><\/small>, <small class=\"meta-comment-count\"><a href=\"https:\/\/www.goierrieskola.eus\/es\/cursos-para-desempleadosas-17-18\/#comments\">0 <i class=\"icon-chat-1 hover-tip\" data-original-title=\"Esta publicaci\u00f3n tiene 0 comentarios\" data-toggle=\"tooltip\" data-placement=\"top\"><\/i><\/a><\/small>                <\/span>\n\n\t\t\t<\/div><!--end post-header-->\n\n\t\t\t\n\t\t\t\t\t\t\t\t\t<div class=\"post-info\">\n\n\t\t\t\t\t\t<div class=\"entry-summary\">\n\t\t\t\t\t\t\t<p>CERTIFICADO PROFESIONAL DE NIVEL II COMPETENCIA GENERAL: Realizar el montaje e instalaci\u00f3n en planta de maquinaria y equipo industrial...<\/p>\t\t\t\t\t\t<\/div><!-- .entry-summary -->\n\n\t\t\t\t\t<\/div><!--end post-info-->\n\t\t\t\t\n\t\t\t\n\t\t\n\t\t<div class=\"post-footer\">\n\t\t\t<small>\n\t\t\t\t<a href=\"#\" class=\"item-likes\" id=\"item-likes-9089\" title=\"Like this\"><span class=\"item-likes-count\">0<\/span> <span class=\"item-likes-postfix\">likes<\/span><\/a>\n\t\t\t\t\t\t\t\t\t<a href=\"https:\/\/www.goierrieskola.eus\/es\/cursos-para-desempleadosas-17-18\/\"><span class=\"muted pull-right\">\n\t\t\t\t\t\tLeer m\u00e1s<\/span>\n\t\t\t\t\t<\/a>\n\t\t\t\t\n\t\t\t<\/small>\n\t\t<\/div><!--end post-footer-->\n\n\t<\/div><!--end post-content-->\n<\/article>\n\n\n<article id=\"post-8897\" class=\"post-item post-8897 post type-post status-publish format-standard hentry category-bachillerato\">\n\t<div class=\"post-content animated animate-when-almost-visible el-appear\">\n\n\t\t\n\t\t\n\t\t\t<div class=\"post-header\">\n\n\t\t\t\t\t\t\t\t\t<h3 class=\"post-title entry-title\"><a href=\"https:\/\/www.goierrieskola.eus\/es\/proceso-de-matriculacion-para-el-curso-17-18\/\">Proceso de matriculaci\u00f3n para el curso 17-18<\/a>\n\t\t\t\t\t<\/h3>\n\t\t\t\t\n\t\t\t\t<span class=\"post-meta\">\n                    <small><a href=\"https:\/\/www.goierrieskola.eus\/es\/proceso-de-matriculacion-para-el-curso-17-18\/\" rel=\"bookmark\" class=\"post-time\"><time class=\"entry-date\" datetime=\"2017-04-04T12:06:11+00:00\">4 abril, 2017<\/time><time class=\"modify-date hide hidden updated\" datetime=\"2022-02-24T09:38:49+00:00\">24 febrero, 2022<\/time><\/a><\/small>, <small class=\"meta-category\"><a href=\"https:\/\/www.goierrieskola.eus\/es\/category\/bachillerato\/\" rel=\"category tag\">Bachillerato<\/a><\/small>, <small class=\"meta-comment-count\"><a href=\"https:\/\/www.goierrieskola.eus\/es\/proceso-de-matriculacion-para-el-curso-17-18\/#comments\">0 <i class=\"icon-chat-1 hover-tip\" data-original-title=\"Esta publicaci\u00f3n tiene 0 comentarios\" data-toggle=\"tooltip\" data-placement=\"top\"><\/i><\/a><\/small>                <\/span>\n\n\t\t\t<\/div><!--end post-header-->\n\n\t\t\t\n\t\t\t\t\t\t\t\t\t<div class=\"post-info\">\n\n\t\t\t\t\t\t<div class=\"entry-summary\">\n\t\t\t\t\t\t\t<p>El las siguientes pesta\u00f1as encontrar\u00e1 los hitos m\u00e1s importantes para llevar a cabo el proceso de matriculaci\u00f3n por distintos...<\/p>\t\t\t\t\t\t<\/div><!-- .entry-summary -->\n\n\t\t\t\t\t<\/div><!--end post-info-->\n\t\t\t\t\n\t\t\t\n\t\t\n\t\t<div class=\"post-footer\">\n\t\t\t<small>\n\t\t\t\t<a href=\"#\" class=\"item-likes\" id=\"item-likes-8894\" title=\"Like this\"><span class=\"item-likes-count\">0<\/span> <span class=\"item-likes-postfix\">likes<\/span><\/a>\n\t\t\t\t\t\t\t\t\t<a href=\"https:\/\/www.goierrieskola.eus\/es\/proceso-de-matriculacion-para-el-curso-17-18\/\"><span class=\"muted pull-right\">\n\t\t\t\t\t\tLeer m\u00e1s<\/span>\n\t\t\t\t\t<\/a>\n\t\t\t\t\n\t\t\t<\/small>\n\t\t<\/div><!--end post-footer-->\n\n\t<\/div><!--end post-content-->\n<\/article>\n\n\n<article id=\"post-8819\" class=\"post-item post-8819 post type-post status-publish format-standard has-post-thumbnail hentry category-bachillerato category-sin-categoria\">\n\t<div class=\"post-content animated animate-when-almost-visible el-appear\">\n\n\t\t<div class=\"post-image\"><a href=\"https:\/\/www.goierrieskola.eus\/es\/we-can-all-do-it\/\" class=\"element-wrap\"><img decoding=\"async\" data-src=\"https:\/\/www.goierrieskola.eus\/wp-content\/uploads\/2017\/03\/MARTXOAK8-480x184.jpg\" alt=\"WE CAN ALL DO IT!!\" src=\"data:image\/svg+xml;base64,PHN2ZyB3aWR0aD0iMSIgaGVpZ2h0PSIxIiB4bWxucz0iaHR0cDovL3d3dy53My5vcmcvMjAwMC9zdmciPjwvc3ZnPg==\" class=\"lazyload\" style=\"--smush-placeholder-width: 480px; --smush-placeholder-aspect-ratio: 480\/184;\"><span class=\"hover-element\"><i>+<\/i><\/span><\/a><\/div><!--end post-image-->\n\t\t\n\t\t\t<div class=\"post-header\">\n\n\t\t\t\t\t\t\t\t\t<h3 class=\"post-title entry-title\"><a href=\"https:\/\/www.goierrieskola.eus\/es\/we-can-all-do-it\/\">WE CAN ALL DO IT!!<\/a>\n\t\t\t\t\t<\/h3>\n\t\t\t\t\n\t\t\t\t<span class=\"post-meta\">\n                    <small><a href=\"https:\/\/www.goierrieskola.eus\/es\/we-can-all-do-it\/\" rel=\"bookmark\" class=\"post-time\"><time class=\"entry-date\" datetime=\"2017-03-08T11:24:00+00:00\">8 marzo, 2017<\/time><time class=\"modify-date hide hidden updated\" datetime=\"2017-03-09T15:40:25+00:00\">9 marzo, 2017<\/time><\/a><\/small>, <small class=\"meta-category\"><a href=\"https:\/\/www.goierrieskola.eus\/es\/category\/bachillerato\/\" rel=\"category tag\">Bachillerato<\/a>, <a href=\"https:\/\/www.goierrieskola.eus\/es\/category\/sin-categoria\/\" rel=\"category tag\">Sin categor\u00eda<\/a><\/small>, <small class=\"meta-comment-count\"><a href=\"https:\/\/www.goierrieskola.eus\/es\/we-can-all-do-it\/#comments\">0 <i class=\"icon-chat-1 hover-tip\" data-original-title=\"Esta publicaci\u00f3n tiene 0 comentarios\" data-toggle=\"tooltip\" data-placement=\"top\"><\/i><\/a><\/small>                <\/span>\n\n\t\t\t<\/div><!--end post-header-->\n\n\t\t\t\n\t\t\t\t\t\t\t\t\t<div class=\"post-info\">\n\n\t\t\t\t\t\t<div class=\"entry-summary\">\n\t\t\t\t\t\t\t<p>Goierri eskolako 1. Batxillergoko ingeleseko C1 prestakuntza klasera joaten garen ikasleok gaur egungo gizartean emakumeek bizitzen duten egoerari buruzko...<\/p>\t\t\t\t\t\t<\/div><!-- .entry-summary -->\n\n\t\t\t\t\t<\/div><!--end post-info-->\n\t\t\t\t\n\t\t\t\n\t\t\n\t\t<div class=\"post-footer\">\n\t\t\t<small>\n\t\t\t\t<a href=\"#\" class=\"item-likes\" id=\"item-likes-8814\" title=\"Like this\"><span class=\"item-likes-count\">3<\/span> <span class=\"item-likes-postfix\">likes<\/span><\/a>\n\t\t\t\t\t\t\t\t\t<a href=\"https:\/\/www.goierrieskola.eus\/es\/we-can-all-do-it\/\"><span class=\"muted pull-right\">\n\t\t\t\t\t\tLeer m\u00e1s<\/span>\n\t\t\t\t\t<\/a>\n\t\t\t\t\n\t\t\t<\/small>\n\t\t<\/div><!--end post-footer-->\n\n\t<\/div><!--end post-content-->\n<\/article>\n\n\n<article id=\"post-8751\" class=\"post-item post-8751 post type-post status-publish format-standard has-post-thumbnail hentry category-patronoekin-solasean\">\n\t<div class=\"post-content animated animate-when-almost-visible el-appear\">\n\n\t\t<div class=\"post-image\"><a href=\"https:\/\/www.goierrieskola.eus\/es\/patronoekin-solasean-elektra\/\" class=\"element-wrap\"><img decoding=\"async\" data-src=\"https:\/\/www.goierrieskola.eus\/wp-content\/uploads\/2017\/01\/IMG_7826-e1485272618406-480x198.jpg\" alt=\"Patronoekin solasean: ELEKTRA\" src=\"data:image\/svg+xml;base64,PHN2ZyB3aWR0aD0iMSIgaGVpZ2h0PSIxIiB4bWxucz0iaHR0cDovL3d3dy53My5vcmcvMjAwMC9zdmciPjwvc3ZnPg==\" class=\"lazyload\" style=\"--smush-placeholder-width: 480px; --smush-placeholder-aspect-ratio: 480\/198;\"><span class=\"hover-element\"><i>+<\/i><\/span><\/a><\/div><!--end post-image-->\n\t\t\n\t\t\t<div class=\"post-header\">\n\n\t\t\t\t\t\t\t\t\t<h3 class=\"post-title entry-title\"><a href=\"https:\/\/www.goierrieskola.eus\/es\/patronoekin-solasean-elektra\/\">Patronoekin solasean: ELEKTRA<\/a>\n\t\t\t\t\t<\/h3>\n\t\t\t\t\n\t\t\t\t<span class=\"post-meta\">\n                    <small><a href=\"https:\/\/www.goierrieskola.eus\/es\/patronoekin-solasean-elektra\/\" rel=\"bookmark\" class=\"post-time\"><time class=\"entry-date\" datetime=\"2017-01-24T16:03:14+00:00\">24 enero, 2017<\/time><time class=\"modify-date hide hidden updated\" datetime=\"2017-01-24T16:05:41+00:00\">24 enero, 2017<\/time><\/a><\/small>, <small class=\"meta-category\"><a href=\"https:\/\/www.goierrieskola.eus\/es\/category\/patronoekin-solasean\/\" rel=\"category tag\">Patronoekin solasean<\/a><\/small>, <small class=\"meta-comment-count\"><a href=\"https:\/\/www.goierrieskola.eus\/es\/patronoekin-solasean-elektra\/#comments\">0 <i class=\"icon-chat-1 hover-tip\" data-original-title=\"Esta publicaci\u00f3n tiene 0 comentarios\" data-toggle=\"tooltip\" data-placement=\"top\"><\/i><\/a><\/small>                <\/span>\n\n\t\t\t<\/div><!--end post-header-->\n\n\t\t\t\n\t\t\t\t\t\t\t\t\t<div class=\"post-info\">\n\n\t\t\t\t\t\t<div class=\"entry-summary\">\n\t\t\t\t\t\t\t<p>RICARDO ZUFIRIA Delegado de Olaberria de Grupo Elektra Zufiria compagin\u00f3 durante una d\u00e9cada su trabajo de camarero y de...<\/p>\t\t\t\t\t\t<\/div><!-- .entry-summary -->\n\n\t\t\t\t\t<\/div><!--end post-info-->\n\t\t\t\t\n\t\t\t\n\t\t\n\t\t<div class=\"post-footer\">\n\t\t\t<small>\n\t\t\t\t<a href=\"#\" class=\"item-likes\" id=\"item-likes-8742\" title=\"Like this\"><span class=\"item-likes-count\">1<\/span> <span class=\"item-likes-postfix\">like<\/span><\/a>\n\t\t\t\t\t\t\t\t\t<a href=\"https:\/\/www.goierrieskola.eus\/es\/patronoekin-solasean-elektra\/\"><span class=\"muted pull-right\">\n\t\t\t\t\t\tLeer m\u00e1s<\/span>\n\t\t\t\t\t<\/a>\n\t\t\t\t\n\t\t\t<\/small>\n\t\t<\/div><!--end post-footer-->\n\n\t<\/div><!--end post-content-->\n<\/article>\n\n\n<article id=\"post-8706\" class=\"post-item post-8706 post type-post status-publish format-standard has-post-thumbnail hentry category-tecnicos-para-chile-es\">\n\t<div class=\"post-content animated animate-when-almost-visible el-appear\">\n\n\t\t<div class=\"post-image\"><a href=\"https:\/\/www.goierrieskola.eus\/es\/empresarios-chilenos-quieren-importar-el-modelo-de-relacion-escuela-empresa-de-goierri-eskola\/\" class=\"element-wrap\"><img decoding=\"async\" data-src=\"https:\/\/www.goierrieskola.eus\/wp-content\/uploads\/2016\/10\/Teleberri_17-10-2016-480x175.jpg\" alt=\"Empresarios chilenos quieren importar el modelo de relaci\u00f3n escuela-empresa de Goierri Eskola\" src=\"data:image\/svg+xml;base64,PHN2ZyB3aWR0aD0iMSIgaGVpZ2h0PSIxIiB4bWxucz0iaHR0cDovL3d3dy53My5vcmcvMjAwMC9zdmciPjwvc3ZnPg==\" class=\"lazyload\" style=\"--smush-placeholder-width: 480px; --smush-placeholder-aspect-ratio: 480\/175;\"><span class=\"hover-element\"><i>+<\/i><\/span><\/a><\/div><!--end post-image-->\n\t\t\n\t\t\t<div class=\"post-header\">\n\n\t\t\t\t\t\t\t\t\t<h3 class=\"post-title entry-title\"><a href=\"https:\/\/www.goierrieskola.eus\/es\/empresarios-chilenos-quieren-importar-el-modelo-de-relacion-escuela-empresa-de-goierri-eskola\/\">Empresarios chilenos quieren importar el modelo de relaci\u00f3n escuela-empresa de Goierri Eskola<\/a>\n\t\t\t\t\t<\/h3>\n\t\t\t\t\n\t\t\t\t<span class=\"post-meta\">\n                    <small><a href=\"https:\/\/www.goierrieskola.eus\/es\/empresarios-chilenos-quieren-importar-el-modelo-de-relacion-escuela-empresa-de-goierri-eskola\/\" rel=\"bookmark\" class=\"post-time\"><time class=\"entry-date\" datetime=\"2016-10-18T10:46:37+00:00\">18 octubre, 2016<\/time><time class=\"modify-date hide hidden updated\" datetime=\"2016-10-18T10:48:17+00:00\">18 octubre, 2016<\/time><\/a><\/small>, <small class=\"meta-category\"><a href=\"https:\/\/www.goierrieskola.eus\/es\/category\/tecnicos-para-chile-es\/\" rel=\"category tag\">T\u00e9cnicos para Chile<\/a><\/small>, <small class=\"meta-comment-count\"><a href=\"https:\/\/www.goierrieskola.eus\/es\/empresarios-chilenos-quieren-importar-el-modelo-de-relacion-escuela-empresa-de-goierri-eskola\/#comments\">0 <i class=\"icon-chat-1 hover-tip\" data-original-title=\"Esta publicaci\u00f3n tiene 0 comentarios\" data-toggle=\"tooltip\" data-placement=\"top\"><\/i><\/a><\/small>                <\/span>\n\n\t\t\t<\/div><!--end post-header-->\n\n\t\t\t\n\t\t\t\t\t\t\t\t\t<div class=\"post-info\">\n\n\t\t\t\t\t\t<div class=\"entry-summary\">\n\t\t\t\t\t\t\t<p>\u201cEl modelo de Goierri Eskola es totalmente exportable. He dado muchas charlas en Chile exponiendo el modelo y al...<\/p>\t\t\t\t\t\t<\/div><!-- .entry-summary -->\n\n\t\t\t\t\t<\/div><!--end post-info-->\n\t\t\t\t\n\t\t\t\n\t\t\n\t\t<div class=\"post-footer\">\n\t\t\t<small>\n\t\t\t\t<a href=\"#\" class=\"item-likes\" id=\"item-likes-8688\" title=\"Like this\"><span class=\"item-likes-count\">0<\/span> <span class=\"item-likes-postfix\">likes<\/span><\/a>\n\t\t\t\t\t\t\t\t\t<a href=\"https:\/\/www.goierrieskola.eus\/es\/empresarios-chilenos-quieren-importar-el-modelo-de-relacion-escuela-empresa-de-goierri-eskola\/\"><span class=\"muted pull-right\">\n\t\t\t\t\t\tLeer m\u00e1s<\/span>\n\t\t\t\t\t<\/a>\n\t\t\t\t\n\t\t\t<\/small>\n\t\t<\/div><!--end post-footer-->\n\n\t<\/div><!--end post-content-->\n<\/article>\n\n\n<article id=\"post-8660\" class=\"post-item post-8660 post type-post status-publish format-standard has-post-thumbnail hentry category-cursos category-ikastaroak-es\">\n\t<div class=\"post-content animated animate-when-almost-visible el-appear\">\n\n\t\t<div class=\"post-image\"><a href=\"https:\/\/www.goierrieskola.eus\/es\/cursos-para-desempleadosas-16-17\/\" class=\"element-wrap\"><img decoding=\"async\" data-src=\"https:\/\/www.goierrieskola.eus\/wp-content\/uploads\/2016\/09\/Boligrafoa1350x450-480x164.jpg\" alt=\"CURSOS PARA DESEMPLEADOS\/AS 16-17\" src=\"data:image\/svg+xml;base64,PHN2ZyB3aWR0aD0iMSIgaGVpZ2h0PSIxIiB4bWxucz0iaHR0cDovL3d3dy53My5vcmcvMjAwMC9zdmciPjwvc3ZnPg==\" class=\"lazyload\" style=\"--smush-placeholder-width: 480px; --smush-placeholder-aspect-ratio: 480\/164;\"><span class=\"hover-element\"><i>+<\/i><\/span><\/a><\/div><!--end post-image-->\n\t\t\n\t\t\t<div class=\"post-header\">\n\n\t\t\t\t\t\t\t\t\t<h3 class=\"post-title entry-title\"><a href=\"https:\/\/www.goierrieskola.eus\/es\/cursos-para-desempleadosas-16-17\/\">CURSOS PARA DESEMPLEADOS\/AS 16-17<\/a>\n\t\t\t\t\t<\/h3>\n\t\t\t\t\n\t\t\t\t<span class=\"post-meta\">\n                    <small><a href=\"https:\/\/www.goierrieskola.eus\/es\/cursos-para-desempleadosas-16-17\/\" rel=\"bookmark\" class=\"post-time\"><time class=\"entry-date\" datetime=\"2016-09-15T08:36:22+00:00\">15 septiembre, 2016<\/time><time class=\"modify-date hide hidden updated\" datetime=\"2016-11-08T16:10:36+00:00\">8 noviembre, 2016<\/time><\/a><\/small>, <small class=\"meta-category\"><a href=\"https:\/\/www.goierrieskola.eus\/es\/category\/cursos\/\" rel=\"category tag\">Cursos<\/a>, <a href=\"https:\/\/www.goierrieskola.eus\/es\/category\/ikastaroak-es\/\" rel=\"category tag\">Ikastaroak<\/a><\/small>, <small class=\"meta-comment-count\"><a href=\"https:\/\/www.goierrieskola.eus\/es\/cursos-para-desempleadosas-16-17\/#comments\">0 <i class=\"icon-chat-1 hover-tip\" data-original-title=\"Esta publicaci\u00f3n tiene 0 comentarios\" data-toggle=\"tooltip\" data-placement=\"top\"><\/i><\/a><\/small>                <\/span>\n\n\t\t\t<\/div><!--end post-header-->\n\n\t\t\t\n\t\t\t\t\t\t\t\t\t<div class=\"post-info\">\n\n\t\t\t\t\t\t<div class=\"entry-summary\">\n\t\t\t\t\t\t\t<p>CERTIFICADO PROFESIONAL DE NIVEL II COMPETENCIA GENERAL: Realizar el montaje e instalaci\u00f3n en planta de maquinaria y equipo industrial...<\/p>\t\t\t\t\t\t<\/div><!-- .entry-summary -->\n\n\t\t\t\t\t<\/div><!--end post-info-->\n\t\t\t\t\n\t\t\t\n\t\t\n\t\t<div class=\"post-footer\">\n\t\t\t<small>\n\t\t\t\t<a href=\"#\" class=\"item-likes\" id=\"item-likes-8649\" title=\"Like this\"><span class=\"item-likes-count\">0<\/span> <span class=\"item-likes-postfix\">likes<\/span><\/a>\n\t\t\t\t\t\t\t\t\t<a href=\"https:\/\/www.goierrieskola.eus\/es\/cursos-para-desempleadosas-16-17\/\"><span class=\"muted pull-right\">\n\t\t\t\t\t\tLeer m\u00e1s<\/span>\n\t\t\t\t\t<\/a>\n\t\t\t\t\n\t\t\t<\/small>\n\t\t<\/div><!--end post-footer-->\n\n\t<\/div><!--end post-content-->\n<\/article>\n\n\n<article id=\"post-8536\" class=\"post-item post-8536 post type-post status-publish format-standard has-post-thumbnail hentry category-cursos\">\n\t<div class=\"post-content animated animate-when-almost-visible el-appear\">\n\n\t\t<div class=\"post-image\"><a href=\"https:\/\/www.goierrieskola.eus\/es\/curso-para-desempleadosas-produccion-en-construcciones-metalicas-fmec0109-y-ensayos-no-destructivos\/\" class=\"element-wrap\"><img decoding=\"async\" data-src=\"https:\/\/www.goierrieskola.eus\/wp-content\/uploads\/2016\/03\/punzonadora-480x191.jpg\" alt=\"Curso para desempleados\/as: PRODUCCI\u00d3N EN CONSTRUCCIONES MET\u00c1LICAS (FMEC0109) y ENSAYOS NO DESTRUCTIVOS\" src=\"data:image\/svg+xml;base64,PHN2ZyB3aWR0aD0iMSIgaGVpZ2h0PSIxIiB4bWxucz0iaHR0cDovL3d3dy53My5vcmcvMjAwMC9zdmciPjwvc3ZnPg==\" class=\"lazyload\" style=\"--smush-placeholder-width: 480px; --smush-placeholder-aspect-ratio: 480\/191;\"><span class=\"hover-element\"><i>+<\/i><\/span><\/a><\/div><!--end post-image-->\n\t\t\n\t\t\t<div class=\"post-header\">\n\n\t\t\t\t\t\t\t\t\t<h3 class=\"post-title entry-title\"><a href=\"https:\/\/www.goierrieskola.eus\/es\/curso-para-desempleadosas-produccion-en-construcciones-metalicas-fmec0109-y-ensayos-no-destructivos\/\">Curso para desempleados\/as: PRODUCCI\u00d3N EN CONSTRUCCIONES MET\u00c1LICAS (FMEC0109) y ENSAYOS NO DESTRUCTIVOS<\/a>\n\t\t\t\t\t<\/h3>\n\t\t\t\t\n\t\t\t\t<span class=\"post-meta\">\n                    <small><a href=\"https:\/\/www.goierrieskola.eus\/es\/curso-para-desempleadosas-produccion-en-construcciones-metalicas-fmec0109-y-ensayos-no-destructivos\/\" rel=\"bookmark\" class=\"post-time\"><time class=\"entry-date\" datetime=\"2016-06-06T08:43:58+00:00\">6 junio, 2016<\/time><time class=\"modify-date hide hidden updated\" datetime=\"2016-06-08T15:04:12+00:00\">8 junio, 2016<\/time><\/a><\/small>, <small class=\"meta-category\"><a href=\"https:\/\/www.goierrieskola.eus\/es\/category\/cursos\/\" rel=\"category tag\">Cursos<\/a><\/small>, <small class=\"meta-comment-count\"><a href=\"https:\/\/www.goierrieskola.eus\/es\/curso-para-desempleadosas-produccion-en-construcciones-metalicas-fmec0109-y-ensayos-no-destructivos\/#comments\">0 <i class=\"icon-chat-1 hover-tip\" data-original-title=\"Esta publicaci\u00f3n tiene 0 comentarios\" data-toggle=\"tooltip\" data-placement=\"top\"><\/i><\/a><\/small>                <\/span>\n\n\t\t\t<\/div><!--end post-header-->\n\n\t\t\t\n\t\t\t\t\t\t\t\t\t<div class=\"post-info\">\n\n\t\t\t\t\t\t<div class=\"entry-summary\">\n\t\t\t\t\t\t\t<p>OBJETIVOS DEL CURSO: Ser capaz de determinar los procesos operacionales y la programaci\u00f3n de sistemas autom\u00e1ticos utilizados en construcciones...<\/p>\t\t\t\t\t\t<\/div><!-- .entry-summary -->\n\n\t\t\t\t\t<\/div><!--end post-info-->\n\t\t\t\t\n\t\t\t\n\t\t\n\t\t<div class=\"post-footer\">\n\t\t\t<small>\n\t\t\t\t<a href=\"#\" class=\"item-likes\" id=\"item-likes-8568\" title=\"Like this\"><span class=\"item-likes-count\">0<\/span> <span class=\"item-likes-postfix\">likes<\/span><\/a>\n\t\t\t\t\t\t\t\t\t<a href=\"https:\/\/www.goierrieskola.eus\/es\/curso-para-desempleadosas-produccion-en-construcciones-metalicas-fmec0109-y-ensayos-no-destructivos\/\"><span class=\"muted pull-right\">\n\t\t\t\t\t\tLeer m\u00e1s<\/span>\n\t\t\t\t\t<\/a>\n\t\t\t\t\n\t\t\t<\/small>\n\t\t<\/div><!--end post-footer-->\n\n\t<\/div><!--end post-content-->\n<\/article>\n\n\n<article id=\"post-7303\" class=\"post-item post-7303 post type-post status-publish format-standard has-post-thumbnail hentry category-bachillerato\">\n\t<div class=\"post-content animated animate-when-almost-visible el-appear\">\n\n\t\t<div class=\"post-image\"><a href=\"https:\/\/www.goierrieskola.eus\/es\/fct-extranjero-16-17\/\" class=\"element-wrap\"><img decoding=\"async\" data-src=\"https:\/\/www.goierrieskola.eus\/wp-content\/uploads\/2015\/06\/ESLOVENIA-MARTXOA-002-e1433405157545-480x130.jpg\" alt=\"M\u00d3DULO DE FORMACI\u00d3N EN CENTRO DE TRABAJO (FCT) EN EUROPA 16-17\" src=\"data:image\/svg+xml;base64,PHN2ZyB3aWR0aD0iMSIgaGVpZ2h0PSIxIiB4bWxucz0iaHR0cDovL3d3dy53My5vcmcvMjAwMC9zdmciPjwvc3ZnPg==\" class=\"lazyload\" style=\"--smush-placeholder-width: 480px; --smush-placeholder-aspect-ratio: 480\/130;\"><span class=\"hover-element\"><i>+<\/i><\/span><\/a><\/div><!--end post-image-->\n\t\t\n\t\t\t<div class=\"post-header\">\n\n\t\t\t\t\t\t\t\t\t<h3 class=\"post-title entry-title\"><a href=\"https:\/\/www.goierrieskola.eus\/es\/fct-extranjero-16-17\/\">M\u00d3DULO DE FORMACI\u00d3N EN CENTRO DE TRABAJO (FCT) EN EUROPA 16-17<\/a>\n\t\t\t\t\t<\/h3>\n\t\t\t\t\n\t\t\t\t<span class=\"post-meta\">\n                    <small><a href=\"https:\/\/www.goierrieskola.eus\/es\/fct-extranjero-16-17\/\" rel=\"bookmark\" class=\"post-time\"><time class=\"entry-date\" datetime=\"2016-06-01T08:09:40+00:00\">1 junio, 2016<\/time><time class=\"modify-date hide hidden updated\" datetime=\"2022-02-23T16:01:21+00:00\">23 febrero, 2022<\/time><\/a><\/small>, <small class=\"meta-category\"><a href=\"https:\/\/www.goierrieskola.eus\/es\/category\/bachillerato\/\" rel=\"category tag\">Bachillerato<\/a><\/small>, <small class=\"meta-comment-count\"><a href=\"https:\/\/www.goierrieskola.eus\/es\/fct-extranjero-16-17\/#comments\">0 <i class=\"icon-chat-1 hover-tip\" data-original-title=\"Esta publicaci\u00f3n tiene 0 comentarios\" data-toggle=\"tooltip\" data-placement=\"top\"><\/i><\/a><\/small>                <\/span>\n\n\t\t\t<\/div><!--end post-header-->\n\n\t\t\t\n\t\t\t\t\t\t\t\t\t<div class=\"post-info\">\n\n\t\t\t\t\t\t<div class=\"entry-summary\">\n\t\t\t\t\t\t\t<p>Para conocer m\u00e1s detalles del programa\u00a0aqu\u00ed O ponerse en contacto con Joseba Ramos: jramos@goierrieskola.org Si te gustar\u00eda participar en...<\/p>\t\t\t\t\t\t<\/div><!-- .entry-summary -->\n\n\t\t\t\t\t<\/div><!--end post-info-->\n\t\t\t\t\n\t\t\t\n\t\t\n\t\t<div class=\"post-footer\">\n\t\t\t<small>\n\t\t\t\t<a href=\"#\" class=\"item-likes\" id=\"item-likes-7285\" title=\"Like this\"><span class=\"item-likes-count\">0<\/span> <span class=\"item-likes-postfix\">likes<\/span><\/a>\n\t\t\t\t\t\t\t\t\t<a href=\"https:\/\/www.goierrieskola.eus\/es\/fct-extranjero-16-17\/\"><span class=\"muted pull-right\">\n\t\t\t\t\t\tLeer m\u00e1s<\/span>\n\t\t\t\t\t<\/a>\n\t\t\t\t\n\t\t\t<\/small>\n\t\t<\/div><!--end post-footer-->\n\n\t<\/div><!--end post-content-->\n<\/article>\n\n\n<article id=\"post-8069\" class=\"post-item post-8069 post type-post status-publish format-standard has-post-thumbnail hentry category-patronoekin-solasean\">\n\t<div class=\"post-content animated animate-when-almost-visible el-appear\">\n\n\t\t<div class=\"post-image\"><a href=\"https:\/\/www.goierrieskola.eus\/es\/patronoekin-solasean-praxair\/\" class=\"element-wrap\"><img decoding=\"async\" data-src=\"https:\/\/www.goierrieskola.eus\/wp-content\/uploads\/2016\/01\/slider2-e1452587568418-480x196.jpg\" alt=\"Patronoekin solasean: PRAXAIR\" src=\"data:image\/svg+xml;base64,PHN2ZyB3aWR0aD0iMSIgaGVpZ2h0PSIxIiB4bWxucz0iaHR0cDovL3d3dy53My5vcmcvMjAwMC9zdmciPjwvc3ZnPg==\" class=\"lazyload\" style=\"--smush-placeholder-width: 480px; --smush-placeholder-aspect-ratio: 480\/196;\"><span class=\"hover-element\"><i>+<\/i><\/span><\/a><\/div><!--end post-image-->\n\t\t\n\t\t\t<div class=\"post-header\">\n\n\t\t\t\t\t\t\t\t\t<h3 class=\"post-title entry-title\"><a href=\"https:\/\/www.goierrieskola.eus\/es\/patronoekin-solasean-praxair\/\">Patronoekin solasean: PRAXAIR<\/a>\n\t\t\t\t\t<\/h3>\n\t\t\t\t\n\t\t\t\t<span class=\"post-meta\">\n                    <small><a href=\"https:\/\/www.goierrieskola.eus\/es\/patronoekin-solasean-praxair\/\" rel=\"bookmark\" class=\"post-time\"><time class=\"entry-date\" datetime=\"2016-01-14T07:34:14+00:00\">14 enero, 2016<\/time><time class=\"modify-date hide hidden updated\" datetime=\"2016-01-14T07:35:31+00:00\">14 enero, 2016<\/time><\/a><\/small>, <small class=\"meta-category\"><a href=\"https:\/\/www.goierrieskola.eus\/es\/category\/patronoekin-solasean\/\" rel=\"category tag\">Patronoekin solasean<\/a><\/small>, <small class=\"meta-comment-count\"><a href=\"https:\/\/www.goierrieskola.eus\/es\/patronoekin-solasean-praxair\/#comments\">0 <i class=\"icon-chat-1 hover-tip\" data-original-title=\"Esta publicaci\u00f3n tiene 0 comentarios\" data-toggle=\"tooltip\" data-placement=\"top\"><\/i><\/a><\/small>                <\/span>\n\n\t\t\t<\/div><!--end post-header-->\n\n\t\t\t\n\t\t\t\t\t\t\t\t\t<div class=\"post-info\">\n\n\t\t\t\t\t\t<div class=\"entry-summary\">\n\t\t\t\t\t\t\t<p> JON AUZMENDI Director de la Delegaci\u00f3n Norte de Praxair Licenciado en Ingenier\u00eda T\u00e9cnica Electr\u00f3nica, Auzmendi trabaj\u00f3 durante dos...<\/p>\t\t\t\t\t\t<\/div><!-- .entry-summary -->\n\n\t\t\t\t\t<\/div><!--end post-info-->\n\t\t\t\t\n\t\t\t\n\t\t\n\t\t<div class=\"post-footer\">\n\t\t\t<small>\n\t\t\t\t<a href=\"#\" class=\"item-likes\" id=\"item-likes-8064\" title=\"Like this\"><span class=\"item-likes-count\">5<\/span> <span class=\"item-likes-postfix\">likes<\/span><\/a>\n\t\t\t\t\t\t\t\t\t<a href=\"https:\/\/www.goierrieskola.eus\/es\/patronoekin-solasean-praxair\/\"><span class=\"muted pull-right\">\n\t\t\t\t\t\tLeer m\u00e1s<\/span>\n\t\t\t\t\t<\/a>\n\t\t\t\t\n\t\t\t<\/small>\n\t\t<\/div><!--end post-footer-->\n\n\t<\/div><!--end post-content-->\n<\/article>\n\n\n<article id=\"post-8035\" class=\"post-item post-8035 post type-post status-publish format-standard has-post-thumbnail hentry category-patronoekin-solasean\">\n\t<div class=\"post-content animated animate-when-almost-visible el-appear\">\n\n\t\t<div class=\"post-image\"><a href=\"https:\/\/www.goierrieskola.eus\/es\/patronoekin-solasean-ederfil-becker\/\" class=\"element-wrap\"><img decoding=\"async\" data-src=\"https:\/\/www.goierrieskola.eus\/wp-content\/uploads\/2015\/10\/portada-480x190.jpg\" alt=\"Patronoekin solasean: EDERFIL BECKER\" src=\"data:image\/svg+xml;base64,PHN2ZyB3aWR0aD0iMSIgaGVpZ2h0PSIxIiB4bWxucz0iaHR0cDovL3d3dy53My5vcmcvMjAwMC9zdmciPjwvc3ZnPg==\" class=\"lazyload\" style=\"--smush-placeholder-width: 480px; --smush-placeholder-aspect-ratio: 480\/190;\"><span class=\"hover-element\"><i>+<\/i><\/span><\/a><\/div><!--end post-image-->\n\t\t\n\t\t\t<div class=\"post-header\">\n\n\t\t\t\t\t\t\t\t\t<h3 class=\"post-title entry-title\"><a href=\"https:\/\/www.goierrieskola.eus\/es\/patronoekin-solasean-ederfil-becker\/\">Patronoekin solasean: EDERFIL BECKER<\/a>\n\t\t\t\t\t<\/h3>\n\t\t\t\t\n\t\t\t\t<span class=\"post-meta\">\n                    <small><a href=\"https:\/\/www.goierrieskola.eus\/es\/patronoekin-solasean-ederfil-becker\/\" rel=\"bookmark\" class=\"post-time\"><time class=\"entry-date\" datetime=\"2015-10-27T16:44:14+00:00\">27 octubre, 2015<\/time><time class=\"modify-date hide hidden updated\" datetime=\"2016-01-12T08:30:50+00:00\">12 enero, 2016<\/time><\/a><\/small>, <small class=\"meta-category\"><a href=\"https:\/\/www.goierrieskola.eus\/es\/category\/patronoekin-solasean\/\" rel=\"category tag\">Patronoekin solasean<\/a><\/small>, <small class=\"meta-comment-count\"><a href=\"https:\/\/www.goierrieskola.eus\/es\/patronoekin-solasean-ederfil-becker\/#comments\">0 <i class=\"icon-chat-1 hover-tip\" data-original-title=\"Esta publicaci\u00f3n tiene 0 comentarios\" data-toggle=\"tooltip\" data-placement=\"top\"><\/i><\/a><\/small>                <\/span>\n\n\t\t\t<\/div><!--end post-header-->\n\n\t\t\t\n\t\t\t\t\t\t\t\t\t<div class=\"post-info\">\n\n\t\t\t\t\t\t<div class=\"entry-summary\">\n\t\t\t\t\t\t\t<p>UNAI ELOLA Presidente del Consejo Rector en Ederfil Becker Unai Elola entr\u00f3 en la empresa en 2001. Trabaj\u00f3 de...<\/p>\t\t\t\t\t\t<\/div><!-- .entry-summary -->\n\n\t\t\t\t\t<\/div><!--end post-info-->\n\t\t\t\t\n\t\t\t\n\t\t\n\t\t<div class=\"post-footer\">\n\t\t\t<small>\n\t\t\t\t<a href=\"#\" class=\"item-likes\" id=\"item-likes-8023\" title=\"Like this\"><span class=\"item-likes-count\">1<\/span> <span class=\"item-likes-postfix\">like<\/span><\/a>\n\t\t\t\t\t\t\t\t\t<a href=\"https:\/\/www.goierrieskola.eus\/es\/patronoekin-solasean-ederfil-becker\/\"><span class=\"muted pull-right\">\n\t\t\t\t\t\tLeer m\u00e1s<\/span>\n\t\t\t\t\t<\/a>\n\t\t\t\t\n\t\t\t<\/small>\n\t\t<\/div><!--end post-footer-->\n\n\t<\/div><!--end post-content-->\n<\/article>\n\n\n<article id=\"post-7869\" class=\"post-item post-7869 post type-post status-publish format-standard has-post-thumbnail hentry category-bachillerato\">\n\t<div class=\"post-content animated animate-when-almost-visible el-appear\">\n\n\t\t<div class=\"post-image\"><a href=\"https:\/\/www.goierrieskola.eus\/es\/tecnico-en-mantenimiento-electromecanico-oferta-parcial-3-anos\/\" class=\"element-wrap\"><img decoding=\"async\" data-src=\"https:\/\/www.goierrieskola.eus\/wp-content\/uploads\/2015\/09\/Mto_electromec_OfertaParcial-480x143.jpg\" alt=\"T\u00c9CNICO EN MANTENIMIENTO ELECTROMEC\u00c1NICO \u00abOFERTA PARCIAL\u00bb (3 a\u00f1os)\" src=\"data:image\/svg+xml;base64,PHN2ZyB3aWR0aD0iMSIgaGVpZ2h0PSIxIiB4bWxucz0iaHR0cDovL3d3dy53My5vcmcvMjAwMC9zdmciPjwvc3ZnPg==\" class=\"lazyload\" style=\"--smush-placeholder-width: 480px; --smush-placeholder-aspect-ratio: 480\/143;\"><span class=\"hover-element\"><i>+<\/i><\/span><\/a><\/div><!--end post-image-->\n\t\t\n\t\t\t<div class=\"post-header\">\n\n\t\t\t\t\t\t\t\t\t<h3 class=\"post-title entry-title\"><a href=\"https:\/\/www.goierrieskola.eus\/es\/tecnico-en-mantenimiento-electromecanico-oferta-parcial-3-anos\/\">T\u00c9CNICO EN MANTENIMIENTO ELECTROMEC\u00c1NICO \u00abOFERTA PARCIAL\u00bb (3 a\u00f1os)<\/a>\n\t\t\t\t\t<\/h3>\n\t\t\t\t\n\t\t\t\t<span class=\"post-meta\">\n                    <small><a href=\"https:\/\/www.goierrieskola.eus\/es\/tecnico-en-mantenimiento-electromecanico-oferta-parcial-3-anos\/\" rel=\"bookmark\" class=\"post-time\"><time class=\"entry-date\" datetime=\"2015-09-15T15:35:37+00:00\">15 septiembre, 2015<\/time><time class=\"modify-date hide hidden updated\" datetime=\"2022-02-23T15:53:27+00:00\">23 febrero, 2022<\/time><\/a><\/small>, <small class=\"meta-category\"><a href=\"https:\/\/www.goierrieskola.eus\/es\/category\/bachillerato\/\" rel=\"category tag\">Bachillerato<\/a><\/small>, <small class=\"meta-comment-count\"><a href=\"https:\/\/www.goierrieskola.eus\/es\/tecnico-en-mantenimiento-electromecanico-oferta-parcial-3-anos\/#comments\">0 <i class=\"icon-chat-1 hover-tip\" data-original-title=\"Esta publicaci\u00f3n tiene 0 comentarios\" data-toggle=\"tooltip\" data-placement=\"top\"><\/i><\/a><\/small>                <\/span>\n\n\t\t\t<\/div><!--end post-header-->\n\n\t\t\t\n\t\t\t\t\t\t\t\t\t<div class=\"post-info\">\n\n\t\t\t\t\t\t<div class=\"entry-summary\">\n\t\t\t\t\t\t\t<p> Duraci\u00f3n del estudio: 2000 horas (3 a\u00f1os\/cursos) Requisitos de acceso: Puedes acceder a un ciclo de grado medio...<\/p>\t\t\t\t\t\t<\/div><!-- .entry-summary -->\n\n\t\t\t\t\t<\/div><!--end post-info-->\n\t\t\t\t\n\t\t\t\n\t\t\n\t\t<div class=\"post-footer\">\n\t\t\t<small>\n\t\t\t\t<a href=\"#\" class=\"item-likes\" id=\"item-likes-7877\" title=\"Like this\"><span class=\"item-likes-count\">0<\/span> <span class=\"item-likes-postfix\">likes<\/span><\/a>\n\t\t\t\t\t\t\t\t\t<a href=\"https:\/\/www.goierrieskola.eus\/es\/tecnico-en-mantenimiento-electromecanico-oferta-parcial-3-anos\/\"><span class=\"muted pull-right\">\n\t\t\t\t\t\tLeer m\u00e1s<\/span>\n\t\t\t\t\t<\/a>\n\t\t\t\t\n\t\t\t<\/small>\n\t\t<\/div><!--end post-footer-->\n\n\t<\/div><!--end post-content-->\n<\/article>\n\n\n<article id=\"post-7861\" class=\"post-item post-7861 post type-post status-publish format-standard has-post-thumbnail hentry category-cursos\">\n\t<div class=\"post-content animated animate-when-almost-visible el-appear\">\n\n\t\t<div class=\"post-image\"><a href=\"https:\/\/www.goierrieskola.eus\/es\/cursos-para-desempleados-15-16\/\" class=\"element-wrap\"><img decoding=\"async\" data-src=\"https:\/\/www.goierrieskola.eus\/wp-content\/uploads\/2015\/09\/LANBIDE-480x174.jpg\" alt=\"CURSOS PARA DESEMPLEADOS 15-16\" src=\"data:image\/svg+xml;base64,PHN2ZyB3aWR0aD0iMSIgaGVpZ2h0PSIxIiB4bWxucz0iaHR0cDovL3d3dy53My5vcmcvMjAwMC9zdmciPjwvc3ZnPg==\" class=\"lazyload\" style=\"--smush-placeholder-width: 480px; --smush-placeholder-aspect-ratio: 480\/174;\"><span class=\"hover-element\"><i>+<\/i><\/span><\/a><\/div><!--end post-image-->\n\t\t\n\t\t\t<div class=\"post-header\">\n\n\t\t\t\t\t\t\t\t\t<h3 class=\"post-title entry-title\"><a href=\"https:\/\/www.goierrieskola.eus\/es\/cursos-para-desempleados-15-16\/\">CURSOS PARA DESEMPLEADOS 15-16<\/a>\n\t\t\t\t\t<\/h3>\n\t\t\t\t\n\t\t\t\t<span class=\"post-meta\">\n                    <small><a href=\"https:\/\/www.goierrieskola.eus\/es\/cursos-para-desempleados-15-16\/\" rel=\"bookmark\" class=\"post-time\"><time class=\"entry-date\" datetime=\"2015-09-08T09:12:07+00:00\">8 septiembre, 2015<\/time><time class=\"modify-date hide hidden updated\" datetime=\"2015-09-08T09:12:42+00:00\">8 septiembre, 2015<\/time><\/a><\/small>, <small class=\"meta-category\"><a href=\"https:\/\/www.goierrieskola.eus\/es\/category\/cursos\/\" rel=\"category tag\">Cursos<\/a><\/small>, <small class=\"meta-comment-count\"><a href=\"https:\/\/www.goierrieskola.eus\/es\/cursos-para-desempleados-15-16\/#comments\">0 <i class=\"icon-chat-1 hover-tip\" data-original-title=\"Esta publicaci\u00f3n tiene 0 comentarios\" data-toggle=\"tooltip\" data-placement=\"top\"><\/i><\/a><\/small>                <\/span>\n\n\t\t\t<\/div><!--end post-header-->\n\n\t\t\t\n\t\t\t\t\t\t\t\t\t<div class=\"post-info\">\n\n\t\t\t\t\t\t<div class=\"entry-summary\">\n\t\t\t\t\t\t\t<p> Gesti\u00f3n contable y gesti\u00f3n administrativa para auditor\u00eda (ADGD0108) Certificado de profesionalidad de nivel 3 Duraci\u00f3n: 550 horas Fecha...<\/p>\t\t\t\t\t\t<\/div><!-- .entry-summary -->\n\n\t\t\t\t\t<\/div><!--end post-info-->\n\t\t\t\t\n\t\t\t\n\t\t\n\t\t<div class=\"post-footer\">\n\t\t\t<small>\n\t\t\t\t<a href=\"#\" class=\"item-likes\" id=\"item-likes-7855\" title=\"Like this\"><span class=\"item-likes-count\">0<\/span> <span class=\"item-likes-postfix\">likes<\/span><\/a>\n\t\t\t\t\t\t\t\t\t<a href=\"https:\/\/www.goierrieskola.eus\/es\/cursos-para-desempleados-15-16\/\"><span class=\"muted pull-right\">\n\t\t\t\t\t\tLeer m\u00e1s<\/span>\n\t\t\t\t\t<\/a>\n\t\t\t\t\n\t\t\t<\/small>\n\t\t<\/div><!--end post-footer-->\n\n\t<\/div><!--end post-content-->\n<\/article>\n\n\n<article id=\"post-7355\" class=\"post-item post-7355 post type-post status-publish format-standard has-post-thumbnail hentry category-bachillerato\">\n\t<div class=\"post-content animated animate-when-almost-visible el-appear\">\n\n\t\t<div class=\"post-image\"><a href=\"https:\/\/www.goierrieskola.eus\/es\/erasmus-programa-indartuz-goierri-eskolako-erdi-mailako-formakuntza-zikloetan\/\" class=\"element-wrap\"><img decoding=\"async\" data-src=\"https:\/\/www.goierrieskola.eus\/wp-content\/uploads\/2015\/06\/Pertsonei-Arreta3-e1433498820525-480x183.jpg\" alt=\"Goierri Eskola impulsa el programa Erasmus en los Ciclos Formativos de Grado Medio\" src=\"data:image\/svg+xml;base64,PHN2ZyB3aWR0aD0iMSIgaGVpZ2h0PSIxIiB4bWxucz0iaHR0cDovL3d3dy53My5vcmcvMjAwMC9zdmciPjwvc3ZnPg==\" class=\"lazyload\" style=\"--smush-placeholder-width: 480px; --smush-placeholder-aspect-ratio: 480\/183;\"><span class=\"hover-element\"><i>+<\/i><\/span><\/a><\/div><!--end post-image-->\n\t\t\n\t\t\t<div class=\"post-header\">\n\n\t\t\t\t\t\t\t\t\t<h3 class=\"post-title entry-title\"><a href=\"https:\/\/www.goierrieskola.eus\/es\/erasmus-programa-indartuz-goierri-eskolako-erdi-mailako-formakuntza-zikloetan\/\">Goierri Eskola impulsa el programa Erasmus en los Ciclos Formativos de Grado Medio<\/a>\n\t\t\t\t\t<\/h3>\n\t\t\t\t\n\t\t\t\t<span class=\"post-meta\">\n                    <small><a href=\"https:\/\/www.goierrieskola.eus\/es\/erasmus-programa-indartuz-goierri-eskolako-erdi-mailako-formakuntza-zikloetan\/\" rel=\"bookmark\" class=\"post-time\"><time class=\"entry-date\" datetime=\"2015-06-05T10:39:10+00:00\">5 junio, 2015<\/time><time class=\"modify-date hide hidden updated\" datetime=\"2022-02-23T16:00:13+00:00\">23 febrero, 2022<\/time><\/a><\/small>, <small class=\"meta-category\"><a href=\"https:\/\/www.goierrieskola.eus\/es\/category\/bachillerato\/\" rel=\"category tag\">Bachillerato<\/a><\/small>, <small class=\"meta-comment-count\"><a href=\"https:\/\/www.goierrieskola.eus\/es\/erasmus-programa-indartuz-goierri-eskolako-erdi-mailako-formakuntza-zikloetan\/#comments\">0 <i class=\"icon-chat-1 hover-tip\" data-original-title=\"Esta publicaci\u00f3n tiene 0 comentarios\" data-toggle=\"tooltip\" data-placement=\"top\"><\/i><\/a><\/small>                <\/span>\n\n\t\t\t<\/div><!--end post-header-->\n\n\t\t\t\n\t\t\t\t\t\t\t\t\t<div class=\"post-info\">\n\n\t\t\t\t\t\t<div class=\"entry-summary\">\n\t\t\t\t\t\t\t<p>Soriyer Gil es la primera alumna de un Ciclo Formativo de Grado Medio de Goierri Eskola que est\u00e1 realizando...<\/p>\t\t\t\t\t\t<\/div><!-- .entry-summary -->\n\n\t\t\t\t\t<\/div><!--end post-info-->\n\t\t\t\t\n\t\t\t\n\t\t\n\t\t<div class=\"post-footer\">\n\t\t\t<small>\n\t\t\t\t<a href=\"#\" class=\"item-likes\" id=\"item-likes-7344\" title=\"Like this\"><span class=\"item-likes-count\">1<\/span> <span class=\"item-likes-postfix\">like<\/span><\/a>\n\t\t\t\t\t\t\t\t\t<a href=\"https:\/\/www.goierrieskola.eus\/es\/erasmus-programa-indartuz-goierri-eskolako-erdi-mailako-formakuntza-zikloetan\/\"><span class=\"muted pull-right\">\n\t\t\t\t\t\tLeer m\u00e1s<\/span>\n\t\t\t\t\t<\/a>\n\t\t\t\t\n\t\t\t<\/small>\n\t\t<\/div><!--end post-footer-->\n\n\t<\/div><!--end post-content-->\n<\/article>\n\n\n<article id=\"post-7324\" class=\"post-item post-7324 post type-post status-publish format-standard has-post-thumbnail hentry category-patronoekin-solasean\">\n\t<div class=\"post-content animated animate-when-almost-visible el-appear\">\n\n\t\t<div class=\"post-image\"><a href=\"https:\/\/www.goierrieskola.eus\/es\/patronoekin-solasean-indar\/\" class=\"element-wrap\"><img decoding=\"async\" data-src=\"https:\/\/www.goierrieskola.eus\/wp-content\/uploads\/2015\/06\/pedro-garciandia-2-e1433416123224-480x177.jpg\" alt=\"Patronoekin solasean: INDAR\" src=\"data:image\/svg+xml;base64,PHN2ZyB3aWR0aD0iMSIgaGVpZ2h0PSIxIiB4bWxucz0iaHR0cDovL3d3dy53My5vcmcvMjAwMC9zdmciPjwvc3ZnPg==\" class=\"lazyload\" style=\"--smush-placeholder-width: 480px; --smush-placeholder-aspect-ratio: 480\/177;\"><span class=\"hover-element\"><i>+<\/i><\/span><\/a><\/div><!--end post-image-->\n\t\t\n\t\t\t<div class=\"post-header\">\n\n\t\t\t\t\t\t\t\t\t<h3 class=\"post-title entry-title\"><a href=\"https:\/\/www.goierrieskola.eus\/es\/patronoekin-solasean-indar\/\">Patronoekin solasean: INDAR<\/a>\n\t\t\t\t\t<\/h3>\n\t\t\t\t\n\t\t\t\t<span class=\"post-meta\">\n                    <small><a href=\"https:\/\/www.goierrieskola.eus\/es\/patronoekin-solasean-indar\/\" rel=\"bookmark\" class=\"post-time\"><time class=\"entry-date\" datetime=\"2015-06-04T11:13:15+00:00\">4 junio, 2015<\/time><time class=\"modify-date hide hidden updated\" datetime=\"2015-06-11T07:44:07+00:00\">11 junio, 2015<\/time><\/a><\/small>, <small class=\"meta-category\"><a href=\"https:\/\/www.goierrieskola.eus\/es\/category\/patronoekin-solasean\/\" rel=\"category tag\">Patronoekin solasean<\/a><\/small>, <small class=\"meta-comment-count\"><a href=\"https:\/\/www.goierrieskola.eus\/es\/patronoekin-solasean-indar\/#comments\">0 <i class=\"icon-chat-1 hover-tip\" data-original-title=\"Esta publicaci\u00f3n tiene 0 comentarios\" data-toggle=\"tooltip\" data-placement=\"top\"><\/i><\/a><\/small>                <\/span>\n\n\t\t\t<\/div><!--end post-header-->\n\n\t\t\t\n\t\t\t\t\t\t\t\t\t<div class=\"post-info\">\n\n\t\t\t\t\t\t<div class=\"entry-summary\">\n\t\t\t\t\t\t\t<p>PEDRO GARCIANDIA Director de Desarrollo de Negocio Global en Indar Lleva trabajando en Indar desde 2005 como Director de...<\/p>\t\t\t\t\t\t<\/div><!-- .entry-summary -->\n\n\t\t\t\t\t<\/div><!--end post-info-->\n\t\t\t\t\n\t\t\t\n\t\t\n\t\t<div class=\"post-footer\">\n\t\t\t<small>\n\t\t\t\t<a href=\"#\" class=\"item-likes\" id=\"item-likes-7317\" title=\"Like this\"><span class=\"item-likes-count\">1<\/span> <span class=\"item-likes-postfix\">like<\/span><\/a>\n\t\t\t\t\t\t\t\t\t<a href=\"https:\/\/www.goierrieskola.eus\/es\/patronoekin-solasean-indar\/\"><span class=\"muted pull-right\">\n\t\t\t\t\t\tLeer m\u00e1s<\/span>\n\t\t\t\t\t<\/a>\n\t\t\t\t\n\t\t\t<\/small>\n\t\t<\/div><!--end post-footer-->\n\n\t<\/div><!--end post-content-->\n<\/article>\n\n\n<article id=\"post-7207\" class=\"post-item post-7207 post type-post status-publish format-standard has-post-thumbnail hentry category-ikaslan-2\">\n\t<div class=\"post-content animated animate-when-almost-visible el-appear\">\n\n\t\t<div class=\"post-image\"><a href=\"https:\/\/www.goierrieskola.eus\/es\/ikaslan-jornada-de-puertas-abiertas\/\" class=\"element-wrap\"><img decoding=\"async\" data-src=\"https:\/\/www.goierrieskola.eus\/wp-content\/uploads\/2015\/05\/Monitor_Grupo_ejemplo_recorte-480x146.jpg\" alt=\"IKASLAN &#8211; jornada de puertas abiertas\" src=\"data:image\/svg+xml;base64,PHN2ZyB3aWR0aD0iMSIgaGVpZ2h0PSIxIiB4bWxucz0iaHR0cDovL3d3dy53My5vcmcvMjAwMC9zdmciPjwvc3ZnPg==\" class=\"lazyload\" style=\"--smush-placeholder-width: 480px; --smush-placeholder-aspect-ratio: 480\/146;\"><span class=\"hover-element\"><i>+<\/i><\/span><\/a><\/div><!--end post-image-->\n\t\t\n\t\t\t<div class=\"post-header\">\n\n\t\t\t\t\t\t\t\t\t<h3 class=\"post-title entry-title\"><a href=\"https:\/\/www.goierrieskola.eus\/es\/ikaslan-jornada-de-puertas-abiertas\/\">IKASLAN &#8211; jornada de puertas abiertas<\/a>\n\t\t\t\t\t<\/h3>\n\t\t\t\t\n\t\t\t\t<span class=\"post-meta\">\n                    <small><a href=\"https:\/\/www.goierrieskola.eus\/es\/ikaslan-jornada-de-puertas-abiertas\/\" rel=\"bookmark\" class=\"post-time\"><time class=\"entry-date\" datetime=\"2015-05-08T06:43:16+00:00\">8 mayo, 2015<\/time><time class=\"modify-date hide hidden updated\" datetime=\"2022-03-03T14:56:21+00:00\">3 marzo, 2022<\/time><\/a><\/small>, <small class=\"meta-category\"><a href=\"https:\/\/www.goierrieskola.eus\/es\/category\/ikaslan-2\/\" rel=\"category tag\">Ikaslan<\/a><\/small>, <small class=\"meta-comment-count\"><a href=\"https:\/\/www.goierrieskola.eus\/es\/ikaslan-jornada-de-puertas-abiertas\/#comments\">0 <i class=\"icon-chat-1 hover-tip\" data-original-title=\"Esta publicaci\u00f3n tiene 0 comentarios\" data-toggle=\"tooltip\" data-placement=\"top\"><\/i><\/a><\/small>                <\/span>\n\n\t\t\t<\/div><!--end post-header-->\n\n\t\t\t\n\t\t\t\t\t\t\t\t\t<div class=\"post-info\">\n\n\t\t\t\t\t\t<div class=\"entry-summary\">\n\t\t\t\t\t\t\t<p>Estimada familia: La alternancia de la formaci\u00f3n te\u00f3rica con las pr\u00e1cticas (Formaci\u00f3n dual) es la v\u00eda de acceso m\u00e1s...<\/p>\t\t\t\t\t\t<\/div><!-- .entry-summary -->\n\n\t\t\t\t\t<\/div><!--end post-info-->\n\t\t\t\t\n\t\t\t\n\t\t\n\t\t<div class=\"post-footer\">\n\t\t\t<small>\n\t\t\t\t<a href=\"#\" class=\"item-likes\" id=\"item-likes-7207\" title=\"Like this\"><span class=\"item-likes-count\">0<\/span> <span class=\"item-likes-postfix\">likes<\/span><\/a>\n\t\t\t\t\t\t\t\t\t<a href=\"https:\/\/www.goierrieskola.eus\/es\/ikaslan-jornada-de-puertas-abiertas\/\"><span class=\"muted pull-right\">\n\t\t\t\t\t\tLeer m\u00e1s<\/span>\n\t\t\t\t\t<\/a>\n\t\t\t\t\n\t\t\t<\/small>\n\t\t<\/div><!--end post-footer-->\n\n\t<\/div><!--end post-content-->\n<\/article>\n\n\n<article id=\"post-7161\" class=\"post-item post-7161 post type-post status-publish format-standard hentry category-bachillerato\">\n\t<div class=\"post-content animated animate-when-almost-visible el-appear\">\n\n\t\t\n\t\t\n\t\t\t<div class=\"post-header\">\n\n\t\t\t\t\t\t\t\t\t<h3 class=\"post-title entry-title\"><a href=\"https:\/\/www.goierrieskola.eus\/es\/practicas-en-empresa-valor-anadido\/\">Pr\u00e1cticas en empresa: Valor a\u00f1adido<\/a>\n\t\t\t\t\t<\/h3>\n\t\t\t\t\n\t\t\t\t<span class=\"post-meta\">\n                    <small><a href=\"https:\/\/www.goierrieskola.eus\/es\/practicas-en-empresa-valor-anadido\/\" rel=\"bookmark\" class=\"post-time\"><time class=\"entry-date\" datetime=\"2015-04-24T09:50:08+00:00\">24 abril, 2015<\/time><time class=\"modify-date hide hidden updated\" datetime=\"2022-03-03T14:56:21+00:00\">3 marzo, 2022<\/time><\/a><\/small>, <small class=\"meta-category\"><a href=\"https:\/\/www.goierrieskola.eus\/es\/category\/bachillerato\/\" rel=\"category tag\">Bachillerato<\/a><\/small>, <small class=\"meta-comment-count\"><a href=\"https:\/\/www.goierrieskola.eus\/es\/practicas-en-empresa-valor-anadido\/#comments\">0 <i class=\"icon-chat-1 hover-tip\" data-original-title=\"Esta publicaci\u00f3n tiene 0 comentarios\" data-toggle=\"tooltip\" data-placement=\"top\"><\/i><\/a><\/small>                <\/span>\n\n\t\t\t<\/div><!--end post-header-->\n\n\t\t\t\n\t\t\t\t\t\t\t\t\t<div class=\"post-info\">\n\n\t\t\t\t\t\t<div class=\"entry-summary\">\n\t\t\t\t\t\t\t<p>Esta semana, Juan Urteaga, responsable de pr\u00e1cticas de Goierri Eskola, present\u00f3 los datos relativos a las pr\u00e1cticas en empresa...<\/p>\t\t\t\t\t\t<\/div><!-- .entry-summary -->\n\n\t\t\t\t\t<\/div><!--end post-info-->\n\t\t\t\t\n\t\t\t\n\t\t\n\t\t<div class=\"post-footer\">\n\t\t\t<small>\n\t\t\t\t<a href=\"#\" class=\"item-likes\" id=\"item-likes-7191\" title=\"Like this\"><span class=\"item-likes-count\">2<\/span> <span class=\"item-likes-postfix\">likes<\/span><\/a>\n\t\t\t\t\t\t\t\t\t<a href=\"https:\/\/www.goierrieskola.eus\/es\/practicas-en-empresa-valor-anadido\/\"><span class=\"muted pull-right\">\n\t\t\t\t\t\tLeer m\u00e1s<\/span>\n\t\t\t\t\t<\/a>\n\t\t\t\t\n\t\t\t<\/small>\n\t\t<\/div><!--end post-footer-->\n\n\t<\/div><!--end post-content-->\n<\/article>\n\n\n<article id=\"post-7151\" class=\"post-item post-7151 post type-post status-publish format-standard has-post-thumbnail hentry category-evento\">\n\t<div class=\"post-content animated animate-when-almost-visible el-appear\">\n\n\t\t<div class=\"post-image\"><a href=\"https:\/\/www.goierrieskola.eus\/es\/jornada-de-puertas-abiertas-para-la-formacion-profesional\/\" class=\"element-wrap\"><img decoding=\"async\" data-src=\"https:\/\/www.goierrieskola.eus\/wp-content\/uploads\/2014\/11\/Empresas-480x110.jpg\" alt=\"JORNADA DE \u00abPUERTAS ABIERTAS\u00bb PARA LA FORMACI\u00d3N PROFESIONAL\" src=\"data:image\/svg+xml;base64,PHN2ZyB3aWR0aD0iMSIgaGVpZ2h0PSIxIiB4bWxucz0iaHR0cDovL3d3dy53My5vcmcvMjAwMC9zdmciPjwvc3ZnPg==\" class=\"lazyload\" style=\"--smush-placeholder-width: 480px; --smush-placeholder-aspect-ratio: 480\/110;\"><span class=\"hover-element\"><i>+<\/i><\/span><\/a><\/div><!--end post-image-->\n\t\t\n\t\t\t<div class=\"post-header\">\n\n\t\t\t\t\t\t\t\t\t<h3 class=\"post-title entry-title\"><a href=\"https:\/\/www.goierrieskola.eus\/es\/jornada-de-puertas-abiertas-para-la-formacion-profesional\/\">JORNADA DE \u00abPUERTAS ABIERTAS\u00bb PARA LA FORMACI\u00d3N PROFESIONAL<\/a>\n\t\t\t\t\t<\/h3>\n\t\t\t\t\n\t\t\t\t<span class=\"post-meta\">\n                    <small><a href=\"https:\/\/www.goierrieskola.eus\/es\/jornada-de-puertas-abiertas-para-la-formacion-profesional\/\" rel=\"bookmark\" class=\"post-time\"><time class=\"entry-date\" datetime=\"2015-04-16T15:34:14+00:00\">16 abril, 2015<\/time><time class=\"modify-date hide hidden updated\" datetime=\"2022-02-23T16:01:00+00:00\">23 febrero, 2022<\/time><\/a><\/small>, <small class=\"meta-category\"><a href=\"https:\/\/www.goierrieskola.eus\/es\/category\/evento\/\" rel=\"category tag\">Evento-Jornada<\/a><\/small>, <small class=\"meta-comment-count\"><a href=\"https:\/\/www.goierrieskola.eus\/es\/jornada-de-puertas-abiertas-para-la-formacion-profesional\/#comments\">0 <i class=\"icon-chat-1 hover-tip\" data-original-title=\"Esta publicaci\u00f3n tiene 0 comentarios\" data-toggle=\"tooltip\" data-placement=\"top\"><\/i><\/a><\/small>                <\/span>\n\n\t\t\t<\/div><!--end post-header-->\n\n\t\t\t\n\t\t\t\t\t\t\t\t\t<div class=\"post-info\">\n\n\t\t\t\t\t\t<div class=\"entry-summary\">\n\t\t\t\t\t\t\t<p>Estimados sr\/sra, Con el objeto de informar sobre la oferta formativa de Formaci\u00f3n Profesional (grados superior, grados medios y...<\/p>\t\t\t\t\t\t<\/div><!-- .entry-summary -->\n\n\t\t\t\t\t<\/div><!--end post-info-->\n\t\t\t\t\n\t\t\t\n\t\t\n\t\t<div class=\"post-footer\">\n\t\t\t<small>\n\t\t\t\t<a href=\"#\" class=\"item-likes\" id=\"item-likes-7147\" title=\"Like this\"><span class=\"item-likes-count\">3<\/span> <span class=\"item-likes-postfix\">likes<\/span><\/a>\n\t\t\t\t\t\t\t\t\t<a href=\"https:\/\/www.goierrieskola.eus\/es\/jornada-de-puertas-abiertas-para-la-formacion-profesional\/\"><span class=\"muted pull-right\">\n\t\t\t\t\t\tLeer m\u00e1s<\/span>\n\t\t\t\t\t<\/a>\n\t\t\t\t\n\t\t\t<\/small>\n\t\t<\/div><!--end post-footer-->\n\n\t<\/div><!--end post-content-->\n<\/article>\n\n\n<article id=\"post-7018\" class=\"post-item post-7018 post type-post status-publish format-standard has-post-thumbnail hentry category-patronoekin-solasean\">\n\t<div class=\"post-content animated animate-when-almost-visible el-appear\">\n\n\t\t<div class=\"post-image\"><a href=\"https:\/\/www.goierrieskola.eus\/es\/patroneokin-solasean-orkli\/\" class=\"element-wrap\"><img decoding=\"async\" data-src=\"https:\/\/www.goierrieskola.eus\/wp-content\/uploads\/2015\/04\/Orkli_jose_luis_perez-e1428916052406-480x178.jpg\" alt=\"Patronoekin solasean: ORKLI\" src=\"data:image\/svg+xml;base64,PHN2ZyB3aWR0aD0iMSIgaGVpZ2h0PSIxIiB4bWxucz0iaHR0cDovL3d3dy53My5vcmcvMjAwMC9zdmciPjwvc3ZnPg==\" class=\"lazyload\" style=\"--smush-placeholder-width: 480px; --smush-placeholder-aspect-ratio: 480\/178;\"><span class=\"hover-element\"><i>+<\/i><\/span><\/a><\/div><!--end post-image-->\n\t\t\n\t\t\t<div class=\"post-header\">\n\n\t\t\t\t\t\t\t\t\t<h3 class=\"post-title entry-title\"><a href=\"https:\/\/www.goierrieskola.eus\/es\/patroneokin-solasean-orkli\/\">Patronoekin solasean: ORKLI<\/a>\n\t\t\t\t\t<\/h3>\n\t\t\t\t\n\t\t\t\t<span class=\"post-meta\">\n                    <small><a href=\"https:\/\/www.goierrieskola.eus\/es\/patroneokin-solasean-orkli\/\" rel=\"bookmark\" class=\"post-time\"><time class=\"entry-date\" datetime=\"2015-04-13T09:07:59+00:00\">13 abril, 2015<\/time><time class=\"modify-date hide hidden updated\" datetime=\"2015-04-13T10:51:55+00:00\">13 abril, 2015<\/time><\/a><\/small>, <small class=\"meta-category\"><a href=\"https:\/\/www.goierrieskola.eus\/es\/category\/patronoekin-solasean\/\" rel=\"category tag\">Patronoekin solasean<\/a><\/small>, <small class=\"meta-comment-count\"><a href=\"https:\/\/www.goierrieskola.eus\/es\/patroneokin-solasean-orkli\/#comments\">0 <i class=\"icon-chat-1 hover-tip\" data-original-title=\"Esta publicaci\u00f3n tiene 0 comentarios\" data-toggle=\"tooltip\" data-placement=\"top\"><\/i><\/a><\/small>                <\/span>\n\n\t\t\t<\/div><!--end post-header-->\n\n\t\t\t\n\t\t\t\t\t\t\t\t\t<div class=\"post-info\">\n\n\t\t\t\t\t\t<div class=\"entry-summary\">\n\t\t\t\t\t\t\t<p>JOS\u00c9 LUIS P\u00c9REZ GARMENDIA \u00a0 Presidente de Orkli S.Coop Entr\u00f3 a trabajar en el \u00e1rea de fabricaci\u00f3n de Orkli...<\/p>\t\t\t\t\t\t<\/div><!-- .entry-summary -->\n\n\t\t\t\t\t<\/div><!--end post-info-->\n\t\t\t\t\n\t\t\t\n\t\t\n\t\t<div class=\"post-footer\">\n\t\t\t<small>\n\t\t\t\t<a href=\"#\" class=\"item-likes\" id=\"item-likes-7030\" title=\"Like this\"><span class=\"item-likes-count\">1<\/span> <span class=\"item-likes-postfix\">like<\/span><\/a>\n\t\t\t\t\t\t\t\t\t<a href=\"https:\/\/www.goierrieskola.eus\/es\/patroneokin-solasean-orkli\/\"><span class=\"muted pull-right\">\n\t\t\t\t\t\tLeer m\u00e1s<\/span>\n\t\t\t\t\t<\/a>\n\t\t\t\t\n\t\t\t<\/small>\n\t\t<\/div><!--end post-footer-->\n\n\t<\/div><!--end post-content-->\n<\/article>\n\n\n<article id=\"post-7003\" class=\"post-item post-7003 post type-post status-publish format-standard has-post-thumbnail hentry category-cursos\">\n\t<div class=\"post-content animated animate-when-almost-visible el-appear\">\n\n\t\t<div class=\"post-image\"><a href=\"https:\/\/www.goierrieskola.eus\/es\/cursos-asociados-a-dispositivo-de-reconocimiento-de-la-competencia\/\" class=\"element-wrap\"><img decoding=\"async\" data-src=\"https:\/\/www.goierrieskola.eus\/wp-content\/uploads\/2015\/03\/Ikastaroak_dispositivo-480x162.jpg\" alt=\"Cursos asociados a dispositivo de reconocimiento de la competencia\" src=\"data:image\/svg+xml;base64,PHN2ZyB3aWR0aD0iMSIgaGVpZ2h0PSIxIiB4bWxucz0iaHR0cDovL3d3dy53My5vcmcvMjAwMC9zdmciPjwvc3ZnPg==\" class=\"lazyload\" style=\"--smush-placeholder-width: 480px; --smush-placeholder-aspect-ratio: 480\/162;\"><span class=\"hover-element\"><i>+<\/i><\/span><\/a><\/div><!--end post-image-->\n\t\t\n\t\t\t<div class=\"post-header\">\n\n\t\t\t\t\t\t\t\t\t<h3 class=\"post-title entry-title\"><a href=\"https:\/\/www.goierrieskola.eus\/es\/cursos-asociados-a-dispositivo-de-reconocimiento-de-la-competencia\/\">Cursos asociados a dispositivo de reconocimiento de la competencia<\/a>\n\t\t\t\t\t<\/h3>\n\t\t\t\t\n\t\t\t\t<span class=\"post-meta\">\n                    <small><a href=\"https:\/\/www.goierrieskola.eus\/es\/cursos-asociados-a-dispositivo-de-reconocimiento-de-la-competencia\/\" rel=\"bookmark\" class=\"post-time\"><time class=\"entry-date\" datetime=\"2015-03-27T16:23:05+00:00\">27 marzo, 2015<\/time><time class=\"modify-date hide hidden updated\" datetime=\"2015-04-13T09:22:32+00:00\">13 abril, 2015<\/time><\/a><\/small>, <small class=\"meta-category\"><a href=\"https:\/\/www.goierrieskola.eus\/es\/category\/cursos\/\" rel=\"category tag\">Cursos<\/a><\/small>, <small class=\"meta-comment-count\"><a href=\"https:\/\/www.goierrieskola.eus\/es\/cursos-asociados-a-dispositivo-de-reconocimiento-de-la-competencia\/#comments\">0 <i class=\"icon-chat-1 hover-tip\" data-original-title=\"Esta publicaci\u00f3n tiene 0 comentarios\" data-toggle=\"tooltip\" data-placement=\"top\"><\/i><\/a><\/small>                <\/span>\n\n\t\t\t<\/div><!--end post-header-->\n\n\t\t\t\n\t\t\t\t\t\t\t\t\t<div class=\"post-info\">\n\n\t\t\t\t\t\t<div class=\"entry-summary\">\n\t\t\t\t\t\t\t<p>1. UC 1019 &#8211; U.F 0131.- T\u00c9CNICAS DE COMUNICACI\u00d3N PARA PERSONAS DEPENDIENTES EN INSTITUCIONES Precio del curso: 288\u20ac N\u00ba...<\/p>\t\t\t\t\t\t<\/div><!-- .entry-summary -->\n\n\t\t\t\t\t<\/div><!--end post-info-->\n\t\t\t\t\n\t\t\t\n\t\t\n\t\t<div class=\"post-footer\">\n\t\t\t<small>\n\t\t\t\t<a href=\"#\" class=\"item-likes\" id=\"item-likes-7007\" title=\"Like this\"><span class=\"item-likes-count\">0<\/span> <span class=\"item-likes-postfix\">likes<\/span><\/a>\n\t\t\t\t\t\t\t\t\t<a href=\"https:\/\/www.goierrieskola.eus\/es\/cursos-asociados-a-dispositivo-de-reconocimiento-de-la-competencia\/\"><span class=\"muted pull-right\">\n\t\t\t\t\t\tLeer m\u00e1s<\/span>\n\t\t\t\t\t<\/a>\n\t\t\t\t\n\t\t\t<\/small>\n\t\t<\/div><!--end post-footer-->\n\n\t<\/div><!--end post-content-->\n<\/article>\n\n\n<article id=\"post-6839\" class=\"post-item post-6839 post type-post status-publish format-standard has-post-thumbnail hentry category-patronoekin-solasean\">\n\t<div class=\"post-content animated animate-when-almost-visible el-appear\">\n\n\t\t<div class=\"post-image\"><a href=\"https:\/\/www.goierrieskola.eus\/es\/patronoekin-solasean-ampo\/\" class=\"element-wrap\"><img decoding=\"async\" data-src=\"https:\/\/www.goierrieskola.eus\/wp-content\/uploads\/2015\/03\/Leire-Colomo-AMPOSCOOP-480x178.jpg\" alt=\"Patronoekin solasean: AMPO\" src=\"data:image\/svg+xml;base64,PHN2ZyB3aWR0aD0iMSIgaGVpZ2h0PSIxIiB4bWxucz0iaHR0cDovL3d3dy53My5vcmcvMjAwMC9zdmciPjwvc3ZnPg==\" class=\"lazyload\" style=\"--smush-placeholder-width: 480px; --smush-placeholder-aspect-ratio: 480\/178;\"><span class=\"hover-element\"><i>+<\/i><\/span><\/a><\/div><!--end post-image-->\n\t\t\n\t\t\t<div class=\"post-header\">\n\n\t\t\t\t\t\t\t\t\t<h3 class=\"post-title entry-title\"><a href=\"https:\/\/www.goierrieskola.eus\/es\/patronoekin-solasean-ampo\/\">Patronoekin solasean: AMPO<\/a>\n\t\t\t\t\t<\/h3>\n\t\t\t\t\n\t\t\t\t<span class=\"post-meta\">\n                    <small><a href=\"https:\/\/www.goierrieskola.eus\/es\/patronoekin-solasean-ampo\/\" rel=\"bookmark\" class=\"post-time\"><time class=\"entry-date\" datetime=\"2015-03-04T11:17:59+00:00\">4 marzo, 2015<\/time><time class=\"modify-date hide hidden updated\" datetime=\"2015-04-13T10:40:23+00:00\">13 abril, 2015<\/time><\/a><\/small>, <small class=\"meta-category\"><a href=\"https:\/\/www.goierrieskola.eus\/es\/category\/patronoekin-solasean\/\" rel=\"category tag\">Patronoekin solasean<\/a><\/small>, <small class=\"meta-comment-count\"><a href=\"https:\/\/www.goierrieskola.eus\/es\/patronoekin-solasean-ampo\/#comments\">0 <i class=\"icon-chat-1 hover-tip\" data-original-title=\"Esta publicaci\u00f3n tiene 0 comentarios\" data-toggle=\"tooltip\" data-placement=\"top\"><\/i><\/a><\/small>                <\/span>\n\n\t\t\t<\/div><!--end post-header-->\n\n\t\t\t\n\t\t\t\t\t\t\t\t\t<div class=\"post-info\">\n\n\t\t\t\t\t\t<div class=\"entry-summary\">\n\t\t\t\t\t\t\t<p>LEIRE COLOMO ZULAIKA Ingeniero superior. Responsable de Innovaci\u00f3n de AMPO Diez a\u00f1os lleva la ordiziarra Leire Colomo en AMPO....<\/p>\t\t\t\t\t\t<\/div><!-- .entry-summary -->\n\n\t\t\t\t\t<\/div><!--end post-info-->\n\t\t\t\t\n\t\t\t\n\t\t\n\t\t<div class=\"post-footer\">\n\t\t\t<small>\n\t\t\t\t<a href=\"#\" class=\"item-likes\" id=\"item-likes-6952\" title=\"Like this\"><span class=\"item-likes-count\">2<\/span> <span class=\"item-likes-postfix\">likes<\/span><\/a>\n\t\t\t\t\t\t\t\t\t<a href=\"https:\/\/www.goierrieskola.eus\/es\/patronoekin-solasean-ampo\/\"><span class=\"muted pull-right\">\n\t\t\t\t\t\tLeer m\u00e1s<\/span>\n\t\t\t\t\t<\/a>\n\t\t\t\t\n\t\t\t<\/small>\n\t\t<\/div><!--end post-footer-->\n\n\t<\/div><!--end post-content-->\n<\/article>\n\n\n<article id=\"post-6880\" class=\"post-item post-6880 post type-post status-publish format-standard has-post-thumbnail hentry category-evento\">\n\t<div class=\"post-content animated animate-when-almost-visible el-appear\">\n\n\t\t<div class=\"post-image\"><a href=\"https:\/\/www.goierrieskola.eus\/es\/ponencia-nuevas-iso-90012015-e-iso-140012015\/\" class=\"element-wrap\"><img decoding=\"async\" data-src=\"https:\/\/www.goierrieskola.eus\/wp-content\/uploads\/2015\/02\/Ponencia_AENOR_Cristina_Garcia_desta-480x177.jpg\" alt=\"Ponencia: Nuevas ISO 9001:2015 e ISO 14001:2015\" src=\"data:image\/svg+xml;base64,PHN2ZyB3aWR0aD0iMSIgaGVpZ2h0PSIxIiB4bWxucz0iaHR0cDovL3d3dy53My5vcmcvMjAwMC9zdmciPjwvc3ZnPg==\" class=\"lazyload\" style=\"--smush-placeholder-width: 480px; --smush-placeholder-aspect-ratio: 480\/177;\"><span class=\"hover-element\"><i>+<\/i><\/span><\/a><\/div><!--end post-image-->\n\t\t\n\t\t\t<div class=\"post-header\">\n\n\t\t\t\t\t\t\t\t\t<h3 class=\"post-title entry-title\"><a href=\"https:\/\/www.goierrieskola.eus\/es\/ponencia-nuevas-iso-90012015-e-iso-140012015\/\">Ponencia: Nuevas ISO 9001:2015 e ISO 14001:2015<\/a>\n\t\t\t\t\t<\/h3>\n\t\t\t\t\n\t\t\t\t<span class=\"post-meta\">\n                    <small><a href=\"https:\/\/www.goierrieskola.eus\/es\/ponencia-nuevas-iso-90012015-e-iso-140012015\/\" rel=\"bookmark\" class=\"post-time\"><time class=\"entry-date\" datetime=\"2015-02-24T09:51:43+00:00\">24 febrero, 2015<\/time><time class=\"modify-date hide hidden updated\" datetime=\"2015-02-25T10:30:54+00:00\">25 febrero, 2015<\/time><\/a><\/small>, <small class=\"meta-category\"><a href=\"https:\/\/www.goierrieskola.eus\/es\/category\/evento\/\" rel=\"category tag\">Evento-Jornada<\/a><\/small>, <small class=\"meta-comment-count\"><a href=\"https:\/\/www.goierrieskola.eus\/es\/ponencia-nuevas-iso-90012015-e-iso-140012015\/#comments\">0 <i class=\"icon-chat-1 hover-tip\" data-original-title=\"Esta publicaci\u00f3n tiene 0 comentarios\" data-toggle=\"tooltip\" data-placement=\"top\"><\/i><\/a><\/small>                <\/span>\n\n\t\t\t<\/div><!--end post-header-->\n\n\t\t\t\n\t\t\t\t\t\t\t\t\t<div class=\"post-info\">\n\n\t\t\t\t\t\t<div class=\"entry-summary\">\n\t\t\t\t\t\t\t<p>Estimados Sr.\/Sra. Goierri Eskola les invita a la ponencia sobre \u201cLos cambios en las nuevas normas ISO 9001:2015 e...<\/p>\t\t\t\t\t\t<\/div><!-- .entry-summary -->\n\n\t\t\t\t\t<\/div><!--end post-info-->\n\t\t\t\t\n\t\t\t\n\t\t\n\t\t<div class=\"post-footer\">\n\t\t\t<small>\n\t\t\t\t<a href=\"#\" class=\"item-likes\" id=\"item-likes-6907\" title=\"Like this\"><span class=\"item-likes-count\">1<\/span> <span class=\"item-likes-postfix\">like<\/span><\/a>\n\t\t\t\t\t\t\t\t\t<a href=\"https:\/\/www.goierrieskola.eus\/es\/ponencia-nuevas-iso-90012015-e-iso-140012015\/\"><span class=\"muted pull-right\">\n\t\t\t\t\t\tLeer m\u00e1s<\/span>\n\t\t\t\t\t<\/a>\n\t\t\t\t\n\t\t\t<\/small>\n\t\t<\/div><!--end post-footer-->\n\n\t<\/div><!--end post-content-->\n<\/article>\n\n\n<article id=\"post-6332\" class=\"post-item post-6332 post type-post status-publish format-standard hentry category-general\">\n\t<div class=\"post-content animated animate-when-almost-visible el-appear\">\n\n\t\t<div class=\"post-image\"><a href=\"https:\/\/www.goierrieskola.eus\/es\/gaitasuna-egiaztatzeko-egitura-zentru-akreditatua-gara\/\" class=\"element-wrap\"><img decoding=\"async\" data-src=\"http:\/\/www.goierrieskola.org\/wp-content\/uploads\/2015\/01\/DispositivoReconocimientoCompetencia-300x157.jpg\" alt=\"Dispositivo de reconocimiento de la competencia &#8211; Somos centro acreditado\" src=\"data:image\/svg+xml;base64,PHN2ZyB3aWR0aD0iMSIgaGVpZ2h0PSIxIiB4bWxucz0iaHR0cDovL3d3dy53My5vcmcvMjAwMC9zdmciPjwvc3ZnPg==\" class=\"lazyload\" style=\"--smush-placeholder-width: 300px; --smush-placeholder-aspect-ratio: 300\/157;\"><span class=\"hover-element\"><i>+<\/i><\/span><\/a><\/div><!--end post-image-->\n\t\t\n\t\t\t<div class=\"post-header\">\n\n\t\t\t\t\t\t\t\t\t<h3 class=\"post-title entry-title\"><a href=\"https:\/\/www.goierrieskola.eus\/es\/gaitasuna-egiaztatzeko-egitura-zentru-akreditatua-gara\/\">Dispositivo de reconocimiento de la competencia &#8211; Somos centro acreditado<\/a>\n\t\t\t\t\t<\/h3>\n\t\t\t\t\n\t\t\t\t<span class=\"post-meta\">\n                    <small><a href=\"https:\/\/www.goierrieskola.eus\/es\/gaitasuna-egiaztatzeko-egitura-zentru-akreditatua-gara\/\" rel=\"bookmark\" class=\"post-time\"><time class=\"entry-date\" datetime=\"2014-11-04T12:12:48+00:00\">4 noviembre, 2014<\/time><time class=\"modify-date hide hidden updated\" datetime=\"2023-07-03T08:52:07+00:00\">3 julio, 2023<\/time><\/a><\/small>, <small class=\"meta-category\"><a href=\"https:\/\/www.goierrieskola.eus\/es\/category\/general\/\" rel=\"category tag\">General<\/a><\/small>, <small class=\"meta-comment-count\"><a href=\"https:\/\/www.goierrieskola.eus\/es\/gaitasuna-egiaztatzeko-egitura-zentru-akreditatua-gara\/#comments\">0 <i class=\"icon-chat-1 hover-tip\" data-original-title=\"Esta publicaci\u00f3n tiene 0 comentarios\" data-toggle=\"tooltip\" data-placement=\"top\"><\/i><\/a><\/small>                <\/span>\n\n\t\t\t<\/div><!--end post-header-->\n\n\t\t\t\n\t\t\t\t\t\t\t\t\t<div class=\"post-info\">\n\n\t\t\t\t\t\t<div class=\"entry-summary\">\n\t\t\t\t\t\t\t<p>Goierri Eskola es un centro acredita para realizar la informaci\u00f3n-orientaci\u00f3n, preinscripci\u00f3n e inscripci\u00f3n para el asesoramiento y evaluaci\u00f3n en...<\/p>\t\t\t\t\t\t<\/div><!-- .entry-summary -->\n\n\t\t\t\t\t<\/div><!--end post-info-->\n\t\t\t\t\n\t\t\t\n\t\t\n\t\t<div class=\"post-footer\">\n\t\t\t<small>\n\t\t\t\t<a href=\"#\" class=\"item-likes\" id=\"item-likes-6727\" title=\"Like this\"><span class=\"item-likes-count\">0<\/span> <span class=\"item-likes-postfix\">likes<\/span><\/a>\n\t\t\t\t\t\t\t\t\t<a href=\"https:\/\/www.goierrieskola.eus\/es\/gaitasuna-egiaztatzeko-egitura-zentru-akreditatua-gara\/\"><span class=\"muted pull-right\">\n\t\t\t\t\t\tLeer m\u00e1s<\/span>\n\t\t\t\t\t<\/a>\n\t\t\t\t\n\t\t\t<\/small>\n\t\t<\/div><!--end post-footer-->\n\n\t<\/div><!--end post-content-->\n<\/article>\n\n\n<article id=\"post-6291\" class=\"post-item post-6291 post type-post status-publish format-standard hentry category-general\">\n\t<div class=\"post-content animated animate-when-almost-visible el-appear\">\n\n\t\t<div class=\"post-image\"><a href=\"https:\/\/www.goierrieskola.eus\/es\/lehen-aukera-2014-bekak\/\" class=\"element-wrap\"><img decoding=\"async\" data-src=\"http:\/\/www.goierrieskola.org\/wp-content\/uploads\/2015\/01\/lehen_aukera.jpg\" alt=\"Becas \u00abLehen aukera\u00bb 2014\" src=\"data:image\/svg+xml;base64,PHN2ZyB3aWR0aD0iMSIgaGVpZ2h0PSIxIiB4bWxucz0iaHR0cDovL3d3dy53My5vcmcvMjAwMC9zdmciPjwvc3ZnPg==\" class=\"lazyload\"><span class=\"hover-element\"><i>+<\/i><\/span><\/a><\/div><!--end post-image-->\n\t\t\n\t\t\t<div class=\"post-header\">\n\n\t\t\t\t\t\t\t\t\t<h3 class=\"post-title entry-title\"><a href=\"https:\/\/www.goierrieskola.eus\/es\/lehen-aukera-2014-bekak\/\">Becas \u00abLehen aukera\u00bb 2014<\/a>\n\t\t\t\t\t<\/h3>\n\t\t\t\t\n\t\t\t\t<span class=\"post-meta\">\n                    <small><a href=\"https:\/\/www.goierrieskola.eus\/es\/lehen-aukera-2014-bekak\/\" rel=\"bookmark\" class=\"post-time\"><time class=\"entry-date\" datetime=\"2014-09-11T12:29:21+00:00\">11 septiembre, 2014<\/time><time class=\"modify-date hide hidden updated\" datetime=\"2022-02-07T14:53:42+00:00\">7 febrero, 2022<\/time><\/a><\/small>, <small class=\"meta-category\"><a href=\"https:\/\/www.goierrieskola.eus\/es\/category\/general\/\" rel=\"category tag\">General<\/a><\/small>, <small class=\"meta-comment-count\"><a href=\"https:\/\/www.goierrieskola.eus\/es\/lehen-aukera-2014-bekak\/#comments\">0 <i class=\"icon-chat-1 hover-tip\" data-original-title=\"Esta publicaci\u00f3n tiene 0 comentarios\" data-toggle=\"tooltip\" data-placement=\"top\"><\/i><\/a><\/small>                <\/span>\n\n\t\t\t<\/div><!--end post-header-->\n\n\t\t\t\n\t\t\t\t\t\t\t\t\t<div class=\"post-info\">\n\n\t\t\t\t\t\t<div class=\"entry-summary\">\n\t\t\t\t\t\t\t<p>Goierri Eskola pone a su conocimiento la existencia de un programa que puede ayudarle a la hora de cubrir...<\/p>\t\t\t\t\t\t<\/div><!-- .entry-summary -->\n\n\t\t\t\t\t<\/div><!--end post-info-->\n\t\t\t\t\n\t\t\t\n\t\t\n\t\t<div class=\"post-footer\">\n\t\t\t<small>\n\t\t\t\t<a href=\"#\" class=\"item-likes\" id=\"item-likes-6734\" title=\"Like this\"><span class=\"item-likes-count\">1<\/span> <span class=\"item-likes-postfix\">like<\/span><\/a>\n\t\t\t\t\t\t\t\t\t<a href=\"https:\/\/www.goierrieskola.eus\/es\/lehen-aukera-2014-bekak\/\"><span class=\"muted pull-right\">\n\t\t\t\t\t\tLeer m\u00e1s<\/span>\n\t\t\t\t\t<\/a>\n\t\t\t\t\n\t\t\t<\/small>\n\t\t<\/div><!--end post-footer-->\n\n\t<\/div><!--end post-content-->\n<\/article>\n\n\n<article id=\"post-6222\" class=\"post-item post-6222 post type-post status-publish format-standard hentry category-general\">\n\t<div class=\"post-content animated animate-when-almost-visible el-appear\">\n\n\t\t\n\t\t\n\t\t\t<div class=\"post-header\">\n\n\t\t\t\t\t\t\t\t\t<h3 class=\"post-title entry-title\"><a href=\"https:\/\/www.goierrieskola.eus\/es\/langabetuentzat-ikastaroak1415\/\">Cursos para desemplead@s 2014-2015<\/a>\n\t\t\t\t\t<\/h3>\n\t\t\t\t\n\t\t\t\t<span class=\"post-meta\">\n                    <small><a href=\"https:\/\/www.goierrieskola.eus\/es\/langabetuentzat-ikastaroak1415\/\" rel=\"bookmark\" class=\"post-time\"><time class=\"entry-date\" datetime=\"2014-09-03T07:12:15+00:00\">3 septiembre, 2014<\/time><time class=\"modify-date hide hidden updated\" datetime=\"2022-02-23T08:54:54+00:00\">23 febrero, 2022<\/time><\/a><\/small>, <small class=\"meta-category\"><a href=\"https:\/\/www.goierrieskola.eus\/es\/category\/general\/\" rel=\"category tag\">General<\/a><\/small>, <small class=\"meta-comment-count\"><a href=\"https:\/\/www.goierrieskola.eus\/es\/langabetuentzat-ikastaroak1415\/#comments\">0 <i class=\"icon-chat-1 hover-tip\" data-original-title=\"Esta publicaci\u00f3n tiene 0 comentarios\" data-toggle=\"tooltip\" data-placement=\"top\"><\/i><\/a><\/small>                <\/span>\n\n\t\t\t<\/div><!--end post-header-->\n\n\t\t\t\n\t\t\t\t\t\t\t\t\t<div class=\"post-info\">\n\n\t\t\t\t\t\t<div class=\"entry-summary\">\n\t\t\t\t\t\t\t<p> Nivel I: ADGG0408 &#8211; Operaciones auxiliares de servicios administrativos y generales: 390 h Dominio del castellano. Se realizar\u00e1...<\/p>\t\t\t\t\t\t<\/div><!-- .entry-summary -->\n\n\t\t\t\t\t<\/div><!--end post-info-->\n\t\t\t\t\n\t\t\t\n\t\t\n\t\t<div class=\"post-footer\">\n\t\t\t<small>\n\t\t\t\t<a href=\"#\" class=\"item-likes\" id=\"item-likes-6222\" title=\"Like this\"><span class=\"item-likes-count\">0<\/span> <span class=\"item-likes-postfix\">likes<\/span><\/a>\n\t\t\t\t\t\t\t\t\t<a href=\"https:\/\/www.goierrieskola.eus\/es\/langabetuentzat-ikastaroak1415\/\"><span class=\"muted pull-right\">\n\t\t\t\t\t\tLeer m\u00e1s<\/span>\n\t\t\t\t\t<\/a>\n\t\t\t\t\n\t\t\t<\/small>\n\t\t<\/div><!--end post-footer-->\n\n\t<\/div><!--end post-content-->\n<\/article>\n\n\n<article id=\"post-6079\" class=\"post-item post-6079 post type-post status-publish format-standard has-post-thumbnail hentry category-general\">\n\t<div class=\"post-content animated animate-when-almost-visible el-appear\">\n\n\t\t\n\t\t\n\t\t\t<div class=\"post-header\">\n\n\t\t\t\t\t\t\t\t\t<h3 class=\"post-title entry-title\"><a href=\"https:\/\/www.goierrieskola.eus\/es\/langabetuentzat-ikastaroa\/\">Curso para desemplead@s Beasaindarras<\/a>\n\t\t\t\t\t<\/h3>\n\t\t\t\t\n\t\t\t\t<span class=\"post-meta\">\n                    <small><a href=\"https:\/\/www.goierrieskola.eus\/es\/langabetuentzat-ikastaroa\/\" rel=\"bookmark\" class=\"post-time\"><time class=\"entry-date\" datetime=\"2014-07-21T08:24:39+00:00\">21 julio, 2014<\/time><time class=\"modify-date hide hidden updated\" datetime=\"2022-02-23T08:40:02+00:00\">23 febrero, 2022<\/time><\/a><\/small>, <small class=\"meta-category\"><a href=\"https:\/\/www.goierrieskola.eus\/es\/category\/general\/\" rel=\"category tag\">General<\/a><\/small>, <small class=\"meta-comment-count\"><a href=\"https:\/\/www.goierrieskola.eus\/es\/langabetuentzat-ikastaroa\/#comments\">0 <i class=\"icon-chat-1 hover-tip\" data-original-title=\"Esta publicaci\u00f3n tiene 0 comentarios\" data-toggle=\"tooltip\" data-placement=\"top\"><\/i><\/a><\/small>                <\/span>\n\n\t\t\t<\/div><!--end post-header-->\n\n\t\t\t\n\t\t\t\t\t\t\t\t\t<div class=\"post-info\">\n\n\t\t\t\t\t\t<div class=\"entry-summary\">\n\t\t\t\t\t\t\t<p> IKASTAROAREN HELBURUAK: Eraikuntza metalikoetan eta galdaragintza-lanetan erabiltzen diren sistema automatikoen eragiketa-prozesuak eta programazioak zehaztea, eta ekoizpena antolatzea eta...<\/p>\t\t\t\t\t\t<\/div><!-- .entry-summary -->\n\n\t\t\t\t\t<\/div><!--end post-info-->\n\t\t\t\t\n\t\t\t\n\t\t\n\t\t<div class=\"post-footer\">\n\t\t\t<small>\n\t\t\t\t<a href=\"#\" class=\"item-likes\" id=\"item-likes-6079\" title=\"Like this\"><span class=\"item-likes-count\">0<\/span> <span class=\"item-likes-postfix\">likes<\/span><\/a>\n\t\t\t\t\t\t\t\t\t<a href=\"https:\/\/www.goierrieskola.eus\/es\/langabetuentzat-ikastaroa\/\"><span class=\"muted pull-right\">\n\t\t\t\t\t\tLeer m\u00e1s<\/span>\n\t\t\t\t\t<\/a>\n\t\t\t\t\n\t\t\t<\/small>\n\t\t<\/div><!--end post-footer-->\n\n\t<\/div><!--end post-content-->\n<\/article>\n\n\n<article id=\"post-6041\" class=\"post-item post-6041 post type-post status-publish format-standard has-post-thumbnail hentry category-jardunaldia\">\n\t<div class=\"post-content animated animate-when-almost-visible el-appear\">\n\n\t\t\n\t\t\n\t\t\t<div class=\"post-header\">\n\n\t\t\t\t\t\t\t\t\t<h3 class=\"post-title entry-title\"><a href=\"https:\/\/www.goierrieskola.eus\/es\/50-urteurrena-oroipen-bideoa\/\">50 aniversario &#8211; Video conmemorativo<\/a>\n\t\t\t\t\t<\/h3>\n\t\t\t\t\n\t\t\t\t<span class=\"post-meta\">\n                    <small><a href=\"https:\/\/www.goierrieskola.eus\/es\/50-urteurrena-oroipen-bideoa\/\" rel=\"bookmark\" class=\"post-time\"><time class=\"entry-date\" datetime=\"2014-06-26T11:35:20+00:00\">26 junio, 2014<\/time><time class=\"modify-date hide hidden updated\" datetime=\"2022-02-23T16:03:24+00:00\">23 febrero, 2022<\/time><\/a><\/small>, <small class=\"meta-category\"><a href=\"https:\/\/www.goierrieskola.eus\/category\/jardunaldia\/\" rel=\"category tag\">Ekitaldia-Jardunaldia<\/a><\/small>, <small class=\"meta-comment-count\"><a href=\"https:\/\/www.goierrieskola.eus\/es\/50-urteurrena-oroipen-bideoa\/#comments\">0 <i class=\"icon-chat-1 hover-tip\" data-original-title=\"Esta publicaci\u00f3n tiene 0 comentarios\" data-toggle=\"tooltip\" data-placement=\"top\"><\/i><\/a><\/small>                <\/span>\n\n\t\t\t<\/div><!--end post-header-->\n\n\t\t\t\n\t\t\t\t\n\t\t\t\n\t\t\n\t\t<div class=\"post-footer\">\n\t\t\t<small>\n\t\t\t\t<a href=\"#\" class=\"item-likes\" id=\"item-likes-7143\" title=\"Like this\"><span class=\"item-likes-count\">0<\/span> <span class=\"item-likes-postfix\">likes<\/span><\/a>\n\t\t\t\t\t\t\t\t\t<a href=\"https:\/\/www.goierrieskola.eus\/es\/50-urteurrena-oroipen-bideoa\/\"><span class=\"muted pull-right\">\n\t\t\t\t\t\tLeer m\u00e1s<\/span>\n\t\t\t\t\t<\/a>\n\t\t\t\t\n\t\t\t<\/small>\n\t\t<\/div><!--end post-footer-->\n\n\t<\/div><!--end post-content-->\n<\/article>\n\n\n<article id=\"post-5683\" class=\"post-item post-5683 post type-post status-publish format-standard has-post-thumbnail hentry category-jardunaldia\">\n\t<div class=\"post-content animated animate-when-almost-visible el-appear\">\n\n\t\t\n\t\t\n\t\t\t<div class=\"post-header\">\n\n\t\t\t\t\t\t\t\t\t<h3 class=\"post-title entry-title\"><a href=\"https:\/\/www.goierrieskola.eus\/es\/goierri-eskolako-langile-eta-langile-ohi-topaketa\/\">Encuentro de trabajadores y ex trabajadores de Goierri Eskola<\/a>\n\t\t\t\t\t<\/h3>\n\t\t\t\t\n\t\t\t\t<span class=\"post-meta\">\n                    <small><a href=\"https:\/\/www.goierrieskola.eus\/es\/goierri-eskolako-langile-eta-langile-ohi-topaketa\/\" rel=\"bookmark\" class=\"post-time\"><time class=\"entry-date\" datetime=\"2014-05-13T12:30:33+00:00\">13 mayo, 2014<\/time><time class=\"modify-date hide hidden updated\" datetime=\"2022-02-23T16:03:42+00:00\">23 febrero, 2022<\/time><\/a><\/small>, <small class=\"meta-category\"><a href=\"https:\/\/www.goierrieskola.eus\/category\/jardunaldia\/\" rel=\"category tag\">Ekitaldia-Jardunaldia<\/a><\/small>, <small class=\"meta-comment-count\"><a href=\"https:\/\/www.goierrieskola.eus\/es\/goierri-eskolako-langile-eta-langile-ohi-topaketa\/#comments\">0 <i class=\"icon-chat-1 hover-tip\" data-original-title=\"Esta publicaci\u00f3n tiene 0 comentarios\" data-toggle=\"tooltip\" data-placement=\"top\"><\/i><\/a><\/small>                <\/span>\n\n\t\t\t<\/div><!--end post-header-->\n\n\t\t\t\n\t\t\t\t\t\t\t\t\t<div class=\"post-info\">\n\n\t\t\t\t\t\t<div class=\"entry-summary\">\n\t\t\t\t\t\t\t<p>50. urteurrena ospatzeko, apirilaren 5ean langile eta langile ohien topaketa bat burutu zen. Ekitaldiak bi atal izan zituen. Lehenengoa,...<\/p>\t\t\t\t\t\t<\/div><!-- .entry-summary -->\n\n\t\t\t\t\t<\/div><!--end post-info-->\n\t\t\t\t\n\t\t\t\n\t\t\n\t\t<div class=\"post-footer\">\n\t\t\t<small>\n\t\t\t\t<a href=\"#\" class=\"item-likes\" id=\"item-likes-5683\" title=\"Like this\"><span class=\"item-likes-count\">0<\/span> <span class=\"item-likes-postfix\">likes<\/span><\/a>\n\t\t\t\t\t\t\t\t\t<a href=\"https:\/\/www.goierrieskola.eus\/es\/goierri-eskolako-langile-eta-langile-ohi-topaketa\/\"><span class=\"muted pull-right\">\n\t\t\t\t\t\tLeer m\u00e1s<\/span>\n\t\t\t\t\t<\/a>\n\t\t\t\t\n\t\t\t<\/small>\n\t\t<\/div><!--end post-footer-->\n\n\t<\/div><!--end post-content-->\n<\/article>\n\n\n<article id=\"post-5656\" class=\"post-item post-5656 post type-post status-publish format-standard has-post-thumbnail hentry category-general\">\n\t<div class=\"post-content animated animate-when-almost-visible el-appear\">\n\n\t\t\n\t\t\n\t\t\t<div class=\"post-header\">\n\n\t\t\t\t\t\t\t\t\t<h3 class=\"post-title entry-title\"><a href=\"https:\/\/www.goierrieskola.eus\/es\/goierrikaria-2013-2014\/\">Goierrikaria 2013-2014<\/a>\n\t\t\t\t\t<\/h3>\n\t\t\t\t\n\t\t\t\t<span class=\"post-meta\">\n                    <small><a href=\"https:\/\/www.goierrieskola.eus\/es\/goierrikaria-2013-2014\/\" rel=\"bookmark\" class=\"post-time\"><time class=\"entry-date\" datetime=\"2014-04-30T11:17:51+00:00\">30 abril, 2014<\/time><time class=\"modify-date hide hidden updated\" datetime=\"2014-04-30T11:17:51+00:00\">30 abril, 2014<\/time><\/a><\/small>, <small class=\"meta-category\"><a href=\"https:\/\/www.goierrieskola.eus\/es\/category\/general\/\" rel=\"category tag\">General<\/a><\/small>, <small class=\"meta-comment-count\"><a href=\"https:\/\/www.goierrieskola.eus\/es\/goierrikaria-2013-2014\/#comments\">0 <i class=\"icon-chat-1 hover-tip\" data-original-title=\"Esta publicaci\u00f3n tiene 0 comentarios\" data-toggle=\"tooltip\" data-placement=\"top\"><\/i><\/a><\/small>                <\/span>\n\n\t\t\t<\/div><!--end post-header-->\n\n\t\t\t\n\t\t\t\t\t\t\t\t\t<div class=\"post-info\">\n\n\t\t\t\t\t\t<div class=\"entry-summary\">\n\t\t\t\t\t\t\t<p>Eskuragarri dago aurtengo Goierrikaria. Gozatu! Eskuragarri dago aurtengo Goierrikaria. Gozatu! &nbsp;<\/p>\t\t\t\t\t\t<\/div><!-- .entry-summary -->\n\n\t\t\t\t\t<\/div><!--end post-info-->\n\t\t\t\t\n\t\t\t\n\t\t\n\t\t<div class=\"post-footer\">\n\t\t\t<small>\n\t\t\t\t<a href=\"#\" class=\"item-likes\" id=\"item-likes-5656\" title=\"Like this\"><span class=\"item-likes-count\">0<\/span> <span class=\"item-likes-postfix\">likes<\/span><\/a>\n\t\t\t\t\t\t\t\t\t<a href=\"https:\/\/www.goierrieskola.eus\/es\/goierrikaria-2013-2014\/\"><span class=\"muted pull-right\">\n\t\t\t\t\t\tLeer m\u00e1s<\/span>\n\t\t\t\t\t<\/a>\n\t\t\t\t\n\t\t\t<\/small>\n\t\t<\/div><!--end post-footer-->\n\n\t<\/div><!--end post-content-->\n<\/article>\n\n\n<article id=\"post-5556\" class=\"post-item post-5556 post type-post status-publish format-standard hentry category-general\">\n\t<div class=\"post-content animated animate-when-almost-visible el-appear\">\n\n\t\t\n\t\t\n\t\t\t<div class=\"post-header\">\n\n\t\t\t\t\t\t\t\t\t<h3 class=\"post-title entry-title\"><a href=\"https:\/\/www.goierrieskola.eus\/es\/ikaslanek-antolaturiko-izen-logo-lehiaketa\/\">IKASLANEK ANTOLATURIKO IZEN-LOGO LEHIAKETA<\/a>\n\t\t\t\t\t<\/h3>\n\t\t\t\t\n\t\t\t\t<span class=\"post-meta\">\n                    <small><a href=\"https:\/\/www.goierrieskola.eus\/es\/ikaslanek-antolaturiko-izen-logo-lehiaketa\/\" rel=\"bookmark\" class=\"post-time\"><time class=\"entry-date\" datetime=\"2014-04-08T10:14:46+00:00\">8 abril, 2014<\/time><time class=\"modify-date hide hidden updated\" datetime=\"2022-02-22T14:11:19+00:00\">22 febrero, 2022<\/time><\/a><\/small>, <small class=\"meta-category\"><a href=\"https:\/\/www.goierrieskola.eus\/es\/category\/general\/\" rel=\"category tag\">General<\/a><\/small>, <small class=\"meta-comment-count\"><a href=\"https:\/\/www.goierrieskola.eus\/es\/ikaslanek-antolaturiko-izen-logo-lehiaketa\/#comments\">0 <i class=\"icon-chat-1 hover-tip\" data-original-title=\"Esta publicaci\u00f3n tiene 0 comentarios\" data-toggle=\"tooltip\" data-placement=\"top\"><\/i><\/a><\/small>                <\/span>\n\n\t\t\t<\/div><!--end post-header-->\n\n\t\t\t\n\t\t\t\t\t\t\t\t\t<div class=\"post-info\">\n\n\t\t\t\t\t\t<div class=\"entry-summary\">\n\t\t\t\t\t\t\t<p>Ikaslan Fundazioak, ekoizpen kudeaketa partizipatiboan oinarritutako formakuntza programa berria diseinatzen ari da. Zure sormena eta originaltasuna behar ditugu, sistemari...<\/p>\t\t\t\t\t\t<\/div><!-- .entry-summary -->\n\n\t\t\t\t\t<\/div><!--end post-info-->\n\t\t\t\t\n\t\t\t\n\t\t\n\t\t<div class=\"post-footer\">\n\t\t\t<small>\n\t\t\t\t<a href=\"#\" class=\"item-likes\" id=\"item-likes-5556\" title=\"Like this\"><span class=\"item-likes-count\">0<\/span> <span class=\"item-likes-postfix\">likes<\/span><\/a>\n\t\t\t\t\t\t\t\t\t<a href=\"https:\/\/www.goierrieskola.eus\/es\/ikaslanek-antolaturiko-izen-logo-lehiaketa\/\"><span class=\"muted pull-right\">\n\t\t\t\t\t\tLeer m\u00e1s<\/span>\n\t\t\t\t\t<\/a>\n\t\t\t\t\n\t\t\t<\/small>\n\t\t<\/div><!--end post-footer-->\n\n\t<\/div><!--end post-content-->\n<\/article>\n\n\n<article id=\"post-5564\" class=\"post-item post-5564 post type-post status-publish format-standard has-post-thumbnail hentry category-jardunaldia\">\n\t<div class=\"post-content animated animate-when-almost-visible el-appear\">\n\n\t\t\n\t\t\n\t\t\t<div class=\"post-header\">\n\n\t\t\t\t\t\t\t\t\t<h3 class=\"post-title entry-title\"><a href=\"https:\/\/www.goierrieskola.eus\/es\/gozamena-maialen-lujanbio-eta-amets-arzallusekin-goierri-eskolan\/\">Gozamena Maialen Lujanbio eta Amets Arzallusekin Goierri Eskolan<\/a>\n\t\t\t\t\t<\/h3>\n\t\t\t\t\n\t\t\t\t<span class=\"post-meta\">\n                    <small><a href=\"https:\/\/www.goierrieskola.eus\/es\/gozamena-maialen-lujanbio-eta-amets-arzallusekin-goierri-eskolan\/\" rel=\"bookmark\" class=\"post-time\"><time class=\"entry-date\" datetime=\"2014-04-08T08:27:27+00:00\">8 abril, 2014<\/time><time class=\"modify-date hide hidden updated\" datetime=\"2022-02-23T16:03:55+00:00\">23 febrero, 2022<\/time><\/a><\/small>, <small class=\"meta-category\"><a href=\"https:\/\/www.goierrieskola.eus\/category\/jardunaldia\/\" rel=\"category tag\">Ekitaldia-Jardunaldia<\/a><\/small>, <small class=\"meta-comment-count\"><a href=\"https:\/\/www.goierrieskola.eus\/es\/gozamena-maialen-lujanbio-eta-amets-arzallusekin-goierri-eskolan\/#comments\">0 <i class=\"icon-chat-1 hover-tip\" data-original-title=\"Esta publicaci\u00f3n tiene 0 comentarios\" data-toggle=\"tooltip\" data-placement=\"top\"><\/i><\/a><\/small>                <\/span>\n\n\t\t\t<\/div><!--end post-header-->\n\n\t\t\t\n\t\t\t\t\t\t\t\t\t<div class=\"post-info\">\n\n\t\t\t\t\t\t<div class=\"entry-summary\">\n\t\t\t\t\t\t\t<p>Sekulako plaza izan dute gaur bertsotarako Maialen Lujanbiok eta Amets Arzallusek. Goierri eskolako areto nagusia leporaino bete da bikotea...<\/p>\t\t\t\t\t\t<\/div><!-- .entry-summary -->\n\n\t\t\t\t\t<\/div><!--end post-info-->\n\t\t\t\t\n\t\t\t\n\t\t\n\t\t<div class=\"post-footer\">\n\t\t\t<small>\n\t\t\t\t<a href=\"#\" class=\"item-likes\" id=\"item-likes-5564\" title=\"Like this\"><span class=\"item-likes-count\">0<\/span> <span class=\"item-likes-postfix\">likes<\/span><\/a>\n\t\t\t\t\t\t\t\t\t<a href=\"https:\/\/www.goierrieskola.eus\/es\/gozamena-maialen-lujanbio-eta-amets-arzallusekin-goierri-eskolan\/\"><span class=\"muted pull-right\">\n\t\t\t\t\t\tLeer m\u00e1s<\/span>\n\t\t\t\t\t<\/a>\n\t\t\t\t\n\t\t\t<\/small>\n\t\t<\/div><!--end post-footer-->\n\n\t<\/div><!--end post-content-->\n<\/article>\n\n\n<article id=\"post-5415\" class=\"post-item post-5415 post type-post status-publish format-standard has-post-thumbnail hentry category-bachillerato\">\n\t<div class=\"post-content animated animate-when-almost-visible el-appear\">\n\n\t\t\n\t\t\n\t\t\t<div class=\"post-header\">\n\n\t\t\t\t\t\t\t\t\t<h3 class=\"post-title entry-title\"><a href=\"https:\/\/www.goierrieskola.eus\/es\/san-joan-bosko-2014-bideoa\/\">VIDEO SAN JOAN BOSKO 2014<\/a>\n\t\t\t\t\t<\/h3>\n\t\t\t\t\n\t\t\t\t<span class=\"post-meta\">\n                    <small><a href=\"https:\/\/www.goierrieskola.eus\/es\/san-joan-bosko-2014-bideoa\/\" rel=\"bookmark\" class=\"post-time\"><time class=\"entry-date\" datetime=\"2014-02-13T11:23:00+00:00\">13 febrero, 2014<\/time><time class=\"modify-date hide hidden updated\" datetime=\"2023-12-11T13:38:18+00:00\">11 diciembre, 2023<\/time><\/a><\/small>, <small class=\"meta-category\"><a href=\"https:\/\/www.goierrieskola.eus\/es\/category\/bachillerato\/\" rel=\"category tag\">Bachillerato<\/a><\/small>, <small class=\"meta-comment-count\"><a href=\"https:\/\/www.goierrieskola.eus\/es\/san-joan-bosko-2014-bideoa\/#comments\">0 <i class=\"icon-chat-1 hover-tip\" data-original-title=\"Esta publicaci\u00f3n tiene 0 comentarios\" data-toggle=\"tooltip\" data-placement=\"top\"><\/i><\/a><\/small>                <\/span>\n\n\t\t\t<\/div><!--end post-header-->\n\n\t\t\t\n\t\t\t\t\t\t\t\t\t<div class=\"post-info\">\n\n\t\t\t\t\t\t<div class=\"entry-summary\">\n\t\t\t\t\t\t\t<p>El d\u00eda lo pasamos en grande. Video realizado con im\u00e1genes tomadas durante la jornada: JTNDaWZyYW1lJTIwd2lkdGglM0QlMjI1NjAlMjIlMjBoZWlnaHQlM0QlMjIzMTUlMjIlMjBzcmMlM0QlMjJodHRwcyUzQSUyRiUyRnd3dy55b3V0dWJlLmNvbSUyRmVtYmVkJTJGenBXa0lPdU9yM2clM0ZzaSUzREhLNGlwemRNVXJTaVNjZEElMjIlMjB0aXRsZSUzRCUyMllvdVR1YmUlMjB2aWRlbyUyMHBsYXllciUyMiUyMGZyYW1lYm9yZGVyJTNEJTIyMCUyMiUyMGFsbG93JTNEJTIyYWNjZWxlcm9tZXRlciUzQiUyMGF1dG9wbGF5JTNCJTIwY2xpcGJvYXJkLXdyaXRlJTNCJTIwZW5jcnlwdGVkLW1lZGlhJTNCJTIwZ3lyb3Njb3BlJTNCJTIwcGljdHVyZS1pbi1waWN0dXJlJTNCJTIwd2ViLXNoYXJlJTIyJTIwYWxsb3dmdWxsc2NyZWVuJTNFJTNDJTJGaWZyYW1lJTNF<\/p>\t\t\t\t\t\t<\/div><!-- .entry-summary -->\n\n\t\t\t\t\t<\/div><!--end post-info-->\n\t\t\t\t\n\t\t\t\n\t\t\n\t\t<div class=\"post-footer\">\n\t\t\t<small>\n\t\t\t\t<a href=\"#\" class=\"item-likes\" id=\"item-likes-6751\" title=\"Like this\"><span class=\"item-likes-count\">0<\/span> <span class=\"item-likes-postfix\">likes<\/span><\/a>\n\t\t\t\t\t\t\t\t\t<a href=\"https:\/\/www.goierrieskola.eus\/es\/san-joan-bosko-2014-bideoa\/\"><span class=\"muted pull-right\">\n\t\t\t\t\t\tLeer m\u00e1s<\/span>\n\t\t\t\t\t<\/a>\n\t\t\t\t\n\t\t\t<\/small>\n\t\t<\/div><!--end post-footer-->\n\n\t<\/div><!--end post-content-->\n<\/article>\n\n\n<article id=\"post-5396\" class=\"post-item post-5396 post type-post status-publish format-standard has-post-thumbnail hentry category-general\">\n\t<div class=\"post-content animated animate-when-almost-visible el-appear\">\n\n\t\t\n\t\t\n\t\t\t<div class=\"post-header\">\n\n\t\t\t\t\t\t\t\t\t<h3 class=\"post-title entry-title\"><a href=\"https:\/\/www.goierrieskola.eus\/es\/segurtasun-eta-ingurumenaren-3-astea\/\">3\u00aa semana de la seguridad y medioambiente<\/a>\n\t\t\t\t\t<\/h3>\n\t\t\t\t\n\t\t\t\t<span class=\"post-meta\">\n                    <small><a href=\"https:\/\/www.goierrieskola.eus\/es\/segurtasun-eta-ingurumenaren-3-astea\/\" rel=\"bookmark\" class=\"post-time\"><time class=\"entry-date\" datetime=\"2014-02-11T10:54:21+00:00\">11 febrero, 2014<\/time><time class=\"modify-date hide hidden updated\" datetime=\"2022-02-23T08:29:25+00:00\">23 febrero, 2022<\/time><\/a><\/small>, <small class=\"meta-category\"><a href=\"https:\/\/www.goierrieskola.eus\/es\/category\/general\/\" rel=\"category tag\">General<\/a><\/small>, <small class=\"meta-comment-count\"><a href=\"https:\/\/www.goierrieskola.eus\/es\/segurtasun-eta-ingurumenaren-3-astea\/#comments\">0 <i class=\"icon-chat-1 hover-tip\" data-original-title=\"Esta publicaci\u00f3n tiene 0 comentarios\" data-toggle=\"tooltip\" data-placement=\"top\"><\/i><\/a><\/small>                <\/span>\n\n\t\t\t<\/div><!--end post-header-->\n\n\t\t\t\n\t\t\t\t\t\t\t\t\t<div class=\"post-info\">\n\n\t\t\t\t\t\t<div class=\"entry-summary\">\n\t\t\t\t\t\t\t<p>Goierri Eskolak otsailaren 10etik 14ra bitartean Segurtasun, Osasun eta Ingurumenaren 3.astea antolatu du bai zentroko pertsonal eta ikasleak baita...<\/p>\t\t\t\t\t\t<\/div><!-- .entry-summary -->\n\n\t\t\t\t\t<\/div><!--end post-info-->\n\t\t\t\t\n\t\t\t\n\t\t\n\t\t<div class=\"post-footer\">\n\t\t\t<small>\n\t\t\t\t<a href=\"#\" class=\"item-likes\" id=\"item-likes-5396\" title=\"Like this\"><span class=\"item-likes-count\">0<\/span> <span class=\"item-likes-postfix\">likes<\/span><\/a>\n\t\t\t\t\t\t\t\t\t<a href=\"https:\/\/www.goierrieskola.eus\/es\/segurtasun-eta-ingurumenaren-3-astea\/\"><span class=\"muted pull-right\">\n\t\t\t\t\t\tLeer m\u00e1s<\/span>\n\t\t\t\t\t<\/a>\n\t\t\t\t\n\t\t\t<\/small>\n\t\t<\/div><!--end post-footer-->\n\n\t<\/div><!--end post-content-->\n<\/article>\n\n\n<article id=\"post-5056\" class=\"post-item post-5056 post type-post status-publish format-standard has-post-thumbnail hentry category-jardunaldia\">\n\t<div class=\"post-content animated animate-when-almost-visible el-appear\">\n\n\t\t\n\t\t\n\t\t\t<div class=\"post-header\">\n\n\t\t\t\t\t\t\t\t\t<h3 class=\"post-title entry-title\"><a href=\"https:\/\/www.goierrieskola.eus\/es\/1_hamarkadako_ikasle_topaketa\/\">Encuentro de alumnos de la primera d\u00e9cada<\/a>\n\t\t\t\t\t<\/h3>\n\t\t\t\t\n\t\t\t\t<span class=\"post-meta\">\n                    <small><a href=\"https:\/\/www.goierrieskola.eus\/es\/1_hamarkadako_ikasle_topaketa\/\" rel=\"bookmark\" class=\"post-time\"><time class=\"entry-date\" datetime=\"2014-02-04T09:47:24+00:00\">4 febrero, 2014<\/time><time class=\"modify-date hide hidden updated\" datetime=\"2022-02-23T16:04:08+00:00\">23 febrero, 2022<\/time><\/a><\/small>, <small class=\"meta-category\"><a href=\"https:\/\/www.goierrieskola.eus\/category\/jardunaldia\/\" rel=\"category tag\">Ekitaldia-Jardunaldia<\/a><\/small>, <small class=\"meta-comment-count\"><a href=\"https:\/\/www.goierrieskola.eus\/es\/1_hamarkadako_ikasle_topaketa\/#comments\">0 <i class=\"icon-chat-1 hover-tip\" data-original-title=\"Esta publicaci\u00f3n tiene 0 comentarios\" data-toggle=\"tooltip\" data-placement=\"top\"><\/i><\/a><\/small>                <\/span>\n\n\t\t\t<\/div><!--end post-header-->\n\n\t\t\t\n\t\t\t\t\t\t\t\t\t<div class=\"post-info\">\n\n\t\t\t\t\t\t<div class=\"entry-summary\">\n\t\t\t\t\t\t\t<p>Urtarrilaren 30ean, osteguna, Goierri Eskolan ikasi zuten 1. hamarkadako ikasleen topaketa burutu genuen. Giro bikainean eta iragana gogoratuz pasa...<\/p>\t\t\t\t\t\t<\/div><!-- .entry-summary -->\n\n\t\t\t\t\t<\/div><!--end post-info-->\n\t\t\t\t\n\t\t\t\n\t\t\n\t\t<div class=\"post-footer\">\n\t\t\t<small>\n\t\t\t\t<a href=\"#\" class=\"item-likes\" id=\"item-likes-5056\" title=\"Like this\"><span class=\"item-likes-count\">0<\/span> <span class=\"item-likes-postfix\">likes<\/span><\/a>\n\t\t\t\t\t\t\t\t\t<a href=\"https:\/\/www.goierrieskola.eus\/es\/1_hamarkadako_ikasle_topaketa\/\"><span class=\"muted pull-right\">\n\t\t\t\t\t\tLeer m\u00e1s<\/span>\n\t\t\t\t\t<\/a>\n\t\t\t\t\n\t\t\t<\/small>\n\t\t<\/div><!--end post-footer-->\n\n\t<\/div><!--end post-content-->\n<\/article>\n\n\n<article id=\"post-5052\" class=\"post-item post-5052 post type-post status-publish format-standard hentry category-general\">\n\t<div class=\"post-content animated animate-when-almost-visible el-appear\">\n\n\t\t\n\t\t\n\t\t\t<div class=\"post-header\">\n\n\t\t\t\t\t\t\t\t\t<h3 class=\"post-title entry-title\"><a href=\"https:\/\/www.goierrieskola.eus\/es\/san-joan-bosko-2014\/\">SAN JOAN BOSKO 2014<\/a>\n\t\t\t\t\t<\/h3>\n\t\t\t\t\n\t\t\t\t<span class=\"post-meta\">\n                    <small><a href=\"https:\/\/www.goierrieskola.eus\/es\/san-joan-bosko-2014\/\" rel=\"bookmark\" class=\"post-time\"><time class=\"entry-date\" datetime=\"2014-01-28T10:53:37+00:00\">28 enero, 2014<\/time><time class=\"modify-date hide hidden updated\" datetime=\"2022-02-22T14:31:15+00:00\">22 febrero, 2022<\/time><\/a><\/small>, <small class=\"meta-category\"><a href=\"https:\/\/www.goierrieskola.eus\/es\/category\/general\/\" rel=\"category tag\">General<\/a><\/small>, <small class=\"meta-comment-count\"><a href=\"https:\/\/www.goierrieskola.eus\/es\/san-joan-bosko-2014\/#comments\">0 <i class=\"icon-chat-1 hover-tip\" data-original-title=\"Esta publicaci\u00f3n tiene 0 comentarios\" data-toggle=\"tooltip\" data-placement=\"top\"><\/i><\/a><\/small>                <\/span>\n\n\t\t\t<\/div><!--end post-header-->\n\n\t\t\t\n\t\t\t\t\t\t\t\t\t<div class=\"post-info\">\n\n\t\t\t\t\t\t<div class=\"entry-summary\">\n\t\t\t\t\t\t\t<p> San Joan Bosko 2014 Eskolaren 50. urteurrenari dagokion San Joan Bosko jaia aparteko ekintzekin datorkigu. Batetik,\u00a0Olinpiada moduan: Mus\u00a0Txapelketa....<\/p>\t\t\t\t\t\t<\/div><!-- .entry-summary -->\n\n\t\t\t\t\t<\/div><!--end post-info-->\n\t\t\t\t\n\t\t\t\n\t\t\n\t\t<div class=\"post-footer\">\n\t\t\t<small>\n\t\t\t\t<a href=\"#\" class=\"item-likes\" id=\"item-likes-5052\" title=\"Like this\"><span class=\"item-likes-count\">0<\/span> <span class=\"item-likes-postfix\">likes<\/span><\/a>\n\t\t\t\t\t\t\t\t\t<a href=\"https:\/\/www.goierrieskola.eus\/es\/san-joan-bosko-2014\/\"><span class=\"muted pull-right\">\n\t\t\t\t\t\tLeer m\u00e1s<\/span>\n\t\t\t\t\t<\/a>\n\t\t\t\t\n\t\t\t<\/small>\n\t\t<\/div><!--end post-footer-->\n\n\t<\/div><!--end post-content-->\n<\/article>\n\n\n<article id=\"post-5032\" class=\"post-item post-5032 post type-post status-publish format-standard hentry category-general\">\n\t<div class=\"post-content animated animate-when-almost-visible el-appear\">\n\n\t\t\n\t\t\n\t\t\t<div class=\"post-header\">\n\n\t\t\t\t\t\t\t\t\t<h3 class=\"post-title entry-title\"><a href=\"https:\/\/www.goierrieskola.eus\/es\/summer-in-the-usa\/\">SUMMER IN THE USA<\/a>\n\t\t\t\t\t<\/h3>\n\t\t\t\t\n\t\t\t\t<span class=\"post-meta\">\n                    <small><a href=\"https:\/\/www.goierrieskola.eus\/es\/summer-in-the-usa\/\" rel=\"bookmark\" class=\"post-time\"><time class=\"entry-date\" datetime=\"2014-01-15T11:44:27+00:00\">15 enero, 2014<\/time><time class=\"modify-date hide hidden updated\" datetime=\"2014-01-15T11:44:27+00:00\">15 enero, 2014<\/time><\/a><\/small>, <small class=\"meta-category\"><a href=\"https:\/\/www.goierrieskola.eus\/es\/category\/general\/\" rel=\"category tag\">General<\/a><\/small>, <small class=\"meta-comment-count\"><a href=\"https:\/\/www.goierrieskola.eus\/es\/summer-in-the-usa\/#comments\">0 <i class=\"icon-chat-1 hover-tip\" data-original-title=\"Esta publicaci\u00f3n tiene 0 comentarios\" data-toggle=\"tooltip\" data-placement=\"top\"><\/i><\/a><\/small>                <\/span>\n\n\t\t\t<\/div><!--end post-header-->\n\n\t\t\t\n\t\t\t\t\t\t\t\t\t<div class=\"post-info\">\n\n\t\t\t\t\t\t<div class=\"entry-summary\">\n\t\t\t\t\t\t\t<p>Atzo Batxilergoko ikasleak \u201cSummer in the USA\u201d elkarteko lagunen bisita atsegina jaso zuten. Ikasleek pare bat orduz ingelesa praktikatzeko...<\/p>\t\t\t\t\t\t<\/div><!-- .entry-summary -->\n\n\t\t\t\t\t<\/div><!--end post-info-->\n\t\t\t\t\n\t\t\t\n\t\t\n\t\t<div class=\"post-footer\">\n\t\t\t<small>\n\t\t\t\t<a href=\"#\" class=\"item-likes\" id=\"item-likes-5032\" title=\"Like this\"><span class=\"item-likes-count\">0<\/span> <span class=\"item-likes-postfix\">likes<\/span><\/a>\n\t\t\t\t\t\t\t\t\t<a href=\"https:\/\/www.goierrieskola.eus\/es\/summer-in-the-usa\/\"><span class=\"muted pull-right\">\n\t\t\t\t\t\tLeer m\u00e1s<\/span>\n\t\t\t\t\t<\/a>\n\t\t\t\t\n\t\t\t<\/small>\n\t\t<\/div><!--end post-footer-->\n\n\t<\/div><!--end post-content-->\n<\/article>\n\n\n<article id=\"post-5022\" class=\"post-item post-5022 post type-post status-publish format-standard hentry category-general\">\n\t<div class=\"post-content animated animate-when-almost-visible el-appear\">\n\n\t\t\n\t\t\n\t\t\t<div class=\"post-header\">\n\n\t\t\t\t\t\t\t\t\t<h3 class=\"post-title entry-title\"><a href=\"https:\/\/www.goierrieskola.eus\/es\/1963-1972-ikasle-ohien-topaketa\/\">Encuentro de exlaumnos 1963-72<\/a>\n\t\t\t\t\t<\/h3>\n\t\t\t\t\n\t\t\t\t<span class=\"post-meta\">\n                    <small><a href=\"https:\/\/www.goierrieskola.eus\/es\/1963-1972-ikasle-ohien-topaketa\/\" rel=\"bookmark\" class=\"post-time\"><time class=\"entry-date\" datetime=\"2013-12-30T13:18:37+00:00\">30 diciembre, 2013<\/time><time class=\"modify-date hide hidden updated\" datetime=\"2022-02-23T08:08:13+00:00\">23 febrero, 2022<\/time><\/a><\/small>, <small class=\"meta-category\"><a href=\"https:\/\/www.goierrieskola.eus\/es\/category\/general\/\" rel=\"category tag\">General<\/a><\/small>, <small class=\"meta-comment-count\"><a href=\"https:\/\/www.goierrieskola.eus\/es\/1963-1972-ikasle-ohien-topaketa\/#comments\">0 <i class=\"icon-chat-1 hover-tip\" data-original-title=\"Esta publicaci\u00f3n tiene 0 comentarios\" data-toggle=\"tooltip\" data-placement=\"top\"><\/i><\/a><\/small>                <\/span>\n\n\t\t\t<\/div><!--end post-header-->\n\n\t\t\t\n\t\t\t\t\t\t\t\t\t<div class=\"post-info\">\n\n\t\t\t\t\t\t<div class=\"entry-summary\">\n\t\t\t\t\t\t\t<p>Urtarrilaren 30ean, 1963-72an Goierri Eskolan aritu ziren ikasle-ohien topaketa burutuko dugu. Ekitaldi xume baina hunkigarria izatea espero dugu, aspaldian...<\/p>\t\t\t\t\t\t<\/div><!-- .entry-summary -->\n\n\t\t\t\t\t<\/div><!--end post-info-->\n\t\t\t\t\n\t\t\t\n\t\t\n\t\t<div class=\"post-footer\">\n\t\t\t<small>\n\t\t\t\t<a href=\"#\" class=\"item-likes\" id=\"item-likes-5022\" title=\"Like this\"><span class=\"item-likes-count\">0<\/span> <span class=\"item-likes-postfix\">likes<\/span><\/a>\n\t\t\t\t\t\t\t\t\t<a href=\"https:\/\/www.goierrieskola.eus\/es\/1963-1972-ikasle-ohien-topaketa\/\"><span class=\"muted pull-right\">\n\t\t\t\t\t\tLeer m\u00e1s<\/span>\n\t\t\t\t\t<\/a>\n\t\t\t\t\n\t\t\t<\/small>\n\t\t<\/div><!--end post-footer-->\n\n\t<\/div><!--end post-content-->\n<\/article>\n\n\n<article id=\"post-4924\" class=\"post-item post-4924 post type-post status-publish format-standard has-post-thumbnail hentry category-jardunaldia\">\n\t<div class=\"post-content animated animate-when-almost-visible el-appear\">\n\n\t\t\n\t\t\n\t\t\t<div class=\"post-header\">\n\n\t\t\t\t\t\t\t\t\t<h3 class=\"post-title entry-title\"><a href=\"https:\/\/www.goierrieskola.eus\/es\/lehenengo-promozioaren-topaketa\/\">Encuentro de la primera promoci\u00f3n<\/a>\n\t\t\t\t\t<\/h3>\n\t\t\t\t\n\t\t\t\t<span class=\"post-meta\">\n                    <small><a href=\"https:\/\/www.goierrieskola.eus\/es\/lehenengo-promozioaren-topaketa\/\" rel=\"bookmark\" class=\"post-time\"><time class=\"entry-date\" datetime=\"2013-12-18T15:34:18+00:00\">18 diciembre, 2013<\/time><time class=\"modify-date hide hidden updated\" datetime=\"2022-02-23T16:04:20+00:00\">23 febrero, 2022<\/time><\/a><\/small>, <small class=\"meta-category\"><a href=\"https:\/\/www.goierrieskola.eus\/category\/jardunaldia\/\" rel=\"category tag\">Ekitaldia-Jardunaldia<\/a><\/small>, <small class=\"meta-comment-count\"><a href=\"https:\/\/www.goierrieskola.eus\/es\/lehenengo-promozioaren-topaketa\/#comments\">0 <i class=\"icon-chat-1 hover-tip\" data-original-title=\"Esta publicaci\u00f3n tiene 0 comentarios\" data-toggle=\"tooltip\" data-placement=\"top\"><\/i><\/a><\/small>                <\/span>\n\n\t\t\t<\/div><!--end post-header-->\n\n\t\t\t\n\t\t\t\t\t\t\t\t\t<div class=\"post-info\">\n\n\t\t\t\t\t\t<div class=\"entry-summary\">\n\t\t\t\t\t\t\t<p>Abenduaren 12an, osteguna, Goierri Eskolan ikasi zuen 1. promozioaren topaketa burutu genuen. Giro bikainean eta iragana gogoratuz pasa genuen...<\/p>\t\t\t\t\t\t<\/div><!-- .entry-summary -->\n\n\t\t\t\t\t<\/div><!--end post-info-->\n\t\t\t\t\n\t\t\t\n\t\t\n\t\t<div class=\"post-footer\">\n\t\t\t<small>\n\t\t\t\t<a href=\"#\" class=\"item-likes\" id=\"item-likes-4924\" title=\"Like this\"><span class=\"item-likes-count\">0<\/span> <span class=\"item-likes-postfix\">likes<\/span><\/a>\n\t\t\t\t\t\t\t\t\t<a href=\"https:\/\/www.goierrieskola.eus\/es\/lehenengo-promozioaren-topaketa\/\"><span class=\"muted pull-right\">\n\t\t\t\t\t\tLeer m\u00e1s<\/span>\n\t\t\t\t\t<\/a>\n\t\t\t\t\n\t\t\t<\/small>\n\t\t<\/div><!--end post-footer-->\n\n\t<\/div><!--end post-content-->\n<\/article>\n\n\n<article id=\"post-3311\" class=\"post-item post-3311 post type-post status-publish format-standard hentry category-sin-categoria\">\n\t<div class=\"post-content animated animate-when-almost-visible el-appear\">\n\n\t\t\n\t\t\n\t\t\t<div class=\"post-header\">\n\n\t\t\t\t\t\t\t\t\t<h3 class=\"post-title entry-title\"><a href=\"https:\/\/www.goierrieskola.eus\/es\/langabetuentzat-ikastaroak-2\/\">Cursos para desemplead@s<\/a>\n\t\t\t\t\t<\/h3>\n\t\t\t\t\n\t\t\t\t<span class=\"post-meta\">\n                    <small><a href=\"https:\/\/www.goierrieskola.eus\/es\/langabetuentzat-ikastaroak-2\/\" rel=\"bookmark\" class=\"post-time\"><time class=\"entry-date\" datetime=\"2013-10-30T10:22:58+00:00\">30 octubre, 2013<\/time><time class=\"modify-date hide hidden updated\" datetime=\"2022-02-23T08:46:32+00:00\">23 febrero, 2022<\/time><\/a><\/small>, <small class=\"meta-category\"><a href=\"https:\/\/www.goierrieskola.eus\/es\/category\/sin-categoria\/\" rel=\"category tag\">Sin categor\u00eda<\/a><\/small>, <small class=\"meta-comment-count\"><a href=\"https:\/\/www.goierrieskola.eus\/es\/langabetuentzat-ikastaroak-2\/#comments\">0 <i class=\"icon-chat-1 hover-tip\" data-original-title=\"Esta publicaci\u00f3n tiene 0 comentarios\" data-toggle=\"tooltip\" data-placement=\"top\"><\/i><\/a><\/small>                <\/span>\n\n\t\t\t<\/div><!--end post-header-->\n\n\t\t\t\n\t\t\t\t\t\t\t\t\t<div class=\"post-info\">\n\n\t\t\t\t\t\t<div class=\"entry-summary\">\n\t\t\t\t\t\t\t<p> ADGG0508: OPERACIONES DE GRABACION Y TRATAMIENTO DE DATOS (360 HORAS) Dominio del castellano. Se realizar\u00e1 una entrevista personal...<\/p>\t\t\t\t\t\t<\/div><!-- .entry-summary -->\n\n\t\t\t\t\t<\/div><!--end post-info-->\n\t\t\t\t\n\t\t\t\n\t\t\n\t\t<div class=\"post-footer\">\n\t\t\t<small>\n\t\t\t\t<a href=\"#\" class=\"item-likes\" id=\"item-likes-3311\" title=\"Like this\"><span class=\"item-likes-count\">0<\/span> <span class=\"item-likes-postfix\">likes<\/span><\/a>\n\t\t\t\t\t\t\t\t\t<a href=\"https:\/\/www.goierrieskola.eus\/es\/langabetuentzat-ikastaroak-2\/\"><span class=\"muted pull-right\">\n\t\t\t\t\t\tLeer m\u00e1s<\/span>\n\t\t\t\t\t<\/a>\n\t\t\t\t\n\t\t\t<\/small>\n\t\t<\/div><!--end post-footer-->\n\n\t<\/div><!--end post-content-->\n<\/article>\n\n\n<article id=\"post-2837\" class=\"post-item post-2837 post type-post status-publish format-standard hentry category-general\">\n\t<div class=\"post-content animated animate-when-almost-visible el-appear\">\n\n\t\t\n\t\t\n\t\t\t<div class=\"post-header\">\n\n\t\t\t\t\t\t\t\t\t<h3 class=\"post-title entry-title\"><a href=\"https:\/\/www.goierrieskola.eus\/es\/juan-urteaga-euskadi-irratiko-mezularia-irratsaioan\/\">Juan Urteaga Euskadi Irratiko \u00abMezularia\u00bb irratsaioan<\/a>\n\t\t\t\t\t<\/h3>\n\t\t\t\t\n\t\t\t\t<span class=\"post-meta\">\n                    <small><a href=\"https:\/\/www.goierrieskola.eus\/es\/juan-urteaga-euskadi-irratiko-mezularia-irratsaioan\/\" rel=\"bookmark\" class=\"post-time\"><time class=\"entry-date\" datetime=\"2013-06-13T10:04:46+00:00\">13 junio, 2013<\/time><time class=\"modify-date hide hidden updated\" datetime=\"2022-02-23T08:12:38+00:00\">23 febrero, 2022<\/time><\/a><\/small>, <small class=\"meta-category\"><a href=\"https:\/\/www.goierrieskola.eus\/es\/category\/general\/\" rel=\"category tag\">General<\/a><\/small>, <small class=\"meta-comment-count\"><a href=\"https:\/\/www.goierrieskola.eus\/es\/juan-urteaga-euskadi-irratiko-mezularia-irratsaioan\/#comments\">0 <i class=\"icon-chat-1 hover-tip\" data-original-title=\"Esta publicaci\u00f3n tiene 0 comentarios\" data-toggle=\"tooltip\" data-placement=\"top\"><\/i><\/a><\/small>                <\/span>\n\n\t\t\t<\/div><!--end post-header-->\n\n\t\t\t\n\t\t\t\t\t\t\t\t\t<div class=\"post-info\">\n\n\t\t\t\t\t\t<div class=\"entry-summary\">\n\t\t\t\t\t\t\t<p> Juan Urteaga, Goierri Eskolako lan-praktika arduradunak, Jaime Otamendik zuzentzen duen Euskadi Irratiko irratsaioan parte hartu zuen Lanbide Heziketari...<\/p>\t\t\t\t\t\t<\/div><!-- .entry-summary -->\n\n\t\t\t\t\t<\/div><!--end post-info-->\n\t\t\t\t\n\t\t\t\n\t\t\n\t\t<div class=\"post-footer\">\n\t\t\t<small>\n\t\t\t\t<a href=\"#\" class=\"item-likes\" id=\"item-likes-2837\" title=\"Like this\"><span class=\"item-likes-count\">0<\/span> <span class=\"item-likes-postfix\">likes<\/span><\/a>\n\t\t\t\t\t\t\t\t\t<a href=\"https:\/\/www.goierrieskola.eus\/es\/juan-urteaga-euskadi-irratiko-mezularia-irratsaioan\/\"><span class=\"muted pull-right\">\n\t\t\t\t\t\tLeer m\u00e1s<\/span>\n\t\t\t\t\t<\/a>\n\t\t\t\t\n\t\t\t<\/small>\n\t\t<\/div><!--end post-footer-->\n\n\t<\/div><!--end post-content-->\n<\/article>\n\n\n<article id=\"post-2820\" class=\"post-item post-2820 post type-post status-publish format-standard hentry category-general\">\n\t<div class=\"post-content animated animate-when-almost-visible el-appear\">\n\n\t\t\n\t\t\n\t\t\t<div class=\"post-header\">\n\n\t\t\t\t\t\t\t\t\t<h3 class=\"post-title entry-title\"><a href=\"https:\/\/www.goierrieskola.eus\/es\/goierri-eskola-ohorezko-kofrade\/\">Goierri Eskola cofrade de honor<\/a>\n\t\t\t\t\t<\/h3>\n\t\t\t\t\n\t\t\t\t<span class=\"post-meta\">\n                    <small><a href=\"https:\/\/www.goierrieskola.eus\/es\/goierri-eskola-ohorezko-kofrade\/\" rel=\"bookmark\" class=\"post-time\"><time class=\"entry-date\" datetime=\"2013-06-10T10:12:15+00:00\">10 junio, 2013<\/time><time class=\"modify-date hide hidden updated\" datetime=\"2022-02-22T15:06:56+00:00\">22 febrero, 2022<\/time><\/a><\/small>, <small class=\"meta-category\"><a href=\"https:\/\/www.goierrieskola.eus\/es\/category\/general\/\" rel=\"category tag\">General<\/a><\/small>, <small class=\"meta-comment-count\"><a href=\"https:\/\/www.goierrieskola.eus\/es\/goierri-eskola-ohorezko-kofrade\/#comments\">0 <i class=\"icon-chat-1 hover-tip\" data-original-title=\"Esta publicaci\u00f3n tiene 0 comentarios\" data-toggle=\"tooltip\" data-placement=\"top\"><\/i><\/a><\/small>                <\/span>\n\n\t\t\t<\/div><!--end post-header-->\n\n\t\t\t\n\t\t\t\t\t\t\t\t\t<div class=\"post-info\">\n\n\t\t\t\t\t\t<div class=\"entry-summary\">\n\t\t\t\t\t\t\t<p>https:\/\/www.noticiasdegipuzkoa.eus\/gipuzkoa\/goierri\/2013\/07\/06\/goierri-eskola-cofrade-honor-cofradia\/275306.html Lagunak preziatuak: Honen bidez, 2013ko ekainaren 5ean izandako bileran Batzordeak aho batez Ordiziako Idiazabal Gaztaren OHOREZKO KOFRADIA zuek...<\/p>\t\t\t\t\t\t<\/div><!-- .entry-summary -->\n\n\t\t\t\t\t<\/div><!--end post-info-->\n\t\t\t\t\n\t\t\t\n\t\t\n\t\t<div class=\"post-footer\">\n\t\t\t<small>\n\t\t\t\t<a href=\"#\" class=\"item-likes\" id=\"item-likes-2820\" title=\"Like this\"><span class=\"item-likes-count\">0<\/span> <span class=\"item-likes-postfix\">likes<\/span><\/a>\n\t\t\t\t\t\t\t\t\t<a href=\"https:\/\/www.goierrieskola.eus\/es\/goierri-eskola-ohorezko-kofrade\/\"><span class=\"muted pull-right\">\n\t\t\t\t\t\tLeer m\u00e1s<\/span>\n\t\t\t\t\t<\/a>\n\t\t\t\t\n\t\t\t<\/small>\n\t\t<\/div><!--end post-footer-->\n\n\t<\/div><!--end post-content-->\n<\/article>\n\n\n<article id=\"post-5385\" class=\"post-item post-5385 post type-post status-publish format-standard hentry category-general\">\n\t<div class=\"post-content animated animate-when-almost-visible el-appear\">\n\n\t\t\n\t\t\n\t\t\t<div class=\"post-header\">\n\n\t\t\t\t\t\t\t\t\t<h3 class=\"post-title entry-title\"><a href=\"https:\/\/www.goierrieskola.eus\/es\/goierrikaria-2011-2012\/\">Goierrikaria 2011-2012<\/a>\n\t\t\t\t\t<\/h3>\n\t\t\t\t\n\t\t\t\t<span class=\"post-meta\">\n                    <small><a href=\"https:\/\/www.goierrieskola.eus\/es\/goierrikaria-2011-2012\/\" rel=\"bookmark\" class=\"post-time\"><time class=\"entry-date\" datetime=\"2013-06-05T16:31:43+00:00\">5 junio, 2013<\/time><time class=\"modify-date hide hidden updated\" datetime=\"2013-06-05T16:31:43+00:00\">5 junio, 2013<\/time><\/a><\/small>, <small class=\"meta-category\"><a href=\"https:\/\/www.goierrieskola.eus\/es\/category\/general\/\" rel=\"category tag\">General<\/a><\/small>, <small class=\"meta-comment-count\"><a href=\"https:\/\/www.goierrieskola.eus\/es\/goierrikaria-2011-2012\/#comments\">0 <i class=\"icon-chat-1 hover-tip\" data-original-title=\"Esta publicaci\u00f3n tiene 0 comentarios\" data-toggle=\"tooltip\" data-placement=\"top\"><\/i><\/a><\/small>                <\/span>\n\n\t\t\t<\/div><!--end post-header-->\n\n\t\t\t\n\t\t\t\t\t\t\t\t\t<div class=\"post-info\">\n\n\t\t\t\t\t\t<div class=\"entry-summary\">\n\t\t\t\t\t\t\t<p>Goierrikaria 2011-2012 from Goierri_Eskola Goierrikaria 2011-2012 from Goierri_Eskola<\/p>\t\t\t\t\t\t<\/div><!-- .entry-summary -->\n\n\t\t\t\t\t<\/div><!--end post-info-->\n\t\t\t\t\n\t\t\t\n\t\t\n\t\t<div class=\"post-footer\">\n\t\t\t<small>\n\t\t\t\t<a href=\"#\" class=\"item-likes\" id=\"item-likes-5385\" title=\"Like this\"><span class=\"item-likes-count\">0<\/span> <span class=\"item-likes-postfix\">likes<\/span><\/a>\n\t\t\t\t\t\t\t\t\t<a href=\"https:\/\/www.goierrieskola.eus\/es\/goierrikaria-2011-2012\/\"><span class=\"muted pull-right\">\n\t\t\t\t\t\tLeer m\u00e1s<\/span>\n\t\t\t\t\t<\/a>\n\t\t\t\t\n\t\t\t<\/small>\n\t\t<\/div><!--end post-footer-->\n\n\t<\/div><!--end post-content-->\n<\/article>\n\n\n<article id=\"post-5381\" class=\"post-item post-5381 post type-post status-publish format-standard hentry category-general\">\n\t<div class=\"post-content animated animate-when-almost-visible el-appear\">\n\n\t\t\n\t\t\n\t\t\t<div class=\"post-header\">\n\n\t\t\t\t\t\t\t\t\t<h3 class=\"post-title entry-title\"><a href=\"https:\/\/www.goierrieskola.eus\/es\/goierrikaria-2012-2013\/\">Goierrikaria 2012-2013<\/a>\n\t\t\t\t\t<\/h3>\n\t\t\t\t\n\t\t\t\t<span class=\"post-meta\">\n                    <small><a href=\"https:\/\/www.goierrieskola.eus\/es\/goierrikaria-2012-2013\/\" rel=\"bookmark\" class=\"post-time\"><time class=\"entry-date\" datetime=\"2013-06-05T16:10:28+00:00\">5 junio, 2013<\/time><time class=\"modify-date hide hidden updated\" datetime=\"2013-06-05T16:10:28+00:00\">5 junio, 2013<\/time><\/a><\/small>, <small class=\"meta-category\"><a href=\"https:\/\/www.goierrieskola.eus\/es\/category\/general\/\" rel=\"category tag\">General<\/a><\/small>, <small class=\"meta-comment-count\"><a href=\"https:\/\/www.goierrieskola.eus\/es\/goierrikaria-2012-2013\/#comments\">0 <i class=\"icon-chat-1 hover-tip\" data-original-title=\"Esta publicaci\u00f3n tiene 0 comentarios\" data-toggle=\"tooltip\" data-placement=\"top\"><\/i><\/a><\/small>                <\/span>\n\n\t\t\t<\/div><!--end post-header-->\n\n\t\t\t\n\t\t\t\t\t\t\t\t\t<div class=\"post-info\">\n\n\t\t\t\t\t\t<div class=\"entry-summary\">\n\t\t\t\t\t\t\t<p>Goierrikaria 2012-2013 from Goierri_Eskola Goierrikaria 2012-2013 from Goierri_Eskola<\/p>\t\t\t\t\t\t<\/div><!-- .entry-summary -->\n\n\t\t\t\t\t<\/div><!--end post-info-->\n\t\t\t\t\n\t\t\t\n\t\t\n\t\t<div class=\"post-footer\">\n\t\t\t<small>\n\t\t\t\t<a href=\"#\" class=\"item-likes\" id=\"item-likes-5381\" title=\"Like this\"><span class=\"item-likes-count\">0<\/span> <span class=\"item-likes-postfix\">likes<\/span><\/a>\n\t\t\t\t\t\t\t\t\t<a href=\"https:\/\/www.goierrieskola.eus\/es\/goierrikaria-2012-2013\/\"><span class=\"muted pull-right\">\n\t\t\t\t\t\tLeer m\u00e1s<\/span>\n\t\t\t\t\t<\/a>\n\t\t\t\t\n\t\t\t<\/small>\n\t\t<\/div><!--end post-footer-->\n\n\t<\/div><!--end post-content-->\n<\/article>\n\n\n<article id=\"post-5374\" class=\"post-item post-5374 post type-post status-publish format-standard hentry category-general\">\n\t<div class=\"post-content animated animate-when-almost-visible el-appear\">\n\n\t\t\n\t\t\n\t\t\t<div class=\"post-header\">\n\n\t\t\t\t\t\t\t\t\t<h3 class=\"post-title entry-title\"><a href=\"https:\/\/www.goierrieskola.eus\/es\/goierrikaria-2009-2010\/\">Goierrikaria 2009-2010<\/a>\n\t\t\t\t\t<\/h3>\n\t\t\t\t\n\t\t\t\t<span class=\"post-meta\">\n                    <small><a href=\"https:\/\/www.goierrieskola.eus\/es\/goierrikaria-2009-2010\/\" rel=\"bookmark\" class=\"post-time\"><time class=\"entry-date\" datetime=\"2013-06-05T16:00:29+00:00\">5 junio, 2013<\/time><time class=\"modify-date hide hidden updated\" datetime=\"2013-06-05T16:00:29+00:00\">5 junio, 2013<\/time><\/a><\/small>, <small class=\"meta-category\"><a href=\"https:\/\/www.goierrieskola.eus\/es\/category\/general\/\" rel=\"category tag\">General<\/a><\/small>, <small class=\"meta-comment-count\"><a href=\"https:\/\/www.goierrieskola.eus\/es\/goierrikaria-2009-2010\/#comments\">0 <i class=\"icon-chat-1 hover-tip\" data-original-title=\"Esta publicaci\u00f3n tiene 0 comentarios\" data-toggle=\"tooltip\" data-placement=\"top\"><\/i><\/a><\/small>                <\/span>\n\n\t\t\t<\/div><!--end post-header-->\n\n\t\t\t\n\t\t\t\t\t\t\t\t\t<div class=\"post-info\">\n\n\t\t\t\t\t\t<div class=\"entry-summary\">\n\t\t\t\t\t\t\t<p>Goierrikaria 2009-2010 Ikasturtea from Goierri_Eskola Goierrikaria 2009-2010 Ikasturtea from Goierri_Eskola<\/p>\t\t\t\t\t\t<\/div><!-- .entry-summary -->\n\n\t\t\t\t\t<\/div><!--end post-info-->\n\t\t\t\t\n\t\t\t\n\t\t\n\t\t<div class=\"post-footer\">\n\t\t\t<small>\n\t\t\t\t<a href=\"#\" class=\"item-likes\" id=\"item-likes-5374\" title=\"Like this\"><span class=\"item-likes-count\">0<\/span> <span class=\"item-likes-postfix\">likes<\/span><\/a>\n\t\t\t\t\t\t\t\t\t<a href=\"https:\/\/www.goierrieskola.eus\/es\/goierrikaria-2009-2010\/\"><span class=\"muted pull-right\">\n\t\t\t\t\t\tLeer m\u00e1s<\/span>\n\t\t\t\t\t<\/a>\n\t\t\t\t\n\t\t\t<\/small>\n\t\t<\/div><!--end post-footer-->\n\n\t<\/div><!--end post-content-->\n<\/article>\n\n\n<article id=\"post-3147\" class=\"post-item post-3147 post type-post status-publish format-standard hentry category-general\">\n\t<div class=\"post-content animated animate-when-almost-visible el-appear\">\n\n\t\t\n\t\t\n\t\t\t<div class=\"post-header\">\n\n\t\t\t\t\t\t\t\t\t<h3 class=\"post-title entry-title\"><a href=\"https:\/\/www.goierrieskola.eus\/es\/goierri-eskola-teknopolisen-eitb\/\">Goierri Eskola en Teknopolis (EITB)<\/a>\n\t\t\t\t\t<\/h3>\n\t\t\t\t\n\t\t\t\t<span class=\"post-meta\">\n                    <small><a href=\"https:\/\/www.goierrieskola.eus\/es\/goierri-eskola-teknopolisen-eitb\/\" rel=\"bookmark\" class=\"post-time\"><time class=\"entry-date\" datetime=\"2013-05-28T15:02:53+00:00\">28 mayo, 2013<\/time><time class=\"modify-date hide hidden updated\" datetime=\"2022-02-22T14:08:57+00:00\">22 febrero, 2022<\/time><\/a><\/small>, <small class=\"meta-category\"><a href=\"https:\/\/www.goierrieskola.eus\/es\/category\/general\/\" rel=\"category tag\">General<\/a><\/small>, <small class=\"meta-comment-count\"><a href=\"https:\/\/www.goierrieskola.eus\/es\/goierri-eskola-teknopolisen-eitb\/#comments\">0 <i class=\"icon-chat-1 hover-tip\" data-original-title=\"Esta publicaci\u00f3n tiene 0 comentarios\" data-toggle=\"tooltip\" data-placement=\"top\"><\/i><\/a><\/small>                <\/span>\n\n\t\t\t<\/div><!--end post-header-->\n\n\t\t\t\n\t\t\t\t\t\t\t\t\t<div class=\"post-info\">\n\n\t\t\t\t\t\t<div class=\"entry-summary\">\n\t\t\t\t\t\t\t<p>JTNDZGl2JTIwc3R5bGUlM0QlMjIlMjBwb3NpdGlvbiUzQSUyMHJlbGF0aXZlJTNCcGFkZGluZy1ib3R0b20lM0ElMjA1Ni4yNSUyNSUzQnBhZGRpbmctdG9wJTNBJTIwMzVweCUzQmhlaWdodCUzQSUyMDAlM0JvdmVyZmxvdyUzQSUyMGhpZGRlbiUzQiUyMiUzRSUwQSUwOSUwOSUwOSUwOSUwOSUzQ2lmcmFtZSUyMHNjcm9sbGluZyUzRCUyMm5vJTIyJTIwc3JjJTNEJTIyaHR0cHMlM0ElMkYlMkZ3d3cuZWl0Yi5ldXMlMkZlcyUyRmdldCUyRm11bHRpbWVkaWElMkZzY3JlZW4lMkZpZCUyRjEzNTc0MTYlMkZ0aXBvJTJGdmlkZW9zJTJGdmlkZW9zJTJGJTIyJTIwZnJhbWVib3JkZXIlM0QlMjIwJTIyJTIwbWFyZ2lud2lkdGglM0QlMjIwJTIyJTIwbWFyZ2luaGVpZ2h0JTNEJTIyMCUyMiUyMHNjcm9sbGluZyUzRCUyMm5vJTIyJTIwc3R5bGUlM0QlMjJwb3NpdGlvbiUzQSUyMGFic29sdXRlJTNCdG9wJTNBMCUzQmxlZnQlM0ElMjAwJTNCd2lkdGglM0ElMjAxMDAlMjUlM0JoZWlnaHQlM0ElMjAxMDAlMjUlM0IlMjIlMjAlM0UlM0MlMkZpZnJhbWUlM0UlM0MlMkZkaXYlM0U=Goierri Eskolan soldatzen ikasteko errealitate aragotuan oinarritutako sistema bat probatzen ari gara. EITBko &#8216;Teknopolis&#8217; programa sistema ezagutzen izan da....<\/p>\t\t\t\t\t\t<\/div><!-- .entry-summary -->\n\n\t\t\t\t\t<\/div><!--end post-info-->\n\t\t\t\t\n\t\t\t\n\t\t\n\t\t<div class=\"post-footer\">\n\t\t\t<small>\n\t\t\t\t<a href=\"#\" class=\"item-likes\" id=\"item-likes-3147\" title=\"Like this\"><span class=\"item-likes-count\">0<\/span> <span class=\"item-likes-postfix\">likes<\/span><\/a>\n\t\t\t\t\t\t\t\t\t<a href=\"https:\/\/www.goierrieskola.eus\/es\/goierri-eskola-teknopolisen-eitb\/\"><span class=\"muted pull-right\">\n\t\t\t\t\t\tLeer m\u00e1s<\/span>\n\t\t\t\t\t<\/a>\n\t\t\t\t\n\t\t\t<\/small>\n\t\t<\/div><!--end post-footer-->\n\n\t<\/div><!--end post-content-->\n<\/article>\n\n\n<article id=\"post-2697\" class=\"post-item post-2697 post type-post status-publish format-standard hentry category-general\">\n\t<div class=\"post-content animated animate-when-almost-visible el-appear\">\n\n\t\t\n\t\t\n\t\t\t<div class=\"post-header\">\n\n\t\t\t\t\t\t\t\t\t<h3 class=\"post-title entry-title\"><a href=\"https:\/\/www.goierrieskola.eus\/es\/ipad-mini-bat-irabazi-nahi\/\">IPAD MINI BAT IRABAZI NAHI?<\/a>\n\t\t\t\t\t<\/h3>\n\t\t\t\t\n\t\t\t\t<span class=\"post-meta\">\n                    <small><a href=\"https:\/\/www.goierrieskola.eus\/es\/ipad-mini-bat-irabazi-nahi\/\" rel=\"bookmark\" class=\"post-time\"><time class=\"entry-date\" datetime=\"2013-04-30T08:57:00+00:00\">30 abril, 2013<\/time><time class=\"modify-date hide hidden updated\" datetime=\"2022-02-07T15:28:58+00:00\">7 febrero, 2022<\/time><\/a><\/small>, <small class=\"meta-category\"><a href=\"https:\/\/www.goierrieskola.eus\/es\/category\/general\/\" rel=\"category tag\">General<\/a><\/small>, <small class=\"meta-comment-count\"><a href=\"https:\/\/www.goierrieskola.eus\/es\/ipad-mini-bat-irabazi-nahi\/#comments\">0 <i class=\"icon-chat-1 hover-tip\" data-original-title=\"Esta publicaci\u00f3n tiene 0 comentarios\" data-toggle=\"tooltip\" data-placement=\"top\"><\/i><\/a><\/small>                <\/span>\n\n\t\t\t<\/div><!--end post-header-->\n\n\t\t\t\n\t\t\t\t\t\t\t\t\t<div class=\"post-info\">\n\n\t\t\t\t\t\t<div class=\"entry-summary\">\n\t\t\t\t\t\t\t<p>Goierri Eskolak datorren ikasturtean\u00a050 urte betetzen ditu\u00a0eta zure sormena eta originaltasuna behar ditugu logo berria diseinatzeko. Facebook erabiliko dugu...<\/p>\t\t\t\t\t\t<\/div><!-- .entry-summary -->\n\n\t\t\t\t\t<\/div><!--end post-info-->\n\t\t\t\t\n\t\t\t\n\t\t\n\t\t<div class=\"post-footer\">\n\t\t\t<small>\n\t\t\t\t<a href=\"#\" class=\"item-likes\" id=\"item-likes-2697\" title=\"Like this\"><span class=\"item-likes-count\">0<\/span> <span class=\"item-likes-postfix\">likes<\/span><\/a>\n\t\t\t\t\t\t\t\t\t<a href=\"https:\/\/www.goierrieskola.eus\/es\/ipad-mini-bat-irabazi-nahi\/\"><span class=\"muted pull-right\">\n\t\t\t\t\t\tLeer m\u00e1s<\/span>\n\t\t\t\t\t<\/a>\n\t\t\t\t\n\t\t\t<\/small>\n\t\t<\/div><!--end post-footer-->\n\n\t<\/div><!--end post-content-->\n<\/article>\n\n\n<article id=\"post-2240\" class=\"post-item post-2240 post type-post status-publish format-standard has-post-thumbnail hentry category-oferta-educativa\">\n\t<div class=\"post-content animated animate-when-almost-visible el-appear\">\n\n\t\t\n\t\t\n\t\t\t<div class=\"post-header\">\n\n\t\t\t\t\t\t\t\t\t<h3 class=\"post-title entry-title\"><a href=\"https:\/\/www.goierrieskola.eus\/es\/mendekotasun-egoeran-dauden-pertsonei-arreta-egiteko-teknikaria\/\">T\u00c9CNICO EN ATENCI\u00d3N A PERSONAS EN SITUACI\u00d3N DE DEPENDENCIA<\/a>\n\t\t\t\t\t<\/h3>\n\t\t\t\t\n\t\t\t\t<span class=\"post-meta\">\n                    <small><a href=\"https:\/\/www.goierrieskola.eus\/es\/mendekotasun-egoeran-dauden-pertsonei-arreta-egiteko-teknikaria\/\" rel=\"bookmark\" class=\"post-time\"><time class=\"entry-date\" datetime=\"2013-02-27T16:11:13+00:00\">27 febrero, 2013<\/time><time class=\"modify-date hide hidden updated\" datetime=\"2022-02-23T09:38:01+00:00\">23 febrero, 2022<\/time><\/a><\/small>, <small class=\"meta-category\"><a href=\"https:\/\/www.goierrieskola.eus\/es\/category\/oferta-educativa\/\" rel=\"category tag\">HEZKUNTZA ESKAINTZA<\/a><\/small>, <small class=\"meta-comment-count\"><a href=\"https:\/\/www.goierrieskola.eus\/es\/mendekotasun-egoeran-dauden-pertsonei-arreta-egiteko-teknikaria\/#comments\">0 <i class=\"icon-chat-1 hover-tip\" data-original-title=\"Esta publicaci\u00f3n tiene 0 comentarios\" data-toggle=\"tooltip\" data-placement=\"top\"><\/i><\/a><\/small>                <\/span>\n\n\t\t\t<\/div><!--end post-header-->\n\n\t\t\t\n\t\t\t\t\t\t\t\t\t<div class=\"post-info\">\n\n\t\t\t\t\t\t<div class=\"entry-summary\">\n\t\t\t\t\t\t\t<p>Konpetentzi Orokorra : Titulu honen konpetentzia orokorra da mendekotasun-egoeran dauden pertsonei etxeko eta instituzioetako esparruan arreta egitea, horien bizi-kalitatea...<\/p>\t\t\t\t\t\t<\/div><!-- .entry-summary -->\n\n\t\t\t\t\t<\/div><!--end post-info-->\n\t\t\t\t\n\t\t\t\n\t\t\n\t\t<div class=\"post-footer\">\n\t\t\t<small>\n\t\t\t\t<a href=\"#\" class=\"item-likes\" id=\"item-likes-2240\" title=\"Like this\"><span class=\"item-likes-count\">0<\/span> <span class=\"item-likes-postfix\">likes<\/span><\/a>\n\t\t\t\t\t\t\t\t\t<a href=\"https:\/\/www.goierrieskola.eus\/es\/mendekotasun-egoeran-dauden-pertsonei-arreta-egiteko-teknikaria\/\"><span class=\"muted pull-right\">\n\t\t\t\t\t\tLeer m\u00e1s<\/span>\n\t\t\t\t\t<\/a>\n\t\t\t\t\n\t\t\t<\/small>\n\t\t<\/div><!--end post-footer-->\n\n\t<\/div><!--end post-content-->\n<\/article>\n\n\n<article id=\"post-2227\" class=\"post-item post-2227 post type-post status-publish format-standard has-post-thumbnail hentry category-general\">\n\t<div class=\"post-content animated animate-when-almost-visible el-appear\">\n\n\t\t\n\t\t\n\t\t\t<div class=\"post-header\">\n\n\t\t\t\t\t\t\t\t\t<h3 class=\"post-title entry-title\"><a href=\"https:\/\/www.goierrieskola.eus\/es\/goierri-campusa-cadena-ser-irratian\/\">El Campus Goierri en Cadena Ser<\/a>\n\t\t\t\t\t<\/h3>\n\t\t\t\t\n\t\t\t\t<span class=\"post-meta\">\n                    <small><a href=\"https:\/\/www.goierrieskola.eus\/es\/goierri-campusa-cadena-ser-irratian\/\" rel=\"bookmark\" class=\"post-time\"><time class=\"entry-date\" datetime=\"2013-02-06T14:31:16+00:00\">6 febrero, 2013<\/time><time class=\"modify-date hide hidden updated\" datetime=\"2013-02-06T14:31:16+00:00\">6 febrero, 2013<\/time><\/a><\/small>, <small class=\"meta-category\"><a href=\"https:\/\/www.goierrieskola.eus\/es\/category\/general\/\" rel=\"category tag\">General<\/a><\/small>, <small class=\"meta-comment-count\"><a href=\"https:\/\/www.goierrieskola.eus\/es\/goierri-campusa-cadena-ser-irratian\/#comments\">0 <i class=\"icon-chat-1 hover-tip\" data-original-title=\"Esta publicaci\u00f3n tiene 0 comentarios\" data-toggle=\"tooltip\" data-placement=\"top\"><\/i><\/a><\/small>                <\/span>\n\n\t\t\t<\/div><!--end post-header-->\n\n\t\t\t\n\t\t\t\t\t\t\t\t\t<div class=\"post-info\">\n\n\t\t\t\t\t\t<div class=\"entry-summary\">\n\t\t\t\t\t\t\t<p>2013\/02\/03 Cadena Ser: Maider Ormazabal, Oier Zabaleta eta Juan Urteagari elkarrizketa. Lehen biak Goierri Campusean ingeniaritza ikasle ohiak eta...<\/p>\t\t\t\t\t\t<\/div><!-- .entry-summary -->\n\n\t\t\t\t\t<\/div><!--end post-info-->\n\t\t\t\t\n\t\t\t\n\t\t\n\t\t<div class=\"post-footer\">\n\t\t\t<small>\n\t\t\t\t<a href=\"#\" class=\"item-likes\" id=\"item-likes-2227\" title=\"Like this\"><span class=\"item-likes-count\">0<\/span> <span class=\"item-likes-postfix\">likes<\/span><\/a>\n\t\t\t\t\t\t\t\t\t<a href=\"https:\/\/www.goierrieskola.eus\/es\/goierri-campusa-cadena-ser-irratian\/\"><span class=\"muted pull-right\">\n\t\t\t\t\t\tLeer m\u00e1s<\/span>\n\t\t\t\t\t<\/a>\n\t\t\t\t\n\t\t\t<\/small>\n\t\t<\/div><!--end post-footer-->\n\n\t<\/div><!--end post-content-->\n<\/article>\n\n\n<article id=\"post-2214\" class=\"post-item post-2214 post type-post status-publish format-standard hentry category-general\">\n\t<div class=\"post-content animated animate-when-almost-visible el-appear\">\n\n\t\t\n\t\t\n\t\t\t<div class=\"post-header\">\n\n\t\t\t\t\t\t\t\t\t<h3 class=\"post-title entry-title\"><a href=\"https:\/\/www.goierrieskola.eus\/es\/eraikuntza-soldatuen-fabrikazio-eta-kontrola-ceret-jardunaldia\/\">FABRICACI\u00d3N Y CONTROL DE OBRA SOLDADA &#8211; JORNADA CERET<\/a>\n\t\t\t\t\t<\/h3>\n\t\t\t\t\n\t\t\t\t<span class=\"post-meta\">\n                    <small><a href=\"https:\/\/www.goierrieskola.eus\/es\/eraikuntza-soldatuen-fabrikazio-eta-kontrola-ceret-jardunaldia\/\" rel=\"bookmark\" class=\"post-time\"><time class=\"entry-date\" datetime=\"2013-01-30T15:22:16+00:00\">30 enero, 2013<\/time><time class=\"modify-date hide hidden updated\" datetime=\"2022-02-23T09:51:52+00:00\">23 febrero, 2022<\/time><\/a><\/small>, <small class=\"meta-category\"><a href=\"https:\/\/www.goierrieskola.eus\/es\/category\/general\/\" rel=\"category tag\">General<\/a><\/small>, <small class=\"meta-comment-count\"><a href=\"https:\/\/www.goierrieskola.eus\/es\/eraikuntza-soldatuen-fabrikazio-eta-kontrola-ceret-jardunaldia\/#comments\">0 <i class=\"icon-chat-1 hover-tip\" data-original-title=\"Esta publicaci\u00f3n tiene 0 comentarios\" data-toggle=\"tooltip\" data-placement=\"top\"><\/i><\/a><\/small>                <\/span>\n\n\t\t\t<\/div><!--end post-header-->\n\n\t\t\t\n\t\t\t\t\t\t\t\t\t<div class=\"post-info\">\n\n\t\t\t\t\t\t<div class=\"entry-summary\">\n\t\t\t\t\t\t\t<p>Joan zen urtarrilaren 29an, Goierri Eskola eta HETELen eskutik, eraikuntza soldatuen fabrikazio eta kontrolari buruzko jardunaldi bat burutu zen...<\/p>\t\t\t\t\t\t<\/div><!-- .entry-summary -->\n\n\t\t\t\t\t<\/div><!--end post-info-->\n\t\t\t\t\n\t\t\t\n\t\t\n\t\t<div class=\"post-footer\">\n\t\t\t<small>\n\t\t\t\t<a href=\"#\" class=\"item-likes\" id=\"item-likes-2214\" title=\"Like this\"><span class=\"item-likes-count\">0<\/span> <span class=\"item-likes-postfix\">likes<\/span><\/a>\n\t\t\t\t\t\t\t\t\t<a href=\"https:\/\/www.goierrieskola.eus\/es\/eraikuntza-soldatuen-fabrikazio-eta-kontrola-ceret-jardunaldia\/\"><span class=\"muted pull-right\">\n\t\t\t\t\t\tLeer m\u00e1s<\/span>\n\t\t\t\t\t<\/a>\n\t\t\t\t\n\t\t\t<\/small>\n\t\t<\/div><!--end post-footer-->\n\n\t<\/div><!--end post-content-->\n<\/article>\n\n\n<article id=\"post-2193\" class=\"post-item post-2193 post type-post status-publish format-standard hentry category-general\">\n\t<div class=\"post-content animated animate-when-almost-visible el-appear\">\n\n\t\t\n\t\t\n\t\t\t<div class=\"post-header\">\n\n\t\t\t\t\t\t\t\t\t<h3 class=\"post-title entry-title\"><a href=\"https:\/\/www.goierrieskola.eus\/es\/langabetuentzako-ikastaroa\/\">Curso para desemplead@s<\/a>\n\t\t\t\t\t<\/h3>\n\t\t\t\t\n\t\t\t\t<span class=\"post-meta\">\n                    <small><a href=\"https:\/\/www.goierrieskola.eus\/es\/langabetuentzako-ikastaroa\/\" rel=\"bookmark\" class=\"post-time\"><time class=\"entry-date\" datetime=\"2013-01-24T15:39:44+00:00\">24 enero, 2013<\/time><time class=\"modify-date hide hidden updated\" datetime=\"2022-02-23T08:47:12+00:00\">23 febrero, 2022<\/time><\/a><\/small>, <small class=\"meta-category\"><a href=\"https:\/\/www.goierrieskola.eus\/es\/category\/general\/\" rel=\"category tag\">General<\/a><\/small>, <small class=\"meta-comment-count\"><a href=\"https:\/\/www.goierrieskola.eus\/es\/langabetuentzako-ikastaroa\/#comments\">0 <i class=\"icon-chat-1 hover-tip\" data-original-title=\"Esta publicaci\u00f3n tiene 0 comentarios\" data-toggle=\"tooltip\" data-placement=\"top\"><\/i><\/a><\/small>                <\/span>\n\n\t\t\t<\/div><!--end post-header-->\n\n\t\t\t\n\t\t\t\t\t\t\t\t\t<div class=\"post-info\">\n\n\t\t\t\t\t\t<div class=\"entry-summary\">\n\t\t\t\t\t\t\t<p>Certificado ambiental para el Mercado. Sistemas de Gesti\u00f3n ambiental Enplegu berdea. Parte hartzaileek beka bat eskuratu ahal izango dute....<\/p>\t\t\t\t\t\t<\/div><!-- .entry-summary -->\n\n\t\t\t\t\t<\/div><!--end post-info-->\n\t\t\t\t\n\t\t\t\n\t\t\n\t\t<div class=\"post-footer\">\n\t\t\t<small>\n\t\t\t\t<a href=\"#\" class=\"item-likes\" id=\"item-likes-2193\" title=\"Like this\"><span class=\"item-likes-count\">0<\/span> <span class=\"item-likes-postfix\">likes<\/span><\/a>\n\t\t\t\t\t\t\t\t\t<a href=\"https:\/\/www.goierrieskola.eus\/es\/langabetuentzako-ikastaroa\/\"><span class=\"muted pull-right\">\n\t\t\t\t\t\tLeer m\u00e1s<\/span>\n\t\t\t\t\t<\/a>\n\t\t\t\t\n\t\t\t<\/small>\n\t\t<\/div><!--end post-footer-->\n\n\t<\/div><!--end post-content-->\n<\/article>\n\n\n<article id=\"post-2167\" class=\"post-item post-2167 post type-post status-publish format-standard hentry category-general tag-mekatronika\">\n\t<div class=\"post-content animated animate-when-almost-visible el-appear\">\n\n\t\t\n\t\t\n\t\t\t<div class=\"post-header\">\n\n\t\t\t\t\t\t\t\t\t<h3 class=\"post-title entry-title\"><a href=\"https:\/\/www.goierrieskola.eus\/es\/2167\/\">Intercambio tecnol\u00f3gico con la escuela Saint Joseph de Hazparne<\/a>\n\t\t\t\t\t<\/h3>\n\t\t\t\t\n\t\t\t\t<span class=\"post-meta\">\n                    <small><a href=\"https:\/\/www.goierrieskola.eus\/es\/2167\/\" rel=\"bookmark\" class=\"post-time\"><time class=\"entry-date\" datetime=\"2013-01-09T14:26:01+00:00\">9 enero, 2013<\/time><time class=\"modify-date hide hidden updated\" datetime=\"2022-02-22T15:02:57+00:00\">22 febrero, 2022<\/time><\/a><\/small>, <small class=\"meta-category\"><a href=\"https:\/\/www.goierrieskola.eus\/es\/category\/general\/\" rel=\"category tag\">General<\/a>, <a href=\"https:\/\/www.goierrieskola.eus\/es\/tag\/mekatronika\/\" rel=\"tag\">Mekatronika<\/a><\/small>, <small class=\"meta-comment-count\"><a href=\"https:\/\/www.goierrieskola.eus\/es\/2167\/#comments\">0 <i class=\"icon-chat-1 hover-tip\" data-original-title=\"Esta publicaci\u00f3n tiene 0 comentarios\" data-toggle=\"tooltip\" data-placement=\"top\"><\/i><\/a><\/small>                <\/span>\n\n\t\t\t<\/div><!--end post-header-->\n\n\t\t\t\n\t\t\t\t\t\t\t\t\t<div class=\"post-info\">\n\n\t\t\t\t\t\t<div class=\"entry-summary\">\n\t\t\t\t\t\t\t<p> Gure ikastetxean goi mailako Industri Mekatronika ikasten ari diren lehenengo mailako 20 ikaslek eta Hazparneko Saint Joseph ikastetxeko...<\/p>\t\t\t\t\t\t<\/div><!-- .entry-summary -->\n\n\t\t\t\t\t<\/div><!--end post-info-->\n\t\t\t\t\n\t\t\t\n\t\t\n\t\t<div class=\"post-footer\">\n\t\t\t<small>\n\t\t\t\t<a href=\"#\" class=\"item-likes\" id=\"item-likes-2167\" title=\"Like this\"><span class=\"item-likes-count\">0<\/span> <span class=\"item-likes-postfix\">likes<\/span><\/a>\n\t\t\t\t\t\t\t\t\t<a href=\"https:\/\/www.goierrieskola.eus\/es\/2167\/\"><span class=\"muted pull-right\">\n\t\t\t\t\t\tLeer m\u00e1s<\/span>\n\t\t\t\t\t<\/a>\n\t\t\t\t\n\t\t\t<\/small>\n\t\t<\/div><!--end post-footer-->\n\n\t<\/div><!--end post-content-->\n<\/article>\n\n\n<article id=\"post-2157\" class=\"post-item post-2157 post type-post status-publish format-standard hentry category-general\">\n\t<div class=\"post-content animated animate-when-almost-visible el-appear\">\n\n\t\t\n\t\t\n\t\t\t<div class=\"post-header\">\n\n\t\t\t\t\t\t\t\t\t<h3 class=\"post-title entry-title\"><a href=\"https:\/\/www.goierrieskola.eus\/es\/langabetuentzat-ikastaroak\/\">Cursos para desemplead@s<\/a>\n\t\t\t\t\t<\/h3>\n\t\t\t\t\n\t\t\t\t<span class=\"post-meta\">\n                    <small><a href=\"https:\/\/www.goierrieskola.eus\/es\/langabetuentzat-ikastaroak\/\" rel=\"bookmark\" class=\"post-time\"><time class=\"entry-date\" datetime=\"2012-12-13T16:47:43+00:00\">13 diciembre, 2012<\/time><time class=\"modify-date hide hidden updated\" datetime=\"2022-02-23T08:49:19+00:00\">23 febrero, 2022<\/time><\/a><\/small>, <small class=\"meta-category\"><a href=\"https:\/\/www.goierrieskola.eus\/es\/category\/general\/\" rel=\"category tag\">General<\/a><\/small>, <small class=\"meta-comment-count\"><a href=\"https:\/\/www.goierrieskola.eus\/es\/langabetuentzat-ikastaroak\/#comments\">0 <i class=\"icon-chat-1 hover-tip\" data-original-title=\"Esta publicaci\u00f3n tiene 0 comentarios\" data-toggle=\"tooltip\" data-placement=\"top\"><\/i><\/a><\/small>                <\/span>\n\n\t\t\t<\/div><!--end post-header-->\n\n\t\t\t\n\t\t\t\t\t\t\t\t\t<div class=\"post-info\">\n\n\t\t\t\t\t\t<div class=\"entry-summary\">\n\t\t\t\t\t\t\t<p>Montaje y mantenimiento de instalaciones de baja tensi\u00f3n\u00a0(840 h) &#8211; \u00a0Certificado de profesionalidad de nivel II Mecanizado por arranque...<\/p>\t\t\t\t\t\t<\/div><!-- .entry-summary -->\n\n\t\t\t\t\t<\/div><!--end post-info-->\n\t\t\t\t\n\t\t\t\n\t\t\n\t\t<div class=\"post-footer\">\n\t\t\t<small>\n\t\t\t\t<a href=\"#\" class=\"item-likes\" id=\"item-likes-2157\" title=\"Like this\"><span class=\"item-likes-count\">0<\/span> <span class=\"item-likes-postfix\">likes<\/span><\/a>\n\t\t\t\t\t\t\t\t\t<a href=\"https:\/\/www.goierrieskola.eus\/es\/langabetuentzat-ikastaroak\/\"><span class=\"muted pull-right\">\n\t\t\t\t\t\tLeer m\u00e1s<\/span>\n\t\t\t\t\t<\/a>\n\t\t\t\t\n\t\t\t<\/small>\n\t\t<\/div><!--end post-footer-->\n\n\t<\/div><!--end post-content-->\n<\/article>\n\n\n<article id=\"post-2138\" class=\"post-item post-2138 post type-post status-publish format-standard hentry category-orokorra\">\n\t<div class=\"post-content animated animate-when-almost-visible el-appear\">\n\n\t\t\n\t\t\n\t\t\t<div class=\"post-header\">\n\n\t\t\t\t\t\t\t\t\t<h3 class=\"post-title entry-title\"><a href=\"https:\/\/www.goierrieskola.eus\/es\/innovacion-de-la-teoria-a-los-resultados-ikastaroa\/\">Curso \u00abInnovaci\u00f3n, de la teor\u00eda a&#8230; los resultados\u00bb<\/a>\n\t\t\t\t\t<\/h3>\n\t\t\t\t\n\t\t\t\t<span class=\"post-meta\">\n                    <small><a href=\"https:\/\/www.goierrieskola.eus\/es\/innovacion-de-la-teoria-a-los-resultados-ikastaroa\/\" rel=\"bookmark\" class=\"post-time\"><time class=\"entry-date\" datetime=\"2012-11-08T08:53:56+00:00\">8 noviembre, 2012<\/time><time class=\"modify-date hide hidden updated\" datetime=\"2022-10-18T07:37:45+00:00\">18 octubre, 2022<\/time><\/a><\/small>, <small class=\"meta-category\"><a href=\"https:\/\/www.goierrieskola.eus\/category\/orokorra\/\" rel=\"category tag\">Orokorra<\/a><\/small>, <small class=\"meta-comment-count\"><a href=\"https:\/\/www.goierrieskola.eus\/es\/innovacion-de-la-teoria-a-los-resultados-ikastaroa\/#comments\">0 <i class=\"icon-chat-1 hover-tip\" data-original-title=\"Esta publicaci\u00f3n tiene 0 comentarios\" data-toggle=\"tooltip\" data-placement=\"top\"><\/i><\/a><\/small>                <\/span>\n\n\t\t\t<\/div><!--end post-header-->\n\n\t\t\t\n\t\t\t\t\t\t\t\t\t<div class=\"post-info\">\n\n\t\t\t\t\t\t<div class=\"entry-summary\">\n\t\t\t\t\t\t\t<p>Goierri Eskolak, Attest enpresaren laguntzarekin \u201cInnovaci\u00f3n, de la teor\u00eda a \u2026 los resultados\u201d izeneko kurtsoa antolatu du. Goierri Berrikuntza...<\/p>\t\t\t\t\t\t<\/div><!-- .entry-summary -->\n\n\t\t\t\t\t<\/div><!--end post-info-->\n\t\t\t\t\n\t\t\t\n\t\t\n\t\t<div class=\"post-footer\">\n\t\t\t<small>\n\t\t\t\t<a href=\"#\" class=\"item-likes\" id=\"item-likes-2138\" title=\"Like this\"><span class=\"item-likes-count\">0<\/span> <span class=\"item-likes-postfix\">likes<\/span><\/a>\n\t\t\t\t\t\t\t\t\t<a href=\"https:\/\/www.goierrieskola.eus\/es\/innovacion-de-la-teoria-a-los-resultados-ikastaroa\/\"><span class=\"muted pull-right\">\n\t\t\t\t\t\tLeer m\u00e1s<\/span>\n\t\t\t\t\t<\/a>\n\t\t\t\t\n\t\t\t<\/small>\n\t\t<\/div><!--end post-footer-->\n\n\t<\/div><!--end post-content-->\n<\/article>\n\n\n<article id=\"post-1900\" class=\"post-item post-1900 post type-post status-publish format-standard hentry category-general\">\n\t<div class=\"post-content animated animate-when-almost-visible el-appear\">\n\n\t\t\n\t\t\n\t\t\t<div class=\"post-header\">\n\n\t\t\t\t\t\t\t\t\t<h3 class=\"post-title entry-title\"><a href=\"https:\/\/www.goierrieskola.eus\/es\/administrazio-eta-finantzetako-ikasle-ohien-topaketa\/\">Encuentro con ex-alumnas de \u00abAdministraci\u00f3n y finanzas\u00bb<\/a>\n\t\t\t\t\t<\/h3>\n\t\t\t\t\n\t\t\t\t<span class=\"post-meta\">\n                    <small><a href=\"https:\/\/www.goierrieskola.eus\/es\/administrazio-eta-finantzetako-ikasle-ohien-topaketa\/\" rel=\"bookmark\" class=\"post-time\"><time class=\"entry-date\" datetime=\"2012-06-21T12:13:37+00:00\">21 junio, 2012<\/time><time class=\"modify-date hide hidden updated\" datetime=\"2022-02-23T08:07:17+00:00\">23 febrero, 2022<\/time><\/a><\/small>, <small class=\"meta-category\"><a href=\"https:\/\/www.goierrieskola.eus\/es\/category\/general\/\" rel=\"category tag\">General<\/a><\/small>, <small class=\"meta-comment-count\"><a href=\"https:\/\/www.goierrieskola.eus\/es\/administrazio-eta-finantzetako-ikasle-ohien-topaketa\/#comments\">0 <i class=\"icon-chat-1 hover-tip\" data-original-title=\"Esta publicaci\u00f3n tiene 0 comentarios\" data-toggle=\"tooltip\" data-placement=\"top\"><\/i><\/a><\/small>                <\/span>\n\n\t\t\t<\/div><!--end post-header-->\n\n\t\t\t\n\t\t\t\t\t\t\t\t\t<div class=\"post-info\">\n\n\t\t\t\t\t\t<div class=\"entry-summary\">\n\t\t\t\t\t\t\t<p> Ekainaren 14ean, ostegunean, Administrazioa eta Finantzak zikloko azken 4 promozioekin bildu ginen. 3. aldiz burutzen dugun ekitaldi honen...<\/p>\t\t\t\t\t\t<\/div><!-- .entry-summary -->\n\n\t\t\t\t\t<\/div><!--end post-info-->\n\t\t\t\t\n\t\t\t\n\t\t\n\t\t<div class=\"post-footer\">\n\t\t\t<small>\n\t\t\t\t<a href=\"#\" class=\"item-likes\" id=\"item-likes-1900\" title=\"Like this\"><span class=\"item-likes-count\">0<\/span> <span class=\"item-likes-postfix\">likes<\/span><\/a>\n\t\t\t\t\t\t\t\t\t<a href=\"https:\/\/www.goierrieskola.eus\/es\/administrazio-eta-finantzetako-ikasle-ohien-topaketa\/\"><span class=\"muted pull-right\">\n\t\t\t\t\t\tLeer m\u00e1s<\/span>\n\t\t\t\t\t<\/a>\n\t\t\t\t\n\t\t\t<\/small>\n\t\t<\/div><!--end post-footer-->\n\n\t<\/div><!--end post-content-->\n<\/article>\n\n\n<article id=\"post-3125\" class=\"post-item post-3125 post type-post status-publish format-standard hentry category-cursos category-general\">\n\t<div class=\"post-content animated animate-when-almost-visible el-appear\">\n\n\t\t\n\t\t\n\t\t\t<div class=\"post-header\">\n\n\t\t\t\t\t\t\t\t\t<h3 class=\"post-title entry-title\"><a href=\"https:\/\/www.goierrieskola.eus\/es\/gipuzkoako-eta-nafarroako-enpresa-desberdinak-fremapek-eta-goierri-eskolak-antolatutako-jardunaldian-izan-dira\/\">Diversas empresas guipuzcoanas y navarras asisten a la jornada organizada por FREMAP y Goierri Eskola<\/a>\n\t\t\t\t\t<\/h3>\n\t\t\t\t\n\t\t\t\t<span class=\"post-meta\">\n                    <small><a href=\"https:\/\/www.goierrieskola.eus\/es\/gipuzkoako-eta-nafarroako-enpresa-desberdinak-fremapek-eta-goierri-eskolak-antolatutako-jardunaldian-izan-dira\/\" rel=\"bookmark\" class=\"post-time\"><time class=\"entry-date\" datetime=\"2012-06-08T09:06:34+00:00\">8 junio, 2012<\/time><time class=\"modify-date hide hidden updated\" datetime=\"2022-02-07T14:56:57+00:00\">7 febrero, 2022<\/time><\/a><\/small>, <small class=\"meta-category\"><a href=\"https:\/\/www.goierrieskola.eus\/es\/category\/cursos\/\" rel=\"category tag\">Cursos<\/a>, <a href=\"https:\/\/www.goierrieskola.eus\/es\/category\/general\/\" rel=\"category tag\">General<\/a><\/small>, <small class=\"meta-comment-count\"><a href=\"https:\/\/www.goierrieskola.eus\/es\/gipuzkoako-eta-nafarroako-enpresa-desberdinak-fremapek-eta-goierri-eskolak-antolatutako-jardunaldian-izan-dira\/#comments\">0 <i class=\"icon-chat-1 hover-tip\" data-original-title=\"Esta publicaci\u00f3n tiene 0 comentarios\" data-toggle=\"tooltip\" data-placement=\"top\"><\/i><\/a><\/small>                <\/span>\n\n\t\t\t<\/div><!--end post-header-->\n\n\t\t\t\n\t\t\t\t\t\t\t\t\t<div class=\"post-info\">\n\n\t\t\t\t\t\t<div class=\"entry-summary\">\n\t\t\t\t\t\t\t<p>\u00a0\u00a0\u00a0\u00a0 Gipuzkoako eta Nafarroako enpresa desberdinetako prebentzioko 50 tekniko gerturatu dira gaur \u00a0FREMAP eta Goierri Eskolak antolatutako \u201cArrisku psikosozialen...<\/p>\t\t\t\t\t\t<\/div><!-- .entry-summary -->\n\n\t\t\t\t\t<\/div><!--end post-info-->\n\t\t\t\t\n\t\t\t\n\t\t\n\t\t<div class=\"post-footer\">\n\t\t\t<small>\n\t\t\t\t<a href=\"#\" class=\"item-likes\" id=\"item-likes-3125\" title=\"Like this\"><span class=\"item-likes-count\">0<\/span> <span class=\"item-likes-postfix\">likes<\/span><\/a>\n\t\t\t\t\t\t\t\t\t<a href=\"https:\/\/www.goierrieskola.eus\/es\/gipuzkoako-eta-nafarroako-enpresa-desberdinak-fremapek-eta-goierri-eskolak-antolatutako-jardunaldian-izan-dira\/\"><span class=\"muted pull-right\">\n\t\t\t\t\t\tLeer m\u00e1s<\/span>\n\t\t\t\t\t<\/a>\n\t\t\t\t\n\t\t\t<\/small>\n\t\t<\/div><!--end post-footer-->\n\n\t<\/div><!--end post-content-->\n<\/article>\n\n\n<article id=\"post-1826\" class=\"post-item post-1826 post type-post status-publish format-standard hentry category-general\">\n\t<div class=\"post-content animated animate-when-almost-visible el-appear\">\n\n\t\t\n\t\t\n\t\t\t<div class=\"post-header\">\n\n\t\t\t\t\t\t\t\t\t<h3 class=\"post-title entry-title\"><a href=\"https:\/\/www.goierrieskola.eus\/es\/ikasle-ohien-ekitaldia\/\">Acto de exalumnos<\/a>\n\t\t\t\t\t<\/h3>\n\t\t\t\t\n\t\t\t\t<span class=\"post-meta\">\n                    <small><a href=\"https:\/\/www.goierrieskola.eus\/es\/ikasle-ohien-ekitaldia\/\" rel=\"bookmark\" class=\"post-time\"><time class=\"entry-date\" datetime=\"2012-06-05T11:44:19+00:00\">5 junio, 2012<\/time><time class=\"modify-date hide hidden updated\" datetime=\"2012-06-05T11:44:19+00:00\">5 junio, 2012<\/time><\/a><\/small>, <small class=\"meta-category\"><a href=\"https:\/\/www.goierrieskola.eus\/es\/category\/general\/\" rel=\"category tag\">General<\/a><\/small>, <small class=\"meta-comment-count\"><a href=\"https:\/\/www.goierrieskola.eus\/es\/ikasle-ohien-ekitaldia\/#comments\">0 <i class=\"icon-chat-1 hover-tip\" data-original-title=\"Esta publicaci\u00f3n tiene 0 comentarios\" data-toggle=\"tooltip\" data-placement=\"top\"><\/i><\/a><\/small>                <\/span>\n\n\t\t\t<\/div><!--end post-header-->\n\n\t\t\t\n\t\t\t\t\t\t\t\t\t<div class=\"post-info\">\n\n\t\t\t\t\t\t<div class=\"entry-summary\">\n\t\t\t\t\t\t\t<p>\u00a0\u00a0\u00a0\u00a0 Maiatzak 31an azken 5 urteetan Soldadura eta Galdaragintzako\u00a0 (erdi maila) eta Eraikuntza Metalikoko (goi maila) ikasketak bukatu dituzten...<\/p>\t\t\t\t\t\t<\/div><!-- .entry-summary -->\n\n\t\t\t\t\t<\/div><!--end post-info-->\n\t\t\t\t\n\t\t\t\n\t\t\n\t\t<div class=\"post-footer\">\n\t\t\t<small>\n\t\t\t\t<a href=\"#\" class=\"item-likes\" id=\"item-likes-1826\" title=\"Like this\"><span class=\"item-likes-count\">0<\/span> <span class=\"item-likes-postfix\">likes<\/span><\/a>\n\t\t\t\t\t\t\t\t\t<a href=\"https:\/\/www.goierrieskola.eus\/es\/ikasle-ohien-ekitaldia\/\"><span class=\"muted pull-right\">\n\t\t\t\t\t\tLeer m\u00e1s<\/span>\n\t\t\t\t\t<\/a>\n\t\t\t\t\n\t\t\t<\/small>\n\t\t<\/div><!--end post-footer-->\n\n\t<\/div><!--end post-content-->\n<\/article>\n\n\n<article id=\"post-1757\" class=\"post-item post-1757 post type-post status-publish format-standard hentry category-general\">\n\t<div class=\"post-content animated animate-when-almost-visible el-appear\">\n\n\t\t\n\t\t\n\t\t\t<div class=\"post-header\">\n\n\t\t\t\t\t\t\t\t\t<h3 class=\"post-title entry-title\"><a href=\"https:\/\/www.goierrieskola.eus\/es\/zwollen-herbehereak-egonaldia\/\">Estancia en Zwolle (Holanda)<\/a>\n\t\t\t\t\t<\/h3>\n\t\t\t\t\n\t\t\t\t<span class=\"post-meta\">\n                    <small><a href=\"https:\/\/www.goierrieskola.eus\/es\/zwollen-herbehereak-egonaldia\/\" rel=\"bookmark\" class=\"post-time\"><time class=\"entry-date\" datetime=\"2012-05-31T14:27:32+00:00\">31 mayo, 2012<\/time><time class=\"modify-date hide hidden updated\" datetime=\"2012-05-31T14:27:32+00:00\">31 mayo, 2012<\/time><\/a><\/small>, <small class=\"meta-category\"><a href=\"https:\/\/www.goierrieskola.eus\/es\/category\/general\/\" rel=\"category tag\">General<\/a><\/small>, <small class=\"meta-comment-count\"><a href=\"https:\/\/www.goierrieskola.eus\/es\/zwollen-herbehereak-egonaldia\/#comments\">0 <i class=\"icon-chat-1 hover-tip\" data-original-title=\"Esta publicaci\u00f3n tiene 0 comentarios\" data-toggle=\"tooltip\" data-placement=\"top\"><\/i><\/a><\/small>                <\/span>\n\n\t\t\t<\/div><!--end post-header-->\n\n\t\t\t\n\t\t\t\t\t\t\t\t\t<div class=\"post-info\">\n\n\t\t\t\t\t\t<div class=\"entry-summary\">\n\t\t\t\t\t\t\t<p>\u00a0\u00a0\u00a0\u00a0 HETELeko zentro desberdinetako Informazio eta Komunikazio Teknologien 23 arduradun Zwollen\u00a0 (Herbehereak) egon dira eta bertan dauden Deltion College...<\/p>\t\t\t\t\t\t<\/div><!-- .entry-summary -->\n\n\t\t\t\t\t<\/div><!--end post-info-->\n\t\t\t\t\n\t\t\t\n\t\t\n\t\t<div class=\"post-footer\">\n\t\t\t<small>\n\t\t\t\t<a href=\"#\" class=\"item-likes\" id=\"item-likes-1757\" title=\"Like this\"><span class=\"item-likes-count\">0<\/span> <span class=\"item-likes-postfix\">likes<\/span><\/a>\n\t\t\t\t\t\t\t\t\t<a href=\"https:\/\/www.goierrieskola.eus\/es\/zwollen-herbehereak-egonaldia\/\"><span class=\"muted pull-right\">\n\t\t\t\t\t\tLeer m\u00e1s<\/span>\n\t\t\t\t\t<\/a>\n\t\t\t\t\n\t\t\t<\/small>\n\t\t<\/div><!--end post-footer-->\n\n\t<\/div><!--end post-content-->\n<\/article>\n\n\n<article id=\"post-1466\" class=\"post-item post-1466 post type-post status-publish format-standard has-post-thumbnail hentry category-general\">\n\t<div class=\"post-content animated animate-when-almost-visible el-appear\">\n\n\t\t\n\t\t\n\t\t\t<div class=\"post-header\">\n\n\t\t\t\t\t\t\t\t\t<h3 class=\"post-title entry-title\"><a href=\"https:\/\/www.goierrieskola.eus\/es\/semana-de-la-seguridad-y-el-medioambiente\/\">SEMANA DE LA SEGURIDAD Y EL MEDIOAMBIENTE<\/a>\n\t\t\t\t\t<\/h3>\n\t\t\t\t\n\t\t\t\t<span class=\"post-meta\">\n                    <small><a href=\"https:\/\/www.goierrieskola.eus\/es\/semana-de-la-seguridad-y-el-medioambiente\/\" rel=\"bookmark\" class=\"post-time\"><time class=\"entry-date\" datetime=\"2012-04-24T13:30:23+00:00\">24 abril, 2012<\/time><time class=\"modify-date hide hidden updated\" datetime=\"2022-02-22T14:34:29+00:00\">22 febrero, 2022<\/time><\/a><\/small>, <small class=\"meta-category\"><a href=\"https:\/\/www.goierrieskola.eus\/es\/category\/general\/\" rel=\"category tag\">General<\/a><\/small>, <small class=\"meta-comment-count\"><a href=\"https:\/\/www.goierrieskola.eus\/es\/semana-de-la-seguridad-y-el-medioambiente\/#comments\">0 <i class=\"icon-chat-1 hover-tip\" data-original-title=\"Esta publicaci\u00f3n tiene 0 comentarios\" data-toggle=\"tooltip\" data-placement=\"top\"><\/i><\/a><\/small>                <\/span>\n\n\t\t\t<\/div><!--end post-header-->\n\n\t\t\t\n\t\t\t\t\t\t\t\t\t<div class=\"post-info\">\n\n\t\t\t\t\t\t<div class=\"entry-summary\">\n\t\t\t\t\t\t\t<p>DEL 6 AL 10 DE FEBRERO GOIERRI ESKOLA CELEBRAR\u00c1 LA 1\u00aa SEMANA DE LA SEGURIDAD Y LA GESTI\u00d3N AMBIENTAL...<\/p>\t\t\t\t\t\t<\/div><!-- .entry-summary -->\n\n\t\t\t\t\t<\/div><!--end post-info-->\n\t\t\t\t\n\t\t\t\n\t\t\n\t\t<div class=\"post-footer\">\n\t\t\t<small>\n\t\t\t\t<a href=\"#\" class=\"item-likes\" id=\"item-likes-1466\" title=\"Like this\"><span class=\"item-likes-count\">0<\/span> <span class=\"item-likes-postfix\">likes<\/span><\/a>\n\t\t\t\t\t\t\t\t\t<a href=\"https:\/\/www.goierrieskola.eus\/es\/semana-de-la-seguridad-y-el-medioambiente\/\"><span class=\"muted pull-right\">\n\t\t\t\t\t\tLeer m\u00e1s<\/span>\n\t\t\t\t\t<\/a>\n\t\t\t\t\n\t\t\t<\/small>\n\t\t<\/div><!--end post-footer-->\n\n\t<\/div><!--end post-content-->\n<\/article>\n\n\n<article id=\"post-1081\" class=\"post-item post-1081 post type-post status-publish format-standard has-post-thumbnail hentry category-oferta-educativa\">\n\t<div class=\"post-content animated animate-when-almost-visible el-appear\">\n\n\t\t\n\t\t\n\t\t\t<div class=\"post-header\">\n\n\t\t\t\t\t\t\t\t\t<h3 class=\"post-title entry-title\"><a href=\"https:\/\/www.goierrieskola.eus\/es\/informacion-general-fp-grado-superior\/\">INFORMACI\u00d3N GENERAL FP GRADO SUPERIOR<\/a>\n\t\t\t\t\t<\/h3>\n\t\t\t\t\n\t\t\t\t<span class=\"post-meta\">\n                    <small><a href=\"https:\/\/www.goierrieskola.eus\/es\/informacion-general-fp-grado-superior\/\" rel=\"bookmark\" class=\"post-time\"><time class=\"entry-date\" datetime=\"2012-04-18T14:06:42+00:00\">18 abril, 2012<\/time><time class=\"modify-date hide hidden updated\" datetime=\"2022-02-23T09:37:14+00:00\">23 febrero, 2022<\/time><\/a><\/small>, <small class=\"meta-category\"><a href=\"https:\/\/www.goierrieskola.eus\/es\/category\/oferta-educativa\/\" rel=\"category tag\">HEZKUNTZA ESKAINTZA<\/a><\/small>, <small class=\"meta-comment-count\"><a href=\"https:\/\/www.goierrieskola.eus\/es\/informacion-general-fp-grado-superior\/#comments\">0 <i class=\"icon-chat-1 hover-tip\" data-original-title=\"Esta publicaci\u00f3n tiene 0 comentarios\" data-toggle=\"tooltip\" data-placement=\"top\"><\/i><\/a><\/small>                <\/span>\n\n\t\t\t<\/div><!--end post-header-->\n\n\t\t\t\n\t\t\t\t\t\t\t\t\t<div class=\"post-info\">\n\n\t\t\t\t\t\t<div class=\"entry-summary\">\n\t\t\t\t\t\t\t<p>Titulazioa Goi mailako teknikaria Iraupena 2 urte (2.000 ordu) Sarrera Baldintzak Batxilergo Titulua Sarrera froga + =19 urte Erdi...<\/p>\t\t\t\t\t\t<\/div><!-- .entry-summary -->\n\n\t\t\t\t\t<\/div><!--end post-info-->\n\t\t\t\t\n\t\t\t\n\t\t\n\t\t<div class=\"post-footer\">\n\t\t\t<small>\n\t\t\t\t<a href=\"#\" class=\"item-likes\" id=\"item-likes-1081\" title=\"Like this\"><span class=\"item-likes-count\">0<\/span> <span class=\"item-likes-postfix\">likes<\/span><\/a>\n\t\t\t\t\t\t\t\t\t<a href=\"https:\/\/www.goierrieskola.eus\/es\/informacion-general-fp-grado-superior\/\"><span class=\"muted pull-right\">\n\t\t\t\t\t\tLeer m\u00e1s<\/span>\n\t\t\t\t\t<\/a>\n\t\t\t\t\n\t\t\t<\/small>\n\t\t<\/div><!--end post-footer-->\n\n\t<\/div><!--end post-content-->\n<\/article>\n\n\n<article id=\"post-799\" class=\"post-item post-799 post type-post status-publish format-standard has-post-thumbnail hentry category-oferta-educativa category-pcpi\">\n\t<div class=\"post-content animated animate-when-almost-visible el-appear\">\n\n\t\t\n\t\t\n\t\t\t<div class=\"post-header\">\n\n\t\t\t\t\t\t\t\t\t<h3 class=\"post-title entry-title\"><a href=\"https:\/\/www.goierrieskola.eus\/es\/hasierako-lanbide-prestakuntza-programak\/\">FORMACI\u00d3N PROFESIONAL B\u00c1SICA (SUSTITUYENDO PCPI)<\/a>\n\t\t\t\t\t<\/h3>\n\t\t\t\t\n\t\t\t\t<span class=\"post-meta\">\n                    <small><a href=\"https:\/\/www.goierrieskola.eus\/es\/hasierako-lanbide-prestakuntza-programak\/\" rel=\"bookmark\" class=\"post-time\"><time class=\"entry-date\" datetime=\"2012-04-16T12:21:09+00:00\">16 abril, 2012<\/time><time class=\"modify-date hide hidden updated\" datetime=\"2022-02-23T09:36:53+00:00\">23 febrero, 2022<\/time><\/a><\/small>, <small class=\"meta-category\"><a href=\"https:\/\/www.goierrieskola.eus\/es\/category\/oferta-educativa\/\" rel=\"category tag\">HEZKUNTZA ESKAINTZA<\/a>, <a href=\"https:\/\/www.goierrieskola.eus\/es\/category\/pcpi\/\" rel=\"category tag\">PCPI<\/a><\/small>, <small class=\"meta-comment-count\"><a href=\"https:\/\/www.goierrieskola.eus\/es\/hasierako-lanbide-prestakuntza-programak\/#comments\">0 <i class=\"icon-chat-1 hover-tip\" data-original-title=\"Esta publicaci\u00f3n tiene 0 comentarios\" data-toggle=\"tooltip\" data-placement=\"top\"><\/i><\/a><\/small>                <\/span>\n\n\t\t\t<\/div><!--end post-header-->\n\n\t\t\t\n\t\t\t\t\t\t\t\t\t<div class=\"post-info\">\n\n\t\t\t\t\t\t<div class=\"entry-summary\">\n\t\t\t\t\t\t\t<p>Espezialitateak Sukaldaritza Autoen mantenua: Karrozeria Autoen mantenua: Automozioa Fabrikazio eta muntaia Titulazioa : Hasierako lanbide prestakuntza programa DBH titulua...<\/p>\t\t\t\t\t\t<\/div><!-- .entry-summary -->\n\n\t\t\t\t\t<\/div><!--end post-info-->\n\t\t\t\t\n\t\t\t\n\t\t\n\t\t<div class=\"post-footer\">\n\t\t\t<small>\n\t\t\t\t<a href=\"#\" class=\"item-likes\" id=\"item-likes-799\" title=\"Like this\"><span class=\"item-likes-count\">0<\/span> <span class=\"item-likes-postfix\">likes<\/span><\/a>\n\t\t\t\t\t\t\t\t\t<a href=\"https:\/\/www.goierrieskola.eus\/es\/hasierako-lanbide-prestakuntza-programak\/\"><span class=\"muted pull-right\">\n\t\t\t\t\t\tLeer m\u00e1s<\/span>\n\t\t\t\t\t<\/a>\n\t\t\t\t\n\t\t\t<\/small>\n\t\t<\/div><!--end post-footer-->\n\n\t<\/div><!--end post-content-->\n<\/article>\n\n\n<article id=\"post-797\" class=\"post-item post-797 post type-post status-publish format-standard has-post-thumbnail hentry category-oferta-educativa\">\n\t<div class=\"post-content animated animate-when-almost-visible el-appear\">\n\n\t\t\n\t\t\n\t\t\t<div class=\"post-header\">\n\n\t\t\t\t\t\t\t\t\t<h3 class=\"post-title entry-title\"><a href=\"https:\/\/www.goierrieskola.eus\/es\/tecnico-superior-en-mecatronica-industrial\/\">T\u00c9CNICO SUPERIOR EN MECATR\u00d3NICA INDUSTRIAL<\/a>\n\t\t\t\t\t<\/h3>\n\t\t\t\t\n\t\t\t\t<span class=\"post-meta\">\n                    <small><a href=\"https:\/\/www.goierrieskola.eus\/es\/tecnico-superior-en-mecatronica-industrial\/\" rel=\"bookmark\" class=\"post-time\"><time class=\"entry-date\" datetime=\"2012-04-16T12:19:51+00:00\">16 abril, 2012<\/time><time class=\"modify-date hide hidden updated\" datetime=\"2022-02-23T09:36:33+00:00\">23 febrero, 2022<\/time><\/a><\/small>, <small class=\"meta-category\"><a href=\"https:\/\/www.goierrieskola.eus\/es\/category\/oferta-educativa\/\" rel=\"category tag\">HEZKUNTZA ESKAINTZA<\/a><\/small>, <small class=\"meta-comment-count\"><a href=\"https:\/\/www.goierrieskola.eus\/es\/tecnico-superior-en-mecatronica-industrial\/#comments\">0 <i class=\"icon-chat-1 hover-tip\" data-original-title=\"Esta publicaci\u00f3n tiene 0 comentarios\" data-toggle=\"tooltip\" data-placement=\"top\"><\/i><\/a><\/small>                <\/span>\n\n\t\t\t<\/div><!--end post-header-->\n\n\t\t\t\n\t\t\t\t\t\t\t\t\t<div class=\"post-info\">\n\n\t\t\t\t\t\t<div class=\"entry-summary\">\n\t\t\t\t\t\t\t<p>Konpetentzi Orokorra Titulu honen konpetentzia orokorra honetan datza: sistema mekatroniko industrialen konfigurazio eta optimizazioa, berauen planifikazio, exekuzio, gainbegiratze eta...<\/p>\t\t\t\t\t\t<\/div><!-- .entry-summary -->\n\n\t\t\t\t\t<\/div><!--end post-info-->\n\t\t\t\t\n\t\t\t\n\t\t\n\t\t<div class=\"post-footer\">\n\t\t\t<small>\n\t\t\t\t<a href=\"#\" class=\"item-likes\" id=\"item-likes-797\" title=\"Like this\"><span class=\"item-likes-count\">0<\/span> <span class=\"item-likes-postfix\">likes<\/span><\/a>\n\t\t\t\t\t\t\t\t\t<a href=\"https:\/\/www.goierrieskola.eus\/es\/tecnico-superior-en-mecatronica-industrial\/\"><span class=\"muted pull-right\">\n\t\t\t\t\t\tLeer m\u00e1s<\/span>\n\t\t\t\t\t<\/a>\n\t\t\t\t\n\t\t\t<\/small>\n\t\t<\/div><!--end post-footer-->\n\n\t<\/div><!--end post-content-->\n<\/article>\n\n\n<article id=\"post-795\" class=\"post-item post-795 post type-post status-publish format-standard has-post-thumbnail hentry category-oferta-educativa\">\n\t<div class=\"post-content animated animate-when-almost-visible el-appear\">\n\n\t\t\n\t\t\n\t\t\t<div class=\"post-header\">\n\n\t\t\t\t\t\t\t\t\t<h3 class=\"post-title entry-title\"><a href=\"https:\/\/www.goierrieskola.eus\/es\/tecnico-superior-en-programacion-de-la-produccion-en-fabricacion-mecanica\/\">T\u00c9CNICO SUPERIOR EN PROGRAMACI\u00d3N DE LA PRODUCCI\u00d3N EN FABRICACI\u00d3N MEC\u00c1NICA<\/a>\n\t\t\t\t\t<\/h3>\n\t\t\t\t\n\t\t\t\t<span class=\"post-meta\">\n                    <small><a href=\"https:\/\/www.goierrieskola.eus\/es\/tecnico-superior-en-programacion-de-la-produccion-en-fabricacion-mecanica\/\" rel=\"bookmark\" class=\"post-time\"><time class=\"entry-date\" datetime=\"2012-04-16T12:19:16+00:00\">16 abril, 2012<\/time><time class=\"modify-date hide hidden updated\" datetime=\"2022-02-23T09:36:09+00:00\">23 febrero, 2022<\/time><\/a><\/small>, <small class=\"meta-category\"><a href=\"https:\/\/www.goierrieskola.eus\/es\/category\/oferta-educativa\/\" rel=\"category tag\">HEZKUNTZA ESKAINTZA<\/a><\/small>, <small class=\"meta-comment-count\"><a href=\"https:\/\/www.goierrieskola.eus\/es\/tecnico-superior-en-programacion-de-la-produccion-en-fabricacion-mecanica\/#comments\">0 <i class=\"icon-chat-1 hover-tip\" data-original-title=\"Esta publicaci\u00f3n tiene 0 comentarios\" data-toggle=\"tooltip\" data-placement=\"top\"><\/i><\/a><\/small>                <\/span>\n\n\t\t\t<\/div><!--end post-header-->\n\n\t\t\t\n\t\t\t\t\t\t\t\t\t<div class=\"post-info\">\n\n\t\t\t\t\t\t<div class=\"entry-summary\">\n\t\t\t\t\t\t\t<p>Konpetentzi Orokorra Titulu honen konpetentzia orokorra da ekipo-ondasunen mekanizazio bidezko fabrikazioa eta muntaia planifikatu, programatu eta kontrolatzea, fabrikatu beharreko...<\/p>\t\t\t\t\t\t<\/div><!-- .entry-summary -->\n\n\t\t\t\t\t<\/div><!--end post-info-->\n\t\t\t\t\n\t\t\t\n\t\t\n\t\t<div class=\"post-footer\">\n\t\t\t<small>\n\t\t\t\t<a href=\"#\" class=\"item-likes\" id=\"item-likes-795\" title=\"Like this\"><span class=\"item-likes-count\">0<\/span> <span class=\"item-likes-postfix\">likes<\/span><\/a>\n\t\t\t\t\t\t\t\t\t<a href=\"https:\/\/www.goierrieskola.eus\/es\/tecnico-superior-en-programacion-de-la-produccion-en-fabricacion-mecanica\/\"><span class=\"muted pull-right\">\n\t\t\t\t\t\tLeer m\u00e1s<\/span>\n\t\t\t\t\t<\/a>\n\t\t\t\t\n\t\t\t<\/small>\n\t\t<\/div><!--end post-footer-->\n\n\t<\/div><!--end post-content-->\n<\/article>\n\n\n<article id=\"post-793\" class=\"post-item post-793 post type-post status-publish format-standard has-post-thumbnail hentry category-oferta-educativa\">\n\t<div class=\"post-content animated animate-when-almost-visible el-appear\">\n\n\t\t\n\t\t\n\t\t\t<div class=\"post-header\">\n\n\t\t\t\t\t\t\t\t\t<h3 class=\"post-title entry-title\"><a href=\"https:\/\/www.goierrieskola.eus\/es\/tecnico-superior-en-diseno-en-fabricacion-mecanica\/\">T\u00c9CNICO SUPERIOR EN DISE\u00d1O EN FABRICACI\u00d3N MEC\u00c1NICA<\/a>\n\t\t\t\t\t<\/h3>\n\t\t\t\t\n\t\t\t\t<span class=\"post-meta\">\n                    <small><a href=\"https:\/\/www.goierrieskola.eus\/es\/tecnico-superior-en-diseno-en-fabricacion-mecanica\/\" rel=\"bookmark\" class=\"post-time\"><time class=\"entry-date\" datetime=\"2012-04-16T12:18:48+00:00\">16 abril, 2012<\/time><time class=\"modify-date hide hidden updated\" datetime=\"2022-02-23T09:35:03+00:00\">23 febrero, 2022<\/time><\/a><\/small>, <small class=\"meta-category\"><a href=\"https:\/\/www.goierrieskola.eus\/es\/category\/oferta-educativa\/\" rel=\"category tag\">HEZKUNTZA ESKAINTZA<\/a><\/small>, <small class=\"meta-comment-count\"><a href=\"https:\/\/www.goierrieskola.eus\/es\/tecnico-superior-en-diseno-en-fabricacion-mecanica\/#comments\">0 <i class=\"icon-chat-1 hover-tip\" data-original-title=\"Esta publicaci\u00f3n tiene 0 comentarios\" data-toggle=\"tooltip\" data-placement=\"top\"><\/i><\/a><\/small>                <\/span>\n\n\t\t\t<\/div><!--end post-header-->\n\n\t\t\t\n\t\t\t\t\t\t\t\t\t<div class=\"post-info\">\n\n\t\t\t\t\t\t<div class=\"entry-summary\">\n\t\t\t\t\t\t\t<p>Konpetentzi Orokorra Titulu honen konpetentzia orokorra honetan datza: fabrikazio mekanikoko produktuak, txapa prozesatzeko tresnak, eta polimeroetarako, galdaketako, forjaketako, estanpazioko...<\/p>\t\t\t\t\t\t<\/div><!-- .entry-summary -->\n\n\t\t\t\t\t<\/div><!--end post-info-->\n\t\t\t\t\n\t\t\t\n\t\t\n\t\t<div class=\"post-footer\">\n\t\t\t<small>\n\t\t\t\t<a href=\"#\" class=\"item-likes\" id=\"item-likes-793\" title=\"Like this\"><span class=\"item-likes-count\">0<\/span> <span class=\"item-likes-postfix\">likes<\/span><\/a>\n\t\t\t\t\t\t\t\t\t<a href=\"https:\/\/www.goierrieskola.eus\/es\/tecnico-superior-en-diseno-en-fabricacion-mecanica\/\"><span class=\"muted pull-right\">\n\t\t\t\t\t\tLeer m\u00e1s<\/span>\n\t\t\t\t\t<\/a>\n\t\t\t\t\n\t\t\t<\/small>\n\t\t<\/div><!--end post-footer-->\n\n\t<\/div><!--end post-content-->\n<\/article>\n\n\n<article id=\"post-791\" class=\"post-item post-791 post type-post status-publish format-standard has-post-thumbnail hentry category-oferta-educativa\">\n\t<div class=\"post-content animated animate-when-almost-visible el-appear\">\n\n\t\t\n\t\t\n\t\t\t<div class=\"post-header\">\n\n\t\t\t\t\t\t\t\t\t<h3 class=\"post-title entry-title\"><a href=\"https:\/\/www.goierrieskola.eus\/es\/tecnico-superior-en-construcciones-metalicas\/\">T\u00c9CNICO SUPERIOR EN CONSTRUCCIONES MET\u00c1LICAS<\/a>\n\t\t\t\t\t<\/h3>\n\t\t\t\t\n\t\t\t\t<span class=\"post-meta\">\n                    <small><a href=\"https:\/\/www.goierrieskola.eus\/es\/tecnico-superior-en-construcciones-metalicas\/\" rel=\"bookmark\" class=\"post-time\"><time class=\"entry-date\" datetime=\"2012-04-16T12:18:15+00:00\">16 abril, 2012<\/time><time class=\"modify-date hide hidden updated\" datetime=\"2022-02-23T09:34:35+00:00\">23 febrero, 2022<\/time><\/a><\/small>, <small class=\"meta-category\"><a href=\"https:\/\/www.goierrieskola.eus\/es\/category\/oferta-educativa\/\" rel=\"category tag\">HEZKUNTZA ESKAINTZA<\/a><\/small>, <small class=\"meta-comment-count\"><a href=\"https:\/\/www.goierrieskola.eus\/es\/tecnico-superior-en-construcciones-metalicas\/#comments\">0 <i class=\"icon-chat-1 hover-tip\" data-original-title=\"Esta publicaci\u00f3n tiene 0 comentarios\" data-toggle=\"tooltip\" data-placement=\"top\"><\/i><\/a><\/small>                <\/span>\n\n\t\t\t<\/div><!--end post-header-->\n\n\t\t\t\n\t\t\t\t\t\t\t\t\t<div class=\"post-info\">\n\n\t\t\t\t\t\t<div class=\"entry-summary\">\n\t\t\t\t\t\t\t<p>Konpetentzi Orokorra Titulu honen konpetentzia orokorra da galdaragintzako produktuak, metal-egiturak eta industria-tutueriako instalazioak diseinatzea, eta produkzioa planifikatu, programatu eta...<\/p>\t\t\t\t\t\t<\/div><!-- .entry-summary -->\n\n\t\t\t\t\t<\/div><!--end post-info-->\n\t\t\t\t\n\t\t\t\n\t\t\n\t\t<div class=\"post-footer\">\n\t\t\t<small>\n\t\t\t\t<a href=\"#\" class=\"item-likes\" id=\"item-likes-791\" title=\"Like this\"><span class=\"item-likes-count\">0<\/span> <span class=\"item-likes-postfix\">likes<\/span><\/a>\n\t\t\t\t\t\t\t\t\t<a href=\"https:\/\/www.goierrieskola.eus\/es\/tecnico-superior-en-construcciones-metalicas\/\"><span class=\"muted pull-right\">\n\t\t\t\t\t\tLeer m\u00e1s<\/span>\n\t\t\t\t\t<\/a>\n\t\t\t\t\n\t\t\t<\/small>\n\t\t<\/div><!--end post-footer-->\n\n\t<\/div><!--end post-content-->\n<\/article>\n\n\n<article id=\"post-789\" class=\"post-item post-789 post type-post status-publish format-standard has-post-thumbnail hentry category-oferta-educativa\">\n\t<div class=\"post-content animated animate-when-almost-visible el-appear\">\n\n\t\t\n\t\t\n\t\t\t<div class=\"post-header\">\n\n\t\t\t\t\t\t\t\t\t<h3 class=\"post-title entry-title\"><a href=\"https:\/\/www.goierrieskola.eus\/es\/tecnico-superior-en-automatizacion-y-robotica-industrial\/\">T\u00c9CNICO SUPERIOR EN AUTOMATIZACI\u00d3N Y ROB\u00d3TICA INDUSTRIAL<\/a>\n\t\t\t\t\t<\/h3>\n\t\t\t\t\n\t\t\t\t<span class=\"post-meta\">\n                    <small><a href=\"https:\/\/www.goierrieskola.eus\/es\/tecnico-superior-en-automatizacion-y-robotica-industrial\/\" rel=\"bookmark\" class=\"post-time\"><time class=\"entry-date\" datetime=\"2012-04-16T12:17:46+00:00\">16 abril, 2012<\/time><time class=\"modify-date hide hidden updated\" datetime=\"2022-02-23T09:33:52+00:00\">23 febrero, 2022<\/time><\/a><\/small>, <small class=\"meta-category\"><a href=\"https:\/\/www.goierrieskola.eus\/es\/category\/oferta-educativa\/\" rel=\"category tag\">HEZKUNTZA ESKAINTZA<\/a><\/small>, <small class=\"meta-comment-count\"><a href=\"https:\/\/www.goierrieskola.eus\/es\/tecnico-superior-en-automatizacion-y-robotica-industrial\/#comments\">0 <i class=\"icon-chat-1 hover-tip\" data-original-title=\"Esta publicaci\u00f3n tiene 0 comentarios\" data-toggle=\"tooltip\" data-placement=\"top\"><\/i><\/a><\/small>                <\/span>\n\n\t\t\t<\/div><!--end post-header-->\n\n\t\t\t\n\t\t\t\t\t\t\t\t\t<div class=\"post-info\">\n\n\t\t\t\t\t\t<div class=\"entry-summary\">\n\t\t\t\t\t\t\t<p>Konpetentzi Orokorra Titulu honen konpetentzia orokorra honetan datza: neurrirako instalakuntza automatikoen garapena eta muntaketa proiektuen kudeaketa, sistema industrialetako prozesuen...<\/p>\t\t\t\t\t\t<\/div><!-- .entry-summary -->\n\n\t\t\t\t\t<\/div><!--end post-info-->\n\t\t\t\t\n\t\t\t\n\t\t\n\t\t<div class=\"post-footer\">\n\t\t\t<small>\n\t\t\t\t<a href=\"#\" class=\"item-likes\" id=\"item-likes-789\" title=\"Like this\"><span class=\"item-likes-count\">0<\/span> <span class=\"item-likes-postfix\">likes<\/span><\/a>\n\t\t\t\t\t\t\t\t\t<a href=\"https:\/\/www.goierrieskola.eus\/es\/tecnico-superior-en-automatizacion-y-robotica-industrial\/\"><span class=\"muted pull-right\">\n\t\t\t\t\t\tLeer m\u00e1s<\/span>\n\t\t\t\t\t<\/a>\n\t\t\t\t\n\t\t\t<\/small>\n\t\t<\/div><!--end post-footer-->\n\n\t<\/div><!--end post-content-->\n<\/article>\n\n\n<article id=\"post-787\" class=\"post-item post-787 post type-post status-publish format-standard hentry category-oferta-educativa\">\n\t<div class=\"post-content animated animate-when-almost-visible el-appear\">\n\n\t\t\n\t\t\n\t\t\t<div class=\"post-header\">\n\n\t\t\t\t\t\t\t\t\t<h3 class=\"post-title entry-title\"><a href=\"https:\/\/www.goierrieskola.eus\/es\/tecnico-superior-en-sistemas-de-telecomunicaciones-e-informaticos\/\">T\u00c9CNICO SUPERIOR EN SISTEMAS INFORM\u00c1TICOS Y DE TELECOMUNICACIONES<\/a>\n\t\t\t\t\t<\/h3>\n\t\t\t\t\n\t\t\t\t<span class=\"post-meta\">\n                    <small><a href=\"https:\/\/www.goierrieskola.eus\/es\/tecnico-superior-en-sistemas-de-telecomunicaciones-e-informaticos\/\" rel=\"bookmark\" class=\"post-time\"><time class=\"entry-date\" datetime=\"2012-04-16T12:17:01+00:00\">16 abril, 2012<\/time><time class=\"modify-date hide hidden updated\" datetime=\"2022-02-23T09:33:12+00:00\">23 febrero, 2022<\/time><\/a><\/small>, <small class=\"meta-category\"><a href=\"https:\/\/www.goierrieskola.eus\/es\/category\/oferta-educativa\/\" rel=\"category tag\">HEZKUNTZA ESKAINTZA<\/a><\/small>, <small class=\"meta-comment-count\"><a href=\"https:\/\/www.goierrieskola.eus\/es\/tecnico-superior-en-sistemas-de-telecomunicaciones-e-informaticos\/#comments\">0 <i class=\"icon-chat-1 hover-tip\" data-original-title=\"Esta publicaci\u00f3n tiene 0 comentarios\" data-toggle=\"tooltip\" data-placement=\"top\"><\/i><\/a><\/small>                <\/span>\n\n\t\t\t<\/div><!--end post-header-->\n\n\t\t\t\n\t\t\t\t\t\t\t\t\t<div class=\"post-info\">\n\n\t\t\t\t\t\t<div class=\"entry-summary\">\n\t\t\t\t\t\t\t<p>Konpetentzi Orokorra Titulu honen konpetentzia orokorra da telekomunikazio-azpiegitura komunen eta telekomunikazio-sistemen eta tresnerien proiektuak garatzea eta muntatzeko eta mantentzeko...<\/p>\t\t\t\t\t\t<\/div><!-- .entry-summary -->\n\n\t\t\t\t\t<\/div><!--end post-info-->\n\t\t\t\t\n\t\t\t\n\t\t\n\t\t<div class=\"post-footer\">\n\t\t\t<small>\n\t\t\t\t<a href=\"#\" class=\"item-likes\" id=\"item-likes-787\" title=\"Like this\"><span class=\"item-likes-count\">0<\/span> <span class=\"item-likes-postfix\">likes<\/span><\/a>\n\t\t\t\t\t\t\t\t\t<a href=\"https:\/\/www.goierrieskola.eus\/es\/tecnico-superior-en-sistemas-de-telecomunicaciones-e-informaticos\/\"><span class=\"muted pull-right\">\n\t\t\t\t\t\tLeer m\u00e1s<\/span>\n\t\t\t\t\t<\/a>\n\t\t\t\t\n\t\t\t<\/small>\n\t\t<\/div><!--end post-footer-->\n\n\t<\/div><!--end post-content-->\n<\/article>\n\n\n<article id=\"post-784\" class=\"post-item post-784 post type-post status-publish format-standard has-post-thumbnail hentry category-oferta-educativa\">\n\t<div class=\"post-content animated animate-when-almost-visible el-appear\">\n\n\t\t\n\t\t\n\t\t\t<div class=\"post-header\">\n\n\t\t\t\t\t\t\t\t\t<h3 class=\"post-title entry-title\"><a href=\"https:\/\/www.goierrieskola.eus\/es\/tecnico-superior-en-administracion-y-finanzas\/\">T\u00c9CNICO SUPERIOR EN ADMINISTRACI\u00d3N Y FINANZAS<\/a>\n\t\t\t\t\t<\/h3>\n\t\t\t\t\n\t\t\t\t<span class=\"post-meta\">\n                    <small><a href=\"https:\/\/www.goierrieskola.eus\/es\/tecnico-superior-en-administracion-y-finanzas\/\" rel=\"bookmark\" class=\"post-time\"><time class=\"entry-date\" datetime=\"2012-04-16T12:14:41+00:00\">16 abril, 2012<\/time><time class=\"modify-date hide hidden updated\" datetime=\"2022-02-23T09:31:59+00:00\">23 febrero, 2022<\/time><\/a><\/small>, <small class=\"meta-category\"><a href=\"https:\/\/www.goierrieskola.eus\/es\/category\/oferta-educativa\/\" rel=\"category tag\">HEZKUNTZA ESKAINTZA<\/a><\/small>, <small class=\"meta-comment-count\"><a href=\"https:\/\/www.goierrieskola.eus\/es\/tecnico-superior-en-administracion-y-finanzas\/#comments\">0 <i class=\"icon-chat-1 hover-tip\" data-original-title=\"Esta publicaci\u00f3n tiene 0 comentarios\" data-toggle=\"tooltip\" data-placement=\"top\"><\/i><\/a><\/small>                <\/span>\n\n\t\t\t<\/div><!--end post-header-->\n\n\t\t\t\n\t\t\t\t\t\t\t\t\t<div class=\"post-info\">\n\n\t\t\t\t\t\t<div class=\"entry-summary\">\n\t\t\t\t\t\t\t<p>Konpetentzi Orokorra Titulu honen konpetentzia orokorra honetan datza: enpresa publikoan zein pribatuan merkataritza prozesuetan, laboraletan, kontableetan, fiskal eta finantzarietan,...<\/p>\t\t\t\t\t\t<\/div><!-- .entry-summary -->\n\n\t\t\t\t\t<\/div><!--end post-info-->\n\t\t\t\t\n\t\t\t\n\t\t\n\t\t<div class=\"post-footer\">\n\t\t\t<small>\n\t\t\t\t<a href=\"#\" class=\"item-likes\" id=\"item-likes-784\" title=\"Like this\"><span class=\"item-likes-count\">0<\/span> <span class=\"item-likes-postfix\">likes<\/span><\/a>\n\t\t\t\t\t\t\t\t\t<a href=\"https:\/\/www.goierrieskola.eus\/es\/tecnico-superior-en-administracion-y-finanzas\/\"><span class=\"muted pull-right\">\n\t\t\t\t\t\tLeer m\u00e1s<\/span>\n\t\t\t\t\t<\/a>\n\t\t\t\t\n\t\t\t<\/small>\n\t\t<\/div><!--end post-footer-->\n\n\t<\/div><!--end post-content-->\n<\/article>\n\n\n<article id=\"post-782\" class=\"post-item post-782 post type-post status-publish format-standard has-post-thumbnail hentry category-oferta-educativa\">\n\t<div class=\"post-content animated animate-when-almost-visible el-appear\">\n\n\t\t\n\t\t\n\t\t\t<div class=\"post-header\">\n\n\t\t\t\t\t\t\t\t\t<h3 class=\"post-title entry-title\"><a href=\"https:\/\/www.goierrieskola.eus\/es\/tecnico-en-soldadura-y-caldereria\/\">T\u00c9CNICO EN SOLDADURA Y CALDERER\u00cdA<\/a>\n\t\t\t\t\t<\/h3>\n\t\t\t\t\n\t\t\t\t<span class=\"post-meta\">\n                    <small><a href=\"https:\/\/www.goierrieskola.eus\/es\/tecnico-en-soldadura-y-caldereria\/\" rel=\"bookmark\" class=\"post-time\"><time class=\"entry-date\" datetime=\"2012-04-16T12:09:33+00:00\">16 abril, 2012<\/time><time class=\"modify-date hide hidden updated\" datetime=\"2022-02-23T09:30:58+00:00\">23 febrero, 2022<\/time><\/a><\/small>, <small class=\"meta-category\"><a href=\"https:\/\/www.goierrieskola.eus\/es\/category\/oferta-educativa\/\" rel=\"category tag\">HEZKUNTZA ESKAINTZA<\/a><\/small>, <small class=\"meta-comment-count\"><a href=\"https:\/\/www.goierrieskola.eus\/es\/tecnico-en-soldadura-y-caldereria\/#comments\">0 <i class=\"icon-chat-1 hover-tip\" data-original-title=\"Esta publicaci\u00f3n tiene 0 comentarios\" data-toggle=\"tooltip\" data-placement=\"top\"><\/i><\/a><\/small>                <\/span>\n\n\t\t\t<\/div><!--end post-header-->\n\n\t\t\t\n\t\t\t\t\t\t\t\t\t<div class=\"post-info\">\n\n\t\t\t\t\t\t<div class=\"entry-summary\">\n\t\t\t\t\t\t\t<p>Konpetentzi Orokorra Titulu honen konpetentzia orokorra da galdaragintzako elementuak, tutuak, metal-egiturak eta metal-arotzeriako elementuak fabrikatu, muntatu eta konpontzeko prozesuak...<\/p>\t\t\t\t\t\t<\/div><!-- .entry-summary -->\n\n\t\t\t\t\t<\/div><!--end post-info-->\n\t\t\t\t\n\t\t\t\n\t\t\n\t\t<div class=\"post-footer\">\n\t\t\t<small>\n\t\t\t\t<a href=\"#\" class=\"item-likes\" id=\"item-likes-782\" title=\"Like this\"><span class=\"item-likes-count\">0<\/span> <span class=\"item-likes-postfix\">likes<\/span><\/a>\n\t\t\t\t\t\t\t\t\t<a href=\"https:\/\/www.goierrieskola.eus\/es\/tecnico-en-soldadura-y-caldereria\/\"><span class=\"muted pull-right\">\n\t\t\t\t\t\tLeer m\u00e1s<\/span>\n\t\t\t\t\t<\/a>\n\t\t\t\t\n\t\t\t<\/small>\n\t\t<\/div><!--end post-footer-->\n\n\t<\/div><!--end post-content-->\n<\/article>\n\n\n\t<\/div> <!-- END post listing -->\n\n\t\n[\/vc_tta_section][\/vc_tta_tour][\/vc_column][\/vc_row]<\/p>\n","protected":false},"excerpt":{"rendered":"<p>[vc_row section_type=\u00bbsocket\u00bb][vc_column][vc_custom_heading text=\u00bbUltimas Noticias\u00bb font_container=\u00bbtag:h2|text_align:center\u00bb google_fonts=\u00bbfont_family:Raleway%3A100%2C200%2C300%2Cregular%2C500%2C600%2C700%2C800%2C900|font_style:400%20regular%3A400%3Anormal\u00bb][\/vc_column][\/vc_row][vc_row][vc_column][vc_tta_tour style=\u00bbmodern\u00bb color=\u00bbsky\u00bb tab_position=\u00bbright\u00bb active_section=\u00bb1&#8243; no_fill_content_area=\u00bbtrue\u00bb][vc_tta_section title=\u00bbPROYECTOS\u00bb tab_id=\u00bb1734017589967-c9bac5bd-a767&#8243;][\/vc_tta_section][vc_tta_section title=\u00bbProyectos MEFP\u00bb tab_id=\u00bb1759934807189-c951a102-5bb8&#8243;][\/vc_tta_section][vc_tta_section title=\u00bbServicios a la sociedad\u00bb tab_id=\u00bb1645628929072-38d16c34-8140&#8243;][\/vc_tta_section][vc_tta_section title=\u00bbEventos\u00bb tab_id=\u00bb1645628982812-54e7495b-74bc\u00bb][\/vc_tta_section][vc_tta_section title=\u00bbCursos\u00bb tab_id=\u00bb1645633621170-9505348a-e8ca\u00bb][\/vc_tta_section][vc_tta_section title=\u00bbEmbajadores y patronos\u00bb tab_id=\u00bb1645629090621-4ab6cf3a-0a4e\u00bb][\/vc_tta_section][vc_tta_section title=\u00bbTodos\u00bb tab_id=\u00bb1645628929062-d6156fa1-07fe\u00bb][\/vc_tta_section][\/vc_tta_tour][\/vc_column][\/vc_row]<\/p>\n","protected":false},"author":1,"featured_media":0,"parent":0,"menu_order":0,"comment_status":"open","ping_status":"open","template":"page-templates\/full-width.php","meta":{"footnotes":""},"class_list":["post-6335","page","type-page","status-publish","hentry"],"yoast_head":"<!-- This site is optimized with the Yoast SEO plugin v27.4 - https:\/\/yoast.com\/product\/yoast-seo-wordpress\/ -->\n<title>Actualidad - Goierri Eskola<\/title>\n<meta name=\"robots\" content=\"index, follow, max-snippet:-1, max-image-preview:large, max-video-preview:-1\" \/>\n<link rel=\"canonical\" href=\"https:\/\/www.goierrieskola.eus\/es\/actualidad\/\" \/>\n<meta property=\"og:locale\" content=\"es_ES\" \/>\n<meta property=\"og:type\" content=\"article\" \/>\n<meta property=\"og:title\" content=\"Actualidad - Goierri Eskola\" \/>\n<meta property=\"og:description\" content=\"[vc_row section_type=\u00bbsocket\u00bb][vc_column][vc_custom_heading text=\u00bbUltimas Noticias\u00bb font_container=\u00bbtag:h2|text_align:center\u00bb google_fonts=\u00bbfont_family:Raleway%3A100%2C200%2C300%2Cregular%2C500%2C600%2C700%2C800%2C900|font_style:400%20regular%3A400%3Anormal\u00bb][\/vc_column][\/vc_row][vc_row][vc_column][vc_tta_tour style=\u00bbmodern\u00bb color=\u00bbsky\u00bb tab_position=\u00bbright\u00bb active_section=\u00bb1&#8243; no_fill_content_area=\u00bbtrue\u00bb][vc_tta_section title=\u00bbPROYECTOS\u00bb tab_id=\u00bb1734017589967-c9bac5bd-a767&#8243;][\/vc_tta_section][vc_tta_section title=\u00bbProyectos MEFP\u00bb tab_id=\u00bb1759934807189-c951a102-5bb8&#8243;][\/vc_tta_section][vc_tta_section title=\u00bbServicios a la sociedad\u00bb tab_id=\u00bb1645628929072-38d16c34-8140&#8243;][\/vc_tta_section][vc_tta_section title=\u00bbEventos\u00bb tab_id=\u00bb1645628982812-54e7495b-74bc\u00bb][\/vc_tta_section][vc_tta_section title=\u00bbCursos\u00bb tab_id=\u00bb1645633621170-9505348a-e8ca\u00bb][\/vc_tta_section][vc_tta_section title=\u00bbEmbajadores y patronos\u00bb tab_id=\u00bb1645629090621-4ab6cf3a-0a4e\u00bb][\/vc_tta_section][vc_tta_section title=\u00bbTodos\u00bb tab_id=\u00bb1645628929062-d6156fa1-07fe\u00bb][\/vc_tta_section][\/vc_tta_tour][\/vc_column][\/vc_row]\" \/>\n<meta property=\"og:url\" content=\"https:\/\/www.goierrieskola.eus\/es\/actualidad\/\" \/>\n<meta property=\"og:site_name\" content=\"Goierri Eskola\" \/>\n<meta property=\"article:publisher\" content=\"https:\/\/www.facebook.com\/goierrieskola\" \/>\n<meta property=\"article:modified_time\" content=\"2025-10-08T14:56:17+00:00\" \/>\n<meta name=\"twitter:card\" content=\"summary_large_image\" \/>\n<meta name=\"twitter:site\" content=\"@Goierrieskola1\" \/>\n<meta name=\"twitter:label1\" content=\"Tiempo de lectura\" \/>\n\t<meta name=\"twitter:data1\" content=\"1 minuto\" \/>\n<script type=\"application\/ld+json\" class=\"yoast-schema-graph\">{\"@context\":\"https:\\\/\\\/schema.org\",\"@graph\":[{\"@type\":\"WebPage\",\"@id\":\"https:\\\/\\\/www.goierrieskola.eus\\\/es\\\/actualidad\\\/\",\"url\":\"https:\\\/\\\/www.goierrieskola.eus\\\/es\\\/actualidad\\\/\",\"name\":\"Actualidad - Goierri Eskola\",\"isPartOf\":{\"@id\":\"https:\\\/\\\/www.goierrieskola.eus\\\/#website\"},\"datePublished\":\"2014-11-21T13:37:55+00:00\",\"dateModified\":\"2025-10-08T14:56:17+00:00\",\"breadcrumb\":{\"@id\":\"https:\\\/\\\/www.goierrieskola.eus\\\/es\\\/actualidad\\\/#breadcrumb\"},\"inLanguage\":\"es\",\"potentialAction\":[{\"@type\":\"ReadAction\",\"target\":[\"https:\\\/\\\/www.goierrieskola.eus\\\/es\\\/actualidad\\\/\"]}]},{\"@type\":\"BreadcrumbList\",\"@id\":\"https:\\\/\\\/www.goierrieskola.eus\\\/es\\\/actualidad\\\/#breadcrumb\",\"itemListElement\":[{\"@type\":\"ListItem\",\"position\":1,\"name\":\"Portada\",\"item\":\"https:\\\/\\\/www.goierrieskola.eus\\\/es\\\/\"},{\"@type\":\"ListItem\",\"position\":2,\"name\":\"Actualidad\"}]},{\"@type\":\"WebSite\",\"@id\":\"https:\\\/\\\/www.goierrieskola.eus\\\/#website\",\"url\":\"https:\\\/\\\/www.goierrieskola.eus\\\/\",\"name\":\"Goierri Eskola\",\"description\":\"La Web de tu Escuela\",\"publisher\":{\"@id\":\"https:\\\/\\\/www.goierrieskola.eus\\\/#organization\"},\"potentialAction\":[{\"@type\":\"SearchAction\",\"target\":{\"@type\":\"EntryPoint\",\"urlTemplate\":\"https:\\\/\\\/www.goierrieskola.eus\\\/?s={search_term_string}\"},\"query-input\":{\"@type\":\"PropertyValueSpecification\",\"valueRequired\":true,\"valueName\":\"search_term_string\"}}],\"inLanguage\":\"es\"},{\"@type\":\"Organization\",\"@id\":\"https:\\\/\\\/www.goierrieskola.eus\\\/#organization\",\"name\":\"Goierri Eskola\",\"url\":\"https:\\\/\\\/www.goierrieskola.eus\\\/\",\"logo\":{\"@type\":\"ImageObject\",\"inLanguage\":\"es\",\"@id\":\"https:\\\/\\\/www.goierrieskola.eus\\\/#\\\/schema\\\/logo\\\/image\\\/\",\"url\":\"https:\\\/\\\/www.goierrieskola.eus\\\/wp-content\\\/uploads\\\/2014\\\/11\\\/Logo_color.jpg\",\"contentUrl\":\"https:\\\/\\\/www.goierrieskola.eus\\\/wp-content\\\/uploads\\\/2014\\\/11\\\/Logo_color.jpg\",\"width\":227,\"height\":88,\"caption\":\"Goierri Eskola\"},\"image\":{\"@id\":\"https:\\\/\\\/www.goierrieskola.eus\\\/#\\\/schema\\\/logo\\\/image\\\/\"},\"sameAs\":[\"https:\\\/\\\/www.facebook.com\\\/goierrieskola\",\"https:\\\/\\\/x.com\\\/Goierrieskola1\"]}]}<\/script>\n<!-- \/ Yoast SEO plugin. -->","yoast_head_json":{"title":"Actualidad - Goierri Eskola","robots":{"index":"index","follow":"follow","max-snippet":"max-snippet:-1","max-image-preview":"max-image-preview:large","max-video-preview":"max-video-preview:-1"},"canonical":"https:\/\/www.goierrieskola.eus\/es\/actualidad\/","og_locale":"es_ES","og_type":"article","og_title":"Actualidad - Goierri Eskola","og_description":"[vc_row section_type=\u00bbsocket\u00bb][vc_column][vc_custom_heading text=\u00bbUltimas Noticias\u00bb font_container=\u00bbtag:h2|text_align:center\u00bb google_fonts=\u00bbfont_family:Raleway%3A100%2C200%2C300%2Cregular%2C500%2C600%2C700%2C800%2C900|font_style:400%20regular%3A400%3Anormal\u00bb][\/vc_column][\/vc_row][vc_row][vc_column][vc_tta_tour style=\u00bbmodern\u00bb color=\u00bbsky\u00bb tab_position=\u00bbright\u00bb active_section=\u00bb1&#8243; no_fill_content_area=\u00bbtrue\u00bb][vc_tta_section title=\u00bbPROYECTOS\u00bb tab_id=\u00bb1734017589967-c9bac5bd-a767&#8243;][\/vc_tta_section][vc_tta_section title=\u00bbProyectos MEFP\u00bb tab_id=\u00bb1759934807189-c951a102-5bb8&#8243;][\/vc_tta_section][vc_tta_section title=\u00bbServicios a la sociedad\u00bb tab_id=\u00bb1645628929072-38d16c34-8140&#8243;][\/vc_tta_section][vc_tta_section title=\u00bbEventos\u00bb tab_id=\u00bb1645628982812-54e7495b-74bc\u00bb][\/vc_tta_section][vc_tta_section title=\u00bbCursos\u00bb tab_id=\u00bb1645633621170-9505348a-e8ca\u00bb][\/vc_tta_section][vc_tta_section title=\u00bbEmbajadores y patronos\u00bb tab_id=\u00bb1645629090621-4ab6cf3a-0a4e\u00bb][\/vc_tta_section][vc_tta_section title=\u00bbTodos\u00bb tab_id=\u00bb1645628929062-d6156fa1-07fe\u00bb][\/vc_tta_section][\/vc_tta_tour][\/vc_column][\/vc_row]","og_url":"https:\/\/www.goierrieskola.eus\/es\/actualidad\/","og_site_name":"Goierri Eskola","article_publisher":"https:\/\/www.facebook.com\/goierrieskola","article_modified_time":"2025-10-08T14:56:17+00:00","twitter_card":"summary_large_image","twitter_site":"@Goierrieskola1","twitter_misc":{"Tiempo de lectura":"1 minuto"},"schema":{"@context":"https:\/\/schema.org","@graph":[{"@type":"WebPage","@id":"https:\/\/www.goierrieskola.eus\/es\/actualidad\/","url":"https:\/\/www.goierrieskola.eus\/es\/actualidad\/","name":"Actualidad - Goierri Eskola","isPartOf":{"@id":"https:\/\/www.goierrieskola.eus\/#website"},"datePublished":"2014-11-21T13:37:55+00:00","dateModified":"2025-10-08T14:56:17+00:00","breadcrumb":{"@id":"https:\/\/www.goierrieskola.eus\/es\/actualidad\/#breadcrumb"},"inLanguage":"es","potentialAction":[{"@type":"ReadAction","target":["https:\/\/www.goierrieskola.eus\/es\/actualidad\/"]}]},{"@type":"BreadcrumbList","@id":"https:\/\/www.goierrieskola.eus\/es\/actualidad\/#breadcrumb","itemListElement":[{"@type":"ListItem","position":1,"name":"Portada","item":"https:\/\/www.goierrieskola.eus\/es\/"},{"@type":"ListItem","position":2,"name":"Actualidad"}]},{"@type":"WebSite","@id":"https:\/\/www.goierrieskola.eus\/#website","url":"https:\/\/www.goierrieskola.eus\/","name":"Goierri Eskola","description":"La Web de tu Escuela","publisher":{"@id":"https:\/\/www.goierrieskola.eus\/#organization"},"potentialAction":[{"@type":"SearchAction","target":{"@type":"EntryPoint","urlTemplate":"https:\/\/www.goierrieskola.eus\/?s={search_term_string}"},"query-input":{"@type":"PropertyValueSpecification","valueRequired":true,"valueName":"search_term_string"}}],"inLanguage":"es"},{"@type":"Organization","@id":"https:\/\/www.goierrieskola.eus\/#organization","name":"Goierri Eskola","url":"https:\/\/www.goierrieskola.eus\/","logo":{"@type":"ImageObject","inLanguage":"es","@id":"https:\/\/www.goierrieskola.eus\/#\/schema\/logo\/image\/","url":"https:\/\/www.goierrieskola.eus\/wp-content\/uploads\/2014\/11\/Logo_color.jpg","contentUrl":"https:\/\/www.goierrieskola.eus\/wp-content\/uploads\/2014\/11\/Logo_color.jpg","width":227,"height":88,"caption":"Goierri Eskola"},"image":{"@id":"https:\/\/www.goierrieskola.eus\/#\/schema\/logo\/image\/"},"sameAs":["https:\/\/www.facebook.com\/goierrieskola","https:\/\/x.com\/Goierrieskola1"]}]}},"_links":{"self":[{"href":"https:\/\/www.goierrieskola.eus\/es\/wp-json\/wp\/v2\/pages\/6335","targetHints":{"allow":["GET"]}}],"collection":[{"href":"https:\/\/www.goierrieskola.eus\/es\/wp-json\/wp\/v2\/pages"}],"about":[{"href":"https:\/\/www.goierrieskola.eus\/es\/wp-json\/wp\/v2\/types\/page"}],"author":[{"embeddable":true,"href":"https:\/\/www.goierrieskola.eus\/es\/wp-json\/wp\/v2\/users\/1"}],"replies":[{"embeddable":true,"href":"https:\/\/www.goierrieskola.eus\/es\/wp-json\/wp\/v2\/comments?post=6335"}],"version-history":[{"count":13,"href":"https:\/\/www.goierrieskola.eus\/es\/wp-json\/wp\/v2\/pages\/6335\/revisions"}],"predecessor-version":[{"id":18982,"href":"https:\/\/www.goierrieskola.eus\/es\/wp-json\/wp\/v2\/pages\/6335\/revisions\/18982"}],"wp:attachment":[{"href":"https:\/\/www.goierrieskola.eus\/es\/wp-json\/wp\/v2\/media?parent=6335"}],"curies":[{"name":"wp","href":"https:\/\/api.w.org\/{rel}","templated":true}]}}